{"id":5745,"date":"2018-03-31T17:09:45","date_gmt":"2018-03-31T17:09:45","guid":{"rendered":"https:\/\/avalencia.com\/spezielle-fallas-2020\/"},"modified":"2022-10-29T11:23:02","modified_gmt":"2022-10-29T11:23:02","slug":"spezielle-fallas-valencia","status":"publish","type":"page","link":"https:\/\/avalencia.com\/de\/spezielle-fallas-valencia\/","title":{"rendered":"Spezielle Fallas Valencia"},"content":{"rendered":"\n<h2 class=\"wp-block-heading\">Fallas (kunstvolle satirische Bauwerke) der besonderen Sektionen<\/h2>\n\n\n\n<p>Wir m\u00f6chten den Spaniern und Ausl\u00e4ndern, die diese Website besuchen, die ganze W\u00e4rme und die Atmosph\u00e4re \u201eder Fallas\u201c, das gr\u00f6\u00dfte Fest in Valencia zeigen, mit den folgenden Bildern der Einladungsfestakt der Fallas, die Aufstellung (Offizielle Mont\u00e0 des 15. M\u00e4rz), die Ausstellung des Ninots, die Blumenopfergabe der Jungfrau der Schutzlosen, und der Stra\u00dfendekoration.<\/p>\n\n\n\n<figure class=\"wp-block-gallery has-nested-images columns-default is-cropped wp-block-gallery-1 is-layout-flex wp-block-gallery-is-layout-flex\">\n<figure class=\"wp-block-image size-large\"><a href=\"https:\/\/avalencia.com\/wp-content\/uploads\/2022\/08\/01-GL0-1Crida-2020-01-03-2020.webp\"><img decoding=\"async\" width=\"999\" height=\"749\" data-id=\"17221\" src=\"https:\/\/avalencia.com\/wp-content\/uploads\/2022\/08\/01-GL0-1Crida-2020-01-03-2020.webp\" alt=\"Crid\u00e0 fallas Valence\" class=\"wp-image-17221\" srcset=\"https:\/\/avalencia.com\/wp-content\/uploads\/2022\/08\/01-GL0-1Crida-2020-01-03-2020.webp 999w, https:\/\/avalencia.com\/wp-content\/uploads\/2022\/08\/01-GL0-1Crida-2020-01-03-2020-300x225.webp 300w, https:\/\/avalencia.com\/wp-content\/uploads\/2022\/08\/01-GL0-1Crida-2020-01-03-2020-768x576.webp 768w, https:\/\/avalencia.com\/wp-content\/uploads\/2022\/08\/01-GL0-1Crida-2020-01-03-2020-705x529.webp 705w\" sizes=\"(max-width: 999px) 100vw, 999px\" \/><\/a><\/figure>\n\n\n\n<figure class=\"wp-block-image size-large\"><a href=\"https:\/\/avalencia.com\/wp-content\/uploads\/2022\/08\/03-GL01-Crida-2020-01-03-2020.webp\"><img decoding=\"async\" width=\"999\" height=\"645\" data-id=\"17231\" src=\"https:\/\/avalencia.com\/wp-content\/uploads\/2022\/08\/03-GL01-Crida-2020-01-03-2020.webp\" alt=\"Serranos-T\u00fcrmen Valencia\" class=\"wp-image-17231\" srcset=\"https:\/\/avalencia.com\/wp-content\/uploads\/2022\/08\/03-GL01-Crida-2020-01-03-2020.webp 999w, https:\/\/avalencia.com\/wp-content\/uploads\/2022\/08\/03-GL01-Crida-2020-01-03-2020-300x194.webp 300w, https:\/\/avalencia.com\/wp-content\/uploads\/2022\/08\/03-GL01-Crida-2020-01-03-2020-768x496.webp 768w, https:\/\/avalencia.com\/wp-content\/uploads\/2022\/08\/03-GL01-Crida-2020-01-03-2020-705x455.webp 705w\" sizes=\"(max-width: 999px) 100vw, 999px\" \/><\/a><\/figure>\n\n\n\n<figure class=\"wp-block-image size-large\"><a href=\"https:\/\/avalencia.com\/wp-content\/uploads\/2022\/08\/04-GL01-Crida-2020-01-03-2020.webp\"><img decoding=\"async\" width=\"999\" height=\"671\" data-id=\"17236\" src=\"https:\/\/avalencia.com\/wp-content\/uploads\/2022\/08\/04-GL01-Crida-2020-01-03-2020.webp\" alt=\"Valencia die Party Las Fallas\" class=\"wp-image-17236\" srcset=\"https:\/\/avalencia.com\/wp-content\/uploads\/2022\/08\/04-GL01-Crida-2020-01-03-2020.webp 999w, https:\/\/avalencia.com\/wp-content\/uploads\/2022\/08\/04-GL01-Crida-2020-01-03-2020-300x202.webp 300w, https:\/\/avalencia.com\/wp-content\/uploads\/2022\/08\/04-GL01-Crida-2020-01-03-2020-768x516.webp 768w, https:\/\/avalencia.com\/wp-content\/uploads\/2022\/08\/04-GL01-Crida-2020-01-03-2020-705x474.webp 705w\" sizes=\"(max-width: 999px) 100vw, 999px\" \/><\/a><\/figure>\n\n\n\n<figure class=\"wp-block-image size-large\"><a href=\"https:\/\/avalencia.com\/wp-content\/uploads\/2022\/08\/06-GL01-Crida-2020-01-03-2020.webp\"><img decoding=\"async\" width=\"999\" height=\"671\" data-id=\"17246\" src=\"https:\/\/avalencia.com\/wp-content\/uploads\/2022\/08\/06-GL01-Crida-2020-01-03-2020.webp\" alt=\"Feiern Sie die Fallas von Valencia\" class=\"wp-image-17246\" srcset=\"https:\/\/avalencia.com\/wp-content\/uploads\/2022\/08\/06-GL01-Crida-2020-01-03-2020.webp 999w, https:\/\/avalencia.com\/wp-content\/uploads\/2022\/08\/06-GL01-Crida-2020-01-03-2020-300x202.webp 300w, https:\/\/avalencia.com\/wp-content\/uploads\/2022\/08\/06-GL01-Crida-2020-01-03-2020-768x516.webp 768w, https:\/\/avalencia.com\/wp-content\/uploads\/2022\/08\/06-GL01-Crida-2020-01-03-2020-705x474.webp 705w\" sizes=\"(max-width: 999px) 100vw, 999px\" \/><\/a><\/figure>\n\n\n\n<figure class=\"wp-block-image size-large\"><a href=\"https:\/\/avalencia.com\/wp-content\/uploads\/2022\/08\/07-GL01-Crida-2020-01-03-2020.webp\"><img decoding=\"async\" width=\"999\" height=\"671\" data-id=\"17251\" src=\"https:\/\/avalencia.com\/wp-content\/uploads\/2022\/08\/07-GL01-Crida-2020-01-03-2020.webp\" alt=\"Turm der Serranos valencianische Gemeinschaft Flagge\" class=\"wp-image-17251\" srcset=\"https:\/\/avalencia.com\/wp-content\/uploads\/2022\/08\/07-GL01-Crida-2020-01-03-2020.webp 999w, https:\/\/avalencia.com\/wp-content\/uploads\/2022\/08\/07-GL01-Crida-2020-01-03-2020-300x202.webp 300w, https:\/\/avalencia.com\/wp-content\/uploads\/2022\/08\/07-GL01-Crida-2020-01-03-2020-768x516.webp 768w, https:\/\/avalencia.com\/wp-content\/uploads\/2022\/08\/07-GL01-Crida-2020-01-03-2020-705x474.webp 705w\" sizes=\"(max-width: 999px) 100vw, 999px\" \/><\/a><\/figure>\n\n\n\n<figure class=\"wp-block-image size-large\"><a href=\"https:\/\/avalencia.com\/wp-content\/uploads\/2022\/08\/08-GL01-Crida-2020-01-03-2020.webp\"><img decoding=\"async\" width=\"999\" height=\"671\" data-id=\"17256\" src=\"https:\/\/avalencia.com\/wp-content\/uploads\/2022\/08\/08-GL01-Crida-2020-01-03-2020.webp\" alt=\"Fallas Valencia\" class=\"wp-image-17256\" srcset=\"https:\/\/avalencia.com\/wp-content\/uploads\/2022\/08\/08-GL01-Crida-2020-01-03-2020.webp 999w, https:\/\/avalencia.com\/wp-content\/uploads\/2022\/08\/08-GL01-Crida-2020-01-03-2020-300x202.webp 300w, https:\/\/avalencia.com\/wp-content\/uploads\/2022\/08\/08-GL01-Crida-2020-01-03-2020-768x516.webp 768w, https:\/\/avalencia.com\/wp-content\/uploads\/2022\/08\/08-GL01-Crida-2020-01-03-2020-705x474.webp 705w\" sizes=\"(max-width: 999px) 100vw, 999px\" \/><\/a><\/figure>\n<\/figure>\n\n\n\n<p>Kram Fallas<\/p>\n\n\n\n<figure class=\"wp-block-embed is-type-video is-provider-youtube wp-block-embed-youtube wp-embed-aspect-16-9 wp-has-aspect-ratio\"><div class=\"wp-block-embed__wrapper\">\n<div class='avia-iframe-wrap'><iframe title=\"Crem\u00e0 Falles Valencia 2021\" width=\"1500\" height=\"844\" src=\"https:\/\/www.youtube.com\/embed\/tmsscYl1uK4?feature=oembed\" frameborder=\"0\" allow=\"accelerometer; autoplay; clipboard-write; encrypted-media; gyroscope; picture-in-picture\" allowfullscreen><\/iframe><\/div>\n<\/div><\/figure>\n\n\n\n<h4 class=\"wp-block-heading\">Falla del Ayuntamiento (Falla des Rathausplatzes)<\/h4>\n\n\n\n<p><strong>Thema:<\/strong>&nbsp;&nbsp; <strong>PROC\u00c9S CREATIU<\/strong><\/p>\n\n\n\n<p><strong>Kosten:<\/strong> 205.000\u20ac &#8211; H\u00f6he: 26 Meter<\/p>\n\n\n\n<figure class=\"wp-block-gallery has-nested-images columns-default is-cropped wp-block-gallery-2 is-layout-flex wp-block-gallery-is-layout-flex\">\n<figure class=\"wp-block-image size-large\"><a href=\"https:\/\/avalencia.com\/wp-content\/uploads\/2022\/08\/01-GL02-falla-ayuntamiento.webp\"><img decoding=\"async\" width=\"999\" height=\"671\" data-id=\"17263\" src=\"https:\/\/avalencia.com\/wp-content\/uploads\/2022\/08\/01-GL02-falla-ayuntamiento.webp\" alt=\"Falla Graffiti Rathaus 2019\" class=\"wp-image-17263\" srcset=\"https:\/\/avalencia.com\/wp-content\/uploads\/2022\/08\/01-GL02-falla-ayuntamiento.webp 999w, https:\/\/avalencia.com\/wp-content\/uploads\/2022\/08\/01-GL02-falla-ayuntamiento-300x202.webp 300w, https:\/\/avalencia.com\/wp-content\/uploads\/2022\/08\/01-GL02-falla-ayuntamiento-768x516.webp 768w, https:\/\/avalencia.com\/wp-content\/uploads\/2022\/08\/01-GL02-falla-ayuntamiento-705x474.webp 705w\" sizes=\"(max-width: 999px) 100vw, 999px\" \/><\/a><\/figure>\n\n\n\n<figure class=\"wp-block-image size-large\"><a href=\"https:\/\/avalencia.com\/wp-content\/uploads\/2022\/08\/02-GL02-falla-ayuntamiento-.webp\"><img decoding=\"async\" width=\"999\" height=\"671\" data-id=\"17268\" src=\"https:\/\/avalencia.com\/wp-content\/uploads\/2022\/08\/02-GL02-falla-ayuntamiento-.webp\" alt=\"Falla Valencia Graffiti Rathausplatz\" class=\"wp-image-17268\" srcset=\"https:\/\/avalencia.com\/wp-content\/uploads\/2022\/08\/02-GL02-falla-ayuntamiento-.webp 999w, https:\/\/avalencia.com\/wp-content\/uploads\/2022\/08\/02-GL02-falla-ayuntamiento--300x202.webp 300w, https:\/\/avalencia.com\/wp-content\/uploads\/2022\/08\/02-GL02-falla-ayuntamiento--768x516.webp 768w, https:\/\/avalencia.com\/wp-content\/uploads\/2022\/08\/02-GL02-falla-ayuntamiento--705x474.webp 705w\" sizes=\"(max-width: 999px) 100vw, 999px\" \/><\/a><\/figure>\n<\/figure>\n\n\n\n<h4 class=\"wp-block-heading\">Falla Convento Jerusal\u00e9n<\/h4>\n\n\n\n<p><strong>Thema: EL MUSICAL<br><\/strong><\/p>\n\n\n\n<p><strong>Kosten:<\/strong> 230.000 \u20ac <strong>Ninots:<\/strong> 70 Figuren H\u00f6he: 20 Meter<\/p>\n\n\n\n<figure class=\"wp-block-gallery has-nested-images columns-default is-cropped wp-block-gallery-3 is-layout-flex wp-block-gallery-is-layout-flex\">\n<figure class=\"wp-block-image size-large\"><a href=\"https:\/\/avalencia.com\/wp-content\/uploads\/2022\/08\/03-GL03-falla-convento-jerusalen.webp\"><img decoding=\"async\" width=\"999\" height=\"671\" data-id=\"17284\" src=\"https:\/\/avalencia.com\/wp-content\/uploads\/2022\/08\/03-GL03-falla-convento-jerusalen.webp\" alt=\"Der K\u00f6nig der L\u00f6wen Falla\" class=\"wp-image-17284\" srcset=\"https:\/\/avalencia.com\/wp-content\/uploads\/2022\/08\/03-GL03-falla-convento-jerusalen.webp 999w, https:\/\/avalencia.com\/wp-content\/uploads\/2022\/08\/03-GL03-falla-convento-jerusalen-300x202.webp 300w, https:\/\/avalencia.com\/wp-content\/uploads\/2022\/08\/03-GL03-falla-convento-jerusalen-768x516.webp 768w, https:\/\/avalencia.com\/wp-content\/uploads\/2022\/08\/03-GL03-falla-convento-jerusalen-705x474.webp 705w\" sizes=\"(max-width: 999px) 100vw, 999px\" \/><\/a><\/figure>\n\n\n\n<figure class=\"wp-block-image size-large\"><a href=\"https:\/\/avalencia.com\/wp-content\/uploads\/2022\/08\/01-GL03-falla-convento-jerusalen.webp\"><img decoding=\"async\" width=\"999\" height=\"671\" data-id=\"17274\" src=\"https:\/\/avalencia.com\/wp-content\/uploads\/2022\/08\/01-GL03-falla-convento-jerusalen.webp\" alt=\"Musikvereinen. Falla Valencia\" class=\"wp-image-17274\" srcset=\"https:\/\/avalencia.com\/wp-content\/uploads\/2022\/08\/01-GL03-falla-convento-jerusalen.webp 999w, https:\/\/avalencia.com\/wp-content\/uploads\/2022\/08\/01-GL03-falla-convento-jerusalen-300x202.webp 300w, https:\/\/avalencia.com\/wp-content\/uploads\/2022\/08\/01-GL03-falla-convento-jerusalen-768x516.webp 768w, https:\/\/avalencia.com\/wp-content\/uploads\/2022\/08\/01-GL03-falla-convento-jerusalen-705x474.webp 705w\" sizes=\"(max-width: 999px) 100vw, 999px\" \/><\/a><\/figure>\n\n\n\n<figure class=\"wp-block-image size-large\"><a href=\"https:\/\/avalencia.com\/wp-content\/uploads\/2022\/08\/02-GL03-falla-convento-jerusalen.webp\"><img decoding=\"async\" width=\"999\" height=\"671\" data-id=\"17279\" src=\"https:\/\/avalencia.com\/wp-content\/uploads\/2022\/08\/02-GL03-falla-convento-jerusalen.webp\" alt=\"Musikpalastes Falla Valencia\" class=\"wp-image-17279\" srcset=\"https:\/\/avalencia.com\/wp-content\/uploads\/2022\/08\/02-GL03-falla-convento-jerusalen.webp 999w, https:\/\/avalencia.com\/wp-content\/uploads\/2022\/08\/02-GL03-falla-convento-jerusalen-300x202.webp 300w, https:\/\/avalencia.com\/wp-content\/uploads\/2022\/08\/02-GL03-falla-convento-jerusalen-768x516.webp 768w, https:\/\/avalencia.com\/wp-content\/uploads\/2022\/08\/02-GL03-falla-convento-jerusalen-705x474.webp 705w\" sizes=\"(max-width: 999px) 100vw, 999px\" \/><\/a><\/figure>\n<\/figure>\n\n\n\n<h4 class=\"wp-block-heading\">Falla Na Jordana<\/h4>\n\n\n\n<p><strong>Thema: Par\u00eds ben val una falla<br><\/strong><\/p>\n\n\n\n<p><strong>Kosten:<\/strong> 140.000\u20ac &#8211; H\u00f6he: 16 Meter &#8211; 16 Figuren<\/p>\n\n\n\n<figure class=\"wp-block-gallery has-nested-images columns-default is-cropped wp-block-gallery-4 is-layout-flex wp-block-gallery-is-layout-flex\">\n<figure class=\"wp-block-image size-large\"><a href=\"https:\/\/avalencia.com\/wp-content\/uploads\/2022\/08\/01-GL04-falla-najordana-01.webp\"><img decoding=\"async\" width=\"999\" height=\"671\" data-id=\"17304\" src=\"https:\/\/avalencia.com\/wp-content\/uploads\/2022\/08\/01-GL04-falla-najordana-01.webp\" alt=\"Falla im franz\u00f6sischen Stil\" class=\"wp-image-17304\" srcset=\"https:\/\/avalencia.com\/wp-content\/uploads\/2022\/08\/01-GL04-falla-najordana-01.webp 999w, https:\/\/avalencia.com\/wp-content\/uploads\/2022\/08\/01-GL04-falla-najordana-01-300x202.webp 300w, https:\/\/avalencia.com\/wp-content\/uploads\/2022\/08\/01-GL04-falla-najordana-01-768x516.webp 768w, https:\/\/avalencia.com\/wp-content\/uploads\/2022\/08\/01-GL04-falla-najordana-01-705x474.webp 705w\" sizes=\"(max-width: 999px) 100vw, 999px\" \/><\/a><\/figure>\n\n\n\n<figure class=\"wp-block-image size-large\"><a href=\"https:\/\/avalencia.com\/wp-content\/uploads\/2022\/08\/02-GL04-falla-najordana.webp\"><img decoding=\"async\" width=\"999\" height=\"671\" data-id=\"17309\" src=\"https:\/\/avalencia.com\/wp-content\/uploads\/2022\/08\/02-GL04-falla-najordana.webp\" alt=\"Falla 2018 Valencia\" class=\"wp-image-17309\" srcset=\"https:\/\/avalencia.com\/wp-content\/uploads\/2022\/08\/02-GL04-falla-najordana.webp 999w, https:\/\/avalencia.com\/wp-content\/uploads\/2022\/08\/02-GL04-falla-najordana-300x202.webp 300w, https:\/\/avalencia.com\/wp-content\/uploads\/2022\/08\/02-GL04-falla-najordana-768x516.webp 768w, https:\/\/avalencia.com\/wp-content\/uploads\/2022\/08\/02-GL04-falla-najordana-705x474.webp 705w\" sizes=\"(max-width: 999px) 100vw, 999px\" \/><\/a><\/figure>\n\n\n\n<figure class=\"wp-block-image size-large\"><a href=\"https:\/\/avalencia.com\/wp-content\/uploads\/2022\/08\/03-GL04-falla-najordana-infantil.webp\"><img decoding=\"async\" width=\"999\" height=\"671\" data-id=\"17314\" src=\"https:\/\/avalencia.com\/wp-content\/uploads\/2022\/08\/03-GL04-falla-najordana-infantil.webp\" alt=\"Wettbewerb f\u00fcr Fallas\" class=\"wp-image-17314\" srcset=\"https:\/\/avalencia.com\/wp-content\/uploads\/2022\/08\/03-GL04-falla-najordana-infantil.webp 999w, https:\/\/avalencia.com\/wp-content\/uploads\/2022\/08\/03-GL04-falla-najordana-infantil-300x202.webp 300w, https:\/\/avalencia.com\/wp-content\/uploads\/2022\/08\/03-GL04-falla-najordana-infantil-768x516.webp 768w, https:\/\/avalencia.com\/wp-content\/uploads\/2022\/08\/03-GL04-falla-najordana-infantil-705x474.webp 705w\" sizes=\"(max-width: 999px) 100vw, 999px\" \/><\/a><\/figure>\n<\/figure>\n\n\n\n<h4 class=\"wp-block-heading\">Falla del Pilar<\/h4>\n\n\n\n<p><strong>Thema: Qu\u00ed mou els fils<\/strong><\/p>\n\n\n\n<p><strong>Kosten:<\/strong> 165.000\u20ac &#8211; H\u00f6he: 20 Meter &#8211;&nbsp; 30 Figuren<\/p>\n\n\n\n<figure class=\"wp-block-gallery has-nested-images columns-default is-cropped wp-block-gallery-5 is-layout-flex wp-block-gallery-is-layout-flex\">\n<figure class=\"wp-block-image size-large\"><a href=\"https:\/\/avalencia.com\/wp-content\/uploads\/2022\/08\/01-GL05-falla-el-pilar.webp\"><img decoding=\"async\" width=\"999\" height=\"671\" data-id=\"17320\" src=\"https:\/\/avalencia.com\/wp-content\/uploads\/2022\/08\/01-GL05-falla-el-pilar.webp\" alt=\"Falla dem Schwerpunkt Valencia\" class=\"wp-image-17320\" srcset=\"https:\/\/avalencia.com\/wp-content\/uploads\/2022\/08\/01-GL05-falla-el-pilar.webp 999w, https:\/\/avalencia.com\/wp-content\/uploads\/2022\/08\/01-GL05-falla-el-pilar-300x202.webp 300w, https:\/\/avalencia.com\/wp-content\/uploads\/2022\/08\/01-GL05-falla-el-pilar-768x516.webp 768w, https:\/\/avalencia.com\/wp-content\/uploads\/2022\/08\/01-GL05-falla-el-pilar-705x474.webp 705w\" sizes=\"(max-width: 999px) 100vw, 999px\" \/><\/a><\/figure>\n\n\n\n<figure class=\"wp-block-image size-large\"><a href=\"https:\/\/avalencia.com\/wp-content\/uploads\/2022\/08\/02-GL05-falla-el-pilar.webp\"><img decoding=\"async\" width=\"999\" height=\"671\" data-id=\"17325\" src=\"https:\/\/avalencia.com\/wp-content\/uploads\/2022\/08\/02-GL05-falla-el-pilar.webp\" alt=\"Design Falla Valencia\" class=\"wp-image-17325\" srcset=\"https:\/\/avalencia.com\/wp-content\/uploads\/2022\/08\/02-GL05-falla-el-pilar.webp 999w, https:\/\/avalencia.com\/wp-content\/uploads\/2022\/08\/02-GL05-falla-el-pilar-300x202.webp 300w, https:\/\/avalencia.com\/wp-content\/uploads\/2022\/08\/02-GL05-falla-el-pilar-768x516.webp 768w, https:\/\/avalencia.com\/wp-content\/uploads\/2022\/08\/02-GL05-falla-el-pilar-705x474.webp 705w\" sizes=\"(max-width: 999px) 100vw, 999px\" \/><\/a><\/figure>\n<\/figure>\n\n\n\n<h4 class=\"wp-block-heading\">Die Blumenopfergabe der Jungfrau der Schutzlosen<\/h4>\n\n\n\n<figure class=\"wp-block-gallery has-nested-images columns-default is-cropped wp-block-gallery-6 is-layout-flex wp-block-gallery-is-layout-flex\">\n<figure class=\"wp-block-image size-large\"><a href=\"https:\/\/avalencia.com\/wp-content\/uploads\/2022\/08\/01-GL06-ofrendaFallas2019.webp\"><img decoding=\"async\" width=\"999\" height=\"671\" data-id=\"17330\" src=\"https:\/\/avalencia.com\/wp-content\/uploads\/2022\/08\/01-GL06-ofrendaFallas2019.webp\" alt=\"Angebot von fallas Blumen Valencia\" class=\"wp-image-17330\" srcset=\"https:\/\/avalencia.com\/wp-content\/uploads\/2022\/08\/01-GL06-ofrendaFallas2019.webp 999w, https:\/\/avalencia.com\/wp-content\/uploads\/2022\/08\/01-GL06-ofrendaFallas2019-300x202.webp 300w, https:\/\/avalencia.com\/wp-content\/uploads\/2022\/08\/01-GL06-ofrendaFallas2019-768x516.webp 768w, https:\/\/avalencia.com\/wp-content\/uploads\/2022\/08\/01-GL06-ofrendaFallas2019-705x474.webp 705w\" sizes=\"(max-width: 999px) 100vw, 999px\" \/><\/a><\/figure>\n\n\n\n<figure class=\"wp-block-image size-large\"><a href=\"https:\/\/avalencia.com\/wp-content\/uploads\/2022\/08\/02-GL06-ofrendaFallas2019.webp\"><img decoding=\"async\" width=\"999\" height=\"671\" data-id=\"17335\" src=\"https:\/\/avalencia.com\/wp-content\/uploads\/2022\/08\/02-GL06-ofrendaFallas2019.webp\" alt=\"Plaza de la Virgen\" class=\"wp-image-17335\" srcset=\"https:\/\/avalencia.com\/wp-content\/uploads\/2022\/08\/02-GL06-ofrendaFallas2019.webp 999w, https:\/\/avalencia.com\/wp-content\/uploads\/2022\/08\/02-GL06-ofrendaFallas2019-300x202.webp 300w, https:\/\/avalencia.com\/wp-content\/uploads\/2022\/08\/02-GL06-ofrendaFallas2019-768x516.webp 768w, https:\/\/avalencia.com\/wp-content\/uploads\/2022\/08\/02-GL06-ofrendaFallas2019-705x474.webp 705w\" sizes=\"(max-width: 999px) 100vw, 999px\" \/><\/a><\/figure>\n\n\n\n<figure class=\"wp-block-image size-large\"><a href=\"https:\/\/avalencia.com\/wp-content\/uploads\/2022\/08\/03-GL06-ofrendaFallas2019.webp\"><img decoding=\"async\" width=\"999\" height=\"671\" data-id=\"17340\" src=\"https:\/\/avalencia.com\/wp-content\/uploads\/2022\/08\/03-GL06-ofrendaFallas2019.webp\" alt=\"Opfer von Blumen Valencia\" class=\"wp-image-17340\" srcset=\"https:\/\/avalencia.com\/wp-content\/uploads\/2022\/08\/03-GL06-ofrendaFallas2019.webp 999w, https:\/\/avalencia.com\/wp-content\/uploads\/2022\/08\/03-GL06-ofrendaFallas2019-300x202.webp 300w, https:\/\/avalencia.com\/wp-content\/uploads\/2022\/08\/03-GL06-ofrendaFallas2019-768x516.webp 768w, https:\/\/avalencia.com\/wp-content\/uploads\/2022\/08\/03-GL06-ofrendaFallas2019-705x474.webp 705w\" sizes=\"(max-width: 999px) 100vw, 999px\" \/><\/a><\/figure>\n\n\n\n<figure class=\"wp-block-image size-large\"><a href=\"https:\/\/avalencia.com\/wp-content\/uploads\/2022\/08\/04-GL06-ofrendaFallas2019-.webp\"><img decoding=\"async\" width=\"999\" height=\"671\" data-id=\"17345\" src=\"https:\/\/avalencia.com\/wp-content\/uploads\/2022\/08\/04-GL06-ofrendaFallas2019-.webp\" alt=\"Modenschau Fallas Valencia\" class=\"wp-image-17345\" srcset=\"https:\/\/avalencia.com\/wp-content\/uploads\/2022\/08\/04-GL06-ofrendaFallas2019-.webp 999w, https:\/\/avalencia.com\/wp-content\/uploads\/2022\/08\/04-GL06-ofrendaFallas2019--300x202.webp 300w, https:\/\/avalencia.com\/wp-content\/uploads\/2022\/08\/04-GL06-ofrendaFallas2019--768x516.webp 768w, https:\/\/avalencia.com\/wp-content\/uploads\/2022\/08\/04-GL06-ofrendaFallas2019--705x474.webp 705w\" sizes=\"(max-width: 999px) 100vw, 999px\" \/><\/a><\/figure>\n<\/figure>\n\n\n\n<p>Ich erwarte Sie in Valencia!<\/p>\n\n\n\n<p>F\u00fcr weitere Informationen: <a href=\"https:\/\/avalencia.com\/de\/stadtfuehrungen-in-valencia\/\" target=\"_blank\" rel=\"noopener noreferrer\">Angela Mar\u00ed<\/a><\/p>\n\n\n\n<figure><iframe src=\"https:\/\/www.youtube.com\/embed\/tZNrdmSM6zw\" width=\"800\" height=\"400\" frameborder=\"0\" allowfullscreen=\"allowfullscreen\"><\/iframe><\/figure>\n\n\n<div  class='av-social-sharing-box  avia-builder-el-0  avia-builder-el-no-sibling  '><div class='av-share-box'><h5 class='av-share-link-description av-no-toc '>Share<\/h5><ul class='av-share-box-list noLightbox'><li class='av-share-link av-social-link-facebook' ><a target=\"_blank\" aria-label=\"Teilen auf Facebook\" href='https:\/\/www.facebook.com\/sharer.php?u=https:\/\/avalencia.com\/de\/spezielle-fallas-valencia\/&#038;t=Spezielle%20Fallas%20Valencia' aria-hidden='false' data-av_icon='\ue8f3' data-av_iconfont='entypo-fontello' title='' data-avia-related-tooltip='Teilen auf Facebook' rel=\"noopener\"><span class='avia_hidden_link_text'>Teilen auf Facebook<\/span><\/a><\/li><li class='av-share-link av-social-link-twitter' ><a target=\"_blank\" aria-label=\"Teilen auf Twitter\" href='https:\/\/twitter.com\/share?text=Spezielle%20Fallas%20Valencia&#038;url=https:\/\/avalencia.com\/de\/?p=5745' aria-hidden='false' data-av_icon='\ue8f1' data-av_iconfont='entypo-fontello' title='' data-avia-related-tooltip='Teilen auf Twitter' rel=\"noopener\"><span class='avia_hidden_link_text'>Teilen auf Twitter<\/span><\/a><\/li><li class='av-share-link av-social-link-pinterest' ><a target=\"_blank\" aria-label=\"Teilen auf Pinterest\" href='https:\/\/pinterest.com\/pin\/create\/button\/?url=https%3A%2F%2Favalencia.com%2Fde%2Fspezielle-fallas-valencia%2F&#038;description=Spezielle%20Fallas%20Valencia&#038;media=https%3A%2F%2Favalencia.com%2Fwp-content%2Fuploads%2F2022%2F08%2Fdestacada-falla-convento-jerusalen-999x423-1-705x299.webp' aria-hidden='false' data-av_icon='\ue8f8' data-av_iconfont='entypo-fontello' title='' data-avia-related-tooltip='Teilen auf Pinterest' rel=\"noopener\"><span class='avia_hidden_link_text'>Teilen auf Pinterest<\/span><\/a><\/li><li class='av-share-link av-social-link-linkedin' ><a target=\"_blank\" aria-label=\"Teilen auf LinkedIn\" href='https:\/\/linkedin.com\/shareArticle?mini=true&#038;title=Spezielle%20Fallas%20Valencia&#038;url=https:\/\/avalencia.com\/de\/spezielle-fallas-valencia\/' aria-hidden='false' data-av_icon='\ue8fc' data-av_iconfont='entypo-fontello' title='' data-avia-related-tooltip='Teilen auf LinkedIn' rel=\"noopener\"><span class='avia_hidden_link_text'>Teilen auf LinkedIn<\/span><\/a><\/li><li class='av-share-link av-social-link-mail' ><a  aria-label=\"Per E-Mail teilen\" href='mailto:?subject=Spezielle%20Fallas%20Valencia&#038;body=https:\/\/avalencia.com\/de\/spezielle-fallas-valencia\/' aria-hidden='false' data-av_icon='\ue805' data-av_iconfont='entypo-fontello' title='' data-avia-related-tooltip='Per E-Mail teilen'><span class='avia_hidden_link_text'>Per E-Mail teilen<\/span><\/a><\/li><\/ul><\/div><\/div>\n","protected":false},"excerpt":{"rendered":"<p>Fallas 2020 Valencia<\/p>\n","protected":false},"author":3,"featured_media":17214,"parent":0,"menu_order":0,"comment_status":"open","ping_status":"closed","template":"","meta":{"footnotes":""},"class_list":["post-5745","page","type-page","status-publish","has-post-thumbnail","hentry"],"yoast_head":"<!-- This site is optimized with the Yoast SEO plugin v26.8 - https:\/\/yoast.com\/product\/yoast-seo-wordpress\/ -->\n<title>Spezielle Fallas Valencia mit Guide: AValencia<\/title>\n<meta name=\"description\" content=\"Wir m\u00f6chten den Spaniern und Ausl\u00e4ndern, die diese Website besuchen, die ganze W\u00e4rme und die Atmosph\u00e4re der Fallas, das gr\u00f6\u00dfte Fest in Valencia zeigen\" \/>\n<meta name=\"robots\" content=\"index, follow, max-snippet:-1, max-image-preview:large, max-video-preview:-1\" \/>\n<link rel=\"canonical\" href=\"https:\/\/avalencia.com\/de\/spezielle-fallas-valencia\/\" \/>\n<meta property=\"og:locale\" content=\"de_DE\" \/>\n<meta property=\"og:type\" content=\"article\" \/>\n<meta property=\"og:title\" content=\"Spezielle Fallas Valencia mit Guide: AValencia\" \/>\n<meta property=\"og:description\" content=\"Wir m\u00f6chten den Spaniern und Ausl\u00e4ndern, die diese Website besuchen, die ganze W\u00e4rme und die Atmosph\u00e4re der Fallas, das gr\u00f6\u00dfte Fest in Valencia zeigen\" \/>\n<meta property=\"og:url\" content=\"https:\/\/avalencia.com\/de\/spezielle-fallas-valencia\/\" \/>\n<meta property=\"og:site_name\" content=\"AVALENCIA\" \/>\n<meta property=\"article:publisher\" content=\"https:\/\/www.facebook.com\/angela.marisoler\" \/>\n<meta property=\"article:modified_time\" content=\"2022-10-29T11:23:02+00:00\" \/>\n<meta property=\"og:image\" content=\"https:\/\/avalencia.com\/wp-content\/uploads\/2022\/08\/destacada-falla-convento-jerusalen-999x423-1.webp\" \/>\n\t<meta property=\"og:image:width\" content=\"999\" \/>\n\t<meta property=\"og:image:height\" content=\"423\" \/>\n\t<meta property=\"og:image:type\" content=\"image\/webp\" \/>\n<meta name=\"twitter:card\" content=\"summary_large_image\" \/>\n<meta name=\"twitter:site\" content=\"@angelamari400\" \/>\n<meta name=\"twitter:label1\" content=\"Est. reading time\" \/>\n\t<meta name=\"twitter:data1\" content=\"5 minutes\" \/>\n<script type=\"application\/ld+json\" class=\"yoast-schema-graph\">{\"@context\":\"https:\/\/schema.org\",\"@graph\":[{\"@type\":\"WebPage\",\"@id\":\"https:\/\/avalencia.com\/de\/spezielle-fallas-valencia\/\",\"url\":\"https:\/\/avalencia.com\/de\/spezielle-fallas-valencia\/\",\"name\":\"Spezielle Fallas Valencia mit Guide: AValencia\",\"isPartOf\":{\"@id\":\"https:\/\/avalencia.com\/de\/#website\"},\"primaryImageOfPage\":{\"@id\":\"https:\/\/avalencia.com\/de\/spezielle-fallas-valencia\/#primaryimage\"},\"image\":{\"@id\":\"https:\/\/avalencia.com\/de\/spezielle-fallas-valencia\/#primaryimage\"},\"thumbnailUrl\":\"https:\/\/avalencia.com\/wp-content\/uploads\/2022\/08\/destacada-falla-convento-jerusalen-999x423-1.webp\",\"datePublished\":\"2018-03-31T17:09:45+00:00\",\"dateModified\":\"2022-10-29T11:23:02+00:00\",\"description\":\"Wir m\u00f6chten den Spaniern und Ausl\u00e4ndern, die diese Website besuchen, die ganze W\u00e4rme und die Atmosph\u00e4re der Fallas, das gr\u00f6\u00dfte Fest in Valencia zeigen\",\"breadcrumb\":{\"@id\":\"https:\/\/avalencia.com\/de\/spezielle-fallas-valencia\/#breadcrumb\"},\"inLanguage\":\"de-DE\",\"potentialAction\":[{\"@type\":\"ReadAction\",\"target\":[\"https:\/\/avalencia.com\/de\/spezielle-fallas-valencia\/\"]}]},{\"@type\":\"ImageObject\",\"inLanguage\":\"de-DE\",\"@id\":\"https:\/\/avalencia.com\/de\/spezielle-fallas-valencia\/#primaryimage\",\"url\":\"https:\/\/avalencia.com\/wp-content\/uploads\/2022\/08\/destacada-falla-convento-jerusalen-999x423-1.webp\",\"contentUrl\":\"https:\/\/avalencia.com\/wp-content\/uploads\/2022\/08\/destacada-falla-convento-jerusalen-999x423-1.webp\",\"width\":999,\"height\":423},{\"@type\":\"BreadcrumbList\",\"@id\":\"https:\/\/avalencia.com\/de\/spezielle-fallas-valencia\/#breadcrumb\",\"itemListElement\":[{\"@type\":\"ListItem\",\"position\":1,\"name\":\"Portada\",\"item\":\"https:\/\/avalencia.com\/de\/\"},{\"@type\":\"ListItem\",\"position\":2,\"name\":\"Spezielle Fallas Valencia\"}]},{\"@type\":\"WebSite\",\"@id\":\"https:\/\/avalencia.com\/de\/#website\",\"url\":\"https:\/\/avalencia.com\/de\/\",\"name\":\"AVALENCIA\",\"description\":\"Visitas culturales por Valencia y alrededores\",\"publisher\":{\"@id\":\"https:\/\/avalencia.com\/de\/#organization\"},\"potentialAction\":[{\"@type\":\"SearchAction\",\"target\":{\"@type\":\"EntryPoint\",\"urlTemplate\":\"https:\/\/avalencia.com\/de\/?s={search_term_string}\"},\"query-input\":{\"@type\":\"PropertyValueSpecification\",\"valueRequired\":true,\"valueName\":\"search_term_string\"}}],\"inLanguage\":\"de-DE\"},{\"@type\":\"Organization\",\"@id\":\"https:\/\/avalencia.com\/de\/#organization\",\"name\":\"Gu\u00eda Valencia\",\"url\":\"https:\/\/avalencia.com\/de\/\",\"logo\":{\"@type\":\"ImageObject\",\"inLanguage\":\"de-DE\",\"@id\":\"https:\/\/avalencia.com\/de\/#\/schema\/logo\/image\/\",\"url\":\"\",\"contentUrl\":\"\",\"caption\":\"Gu\u00eda Valencia\"},\"image\":{\"@id\":\"https:\/\/avalencia.com\/de\/#\/schema\/logo\/image\/\"},\"sameAs\":[\"https:\/\/www.facebook.com\/angela.marisoler\",\"https:\/\/x.com\/angelamari400\",\"https:\/\/www.instagram.com\/angelamarisoler\/\",\"https:\/\/www.linkedin.com\/feed\/?trk=guest_homepage-basic_sign-in-submit\",\"https:\/\/www.youtube.com\/channel\/UC4bWyTV2CWI65Qf0r1pjuXg?view_as=subscriber\"]}]}<\/script>\n<!-- \/ Yoast SEO plugin. -->","yoast_head_json":{"title":"Spezielle Fallas Valencia mit Guide: AValencia","description":"Wir m\u00f6chten den Spaniern und Ausl\u00e4ndern, die diese Website besuchen, die ganze W\u00e4rme und die Atmosph\u00e4re der Fallas, das gr\u00f6\u00dfte Fest in Valencia zeigen","robots":{"index":"index","follow":"follow","max-snippet":"max-snippet:-1","max-image-preview":"max-image-preview:large","max-video-preview":"max-video-preview:-1"},"canonical":"https:\/\/avalencia.com\/de\/spezielle-fallas-valencia\/","og_locale":"de_DE","og_type":"article","og_title":"Spezielle Fallas Valencia mit Guide: AValencia","og_description":"Wir m\u00f6chten den Spaniern und Ausl\u00e4ndern, die diese Website besuchen, die ganze W\u00e4rme und die Atmosph\u00e4re der Fallas, das gr\u00f6\u00dfte Fest in Valencia zeigen","og_url":"https:\/\/avalencia.com\/de\/spezielle-fallas-valencia\/","og_site_name":"AVALENCIA","article_publisher":"https:\/\/www.facebook.com\/angela.marisoler","article_modified_time":"2022-10-29T11:23:02+00:00","og_image":[{"width":999,"height":423,"url":"https:\/\/avalencia.com\/wp-content\/uploads\/2022\/08\/destacada-falla-convento-jerusalen-999x423-1.webp","type":"image\/webp"}],"twitter_card":"summary_large_image","twitter_site":"@angelamari400","twitter_misc":{"Est. reading time":"5 minutes"},"schema":{"@context":"https:\/\/schema.org","@graph":[{"@type":"WebPage","@id":"https:\/\/avalencia.com\/de\/spezielle-fallas-valencia\/","url":"https:\/\/avalencia.com\/de\/spezielle-fallas-valencia\/","name":"Spezielle Fallas Valencia mit Guide: AValencia","isPartOf":{"@id":"https:\/\/avalencia.com\/de\/#website"},"primaryImageOfPage":{"@id":"https:\/\/avalencia.com\/de\/spezielle-fallas-valencia\/#primaryimage"},"image":{"@id":"https:\/\/avalencia.com\/de\/spezielle-fallas-valencia\/#primaryimage"},"thumbnailUrl":"https:\/\/avalencia.com\/wp-content\/uploads\/2022\/08\/destacada-falla-convento-jerusalen-999x423-1.webp","datePublished":"2018-03-31T17:09:45+00:00","dateModified":"2022-10-29T11:23:02+00:00","description":"Wir m\u00f6chten den Spaniern und Ausl\u00e4ndern, die diese Website besuchen, die ganze W\u00e4rme und die Atmosph\u00e4re der Fallas, das gr\u00f6\u00dfte Fest in Valencia zeigen","breadcrumb":{"@id":"https:\/\/avalencia.com\/de\/spezielle-fallas-valencia\/#breadcrumb"},"inLanguage":"de-DE","potentialAction":[{"@type":"ReadAction","target":["https:\/\/avalencia.com\/de\/spezielle-fallas-valencia\/"]}]},{"@type":"ImageObject","inLanguage":"de-DE","@id":"https:\/\/avalencia.com\/de\/spezielle-fallas-valencia\/#primaryimage","url":"https:\/\/avalencia.com\/wp-content\/uploads\/2022\/08\/destacada-falla-convento-jerusalen-999x423-1.webp","contentUrl":"https:\/\/avalencia.com\/wp-content\/uploads\/2022\/08\/destacada-falla-convento-jerusalen-999x423-1.webp","width":999,"height":423},{"@type":"BreadcrumbList","@id":"https:\/\/avalencia.com\/de\/spezielle-fallas-valencia\/#breadcrumb","itemListElement":[{"@type":"ListItem","position":1,"name":"Portada","item":"https:\/\/avalencia.com\/de\/"},{"@type":"ListItem","position":2,"name":"Spezielle Fallas Valencia"}]},{"@type":"WebSite","@id":"https:\/\/avalencia.com\/de\/#website","url":"https:\/\/avalencia.com\/de\/","name":"AVALENCIA","description":"Visitas culturales por Valencia y alrededores","publisher":{"@id":"https:\/\/avalencia.com\/de\/#organization"},"potentialAction":[{"@type":"SearchAction","target":{"@type":"EntryPoint","urlTemplate":"https:\/\/avalencia.com\/de\/?s={search_term_string}"},"query-input":{"@type":"PropertyValueSpecification","valueRequired":true,"valueName":"search_term_string"}}],"inLanguage":"de-DE"},{"@type":"Organization","@id":"https:\/\/avalencia.com\/de\/#organization","name":"Gu\u00eda Valencia","url":"https:\/\/avalencia.com\/de\/","logo":{"@type":"ImageObject","inLanguage":"de-DE","@id":"https:\/\/avalencia.com\/de\/#\/schema\/logo\/image\/","url":"","contentUrl":"","caption":"Gu\u00eda Valencia"},"image":{"@id":"https:\/\/avalencia.com\/de\/#\/schema\/logo\/image\/"},"sameAs":["https:\/\/www.facebook.com\/angela.marisoler","https:\/\/x.com\/angelamari400","https:\/\/www.instagram.com\/angelamarisoler\/","https:\/\/www.linkedin.com\/feed\/?trk=guest_homepage-basic_sign-in-submit","https:\/\/www.youtube.com\/channel\/UC4bWyTV2CWI65Qf0r1pjuXg?view_as=subscriber"]}]}},"featured_image_src":"https:\/\/avalencia.com\/wp-content\/uploads\/2022\/08\/destacada-falla-convento-jerusalen-999x423-1-600x400.webp","featured_image_src_square":"https:\/\/avalencia.com\/wp-content\/uploads\/2022\/08\/destacada-falla-convento-jerusalen-999x423-1-600x423.webp","_links":{"self":[{"href":"https:\/\/avalencia.com\/de\/wp-json\/wp\/v2\/pages\/5745","targetHints":{"allow":["GET"]}}],"collection":[{"href":"https:\/\/avalencia.com\/de\/wp-json\/wp\/v2\/pages"}],"about":[{"href":"https:\/\/avalencia.com\/de\/wp-json\/wp\/v2\/types\/page"}],"author":[{"embeddable":true,"href":"https:\/\/avalencia.com\/de\/wp-json\/wp\/v2\/users\/3"}],"replies":[{"embeddable":true,"href":"https:\/\/avalencia.com\/de\/wp-json\/wp\/v2\/comments?post=5745"}],"version-history":[{"count":0,"href":"https:\/\/avalencia.com\/de\/wp-json\/wp\/v2\/pages\/5745\/revisions"}],"wp:featuredmedia":[{"embeddable":true,"href":"https:\/\/avalencia.com\/de\/wp-json\/wp\/v2\/media\/17214"}],"wp:attachment":[{"href":"https:\/\/avalencia.com\/de\/wp-json\/wp\/v2\/media?parent=5745"}],"curies":[{"name":"wp","href":"https:\/\/api.w.org\/{rel}","templated":true}]}}