{"id":5750,"date":"2018-03-31T18:31:04","date_gmt":"2018-03-31T18:31:04","guid":{"rendered":"https:\/\/avalencia.com\/stadt-der-kunste-und-wissenschaften\/"},"modified":"2022-11-26T19:36:25","modified_gmt":"2022-11-26T19:36:25","slug":"stadt-der-kuenste-und-wissenschaften-valencia","status":"publish","type":"page","link":"https:\/\/avalencia.com\/de\/stadt-der-kuenste-und-wissenschaften-valencia\/","title":{"rendered":"Stadt der K\u00fcnste und Wissenschaften Valencia"},"content":{"rendered":"\n<h1 class=\"wp-block-heading\"><strong>Rundgang durch die Stadt der K\u00fcnste und Wissenschaften<\/strong> und gef\u00fchrte Besichtigung des Aquariums<\/h1>\n\n\n\n<p>Die Stadt der K\u00fcnste und Wissenschaften w\u00e4chst in den ausl\u00e4ufern des ehemaligen Flussbettes des Turia heran und ist dabei, sich in ein Wahrzeichen Valencias verwandelt. Schon jetzt ist der Ort, dessen Dimensionen und Architektur \u00fcberraschen, ein wichtiges Szenarium zur verbreitung von Kultur und Wissen, f\u00fcr Veranstaltungen und Freizeitvergn\u00fcgen. Der Komplex wurde von Santiago Calatrava und einem von F\u00e9lix Candela geleiteten Team entworfen und steht f\u00fcr die k\u00fcnstlerische und kulturelle Avantgarde Valencias. Die Stadt der K\u00fcnste und Wissenschaften ist eine Stadt in der Stadt.<\/p>\n\n\n\n<figure class=\"wp-block-gallery has-nested-images columns-default is-cropped wp-block-gallery-1 is-layout-flex wp-block-gallery-is-layout-flex\">\n<figure class=\"wp-block-image size-full\"><a href=\"https:\/\/avalencia.com\/wp-content\/uploads\/2022\/07\/01-TDgUHjnTBLfb0S0h.webp\"><img decoding=\"async\" width=\"816\" height=\"612\" data-id=\"15715\" src=\"https:\/\/avalencia.com\/wp-content\/uploads\/2022\/07\/01-TDgUHjnTBLfb0S0h.webp\" alt=\"Das Opernhaus Valencia\" class=\"wp-image-15715\" srcset=\"https:\/\/avalencia.com\/wp-content\/uploads\/2022\/07\/01-TDgUHjnTBLfb0S0h.webp 816w, https:\/\/avalencia.com\/wp-content\/uploads\/2022\/07\/01-TDgUHjnTBLfb0S0h-300x225.webp 300w, https:\/\/avalencia.com\/wp-content\/uploads\/2022\/07\/01-TDgUHjnTBLfb0S0h-768x576.webp 768w, https:\/\/avalencia.com\/wp-content\/uploads\/2022\/07\/01-TDgUHjnTBLfb0S0h-705x529.webp 705w\" sizes=\"(max-width: 816px) 100vw, 816px\" \/><\/a><\/figure>\n\n\n\n<figure class=\"wp-block-image size-full\"><a href=\"https:\/\/avalencia.com\/wp-content\/uploads\/2022\/07\/02-OAgtyq5y0qu0xGHF-1.webp\"><img decoding=\"async\" width=\"999\" height=\"671\" data-id=\"15720\" src=\"https:\/\/avalencia.com\/wp-content\/uploads\/2022\/07\/02-OAgtyq5y0qu0xGHF-1.webp\" alt=\"Der Palast der K\u00fcnste Reina Sofia von Valencia\" class=\"wp-image-15720\" srcset=\"https:\/\/avalencia.com\/wp-content\/uploads\/2022\/07\/02-OAgtyq5y0qu0xGHF-1.webp 999w, https:\/\/avalencia.com\/wp-content\/uploads\/2022\/07\/02-OAgtyq5y0qu0xGHF-1-300x202.webp 300w, https:\/\/avalencia.com\/wp-content\/uploads\/2022\/07\/02-OAgtyq5y0qu0xGHF-1-768x516.webp 768w, https:\/\/avalencia.com\/wp-content\/uploads\/2022\/07\/02-OAgtyq5y0qu0xGHF-1-705x474.webp 705w\" sizes=\"(max-width: 999px) 100vw, 999px\" \/><\/a><\/figure>\n\n\n\n<figure class=\"wp-block-image size-full\"><a href=\"https:\/\/avalencia.com\/wp-content\/uploads\/2022\/07\/03-FQO3VpiNbDJOM9x-1.webp\"><img decoding=\"async\" width=\"850\" height=\"570\" data-id=\"15725\" src=\"https:\/\/avalencia.com\/wp-content\/uploads\/2022\/07\/03-FQO3VpiNbDJOM9x-1.webp\" alt=\"Das Wissenschaftsmuseum Prinz Felpe von Valencia\" class=\"wp-image-15725\" srcset=\"https:\/\/avalencia.com\/wp-content\/uploads\/2022\/07\/03-FQO3VpiNbDJOM9x-1.webp 850w, https:\/\/avalencia.com\/wp-content\/uploads\/2022\/07\/03-FQO3VpiNbDJOM9x-1-300x201.webp 300w, https:\/\/avalencia.com\/wp-content\/uploads\/2022\/07\/03-FQO3VpiNbDJOM9x-1-768x515.webp 768w, https:\/\/avalencia.com\/wp-content\/uploads\/2022\/07\/03-FQO3VpiNbDJOM9x-1-705x473.webp 705w\" sizes=\"(max-width: 850px) 100vw, 850px\" \/><\/a><\/figure>\n\n\n\n<figure class=\"wp-block-image size-full\"><a href=\"https:\/\/avalencia.com\/wp-content\/uploads\/2022\/07\/CAC-OPERA-Valencia-2-1-1.webp\"><img decoding=\"async\" width=\"999\" height=\"563\" data-id=\"15735\" src=\"https:\/\/avalencia.com\/wp-content\/uploads\/2022\/07\/CAC-OPERA-Valencia-2-1-1.webp\" alt=\"Hemisph\u00e4renkino Valencia\" class=\"wp-image-15735\" srcset=\"https:\/\/avalencia.com\/wp-content\/uploads\/2022\/07\/CAC-OPERA-Valencia-2-1-1.webp 999w, https:\/\/avalencia.com\/wp-content\/uploads\/2022\/07\/CAC-OPERA-Valencia-2-1-1-300x169.webp 300w, https:\/\/avalencia.com\/wp-content\/uploads\/2022\/07\/CAC-OPERA-Valencia-2-1-1-768x433.webp 768w, https:\/\/avalencia.com\/wp-content\/uploads\/2022\/07\/CAC-OPERA-Valencia-2-1-1-705x397.webp 705w\" sizes=\"(max-width: 999px) 100vw, 999px\" \/><\/a><\/figure>\n<\/figure>\n\n\n\n<h4 class=\"wp-block-heading\"><strong>L&#8217;Umbracle<\/strong><\/h4>\n\n\n\n<p>Die Umbracle ist ein Spaziergang mit zeitgen\u00f6ssischen Skulpturen und Palmen, wie ein berankter Laubengang. Dort gibt es bodenst\u00e4ndige Pflanzen, Palmenb\u00e4ume, Bitterorangenb\u00e4ume, Straucharten in der valenzianischen Gemeinschaft und aromatische Pflanzen wie Rosmarin und Lavendel.<\/p>\n\n\n\n<h4 class=\"wp-block-heading\"><strong>Hemisf\u00e8ric<\/strong> <\/h4>\n\n\n\n<p>Die Hemisph\u00e4re Kino &#8211; verf\u00fcgt \u00fcber einen gigantischen halbkugelf\u00f6rmige Bildschirm von 900 Quadratmetern Fl\u00e4che, mit 3 verschiedenen audiovisuellen Darstellungen: Planetarium, astrologische Ph\u00e4nomene des Universums, Filme im IMAX format und  Laser Omniscan. Das grosse Auge stellt das Auge des Wissens dar, das sich zur Well hin \u00f6ffnet. Das Auge ist aus einer Netzhaut, einer Augenwimper, und einem Augenlid gestaltet.<\/p>\n\n\n\n<h4 class=\"wp-block-heading\"><strong>Das \u00c1gora<\/strong><\/h4>\n\n\n\n<p>Es ist ein Geb\u00e4ude in Form eines Kriegerhelms, in&nbsp;dem haupts\u00e4chlich,  alle Arten von Veranstaltungen, \u00f6ffentliche und privat Taten, sportliche Events stattfinden. Die von den Einwohnern genannte \u201eJamonero\u201c von Valencia. Das \u00c1gora wurde erst im Jahr 2009 f\u00fcr ein Tennisturnier \u201eValencia Open 500\u201c eingeweiht. Es ist normalerweise nicht ge\u00f6ffnet und kann nicht besichtigt werden.<\/p>\n\n\n\n<h4 class=\"wp-block-heading\"><strong>Das Museum der Wissenschaften Prinz Felipe<\/strong><\/h4>\n\n\n\n<p>Es ist das Wissenschaft und Technologie Museum , Zentrum f\u00fcr Bildingung, Dokumentation, Information und zur Verbreitung der Wissenschaften f\u00fcr die B\u00fcrger der Stadt und besonders f\u00fcr Unterrichtsst\u00e4tten geplant, eine avantgardistische mit interaktiver Inhalt Architektur.<\/p>\n\n\n\n<h4 class=\"wp-block-heading\"><strong>Der Palast der K\u00fcnste<\/strong><\/h4>\n\n\n\n<p>F\u00fcr die F\u00f6rderung und Verbreitung von Kunst es gilt auch als Unterrichts Stadt, Filmschule, das Zentrum der B\u00fchnenkunst, das Valencianische Zentrum f\u00fcr Musik und die Filmothek sowie Ausstellungsr\u00e4ume, Auditorien und ein Kunst Dokumentationszentrum beherbergen.<\/p>\n\n\n\n<h2 class=\"wp-block-heading\"><strong><a href=\"https:\/\/cac.es\/en\/oceanografic\/descubre-el-oceanografic.html\" target=\"_blank\" aria-label=\"undefined (abre en una nueva pesta\u00f1a)\" rel=\"noreferrer noopener\">Der Ozeanographische Park &#8211; der Park f\u00fcr universelle Meereskunde<\/a><\/strong><\/h2>\n\n\n\n<p>Der Oceanographisher Park steht aus einer Unterwasserstadt, die als Naturpark und wissenschaftliches Zentrum; sowie als Schulungsort und Erholungsgebiet konzipiert ist. Seen und Lagunen mit verschiedenen Wasserqualit\u00e4ten und diverse K\u00fcsten und Inseln sind den verschiedenen geologischen K\u00fcstenformationen der Erde nachgebildet. <\/p>\n\n\n\n<p>Der Ozeanographische Park ist der gr\u00f6\u00dfte in ganzen Europa und der f\u00fcnfte in der Welt, mit 45.000 Exemplaren von 500 Tierarten.<\/p>\n\n\n\n<p>Der Ozeanographische Park besteht aus neun Komplexen, die alle aquatischen Lebensr\u00e4ume des Planeten darstellen, wie die Mittelmeer-Halle, Tropische Meere, der Ozean mit riesigen Bullenhaie, die Arktischen Gew\u00e4sser mit drei Wei\u00dfwale, die Antarktischen Gew\u00e4sser mit den Juanito Pinguine und noch mehr.<\/p>\n\n\n\n<p>Es gibt auch ein Delfinarium, wo jeden Tag verschiedene Darbietungen von Delfinen stattfinden.<\/p>\n\n\n\n<figure class=\"wp-block-embed is-type-video is-provider-youtube wp-block-embed-youtube wp-embed-aspect-4-3 wp-has-aspect-ratio\"><div class=\"wp-block-embed__wrapper\">\n<div class='avia-iframe-wrap'><iframe title=\"Belugas Oceanogr\u00e0fic Valencia\" width=\"1333\" height=\"1000\" src=\"https:\/\/www.youtube.com\/embed\/TFZtsdkkjVw?feature=oembed\" frameborder=\"0\" allow=\"accelerometer; autoplay; clipboard-write; encrypted-media; gyroscope; picture-in-picture\" allowfullscreen><\/iframe><\/div>\n<\/div><figcaption class=\"wp-element-caption\">Yulka und Kylu<\/figcaption><\/figure>\n\n\n\n<figure class=\"wp-block-gallery has-nested-images columns-default is-cropped wp-block-gallery-2 is-layout-flex wp-block-gallery-is-layout-flex\">\n<figure class=\"wp-block-image size-full\"><a href=\"https:\/\/avalencia.com\/wp-content\/uploads\/2022\/07\/05-GL2-Oceanografic-ballena-ninos-2.webp\"><img decoding=\"async\" width=\"785\" height=\"490\" data-id=\"15740\" src=\"https:\/\/avalencia.com\/wp-content\/uploads\/2022\/07\/05-GL2-Oceanografic-ballena-ninos-2.webp\" alt=\"der Ozeanographischer Park von Valencia\" class=\"wp-image-15740\" srcset=\"https:\/\/avalencia.com\/wp-content\/uploads\/2022\/07\/05-GL2-Oceanografic-ballena-ninos-2.webp 785w, https:\/\/avalencia.com\/wp-content\/uploads\/2022\/07\/05-GL2-Oceanografic-ballena-ninos-2-300x187.webp 300w, https:\/\/avalencia.com\/wp-content\/uploads\/2022\/07\/05-GL2-Oceanografic-ballena-ninos-2-768x479.webp 768w, https:\/\/avalencia.com\/wp-content\/uploads\/2022\/07\/05-GL2-Oceanografic-ballena-ninos-2-705x440.webp 705w\" sizes=\"(max-width: 785px) 100vw, 785px\" \/><\/a><\/figure>\n<\/figure>\n\n\n\n<div class=\"wp-block-buttons is-horizontal is-content-justification-center is-layout-flex wp-container-core-buttons-is-layout-1 wp-block-buttons-is-layout-flex\">\n<div class=\"wp-block-button\"><a class=\"wp-block-button__link wp-element-button\" href=\"https:\/\/avalencia.com\/de\/kontakt\/\" target=\"_blank\" rel=\"noreferrer noopener\">Kontakt<\/a><\/div>\n<\/div>\n\n\n\n<div style=\"height:52px\" aria-hidden=\"true\" class=\"wp-block-spacer\"><\/div>\n\n\n<div  class='av-social-sharing-box  avia-builder-el-0  avia-builder-el-no-sibling  '><div class='av-share-box'><h5 class='av-share-link-description av-no-toc '>Teilen Sie mit<\/h5><ul class='av-share-box-list noLightbox'><li class='av-share-link av-social-link-facebook' ><a target=\"_blank\" aria-label=\"Teilen auf Facebook\" href='https:\/\/www.facebook.com\/sharer.php?u=https:\/\/avalencia.com\/de\/stadt-der-kuenste-und-wissenschaften-valencia\/&#038;t=Stadt%20der%20K%C3%BCnste%20und%20Wissenschaften%20Valencia' aria-hidden='false' data-av_icon='\ue8f3' data-av_iconfont='entypo-fontello' title='' data-avia-related-tooltip='Teilen auf Facebook' rel=\"noopener\"><span class='avia_hidden_link_text'>Teilen auf Facebook<\/span><\/a><\/li><li class='av-share-link av-social-link-twitter' ><a target=\"_blank\" aria-label=\"Teilen auf Twitter\" href='https:\/\/twitter.com\/share?text=Stadt%20der%20K%C3%BCnste%20und%20Wissenschaften%20Valencia&#038;url=https:\/\/avalencia.com\/de\/?p=5750' aria-hidden='false' data-av_icon='\ue8f1' data-av_iconfont='entypo-fontello' title='' data-avia-related-tooltip='Teilen auf Twitter' rel=\"noopener\"><span class='avia_hidden_link_text'>Teilen auf Twitter<\/span><\/a><\/li><li class='av-share-link av-social-link-pinterest' ><a target=\"_blank\" aria-label=\"Teilen auf Pinterest\" href='https:\/\/pinterest.com\/pin\/create\/button\/?url=https%3A%2F%2Favalencia.com%2Fde%2Fstadt-der-kuenste-und-wissenschaften-valencia%2F&#038;description=Stadt%20der%20K%C3%BCnste%20und%20Wissenschaften%20Valencia&#038;media=https%3A%2F%2Favalencia.com%2Fwp-content%2Fuploads%2F2022%2F07%2Fdestacada-4rPbCVj8E2dPRAQB-2-705x378.webp' aria-hidden='false' data-av_icon='\ue8f8' data-av_iconfont='entypo-fontello' title='' data-avia-related-tooltip='Teilen auf Pinterest' rel=\"noopener\"><span class='avia_hidden_link_text'>Teilen auf Pinterest<\/span><\/a><\/li><li class='av-share-link av-social-link-linkedin' ><a target=\"_blank\" aria-label=\"Teilen auf LinkedIn\" href='https:\/\/linkedin.com\/shareArticle?mini=true&#038;title=Stadt%20der%20K%C3%BCnste%20und%20Wissenschaften%20Valencia&#038;url=https:\/\/avalencia.com\/de\/stadt-der-kuenste-und-wissenschaften-valencia\/' aria-hidden='false' data-av_icon='\ue8fc' data-av_iconfont='entypo-fontello' title='' data-avia-related-tooltip='Teilen auf LinkedIn' rel=\"noopener\"><span class='avia_hidden_link_text'>Teilen auf LinkedIn<\/span><\/a><\/li><li class='av-share-link av-social-link-mail' ><a  aria-label=\"Per E-Mail teilen\" href='mailto:?subject=Stadt%20der%20K%C3%BCnste%20und%20Wissenschaften%20Valencia&#038;body=https:\/\/avalencia.com\/de\/stadt-der-kuenste-und-wissenschaften-valencia\/' aria-hidden='false' data-av_icon='\ue805' data-av_iconfont='entypo-fontello' title='' data-avia-related-tooltip='Per E-Mail teilen'><span class='avia_hidden_link_text'>Per E-Mail teilen<\/span><\/a><\/li><\/ul><\/div><\/div>\n","protected":false},"excerpt":{"rendered":"<p>Stadt der K\u00fcnste und Wissenschaften<\/p>\n","protected":false},"author":3,"featured_media":15706,"parent":0,"menu_order":0,"comment_status":"closed","ping_status":"closed","template":"","meta":{"footnotes":""},"class_list":["post-5750","page","type-page","status-publish","has-post-thumbnail","hentry"],"yoast_head":"<!-- This site is optimized with the Yoast SEO plugin v26.8 - https:\/\/yoast.com\/product\/yoast-seo-wordpress\/ -->\n<title>Stadt der K\u00fcnste und Wissenschaften Valencia - AValencia<\/title>\n<meta name=\"description\" content=\"Die Stadt der K\u00fcnste und Wissenschaften Valencia hat sich in ein Wahrzeichen verwandelt, Besuchen Sie sie mit einer anerkannten Fremdenf\u00fchrerin.\" \/>\n<meta name=\"robots\" content=\"index, follow, max-snippet:-1, max-image-preview:large, max-video-preview:-1\" \/>\n<link rel=\"canonical\" href=\"https:\/\/avalencia.com\/de\/stadt-der-kuenste-und-wissenschaften-valencia\/\" \/>\n<meta property=\"og:locale\" content=\"de_DE\" \/>\n<meta property=\"og:type\" content=\"article\" \/>\n<meta property=\"og:title\" content=\"Stadt der K\u00fcnste und Wissenschaften Valencia - AValencia\" \/>\n<meta property=\"og:description\" content=\"Die Stadt der K\u00fcnste und Wissenschaften Valencia hat sich in ein Wahrzeichen verwandelt, Besuchen Sie sie mit einer anerkannten Fremdenf\u00fchrerin.\" \/>\n<meta property=\"og:url\" content=\"https:\/\/avalencia.com\/de\/stadt-der-kuenste-und-wissenschaften-valencia\/\" \/>\n<meta property=\"og:site_name\" content=\"AVALENCIA\" \/>\n<meta property=\"article:publisher\" content=\"https:\/\/www.facebook.com\/angela.marisoler\" \/>\n<meta property=\"article:modified_time\" content=\"2022-11-26T19:36:25+00:00\" \/>\n<meta property=\"og:image\" content=\"https:\/\/avalencia.com\/wp-content\/uploads\/2022\/07\/destacada-4rPbCVj8E2dPRAQB-2.webp\" \/>\n\t<meta property=\"og:image:width\" content=\"849\" \/>\n\t<meta property=\"og:image:height\" content=\"455\" \/>\n\t<meta property=\"og:image:type\" content=\"image\/webp\" \/>\n<meta name=\"twitter:card\" content=\"summary_large_image\" \/>\n<meta name=\"twitter:site\" content=\"@angelamari400\" \/>\n<meta name=\"twitter:label1\" content=\"Est. reading time\" \/>\n\t<meta name=\"twitter:data1\" content=\"4 minutes\" \/>\n<script type=\"application\/ld+json\" class=\"yoast-schema-graph\">{\"@context\":\"https:\/\/schema.org\",\"@graph\":[{\"@type\":\"WebPage\",\"@id\":\"https:\/\/avalencia.com\/de\/stadt-der-kuenste-und-wissenschaften-valencia\/\",\"url\":\"https:\/\/avalencia.com\/de\/stadt-der-kuenste-und-wissenschaften-valencia\/\",\"name\":\"Stadt der K\u00fcnste und Wissenschaften Valencia - AValencia\",\"isPartOf\":{\"@id\":\"https:\/\/avalencia.com\/de\/#website\"},\"primaryImageOfPage\":{\"@id\":\"https:\/\/avalencia.com\/de\/stadt-der-kuenste-und-wissenschaften-valencia\/#primaryimage\"},\"image\":{\"@id\":\"https:\/\/avalencia.com\/de\/stadt-der-kuenste-und-wissenschaften-valencia\/#primaryimage\"},\"thumbnailUrl\":\"https:\/\/avalencia.com\/wp-content\/uploads\/2022\/07\/destacada-4rPbCVj8E2dPRAQB-2.webp\",\"datePublished\":\"2018-03-31T18:31:04+00:00\",\"dateModified\":\"2022-11-26T19:36:25+00:00\",\"description\":\"Die Stadt der K\u00fcnste und Wissenschaften Valencia hat sich in ein Wahrzeichen verwandelt, Besuchen Sie sie mit einer anerkannten Fremdenf\u00fchrerin.\",\"breadcrumb\":{\"@id\":\"https:\/\/avalencia.com\/de\/stadt-der-kuenste-und-wissenschaften-valencia\/#breadcrumb\"},\"inLanguage\":\"de-DE\",\"potentialAction\":[{\"@type\":\"ReadAction\",\"target\":[\"https:\/\/avalencia.com\/de\/stadt-der-kuenste-und-wissenschaften-valencia\/\"]}]},{\"@type\":\"ImageObject\",\"inLanguage\":\"de-DE\",\"@id\":\"https:\/\/avalencia.com\/de\/stadt-der-kuenste-und-wissenschaften-valencia\/#primaryimage\",\"url\":\"https:\/\/avalencia.com\/wp-content\/uploads\/2022\/07\/destacada-4rPbCVj8E2dPRAQB-2.webp\",\"contentUrl\":\"https:\/\/avalencia.com\/wp-content\/uploads\/2022\/07\/destacada-4rPbCVj8E2dPRAQB-2.webp\",\"width\":849,\"height\":455},{\"@type\":\"BreadcrumbList\",\"@id\":\"https:\/\/avalencia.com\/de\/stadt-der-kuenste-und-wissenschaften-valencia\/#breadcrumb\",\"itemListElement\":[{\"@type\":\"ListItem\",\"position\":1,\"name\":\"Portada\",\"item\":\"https:\/\/avalencia.com\/de\/\"},{\"@type\":\"ListItem\",\"position\":2,\"name\":\"Stadt der K\u00fcnste und Wissenschaften Valencia\"}]},{\"@type\":\"WebSite\",\"@id\":\"https:\/\/avalencia.com\/de\/#website\",\"url\":\"https:\/\/avalencia.com\/de\/\",\"name\":\"AVALENCIA\",\"description\":\"Visitas culturales por Valencia y alrededores\",\"publisher\":{\"@id\":\"https:\/\/avalencia.com\/de\/#organization\"},\"potentialAction\":[{\"@type\":\"SearchAction\",\"target\":{\"@type\":\"EntryPoint\",\"urlTemplate\":\"https:\/\/avalencia.com\/de\/?s={search_term_string}\"},\"query-input\":{\"@type\":\"PropertyValueSpecification\",\"valueRequired\":true,\"valueName\":\"search_term_string\"}}],\"inLanguage\":\"de-DE\"},{\"@type\":\"Organization\",\"@id\":\"https:\/\/avalencia.com\/de\/#organization\",\"name\":\"Gu\u00eda Valencia\",\"url\":\"https:\/\/avalencia.com\/de\/\",\"logo\":{\"@type\":\"ImageObject\",\"inLanguage\":\"de-DE\",\"@id\":\"https:\/\/avalencia.com\/de\/#\/schema\/logo\/image\/\",\"url\":\"\",\"contentUrl\":\"\",\"caption\":\"Gu\u00eda Valencia\"},\"image\":{\"@id\":\"https:\/\/avalencia.com\/de\/#\/schema\/logo\/image\/\"},\"sameAs\":[\"https:\/\/www.facebook.com\/angela.marisoler\",\"https:\/\/x.com\/angelamari400\",\"https:\/\/www.instagram.com\/angelamarisoler\/\",\"https:\/\/www.linkedin.com\/feed\/?trk=guest_homepage-basic_sign-in-submit\",\"https:\/\/www.youtube.com\/channel\/UC4bWyTV2CWI65Qf0r1pjuXg?view_as=subscriber\"]}]}<\/script>\n<!-- \/ Yoast SEO plugin. -->","yoast_head_json":{"title":"Stadt der K\u00fcnste und Wissenschaften Valencia - AValencia","description":"Die Stadt der K\u00fcnste und Wissenschaften Valencia hat sich in ein Wahrzeichen verwandelt, Besuchen Sie sie mit einer anerkannten Fremdenf\u00fchrerin.","robots":{"index":"index","follow":"follow","max-snippet":"max-snippet:-1","max-image-preview":"max-image-preview:large","max-video-preview":"max-video-preview:-1"},"canonical":"https:\/\/avalencia.com\/de\/stadt-der-kuenste-und-wissenschaften-valencia\/","og_locale":"de_DE","og_type":"article","og_title":"Stadt der K\u00fcnste und Wissenschaften Valencia - AValencia","og_description":"Die Stadt der K\u00fcnste und Wissenschaften Valencia hat sich in ein Wahrzeichen verwandelt, Besuchen Sie sie mit einer anerkannten Fremdenf\u00fchrerin.","og_url":"https:\/\/avalencia.com\/de\/stadt-der-kuenste-und-wissenschaften-valencia\/","og_site_name":"AVALENCIA","article_publisher":"https:\/\/www.facebook.com\/angela.marisoler","article_modified_time":"2022-11-26T19:36:25+00:00","og_image":[{"width":849,"height":455,"url":"https:\/\/avalencia.com\/wp-content\/uploads\/2022\/07\/destacada-4rPbCVj8E2dPRAQB-2.webp","type":"image\/webp"}],"twitter_card":"summary_large_image","twitter_site":"@angelamari400","twitter_misc":{"Est. reading time":"4 minutes"},"schema":{"@context":"https:\/\/schema.org","@graph":[{"@type":"WebPage","@id":"https:\/\/avalencia.com\/de\/stadt-der-kuenste-und-wissenschaften-valencia\/","url":"https:\/\/avalencia.com\/de\/stadt-der-kuenste-und-wissenschaften-valencia\/","name":"Stadt der K\u00fcnste und Wissenschaften Valencia - AValencia","isPartOf":{"@id":"https:\/\/avalencia.com\/de\/#website"},"primaryImageOfPage":{"@id":"https:\/\/avalencia.com\/de\/stadt-der-kuenste-und-wissenschaften-valencia\/#primaryimage"},"image":{"@id":"https:\/\/avalencia.com\/de\/stadt-der-kuenste-und-wissenschaften-valencia\/#primaryimage"},"thumbnailUrl":"https:\/\/avalencia.com\/wp-content\/uploads\/2022\/07\/destacada-4rPbCVj8E2dPRAQB-2.webp","datePublished":"2018-03-31T18:31:04+00:00","dateModified":"2022-11-26T19:36:25+00:00","description":"Die Stadt der K\u00fcnste und Wissenschaften Valencia hat sich in ein Wahrzeichen verwandelt, Besuchen Sie sie mit einer anerkannten Fremdenf\u00fchrerin.","breadcrumb":{"@id":"https:\/\/avalencia.com\/de\/stadt-der-kuenste-und-wissenschaften-valencia\/#breadcrumb"},"inLanguage":"de-DE","potentialAction":[{"@type":"ReadAction","target":["https:\/\/avalencia.com\/de\/stadt-der-kuenste-und-wissenschaften-valencia\/"]}]},{"@type":"ImageObject","inLanguage":"de-DE","@id":"https:\/\/avalencia.com\/de\/stadt-der-kuenste-und-wissenschaften-valencia\/#primaryimage","url":"https:\/\/avalencia.com\/wp-content\/uploads\/2022\/07\/destacada-4rPbCVj8E2dPRAQB-2.webp","contentUrl":"https:\/\/avalencia.com\/wp-content\/uploads\/2022\/07\/destacada-4rPbCVj8E2dPRAQB-2.webp","width":849,"height":455},{"@type":"BreadcrumbList","@id":"https:\/\/avalencia.com\/de\/stadt-der-kuenste-und-wissenschaften-valencia\/#breadcrumb","itemListElement":[{"@type":"ListItem","position":1,"name":"Portada","item":"https:\/\/avalencia.com\/de\/"},{"@type":"ListItem","position":2,"name":"Stadt der K\u00fcnste und Wissenschaften Valencia"}]},{"@type":"WebSite","@id":"https:\/\/avalencia.com\/de\/#website","url":"https:\/\/avalencia.com\/de\/","name":"AVALENCIA","description":"Visitas culturales por Valencia y alrededores","publisher":{"@id":"https:\/\/avalencia.com\/de\/#organization"},"potentialAction":[{"@type":"SearchAction","target":{"@type":"EntryPoint","urlTemplate":"https:\/\/avalencia.com\/de\/?s={search_term_string}"},"query-input":{"@type":"PropertyValueSpecification","valueRequired":true,"valueName":"search_term_string"}}],"inLanguage":"de-DE"},{"@type":"Organization","@id":"https:\/\/avalencia.com\/de\/#organization","name":"Gu\u00eda Valencia","url":"https:\/\/avalencia.com\/de\/","logo":{"@type":"ImageObject","inLanguage":"de-DE","@id":"https:\/\/avalencia.com\/de\/#\/schema\/logo\/image\/","url":"","contentUrl":"","caption":"Gu\u00eda Valencia"},"image":{"@id":"https:\/\/avalencia.com\/de\/#\/schema\/logo\/image\/"},"sameAs":["https:\/\/www.facebook.com\/angela.marisoler","https:\/\/x.com\/angelamari400","https:\/\/www.instagram.com\/angelamarisoler\/","https:\/\/www.linkedin.com\/feed\/?trk=guest_homepage-basic_sign-in-submit","https:\/\/www.youtube.com\/channel\/UC4bWyTV2CWI65Qf0r1pjuXg?view_as=subscriber"]}]}},"featured_image_src":"https:\/\/avalencia.com\/wp-content\/uploads\/2022\/07\/destacada-4rPbCVj8E2dPRAQB-2-600x400.webp","featured_image_src_square":"https:\/\/avalencia.com\/wp-content\/uploads\/2022\/07\/destacada-4rPbCVj8E2dPRAQB-2-600x455.webp","_links":{"self":[{"href":"https:\/\/avalencia.com\/de\/wp-json\/wp\/v2\/pages\/5750","targetHints":{"allow":["GET"]}}],"collection":[{"href":"https:\/\/avalencia.com\/de\/wp-json\/wp\/v2\/pages"}],"about":[{"href":"https:\/\/avalencia.com\/de\/wp-json\/wp\/v2\/types\/page"}],"author":[{"embeddable":true,"href":"https:\/\/avalencia.com\/de\/wp-json\/wp\/v2\/users\/3"}],"replies":[{"embeddable":true,"href":"https:\/\/avalencia.com\/de\/wp-json\/wp\/v2\/comments?post=5750"}],"version-history":[{"count":0,"href":"https:\/\/avalencia.com\/de\/wp-json\/wp\/v2\/pages\/5750\/revisions"}],"wp:featuredmedia":[{"embeddable":true,"href":"https:\/\/avalencia.com\/de\/wp-json\/wp\/v2\/media\/15706"}],"wp:attachment":[{"href":"https:\/\/avalencia.com\/de\/wp-json\/wp\/v2\/media?parent=5750"}],"curies":[{"name":"wp","href":"https:\/\/api.w.org\/{rel}","templated":true}]}}