{"id":5756,"date":"2018-03-31T18:40:49","date_gmt":"2018-03-31T18:40:49","guid":{"rendered":"https:\/\/avalencia.com\/albuferanaturschutzpark\/"},"modified":"2022-11-29T17:33:51","modified_gmt":"2022-11-29T17:33:51","slug":"albufera-naturschutzpark-valencia","status":"publish","type":"page","link":"https:\/\/avalencia.com\/de\/albufera-naturschutzpark-valencia\/","title":{"rendered":"Albufera Naturschutzpark Valencia"},"content":{"rendered":"\n<h2 class=\"wp-block-heading\"><strong>Ausflug in die Albufera Naturschutzpark<\/strong><\/h2>\n\n\n\n<p>Zwischen Meer und Reisfeldern, von den Fl\u00fcssen Turia und J\u00facar kurz vor ihrer M\u00fcndung ins Meer umgegeben, liegt den Albufera Naturschutzpark Valencia,  ein Paradies f\u00fcr Zugv\u00f6gel und Erholungsgebiet der nahen Gro\u00dfstadt und ihren Nachbarortschaften. 11 km s\u00fcdlich von der Hauptstadt Valencia entfernt und durch D\u00fcnen Rosetten und Pinienhaine vom Mittelmeer getrennt, hat sich der See vor langer Zeit herausgebildet.<\/p>\n\n\n\n<p>Die Ablagerungen beider Fl\u00fcsse trennten das kleine S\u00fcsswasser Binnenmeer von sechs Kilometern Durchmesser ab.<\/p>\n\n\n\n<figure class=\"wp-block-gallery has-nested-images columns-default is-cropped wp-block-gallery-1 is-layout-flex wp-block-gallery-is-layout-flex\">\n<figure class=\"wp-block-image size-full\"><a href=\"https:\/\/avalencia.com\/wp-content\/uploads\/2022\/07\/GL1-01-Albufera-albufera_1-1-1.webp\"><img decoding=\"async\" width=\"850\" height=\"570\" data-id=\"16026\" src=\"https:\/\/avalencia.com\/wp-content\/uploads\/2022\/07\/GL1-01-Albufera-albufera_1-1-1.webp\" alt=\"Albufera Bootstour von Valencia aus\" class=\"wp-image-16026\" srcset=\"https:\/\/avalencia.com\/wp-content\/uploads\/2022\/07\/GL1-01-Albufera-albufera_1-1-1.webp 850w, https:\/\/avalencia.com\/wp-content\/uploads\/2022\/07\/GL1-01-Albufera-albufera_1-1-1-300x201.webp 300w, https:\/\/avalencia.com\/wp-content\/uploads\/2022\/07\/GL1-01-Albufera-albufera_1-1-1-768x515.webp 768w, https:\/\/avalencia.com\/wp-content\/uploads\/2022\/07\/GL1-01-Albufera-albufera_1-1-1-705x473.webp 705w\" sizes=\"(max-width: 850px) 100vw, 850px\" \/><\/a><\/figure>\n\n\n\n<figure class=\"wp-block-image size-full\"><a href=\"https:\/\/avalencia.com\/wp-content\/uploads\/2022\/07\/GL1-02-Albufera-.webp\"><img decoding=\"async\" width=\"850\" height=\"570\" data-id=\"16031\" src=\"https:\/\/avalencia.com\/wp-content\/uploads\/2022\/07\/GL1-02-Albufera-.webp\" alt=\"Tierwelt der Albufera von Valencia\" class=\"wp-image-16031\" srcset=\"https:\/\/avalencia.com\/wp-content\/uploads\/2022\/07\/GL1-02-Albufera-.webp 850w, https:\/\/avalencia.com\/wp-content\/uploads\/2022\/07\/GL1-02-Albufera--300x201.webp 300w, https:\/\/avalencia.com\/wp-content\/uploads\/2022\/07\/GL1-02-Albufera--768x515.webp 768w, https:\/\/avalencia.com\/wp-content\/uploads\/2022\/07\/GL1-02-Albufera--705x473.webp 705w\" sizes=\"(max-width: 850px) 100vw, 850px\" \/><\/a><\/figure>\n\n\n\n<figure class=\"wp-block-image size-full\"><a href=\"https:\/\/avalencia.com\/wp-content\/uploads\/2022\/07\/GL1-03-Albufera-gp-Hugria-018-.webp\"><img decoding=\"async\" width=\"850\" height=\"637\" data-id=\"16036\" src=\"https:\/\/avalencia.com\/wp-content\/uploads\/2022\/07\/GL1-03-Albufera-gp-Hugria-018-.webp\" alt=\"Albufera von Valencia\" class=\"wp-image-16036\" srcset=\"https:\/\/avalencia.com\/wp-content\/uploads\/2022\/07\/GL1-03-Albufera-gp-Hugria-018-.webp 850w, https:\/\/avalencia.com\/wp-content\/uploads\/2022\/07\/GL1-03-Albufera-gp-Hugria-018--300x225.webp 300w, https:\/\/avalencia.com\/wp-content\/uploads\/2022\/07\/GL1-03-Albufera-gp-Hugria-018--768x576.webp 768w, https:\/\/avalencia.com\/wp-content\/uploads\/2022\/07\/GL1-03-Albufera-gp-Hugria-018--705x528.webp 705w\" sizes=\"(max-width: 850px) 100vw, 850px\" \/><\/a><\/figure>\n<\/figure>\n\n\n\n<ul class=\"wp-block-list\">\n<li>Wir k\u00f6nnen vom Ausguck beim ersten Schleusentor einen Ausblick auf dem See bekommen,&nbsp;und ab El Palmar, einem der typischsten D\u00f6rfer der Albufera, (auch als Naturschutzgebiet&nbsp;erkl\u00e4rt) <strong>kann man in von ehemaligen Fischern gesteuerten Booten den See erkunden. <\/strong>Dies ist der ideale Ort, um eine ausgezeichnete, im Holzofen zubereitet Paella zu probieren. Als Vorspeise sollte man sich die Spezialit\u00e4t der Gegend Aal in einer Knoblauch Pfeffersauce nicht entgehen lassen. Wir k\u00f6nnen eine Barraca (typisches Haus der Huerta) besuchen, in dem die \u00f6rtlichen Bauern wohnten. Das ist ein einfaches, schilf gedecktes Haus mit Spitzdach aus billigem Baumaterial, adove ( Schlamm und Stroh) genannt.<\/li>\n\n\n\n<li>Wir haben die M\u00f6glichkeit <strong>&#8220;Rac\u00f3 de L&#8217;Olla&#8221;<\/strong>, ein Informationszentrum zu besuchen, das aus zwei Teilen besteht:\n<ul class=\"wp-block-list\">\n<li>Eine Informations Zone (mit Paneelen und Audiovisuell, von den nat\u00fcrlichen &#8211; und gesellschaftlichen Eigenschaften des Sees im Naturpark von Albufera).<\/li>\n\n\n\n<li>Eine Interpretation Zone (mit einer Route, um die typischen Umgebungen dieses Gebiets, die Pflanzenwelt und die Tierwelt direkt zu kennen). Am Ende dieses kleinen Wegs findet man ein Observatorium, wo man die V\u00f6gel auf einem k\u00fcnstlichen Meer betrachten kann.<\/li>\n<\/ul>\n<\/li>\n<\/ul>\n\n\n\n<figure class=\"wp-block-gallery has-nested-images columns-default is-cropped wp-block-gallery-2 is-layout-flex wp-block-gallery-is-layout-flex\">\n<figure class=\"wp-block-image size-full\"><a href=\"https:\/\/avalencia.com\/wp-content\/uploads\/2022\/07\/GL2-01-Albufera-albufera_7-.webp\"><img decoding=\"async\" width=\"850\" height=\"479\" data-id=\"16041\" src=\"https:\/\/avalencia.com\/wp-content\/uploads\/2022\/07\/GL2-01-Albufera-albufera_7-.webp\" alt=\"Fahrradtour durch die Albufera von Valencia\" class=\"wp-image-16041\" srcset=\"https:\/\/avalencia.com\/wp-content\/uploads\/2022\/07\/GL2-01-Albufera-albufera_7-.webp 850w, https:\/\/avalencia.com\/wp-content\/uploads\/2022\/07\/GL2-01-Albufera-albufera_7--300x169.webp 300w, https:\/\/avalencia.com\/wp-content\/uploads\/2022\/07\/GL2-01-Albufera-albufera_7--768x433.webp 768w, https:\/\/avalencia.com\/wp-content\/uploads\/2022\/07\/GL2-01-Albufera-albufera_7--705x397.webp 705w\" sizes=\"(max-width: 850px) 100vw, 850px\" \/><\/a><\/figure>\n\n\n\n<figure class=\"wp-block-image size-full\"><a href=\"https:\/\/avalencia.com\/wp-content\/uploads\/2022\/07\/GL2-02-Albufera-20180826_182242-.webp\"><img decoding=\"async\" width=\"849\" height=\"480\" data-id=\"16046\" src=\"https:\/\/avalencia.com\/wp-content\/uploads\/2022\/07\/GL2-02-Albufera-20180826_182242-.webp\" alt=\"Besuchen Sie Albufera de Valencia\" class=\"wp-image-16046\" srcset=\"https:\/\/avalencia.com\/wp-content\/uploads\/2022\/07\/GL2-02-Albufera-20180826_182242-.webp 849w, https:\/\/avalencia.com\/wp-content\/uploads\/2022\/07\/GL2-02-Albufera-20180826_182242--300x170.webp 300w, https:\/\/avalencia.com\/wp-content\/uploads\/2022\/07\/GL2-02-Albufera-20180826_182242--768x434.webp 768w, https:\/\/avalencia.com\/wp-content\/uploads\/2022\/07\/GL2-02-Albufera-20180826_182242--705x399.webp 705w\" sizes=\"(max-width: 849px) 100vw, 849px\" \/><\/a><\/figure>\n\n\n\n<figure class=\"wp-block-image size-full\"><a href=\"https:\/\/avalencia.com\/wp-content\/uploads\/2022\/07\/GL2-03-Albufera-albufera_6.webp\"><img decoding=\"async\" width=\"850\" height=\"479\" data-id=\"16051\" src=\"https:\/\/avalencia.com\/wp-content\/uploads\/2022\/07\/GL2-03-Albufera-albufera_6.webp\" alt=\"D\u00fcnenlandschaften - Devesa von la Albufera von Valencia\" class=\"wp-image-16051\" srcset=\"https:\/\/avalencia.com\/wp-content\/uploads\/2022\/07\/GL2-03-Albufera-albufera_6.webp 850w, https:\/\/avalencia.com\/wp-content\/uploads\/2022\/07\/GL2-03-Albufera-albufera_6-300x169.webp 300w, https:\/\/avalencia.com\/wp-content\/uploads\/2022\/07\/GL2-03-Albufera-albufera_6-768x433.webp 768w, https:\/\/avalencia.com\/wp-content\/uploads\/2022\/07\/GL2-03-Albufera-albufera_6-705x397.webp 705w\" sizes=\"(max-width: 850px) 100vw, 850px\" \/><\/a><\/figure>\n<\/figure>\n\n\n\n<p>Wir k\u00f6nnen auch nat\u00fcrliches Leben erleben. Es gibt verschiedene Routen in den D\u00fcnenlandschaften, wie la gola de Pujol (Verbindungskanal), der direkt mit dem Meer verbunden ist oder die Route von El Saler. Und wir k\u00f6nnen das Meer von Albufera bewundern.<\/p>\n\n\n\n<figure class=\"wp-block-gallery has-nested-images columns-default is-cropped wp-block-gallery-3 is-layout-flex wp-block-gallery-is-layout-flex\">\n<figure class=\"wp-block-image size-full\"><a href=\"https:\/\/avalencia.com\/wp-content\/uploads\/2022\/07\/GL3-01-Albufera-webpalbufera.webp\"><img decoding=\"async\" width=\"850\" height=\"570\" data-id=\"16056\" src=\"https:\/\/avalencia.com\/wp-content\/uploads\/2022\/07\/GL3-01-Albufera-webpalbufera.webp\" alt=\"Reisef\u00fchrer Albufera de Valencia\" class=\"wp-image-16056\" srcset=\"https:\/\/avalencia.com\/wp-content\/uploads\/2022\/07\/GL3-01-Albufera-webpalbufera.webp 850w, https:\/\/avalencia.com\/wp-content\/uploads\/2022\/07\/GL3-01-Albufera-webpalbufera-300x201.webp 300w, https:\/\/avalencia.com\/wp-content\/uploads\/2022\/07\/GL3-01-Albufera-webpalbufera-768x515.webp 768w, https:\/\/avalencia.com\/wp-content\/uploads\/2022\/07\/GL3-01-Albufera-webpalbufera-705x473.webp 705w\" sizes=\"(max-width: 850px) 100vw, 850px\" \/><\/a><\/figure>\n\n\n\n<figure class=\"wp-block-image size-full\"><a href=\"https:\/\/avalencia.com\/wp-content\/uploads\/2022\/07\/GL3-02-Albuferaalbufera.webp\"><img decoding=\"async\" width=\"850\" height=\"570\" data-id=\"16061\" src=\"https:\/\/avalencia.com\/wp-content\/uploads\/2022\/07\/GL3-02-Albuferaalbufera.webp\" alt=\"Gef\u00fchrte Tour durch Albufera von Valencia\" class=\"wp-image-16061\" srcset=\"https:\/\/avalencia.com\/wp-content\/uploads\/2022\/07\/GL3-02-Albuferaalbufera.webp 850w, https:\/\/avalencia.com\/wp-content\/uploads\/2022\/07\/GL3-02-Albuferaalbufera-300x201.webp 300w, https:\/\/avalencia.com\/wp-content\/uploads\/2022\/07\/GL3-02-Albuferaalbufera-768x515.webp 768w, https:\/\/avalencia.com\/wp-content\/uploads\/2022\/07\/GL3-02-Albuferaalbufera-705x473.webp 705w\" sizes=\"(max-width: 850px) 100vw, 850px\" \/><\/a><\/figure>\n<figcaption class=\"blocks-gallery-caption wp-element-caption\">Besuchen Sie den Albufera Naturschutzpark Valencia!<\/figcaption><\/figure>\n\n\n\n<div class=\"wp-block-buttons is-horizontal is-content-justification-center is-layout-flex wp-container-core-buttons-is-layout-1 wp-block-buttons-is-layout-flex\">\n<div class=\"wp-block-button\"><a class=\"wp-block-button__link wp-element-button\" href=\"https:\/\/avalencia.com\/de\/kontakt\/\" target=\"_blank\" rel=\"noreferrer noopener\">Kontakt<\/a><\/div>\n<\/div>\n\n\n\n<div style=\"height:34px\" aria-hidden=\"true\" class=\"wp-block-spacer\"><\/div>\n\n\n<div  class='av-social-sharing-box  avia-builder-el-0  avia-builder-el-no-sibling  '><div class='av-share-box'><h5 class='av-share-link-description av-no-toc '>Teilen Sie mit<\/h5><ul class='av-share-box-list noLightbox'><li class='av-share-link av-social-link-facebook' ><a target=\"_blank\" aria-label=\"Teilen auf Facebook\" href='https:\/\/www.facebook.com\/sharer.php?u=https:\/\/avalencia.com\/de\/albufera-naturschutzpark-valencia\/&#038;t=Albufera%20Naturschutzpark%20Valencia' aria-hidden='false' data-av_icon='\ue8f3' data-av_iconfont='entypo-fontello' title='' data-avia-related-tooltip='Teilen auf Facebook' rel=\"noopener\"><span class='avia_hidden_link_text'>Teilen auf Facebook<\/span><\/a><\/li><li class='av-share-link av-social-link-twitter' ><a target=\"_blank\" aria-label=\"Teilen auf Twitter\" href='https:\/\/twitter.com\/share?text=Albufera%20Naturschutzpark%20Valencia&#038;url=https:\/\/avalencia.com\/de\/?p=5756' aria-hidden='false' data-av_icon='\ue8f1' data-av_iconfont='entypo-fontello' title='' data-avia-related-tooltip='Teilen auf Twitter' rel=\"noopener\"><span class='avia_hidden_link_text'>Teilen auf Twitter<\/span><\/a><\/li><li class='av-share-link av-social-link-pinterest' ><a target=\"_blank\" aria-label=\"Teilen auf Pinterest\" href='https:\/\/pinterest.com\/pin\/create\/button\/?url=https%3A%2F%2Favalencia.com%2Fde%2Falbufera-naturschutzpark-valencia%2F&#038;description=Albufera%20Naturschutzpark%20Valencia&#038;media=https%3A%2F%2Favalencia.com%2Fwp-content%2Fuploads%2F2022%2F07%2FDestacada-Albufera.423-1-705x246.webp' aria-hidden='false' data-av_icon='\ue8f8' data-av_iconfont='entypo-fontello' title='' data-avia-related-tooltip='Teilen auf Pinterest' rel=\"noopener\"><span class='avia_hidden_link_text'>Teilen auf Pinterest<\/span><\/a><\/li><li class='av-share-link av-social-link-linkedin' ><a target=\"_blank\" aria-label=\"Teilen auf LinkedIn\" href='https:\/\/linkedin.com\/shareArticle?mini=true&#038;title=Albufera%20Naturschutzpark%20Valencia&#038;url=https:\/\/avalencia.com\/de\/albufera-naturschutzpark-valencia\/' aria-hidden='false' data-av_icon='\ue8fc' data-av_iconfont='entypo-fontello' title='' data-avia-related-tooltip='Teilen auf LinkedIn' rel=\"noopener\"><span class='avia_hidden_link_text'>Teilen auf LinkedIn<\/span><\/a><\/li><li class='av-share-link av-social-link-mail' ><a  aria-label=\"Per E-Mail teilen\" href='mailto:?subject=Albufera%20Naturschutzpark%20Valencia&#038;body=https:\/\/avalencia.com\/de\/albufera-naturschutzpark-valencia\/' aria-hidden='false' data-av_icon='\ue805' data-av_iconfont='entypo-fontello' title='' data-avia-related-tooltip='Per E-Mail teilen'><span class='avia_hidden_link_text'>Per E-Mail teilen<\/span><\/a><\/li><\/ul><\/div><\/div>\n","protected":false},"excerpt":{"rendered":"<p>Albufera von Valencia<\/p>\n","protected":false},"author":3,"featured_media":16021,"parent":0,"menu_order":0,"comment_status":"closed","ping_status":"closed","template":"","meta":{"footnotes":""},"class_list":["post-5756","page","type-page","status-publish","has-post-thumbnail","hentry"],"yoast_head":"<!-- This site is optimized with the Yoast SEO plugin v26.8 - https:\/\/yoast.com\/product\/yoast-seo-wordpress\/ -->\n<title>Albufera Naturschutzpark Valencia - Fremdenf\u00fchrerin - AValencia<\/title>\n<meta name=\"description\" content=\"Diese Gef\u00fchrte Tour in der Albufera Naturschutzpark Valencia ist ein Muss. Besuch des Aussichtspunktes, Routen in den D\u00fcnenlandschaften. Buchen Sie jetz!\" \/>\n<meta name=\"robots\" content=\"index, follow, max-snippet:-1, max-image-preview:large, max-video-preview:-1\" \/>\n<link rel=\"canonical\" href=\"https:\/\/avalencia.com\/de\/albufera-naturschutzpark-valencia\/\" \/>\n<meta property=\"og:locale\" content=\"de_DE\" \/>\n<meta property=\"og:type\" content=\"article\" \/>\n<meta property=\"og:title\" content=\"Albufera Naturschutzpark Valencia - Fremdenf\u00fchrerin - AValencia\" \/>\n<meta property=\"og:description\" content=\"Diese Gef\u00fchrte Tour in der Albufera Naturschutzpark Valencia ist ein Muss. Besuch des Aussichtspunktes, Routen in den D\u00fcnenlandschaften. Buchen Sie jetz!\" \/>\n<meta property=\"og:url\" content=\"https:\/\/avalencia.com\/de\/albufera-naturschutzpark-valencia\/\" \/>\n<meta property=\"og:site_name\" content=\"AVALENCIA\" \/>\n<meta property=\"article:publisher\" content=\"https:\/\/www.facebook.com\/angela.marisoler\" \/>\n<meta property=\"article:modified_time\" content=\"2022-11-29T17:33:51+00:00\" \/>\n<meta property=\"og:image\" content=\"https:\/\/avalencia.com\/wp-content\/uploads\/2022\/07\/Destacada-Albufera.423-1.webp\" \/>\n\t<meta property=\"og:image:width\" content=\"1210\" \/>\n\t<meta property=\"og:image:height\" content=\"423\" \/>\n\t<meta property=\"og:image:type\" content=\"image\/webp\" \/>\n<meta name=\"twitter:card\" content=\"summary_large_image\" \/>\n<meta name=\"twitter:site\" content=\"@angelamari400\" \/>\n<meta name=\"twitter:label1\" content=\"Est. reading time\" \/>\n\t<meta name=\"twitter:data1\" content=\"4 minutes\" \/>\n<script type=\"application\/ld+json\" class=\"yoast-schema-graph\">{\"@context\":\"https:\/\/schema.org\",\"@graph\":[{\"@type\":\"WebPage\",\"@id\":\"https:\/\/avalencia.com\/de\/albufera-naturschutzpark-valencia\/\",\"url\":\"https:\/\/avalencia.com\/de\/albufera-naturschutzpark-valencia\/\",\"name\":\"Albufera Naturschutzpark Valencia - Fremdenf\u00fchrerin - AValencia\",\"isPartOf\":{\"@id\":\"https:\/\/avalencia.com\/de\/#website\"},\"primaryImageOfPage\":{\"@id\":\"https:\/\/avalencia.com\/de\/albufera-naturschutzpark-valencia\/#primaryimage\"},\"image\":{\"@id\":\"https:\/\/avalencia.com\/de\/albufera-naturschutzpark-valencia\/#primaryimage\"},\"thumbnailUrl\":\"https:\/\/avalencia.com\/wp-content\/uploads\/2022\/07\/Destacada-Albufera.423-1.webp\",\"datePublished\":\"2018-03-31T18:40:49+00:00\",\"dateModified\":\"2022-11-29T17:33:51+00:00\",\"description\":\"Diese Gef\u00fchrte Tour in der Albufera Naturschutzpark Valencia ist ein Muss. Besuch des Aussichtspunktes, Routen in den D\u00fcnenlandschaften. Buchen Sie jetz!\",\"breadcrumb\":{\"@id\":\"https:\/\/avalencia.com\/de\/albufera-naturschutzpark-valencia\/#breadcrumb\"},\"inLanguage\":\"de-DE\",\"potentialAction\":[{\"@type\":\"ReadAction\",\"target\":[\"https:\/\/avalencia.com\/de\/albufera-naturschutzpark-valencia\/\"]}]},{\"@type\":\"ImageObject\",\"inLanguage\":\"de-DE\",\"@id\":\"https:\/\/avalencia.com\/de\/albufera-naturschutzpark-valencia\/#primaryimage\",\"url\":\"https:\/\/avalencia.com\/wp-content\/uploads\/2022\/07\/Destacada-Albufera.423-1.webp\",\"contentUrl\":\"https:\/\/avalencia.com\/wp-content\/uploads\/2022\/07\/Destacada-Albufera.423-1.webp\",\"width\":1210,\"height\":423},{\"@type\":\"BreadcrumbList\",\"@id\":\"https:\/\/avalencia.com\/de\/albufera-naturschutzpark-valencia\/#breadcrumb\",\"itemListElement\":[{\"@type\":\"ListItem\",\"position\":1,\"name\":\"Portada\",\"item\":\"https:\/\/avalencia.com\/de\/\"},{\"@type\":\"ListItem\",\"position\":2,\"name\":\"Albufera Naturschutzpark Valencia\"}]},{\"@type\":\"WebSite\",\"@id\":\"https:\/\/avalencia.com\/de\/#website\",\"url\":\"https:\/\/avalencia.com\/de\/\",\"name\":\"AVALENCIA\",\"description\":\"Visitas culturales por Valencia y alrededores\",\"publisher\":{\"@id\":\"https:\/\/avalencia.com\/de\/#organization\"},\"potentialAction\":[{\"@type\":\"SearchAction\",\"target\":{\"@type\":\"EntryPoint\",\"urlTemplate\":\"https:\/\/avalencia.com\/de\/?s={search_term_string}\"},\"query-input\":{\"@type\":\"PropertyValueSpecification\",\"valueRequired\":true,\"valueName\":\"search_term_string\"}}],\"inLanguage\":\"de-DE\"},{\"@type\":\"Organization\",\"@id\":\"https:\/\/avalencia.com\/de\/#organization\",\"name\":\"Gu\u00eda Valencia\",\"url\":\"https:\/\/avalencia.com\/de\/\",\"logo\":{\"@type\":\"ImageObject\",\"inLanguage\":\"de-DE\",\"@id\":\"https:\/\/avalencia.com\/de\/#\/schema\/logo\/image\/\",\"url\":\"\",\"contentUrl\":\"\",\"caption\":\"Gu\u00eda Valencia\"},\"image\":{\"@id\":\"https:\/\/avalencia.com\/de\/#\/schema\/logo\/image\/\"},\"sameAs\":[\"https:\/\/www.facebook.com\/angela.marisoler\",\"https:\/\/x.com\/angelamari400\",\"https:\/\/www.instagram.com\/angelamarisoler\/\",\"https:\/\/www.linkedin.com\/feed\/?trk=guest_homepage-basic_sign-in-submit\",\"https:\/\/www.youtube.com\/channel\/UC4bWyTV2CWI65Qf0r1pjuXg?view_as=subscriber\"]}]}<\/script>\n<!-- \/ Yoast SEO plugin. -->","yoast_head_json":{"title":"Albufera Naturschutzpark Valencia - Fremdenf\u00fchrerin - AValencia","description":"Diese Gef\u00fchrte Tour in der Albufera Naturschutzpark Valencia ist ein Muss. Besuch des Aussichtspunktes, Routen in den D\u00fcnenlandschaften. Buchen Sie jetz!","robots":{"index":"index","follow":"follow","max-snippet":"max-snippet:-1","max-image-preview":"max-image-preview:large","max-video-preview":"max-video-preview:-1"},"canonical":"https:\/\/avalencia.com\/de\/albufera-naturschutzpark-valencia\/","og_locale":"de_DE","og_type":"article","og_title":"Albufera Naturschutzpark Valencia - Fremdenf\u00fchrerin - AValencia","og_description":"Diese Gef\u00fchrte Tour in der Albufera Naturschutzpark Valencia ist ein Muss. Besuch des Aussichtspunktes, Routen in den D\u00fcnenlandschaften. Buchen Sie jetz!","og_url":"https:\/\/avalencia.com\/de\/albufera-naturschutzpark-valencia\/","og_site_name":"AVALENCIA","article_publisher":"https:\/\/www.facebook.com\/angela.marisoler","article_modified_time":"2022-11-29T17:33:51+00:00","og_image":[{"width":1210,"height":423,"url":"https:\/\/avalencia.com\/wp-content\/uploads\/2022\/07\/Destacada-Albufera.423-1.webp","type":"image\/webp"}],"twitter_card":"summary_large_image","twitter_site":"@angelamari400","twitter_misc":{"Est. reading time":"4 minutes"},"schema":{"@context":"https:\/\/schema.org","@graph":[{"@type":"WebPage","@id":"https:\/\/avalencia.com\/de\/albufera-naturschutzpark-valencia\/","url":"https:\/\/avalencia.com\/de\/albufera-naturschutzpark-valencia\/","name":"Albufera Naturschutzpark Valencia - Fremdenf\u00fchrerin - AValencia","isPartOf":{"@id":"https:\/\/avalencia.com\/de\/#website"},"primaryImageOfPage":{"@id":"https:\/\/avalencia.com\/de\/albufera-naturschutzpark-valencia\/#primaryimage"},"image":{"@id":"https:\/\/avalencia.com\/de\/albufera-naturschutzpark-valencia\/#primaryimage"},"thumbnailUrl":"https:\/\/avalencia.com\/wp-content\/uploads\/2022\/07\/Destacada-Albufera.423-1.webp","datePublished":"2018-03-31T18:40:49+00:00","dateModified":"2022-11-29T17:33:51+00:00","description":"Diese Gef\u00fchrte Tour in der Albufera Naturschutzpark Valencia ist ein Muss. Besuch des Aussichtspunktes, Routen in den D\u00fcnenlandschaften. Buchen Sie jetz!","breadcrumb":{"@id":"https:\/\/avalencia.com\/de\/albufera-naturschutzpark-valencia\/#breadcrumb"},"inLanguage":"de-DE","potentialAction":[{"@type":"ReadAction","target":["https:\/\/avalencia.com\/de\/albufera-naturschutzpark-valencia\/"]}]},{"@type":"ImageObject","inLanguage":"de-DE","@id":"https:\/\/avalencia.com\/de\/albufera-naturschutzpark-valencia\/#primaryimage","url":"https:\/\/avalencia.com\/wp-content\/uploads\/2022\/07\/Destacada-Albufera.423-1.webp","contentUrl":"https:\/\/avalencia.com\/wp-content\/uploads\/2022\/07\/Destacada-Albufera.423-1.webp","width":1210,"height":423},{"@type":"BreadcrumbList","@id":"https:\/\/avalencia.com\/de\/albufera-naturschutzpark-valencia\/#breadcrumb","itemListElement":[{"@type":"ListItem","position":1,"name":"Portada","item":"https:\/\/avalencia.com\/de\/"},{"@type":"ListItem","position":2,"name":"Albufera Naturschutzpark Valencia"}]},{"@type":"WebSite","@id":"https:\/\/avalencia.com\/de\/#website","url":"https:\/\/avalencia.com\/de\/","name":"AVALENCIA","description":"Visitas culturales por Valencia y alrededores","publisher":{"@id":"https:\/\/avalencia.com\/de\/#organization"},"potentialAction":[{"@type":"SearchAction","target":{"@type":"EntryPoint","urlTemplate":"https:\/\/avalencia.com\/de\/?s={search_term_string}"},"query-input":{"@type":"PropertyValueSpecification","valueRequired":true,"valueName":"search_term_string"}}],"inLanguage":"de-DE"},{"@type":"Organization","@id":"https:\/\/avalencia.com\/de\/#organization","name":"Gu\u00eda Valencia","url":"https:\/\/avalencia.com\/de\/","logo":{"@type":"ImageObject","inLanguage":"de-DE","@id":"https:\/\/avalencia.com\/de\/#\/schema\/logo\/image\/","url":"","contentUrl":"","caption":"Gu\u00eda Valencia"},"image":{"@id":"https:\/\/avalencia.com\/de\/#\/schema\/logo\/image\/"},"sameAs":["https:\/\/www.facebook.com\/angela.marisoler","https:\/\/x.com\/angelamari400","https:\/\/www.instagram.com\/angelamarisoler\/","https:\/\/www.linkedin.com\/feed\/?trk=guest_homepage-basic_sign-in-submit","https:\/\/www.youtube.com\/channel\/UC4bWyTV2CWI65Qf0r1pjuXg?view_as=subscriber"]}]}},"featured_image_src":"https:\/\/avalencia.com\/wp-content\/uploads\/2022\/07\/Destacada-Albufera.423-1-600x400.webp","featured_image_src_square":"https:\/\/avalencia.com\/wp-content\/uploads\/2022\/07\/Destacada-Albufera.423-1-600x423.webp","_links":{"self":[{"href":"https:\/\/avalencia.com\/de\/wp-json\/wp\/v2\/pages\/5756","targetHints":{"allow":["GET"]}}],"collection":[{"href":"https:\/\/avalencia.com\/de\/wp-json\/wp\/v2\/pages"}],"about":[{"href":"https:\/\/avalencia.com\/de\/wp-json\/wp\/v2\/types\/page"}],"author":[{"embeddable":true,"href":"https:\/\/avalencia.com\/de\/wp-json\/wp\/v2\/users\/3"}],"replies":[{"embeddable":true,"href":"https:\/\/avalencia.com\/de\/wp-json\/wp\/v2\/comments?post=5756"}],"version-history":[{"count":0,"href":"https:\/\/avalencia.com\/de\/wp-json\/wp\/v2\/pages\/5756\/revisions"}],"wp:featuredmedia":[{"embeddable":true,"href":"https:\/\/avalencia.com\/de\/wp-json\/wp\/v2\/media\/16021"}],"wp:attachment":[{"href":"https:\/\/avalencia.com\/de\/wp-json\/wp\/v2\/media?parent=5756"}],"curies":[{"name":"wp","href":"https:\/\/api.w.org\/{rel}","templated":true}]}}