{"id":5761,"date":"2018-03-31T18:42:45","date_gmt":"2018-03-31T18:42:45","guid":{"rendered":"https:\/\/avalencia.com\/der-hafen-von-valencia-touristenkkatamaran\/"},"modified":"2022-11-26T19:27:48","modified_gmt":"2022-11-26T19:27:48","slug":"der-hafen-von-valencia-touristen-katamaran","status":"publish","type":"page","link":"https:\/\/avalencia.com\/de\/der-hafen-von-valencia-touristen-katamaran\/","title":{"rendered":"Touristischer Hafen von Valencia mit Katamaranfahrt"},"content":{"rendered":"\n<h3 class=\"wp-block-heading\"><strong><em>Touristischer Hafen von Valencia mit Katamaranfahrt, und las Arenas und Malvarrosa Str\u00e4nde<\/em><\/strong><\/h3>\n\n\n\n<p>Halbt\u00e4giger Besuch des Touristenhafens und Katamaranfahrt (Dauer: 50 Minuten) um die Einrichtungen und Basen der Teilnehmer der letzten Ausgabe des <a href=\"http:\/\/www.valenciamericascup.com\/\"><strong>32 America&#8217;s Cup<\/strong><\/a> (2008-2012) zu sehen. An Bord werden Getr\u00e4nke (Mineralwasser, alkoholfreie Getr\u00e4nke oder Wein) sowie eine Verkostung von Muscheln serviert.<\/p>\n\n\n\n<h5 class=\"wp-block-heading\"><strong>Interessanten Geb\u00e4ude, die sie sehen werden:<\/strong><\/h5>\n\n\n\n<h5 class=\"wp-block-heading\"><strong>Edificio Veles e Vents<\/strong> \u2013 das G\u00e4stehaus-<\/h5>\n\n\n\n<p>Innovativer architektonischer Vorschlag der Architekten David Chipperfield aus London und Ferm\u00edn V\u00e1zquez aus Madrid. Das Geb\u00e4ude mit fast 11.000 qm, befindet sich am Ufer des Kanals. Es wurde mit dem Ziel geboren, die G\u00e4ste und Zuschauer des 32. America&#8217;s Cup zu beherbergen. Es war ein privilegierter Ort, um die Vorbereitung und Abfahrt der Boote zu Beginn jeder Regatta zu beobachten. Das Geb\u00e4ude wurde 2007 mit dem renommierten LEAF Award des Europ\u00e4ischen Architekturpreises ausgezeichnet.<\/p>\n\n\n\n<figure class=\"wp-block-gallery has-nested-images columns-default is-cropped wp-block-gallery-1 is-layout-flex wp-block-gallery-is-layout-flex\">\n<figure class=\"wp-block-image size-full\"><a href=\"https:\/\/avalencia.com\/wp-content\/uploads\/2022\/07\/GL1-01-PuertoCopaAmerica-06-1.webp\"><img decoding=\"async\" width=\"850\" height=\"637\" data-id=\"15849\" src=\"https:\/\/avalencia.com\/wp-content\/uploads\/2022\/07\/GL1-01-PuertoCopaAmerica-06-1.webp\" alt=\"Hafen von Valencia\" class=\"wp-image-15849\" srcset=\"https:\/\/avalencia.com\/wp-content\/uploads\/2022\/07\/GL1-01-PuertoCopaAmerica-06-1.webp 850w, https:\/\/avalencia.com\/wp-content\/uploads\/2022\/07\/GL1-01-PuertoCopaAmerica-06-1-300x225.webp 300w, https:\/\/avalencia.com\/wp-content\/uploads\/2022\/07\/GL1-01-PuertoCopaAmerica-06-1-768x576.webp 768w, https:\/\/avalencia.com\/wp-content\/uploads\/2022\/07\/GL1-01-PuertoCopaAmerica-06-1-705x528.webp 705w\" sizes=\"(max-width: 850px) 100vw, 850px\" \/><\/a><\/figure>\n\n\n\n<figure class=\"wp-block-image size-full\"><a href=\"https:\/\/avalencia.com\/wp-content\/uploads\/2022\/07\/GL1-02-Puerto-1.webp\"><img decoding=\"async\" width=\"850\" height=\"638\" data-id=\"15854\" src=\"https:\/\/avalencia.com\/wp-content\/uploads\/2022\/07\/GL1-02-Puerto-1.webp\" alt=\"Der touristische Hafen von Valencia\" class=\"wp-image-15854\" srcset=\"https:\/\/avalencia.com\/wp-content\/uploads\/2022\/07\/GL1-02-Puerto-1.webp 850w, https:\/\/avalencia.com\/wp-content\/uploads\/2022\/07\/GL1-02-Puerto-1-300x225.webp 300w, https:\/\/avalencia.com\/wp-content\/uploads\/2022\/07\/GL1-02-Puerto-1-768x576.webp 768w, https:\/\/avalencia.com\/wp-content\/uploads\/2022\/07\/GL1-02-Puerto-1-705x529.webp 705w\" sizes=\"(max-width: 850px) 100vw, 850px\" \/><\/a><\/figure>\n\n\n\n<figure class=\"wp-block-image size-full\"><a href=\"https:\/\/avalencia.com\/wp-content\/uploads\/2022\/07\/GL1-03Puerto-CopaAmerica-06-1.webp\"><img decoding=\"async\" width=\"850\" height=\"638\" data-id=\"15859\" src=\"https:\/\/avalencia.com\/wp-content\/uploads\/2022\/07\/GL1-03Puerto-CopaAmerica-06-1.webp\" alt=\"Tourismus im Hafen von Valencia\" class=\"wp-image-15859\" srcset=\"https:\/\/avalencia.com\/wp-content\/uploads\/2022\/07\/GL1-03Puerto-CopaAmerica-06-1.webp 850w, https:\/\/avalencia.com\/wp-content\/uploads\/2022\/07\/GL1-03Puerto-CopaAmerica-06-1-300x225.webp 300w, https:\/\/avalencia.com\/wp-content\/uploads\/2022\/07\/GL1-03Puerto-CopaAmerica-06-1-768x576.webp 768w, https:\/\/avalencia.com\/wp-content\/uploads\/2022\/07\/GL1-03Puerto-CopaAmerica-06-1-705x529.webp 705w\" sizes=\"(max-width: 850px) 100vw, 850px\" \/><\/a><\/figure>\n<\/figure>\n\n\n\n<p><strong>Die centrale Kaimauer oder Superyachten<\/strong> im inneren Dock, ist in Form eines T\u2019s, mit 226 meter lang gebaut. Es k\u00f6nnen 50 luxusyachten mit einer Schiffl\u00e4nge von mehr als 30 meter vert\u00e4ut werden.<\/p>\n\n\n\n<h5 class=\"wp-block-heading\"><a href=\"https:\/\/www.cosasdebarcos.com\/puerto-deportivo-marina-real-juan-carlos-i-1078.html\"><strong>Die Marina von Valencia<\/strong><\/a> (ehemals Marina Real Juan Carlos I)<\/h5>\n\n\n\n<p>Wurde auch w\u00e4hrend der letzten Ausgabe des America&#8217;s Cup gebaut und verf\u00fcgt \u00fcber mehr als 750 Anlegestellen, die entlang fester und schwimmender Pontons verteilt sind.<\/p>\n\n\n\n<p><strong>Auf dieser Katamaranfahrt k\u00f6nnen Sie auch die ber\u00fchmten Str\u00e4nde von Las Arenas und Malvarrosa mit ihren traditionellen Restaurants sehen.<\/strong><\/p>\n\n\n\n<p>Wir werden auch einen Teil der Rennstrecke der <a href=\"https:\/\/www.formulaf1.es\/circuito\/valencia-europa\/\"><strong>Formel-1<\/strong><\/a> sehen, die entlang der Basen des America\u2019s Cup, einer Drehbr\u00fccke (\u00fcber den neuen Kanal) und das Viertel Nazaretht verl\u00e4ufte. Diese Rennstrecke der F1 war 5,5 kilometer lang.<\/p>\n\n\n\n<h5 class=\"wp-block-heading\"><strong>Sie k\u00f6nnen auch einige historischen Geb\u00e4ude sehen, wie :<\/strong><\/h5>\n\n\n\n<p>Das Hafengeb\u00e4ude, auch Uhrstation genannt, das 1910 entworfen wurde und 1916 er\u00f6ffnet . Urspr\u00fcnglich wurde sie mit humanit\u00e4rer Aufsicht gebaut. Sie diente als Herberge f\u00fcr die Auswanderer, die Nach Amerika und zur afrikanischen K\u00fcsten gingen, damit sie nicht unter freiem Himmel schliefen.<br><\/p>\n\n\n\n<h5 class=\"wp-block-heading\"><strong>Das Blasco Ib\u00e1nez Ferienhaus<\/strong> (heute in Museum verwandelt) <\/h5>\n\n\n\n<p>Am Strand von la Malvarrosa, es stammt aus dem Jahr 1902, als Vte. Blasco Iba\u00f1ez ein erfolgreicher Schriftsteller war. Dieses Museumshaus beherbergt auf seinen drei Geschossen pers\u00f6nliche Gegenst\u00e4nde des valencianischen Schriftstellers<br><\/p>\n\n\n\n<figure class=\"wp-block-gallery has-nested-images columns-4 is-cropped wp-block-gallery-2 is-layout-flex wp-block-gallery-is-layout-flex\">\n<figure class=\"wp-block-image size-full\"><a href=\"https:\/\/avalencia.com\/wp-content\/uploads\/2022\/07\/01-GL2-Puerto-.webp\"><img decoding=\"async\" width=\"850\" height=\"638\" data-id=\"15864\" src=\"https:\/\/avalencia.com\/wp-content\/uploads\/2022\/07\/01-GL2-Puerto-.webp\" alt=\"Was im Hafen von Valencia zu sehen\" class=\"wp-image-15864\" srcset=\"https:\/\/avalencia.com\/wp-content\/uploads\/2022\/07\/01-GL2-Puerto-.webp 850w, https:\/\/avalencia.com\/wp-content\/uploads\/2022\/07\/01-GL2-Puerto--300x225.webp 300w, https:\/\/avalencia.com\/wp-content\/uploads\/2022\/07\/01-GL2-Puerto--768x576.webp 768w, https:\/\/avalencia.com\/wp-content\/uploads\/2022\/07\/01-GL2-Puerto--705x529.webp 705w\" sizes=\"(max-width: 850px) 100vw, 850px\" \/><\/a><\/figure>\n\n\n\n<figure class=\"wp-block-image size-full\"><a href=\"https:\/\/avalencia.com\/wp-content\/uploads\/2022\/07\/02-GL2-PuertoCopaAmerica.webp\"><img decoding=\"async\" width=\"850\" height=\"638\" data-id=\"15869\" src=\"https:\/\/avalencia.com\/wp-content\/uploads\/2022\/07\/02-GL2-PuertoCopaAmerica.webp\" alt=\"Der Hafen von Valencia wurde renoviert\" class=\"wp-image-15869\" srcset=\"https:\/\/avalencia.com\/wp-content\/uploads\/2022\/07\/02-GL2-PuertoCopaAmerica.webp 850w, https:\/\/avalencia.com\/wp-content\/uploads\/2022\/07\/02-GL2-PuertoCopaAmerica-300x225.webp 300w, https:\/\/avalencia.com\/wp-content\/uploads\/2022\/07\/02-GL2-PuertoCopaAmerica-768x576.webp 768w, https:\/\/avalencia.com\/wp-content\/uploads\/2022\/07\/02-GL2-PuertoCopaAmerica-705x529.webp 705w\" sizes=\"(max-width: 850px) 100vw, 850px\" \/><\/a><\/figure>\n\n\n\n<figure class=\"wp-block-image size-full\"><a href=\"https:\/\/avalencia.com\/wp-content\/uploads\/2022\/07\/03-GL2-PuertoCatamaran-4.webp\"><img decoding=\"async\" width=\"850\" height=\"638\" data-id=\"15874\" src=\"https:\/\/avalencia.com\/wp-content\/uploads\/2022\/07\/03-GL2-PuertoCatamaran-4.webp\" alt=\"Touristenboot\" class=\"wp-image-15874\" srcset=\"https:\/\/avalencia.com\/wp-content\/uploads\/2022\/07\/03-GL2-PuertoCatamaran-4.webp 850w, https:\/\/avalencia.com\/wp-content\/uploads\/2022\/07\/03-GL2-PuertoCatamaran-4-300x225.webp 300w, https:\/\/avalencia.com\/wp-content\/uploads\/2022\/07\/03-GL2-PuertoCatamaran-4-768x576.webp 768w, https:\/\/avalencia.com\/wp-content\/uploads\/2022\/07\/03-GL2-PuertoCatamaran-4-705x529.webp 705w\" sizes=\"(max-width: 850px) 100vw, 850px\" \/><\/a><\/figure>\n\n\n\n<figure class=\"wp-block-image size-full\"><a href=\"https:\/\/avalencia.com\/wp-content\/uploads\/2022\/07\/04-GL2-Puerto-Catamaran-2.webp\"><img decoding=\"async\" width=\"800\" height=\"600\" data-id=\"15879\" src=\"https:\/\/avalencia.com\/wp-content\/uploads\/2022\/07\/04-GL2-Puerto-Catamaran-2.webp\" alt=\"Tourismus mit dem Boot Valencia\" class=\"wp-image-15879\" srcset=\"https:\/\/avalencia.com\/wp-content\/uploads\/2022\/07\/04-GL2-Puerto-Catamaran-2.webp 800w, https:\/\/avalencia.com\/wp-content\/uploads\/2022\/07\/04-GL2-Puerto-Catamaran-2-300x225.webp 300w, https:\/\/avalencia.com\/wp-content\/uploads\/2022\/07\/04-GL2-Puerto-Catamaran-2-768x576.webp 768w, https:\/\/avalencia.com\/wp-content\/uploads\/2022\/07\/04-GL2-Puerto-Catamaran-2-705x529.webp 705w\" sizes=\"(max-width: 800px) 100vw, 800px\" \/><\/a><\/figure>\n<\/figure>\n\n\n\n<h5 class=\"wp-block-heading\"><strong>Las Reales Atarazanas<\/strong>, (eine alte Shiffswerft)<\/h5>\n\n\n\n<p>Im XIV Jahrhundert gebaut, diente als Werft und Lager f\u00fcr Shiffszubeh\u00f6r, heute aber ist es Veranstaltungsort f\u00fcr wechselnde Austellunge.<\/p>\n\n\n\n<h5 class=\"wp-block-heading\"><br><strong>Das Kurbad las Arenas<\/strong> (heute Hotel las Arenas)<\/h5>\n\n\n\n<p>Zur Beginn des Jahrhunderts,  war es der Treffpunkt der valencianischen Aristokratie w\u00e4hrend des Sommers. In dieser Gegend der Calle Eugenia Vives, befinden sich heutzutage in den ehemaligen Fischlagerhallen Nachtlokale.<br>Ganz in der N\u00e4he, in der calle Isabel de Villena, sind noch einige <strong>Villen<\/strong> \u2013 Ferienh\u00e4user \u2013 aus dem 19. und den Anfang des 20. Jahrhunderts erhalten, in denen die wohlhabendste Einwohner der Stadt den Sommer verbrachten.<br><\/p>\n\n\n\n<h5 class=\"wp-block-heading\"><strong>Die Kirche Santa Mar\u00eda del Mar<\/strong><\/h5>\n\n\n\n<p>Sie wurde zwischen 1683 und 1763 erbaut, wo eine alte romanische Kirche stand. Sie enthielt reiche Gem\u00e4lde und Fresken, die w\u00e4hrend des B\u00fcrgerkriegs verloren gegangen sind. Diese Kirche dr\u00fcckt die Meerestradition von Valencia aus. W\u00e4hrend der Karwoche der Seeleute, findet hier die wichtigste religi\u00f6se Prozession ganz Valencias statt.<\/p>\n\n\n<p style=\"text-align: center;\">Nach dem Besuch des Hafens fahren wir in <strong><a href=\"https:\/\/avalencia.com\/ciudad-de-las-artes-y-las-ciencias\/#top\" target=\"_blank\" rel=\"noopener noreferrer\">die Stadt der K\u00fcnste und Wissenschaften<\/a><\/strong>, einmal dort werden wir anhalten um den gesamten architektonischen Komplex von Santiago Calatrava zu betrachten.<\/p>\n\n\n<div class=\"wp-block-buttons is-content-justification-center is-layout-flex wp-container-core-buttons-is-layout-1 wp-block-buttons-is-layout-flex\">\n<div class=\"wp-block-button\"><a class=\"wp-block-button__link wp-element-button\" href=\"https:\/\/avalencia.com\/de\/kontakt\/\" target=\"_blank\" rel=\"noreferrer noopener\">Kontakt<\/a><\/div>\n<\/div>\n\n\n\n<div style=\"height:36px\" aria-hidden=\"true\" class=\"wp-block-spacer\"><\/div>\n\n\n<div  class='av-social-sharing-box  avia-builder-el-0  avia-builder-el-no-sibling  '><div class='av-share-box'><h5 class='av-share-link-description av-no-toc '>Teilen Sie mit<\/h5><ul class='av-share-box-list noLightbox'><li class='av-share-link av-social-link-facebook' ><a target=\"_blank\" aria-label=\"Teilen auf Facebook\" href='https:\/\/www.facebook.com\/sharer.php?u=https:\/\/avalencia.com\/de\/der-hafen-von-valencia-touristen-katamaran\/&#038;t=Touristischer%20Hafen%20von%20Valencia%20mit%20Katamaranfahrt' aria-hidden='false' data-av_icon='\ue8f3' data-av_iconfont='entypo-fontello' title='' data-avia-related-tooltip='Teilen auf Facebook' rel=\"noopener\"><span class='avia_hidden_link_text'>Teilen auf Facebook<\/span><\/a><\/li><li class='av-share-link av-social-link-twitter' ><a target=\"_blank\" aria-label=\"Teilen auf Twitter\" href='https:\/\/twitter.com\/share?text=Touristischer%20Hafen%20von%20Valencia%20mit%20Katamaranfahrt&#038;url=https:\/\/avalencia.com\/de\/?p=5761' aria-hidden='false' data-av_icon='\ue8f1' data-av_iconfont='entypo-fontello' title='' data-avia-related-tooltip='Teilen auf Twitter' rel=\"noopener\"><span class='avia_hidden_link_text'>Teilen auf Twitter<\/span><\/a><\/li><li class='av-share-link av-social-link-pinterest' ><a target=\"_blank\" aria-label=\"Teilen auf Pinterest\" href='https:\/\/pinterest.com\/pin\/create\/button\/?url=https%3A%2F%2Favalencia.com%2Fde%2Fder-hafen-von-valencia-touristen-katamaran%2F&#038;description=Touristischer%20Hafen%20von%20Valencia%20mit%20Katamaranfahrt&#038;media=https%3A%2F%2Favalencia.com%2Fwp-content%2Fuploads%2F2022%2F07%2F00-Destacada-PuertoGP-Jaen-20-03-2016-2-1024x768-1-1024x423-1-705x291.webp' aria-hidden='false' data-av_icon='\ue8f8' data-av_iconfont='entypo-fontello' title='' data-avia-related-tooltip='Teilen auf Pinterest' rel=\"noopener\"><span class='avia_hidden_link_text'>Teilen auf Pinterest<\/span><\/a><\/li><li class='av-share-link av-social-link-linkedin' ><a target=\"_blank\" aria-label=\"Teilen auf LinkedIn\" href='https:\/\/linkedin.com\/shareArticle?mini=true&#038;title=Touristischer%20Hafen%20von%20Valencia%20mit%20Katamaranfahrt&#038;url=https:\/\/avalencia.com\/de\/der-hafen-von-valencia-touristen-katamaran\/' aria-hidden='false' data-av_icon='\ue8fc' data-av_iconfont='entypo-fontello' title='' data-avia-related-tooltip='Teilen auf LinkedIn' rel=\"noopener\"><span class='avia_hidden_link_text'>Teilen auf LinkedIn<\/span><\/a><\/li><li class='av-share-link av-social-link-mail' ><a  aria-label=\"Per E-Mail teilen\" href='mailto:?subject=Touristischer%20Hafen%20von%20Valencia%20mit%20Katamaranfahrt&#038;body=https:\/\/avalencia.com\/de\/der-hafen-von-valencia-touristen-katamaran\/' aria-hidden='false' data-av_icon='\ue805' data-av_iconfont='entypo-fontello' title='' data-avia-related-tooltip='Per E-Mail teilen'><span class='avia_hidden_link_text'>Per E-Mail teilen<\/span><\/a><\/li><\/ul><\/div><\/div>\n","protected":false},"excerpt":{"rendered":"<p>Touristischer Hafen von Valencia mit Katamaranfahrt, und las Arenas und Malvarrosa Str\u00e4nde Halbt\u00e4giger Besuch des Touristenhafens und Katamaranfahrt (Dauer: 50 Minuten) um die Einrichtungen und Basen der Teilnehmer der letzten Ausgabe des 32 America&#8217;s Cup (2008-2012) zu sehen. An Bord werden Getr\u00e4nke (Mineralwasser, alkoholfreie Getr\u00e4nke oder Wein) sowie eine Verkostung von Muscheln serviert. Interessanten Geb\u00e4ude, [&hellip;]<\/p>\n","protected":false},"author":3,"featured_media":15844,"parent":0,"menu_order":0,"comment_status":"closed","ping_status":"closed","template":"","meta":{"footnotes":""},"class_list":["post-5761","page","type-page","status-publish","has-post-thumbnail","hentry"],"yoast_head":"<!-- This site is optimized with the Yoast SEO plugin v26.8 - https:\/\/yoast.com\/product\/yoast-seo-wordpress\/ -->\n<title>Touristischer Hafen von Valencia mit Katamaranfahrt - AValencia<\/title>\n<meta name=\"description\" content=\"F\u00fchrungen durch den Hafen von Valencia und Katamaranfahrt mit einer offiziellen Stadtf\u00fchrerin. Entdecken Sie die historischen Geb\u00e4ude des Hafens\" \/>\n<meta name=\"robots\" content=\"index, follow, max-snippet:-1, max-image-preview:large, max-video-preview:-1\" \/>\n<link rel=\"canonical\" href=\"https:\/\/avalencia.com\/de\/der-hafen-von-valencia-touristen-katamaran\/\" \/>\n<meta property=\"og:locale\" content=\"de_DE\" \/>\n<meta property=\"og:type\" content=\"article\" \/>\n<meta property=\"og:title\" content=\"Touristischer Hafen von Valencia mit Katamaranfahrt - AValencia\" \/>\n<meta property=\"og:description\" content=\"F\u00fchrungen durch den Hafen von Valencia und Katamaranfahrt mit einer offiziellen Stadtf\u00fchrerin. Entdecken Sie die historischen Geb\u00e4ude des Hafens\" \/>\n<meta property=\"og:url\" content=\"https:\/\/avalencia.com\/de\/der-hafen-von-valencia-touristen-katamaran\/\" \/>\n<meta property=\"og:site_name\" content=\"AVALENCIA\" \/>\n<meta property=\"article:publisher\" content=\"https:\/\/www.facebook.com\/angela.marisoler\" \/>\n<meta property=\"article:modified_time\" content=\"2022-11-26T19:27:48+00:00\" \/>\n<meta property=\"og:image\" content=\"https:\/\/avalencia.com\/wp-content\/uploads\/2022\/07\/00-Destacada-PuertoGP-Jaen-20-03-2016-2-1024x768-1-1024x423-1.webp\" \/>\n\t<meta property=\"og:image:width\" content=\"1024\" \/>\n\t<meta property=\"og:image:height\" content=\"423\" \/>\n\t<meta property=\"og:image:type\" content=\"image\/webp\" \/>\n<meta name=\"twitter:card\" content=\"summary_large_image\" \/>\n<meta name=\"twitter:site\" content=\"@angelamari400\" \/>\n<meta name=\"twitter:label1\" content=\"Est. reading time\" \/>\n\t<meta name=\"twitter:data1\" content=\"4 minutes\" \/>\n<script type=\"application\/ld+json\" class=\"yoast-schema-graph\">{\"@context\":\"https:\/\/schema.org\",\"@graph\":[{\"@type\":\"WebPage\",\"@id\":\"https:\/\/avalencia.com\/de\/der-hafen-von-valencia-touristen-katamaran\/\",\"url\":\"https:\/\/avalencia.com\/de\/der-hafen-von-valencia-touristen-katamaran\/\",\"name\":\"Touristischer Hafen von Valencia mit Katamaranfahrt - AValencia\",\"isPartOf\":{\"@id\":\"https:\/\/avalencia.com\/de\/#website\"},\"primaryImageOfPage\":{\"@id\":\"https:\/\/avalencia.com\/de\/der-hafen-von-valencia-touristen-katamaran\/#primaryimage\"},\"image\":{\"@id\":\"https:\/\/avalencia.com\/de\/der-hafen-von-valencia-touristen-katamaran\/#primaryimage\"},\"thumbnailUrl\":\"https:\/\/avalencia.com\/wp-content\/uploads\/2022\/07\/00-Destacada-PuertoGP-Jaen-20-03-2016-2-1024x768-1-1024x423-1.webp\",\"datePublished\":\"2018-03-31T18:42:45+00:00\",\"dateModified\":\"2022-11-26T19:27:48+00:00\",\"description\":\"F\u00fchrungen durch den Hafen von Valencia und Katamaranfahrt mit einer offiziellen Stadtf\u00fchrerin. Entdecken Sie die historischen Geb\u00e4ude des Hafens\",\"breadcrumb\":{\"@id\":\"https:\/\/avalencia.com\/de\/der-hafen-von-valencia-touristen-katamaran\/#breadcrumb\"},\"inLanguage\":\"de-DE\",\"potentialAction\":[{\"@type\":\"ReadAction\",\"target\":[\"https:\/\/avalencia.com\/de\/der-hafen-von-valencia-touristen-katamaran\/\"]}]},{\"@type\":\"ImageObject\",\"inLanguage\":\"de-DE\",\"@id\":\"https:\/\/avalencia.com\/de\/der-hafen-von-valencia-touristen-katamaran\/#primaryimage\",\"url\":\"https:\/\/avalencia.com\/wp-content\/uploads\/2022\/07\/00-Destacada-PuertoGP-Jaen-20-03-2016-2-1024x768-1-1024x423-1.webp\",\"contentUrl\":\"https:\/\/avalencia.com\/wp-content\/uploads\/2022\/07\/00-Destacada-PuertoGP-Jaen-20-03-2016-2-1024x768-1-1024x423-1.webp\",\"width\":1024,\"height\":423},{\"@type\":\"BreadcrumbList\",\"@id\":\"https:\/\/avalencia.com\/de\/der-hafen-von-valencia-touristen-katamaran\/#breadcrumb\",\"itemListElement\":[{\"@type\":\"ListItem\",\"position\":1,\"name\":\"Portada\",\"item\":\"https:\/\/avalencia.com\/de\/\"},{\"@type\":\"ListItem\",\"position\":2,\"name\":\"Touristischer Hafen von Valencia mit Katamaranfahrt\"}]},{\"@type\":\"WebSite\",\"@id\":\"https:\/\/avalencia.com\/de\/#website\",\"url\":\"https:\/\/avalencia.com\/de\/\",\"name\":\"AVALENCIA\",\"description\":\"Visitas culturales por Valencia y alrededores\",\"publisher\":{\"@id\":\"https:\/\/avalencia.com\/de\/#organization\"},\"potentialAction\":[{\"@type\":\"SearchAction\",\"target\":{\"@type\":\"EntryPoint\",\"urlTemplate\":\"https:\/\/avalencia.com\/de\/?s={search_term_string}\"},\"query-input\":{\"@type\":\"PropertyValueSpecification\",\"valueRequired\":true,\"valueName\":\"search_term_string\"}}],\"inLanguage\":\"de-DE\"},{\"@type\":\"Organization\",\"@id\":\"https:\/\/avalencia.com\/de\/#organization\",\"name\":\"Gu\u00eda Valencia\",\"url\":\"https:\/\/avalencia.com\/de\/\",\"logo\":{\"@type\":\"ImageObject\",\"inLanguage\":\"de-DE\",\"@id\":\"https:\/\/avalencia.com\/de\/#\/schema\/logo\/image\/\",\"url\":\"\",\"contentUrl\":\"\",\"caption\":\"Gu\u00eda Valencia\"},\"image\":{\"@id\":\"https:\/\/avalencia.com\/de\/#\/schema\/logo\/image\/\"},\"sameAs\":[\"https:\/\/www.facebook.com\/angela.marisoler\",\"https:\/\/x.com\/angelamari400\",\"https:\/\/www.instagram.com\/angelamarisoler\/\",\"https:\/\/www.linkedin.com\/feed\/?trk=guest_homepage-basic_sign-in-submit\",\"https:\/\/www.youtube.com\/channel\/UC4bWyTV2CWI65Qf0r1pjuXg?view_as=subscriber\"]}]}<\/script>\n<!-- \/ Yoast SEO plugin. -->","yoast_head_json":{"title":"Touristischer Hafen von Valencia mit Katamaranfahrt - AValencia","description":"F\u00fchrungen durch den Hafen von Valencia und Katamaranfahrt mit einer offiziellen Stadtf\u00fchrerin. Entdecken Sie die historischen Geb\u00e4ude des Hafens","robots":{"index":"index","follow":"follow","max-snippet":"max-snippet:-1","max-image-preview":"max-image-preview:large","max-video-preview":"max-video-preview:-1"},"canonical":"https:\/\/avalencia.com\/de\/der-hafen-von-valencia-touristen-katamaran\/","og_locale":"de_DE","og_type":"article","og_title":"Touristischer Hafen von Valencia mit Katamaranfahrt - AValencia","og_description":"F\u00fchrungen durch den Hafen von Valencia und Katamaranfahrt mit einer offiziellen Stadtf\u00fchrerin. Entdecken Sie die historischen Geb\u00e4ude des Hafens","og_url":"https:\/\/avalencia.com\/de\/der-hafen-von-valencia-touristen-katamaran\/","og_site_name":"AVALENCIA","article_publisher":"https:\/\/www.facebook.com\/angela.marisoler","article_modified_time":"2022-11-26T19:27:48+00:00","og_image":[{"width":1024,"height":423,"url":"https:\/\/avalencia.com\/wp-content\/uploads\/2022\/07\/00-Destacada-PuertoGP-Jaen-20-03-2016-2-1024x768-1-1024x423-1.webp","type":"image\/webp"}],"twitter_card":"summary_large_image","twitter_site":"@angelamari400","twitter_misc":{"Est. reading time":"4 minutes"},"schema":{"@context":"https:\/\/schema.org","@graph":[{"@type":"WebPage","@id":"https:\/\/avalencia.com\/de\/der-hafen-von-valencia-touristen-katamaran\/","url":"https:\/\/avalencia.com\/de\/der-hafen-von-valencia-touristen-katamaran\/","name":"Touristischer Hafen von Valencia mit Katamaranfahrt - AValencia","isPartOf":{"@id":"https:\/\/avalencia.com\/de\/#website"},"primaryImageOfPage":{"@id":"https:\/\/avalencia.com\/de\/der-hafen-von-valencia-touristen-katamaran\/#primaryimage"},"image":{"@id":"https:\/\/avalencia.com\/de\/der-hafen-von-valencia-touristen-katamaran\/#primaryimage"},"thumbnailUrl":"https:\/\/avalencia.com\/wp-content\/uploads\/2022\/07\/00-Destacada-PuertoGP-Jaen-20-03-2016-2-1024x768-1-1024x423-1.webp","datePublished":"2018-03-31T18:42:45+00:00","dateModified":"2022-11-26T19:27:48+00:00","description":"F\u00fchrungen durch den Hafen von Valencia und Katamaranfahrt mit einer offiziellen Stadtf\u00fchrerin. Entdecken Sie die historischen Geb\u00e4ude des Hafens","breadcrumb":{"@id":"https:\/\/avalencia.com\/de\/der-hafen-von-valencia-touristen-katamaran\/#breadcrumb"},"inLanguage":"de-DE","potentialAction":[{"@type":"ReadAction","target":["https:\/\/avalencia.com\/de\/der-hafen-von-valencia-touristen-katamaran\/"]}]},{"@type":"ImageObject","inLanguage":"de-DE","@id":"https:\/\/avalencia.com\/de\/der-hafen-von-valencia-touristen-katamaran\/#primaryimage","url":"https:\/\/avalencia.com\/wp-content\/uploads\/2022\/07\/00-Destacada-PuertoGP-Jaen-20-03-2016-2-1024x768-1-1024x423-1.webp","contentUrl":"https:\/\/avalencia.com\/wp-content\/uploads\/2022\/07\/00-Destacada-PuertoGP-Jaen-20-03-2016-2-1024x768-1-1024x423-1.webp","width":1024,"height":423},{"@type":"BreadcrumbList","@id":"https:\/\/avalencia.com\/de\/der-hafen-von-valencia-touristen-katamaran\/#breadcrumb","itemListElement":[{"@type":"ListItem","position":1,"name":"Portada","item":"https:\/\/avalencia.com\/de\/"},{"@type":"ListItem","position":2,"name":"Touristischer Hafen von Valencia mit Katamaranfahrt"}]},{"@type":"WebSite","@id":"https:\/\/avalencia.com\/de\/#website","url":"https:\/\/avalencia.com\/de\/","name":"AVALENCIA","description":"Visitas culturales por Valencia y alrededores","publisher":{"@id":"https:\/\/avalencia.com\/de\/#organization"},"potentialAction":[{"@type":"SearchAction","target":{"@type":"EntryPoint","urlTemplate":"https:\/\/avalencia.com\/de\/?s={search_term_string}"},"query-input":{"@type":"PropertyValueSpecification","valueRequired":true,"valueName":"search_term_string"}}],"inLanguage":"de-DE"},{"@type":"Organization","@id":"https:\/\/avalencia.com\/de\/#organization","name":"Gu\u00eda Valencia","url":"https:\/\/avalencia.com\/de\/","logo":{"@type":"ImageObject","inLanguage":"de-DE","@id":"https:\/\/avalencia.com\/de\/#\/schema\/logo\/image\/","url":"","contentUrl":"","caption":"Gu\u00eda Valencia"},"image":{"@id":"https:\/\/avalencia.com\/de\/#\/schema\/logo\/image\/"},"sameAs":["https:\/\/www.facebook.com\/angela.marisoler","https:\/\/x.com\/angelamari400","https:\/\/www.instagram.com\/angelamarisoler\/","https:\/\/www.linkedin.com\/feed\/?trk=guest_homepage-basic_sign-in-submit","https:\/\/www.youtube.com\/channel\/UC4bWyTV2CWI65Qf0r1pjuXg?view_as=subscriber"]}]}},"featured_image_src":"https:\/\/avalencia.com\/wp-content\/uploads\/2022\/07\/00-Destacada-PuertoGP-Jaen-20-03-2016-2-1024x768-1-1024x423-1-600x400.webp","featured_image_src_square":"https:\/\/avalencia.com\/wp-content\/uploads\/2022\/07\/00-Destacada-PuertoGP-Jaen-20-03-2016-2-1024x768-1-1024x423-1-600x423.webp","_links":{"self":[{"href":"https:\/\/avalencia.com\/de\/wp-json\/wp\/v2\/pages\/5761","targetHints":{"allow":["GET"]}}],"collection":[{"href":"https:\/\/avalencia.com\/de\/wp-json\/wp\/v2\/pages"}],"about":[{"href":"https:\/\/avalencia.com\/de\/wp-json\/wp\/v2\/types\/page"}],"author":[{"embeddable":true,"href":"https:\/\/avalencia.com\/de\/wp-json\/wp\/v2\/users\/3"}],"replies":[{"embeddable":true,"href":"https:\/\/avalencia.com\/de\/wp-json\/wp\/v2\/comments?post=5761"}],"version-history":[{"count":0,"href":"https:\/\/avalencia.com\/de\/wp-json\/wp\/v2\/pages\/5761\/revisions"}],"wp:featuredmedia":[{"embeddable":true,"href":"https:\/\/avalencia.com\/de\/wp-json\/wp\/v2\/media\/15844"}],"wp:attachment":[{"href":"https:\/\/avalencia.com\/de\/wp-json\/wp\/v2\/media?parent=5761"}],"curies":[{"name":"wp","href":"https:\/\/api.w.org\/{rel}","templated":true}]}}