{"id":5766,"date":"2018-03-31T18:46:27","date_gmt":"2018-03-31T18:46:27","guid":{"rendered":"https:\/\/avalencia.com\/besichtigungen-mit-dem-fahrrad-segway\/"},"modified":"2022-11-26T19:54:22","modified_gmt":"2022-11-26T19:54:22","slug":"besichtigungen-mit-dem-fahrrad-segway-valencia","status":"publish","type":"page","link":"https:\/\/avalencia.com\/de\/besichtigungen-mit-dem-fahrrad-segway-valencia\/","title":{"rendered":"Besichtigungen mit dem Fahrrad &#8211; Segway Valencia"},"content":{"rendered":"\n<h2 class=\"wp-block-heading\">Fahrradrouten &#8211; Besichtigungen mit dem Fahrrad &#8211; Segway in Valencia<\/h2>\n\n\n\n<h4 class=\"wp-block-heading\">Westroute<\/h4>\n\n\n\n<p>Entlang des Turia Gartens (ehemaliges Flussbett des Flusses Turia) und Cabecera Park. W\u00e4hrend der Fahrt, werden wir manchmal anhalten, und ich werde Ihnen einige interessante Daten erkl\u00e4ren. Wir werden auch die Altstadt besuchen, um verschiedene Sehenw\u00fcrdigkeiten zu sehen und eine Pause machen, um das typische Getr\u00e4nk die -Horchata- zu probieren.<\/p>\n\n\n\n<h4 class=\"wp-block-heading\">Ostroute<\/h4>\n\n\n\n<p>Entlang des Turia Gartens, werden wir den Palast der Musik und die Stadt der K\u00fcnste und Wissenschaften sehen. Wir werden dort eine Pause machen und danach werden wir Richung Hafen weiterfahren, wo einige der Einrichtungen der 32. Auflage des America&#8217;s Cup, und der Formel Eins noch erhalted sind, au\u03b2erdem, werden Sie die Str\u00e4nde sehen.<\/p>\n\n\n\n<figure class=\"wp-block-gallery has-nested-images columns-default is-cropped wp-block-gallery-1 is-layout-flex wp-block-gallery-is-layout-flex\">\n<figure class=\"wp-block-image size-full\"><a href=\"https:\/\/avalencia.com\/wp-content\/uploads\/2022\/07\/GL1-01-Ruta-Bici-GP-Janda-austria-12-06-2011-1-2.webp\"><img decoding=\"async\" width=\"900\" height=\"602\" data-id=\"16092\" src=\"https:\/\/avalencia.com\/wp-content\/uploads\/2022\/07\/GL1-01-Ruta-Bici-GP-Janda-austria-12-06-2011-1-2.webp\" alt=\"Die Blumenbr\u00fccke Valencia\" class=\"wp-image-16092\" srcset=\"https:\/\/avalencia.com\/wp-content\/uploads\/2022\/07\/GL1-01-Ruta-Bici-GP-Janda-austria-12-06-2011-1-2.webp 900w, https:\/\/avalencia.com\/wp-content\/uploads\/2022\/07\/GL1-01-Ruta-Bici-GP-Janda-austria-12-06-2011-1-2-300x201.webp 300w, https:\/\/avalencia.com\/wp-content\/uploads\/2022\/07\/GL1-01-Ruta-Bici-GP-Janda-austria-12-06-2011-1-2-768x514.webp 768w, https:\/\/avalencia.com\/wp-content\/uploads\/2022\/07\/GL1-01-Ruta-Bici-GP-Janda-austria-12-06-2011-1-2-705x472.webp 705w, https:\/\/avalencia.com\/wp-content\/uploads\/2022\/07\/GL1-01-Ruta-Bici-GP-Janda-austria-12-06-2011-1-2-600x400.webp 600w\" sizes=\"(max-width: 900px) 100vw, 900px\" \/><\/a><\/figure>\n\n\n\n<figure class=\"wp-block-image size-full\"><a href=\"https:\/\/avalencia.com\/wp-content\/uploads\/2022\/07\/GL1-02-Ruta-Bici-GP-Janda-austria-12-06-2011-1-2.webp\"><img decoding=\"async\" width=\"900\" height=\"602\" data-id=\"16097\" src=\"https:\/\/avalencia.com\/wp-content\/uploads\/2022\/07\/GL1-02-Ruta-Bici-GP-Janda-austria-12-06-2011-1-2.webp\" alt=\"Fahrradtouren in Valencia\" class=\"wp-image-16097\" srcset=\"https:\/\/avalencia.com\/wp-content\/uploads\/2022\/07\/GL1-02-Ruta-Bici-GP-Janda-austria-12-06-2011-1-2.webp 900w, https:\/\/avalencia.com\/wp-content\/uploads\/2022\/07\/GL1-02-Ruta-Bici-GP-Janda-austria-12-06-2011-1-2-300x201.webp 300w, https:\/\/avalencia.com\/wp-content\/uploads\/2022\/07\/GL1-02-Ruta-Bici-GP-Janda-austria-12-06-2011-1-2-768x514.webp 768w, https:\/\/avalencia.com\/wp-content\/uploads\/2022\/07\/GL1-02-Ruta-Bici-GP-Janda-austria-12-06-2011-1-2-705x472.webp 705w, https:\/\/avalencia.com\/wp-content\/uploads\/2022\/07\/GL1-02-Ruta-Bici-GP-Janda-austria-12-06-2011-1-2-600x400.webp 600w\" sizes=\"(max-width: 900px) 100vw, 900px\" \/><\/a><\/figure>\n\n\n\n<figure class=\"wp-block-image size-full\"><a href=\"https:\/\/avalencia.com\/wp-content\/uploads\/2022\/07\/GL1-03-Ruta-Bici-GP-Janda-austria-12-06-2011-1-2.webp\"><img decoding=\"async\" width=\"900\" height=\"602\" data-id=\"16102\" src=\"https:\/\/avalencia.com\/wp-content\/uploads\/2022\/07\/GL1-03-Ruta-Bici-GP-Janda-austria-12-06-2011-1-2.webp\" alt=\"der Turia Garten von Valencia\" class=\"wp-image-16102\" srcset=\"https:\/\/avalencia.com\/wp-content\/uploads\/2022\/07\/GL1-03-Ruta-Bici-GP-Janda-austria-12-06-2011-1-2.webp 900w, https:\/\/avalencia.com\/wp-content\/uploads\/2022\/07\/GL1-03-Ruta-Bici-GP-Janda-austria-12-06-2011-1-2-300x201.webp 300w, https:\/\/avalencia.com\/wp-content\/uploads\/2022\/07\/GL1-03-Ruta-Bici-GP-Janda-austria-12-06-2011-1-2-768x514.webp 768w, https:\/\/avalencia.com\/wp-content\/uploads\/2022\/07\/GL1-03-Ruta-Bici-GP-Janda-austria-12-06-2011-1-2-705x472.webp 705w, https:\/\/avalencia.com\/wp-content\/uploads\/2022\/07\/GL1-03-Ruta-Bici-GP-Janda-austria-12-06-2011-1-2-600x400.webp 600w\" sizes=\"(max-width: 900px) 100vw, 900px\" \/><\/a><\/figure>\n\n\n\n<figure class=\"wp-block-image size-full\"><a href=\"https:\/\/avalencia.com\/wp-content\/uploads\/2022\/07\/GL1-04-Ruta-Bici-GP-Janda-austria-12-06-2011-1.webp\"><img decoding=\"async\" width=\"900\" height=\"602\" data-id=\"16107\" src=\"https:\/\/avalencia.com\/wp-content\/uploads\/2022\/07\/GL1-04-Ruta-Bici-GP-Janda-austria-12-06-2011-1.webp\" alt=\"der Palast der Musik von Valencia\" class=\"wp-image-16107\" srcset=\"https:\/\/avalencia.com\/wp-content\/uploads\/2022\/07\/GL1-04-Ruta-Bici-GP-Janda-austria-12-06-2011-1.webp 900w, https:\/\/avalencia.com\/wp-content\/uploads\/2022\/07\/GL1-04-Ruta-Bici-GP-Janda-austria-12-06-2011-1-300x201.webp 300w, https:\/\/avalencia.com\/wp-content\/uploads\/2022\/07\/GL1-04-Ruta-Bici-GP-Janda-austria-12-06-2011-1-768x514.webp 768w, https:\/\/avalencia.com\/wp-content\/uploads\/2022\/07\/GL1-04-Ruta-Bici-GP-Janda-austria-12-06-2011-1-705x472.webp 705w, https:\/\/avalencia.com\/wp-content\/uploads\/2022\/07\/GL1-04-Ruta-Bici-GP-Janda-austria-12-06-2011-1-600x400.webp 600w\" sizes=\"(max-width: 900px) 100vw, 900px\" \/><\/a><\/figure>\n\n\n\n<figure class=\"wp-block-image size-full\"><a href=\"https:\/\/avalencia.com\/wp-content\/uploads\/2022\/07\/GL1-05-Ruta-Bici-GP-Janda-austria-12-06-2011-1.webp\"><img decoding=\"async\" width=\"900\" height=\"603\" data-id=\"16112\" src=\"https:\/\/avalencia.com\/wp-content\/uploads\/2022\/07\/GL1-05-Ruta-Bici-GP-Janda-austria-12-06-2011-1.webp\" alt=\"Hemisph\u00e4rekino Valencia\" class=\"wp-image-16112\" srcset=\"https:\/\/avalencia.com\/wp-content\/uploads\/2022\/07\/GL1-05-Ruta-Bici-GP-Janda-austria-12-06-2011-1.webp 900w, https:\/\/avalencia.com\/wp-content\/uploads\/2022\/07\/GL1-05-Ruta-Bici-GP-Janda-austria-12-06-2011-1-300x201.webp 300w, https:\/\/avalencia.com\/wp-content\/uploads\/2022\/07\/GL1-05-Ruta-Bici-GP-Janda-austria-12-06-2011-1-768x515.webp 768w, https:\/\/avalencia.com\/wp-content\/uploads\/2022\/07\/GL1-05-Ruta-Bici-GP-Janda-austria-12-06-2011-1-705x472.webp 705w\" sizes=\"(max-width: 900px) 100vw, 900px\" \/><\/a><\/figure>\n\n\n\n<figure class=\"wp-block-image size-full\"><a href=\"https:\/\/avalencia.com\/wp-content\/uploads\/2022\/07\/GL1-06-Ruta-Bici-GP-Janda-austria-12-06-2011-1.webp\"><img decoding=\"async\" width=\"900\" height=\"602\" data-id=\"16117\" src=\"https:\/\/avalencia.com\/wp-content\/uploads\/2022\/07\/GL1-06-Ruta-Bici-GP-Janda-austria-12-06-2011-1.webp\" alt=\"Santiago Calatrava Valencia\" class=\"wp-image-16117\" srcset=\"https:\/\/avalencia.com\/wp-content\/uploads\/2022\/07\/GL1-06-Ruta-Bici-GP-Janda-austria-12-06-2011-1.webp 900w, https:\/\/avalencia.com\/wp-content\/uploads\/2022\/07\/GL1-06-Ruta-Bici-GP-Janda-austria-12-06-2011-1-300x201.webp 300w, https:\/\/avalencia.com\/wp-content\/uploads\/2022\/07\/GL1-06-Ruta-Bici-GP-Janda-austria-12-06-2011-1-768x514.webp 768w, https:\/\/avalencia.com\/wp-content\/uploads\/2022\/07\/GL1-06-Ruta-Bici-GP-Janda-austria-12-06-2011-1-705x472.webp 705w, https:\/\/avalencia.com\/wp-content\/uploads\/2022\/07\/GL1-06-Ruta-Bici-GP-Janda-austria-12-06-2011-1-600x400.webp 600w\" sizes=\"(max-width: 900px) 100vw, 900px\" \/><\/a><\/figure>\n\n\n\n<figure class=\"wp-block-image size-full\"><a href=\"https:\/\/avalencia.com\/wp-content\/uploads\/2022\/07\/GL1-07-Ruta-Bici-GP-Janda-austria-12-06-2011-.webp\"><img decoding=\"async\" width=\"900\" height=\"602\" data-id=\"16122\" src=\"https:\/\/avalencia.com\/wp-content\/uploads\/2022\/07\/GL1-07-Ruta-Bici-GP-Janda-austria-12-06-2011-.webp\" alt=\"der Musikpalast von Valencia\" class=\"wp-image-16122\" srcset=\"https:\/\/avalencia.com\/wp-content\/uploads\/2022\/07\/GL1-07-Ruta-Bici-GP-Janda-austria-12-06-2011-.webp 900w, https:\/\/avalencia.com\/wp-content\/uploads\/2022\/07\/GL1-07-Ruta-Bici-GP-Janda-austria-12-06-2011--300x201.webp 300w, https:\/\/avalencia.com\/wp-content\/uploads\/2022\/07\/GL1-07-Ruta-Bici-GP-Janda-austria-12-06-2011--768x514.webp 768w, https:\/\/avalencia.com\/wp-content\/uploads\/2022\/07\/GL1-07-Ruta-Bici-GP-Janda-austria-12-06-2011--705x472.webp 705w, https:\/\/avalencia.com\/wp-content\/uploads\/2022\/07\/GL1-07-Ruta-Bici-GP-Janda-austria-12-06-2011--600x400.webp 600w\" sizes=\"(max-width: 900px) 100vw, 900px\" \/><\/a><\/figure>\n\n\n\n<figure class=\"wp-block-image size-full\"><a href=\"https:\/\/avalencia.com\/wp-content\/uploads\/2022\/07\/GL1-08-Ruta-Bici-GP-Janda-austria-12-06-2011-1.webp\"><img decoding=\"async\" width=\"900\" height=\"602\" data-id=\"16161\" src=\"https:\/\/avalencia.com\/wp-content\/uploads\/2022\/07\/GL1-08-Ruta-Bici-GP-Janda-austria-12-06-2011-1.webp\" alt=\"Serranostor Valencia\" class=\"wp-image-16161\" srcset=\"https:\/\/avalencia.com\/wp-content\/uploads\/2022\/07\/GL1-08-Ruta-Bici-GP-Janda-austria-12-06-2011-1.webp 900w, https:\/\/avalencia.com\/wp-content\/uploads\/2022\/07\/GL1-08-Ruta-Bici-GP-Janda-austria-12-06-2011-1-300x201.webp 300w, https:\/\/avalencia.com\/wp-content\/uploads\/2022\/07\/GL1-08-Ruta-Bici-GP-Janda-austria-12-06-2011-1-768x514.webp 768w, https:\/\/avalencia.com\/wp-content\/uploads\/2022\/07\/GL1-08-Ruta-Bici-GP-Janda-austria-12-06-2011-1-705x472.webp 705w, https:\/\/avalencia.com\/wp-content\/uploads\/2022\/07\/GL1-08-Ruta-Bici-GP-Janda-austria-12-06-2011-1-600x400.webp 600w\" sizes=\"(max-width: 900px) 100vw, 900px\" \/><\/a><\/figure>\n<\/figure>\n\n\n\n<h4 class=\"has-text-align-center wp-block-heading\"><strong>Die Fahrradroute f\u00fcr Familien mit Kindern f\u00fchrt durch den Turia-Garten<\/strong> <\/h4>\n\n\n<div class=\"wp-block-image\">\n<figure class=\"aligncenter size-full\"><img decoding=\"async\" width=\"1024\" height=\"512\" src=\"https:\/\/avalencia.com\/wp-content\/uploads\/2022\/07\/Gulliver-JardindelTuria-Valencia-1024x512-1.webp\" alt=\"Der Gulliver Valencia\" class=\"wp-image-16087\" srcset=\"https:\/\/avalencia.com\/wp-content\/uploads\/2022\/07\/Gulliver-JardindelTuria-Valencia-1024x512-1.webp 1024w, https:\/\/avalencia.com\/wp-content\/uploads\/2022\/07\/Gulliver-JardindelTuria-Valencia-1024x512-1-300x150.webp 300w, https:\/\/avalencia.com\/wp-content\/uploads\/2022\/07\/Gulliver-JardindelTuria-Valencia-1024x512-1-768x384.webp 768w, https:\/\/avalencia.com\/wp-content\/uploads\/2022\/07\/Gulliver-JardindelTuria-Valencia-1024x512-1-705x353.webp 705w\" sizes=\"(max-width: 1024px) 100vw, 1024px\" \/><figcaption class=\"wp-element-caption\">der Gulliver-Park<\/figcaption><\/figure><\/div>\n\n\n<p>Diese Route h\u00e4lt am <strong>Gulliver-Park<\/strong>, wo die Kinder die 70 Meter lange und ca. 7,5 m hohe Rutschbahn genie\u00dfen und sich \u00fcber Rutschen und Rampen in die Tiefe st\u00fcrzen k\u00f6nnen.<\/p>\n\n\n\n<p>Diese Gulliver-Skulptur basiert auf der Erz\u00e4hlung Gullivers Reisen von Jonathan Swift und stellt den Moment dar, in dem Gulliver gerade im Land Lilliput angekommen ist, einem Ort, an dem alle Einwohner winzig sind, und von den Lilliputanern selbst gefesselt wird.<\/p>\n\n\n\n<p>Die Kinder, die um die Skulptur herumspielen, stellen die Liliputaner dar.<\/p>\n\n\n\n<p>Der Park befindet sich in einem gro\u00dfen Kreis von 15.000 Quadratmetern. Im gleichen Bereich gibt es weitere Spiele wie Minigolf, Skateboarding und zwei riesige Schachspiele. Au\u00dferdem gibt es eine Bar und Toiletten. Der Zugang ist kostenlos.<\/p>\n\n\n\n<p>Die Skulptur wurde von der Stadtverwaltung von Valencia bei dem Architekten Rafael Rivera und dem Fallas-K\u00fcnstler Manolo Mart\u00edn in Auftrag gegeben. Dieser Abschnitt erstreckt sich \u00fcber eine Fl\u00e4che von 61.000 Quadratmetern und befindet sich an der \u00c1ngel Custodio-Br\u00fccke.<\/p>\n\n\n\n<h4 class=\"wp-block-heading\">N\u00f6rdliche Gem\u00fcsefelder  &#8211; la Huerta &#8211;<\/h4>\n\n\n\n<p>Sch\u00f6nes Schutzgebiet von gro\u03b2em historischen Wert mit seinen -Barracas- (Strohgedeckte Landh\u00e4user), unter anderen werden wir Landg\u00fcter, Kan\u00e4le, und Felder von &#8211;<em>chufas<\/em>-(Erdmandeln, eine uralte Knolle f\u00fcr die Herstellung der beliebten Erdmandelmilch -Horchata-) sehen. Sie werden ein typisches Haus besuchen, es wird eine Kostprobe von Orangen (in der Saison), und Mittagessen in einem typischen Restaurant (Paella und Tapas) angeboten. Wenn wir zur\u00fcckkommen, werden wir die Str\u00e4nde, einige der Einrichtungen der 32. Auflage des America&#8217;s Cup und der Formel Eins sehen.<\/p>\n\n\n\n<figure class=\"wp-block-gallery has-nested-images columns-4 is-cropped wp-block-gallery-2 is-layout-flex wp-block-gallery-is-layout-flex\">\n<figure class=\"wp-block-image size-full\"><a href=\"https:\/\/avalencia.com\/wp-content\/uploads\/2022\/07\/GL2-01-Ruta-Horta-Barraca_1-1.webp\"><img decoding=\"async\" width=\"900\" height=\"674\" data-id=\"16167\" src=\"https:\/\/avalencia.com\/wp-content\/uploads\/2022\/07\/GL2-01-Ruta-Horta-Barraca_1-1.webp\" alt=\"la barraca Valencia\" class=\"wp-image-16167\" srcset=\"https:\/\/avalencia.com\/wp-content\/uploads\/2022\/07\/GL2-01-Ruta-Horta-Barraca_1-1.webp 900w, https:\/\/avalencia.com\/wp-content\/uploads\/2022\/07\/GL2-01-Ruta-Horta-Barraca_1-1-300x225.webp 300w, https:\/\/avalencia.com\/wp-content\/uploads\/2022\/07\/GL2-01-Ruta-Horta-Barraca_1-1-768x575.webp 768w, https:\/\/avalencia.com\/wp-content\/uploads\/2022\/07\/GL2-01-Ruta-Horta-Barraca_1-1-705x528.webp 705w\" sizes=\"(max-width: 900px) 100vw, 900px\" \/><\/a><\/figure>\n\n\n\n<figure class=\"wp-block-image size-full\"><a href=\"https:\/\/avalencia.com\/wp-content\/uploads\/2022\/07\/GL2-02-Ruta-Horta-Carrilbici_5-1.webp\"><img decoding=\"async\" width=\"900\" height=\"674\" data-id=\"16172\" src=\"https:\/\/avalencia.com\/wp-content\/uploads\/2022\/07\/GL2-02-Ruta-Horta-Carrilbici_5-1.webp\" alt=\"Obstgarten von Valencia \" class=\"wp-image-16172\" srcset=\"https:\/\/avalencia.com\/wp-content\/uploads\/2022\/07\/GL2-02-Ruta-Horta-Carrilbici_5-1.webp 900w, https:\/\/avalencia.com\/wp-content\/uploads\/2022\/07\/GL2-02-Ruta-Horta-Carrilbici_5-1-300x225.webp 300w, https:\/\/avalencia.com\/wp-content\/uploads\/2022\/07\/GL2-02-Ruta-Horta-Carrilbici_5-1-768x575.webp 768w, https:\/\/avalencia.com\/wp-content\/uploads\/2022\/07\/GL2-02-Ruta-Horta-Carrilbici_5-1-705x528.webp 705w\" sizes=\"(max-width: 900px) 100vw, 900px\" \/><\/a><\/figure>\n\n\n\n<figure class=\"wp-block-image size-full\"><a href=\"https:\/\/avalencia.com\/wp-content\/uploads\/2022\/07\/GL2-03-Ruta-Horta-camposdechufa_4-1.webp\"><img decoding=\"async\" width=\"900\" height=\"674\" data-id=\"16177\" src=\"https:\/\/avalencia.com\/wp-content\/uploads\/2022\/07\/GL2-03-Ruta-Horta-camposdechufa_4-1.webp\" alt=\"chufas von Valencia\" class=\"wp-image-16177\" srcset=\"https:\/\/avalencia.com\/wp-content\/uploads\/2022\/07\/GL2-03-Ruta-Horta-camposdechufa_4-1.webp 900w, https:\/\/avalencia.com\/wp-content\/uploads\/2022\/07\/GL2-03-Ruta-Horta-camposdechufa_4-1-300x225.webp 300w, https:\/\/avalencia.com\/wp-content\/uploads\/2022\/07\/GL2-03-Ruta-Horta-camposdechufa_4-1-768x575.webp 768w, https:\/\/avalencia.com\/wp-content\/uploads\/2022\/07\/GL2-03-Ruta-Horta-camposdechufa_4-1-705x528.webp 705w\" sizes=\"(max-width: 900px) 100vw, 900px\" \/><\/a><\/figure>\n<\/figure>\n\n\n\n<h4 class=\"wp-block-heading\">Segway Touren<\/h4>\n\n\n\n<figure class=\"wp-block-gallery has-nested-images columns-default is-cropped wp-block-gallery-3 is-layout-flex wp-block-gallery-is-layout-flex\">\n<figure class=\"wp-block-image size-full\"><a href=\"https:\/\/avalencia.com\/wp-content\/uploads\/2022\/07\/GL3-01-Ruta-Bici-Segway-20180512_120120.webp\"><img decoding=\"async\" width=\"900\" height=\"524\" data-id=\"16183\" src=\"https:\/\/avalencia.com\/wp-content\/uploads\/2022\/07\/GL3-01-Ruta-Bici-Segway-20180512_120120.webp\" alt=\"Segways Valencia\" class=\"wp-image-16183\" srcset=\"https:\/\/avalencia.com\/wp-content\/uploads\/2022\/07\/GL3-01-Ruta-Bici-Segway-20180512_120120.webp 900w, https:\/\/avalencia.com\/wp-content\/uploads\/2022\/07\/GL3-01-Ruta-Bici-Segway-20180512_120120-300x175.webp 300w, https:\/\/avalencia.com\/wp-content\/uploads\/2022\/07\/GL3-01-Ruta-Bici-Segway-20180512_120120-768x447.webp 768w, https:\/\/avalencia.com\/wp-content\/uploads\/2022\/07\/GL3-01-Ruta-Bici-Segway-20180512_120120-705x410.webp 705w\" sizes=\"(max-width: 900px) 100vw, 900px\" \/><\/a><\/figure>\n\n\n\n<figure class=\"wp-block-image size-full\"><a href=\"https:\/\/avalencia.com\/wp-content\/uploads\/2022\/07\/GL3-02-Ruta-Bici-Segway-Rutasegway_2-1.webp\"><img decoding=\"async\" width=\"900\" height=\"527\" data-id=\"16188\" src=\"https:\/\/avalencia.com\/wp-content\/uploads\/2022\/07\/GL3-02-Ruta-Bici-Segway-Rutasegway_2-1.webp\" alt=\"Segwaytour Valencia\" class=\"wp-image-16188\" srcset=\"https:\/\/avalencia.com\/wp-content\/uploads\/2022\/07\/GL3-02-Ruta-Bici-Segway-Rutasegway_2-1.webp 900w, https:\/\/avalencia.com\/wp-content\/uploads\/2022\/07\/GL3-02-Ruta-Bici-Segway-Rutasegway_2-1-300x176.webp 300w, https:\/\/avalencia.com\/wp-content\/uploads\/2022\/07\/GL3-02-Ruta-Bici-Segway-Rutasegway_2-1-768x450.webp 768w, https:\/\/avalencia.com\/wp-content\/uploads\/2022\/07\/GL3-02-Ruta-Bici-Segway-Rutasegway_2-1-705x413.webp 705w\" sizes=\"(max-width: 900px) 100vw, 900px\" \/><\/a><\/figure>\n\n\n\n<figure class=\"wp-block-image size-full\"><a href=\"https:\/\/avalencia.com\/wp-content\/uploads\/2022\/07\/GL3-03-Ruta-Bici-SegwayRutasegway_3-1.webp\"><img decoding=\"async\" width=\"900\" height=\"513\" data-id=\"16193\" src=\"https:\/\/avalencia.com\/wp-content\/uploads\/2022\/07\/GL3-03-Ruta-Bici-SegwayRutasegway_3-1.webp\" alt=\"\" class=\"wp-image-16193\" srcset=\"https:\/\/avalencia.com\/wp-content\/uploads\/2022\/07\/GL3-03-Ruta-Bici-SegwayRutasegway_3-1.webp 900w, https:\/\/avalencia.com\/wp-content\/uploads\/2022\/07\/GL3-03-Ruta-Bici-SegwayRutasegway_3-1-300x171.webp 300w, https:\/\/avalencia.com\/wp-content\/uploads\/2022\/07\/GL3-03-Ruta-Bici-SegwayRutasegway_3-1-768x438.webp 768w, https:\/\/avalencia.com\/wp-content\/uploads\/2022\/07\/GL3-03-Ruta-Bici-SegwayRutasegway_3-1-705x402.webp 705w\" sizes=\"(max-width: 900px) 100vw, 900px\" \/><\/a><\/figure>\n<\/figure>\n\n\n\n<figure class=\"wp-block-embed is-type-video is-provider-youtube wp-block-embed-youtube wp-embed-aspect-16-9 wp-has-aspect-ratio\"><div class=\"wp-block-embed__wrapper\">\n<div class='avia-iframe-wrap'><iframe title=\"Segway Tour Valencia\" width=\"1500\" height=\"844\" src=\"https:\/\/www.youtube.com\/embed\/5r8NX6bjU-I?start=37&#038;feature=oembed\" frameborder=\"0\" allow=\"accelerometer; autoplay; clipboard-write; encrypted-media; gyroscope; picture-in-picture\" allowfullscreen><\/iframe><\/div>\n<\/div><\/figure>\n\n\n\n<h4 class=\"wp-block-heading\">Fahrradrouten auch in der Devesa des <strong><a href=\"https:\/\/avalencia.com\/de\/albufera-naturschutzpark-valencia\/\" target=\"_blank\" rel=\"noreferrer noopener\">Albuferanaturschutzparks<\/a><\/strong>. Bitte fragen Sie nach weiteren Informationen<\/h4>\n\n\n\n<div style=\"height:32px\" aria-hidden=\"true\" class=\"wp-block-spacer\"><\/div>\n\n\n\n<div class=\"wp-block-buttons is-horizontal is-content-justification-center is-layout-flex wp-container-core-buttons-is-layout-1 wp-block-buttons-is-layout-flex\">\n<div class=\"wp-block-button\"><a class=\"wp-block-button__link wp-element-button\" href=\"https:\/\/avalencia.com\/de\/kontakt\/\" target=\"_blank\" rel=\"noreferrer noopener\">Kontakt<\/a><\/div>\n<\/div>\n\n\n<div  class='av-social-sharing-box  avia-builder-el-0  avia-builder-el-no-sibling   0'><div class='av-share-box'><h5 class='av-share-link-description av-no-toc '>Teilen<\/h5><ul class='av-share-box-list noLightbox'><li class='av-share-link av-social-link-facebook' ><a target=\"_blank\" aria-label=\"Teilen auf Facebook\" href='https:\/\/www.facebook.com\/sharer.php?u=https:\/\/avalencia.com\/de\/besichtigungen-mit-dem-fahrrad-segway-valencia\/&#038;t=Besichtigungen%20mit%20dem%20Fahrrad%20%E2%80%93%20Segway%20Valencia' aria-hidden='false' data-av_icon='\ue8f3' data-av_iconfont='entypo-fontello' title='' data-avia-related-tooltip='Teilen auf Facebook' rel=\"noopener\"><span class='avia_hidden_link_text'>Teilen auf Facebook<\/span><\/a><\/li><li class='av-share-link av-social-link-twitter' ><a target=\"_blank\" aria-label=\"Teilen auf Twitter\" href='https:\/\/twitter.com\/share?text=Besichtigungen%20mit%20dem%20Fahrrad%20%E2%80%93%20Segway%20Valencia&#038;url=https:\/\/avalencia.com\/de\/?p=5766' aria-hidden='false' data-av_icon='\ue8f1' data-av_iconfont='entypo-fontello' title='' data-avia-related-tooltip='Teilen auf Twitter' rel=\"noopener\"><span class='avia_hidden_link_text'>Teilen auf Twitter<\/span><\/a><\/li><li class='av-share-link av-social-link-pinterest' ><a target=\"_blank\" aria-label=\"Teilen auf Pinterest\" href='https:\/\/pinterest.com\/pin\/create\/button\/?url=https%3A%2F%2Favalencia.com%2Fde%2Fbesichtigungen-mit-dem-fahrrad-segway-valencia%2F&#038;description=Besichtigungen%20mit%20dem%20Fahrrad%20%E2%80%93%20Segway%20Valencia&#038;media=https%3A%2F%2Favalencia.com%2Fwp-content%2Fuploads%2F2022%2F07%2FDestacada-Cidad-de-las-artes-apaisada-1-705x302.webp' aria-hidden='false' data-av_icon='\ue8f8' data-av_iconfont='entypo-fontello' title='' data-avia-related-tooltip='Teilen auf Pinterest' rel=\"noopener\"><span class='avia_hidden_link_text'>Teilen auf Pinterest<\/span><\/a><\/li><li class='av-share-link av-social-link-linkedin' ><a target=\"_blank\" aria-label=\"Teilen auf LinkedIn\" href='https:\/\/linkedin.com\/shareArticle?mini=true&#038;title=Besichtigungen%20mit%20dem%20Fahrrad%20%E2%80%93%20Segway%20Valencia&#038;url=https:\/\/avalencia.com\/de\/besichtigungen-mit-dem-fahrrad-segway-valencia\/' aria-hidden='false' data-av_icon='\ue8fc' data-av_iconfont='entypo-fontello' title='' data-avia-related-tooltip='Teilen auf LinkedIn' rel=\"noopener\"><span class='avia_hidden_link_text'>Teilen auf LinkedIn<\/span><\/a><\/li><li class='av-share-link av-social-link-mail' ><a  aria-label=\"Per E-Mail teilen\" href='mailto:?subject=Besichtigungen%20mit%20dem%20Fahrrad%20%E2%80%93%20Segway%20Valencia&#038;body=https:\/\/avalencia.com\/de\/besichtigungen-mit-dem-fahrrad-segway-valencia\/' aria-hidden='false' data-av_icon='\ue805' data-av_iconfont='entypo-fontello' title='' data-avia-related-tooltip='Per E-Mail teilen'><span class='avia_hidden_link_text'>Per E-Mail teilen<\/span><\/a><\/li><\/ul><\/div><\/div>\n","protected":false},"excerpt":{"rendered":"<p>Fahrradrouten &#8211; Segway<\/p>\n","protected":false},"author":3,"featured_media":16082,"parent":0,"menu_order":0,"comment_status":"closed","ping_status":"closed","template":"","meta":{"footnotes":""},"class_list":["post-5766","page","type-page","status-publish","has-post-thumbnail","hentry"],"yoast_head":"<!-- This site is optimized with the Yoast SEO plugin v26.8 - https:\/\/yoast.com\/product\/yoast-seo-wordpress\/ -->\n<title>Besichtigungen mit dem Fahrrad-Segway Valencia - AValencia<\/title>\n<meta name=\"description\" content=\"Besichtigungen mit dem Fahrrad-Segway Valencia entlang des Turia Gartens (ehemaliges Flussbett des Flusses Turia) und Cabecera Park.\" \/>\n<meta name=\"robots\" content=\"index, follow, max-snippet:-1, max-image-preview:large, max-video-preview:-1\" \/>\n<link rel=\"canonical\" href=\"https:\/\/avalencia.com\/de\/besichtigungen-mit-dem-fahrrad-segway-valencia\/\" \/>\n<meta property=\"og:locale\" content=\"de_DE\" \/>\n<meta property=\"og:type\" content=\"article\" \/>\n<meta property=\"og:title\" content=\"Besichtigungen mit dem Fahrrad-Segway Valencia - AValencia\" \/>\n<meta property=\"og:description\" content=\"Besichtigungen mit dem Fahrrad-Segway Valencia entlang des Turia Gartens (ehemaliges Flussbett des Flusses Turia) und Cabecera Park.\" \/>\n<meta property=\"og:url\" content=\"https:\/\/avalencia.com\/de\/besichtigungen-mit-dem-fahrrad-segway-valencia\/\" \/>\n<meta property=\"og:site_name\" content=\"AVALENCIA\" \/>\n<meta property=\"article:publisher\" content=\"https:\/\/www.facebook.com\/angela.marisoler\" \/>\n<meta property=\"article:modified_time\" content=\"2022-11-26T19:54:22+00:00\" \/>\n<meta property=\"og:image\" content=\"https:\/\/avalencia.com\/wp-content\/uploads\/2022\/07\/Destacada-Cidad-de-las-artes-apaisada-1.webp\" \/>\n\t<meta property=\"og:image:width\" content=\"900\" \/>\n\t<meta property=\"og:image:height\" content=\"385\" \/>\n\t<meta property=\"og:image:type\" content=\"image\/webp\" \/>\n<meta name=\"twitter:card\" content=\"summary_large_image\" \/>\n<meta name=\"twitter:site\" content=\"@angelamari400\" \/>\n<meta name=\"twitter:label1\" content=\"Est. reading time\" \/>\n\t<meta name=\"twitter:data1\" content=\"5 minutes\" \/>\n<script type=\"application\/ld+json\" class=\"yoast-schema-graph\">{\"@context\":\"https:\/\/schema.org\",\"@graph\":[{\"@type\":\"WebPage\",\"@id\":\"https:\/\/avalencia.com\/de\/besichtigungen-mit-dem-fahrrad-segway-valencia\/\",\"url\":\"https:\/\/avalencia.com\/de\/besichtigungen-mit-dem-fahrrad-segway-valencia\/\",\"name\":\"Besichtigungen mit dem Fahrrad-Segway Valencia - AValencia\",\"isPartOf\":{\"@id\":\"https:\/\/avalencia.com\/de\/#website\"},\"primaryImageOfPage\":{\"@id\":\"https:\/\/avalencia.com\/de\/besichtigungen-mit-dem-fahrrad-segway-valencia\/#primaryimage\"},\"image\":{\"@id\":\"https:\/\/avalencia.com\/de\/besichtigungen-mit-dem-fahrrad-segway-valencia\/#primaryimage\"},\"thumbnailUrl\":\"https:\/\/avalencia.com\/wp-content\/uploads\/2022\/07\/Destacada-Cidad-de-las-artes-apaisada-1.webp\",\"datePublished\":\"2018-03-31T18:46:27+00:00\",\"dateModified\":\"2022-11-26T19:54:22+00:00\",\"description\":\"Besichtigungen mit dem Fahrrad-Segway Valencia entlang des Turia Gartens (ehemaliges Flussbett des Flusses Turia) und Cabecera Park.\",\"breadcrumb\":{\"@id\":\"https:\/\/avalencia.com\/de\/besichtigungen-mit-dem-fahrrad-segway-valencia\/#breadcrumb\"},\"inLanguage\":\"de-DE\",\"potentialAction\":[{\"@type\":\"ReadAction\",\"target\":[\"https:\/\/avalencia.com\/de\/besichtigungen-mit-dem-fahrrad-segway-valencia\/\"]}]},{\"@type\":\"ImageObject\",\"inLanguage\":\"de-DE\",\"@id\":\"https:\/\/avalencia.com\/de\/besichtigungen-mit-dem-fahrrad-segway-valencia\/#primaryimage\",\"url\":\"https:\/\/avalencia.com\/wp-content\/uploads\/2022\/07\/Destacada-Cidad-de-las-artes-apaisada-1.webp\",\"contentUrl\":\"https:\/\/avalencia.com\/wp-content\/uploads\/2022\/07\/Destacada-Cidad-de-las-artes-apaisada-1.webp\",\"width\":900,\"height\":385},{\"@type\":\"BreadcrumbList\",\"@id\":\"https:\/\/avalencia.com\/de\/besichtigungen-mit-dem-fahrrad-segway-valencia\/#breadcrumb\",\"itemListElement\":[{\"@type\":\"ListItem\",\"position\":1,\"name\":\"Portada\",\"item\":\"https:\/\/avalencia.com\/de\/\"},{\"@type\":\"ListItem\",\"position\":2,\"name\":\"Besichtigungen mit dem Fahrrad &#8211; Segway Valencia\"}]},{\"@type\":\"WebSite\",\"@id\":\"https:\/\/avalencia.com\/de\/#website\",\"url\":\"https:\/\/avalencia.com\/de\/\",\"name\":\"AVALENCIA\",\"description\":\"Visitas culturales por Valencia y alrededores\",\"publisher\":{\"@id\":\"https:\/\/avalencia.com\/de\/#organization\"},\"potentialAction\":[{\"@type\":\"SearchAction\",\"target\":{\"@type\":\"EntryPoint\",\"urlTemplate\":\"https:\/\/avalencia.com\/de\/?s={search_term_string}\"},\"query-input\":{\"@type\":\"PropertyValueSpecification\",\"valueRequired\":true,\"valueName\":\"search_term_string\"}}],\"inLanguage\":\"de-DE\"},{\"@type\":\"Organization\",\"@id\":\"https:\/\/avalencia.com\/de\/#organization\",\"name\":\"Gu\u00eda Valencia\",\"url\":\"https:\/\/avalencia.com\/de\/\",\"logo\":{\"@type\":\"ImageObject\",\"inLanguage\":\"de-DE\",\"@id\":\"https:\/\/avalencia.com\/de\/#\/schema\/logo\/image\/\",\"url\":\"\",\"contentUrl\":\"\",\"caption\":\"Gu\u00eda Valencia\"},\"image\":{\"@id\":\"https:\/\/avalencia.com\/de\/#\/schema\/logo\/image\/\"},\"sameAs\":[\"https:\/\/www.facebook.com\/angela.marisoler\",\"https:\/\/x.com\/angelamari400\",\"https:\/\/www.instagram.com\/angelamarisoler\/\",\"https:\/\/www.linkedin.com\/feed\/?trk=guest_homepage-basic_sign-in-submit\",\"https:\/\/www.youtube.com\/channel\/UC4bWyTV2CWI65Qf0r1pjuXg?view_as=subscriber\"]}]}<\/script>\n<!-- \/ Yoast SEO plugin. -->","yoast_head_json":{"title":"Besichtigungen mit dem Fahrrad-Segway Valencia - AValencia","description":"Besichtigungen mit dem Fahrrad-Segway Valencia entlang des Turia Gartens (ehemaliges Flussbett des Flusses Turia) und Cabecera Park.","robots":{"index":"index","follow":"follow","max-snippet":"max-snippet:-1","max-image-preview":"max-image-preview:large","max-video-preview":"max-video-preview:-1"},"canonical":"https:\/\/avalencia.com\/de\/besichtigungen-mit-dem-fahrrad-segway-valencia\/","og_locale":"de_DE","og_type":"article","og_title":"Besichtigungen mit dem Fahrrad-Segway Valencia - AValencia","og_description":"Besichtigungen mit dem Fahrrad-Segway Valencia entlang des Turia Gartens (ehemaliges Flussbett des Flusses Turia) und Cabecera Park.","og_url":"https:\/\/avalencia.com\/de\/besichtigungen-mit-dem-fahrrad-segway-valencia\/","og_site_name":"AVALENCIA","article_publisher":"https:\/\/www.facebook.com\/angela.marisoler","article_modified_time":"2022-11-26T19:54:22+00:00","og_image":[{"width":900,"height":385,"url":"https:\/\/avalencia.com\/wp-content\/uploads\/2022\/07\/Destacada-Cidad-de-las-artes-apaisada-1.webp","type":"image\/webp"}],"twitter_card":"summary_large_image","twitter_site":"@angelamari400","twitter_misc":{"Est. reading time":"5 minutes"},"schema":{"@context":"https:\/\/schema.org","@graph":[{"@type":"WebPage","@id":"https:\/\/avalencia.com\/de\/besichtigungen-mit-dem-fahrrad-segway-valencia\/","url":"https:\/\/avalencia.com\/de\/besichtigungen-mit-dem-fahrrad-segway-valencia\/","name":"Besichtigungen mit dem Fahrrad-Segway Valencia - AValencia","isPartOf":{"@id":"https:\/\/avalencia.com\/de\/#website"},"primaryImageOfPage":{"@id":"https:\/\/avalencia.com\/de\/besichtigungen-mit-dem-fahrrad-segway-valencia\/#primaryimage"},"image":{"@id":"https:\/\/avalencia.com\/de\/besichtigungen-mit-dem-fahrrad-segway-valencia\/#primaryimage"},"thumbnailUrl":"https:\/\/avalencia.com\/wp-content\/uploads\/2022\/07\/Destacada-Cidad-de-las-artes-apaisada-1.webp","datePublished":"2018-03-31T18:46:27+00:00","dateModified":"2022-11-26T19:54:22+00:00","description":"Besichtigungen mit dem Fahrrad-Segway Valencia entlang des Turia Gartens (ehemaliges Flussbett des Flusses Turia) und Cabecera Park.","breadcrumb":{"@id":"https:\/\/avalencia.com\/de\/besichtigungen-mit-dem-fahrrad-segway-valencia\/#breadcrumb"},"inLanguage":"de-DE","potentialAction":[{"@type":"ReadAction","target":["https:\/\/avalencia.com\/de\/besichtigungen-mit-dem-fahrrad-segway-valencia\/"]}]},{"@type":"ImageObject","inLanguage":"de-DE","@id":"https:\/\/avalencia.com\/de\/besichtigungen-mit-dem-fahrrad-segway-valencia\/#primaryimage","url":"https:\/\/avalencia.com\/wp-content\/uploads\/2022\/07\/Destacada-Cidad-de-las-artes-apaisada-1.webp","contentUrl":"https:\/\/avalencia.com\/wp-content\/uploads\/2022\/07\/Destacada-Cidad-de-las-artes-apaisada-1.webp","width":900,"height":385},{"@type":"BreadcrumbList","@id":"https:\/\/avalencia.com\/de\/besichtigungen-mit-dem-fahrrad-segway-valencia\/#breadcrumb","itemListElement":[{"@type":"ListItem","position":1,"name":"Portada","item":"https:\/\/avalencia.com\/de\/"},{"@type":"ListItem","position":2,"name":"Besichtigungen mit dem Fahrrad &#8211; Segway Valencia"}]},{"@type":"WebSite","@id":"https:\/\/avalencia.com\/de\/#website","url":"https:\/\/avalencia.com\/de\/","name":"AVALENCIA","description":"Visitas culturales por Valencia y alrededores","publisher":{"@id":"https:\/\/avalencia.com\/de\/#organization"},"potentialAction":[{"@type":"SearchAction","target":{"@type":"EntryPoint","urlTemplate":"https:\/\/avalencia.com\/de\/?s={search_term_string}"},"query-input":{"@type":"PropertyValueSpecification","valueRequired":true,"valueName":"search_term_string"}}],"inLanguage":"de-DE"},{"@type":"Organization","@id":"https:\/\/avalencia.com\/de\/#organization","name":"Gu\u00eda Valencia","url":"https:\/\/avalencia.com\/de\/","logo":{"@type":"ImageObject","inLanguage":"de-DE","@id":"https:\/\/avalencia.com\/de\/#\/schema\/logo\/image\/","url":"","contentUrl":"","caption":"Gu\u00eda Valencia"},"image":{"@id":"https:\/\/avalencia.com\/de\/#\/schema\/logo\/image\/"},"sameAs":["https:\/\/www.facebook.com\/angela.marisoler","https:\/\/x.com\/angelamari400","https:\/\/www.instagram.com\/angelamarisoler\/","https:\/\/www.linkedin.com\/feed\/?trk=guest_homepage-basic_sign-in-submit","https:\/\/www.youtube.com\/channel\/UC4bWyTV2CWI65Qf0r1pjuXg?view_as=subscriber"]}]}},"featured_image_src":"https:\/\/avalencia.com\/wp-content\/uploads\/2022\/07\/Destacada-Cidad-de-las-artes-apaisada-1-600x385.webp","featured_image_src_square":"https:\/\/avalencia.com\/wp-content\/uploads\/2022\/07\/Destacada-Cidad-de-las-artes-apaisada-1-600x385.webp","_links":{"self":[{"href":"https:\/\/avalencia.com\/de\/wp-json\/wp\/v2\/pages\/5766","targetHints":{"allow":["GET"]}}],"collection":[{"href":"https:\/\/avalencia.com\/de\/wp-json\/wp\/v2\/pages"}],"about":[{"href":"https:\/\/avalencia.com\/de\/wp-json\/wp\/v2\/types\/page"}],"author":[{"embeddable":true,"href":"https:\/\/avalencia.com\/de\/wp-json\/wp\/v2\/users\/3"}],"replies":[{"embeddable":true,"href":"https:\/\/avalencia.com\/de\/wp-json\/wp\/v2\/comments?post=5766"}],"version-history":[{"count":0,"href":"https:\/\/avalencia.com\/de\/wp-json\/wp\/v2\/pages\/5766\/revisions"}],"wp:featuredmedia":[{"embeddable":true,"href":"https:\/\/avalencia.com\/de\/wp-json\/wp\/v2\/media\/16082"}],"wp:attachment":[{"href":"https:\/\/avalencia.com\/de\/wp-json\/wp\/v2\/media?parent=5766"}],"curies":[{"name":"wp","href":"https:\/\/api.w.org\/{rel}","templated":true}]}}