{"id":5771,"date":"2018-03-31T18:49:04","date_gmt":"2018-03-31T18:49:04","guid":{"rendered":"https:\/\/avalencia.com\/tapas-kostrobe\/"},"modified":"2022-11-29T11:30:16","modified_gmt":"2022-11-29T11:30:16","slug":"tapas-kostprobe-in-valencia","status":"publish","type":"page","link":"https:\/\/avalencia.com\/de\/tapas-kostprobe-in-valencia\/","title":{"rendered":"Tapas Kostprobe in Valencia"},"content":{"rendered":"\n<h2 class=\"has-text-align-center wp-block-heading\">Gastronomische Touren <\/h2>\n\n\n\n<h3 class=\"has-text-align-center wp-block-heading\">Tapas Kostprobe in verschiedenen Bars von Valencia <\/h3>\n\n\n\n<p>Die Tapas Kostprobe in Valencia ist eine weitere unterhaltsame M\u00f6glichkeit, um das historische Zentrum Valencias und seinen gastronomischen Reichtum kennenzulernen.<br>Tapas essen zu gehen, wie wir Valencianer sagen, ist mehr als nur eine kulinarische Erfahrung, es ist Teil unserer Kultur.<br>Ob es sich um Pinchos, Montaditos oder traditionelle Tapas handelt, warm oder kalt, in traditionellen oder moderneren Bars k\u00f6nnen Sie die Aromen unserer valencianischen K\u00fcche probieren.<\/p>\n\n\n\n<figure class=\"wp-block-gallery has-nested-images columns-default is-cropped wp-block-gallery-1 is-layout-flex wp-block-gallery-is-layout-flex\">\n<figure class=\"wp-block-image size-full\"><a href=\"https:\/\/avalencia.com\/wp-content\/uploads\/2022\/07\/GL-01-01-ruta-de-tapas47-1-1.webp\"><img decoding=\"async\" width=\"763\" height=\"572\" data-id=\"16261\" src=\"https:\/\/avalencia.com\/wp-content\/uploads\/2022\/07\/GL-01-01-ruta-de-tapas47-1-1.webp\" alt=\"Bar im Zentrum von Valencia\" class=\"wp-image-16261\" srcset=\"https:\/\/avalencia.com\/wp-content\/uploads\/2022\/07\/GL-01-01-ruta-de-tapas47-1-1.webp 763w, https:\/\/avalencia.com\/wp-content\/uploads\/2022\/07\/GL-01-01-ruta-de-tapas47-1-1-300x225.webp 300w, https:\/\/avalencia.com\/wp-content\/uploads\/2022\/07\/GL-01-01-ruta-de-tapas47-1-1-705x529.webp 705w\" sizes=\"(max-width: 763px) 100vw, 763px\" \/><\/a><\/figure>\n\n\n\n<figure class=\"wp-block-image size-full\"><a href=\"https:\/\/avalencia.com\/wp-content\/uploads\/2022\/07\/GL-01-02-ruta-de-tapas-049-1-1.webp\"><img decoding=\"async\" width=\"763\" height=\"572\" data-id=\"16266\" src=\"https:\/\/avalencia.com\/wp-content\/uploads\/2022\/07\/GL-01-02-ruta-de-tapas-049-1-1.webp\" alt=\"Die historische Bar von Valencia\" class=\"wp-image-16266\" srcset=\"https:\/\/avalencia.com\/wp-content\/uploads\/2022\/07\/GL-01-02-ruta-de-tapas-049-1-1.webp 763w, https:\/\/avalencia.com\/wp-content\/uploads\/2022\/07\/GL-01-02-ruta-de-tapas-049-1-1-300x225.webp 300w, https:\/\/avalencia.com\/wp-content\/uploads\/2022\/07\/GL-01-02-ruta-de-tapas-049-1-1-705x529.webp 705w\" sizes=\"(max-width: 763px) 100vw, 763px\" \/><\/a><\/figure>\n\n\n\n<figure class=\"wp-block-image size-full\"><a href=\"https:\/\/avalencia.com\/wp-content\/uploads\/2022\/07\/GL-01-03-ruta-de-tapas003-1-1.webp\"><img decoding=\"async\" width=\"763\" height=\"572\" data-id=\"16271\" src=\"https:\/\/avalencia.com\/wp-content\/uploads\/2022\/07\/GL-01-03-ruta-de-tapas003-1-1.webp\" alt=\"Tapas im Barrio del carmen Valencia\" class=\"wp-image-16271\" srcset=\"https:\/\/avalencia.com\/wp-content\/uploads\/2022\/07\/GL-01-03-ruta-de-tapas003-1-1.webp 763w, https:\/\/avalencia.com\/wp-content\/uploads\/2022\/07\/GL-01-03-ruta-de-tapas003-1-1-300x225.webp 300w, https:\/\/avalencia.com\/wp-content\/uploads\/2022\/07\/GL-01-03-ruta-de-tapas003-1-1-705x529.webp 705w\" sizes=\"(max-width: 763px) 100vw, 763px\" \/><\/a><\/figure>\n<\/figure>\n\n\n\n<p><br>Wenn Sie die Tapas Kostprobe am Mittag bevorzugen, haben Sie die M\u00f6glichkeit, einige der M\u00e4rkte in der Altstadt von Valencia zu besuchen, wie den Mossen Sorell Markt im Barrio del Carmen, oder den Zentralmarkt, eines der gr\u00f6\u00dften Geb\u00e4ude im Jugendstil Europas.Dort k\u00f6nnen Sie unsere typischen Produkte kennenlernen, vor allem Gem\u00fcse, viele davon aus unseren valencianischen Gem\u00fcsefeldern.<\/p>\n\n\n\n<figure class=\"wp-block-gallery has-nested-images columns-3 is-cropped wp-block-gallery-2 is-layout-flex wp-block-gallery-is-layout-flex\">\n<figure class=\"wp-block-image size-full\"><a href=\"https:\/\/avalencia.com\/wp-content\/uploads\/2022\/07\/GL-02-01-ruta-de-tapas-031-1-1.webp\"><img decoding=\"async\" width=\"763\" height=\"572\" data-id=\"16276\" src=\"https:\/\/avalencia.com\/wp-content\/uploads\/2022\/07\/GL-02-01-ruta-de-tapas-031-1-1.webp\" alt=\"Route der Tapas durch Valencia\" class=\"wp-image-16276\" srcset=\"https:\/\/avalencia.com\/wp-content\/uploads\/2022\/07\/GL-02-01-ruta-de-tapas-031-1-1.webp 763w, https:\/\/avalencia.com\/wp-content\/uploads\/2022\/07\/GL-02-01-ruta-de-tapas-031-1-1-300x225.webp 300w, https:\/\/avalencia.com\/wp-content\/uploads\/2022\/07\/GL-02-01-ruta-de-tapas-031-1-1-705x529.webp 705w\" sizes=\"(max-width: 763px) 100vw, 763px\" \/><\/a><\/figure>\n\n\n\n<figure class=\"wp-block-image size-full\"><a href=\"https:\/\/avalencia.com\/wp-content\/uploads\/2022\/07\/GL-02-02-ruta-de-tapas-022-circulo-1-1.webp\"><img decoding=\"async\" width=\"763\" height=\"572\" data-id=\"16281\" src=\"https:\/\/avalencia.com\/wp-content\/uploads\/2022\/07\/GL-02-02-ruta-de-tapas-022-circulo-1-1.webp\" alt=\"Restaurants f\u00fcr Essen in Gruppen in Valencia\" class=\"wp-image-16281\" srcset=\"https:\/\/avalencia.com\/wp-content\/uploads\/2022\/07\/GL-02-02-ruta-de-tapas-022-circulo-1-1.webp 763w, https:\/\/avalencia.com\/wp-content\/uploads\/2022\/07\/GL-02-02-ruta-de-tapas-022-circulo-1-1-300x225.webp 300w, https:\/\/avalencia.com\/wp-content\/uploads\/2022\/07\/GL-02-02-ruta-de-tapas-022-circulo-1-1-705x529.webp 705w\" sizes=\"(max-width: 763px) 100vw, 763px\" \/><\/a><\/figure>\n\n\n\n<figure class=\"wp-block-image size-full\"><a href=\"https:\/\/avalencia.com\/wp-content\/uploads\/2022\/07\/GL-02-03-ruta-de-tapas-005-1-1.webp\"><img decoding=\"async\" width=\"763\" height=\"572\" data-id=\"16286\" src=\"https:\/\/avalencia.com\/wp-content\/uploads\/2022\/07\/GL-02-03-ruta-de-tapas-005-1-1.webp\" alt=\"Restaurants Valencia\" class=\"wp-image-16286\" srcset=\"https:\/\/avalencia.com\/wp-content\/uploads\/2022\/07\/GL-02-03-ruta-de-tapas-005-1-1.webp 763w, https:\/\/avalencia.com\/wp-content\/uploads\/2022\/07\/GL-02-03-ruta-de-tapas-005-1-1-300x225.webp 300w, https:\/\/avalencia.com\/wp-content\/uploads\/2022\/07\/GL-02-03-ruta-de-tapas-005-1-1-705x529.webp 705w\" sizes=\"(max-width: 763px) 100vw, 763px\" \/><\/a><\/figure>\n<\/figure>\n\n\n\n<p>Wir werden einen Rundgang durch die Altstadt von Valencia machen, um die typischen Tapas in drei verschiedenen Restaurants genie\u00dfen zu k\u00f6nnen. Danach haben Sie die M\u00f6glichkeit in das valencianische Nachtleben einzutauchen, denn heute z\u00e4hlt Valencia zu dem lebendigsten St\u00e4dten Spaniens. Und warum nutzen wir nicht die Gelegenheit, um Agua de Valencia zu probieren.<\/p>\n\n\n\n<p><strong> <\/strong>Ich freue mich darauf, sie in Valencia willkommen zu hei\u00dfen.<\/p>\n\n\n\n<div class=\"wp-block-buttons is-horizontal is-content-justification-left is-layout-flex wp-container-core-buttons-is-layout-1 wp-block-buttons-is-layout-flex\">\n<div class=\"wp-block-button\"><a class=\"wp-block-button__link wp-element-button\" href=\"https:\/\/avalencia.com\/de\/kontakt\/\" target=\"_blank\" rel=\"noreferrer noopener\">Kontakt<\/a><\/div>\n<\/div>\n\n\n<div  class='av-social-sharing-box  avia-builder-el-0  avia-builder-el-no-sibling  '><div class='av-share-box'><h5 class='av-share-link-description av-no-toc '>Teilen<\/h5><ul class='av-share-box-list noLightbox'><li class='av-share-link av-social-link-facebook' ><a target=\"_blank\" aria-label=\"Teilen auf Facebook\" href='https:\/\/www.facebook.com\/sharer.php?u=https:\/\/avalencia.com\/de\/tapas-kostprobe-in-valencia\/&#038;t=Tapas%20Kostprobe%20in%20Valencia' aria-hidden='false' data-av_icon='\ue8f3' data-av_iconfont='entypo-fontello' title='' data-avia-related-tooltip='Teilen auf Facebook' rel=\"noopener\"><span class='avia_hidden_link_text'>Teilen auf Facebook<\/span><\/a><\/li><li class='av-share-link av-social-link-twitter' ><a target=\"_blank\" aria-label=\"Teilen auf Twitter\" href='https:\/\/twitter.com\/share?text=Tapas%20Kostprobe%20in%20Valencia&#038;url=https:\/\/avalencia.com\/de\/?p=5771' aria-hidden='false' data-av_icon='\ue8f1' data-av_iconfont='entypo-fontello' title='' data-avia-related-tooltip='Teilen auf Twitter' rel=\"noopener\"><span class='avia_hidden_link_text'>Teilen auf Twitter<\/span><\/a><\/li><li class='av-share-link av-social-link-pinterest' ><a target=\"_blank\" aria-label=\"Teilen auf Pinterest\" href='https:\/\/pinterest.com\/pin\/create\/button\/?url=https%3A%2F%2Favalencia.com%2Fde%2Ftapas-kostprobe-in-valencia%2F&#038;description=Tapas%20Kostprobe%20in%20Valencia&#038;media=https%3A%2F%2Favalencia.com%2Fwp-content%2Fuploads%2F2022%2F07%2Fdestacada-rutatapas-011.jpg--705x364.webp' aria-hidden='false' data-av_icon='\ue8f8' data-av_iconfont='entypo-fontello' title='' data-avia-related-tooltip='Teilen auf Pinterest' rel=\"noopener\"><span class='avia_hidden_link_text'>Teilen auf Pinterest<\/span><\/a><\/li><li class='av-share-link av-social-link-linkedin' ><a target=\"_blank\" aria-label=\"Teilen auf LinkedIn\" href='https:\/\/linkedin.com\/shareArticle?mini=true&#038;title=Tapas%20Kostprobe%20in%20Valencia&#038;url=https:\/\/avalencia.com\/de\/tapas-kostprobe-in-valencia\/' aria-hidden='false' data-av_icon='\ue8fc' data-av_iconfont='entypo-fontello' title='' data-avia-related-tooltip='Teilen auf LinkedIn' rel=\"noopener\"><span class='avia_hidden_link_text'>Teilen auf LinkedIn<\/span><\/a><\/li><li class='av-share-link av-social-link-mail' ><a  aria-label=\"Per E-Mail teilen\" href='mailto:?subject=Tapas%20Kostprobe%20in%20Valencia&#038;body=https:\/\/avalencia.com\/de\/tapas-kostprobe-in-valencia\/' aria-hidden='false' data-av_icon='\ue805' data-av_iconfont='entypo-fontello' title='' data-avia-related-tooltip='Per E-Mail teilen'><span class='avia_hidden_link_text'>Per E-Mail teilen<\/span><\/a><\/li><\/ul><\/div><\/div>\n\n\n\n<p><\/p>\n","protected":false},"excerpt":{"rendered":"<p>Tapas-Route<\/p>\n","protected":false},"author":3,"featured_media":16255,"parent":0,"menu_order":0,"comment_status":"closed","ping_status":"closed","template":"","meta":{"footnotes":""},"class_list":["post-5771","page","type-page","status-publish","has-post-thumbnail","hentry"],"yoast_head":"<!-- This site is optimized with the Yoast SEO plugin v26.8 - https:\/\/yoast.com\/product\/yoast-seo-wordpress\/ -->\n<title>Tapas Kostprobe in Valencia - mit Stadtf\u00fchrerin AValencia<\/title>\n<meta name=\"description\" content=\"Rundgang durch die Altstadt von Valencia, um die typischen Tapas in drei verschiedenen Restaurants zu geniessen. Erleben Sie die Valencianische Nacht\u2728\" \/>\n<meta name=\"robots\" content=\"index, follow, max-snippet:-1, max-image-preview:large, max-video-preview:-1\" \/>\n<link rel=\"canonical\" href=\"https:\/\/avalencia.com\/de\/tapas-kostprobe-in-valencia\/\" \/>\n<meta property=\"og:locale\" content=\"de_DE\" \/>\n<meta property=\"og:type\" content=\"article\" \/>\n<meta property=\"og:title\" content=\"Tapas Kostprobe in Valencia - mit Stadtf\u00fchrerin AValencia\" \/>\n<meta property=\"og:description\" content=\"Rundgang durch die Altstadt von Valencia, um die typischen Tapas in drei verschiedenen Restaurants zu geniessen. Erleben Sie die Valencianische Nacht\u2728\" \/>\n<meta property=\"og:url\" content=\"https:\/\/avalencia.com\/de\/tapas-kostprobe-in-valencia\/\" \/>\n<meta property=\"og:site_name\" content=\"AVALENCIA\" \/>\n<meta property=\"article:publisher\" content=\"https:\/\/www.facebook.com\/angela.marisoler\" \/>\n<meta property=\"article:modified_time\" content=\"2022-11-29T11:30:16+00:00\" \/>\n<meta property=\"og:image\" content=\"https:\/\/avalencia.com\/wp-content\/uploads\/2022\/07\/destacada-rutatapas-011.jpg--e1658745225572.webp\" \/>\n\t<meta property=\"og:image:width\" content=\"761\" \/>\n\t<meta property=\"og:image:height\" content=\"393\" \/>\n\t<meta property=\"og:image:type\" content=\"image\/webp\" \/>\n<meta name=\"twitter:card\" content=\"summary_large_image\" \/>\n<meta name=\"twitter:site\" content=\"@angelamari400\" \/>\n<meta name=\"twitter:label1\" content=\"Est. reading time\" \/>\n\t<meta name=\"twitter:data1\" content=\"3 minutes\" \/>\n<script type=\"application\/ld+json\" class=\"yoast-schema-graph\">{\"@context\":\"https:\/\/schema.org\",\"@graph\":[{\"@type\":\"WebPage\",\"@id\":\"https:\/\/avalencia.com\/de\/tapas-kostprobe-in-valencia\/\",\"url\":\"https:\/\/avalencia.com\/de\/tapas-kostprobe-in-valencia\/\",\"name\":\"Tapas Kostprobe in Valencia - mit Stadtf\u00fchrerin AValencia\",\"isPartOf\":{\"@id\":\"https:\/\/avalencia.com\/de\/#website\"},\"primaryImageOfPage\":{\"@id\":\"https:\/\/avalencia.com\/de\/tapas-kostprobe-in-valencia\/#primaryimage\"},\"image\":{\"@id\":\"https:\/\/avalencia.com\/de\/tapas-kostprobe-in-valencia\/#primaryimage\"},\"thumbnailUrl\":\"https:\/\/avalencia.com\/wp-content\/uploads\/2022\/07\/destacada-rutatapas-011.jpg--e1658745225572.webp\",\"datePublished\":\"2018-03-31T18:49:04+00:00\",\"dateModified\":\"2022-11-29T11:30:16+00:00\",\"description\":\"Rundgang durch die Altstadt von Valencia, um die typischen Tapas in drei verschiedenen Restaurants zu geniessen. Erleben Sie die Valencianische Nacht\u2728\",\"breadcrumb\":{\"@id\":\"https:\/\/avalencia.com\/de\/tapas-kostprobe-in-valencia\/#breadcrumb\"},\"inLanguage\":\"de-DE\",\"potentialAction\":[{\"@type\":\"ReadAction\",\"target\":[\"https:\/\/avalencia.com\/de\/tapas-kostprobe-in-valencia\/\"]}]},{\"@type\":\"ImageObject\",\"inLanguage\":\"de-DE\",\"@id\":\"https:\/\/avalencia.com\/de\/tapas-kostprobe-in-valencia\/#primaryimage\",\"url\":\"https:\/\/avalencia.com\/wp-content\/uploads\/2022\/07\/destacada-rutatapas-011.jpg--e1658745225572.webp\",\"contentUrl\":\"https:\/\/avalencia.com\/wp-content\/uploads\/2022\/07\/destacada-rutatapas-011.jpg--e1658745225572.webp\",\"width\":761,\"height\":393},{\"@type\":\"BreadcrumbList\",\"@id\":\"https:\/\/avalencia.com\/de\/tapas-kostprobe-in-valencia\/#breadcrumb\",\"itemListElement\":[{\"@type\":\"ListItem\",\"position\":1,\"name\":\"Portada\",\"item\":\"https:\/\/avalencia.com\/de\/\"},{\"@type\":\"ListItem\",\"position\":2,\"name\":\"Tapas Kostprobe in Valencia\"}]},{\"@type\":\"WebSite\",\"@id\":\"https:\/\/avalencia.com\/de\/#website\",\"url\":\"https:\/\/avalencia.com\/de\/\",\"name\":\"AVALENCIA\",\"description\":\"Visitas culturales por Valencia y alrededores\",\"publisher\":{\"@id\":\"https:\/\/avalencia.com\/de\/#organization\"},\"potentialAction\":[{\"@type\":\"SearchAction\",\"target\":{\"@type\":\"EntryPoint\",\"urlTemplate\":\"https:\/\/avalencia.com\/de\/?s={search_term_string}\"},\"query-input\":{\"@type\":\"PropertyValueSpecification\",\"valueRequired\":true,\"valueName\":\"search_term_string\"}}],\"inLanguage\":\"de-DE\"},{\"@type\":\"Organization\",\"@id\":\"https:\/\/avalencia.com\/de\/#organization\",\"name\":\"Gu\u00eda Valencia\",\"url\":\"https:\/\/avalencia.com\/de\/\",\"logo\":{\"@type\":\"ImageObject\",\"inLanguage\":\"de-DE\",\"@id\":\"https:\/\/avalencia.com\/de\/#\/schema\/logo\/image\/\",\"url\":\"\",\"contentUrl\":\"\",\"caption\":\"Gu\u00eda Valencia\"},\"image\":{\"@id\":\"https:\/\/avalencia.com\/de\/#\/schema\/logo\/image\/\"},\"sameAs\":[\"https:\/\/www.facebook.com\/angela.marisoler\",\"https:\/\/x.com\/angelamari400\",\"https:\/\/www.instagram.com\/angelamarisoler\/\",\"https:\/\/www.linkedin.com\/feed\/?trk=guest_homepage-basic_sign-in-submit\",\"https:\/\/www.youtube.com\/channel\/UC4bWyTV2CWI65Qf0r1pjuXg?view_as=subscriber\"]}]}<\/script>\n<!-- \/ Yoast SEO plugin. -->","yoast_head_json":{"title":"Tapas Kostprobe in Valencia - mit Stadtf\u00fchrerin AValencia","description":"Rundgang durch die Altstadt von Valencia, um die typischen Tapas in drei verschiedenen Restaurants zu geniessen. Erleben Sie die Valencianische Nacht\u2728","robots":{"index":"index","follow":"follow","max-snippet":"max-snippet:-1","max-image-preview":"max-image-preview:large","max-video-preview":"max-video-preview:-1"},"canonical":"https:\/\/avalencia.com\/de\/tapas-kostprobe-in-valencia\/","og_locale":"de_DE","og_type":"article","og_title":"Tapas Kostprobe in Valencia - mit Stadtf\u00fchrerin AValencia","og_description":"Rundgang durch die Altstadt von Valencia, um die typischen Tapas in drei verschiedenen Restaurants zu geniessen. Erleben Sie die Valencianische Nacht\u2728","og_url":"https:\/\/avalencia.com\/de\/tapas-kostprobe-in-valencia\/","og_site_name":"AVALENCIA","article_publisher":"https:\/\/www.facebook.com\/angela.marisoler","article_modified_time":"2022-11-29T11:30:16+00:00","og_image":[{"width":761,"height":393,"url":"https:\/\/avalencia.com\/wp-content\/uploads\/2022\/07\/destacada-rutatapas-011.jpg--e1658745225572.webp","type":"image\/webp"}],"twitter_card":"summary_large_image","twitter_site":"@angelamari400","twitter_misc":{"Est. reading time":"3 minutes"},"schema":{"@context":"https:\/\/schema.org","@graph":[{"@type":"WebPage","@id":"https:\/\/avalencia.com\/de\/tapas-kostprobe-in-valencia\/","url":"https:\/\/avalencia.com\/de\/tapas-kostprobe-in-valencia\/","name":"Tapas Kostprobe in Valencia - mit Stadtf\u00fchrerin AValencia","isPartOf":{"@id":"https:\/\/avalencia.com\/de\/#website"},"primaryImageOfPage":{"@id":"https:\/\/avalencia.com\/de\/tapas-kostprobe-in-valencia\/#primaryimage"},"image":{"@id":"https:\/\/avalencia.com\/de\/tapas-kostprobe-in-valencia\/#primaryimage"},"thumbnailUrl":"https:\/\/avalencia.com\/wp-content\/uploads\/2022\/07\/destacada-rutatapas-011.jpg--e1658745225572.webp","datePublished":"2018-03-31T18:49:04+00:00","dateModified":"2022-11-29T11:30:16+00:00","description":"Rundgang durch die Altstadt von Valencia, um die typischen Tapas in drei verschiedenen Restaurants zu geniessen. Erleben Sie die Valencianische Nacht\u2728","breadcrumb":{"@id":"https:\/\/avalencia.com\/de\/tapas-kostprobe-in-valencia\/#breadcrumb"},"inLanguage":"de-DE","potentialAction":[{"@type":"ReadAction","target":["https:\/\/avalencia.com\/de\/tapas-kostprobe-in-valencia\/"]}]},{"@type":"ImageObject","inLanguage":"de-DE","@id":"https:\/\/avalencia.com\/de\/tapas-kostprobe-in-valencia\/#primaryimage","url":"https:\/\/avalencia.com\/wp-content\/uploads\/2022\/07\/destacada-rutatapas-011.jpg--e1658745225572.webp","contentUrl":"https:\/\/avalencia.com\/wp-content\/uploads\/2022\/07\/destacada-rutatapas-011.jpg--e1658745225572.webp","width":761,"height":393},{"@type":"BreadcrumbList","@id":"https:\/\/avalencia.com\/de\/tapas-kostprobe-in-valencia\/#breadcrumb","itemListElement":[{"@type":"ListItem","position":1,"name":"Portada","item":"https:\/\/avalencia.com\/de\/"},{"@type":"ListItem","position":2,"name":"Tapas Kostprobe in Valencia"}]},{"@type":"WebSite","@id":"https:\/\/avalencia.com\/de\/#website","url":"https:\/\/avalencia.com\/de\/","name":"AVALENCIA","description":"Visitas culturales por Valencia y alrededores","publisher":{"@id":"https:\/\/avalencia.com\/de\/#organization"},"potentialAction":[{"@type":"SearchAction","target":{"@type":"EntryPoint","urlTemplate":"https:\/\/avalencia.com\/de\/?s={search_term_string}"},"query-input":{"@type":"PropertyValueSpecification","valueRequired":true,"valueName":"search_term_string"}}],"inLanguage":"de-DE"},{"@type":"Organization","@id":"https:\/\/avalencia.com\/de\/#organization","name":"Gu\u00eda Valencia","url":"https:\/\/avalencia.com\/de\/","logo":{"@type":"ImageObject","inLanguage":"de-DE","@id":"https:\/\/avalencia.com\/de\/#\/schema\/logo\/image\/","url":"","contentUrl":"","caption":"Gu\u00eda Valencia"},"image":{"@id":"https:\/\/avalencia.com\/de\/#\/schema\/logo\/image\/"},"sameAs":["https:\/\/www.facebook.com\/angela.marisoler","https:\/\/x.com\/angelamari400","https:\/\/www.instagram.com\/angelamarisoler\/","https:\/\/www.linkedin.com\/feed\/?trk=guest_homepage-basic_sign-in-submit","https:\/\/www.youtube.com\/channel\/UC4bWyTV2CWI65Qf0r1pjuXg?view_as=subscriber"]}]}},"featured_image_src":"https:\/\/avalencia.com\/wp-content\/uploads\/2022\/07\/destacada-rutatapas-011.jpg--600x393.webp","featured_image_src_square":"https:\/\/avalencia.com\/wp-content\/uploads\/2022\/07\/destacada-rutatapas-011.jpg--600x393.webp","_links":{"self":[{"href":"https:\/\/avalencia.com\/de\/wp-json\/wp\/v2\/pages\/5771","targetHints":{"allow":["GET"]}}],"collection":[{"href":"https:\/\/avalencia.com\/de\/wp-json\/wp\/v2\/pages"}],"about":[{"href":"https:\/\/avalencia.com\/de\/wp-json\/wp\/v2\/types\/page"}],"author":[{"embeddable":true,"href":"https:\/\/avalencia.com\/de\/wp-json\/wp\/v2\/users\/3"}],"replies":[{"embeddable":true,"href":"https:\/\/avalencia.com\/de\/wp-json\/wp\/v2\/comments?post=5771"}],"version-history":[{"count":0,"href":"https:\/\/avalencia.com\/de\/wp-json\/wp\/v2\/pages\/5771\/revisions"}],"wp:featuredmedia":[{"embeddable":true,"href":"https:\/\/avalencia.com\/de\/wp-json\/wp\/v2\/media\/16255"}],"wp:attachment":[{"href":"https:\/\/avalencia.com\/de\/wp-json\/wp\/v2\/media?parent=5771"}],"curies":[{"name":"wp","href":"https:\/\/api.w.org\/{rel}","templated":true}]}}