{"id":5787,"date":"2018-04-01T13:16:08","date_gmt":"2018-04-01T13:16:08","guid":{"rendered":"https:\/\/avalencia.com\/keramikmuseum-von-manises\/"},"modified":"2022-09-01T07:43:20","modified_gmt":"2022-09-01T07:43:20","slug":"keramikmuseum-von-manises-valencia","status":"publish","type":"page","link":"https:\/\/avalencia.com\/de\/keramikmuseum-von-manises-valencia\/","title":{"rendered":"Keramikmuseum von Manises Valencia"},"content":{"rendered":"\n<p><strong><em>MANISES T\u00d6PFEREIMUSEUM<\/em><\/strong><\/p>\n\n\n\n<p>Kurzer Rundgang durch die Stadt und Besuch einer Fabrik, um die Herstellung von Keramik zu sehen.<\/p>\n\n\n\n<p>Die Keramik von Manises ist eine der am meisten gesch\u00e4tzten Keramiken, da unsere St\u00fccke in den wichtigsten Museen der Welt, in den Schl\u00f6ssern und Pal\u00e4sten der K\u00f6nige von ganz Europa sowie in wertvollen Keramiksammlungen zu finden sind, und sie ist eine obligatorische Referenz in jeder Keramikstudie oder -untersuchung.<\/p>\n\n\n\n<figure class=\"wp-block-gallery has-nested-images columns-default is-cropped wp-block-gallery-1 is-layout-flex wp-block-gallery-is-layout-flex\">\n<figure class=\"wp-block-image size-large\"><a href=\"https:\/\/avalencia.com\/wp-content\/uploads\/2022\/08\/01-Manises-1.webp\"><img decoding=\"async\" width=\"900\" height=\"621\" data-id=\"17177\" src=\"https:\/\/avalencia.com\/wp-content\/uploads\/2022\/08\/01-Manises-1.webp\" alt=\"Museum von Manises Valencia\" class=\"wp-image-17177\" srcset=\"https:\/\/avalencia.com\/wp-content\/uploads\/2022\/08\/01-Manises-1.webp 900w, https:\/\/avalencia.com\/wp-content\/uploads\/2022\/08\/01-Manises-1-300x207.webp 300w, https:\/\/avalencia.com\/wp-content\/uploads\/2022\/08\/01-Manises-1-768x530.webp 768w, https:\/\/avalencia.com\/wp-content\/uploads\/2022\/08\/01-Manises-1-705x486.webp 705w\" sizes=\"(max-width: 900px) 100vw, 900px\" \/><\/a><\/figure>\n\n\n\n<figure class=\"wp-block-image size-large\"><a href=\"https:\/\/avalencia.com\/wp-content\/uploads\/2022\/08\/02-Manises-jpg-1.webp\"><img decoding=\"async\" width=\"900\" height=\"641\" data-id=\"17182\" src=\"https:\/\/avalencia.com\/wp-content\/uploads\/2022\/08\/02-Manises-jpg-1.webp\" alt=\"Keramik Museum von Manises Valencia\" class=\"wp-image-17182\" srcset=\"https:\/\/avalencia.com\/wp-content\/uploads\/2022\/08\/02-Manises-jpg-1.webp 900w, https:\/\/avalencia.com\/wp-content\/uploads\/2022\/08\/02-Manises-jpg-1-300x214.webp 300w, https:\/\/avalencia.com\/wp-content\/uploads\/2022\/08\/02-Manises-jpg-1-768x547.webp 768w, https:\/\/avalencia.com\/wp-content\/uploads\/2022\/08\/02-Manises-jpg-1-260x185.webp 260w, https:\/\/avalencia.com\/wp-content\/uploads\/2022\/08\/02-Manises-jpg-1-705x502.webp 705w\" sizes=\"(max-width: 900px) 100vw, 900px\" \/><\/a><\/figure>\n\n\n\n<figure class=\"wp-block-image size-large\"><a href=\"https:\/\/avalencia.com\/wp-content\/uploads\/2022\/08\/03-Manises-09-08-2022-1.webp\"><img decoding=\"async\" width=\"900\" height=\"653\" data-id=\"17187\" src=\"https:\/\/avalencia.com\/wp-content\/uploads\/2022\/08\/03-Manises-09-08-2022-1.webp\" alt=\"Keramik Valencia\" class=\"wp-image-17187\" srcset=\"https:\/\/avalencia.com\/wp-content\/uploads\/2022\/08\/03-Manises-09-08-2022-1.webp 900w, https:\/\/avalencia.com\/wp-content\/uploads\/2022\/08\/03-Manises-09-08-2022-1-300x218.webp 300w, https:\/\/avalencia.com\/wp-content\/uploads\/2022\/08\/03-Manises-09-08-2022-1-768x557.webp 768w, https:\/\/avalencia.com\/wp-content\/uploads\/2022\/08\/03-Manises-09-08-2022-1-705x512.webp 705w\" sizes=\"(max-width: 900px) 100vw, 900px\" \/><\/a><\/figure>\n<\/figure>\n\n\n\n<p class=\"has-text-align-center\"><em>Besuch einer Fabrik oder Werkstatt, um <\/em><br><em>die Herstellung von Keramik zu sehen.<\/em><\/p>\n\n\n\n<p><strong><a href=\"http:\/\/www.manises.es\/es\/ayto\/museos\/mcm\" target=\"_blank\" rel=\"noreferrer noopener\">Das Keramikmuseum von Manises<\/a><\/strong> ist in einem alten Haus aus dem 18. Jahrhundert untergebracht, das der Familie Casanova Dalf\u00f3-Sanchis Causa geh\u00f6rt und das der Gemeinde f\u00fcr die Einrichtung eines st\u00e4dtischen Museums zur Verf\u00fcgung gestellt wurde. Das Museum zeigt eine vollst\u00e4ndige Sammlung der in Manises hergestellten Keramiken vom 14. Jahrhundert bis zur ersten H\u00e4lfte des 20 Jahrhunderts.<br>Ein kurzer Besuch der Avenida Blasco Ib\u00e1\u00f1ez, eine moderne Allee, in der man folgendes besichtigen kann: das Denkmal f\u00fcr den T\u00f6pfer aus Manises Herrn Jos\u00e9 Gimeno Mart\u00ednez, einen au\u00dfergew\u00f6hnlichen Handwerker Spaniens, das Denkmal des Kreuzes der Gefallenen und Keramikmonolithe. Entlang dieser Allee k\u00f6nnen wir einige Objekte in den verschiedenen Keramikgesch\u00e4ften erwerben.<\/p>\n\n\n<div class=\"wp-block-image\">\n<figure class=\"aligncenter size-full is-resized\"><img decoding=\"async\" src=\"https:\/\/avalencia.com\/wp-content\/uploads\/2022\/08\/Jose-Gimeno-Martinez-1-1.webp\" alt=\"Manises-Keramik\" class=\"wp-image-17192\" width=\"581\" height=\"426\" srcset=\"https:\/\/avalencia.com\/wp-content\/uploads\/2022\/08\/Jose-Gimeno-Martinez-1-1.webp 874w, https:\/\/avalencia.com\/wp-content\/uploads\/2022\/08\/Jose-Gimeno-Martinez-1-1-300x221.webp 300w, https:\/\/avalencia.com\/wp-content\/uploads\/2022\/08\/Jose-Gimeno-Martinez-1-1-768x565.webp 768w\" sizes=\"(max-width: 581px) 100vw, 581px\" \/><\/figure><\/div>\n\n\n<p class=\"has-text-align-center\"><em>Herr Jos\u00e9 Gimeno Mart\u00ednez \u2013 Au\u00dfergew\u00f6hnlicher Keramiker<\/em><\/p>\n\n\n\n<p><em><strong>F\u00fcr weitere Informationen rufen<\/strong><\/em> <strong>Sie bitte an<\/strong>:<\/p>\n\n\n\n<div class=\"wp-block-buttons is-content-justification-left is-layout-flex wp-container-core-buttons-is-layout-1 wp-block-buttons-is-layout-flex\">\n<div class=\"wp-block-button\"><a class=\"wp-block-button__link\" href=\"https:\/\/avalencia.com\/de\/kontakt\/\" target=\"_blank\" rel=\"noreferrer noopener\">Kontakt<\/a><\/div>\n<\/div>\n\n\n\n<div style=\"height:52px\" aria-hidden=\"true\" class=\"wp-block-spacer\"><\/div>\n\n\n<div  class='av-social-sharing-box  avia-builder-el-0  avia-builder-el-no-sibling  '><div class='av-share-box'><h5 class='av-share-link-description av-no-toc '>Teilen Sie mit<\/h5><ul class='av-share-box-list noLightbox'><li class='av-share-link av-social-link-facebook' ><a target=\"_blank\" aria-label=\"Teilen auf Facebook\" href='https:\/\/www.facebook.com\/sharer.php?u=https:\/\/avalencia.com\/de\/keramikmuseum-von-manises-valencia\/&#038;t=Keramikmuseum%20von%20Manises%20Valencia' aria-hidden='false' data-av_icon='\ue8f3' data-av_iconfont='entypo-fontello' title='' data-avia-related-tooltip='Teilen auf Facebook' rel=\"noopener\"><span class='avia_hidden_link_text'>Teilen auf Facebook<\/span><\/a><\/li><li class='av-share-link av-social-link-twitter' ><a target=\"_blank\" aria-label=\"Teilen auf Twitter\" href='https:\/\/twitter.com\/share?text=Keramikmuseum%20von%20Manises%20Valencia&#038;url=https:\/\/avalencia.com\/de\/?p=5787' aria-hidden='false' data-av_icon='\ue8f1' data-av_iconfont='entypo-fontello' title='' data-avia-related-tooltip='Teilen auf Twitter' rel=\"noopener\"><span class='avia_hidden_link_text'>Teilen auf Twitter<\/span><\/a><\/li><li class='av-share-link av-social-link-pinterest' ><a target=\"_blank\" aria-label=\"Teilen auf Pinterest\" href='https:\/\/pinterest.com\/pin\/create\/button\/?url=https%3A%2F%2Favalencia.com%2Fde%2Fkeramikmuseum-von-manises-valencia%2F&#038;description=Keramikmuseum%20von%20Manises%20Valencia&#038;media=https%3A%2F%2Favalencia.com%2Fwp-content%2Fuploads%2F2022%2F08%2Fdestacada-Manises-museo_ceramica_manises_1-705x243.webp' aria-hidden='false' data-av_icon='\ue8f8' data-av_iconfont='entypo-fontello' title='' data-avia-related-tooltip='Teilen auf Pinterest' rel=\"noopener\"><span class='avia_hidden_link_text'>Teilen auf Pinterest<\/span><\/a><\/li><li class='av-share-link av-social-link-linkedin' ><a target=\"_blank\" aria-label=\"Teilen auf LinkedIn\" href='https:\/\/linkedin.com\/shareArticle?mini=true&#038;title=Keramikmuseum%20von%20Manises%20Valencia&#038;url=https:\/\/avalencia.com\/de\/keramikmuseum-von-manises-valencia\/' aria-hidden='false' data-av_icon='\ue8fc' data-av_iconfont='entypo-fontello' title='' data-avia-related-tooltip='Teilen auf LinkedIn' rel=\"noopener\"><span class='avia_hidden_link_text'>Teilen auf LinkedIn<\/span><\/a><\/li><li class='av-share-link av-social-link-mail' ><a  aria-label=\"Per E-Mail teilen\" href='mailto:?subject=Keramikmuseum%20von%20Manises%20Valencia&#038;body=https:\/\/avalencia.com\/de\/keramikmuseum-von-manises-valencia\/' aria-hidden='false' data-av_icon='\ue805' data-av_iconfont='entypo-fontello' title='' data-avia-related-tooltip='Per E-Mail teilen'><span class='avia_hidden_link_text'>Per E-Mail teilen<\/span><\/a><\/li><\/ul><\/div><\/div>\n","protected":false},"excerpt":{"rendered":"<p>Keramikmuseum von Manises<\/p>\n","protected":false},"author":3,"featured_media":17171,"parent":0,"menu_order":0,"comment_status":"closed","ping_status":"closed","template":"","meta":{"footnotes":""},"class_list":["post-5787","page","type-page","status-publish","has-post-thumbnail","hentry"],"yoast_head":"<!-- This site is optimized with the Yoast SEO plugin v26.8 - https:\/\/yoast.com\/product\/yoast-seo-wordpress\/ -->\n<title>Keramikmuseum von Manises Valencia - AVALENCIA<\/title>\n<meta name=\"description\" content=\"Kurzer Rundgang durch die Stadt und Besuch einer Fabrik, um die Herstellung von Keramik zu sehen.Die Keramik von Manises ist eine der am meisten gesch\u00e4tzten Keramiken\" \/>\n<meta name=\"robots\" content=\"index, follow, max-snippet:-1, max-image-preview:large, max-video-preview:-1\" \/>\n<link rel=\"canonical\" href=\"https:\/\/avalencia.com\/de\/keramikmuseum-von-manises-valencia\/\" \/>\n<meta property=\"og:locale\" content=\"de_DE\" \/>\n<meta property=\"og:type\" content=\"article\" \/>\n<meta property=\"og:title\" content=\"Keramikmuseum von Manises Valencia - AVALENCIA\" \/>\n<meta property=\"og:description\" content=\"Kurzer Rundgang durch die Stadt und Besuch einer Fabrik, um die Herstellung von Keramik zu sehen.Die Keramik von Manises ist eine der am meisten gesch\u00e4tzten Keramiken\" \/>\n<meta property=\"og:url\" content=\"https:\/\/avalencia.com\/de\/keramikmuseum-von-manises-valencia\/\" \/>\n<meta property=\"og:site_name\" content=\"AVALENCIA\" \/>\n<meta property=\"article:publisher\" content=\"https:\/\/www.facebook.com\/angela.marisoler\" \/>\n<meta property=\"article:modified_time\" content=\"2022-09-01T07:43:20+00:00\" \/>\n<meta property=\"og:image\" content=\"https:\/\/avalencia.com\/wp-content\/uploads\/2022\/08\/destacada-Manises-museo_ceramica_manises_1.webp\" \/>\n\t<meta property=\"og:image:width\" content=\"1000\" \/>\n\t<meta property=\"og:image:height\" content=\"344\" \/>\n\t<meta property=\"og:image:type\" content=\"image\/webp\" \/>\n<meta name=\"twitter:card\" content=\"summary_large_image\" \/>\n<meta name=\"twitter:site\" content=\"@angelamari400\" \/>\n<meta name=\"twitter:label1\" content=\"Est. reading time\" \/>\n\t<meta name=\"twitter:data1\" content=\"2 minutes\" \/>\n<script type=\"application\/ld+json\" class=\"yoast-schema-graph\">{\"@context\":\"https:\/\/schema.org\",\"@graph\":[{\"@type\":\"WebPage\",\"@id\":\"https:\/\/avalencia.com\/de\/keramikmuseum-von-manises-valencia\/\",\"url\":\"https:\/\/avalencia.com\/de\/keramikmuseum-von-manises-valencia\/\",\"name\":\"Keramikmuseum von Manises Valencia - AVALENCIA\",\"isPartOf\":{\"@id\":\"https:\/\/avalencia.com\/de\/#website\"},\"primaryImageOfPage\":{\"@id\":\"https:\/\/avalencia.com\/de\/keramikmuseum-von-manises-valencia\/#primaryimage\"},\"image\":{\"@id\":\"https:\/\/avalencia.com\/de\/keramikmuseum-von-manises-valencia\/#primaryimage\"},\"thumbnailUrl\":\"https:\/\/avalencia.com\/wp-content\/uploads\/2022\/08\/destacada-Manises-museo_ceramica_manises_1.webp\",\"datePublished\":\"2018-04-01T13:16:08+00:00\",\"dateModified\":\"2022-09-01T07:43:20+00:00\",\"description\":\"Kurzer Rundgang durch die Stadt und Besuch einer Fabrik, um die Herstellung von Keramik zu sehen.Die Keramik von Manises ist eine der am meisten gesch\u00e4tzten Keramiken\",\"breadcrumb\":{\"@id\":\"https:\/\/avalencia.com\/de\/keramikmuseum-von-manises-valencia\/#breadcrumb\"},\"inLanguage\":\"de-DE\",\"potentialAction\":[{\"@type\":\"ReadAction\",\"target\":[\"https:\/\/avalencia.com\/de\/keramikmuseum-von-manises-valencia\/\"]}]},{\"@type\":\"ImageObject\",\"inLanguage\":\"de-DE\",\"@id\":\"https:\/\/avalencia.com\/de\/keramikmuseum-von-manises-valencia\/#primaryimage\",\"url\":\"https:\/\/avalencia.com\/wp-content\/uploads\/2022\/08\/destacada-Manises-museo_ceramica_manises_1.webp\",\"contentUrl\":\"https:\/\/avalencia.com\/wp-content\/uploads\/2022\/08\/destacada-Manises-museo_ceramica_manises_1.webp\",\"width\":1000,\"height\":344},{\"@type\":\"BreadcrumbList\",\"@id\":\"https:\/\/avalencia.com\/de\/keramikmuseum-von-manises-valencia\/#breadcrumb\",\"itemListElement\":[{\"@type\":\"ListItem\",\"position\":1,\"name\":\"Portada\",\"item\":\"https:\/\/avalencia.com\/de\/\"},{\"@type\":\"ListItem\",\"position\":2,\"name\":\"Keramikmuseum von Manises Valencia\"}]},{\"@type\":\"WebSite\",\"@id\":\"https:\/\/avalencia.com\/de\/#website\",\"url\":\"https:\/\/avalencia.com\/de\/\",\"name\":\"AVALENCIA\",\"description\":\"Visitas culturales por Valencia y alrededores\",\"publisher\":{\"@id\":\"https:\/\/avalencia.com\/de\/#organization\"},\"potentialAction\":[{\"@type\":\"SearchAction\",\"target\":{\"@type\":\"EntryPoint\",\"urlTemplate\":\"https:\/\/avalencia.com\/de\/?s={search_term_string}\"},\"query-input\":{\"@type\":\"PropertyValueSpecification\",\"valueRequired\":true,\"valueName\":\"search_term_string\"}}],\"inLanguage\":\"de-DE\"},{\"@type\":\"Organization\",\"@id\":\"https:\/\/avalencia.com\/de\/#organization\",\"name\":\"Gu\u00eda Valencia\",\"url\":\"https:\/\/avalencia.com\/de\/\",\"logo\":{\"@type\":\"ImageObject\",\"inLanguage\":\"de-DE\",\"@id\":\"https:\/\/avalencia.com\/de\/#\/schema\/logo\/image\/\",\"url\":\"\",\"contentUrl\":\"\",\"caption\":\"Gu\u00eda Valencia\"},\"image\":{\"@id\":\"https:\/\/avalencia.com\/de\/#\/schema\/logo\/image\/\"},\"sameAs\":[\"https:\/\/www.facebook.com\/angela.marisoler\",\"https:\/\/x.com\/angelamari400\",\"https:\/\/www.instagram.com\/angelamarisoler\/\",\"https:\/\/www.linkedin.com\/feed\/?trk=guest_homepage-basic_sign-in-submit\",\"https:\/\/www.youtube.com\/channel\/UC4bWyTV2CWI65Qf0r1pjuXg?view_as=subscriber\"]}]}<\/script>\n<!-- \/ Yoast SEO plugin. -->","yoast_head_json":{"title":"Keramikmuseum von Manises Valencia - AVALENCIA","description":"Kurzer Rundgang durch die Stadt und Besuch einer Fabrik, um die Herstellung von Keramik zu sehen.Die Keramik von Manises ist eine der am meisten gesch\u00e4tzten Keramiken","robots":{"index":"index","follow":"follow","max-snippet":"max-snippet:-1","max-image-preview":"max-image-preview:large","max-video-preview":"max-video-preview:-1"},"canonical":"https:\/\/avalencia.com\/de\/keramikmuseum-von-manises-valencia\/","og_locale":"de_DE","og_type":"article","og_title":"Keramikmuseum von Manises Valencia - AVALENCIA","og_description":"Kurzer Rundgang durch die Stadt und Besuch einer Fabrik, um die Herstellung von Keramik zu sehen.Die Keramik von Manises ist eine der am meisten gesch\u00e4tzten Keramiken","og_url":"https:\/\/avalencia.com\/de\/keramikmuseum-von-manises-valencia\/","og_site_name":"AVALENCIA","article_publisher":"https:\/\/www.facebook.com\/angela.marisoler","article_modified_time":"2022-09-01T07:43:20+00:00","og_image":[{"width":1000,"height":344,"url":"https:\/\/avalencia.com\/wp-content\/uploads\/2022\/08\/destacada-Manises-museo_ceramica_manises_1.webp","type":"image\/webp"}],"twitter_card":"summary_large_image","twitter_site":"@angelamari400","twitter_misc":{"Est. reading time":"2 minutes"},"schema":{"@context":"https:\/\/schema.org","@graph":[{"@type":"WebPage","@id":"https:\/\/avalencia.com\/de\/keramikmuseum-von-manises-valencia\/","url":"https:\/\/avalencia.com\/de\/keramikmuseum-von-manises-valencia\/","name":"Keramikmuseum von Manises Valencia - AVALENCIA","isPartOf":{"@id":"https:\/\/avalencia.com\/de\/#website"},"primaryImageOfPage":{"@id":"https:\/\/avalencia.com\/de\/keramikmuseum-von-manises-valencia\/#primaryimage"},"image":{"@id":"https:\/\/avalencia.com\/de\/keramikmuseum-von-manises-valencia\/#primaryimage"},"thumbnailUrl":"https:\/\/avalencia.com\/wp-content\/uploads\/2022\/08\/destacada-Manises-museo_ceramica_manises_1.webp","datePublished":"2018-04-01T13:16:08+00:00","dateModified":"2022-09-01T07:43:20+00:00","description":"Kurzer Rundgang durch die Stadt und Besuch einer Fabrik, um die Herstellung von Keramik zu sehen.Die Keramik von Manises ist eine der am meisten gesch\u00e4tzten Keramiken","breadcrumb":{"@id":"https:\/\/avalencia.com\/de\/keramikmuseum-von-manises-valencia\/#breadcrumb"},"inLanguage":"de-DE","potentialAction":[{"@type":"ReadAction","target":["https:\/\/avalencia.com\/de\/keramikmuseum-von-manises-valencia\/"]}]},{"@type":"ImageObject","inLanguage":"de-DE","@id":"https:\/\/avalencia.com\/de\/keramikmuseum-von-manises-valencia\/#primaryimage","url":"https:\/\/avalencia.com\/wp-content\/uploads\/2022\/08\/destacada-Manises-museo_ceramica_manises_1.webp","contentUrl":"https:\/\/avalencia.com\/wp-content\/uploads\/2022\/08\/destacada-Manises-museo_ceramica_manises_1.webp","width":1000,"height":344},{"@type":"BreadcrumbList","@id":"https:\/\/avalencia.com\/de\/keramikmuseum-von-manises-valencia\/#breadcrumb","itemListElement":[{"@type":"ListItem","position":1,"name":"Portada","item":"https:\/\/avalencia.com\/de\/"},{"@type":"ListItem","position":2,"name":"Keramikmuseum von Manises Valencia"}]},{"@type":"WebSite","@id":"https:\/\/avalencia.com\/de\/#website","url":"https:\/\/avalencia.com\/de\/","name":"AVALENCIA","description":"Visitas culturales por Valencia y alrededores","publisher":{"@id":"https:\/\/avalencia.com\/de\/#organization"},"potentialAction":[{"@type":"SearchAction","target":{"@type":"EntryPoint","urlTemplate":"https:\/\/avalencia.com\/de\/?s={search_term_string}"},"query-input":{"@type":"PropertyValueSpecification","valueRequired":true,"valueName":"search_term_string"}}],"inLanguage":"de-DE"},{"@type":"Organization","@id":"https:\/\/avalencia.com\/de\/#organization","name":"Gu\u00eda Valencia","url":"https:\/\/avalencia.com\/de\/","logo":{"@type":"ImageObject","inLanguage":"de-DE","@id":"https:\/\/avalencia.com\/de\/#\/schema\/logo\/image\/","url":"","contentUrl":"","caption":"Gu\u00eda Valencia"},"image":{"@id":"https:\/\/avalencia.com\/de\/#\/schema\/logo\/image\/"},"sameAs":["https:\/\/www.facebook.com\/angela.marisoler","https:\/\/x.com\/angelamari400","https:\/\/www.instagram.com\/angelamarisoler\/","https:\/\/www.linkedin.com\/feed\/?trk=guest_homepage-basic_sign-in-submit","https:\/\/www.youtube.com\/channel\/UC4bWyTV2CWI65Qf0r1pjuXg?view_as=subscriber"]}]}},"featured_image_src":"https:\/\/avalencia.com\/wp-content\/uploads\/2022\/08\/destacada-Manises-museo_ceramica_manises_1-600x344.webp","featured_image_src_square":"https:\/\/avalencia.com\/wp-content\/uploads\/2022\/08\/destacada-Manises-museo_ceramica_manises_1-600x344.webp","_links":{"self":[{"href":"https:\/\/avalencia.com\/de\/wp-json\/wp\/v2\/pages\/5787","targetHints":{"allow":["GET"]}}],"collection":[{"href":"https:\/\/avalencia.com\/de\/wp-json\/wp\/v2\/pages"}],"about":[{"href":"https:\/\/avalencia.com\/de\/wp-json\/wp\/v2\/types\/page"}],"author":[{"embeddable":true,"href":"https:\/\/avalencia.com\/de\/wp-json\/wp\/v2\/users\/3"}],"replies":[{"embeddable":true,"href":"https:\/\/avalencia.com\/de\/wp-json\/wp\/v2\/comments?post=5787"}],"version-history":[{"count":0,"href":"https:\/\/avalencia.com\/de\/wp-json\/wp\/v2\/pages\/5787\/revisions"}],"wp:featuredmedia":[{"embeddable":true,"href":"https:\/\/avalencia.com\/de\/wp-json\/wp\/v2\/media\/17171"}],"wp:attachment":[{"href":"https:\/\/avalencia.com\/de\/wp-json\/wp\/v2\/media?parent=5787"}],"curies":[{"name":"wp","href":"https:\/\/api.w.org\/{rel}","templated":true}]}}