{"id":5797,"date":"2018-05-01T21:16:33","date_gmt":"2018-05-01T21:16:33","guid":{"rendered":"https:\/\/avalencia.com\/gruppe-1-fotos\/"},"modified":"2022-08-17T16:59:19","modified_gmt":"2022-08-17T16:59:19","slug":"gruppe-1-fotos","status":"publish","type":"page","link":"https:\/\/avalencia.com\/de\/gruppe-1-fotos\/","title":{"rendered":"Gruppe 1 Fotos"},"content":{"rendered":"\n<figure class=\"wp-block-gallery has-nested-images columns-default is-cropped wp-block-gallery-1 is-layout-flex wp-block-gallery-is-layout-flex\">\n<figure class=\"wp-block-image size-large\"><img decoding=\"async\" width=\"900\" height=\"675\" data-id=\"17504\" src=\"https:\/\/avalencia.com\/wp-content\/uploads\/2022\/08\/01-GP01-GP-Rafa-Itinerario-Albufera-03-08-2020-webp.webp\" alt=\"\" class=\"wp-image-17504\" srcset=\"https:\/\/avalencia.com\/wp-content\/uploads\/2022\/08\/01-GP01-GP-Rafa-Itinerario-Albufera-03-08-2020-webp.webp 900w, https:\/\/avalencia.com\/wp-content\/uploads\/2022\/08\/01-GP01-GP-Rafa-Itinerario-Albufera-03-08-2020-webp-300x225.webp 300w, https:\/\/avalencia.com\/wp-content\/uploads\/2022\/08\/01-GP01-GP-Rafa-Itinerario-Albufera-03-08-2020-webp-768x576.webp 768w, https:\/\/avalencia.com\/wp-content\/uploads\/2022\/08\/01-GP01-GP-Rafa-Itinerario-Albufera-03-08-2020-webp-705x529.webp 705w\" sizes=\"(max-width: 900px) 100vw, 900px\" \/><\/figure>\n\n\n\n<figure class=\"wp-block-image size-large\"><img decoding=\"async\" width=\"900\" height=\"675\" data-id=\"17509\" src=\"https:\/\/avalencia.com\/wp-content\/uploads\/2022\/08\/02-GP01-GP-Rafa-Itinerario-Albufera-03-08-2020-02.webp\" alt=\"\" class=\"wp-image-17509\" srcset=\"https:\/\/avalencia.com\/wp-content\/uploads\/2022\/08\/02-GP01-GP-Rafa-Itinerario-Albufera-03-08-2020-02.webp 900w, https:\/\/avalencia.com\/wp-content\/uploads\/2022\/08\/02-GP01-GP-Rafa-Itinerario-Albufera-03-08-2020-02-300x225.webp 300w, https:\/\/avalencia.com\/wp-content\/uploads\/2022\/08\/02-GP01-GP-Rafa-Itinerario-Albufera-03-08-2020-02-768x576.webp 768w, https:\/\/avalencia.com\/wp-content\/uploads\/2022\/08\/02-GP01-GP-Rafa-Itinerario-Albufera-03-08-2020-02-705x529.webp 705w\" sizes=\"(max-width: 900px) 100vw, 900px\" \/><\/figure>\n\n\n\n<figure class=\"wp-block-image size-large\"><img decoding=\"async\" width=\"900\" height=\"675\" data-id=\"17514\" src=\"https:\/\/avalencia.com\/wp-content\/uploads\/2022\/08\/03-GP01-GP-Rafa-Itinerario-Albufera-03-08-2020-03.webp\" alt=\"\" class=\"wp-image-17514\" srcset=\"https:\/\/avalencia.com\/wp-content\/uploads\/2022\/08\/03-GP01-GP-Rafa-Itinerario-Albufera-03-08-2020-03.webp 900w, https:\/\/avalencia.com\/wp-content\/uploads\/2022\/08\/03-GP01-GP-Rafa-Itinerario-Albufera-03-08-2020-03-300x225.webp 300w, https:\/\/avalencia.com\/wp-content\/uploads\/2022\/08\/03-GP01-GP-Rafa-Itinerario-Albufera-03-08-2020-03-768x576.webp 768w, https:\/\/avalencia.com\/wp-content\/uploads\/2022\/08\/03-GP01-GP-Rafa-Itinerario-Albufera-03-08-2020-03-705x529.webp 705w\" sizes=\"(max-width: 900px) 100vw, 900px\" \/><\/figure>\n\n\n\n<figure class=\"wp-block-image size-large\"><img decoding=\"async\" width=\"900\" height=\"675\" data-id=\"17519\" src=\"https:\/\/avalencia.com\/wp-content\/uploads\/2022\/08\/04-GP01-GP-Rafa-Itinerario-Albufera-03-08-2020-04.webp\" alt=\"\" class=\"wp-image-17519\" srcset=\"https:\/\/avalencia.com\/wp-content\/uploads\/2022\/08\/04-GP01-GP-Rafa-Itinerario-Albufera-03-08-2020-04.webp 900w, https:\/\/avalencia.com\/wp-content\/uploads\/2022\/08\/04-GP01-GP-Rafa-Itinerario-Albufera-03-08-2020-04-300x225.webp 300w, https:\/\/avalencia.com\/wp-content\/uploads\/2022\/08\/04-GP01-GP-Rafa-Itinerario-Albufera-03-08-2020-04-768x576.webp 768w, https:\/\/avalencia.com\/wp-content\/uploads\/2022\/08\/04-GP01-GP-Rafa-Itinerario-Albufera-03-08-2020-04-705x529.webp 705w\" sizes=\"(max-width: 900px) 100vw, 900px\" \/><\/figure>\n\n\n\n<figure class=\"wp-block-image size-large\"><img decoding=\"async\" width=\"900\" height=\"675\" data-id=\"17524\" src=\"https:\/\/avalencia.com\/wp-content\/uploads\/2022\/08\/05-GP01-GP-Rafa-Itinerario-Albufera-03-08-2020-05.webp\" alt=\"\" class=\"wp-image-17524\" srcset=\"https:\/\/avalencia.com\/wp-content\/uploads\/2022\/08\/05-GP01-GP-Rafa-Itinerario-Albufera-03-08-2020-05.webp 900w, https:\/\/avalencia.com\/wp-content\/uploads\/2022\/08\/05-GP01-GP-Rafa-Itinerario-Albufera-03-08-2020-05-300x225.webp 300w, https:\/\/avalencia.com\/wp-content\/uploads\/2022\/08\/05-GP01-GP-Rafa-Itinerario-Albufera-03-08-2020-05-768x576.webp 768w, https:\/\/avalencia.com\/wp-content\/uploads\/2022\/08\/05-GP01-GP-Rafa-Itinerario-Albufera-03-08-2020-05-705x529.webp 705w\" sizes=\"(max-width: 900px) 100vw, 900px\" \/><\/figure>\n\n\n\n<figure class=\"wp-block-image size-large\"><img decoding=\"async\" width=\"900\" height=\"675\" data-id=\"17529\" src=\"https:\/\/avalencia.com\/wp-content\/uploads\/2022\/08\/06-GP01-GP-Rafa-Itinerario-Albufera-03-08-2020-06.webp\" alt=\"\" class=\"wp-image-17529\" srcset=\"https:\/\/avalencia.com\/wp-content\/uploads\/2022\/08\/06-GP01-GP-Rafa-Itinerario-Albufera-03-08-2020-06.webp 900w, https:\/\/avalencia.com\/wp-content\/uploads\/2022\/08\/06-GP01-GP-Rafa-Itinerario-Albufera-03-08-2020-06-300x225.webp 300w, https:\/\/avalencia.com\/wp-content\/uploads\/2022\/08\/06-GP01-GP-Rafa-Itinerario-Albufera-03-08-2020-06-768x576.webp 768w, https:\/\/avalencia.com\/wp-content\/uploads\/2022\/08\/06-GP01-GP-Rafa-Itinerario-Albufera-03-08-2020-06-705x529.webp 705w\" sizes=\"(max-width: 900px) 100vw, 900px\" \/><\/figure>\n\n\n\n<figure class=\"wp-block-image size-large\"><img decoding=\"async\" width=\"900\" height=\"675\" data-id=\"17534\" src=\"https:\/\/avalencia.com\/wp-content\/uploads\/2022\/08\/07-GP01-GP-Rafa-Itinerario-Albufera-03-08-2020-07.webp\" alt=\"\" class=\"wp-image-17534\" srcset=\"https:\/\/avalencia.com\/wp-content\/uploads\/2022\/08\/07-GP01-GP-Rafa-Itinerario-Albufera-03-08-2020-07.webp 900w, https:\/\/avalencia.com\/wp-content\/uploads\/2022\/08\/07-GP01-GP-Rafa-Itinerario-Albufera-03-08-2020-07-300x225.webp 300w, https:\/\/avalencia.com\/wp-content\/uploads\/2022\/08\/07-GP01-GP-Rafa-Itinerario-Albufera-03-08-2020-07-768x576.webp 768w, https:\/\/avalencia.com\/wp-content\/uploads\/2022\/08\/07-GP01-GP-Rafa-Itinerario-Albufera-03-08-2020-07-705x529.webp 705w\" sizes=\"(max-width: 900px) 100vw, 900px\" \/><\/figure>\n\n\n\n<figure class=\"wp-block-image size-large\"><img decoding=\"async\" width=\"900\" height=\"675\" data-id=\"17539\" src=\"https:\/\/avalencia.com\/wp-content\/uploads\/2022\/08\/08-GP01-GP-Rafa-Itinerario-Albufera-03-08-2020-08.webp\" alt=\"\" class=\"wp-image-17539\" srcset=\"https:\/\/avalencia.com\/wp-content\/uploads\/2022\/08\/08-GP01-GP-Rafa-Itinerario-Albufera-03-08-2020-08.webp 900w, https:\/\/avalencia.com\/wp-content\/uploads\/2022\/08\/08-GP01-GP-Rafa-Itinerario-Albufera-03-08-2020-08-300x225.webp 300w, https:\/\/avalencia.com\/wp-content\/uploads\/2022\/08\/08-GP01-GP-Rafa-Itinerario-Albufera-03-08-2020-08-768x576.webp 768w, https:\/\/avalencia.com\/wp-content\/uploads\/2022\/08\/08-GP01-GP-Rafa-Itinerario-Albufera-03-08-2020-08-705x529.webp 705w\" sizes=\"(max-width: 900px) 100vw, 900px\" \/><\/figure>\n\n\n\n<figure class=\"wp-block-image size-large\"><img decoding=\"async\" width=\"900\" height=\"675\" data-id=\"17544\" src=\"https:\/\/avalencia.com\/wp-content\/uploads\/2022\/08\/09-GP01-GP-Rafa-Itinerario-Albufera-03-08-2020-09.webp\" alt=\"\" class=\"wp-image-17544\" srcset=\"https:\/\/avalencia.com\/wp-content\/uploads\/2022\/08\/09-GP01-GP-Rafa-Itinerario-Albufera-03-08-2020-09.webp 900w, https:\/\/avalencia.com\/wp-content\/uploads\/2022\/08\/09-GP01-GP-Rafa-Itinerario-Albufera-03-08-2020-09-300x225.webp 300w, https:\/\/avalencia.com\/wp-content\/uploads\/2022\/08\/09-GP01-GP-Rafa-Itinerario-Albufera-03-08-2020-09-768x576.webp 768w, https:\/\/avalencia.com\/wp-content\/uploads\/2022\/08\/09-GP01-GP-Rafa-Itinerario-Albufera-03-08-2020-09-705x529.webp 705w\" sizes=\"(max-width: 900px) 100vw, 900px\" \/><\/figure>\n\n\n\n<figure class=\"wp-block-image size-large\"><img decoding=\"async\" width=\"900\" height=\"675\" data-id=\"17549\" src=\"https:\/\/avalencia.com\/wp-content\/uploads\/2022\/08\/10-GP01-GP-Rafa-Itinerario-Albufera-03-08-2020-10.webp\" alt=\"\" class=\"wp-image-17549\" srcset=\"https:\/\/avalencia.com\/wp-content\/uploads\/2022\/08\/10-GP01-GP-Rafa-Itinerario-Albufera-03-08-2020-10.webp 900w, https:\/\/avalencia.com\/wp-content\/uploads\/2022\/08\/10-GP01-GP-Rafa-Itinerario-Albufera-03-08-2020-10-300x225.webp 300w, https:\/\/avalencia.com\/wp-content\/uploads\/2022\/08\/10-GP01-GP-Rafa-Itinerario-Albufera-03-08-2020-10-768x576.webp 768w, https:\/\/avalencia.com\/wp-content\/uploads\/2022\/08\/10-GP01-GP-Rafa-Itinerario-Albufera-03-08-2020-10-705x529.webp 705w\" sizes=\"(max-width: 900px) 100vw, 900px\" \/><\/figure>\n<\/figure>\n\n\n\n<p class=\"has-text-align-center\"><strong>GRUPPE BONREPOS I MIRAMBELL<br><\/strong><\/p>\n\n\n\n<figure class=\"wp-block-gallery has-nested-images columns-default is-cropped wp-block-gallery-2 is-layout-flex wp-block-gallery-is-layout-flex\">\n<figure class=\"wp-block-image size-large\"><a href=\"https:\/\/avalencia.com\/wp-content\/uploads\/2022\/08\/01-GP-Bonrepos-13-03-2010-3-Internet.webp\"><img decoding=\"async\" width=\"950\" height=\"638\" data-id=\"17556\" src=\"https:\/\/avalencia.com\/wp-content\/uploads\/2022\/08\/01-GP-Bonrepos-13-03-2010-3-Internet.webp\" alt=\"\" class=\"wp-image-17556\" srcset=\"https:\/\/avalencia.com\/wp-content\/uploads\/2022\/08\/01-GP-Bonrepos-13-03-2010-3-Internet.webp 950w, https:\/\/avalencia.com\/wp-content\/uploads\/2022\/08\/01-GP-Bonrepos-13-03-2010-3-Internet-300x201.webp 300w, https:\/\/avalencia.com\/wp-content\/uploads\/2022\/08\/01-GP-Bonrepos-13-03-2010-3-Internet-768x516.webp 768w, https:\/\/avalencia.com\/wp-content\/uploads\/2022\/08\/01-GP-Bonrepos-13-03-2010-3-Internet-705x473.webp 705w\" sizes=\"(max-width: 950px) 100vw, 950px\" \/><\/a><\/figure>\n\n\n\n<figure class=\"wp-block-image size-large\"><a href=\"https:\/\/avalencia.com\/wp-content\/uploads\/2022\/08\/02-GP-Bonrepos-13-03-2010-6-Internet.webp\"><img decoding=\"async\" width=\"950\" height=\"638\" data-id=\"17561\" src=\"https:\/\/avalencia.com\/wp-content\/uploads\/2022\/08\/02-GP-Bonrepos-13-03-2010-6-Internet.webp\" alt=\"\" class=\"wp-image-17561\" srcset=\"https:\/\/avalencia.com\/wp-content\/uploads\/2022\/08\/02-GP-Bonrepos-13-03-2010-6-Internet.webp 950w, https:\/\/avalencia.com\/wp-content\/uploads\/2022\/08\/02-GP-Bonrepos-13-03-2010-6-Internet-300x201.webp 300w, https:\/\/avalencia.com\/wp-content\/uploads\/2022\/08\/02-GP-Bonrepos-13-03-2010-6-Internet-768x516.webp 768w, https:\/\/avalencia.com\/wp-content\/uploads\/2022\/08\/02-GP-Bonrepos-13-03-2010-6-Internet-705x473.webp 705w\" sizes=\"(max-width: 950px) 100vw, 950px\" \/><\/a><\/figure>\n\n\n\n<figure class=\"wp-block-image size-large\"><a href=\"https:\/\/avalencia.com\/wp-content\/uploads\/2022\/08\/03-GP-Bonrepos-13-03-2010-9-Internet.webp\"><img decoding=\"async\" width=\"950\" height=\"638\" data-id=\"17566\" src=\"https:\/\/avalencia.com\/wp-content\/uploads\/2022\/08\/03-GP-Bonrepos-13-03-2010-9-Internet.webp\" alt=\"\" class=\"wp-image-17566\" srcset=\"https:\/\/avalencia.com\/wp-content\/uploads\/2022\/08\/03-GP-Bonrepos-13-03-2010-9-Internet.webp 950w, https:\/\/avalencia.com\/wp-content\/uploads\/2022\/08\/03-GP-Bonrepos-13-03-2010-9-Internet-300x201.webp 300w, https:\/\/avalencia.com\/wp-content\/uploads\/2022\/08\/03-GP-Bonrepos-13-03-2010-9-Internet-768x516.webp 768w, https:\/\/avalencia.com\/wp-content\/uploads\/2022\/08\/03-GP-Bonrepos-13-03-2010-9-Internet-705x473.webp 705w\" sizes=\"(max-width: 950px) 100vw, 950px\" \/><\/a><\/figure>\n\n\n\n<figure class=\"wp-block-image size-large\"><a href=\"https:\/\/avalencia.com\/wp-content\/uploads\/2022\/08\/04-GP-Bonrepos-13-03-2010-11-Internet.webp\"><img decoding=\"async\" width=\"950\" height=\"638\" data-id=\"17571\" src=\"https:\/\/avalencia.com\/wp-content\/uploads\/2022\/08\/04-GP-Bonrepos-13-03-2010-11-Internet.webp\" alt=\"\" class=\"wp-image-17571\" srcset=\"https:\/\/avalencia.com\/wp-content\/uploads\/2022\/08\/04-GP-Bonrepos-13-03-2010-11-Internet.webp 950w, https:\/\/avalencia.com\/wp-content\/uploads\/2022\/08\/04-GP-Bonrepos-13-03-2010-11-Internet-300x201.webp 300w, https:\/\/avalencia.com\/wp-content\/uploads\/2022\/08\/04-GP-Bonrepos-13-03-2010-11-Internet-768x516.webp 768w, https:\/\/avalencia.com\/wp-content\/uploads\/2022\/08\/04-GP-Bonrepos-13-03-2010-11-Internet-705x473.webp 705w\" sizes=\"(max-width: 950px) 100vw, 950px\" \/><\/a><\/figure>\n\n\n\n<figure class=\"wp-block-image size-large\"><a href=\"https:\/\/avalencia.com\/wp-content\/uploads\/2022\/08\/05-GP-Bonrepos-13-03-2010-16-Internet.webp\"><img decoding=\"async\" width=\"950\" height=\"638\" data-id=\"17576\" src=\"https:\/\/avalencia.com\/wp-content\/uploads\/2022\/08\/05-GP-Bonrepos-13-03-2010-16-Internet.webp\" alt=\"\" class=\"wp-image-17576\" srcset=\"https:\/\/avalencia.com\/wp-content\/uploads\/2022\/08\/05-GP-Bonrepos-13-03-2010-16-Internet.webp 950w, https:\/\/avalencia.com\/wp-content\/uploads\/2022\/08\/05-GP-Bonrepos-13-03-2010-16-Internet-300x201.webp 300w, https:\/\/avalencia.com\/wp-content\/uploads\/2022\/08\/05-GP-Bonrepos-13-03-2010-16-Internet-768x516.webp 768w, https:\/\/avalencia.com\/wp-content\/uploads\/2022\/08\/05-GP-Bonrepos-13-03-2010-16-Internet-705x473.webp 705w\" sizes=\"(max-width: 950px) 100vw, 950px\" \/><\/a><\/figure>\n\n\n\n<figure class=\"wp-block-image size-large\"><a href=\"https:\/\/avalencia.com\/wp-content\/uploads\/2022\/08\/06-GP-Bonrepos-13-03-2010-20-Internet.webp\"><img decoding=\"async\" width=\"950\" height=\"638\" data-id=\"17581\" src=\"https:\/\/avalencia.com\/wp-content\/uploads\/2022\/08\/06-GP-Bonrepos-13-03-2010-20-Internet.webp\" alt=\"\" class=\"wp-image-17581\" srcset=\"https:\/\/avalencia.com\/wp-content\/uploads\/2022\/08\/06-GP-Bonrepos-13-03-2010-20-Internet.webp 950w, https:\/\/avalencia.com\/wp-content\/uploads\/2022\/08\/06-GP-Bonrepos-13-03-2010-20-Internet-300x201.webp 300w, https:\/\/avalencia.com\/wp-content\/uploads\/2022\/08\/06-GP-Bonrepos-13-03-2010-20-Internet-768x516.webp 768w, https:\/\/avalencia.com\/wp-content\/uploads\/2022\/08\/06-GP-Bonrepos-13-03-2010-20-Internet-705x473.webp 705w\" sizes=\"(max-width: 950px) 100vw, 950px\" \/><\/a><\/figure>\n\n\n\n<figure class=\"wp-block-image size-large\"><a href=\"https:\/\/avalencia.com\/wp-content\/uploads\/2022\/08\/07-GP-Bonrepos-13-03-2010-22-Internet.webp\"><img decoding=\"async\" width=\"950\" height=\"638\" data-id=\"17586\" src=\"https:\/\/avalencia.com\/wp-content\/uploads\/2022\/08\/07-GP-Bonrepos-13-03-2010-22-Internet.webp\" alt=\"\" class=\"wp-image-17586\" srcset=\"https:\/\/avalencia.com\/wp-content\/uploads\/2022\/08\/07-GP-Bonrepos-13-03-2010-22-Internet.webp 950w, https:\/\/avalencia.com\/wp-content\/uploads\/2022\/08\/07-GP-Bonrepos-13-03-2010-22-Internet-300x201.webp 300w, https:\/\/avalencia.com\/wp-content\/uploads\/2022\/08\/07-GP-Bonrepos-13-03-2010-22-Internet-768x516.webp 768w, https:\/\/avalencia.com\/wp-content\/uploads\/2022\/08\/07-GP-Bonrepos-13-03-2010-22-Internet-705x473.webp 705w\" sizes=\"(max-width: 950px) 100vw, 950px\" \/><\/a><\/figure>\n\n\n\n<figure class=\"wp-block-image size-large\"><a href=\"https:\/\/avalencia.com\/wp-content\/uploads\/2022\/08\/08-GP-Bonrepos-13-03-2010-25-Internet.webp\"><img decoding=\"async\" width=\"950\" height=\"638\" data-id=\"17591\" src=\"https:\/\/avalencia.com\/wp-content\/uploads\/2022\/08\/08-GP-Bonrepos-13-03-2010-25-Internet.webp\" alt=\"\" class=\"wp-image-17591\" srcset=\"https:\/\/avalencia.com\/wp-content\/uploads\/2022\/08\/08-GP-Bonrepos-13-03-2010-25-Internet.webp 950w, https:\/\/avalencia.com\/wp-content\/uploads\/2022\/08\/08-GP-Bonrepos-13-03-2010-25-Internet-300x201.webp 300w, https:\/\/avalencia.com\/wp-content\/uploads\/2022\/08\/08-GP-Bonrepos-13-03-2010-25-Internet-768x516.webp 768w, https:\/\/avalencia.com\/wp-content\/uploads\/2022\/08\/08-GP-Bonrepos-13-03-2010-25-Internet-705x473.webp 705w\" sizes=\"(max-width: 950px) 100vw, 950px\" \/><\/a><\/figure>\n\n\n\n<figure class=\"wp-block-image size-large\"><a href=\"https:\/\/avalencia.com\/wp-content\/uploads\/2022\/08\/08-GP-Bonrepos-13-03-2010-37-Internet.webp\"><img decoding=\"async\" width=\"950\" height=\"638\" data-id=\"17596\" src=\"https:\/\/avalencia.com\/wp-content\/uploads\/2022\/08\/08-GP-Bonrepos-13-03-2010-37-Internet.webp\" alt=\"\" class=\"wp-image-17596\" srcset=\"https:\/\/avalencia.com\/wp-content\/uploads\/2022\/08\/08-GP-Bonrepos-13-03-2010-37-Internet.webp 950w, https:\/\/avalencia.com\/wp-content\/uploads\/2022\/08\/08-GP-Bonrepos-13-03-2010-37-Internet-300x201.webp 300w, https:\/\/avalencia.com\/wp-content\/uploads\/2022\/08\/08-GP-Bonrepos-13-03-2010-37-Internet-768x516.webp 768w, https:\/\/avalencia.com\/wp-content\/uploads\/2022\/08\/08-GP-Bonrepos-13-03-2010-37-Internet-705x473.webp 705w\" sizes=\"(max-width: 950px) 100vw, 950px\" \/><\/a><\/figure>\n\n\n\n<figure class=\"wp-block-image size-large\"><a href=\"https:\/\/avalencia.com\/wp-content\/uploads\/2022\/08\/09-GP-Bonrepos-13-03-2010-30-Internet.webp\"><img decoding=\"async\" width=\"974\" height=\"654\" data-id=\"17601\" src=\"https:\/\/avalencia.com\/wp-content\/uploads\/2022\/08\/09-GP-Bonrepos-13-03-2010-30-Internet.webp\" alt=\"\" class=\"wp-image-17601\" srcset=\"https:\/\/avalencia.com\/wp-content\/uploads\/2022\/08\/09-GP-Bonrepos-13-03-2010-30-Internet.webp 974w, https:\/\/avalencia.com\/wp-content\/uploads\/2022\/08\/09-GP-Bonrepos-13-03-2010-30-Internet-300x201.webp 300w, https:\/\/avalencia.com\/wp-content\/uploads\/2022\/08\/09-GP-Bonrepos-13-03-2010-30-Internet-768x516.webp 768w, https:\/\/avalencia.com\/wp-content\/uploads\/2022\/08\/09-GP-Bonrepos-13-03-2010-30-Internet-705x473.webp 705w\" sizes=\"(max-width: 974px) 100vw, 974px\" \/><\/a><\/figure>\n\n\n\n<figure class=\"wp-block-image size-large\"><a href=\"https:\/\/avalencia.com\/wp-content\/uploads\/2022\/08\/10-GP-Bonrepos-13-03-2010-33-Internet.webp\"><img decoding=\"async\" width=\"950\" height=\"638\" data-id=\"17606\" src=\"https:\/\/avalencia.com\/wp-content\/uploads\/2022\/08\/10-GP-Bonrepos-13-03-2010-33-Internet.webp\" alt=\"\" class=\"wp-image-17606\" srcset=\"https:\/\/avalencia.com\/wp-content\/uploads\/2022\/08\/10-GP-Bonrepos-13-03-2010-33-Internet.webp 950w, https:\/\/avalencia.com\/wp-content\/uploads\/2022\/08\/10-GP-Bonrepos-13-03-2010-33-Internet-300x201.webp 300w, https:\/\/avalencia.com\/wp-content\/uploads\/2022\/08\/10-GP-Bonrepos-13-03-2010-33-Internet-768x516.webp 768w, https:\/\/avalencia.com\/wp-content\/uploads\/2022\/08\/10-GP-Bonrepos-13-03-2010-33-Internet-705x473.webp 705w\" sizes=\"(max-width: 950px) 100vw, 950px\" \/><\/a><\/figure>\n\n\n\n<figure class=\"wp-block-image size-large\"><a href=\"https:\/\/avalencia.com\/wp-content\/uploads\/2022\/08\/12-GP-Bonrepos-13-03-2010-35-Internet.webp\"><img decoding=\"async\" width=\"950\" height=\"638\" data-id=\"17611\" src=\"https:\/\/avalencia.com\/wp-content\/uploads\/2022\/08\/12-GP-Bonrepos-13-03-2010-35-Internet.webp\" alt=\"\" class=\"wp-image-17611\" srcset=\"https:\/\/avalencia.com\/wp-content\/uploads\/2022\/08\/12-GP-Bonrepos-13-03-2010-35-Internet.webp 950w, https:\/\/avalencia.com\/wp-content\/uploads\/2022\/08\/12-GP-Bonrepos-13-03-2010-35-Internet-300x201.webp 300w, https:\/\/avalencia.com\/wp-content\/uploads\/2022\/08\/12-GP-Bonrepos-13-03-2010-35-Internet-768x516.webp 768w, https:\/\/avalencia.com\/wp-content\/uploads\/2022\/08\/12-GP-Bonrepos-13-03-2010-35-Internet-705x473.webp 705w\" sizes=\"(max-width: 950px) 100vw, 950px\" \/><\/a><\/figure>\n\n\n\n<figure class=\"wp-block-image size-large\"><a href=\"https:\/\/avalencia.com\/wp-content\/uploads\/2022\/08\/13-GP-Bonrepos-13-03-2010-36-Internet.webp\"><img decoding=\"async\" width=\"950\" height=\"638\" data-id=\"17616\" src=\"https:\/\/avalencia.com\/wp-content\/uploads\/2022\/08\/13-GP-Bonrepos-13-03-2010-36-Internet.webp\" alt=\"\" class=\"wp-image-17616\" srcset=\"https:\/\/avalencia.com\/wp-content\/uploads\/2022\/08\/13-GP-Bonrepos-13-03-2010-36-Internet.webp 950w, https:\/\/avalencia.com\/wp-content\/uploads\/2022\/08\/13-GP-Bonrepos-13-03-2010-36-Internet-300x201.webp 300w, https:\/\/avalencia.com\/wp-content\/uploads\/2022\/08\/13-GP-Bonrepos-13-03-2010-36-Internet-768x516.webp 768w, https:\/\/avalencia.com\/wp-content\/uploads\/2022\/08\/13-GP-Bonrepos-13-03-2010-36-Internet-705x473.webp 705w\" sizes=\"(max-width: 950px) 100vw, 950px\" \/><\/a><\/figure>\n\n\n\n<figure class=\"wp-block-image size-large\"><a href=\"https:\/\/avalencia.com\/wp-content\/uploads\/2022\/08\/14-GP-Bonrepos-13-03-2010-50-Internet.webp\"><img decoding=\"async\" width=\"950\" height=\"638\" data-id=\"17626\" src=\"https:\/\/avalencia.com\/wp-content\/uploads\/2022\/08\/14-GP-Bonrepos-13-03-2010-50-Internet.webp\" alt=\"\" class=\"wp-image-17626\" srcset=\"https:\/\/avalencia.com\/wp-content\/uploads\/2022\/08\/14-GP-Bonrepos-13-03-2010-50-Internet.webp 950w, https:\/\/avalencia.com\/wp-content\/uploads\/2022\/08\/14-GP-Bonrepos-13-03-2010-50-Internet-300x201.webp 300w, https:\/\/avalencia.com\/wp-content\/uploads\/2022\/08\/14-GP-Bonrepos-13-03-2010-50-Internet-768x516.webp 768w, https:\/\/avalencia.com\/wp-content\/uploads\/2022\/08\/14-GP-Bonrepos-13-03-2010-50-Internet-705x473.webp 705w\" sizes=\"(max-width: 950px) 100vw, 950px\" \/><\/a><\/figure>\n\n\n\n<figure class=\"wp-block-image size-large\"><a href=\"https:\/\/avalencia.com\/wp-content\/uploads\/2022\/08\/15-GP-Bonrepos-13-03-2010-52-Internet.webp\"><img decoding=\"async\" width=\"950\" height=\"638\" data-id=\"17631\" src=\"https:\/\/avalencia.com\/wp-content\/uploads\/2022\/08\/15-GP-Bonrepos-13-03-2010-52-Internet.webp\" alt=\"\" class=\"wp-image-17631\" srcset=\"https:\/\/avalencia.com\/wp-content\/uploads\/2022\/08\/15-GP-Bonrepos-13-03-2010-52-Internet.webp 950w, https:\/\/avalencia.com\/wp-content\/uploads\/2022\/08\/15-GP-Bonrepos-13-03-2010-52-Internet-300x201.webp 300w, https:\/\/avalencia.com\/wp-content\/uploads\/2022\/08\/15-GP-Bonrepos-13-03-2010-52-Internet-768x516.webp 768w, https:\/\/avalencia.com\/wp-content\/uploads\/2022\/08\/15-GP-Bonrepos-13-03-2010-52-Internet-705x473.webp 705w\" sizes=\"(max-width: 950px) 100vw, 950px\" \/><\/a><\/figure>\n\n\n\n<figure class=\"wp-block-image size-large\"><a href=\"https:\/\/avalencia.com\/wp-content\/uploads\/2022\/08\/16-GP-Bonrepos-13-03-2010-53-Internet.webp\"><img decoding=\"async\" width=\"638\" height=\"950\" data-id=\"17636\" src=\"https:\/\/avalencia.com\/wp-content\/uploads\/2022\/08\/16-GP-Bonrepos-13-03-2010-53-Internet.webp\" alt=\"\" class=\"wp-image-17636\" srcset=\"https:\/\/avalencia.com\/wp-content\/uploads\/2022\/08\/16-GP-Bonrepos-13-03-2010-53-Internet.webp 638w, https:\/\/avalencia.com\/wp-content\/uploads\/2022\/08\/16-GP-Bonrepos-13-03-2010-53-Internet-201x300.webp 201w, https:\/\/avalencia.com\/wp-content\/uploads\/2022\/08\/16-GP-Bonrepos-13-03-2010-53-Internet-528x786.webp 528w, https:\/\/avalencia.com\/wp-content\/uploads\/2022\/08\/16-GP-Bonrepos-13-03-2010-53-Internet-473x705.webp 473w\" sizes=\"(max-width: 638px) 100vw, 638px\" \/><\/a><\/figure>\n\n\n\n<figure class=\"wp-block-image size-large\"><a href=\"https:\/\/avalencia.com\/wp-content\/uploads\/2022\/08\/17-GP-Bonrepos-13-03-2010-54-Internet.webp\"><img decoding=\"async\" width=\"950\" height=\"638\" data-id=\"17641\" src=\"https:\/\/avalencia.com\/wp-content\/uploads\/2022\/08\/17-GP-Bonrepos-13-03-2010-54-Internet.webp\" alt=\"\" class=\"wp-image-17641\" srcset=\"https:\/\/avalencia.com\/wp-content\/uploads\/2022\/08\/17-GP-Bonrepos-13-03-2010-54-Internet.webp 950w, https:\/\/avalencia.com\/wp-content\/uploads\/2022\/08\/17-GP-Bonrepos-13-03-2010-54-Internet-300x201.webp 300w, https:\/\/avalencia.com\/wp-content\/uploads\/2022\/08\/17-GP-Bonrepos-13-03-2010-54-Internet-768x516.webp 768w, https:\/\/avalencia.com\/wp-content\/uploads\/2022\/08\/17-GP-Bonrepos-13-03-2010-54-Internet-705x473.webp 705w\" sizes=\"(max-width: 950px) 100vw, 950px\" \/><\/a><\/figure>\n\n\n\n<figure class=\"wp-block-image size-large\"><a href=\"https:\/\/avalencia.com\/wp-content\/uploads\/2022\/08\/18-GP-Bonrepos-13-03-2010-55-Internet.webp\"><img decoding=\"async\" width=\"950\" height=\"638\" data-id=\"17646\" src=\"https:\/\/avalencia.com\/wp-content\/uploads\/2022\/08\/18-GP-Bonrepos-13-03-2010-55-Internet.webp\" alt=\"\" class=\"wp-image-17646\" srcset=\"https:\/\/avalencia.com\/wp-content\/uploads\/2022\/08\/18-GP-Bonrepos-13-03-2010-55-Internet.webp 950w, https:\/\/avalencia.com\/wp-content\/uploads\/2022\/08\/18-GP-Bonrepos-13-03-2010-55-Internet-300x201.webp 300w, https:\/\/avalencia.com\/wp-content\/uploads\/2022\/08\/18-GP-Bonrepos-13-03-2010-55-Internet-768x516.webp 768w, https:\/\/avalencia.com\/wp-content\/uploads\/2022\/08\/18-GP-Bonrepos-13-03-2010-55-Internet-705x473.webp 705w\" sizes=\"(max-width: 950px) 100vw, 950px\" \/><\/a><\/figure>\n<\/figure>\n\n\n<div  class='av-social-sharing-box  avia-builder-el-0  avia-builder-el-no-sibling  '><div class='av-share-box'><h5 class='av-share-link-description av-no-toc '>Share<\/h5><ul class='av-share-box-list noLightbox'><li class='av-share-link av-social-link-facebook' ><a target=\"_blank\" aria-label=\"Teilen auf Facebook\" href='https:\/\/www.facebook.com\/sharer.php?u=https:\/\/avalencia.com\/de\/gruppe-1-fotos\/&#038;t=Gruppe%201%20Fotos' aria-hidden='false' data-av_icon='\ue8f3' data-av_iconfont='entypo-fontello' title='' data-avia-related-tooltip='Teilen auf Facebook' rel=\"noopener\"><span class='avia_hidden_link_text'>Teilen auf Facebook<\/span><\/a><\/li><li class='av-share-link av-social-link-twitter' ><a target=\"_blank\" aria-label=\"Teilen auf Twitter\" href='https:\/\/twitter.com\/share?text=Gruppe%201%20Fotos&#038;url=https:\/\/avalencia.com\/de\/?p=5797' aria-hidden='false' data-av_icon='\ue8f1' data-av_iconfont='entypo-fontello' title='' data-avia-related-tooltip='Teilen auf Twitter' rel=\"noopener\"><span class='avia_hidden_link_text'>Teilen auf Twitter<\/span><\/a><\/li><li class='av-share-link av-social-link-pinterest' ><a target=\"_blank\" aria-label=\"Teilen auf Pinterest\" href='https:\/\/pinterest.com\/pin\/create\/button\/?url=https%3A%2F%2Favalencia.com%2Fde%2Fgruppe-1-fotos%2F&#038;description=Gruppe%201%20Fotos&#038;media=https%3A%2F%2Favalencia.com%2Fwp-content%2Fuploads%2F2022%2F08%2FDestacada-GP-Rafa-Itinerario-Albufera-03-08-2020-webp-705x371.webp' aria-hidden='false' data-av_icon='\ue8f8' data-av_iconfont='entypo-fontello' title='' data-avia-related-tooltip='Teilen auf Pinterest' rel=\"noopener\"><span class='avia_hidden_link_text'>Teilen auf Pinterest<\/span><\/a><\/li><li class='av-share-link av-social-link-linkedin' ><a target=\"_blank\" aria-label=\"Teilen auf LinkedIn\" href='https:\/\/linkedin.com\/shareArticle?mini=true&#038;title=Gruppe%201%20Fotos&#038;url=https:\/\/avalencia.com\/de\/gruppe-1-fotos\/' aria-hidden='false' data-av_icon='\ue8fc' data-av_iconfont='entypo-fontello' title='' data-avia-related-tooltip='Teilen auf LinkedIn' rel=\"noopener\"><span class='avia_hidden_link_text'>Teilen auf LinkedIn<\/span><\/a><\/li><li class='av-share-link av-social-link-mail' ><a  aria-label=\"Per E-Mail teilen\" href='mailto:?subject=Gruppe%201%20Fotos&#038;body=https:\/\/avalencia.com\/de\/gruppe-1-fotos\/' aria-hidden='false' data-av_icon='\ue805' data-av_iconfont='entypo-fontello' title='' data-avia-related-tooltip='Per E-Mail teilen'><span class='avia_hidden_link_text'>Per E-Mail teilen<\/span><\/a><\/li><\/ul><\/div><\/div>\n","protected":false},"excerpt":{"rendered":"<p>GRUPPE BONREPOS I MIRAMBELL<\/p>\n","protected":false},"author":3,"featured_media":17498,"parent":0,"menu_order":0,"comment_status":"open","ping_status":"closed","template":"","meta":{"footnotes":""},"class_list":["post-5797","page","type-page","status-publish","has-post-thumbnail","hentry"],"yoast_head":"<!-- This site is optimized with the Yoast SEO plugin v26.8 - https:\/\/yoast.com\/product\/yoast-seo-wordpress\/ -->\n<title>Gruppe 1 Fotos - AVALENCIA<\/title>\n<meta name=\"description\" content=\"Gruppenfotos von Valencia mit Angela Stadtf\u00fchrerin - Stadtf\u00fchrugen: der Altstadt; Stadt der K\u00fcnste und Wissenschaften; das Fallas-Museum ...\" \/>\n<meta name=\"robots\" content=\"index, follow, max-snippet:-1, max-image-preview:large, max-video-preview:-1\" \/>\n<link rel=\"canonical\" href=\"https:\/\/avalencia.com\/de\/gruppe-1-fotos\/\" \/>\n<meta property=\"og:locale\" content=\"de_DE\" \/>\n<meta property=\"og:type\" content=\"article\" \/>\n<meta property=\"og:title\" content=\"Gruppe 1 Fotos - AVALENCIA\" \/>\n<meta property=\"og:description\" content=\"Gruppenfotos von Valencia mit Angela Stadtf\u00fchrerin - Stadtf\u00fchrugen: der Altstadt; Stadt der K\u00fcnste und Wissenschaften; das Fallas-Museum ...\" \/>\n<meta property=\"og:url\" content=\"https:\/\/avalencia.com\/de\/gruppe-1-fotos\/\" \/>\n<meta property=\"og:site_name\" content=\"AVALENCIA\" \/>\n<meta property=\"article:publisher\" content=\"https:\/\/www.facebook.com\/angela.marisoler\" \/>\n<meta property=\"article:modified_time\" content=\"2022-08-17T16:59:19+00:00\" \/>\n<meta property=\"og:image\" content=\"https:\/\/avalencia.com\/wp-content\/uploads\/2022\/08\/Destacada-GP-Rafa-Itinerario-Albufera-03-08-2020-webp-e1660469372747.webp\" \/>\n\t<meta property=\"og:image:width\" content=\"896\" \/>\n\t<meta property=\"og:image:height\" content=\"472\" \/>\n\t<meta property=\"og:image:type\" content=\"image\/webp\" \/>\n<meta name=\"twitter:card\" content=\"summary_large_image\" \/>\n<meta name=\"twitter:site\" content=\"@angelamari400\" \/>\n<meta name=\"twitter:label1\" content=\"Est. reading time\" \/>\n\t<meta name=\"twitter:data1\" content=\"6 minutes\" \/>\n<script type=\"application\/ld+json\" class=\"yoast-schema-graph\">{\"@context\":\"https:\/\/schema.org\",\"@graph\":[{\"@type\":\"WebPage\",\"@id\":\"https:\/\/avalencia.com\/de\/gruppe-1-fotos\/\",\"url\":\"https:\/\/avalencia.com\/de\/gruppe-1-fotos\/\",\"name\":\"Gruppe 1 Fotos - AVALENCIA\",\"isPartOf\":{\"@id\":\"https:\/\/avalencia.com\/de\/#website\"},\"primaryImageOfPage\":{\"@id\":\"https:\/\/avalencia.com\/de\/gruppe-1-fotos\/#primaryimage\"},\"image\":{\"@id\":\"https:\/\/avalencia.com\/de\/gruppe-1-fotos\/#primaryimage\"},\"thumbnailUrl\":\"https:\/\/avalencia.com\/wp-content\/uploads\/2022\/08\/Destacada-GP-Rafa-Itinerario-Albufera-03-08-2020-webp-e1660469372747.webp\",\"datePublished\":\"2018-05-01T21:16:33+00:00\",\"dateModified\":\"2022-08-17T16:59:19+00:00\",\"description\":\"Gruppenfotos von Valencia mit Angela Stadtf\u00fchrerin - Stadtf\u00fchrugen: der Altstadt; Stadt der K\u00fcnste und Wissenschaften; das Fallas-Museum ...\",\"breadcrumb\":{\"@id\":\"https:\/\/avalencia.com\/de\/gruppe-1-fotos\/#breadcrumb\"},\"inLanguage\":\"de-DE\",\"potentialAction\":[{\"@type\":\"ReadAction\",\"target\":[\"https:\/\/avalencia.com\/de\/gruppe-1-fotos\/\"]}]},{\"@type\":\"ImageObject\",\"inLanguage\":\"de-DE\",\"@id\":\"https:\/\/avalencia.com\/de\/gruppe-1-fotos\/#primaryimage\",\"url\":\"https:\/\/avalencia.com\/wp-content\/uploads\/2022\/08\/Destacada-GP-Rafa-Itinerario-Albufera-03-08-2020-webp-e1660469372747.webp\",\"contentUrl\":\"https:\/\/avalencia.com\/wp-content\/uploads\/2022\/08\/Destacada-GP-Rafa-Itinerario-Albufera-03-08-2020-webp-e1660469372747.webp\",\"width\":896,\"height\":472,\"caption\":\"rutas por el Saler -Albufera\"},{\"@type\":\"BreadcrumbList\",\"@id\":\"https:\/\/avalencia.com\/de\/gruppe-1-fotos\/#breadcrumb\",\"itemListElement\":[{\"@type\":\"ListItem\",\"position\":1,\"name\":\"Portada\",\"item\":\"https:\/\/avalencia.com\/de\/\"},{\"@type\":\"ListItem\",\"position\":2,\"name\":\"Gruppe 1 Fotos\"}]},{\"@type\":\"WebSite\",\"@id\":\"https:\/\/avalencia.com\/de\/#website\",\"url\":\"https:\/\/avalencia.com\/de\/\",\"name\":\"AVALENCIA\",\"description\":\"Visitas culturales por Valencia y alrededores\",\"publisher\":{\"@id\":\"https:\/\/avalencia.com\/de\/#organization\"},\"potentialAction\":[{\"@type\":\"SearchAction\",\"target\":{\"@type\":\"EntryPoint\",\"urlTemplate\":\"https:\/\/avalencia.com\/de\/?s={search_term_string}\"},\"query-input\":{\"@type\":\"PropertyValueSpecification\",\"valueRequired\":true,\"valueName\":\"search_term_string\"}}],\"inLanguage\":\"de-DE\"},{\"@type\":\"Organization\",\"@id\":\"https:\/\/avalencia.com\/de\/#organization\",\"name\":\"Gu\u00eda Valencia\",\"url\":\"https:\/\/avalencia.com\/de\/\",\"logo\":{\"@type\":\"ImageObject\",\"inLanguage\":\"de-DE\",\"@id\":\"https:\/\/avalencia.com\/de\/#\/schema\/logo\/image\/\",\"url\":\"\",\"contentUrl\":\"\",\"caption\":\"Gu\u00eda Valencia\"},\"image\":{\"@id\":\"https:\/\/avalencia.com\/de\/#\/schema\/logo\/image\/\"},\"sameAs\":[\"https:\/\/www.facebook.com\/angela.marisoler\",\"https:\/\/x.com\/angelamari400\",\"https:\/\/www.instagram.com\/angelamarisoler\/\",\"https:\/\/www.linkedin.com\/feed\/?trk=guest_homepage-basic_sign-in-submit\",\"https:\/\/www.youtube.com\/channel\/UC4bWyTV2CWI65Qf0r1pjuXg?view_as=subscriber\"]}]}<\/script>\n<!-- \/ Yoast SEO plugin. -->","yoast_head_json":{"title":"Gruppe 1 Fotos - AVALENCIA","description":"Gruppenfotos von Valencia mit Angela Stadtf\u00fchrerin - Stadtf\u00fchrugen: der Altstadt; Stadt der K\u00fcnste und Wissenschaften; das Fallas-Museum ...","robots":{"index":"index","follow":"follow","max-snippet":"max-snippet:-1","max-image-preview":"max-image-preview:large","max-video-preview":"max-video-preview:-1"},"canonical":"https:\/\/avalencia.com\/de\/gruppe-1-fotos\/","og_locale":"de_DE","og_type":"article","og_title":"Gruppe 1 Fotos - AVALENCIA","og_description":"Gruppenfotos von Valencia mit Angela Stadtf\u00fchrerin - Stadtf\u00fchrugen: der Altstadt; Stadt der K\u00fcnste und Wissenschaften; das Fallas-Museum ...","og_url":"https:\/\/avalencia.com\/de\/gruppe-1-fotos\/","og_site_name":"AVALENCIA","article_publisher":"https:\/\/www.facebook.com\/angela.marisoler","article_modified_time":"2022-08-17T16:59:19+00:00","og_image":[{"width":896,"height":472,"url":"https:\/\/avalencia.com\/wp-content\/uploads\/2022\/08\/Destacada-GP-Rafa-Itinerario-Albufera-03-08-2020-webp-e1660469372747.webp","type":"image\/webp"}],"twitter_card":"summary_large_image","twitter_site":"@angelamari400","twitter_misc":{"Est. reading time":"6 minutes"},"schema":{"@context":"https:\/\/schema.org","@graph":[{"@type":"WebPage","@id":"https:\/\/avalencia.com\/de\/gruppe-1-fotos\/","url":"https:\/\/avalencia.com\/de\/gruppe-1-fotos\/","name":"Gruppe 1 Fotos - AVALENCIA","isPartOf":{"@id":"https:\/\/avalencia.com\/de\/#website"},"primaryImageOfPage":{"@id":"https:\/\/avalencia.com\/de\/gruppe-1-fotos\/#primaryimage"},"image":{"@id":"https:\/\/avalencia.com\/de\/gruppe-1-fotos\/#primaryimage"},"thumbnailUrl":"https:\/\/avalencia.com\/wp-content\/uploads\/2022\/08\/Destacada-GP-Rafa-Itinerario-Albufera-03-08-2020-webp-e1660469372747.webp","datePublished":"2018-05-01T21:16:33+00:00","dateModified":"2022-08-17T16:59:19+00:00","description":"Gruppenfotos von Valencia mit Angela Stadtf\u00fchrerin - Stadtf\u00fchrugen: der Altstadt; Stadt der K\u00fcnste und Wissenschaften; das Fallas-Museum ...","breadcrumb":{"@id":"https:\/\/avalencia.com\/de\/gruppe-1-fotos\/#breadcrumb"},"inLanguage":"de-DE","potentialAction":[{"@type":"ReadAction","target":["https:\/\/avalencia.com\/de\/gruppe-1-fotos\/"]}]},{"@type":"ImageObject","inLanguage":"de-DE","@id":"https:\/\/avalencia.com\/de\/gruppe-1-fotos\/#primaryimage","url":"https:\/\/avalencia.com\/wp-content\/uploads\/2022\/08\/Destacada-GP-Rafa-Itinerario-Albufera-03-08-2020-webp-e1660469372747.webp","contentUrl":"https:\/\/avalencia.com\/wp-content\/uploads\/2022\/08\/Destacada-GP-Rafa-Itinerario-Albufera-03-08-2020-webp-e1660469372747.webp","width":896,"height":472,"caption":"rutas por el Saler -Albufera"},{"@type":"BreadcrumbList","@id":"https:\/\/avalencia.com\/de\/gruppe-1-fotos\/#breadcrumb","itemListElement":[{"@type":"ListItem","position":1,"name":"Portada","item":"https:\/\/avalencia.com\/de\/"},{"@type":"ListItem","position":2,"name":"Gruppe 1 Fotos"}]},{"@type":"WebSite","@id":"https:\/\/avalencia.com\/de\/#website","url":"https:\/\/avalencia.com\/de\/","name":"AVALENCIA","description":"Visitas culturales por Valencia y alrededores","publisher":{"@id":"https:\/\/avalencia.com\/de\/#organization"},"potentialAction":[{"@type":"SearchAction","target":{"@type":"EntryPoint","urlTemplate":"https:\/\/avalencia.com\/de\/?s={search_term_string}"},"query-input":{"@type":"PropertyValueSpecification","valueRequired":true,"valueName":"search_term_string"}}],"inLanguage":"de-DE"},{"@type":"Organization","@id":"https:\/\/avalencia.com\/de\/#organization","name":"Gu\u00eda Valencia","url":"https:\/\/avalencia.com\/de\/","logo":{"@type":"ImageObject","inLanguage":"de-DE","@id":"https:\/\/avalencia.com\/de\/#\/schema\/logo\/image\/","url":"","contentUrl":"","caption":"Gu\u00eda Valencia"},"image":{"@id":"https:\/\/avalencia.com\/de\/#\/schema\/logo\/image\/"},"sameAs":["https:\/\/www.facebook.com\/angela.marisoler","https:\/\/x.com\/angelamari400","https:\/\/www.instagram.com\/angelamarisoler\/","https:\/\/www.linkedin.com\/feed\/?trk=guest_homepage-basic_sign-in-submit","https:\/\/www.youtube.com\/channel\/UC4bWyTV2CWI65Qf0r1pjuXg?view_as=subscriber"]}]}},"featured_image_src":"https:\/\/avalencia.com\/wp-content\/uploads\/2022\/08\/Destacada-GP-Rafa-Itinerario-Albufera-03-08-2020-webp-600x400.webp","featured_image_src_square":"https:\/\/avalencia.com\/wp-content\/uploads\/2022\/08\/Destacada-GP-Rafa-Itinerario-Albufera-03-08-2020-webp-600x472.webp","_links":{"self":[{"href":"https:\/\/avalencia.com\/de\/wp-json\/wp\/v2\/pages\/5797","targetHints":{"allow":["GET"]}}],"collection":[{"href":"https:\/\/avalencia.com\/de\/wp-json\/wp\/v2\/pages"}],"about":[{"href":"https:\/\/avalencia.com\/de\/wp-json\/wp\/v2\/types\/page"}],"author":[{"embeddable":true,"href":"https:\/\/avalencia.com\/de\/wp-json\/wp\/v2\/users\/3"}],"replies":[{"embeddable":true,"href":"https:\/\/avalencia.com\/de\/wp-json\/wp\/v2\/comments?post=5797"}],"version-history":[{"count":0,"href":"https:\/\/avalencia.com\/de\/wp-json\/wp\/v2\/pages\/5797\/revisions"}],"wp:featuredmedia":[{"embeddable":true,"href":"https:\/\/avalencia.com\/de\/wp-json\/wp\/v2\/media\/17498"}],"wp:attachment":[{"href":"https:\/\/avalencia.com\/de\/wp-json\/wp\/v2\/media?parent=5797"}],"curies":[{"name":"wp","href":"https:\/\/api.w.org\/{rel}","templated":true}]}}