{"id":5828,"date":"2020-01-23T19:05:56","date_gmt":"2020-01-23T19:05:56","guid":{"rendered":"https:\/\/avalencia.com\/fronleichnam-museum\/"},"modified":"2022-10-29T11:00:32","modified_gmt":"2022-10-29T11:00:32","slug":"das-fronleichnams-oder-felsenhaus-museum-in-valencia","status":"publish","type":"page","link":"https:\/\/avalencia.com\/de\/das-fronleichnams-oder-felsenhaus-museum-in-valencia\/","title":{"rendered":"Fronleichnam Museum oder Felsenhaus-Museum in Valencia"},"content":{"rendered":"\n<p><strong><em>Das Fronleichnams- oder Felsenhaus-Museum<\/em><\/strong> befindet sich im alten Felsenhaus und einem angrenzenden Geb\u00e4ude aus dem 18. Jahrhundert, das im Mai 2006 restauriert wurde. Das Geb\u00e4ude wurde im Jahre 2010 zum historischen Kulturgute erkl\u00e4rt.<\/p>\n\n\n\n<figure class=\"wp-block-gallery has-nested-images columns-default is-cropped wp-block-gallery-1 is-layout-flex wp-block-gallery-is-layout-flex\">\n<figure class=\"wp-block-image size-full\"><a href=\"https:\/\/avalencia.com\/wp-content\/uploads\/2022\/08\/GL1-01-Las-Rocas-Corpus-03-06-2018-Avalencia.webp\"><img decoding=\"async\" width=\"900\" height=\"605\" data-id=\"17055\" src=\"https:\/\/avalencia.com\/wp-content\/uploads\/2022\/08\/GL1-01-Las-Rocas-Corpus-03-06-2018-Avalencia.webp\" alt=\"Die Karwoche in Valencia\" class=\"wp-image-17055\" srcset=\"https:\/\/avalencia.com\/wp-content\/uploads\/2022\/08\/GL1-01-Las-Rocas-Corpus-03-06-2018-Avalencia.webp 900w, https:\/\/avalencia.com\/wp-content\/uploads\/2022\/08\/GL1-01-Las-Rocas-Corpus-03-06-2018-Avalencia-300x202.webp 300w, https:\/\/avalencia.com\/wp-content\/uploads\/2022\/08\/GL1-01-Las-Rocas-Corpus-03-06-2018-Avalencia-768x516.webp 768w, https:\/\/avalencia.com\/wp-content\/uploads\/2022\/08\/GL1-01-Las-Rocas-Corpus-03-06-2018-Avalencia-705x474.webp 705w\" sizes=\"(max-width: 900px) 100vw, 900px\" \/><\/a><\/figure>\n\n\n\n<figure class=\"wp-block-image size-full\"><a href=\"https:\/\/avalencia.com\/wp-content\/uploads\/2022\/08\/GL1-02-Las-Rocas-Rocas-26-05-2018l.webp\"><img decoding=\"async\" width=\"900\" height=\"605\" data-id=\"17060\" src=\"https:\/\/avalencia.com\/wp-content\/uploads\/2022\/08\/GL1-02-Las-Rocas-Rocas-26-05-2018l.webp\" alt=\"Museum des Corpus Valencia\" class=\"wp-image-17060\" srcset=\"https:\/\/avalencia.com\/wp-content\/uploads\/2022\/08\/GL1-02-Las-Rocas-Rocas-26-05-2018l.webp 900w, https:\/\/avalencia.com\/wp-content\/uploads\/2022\/08\/GL1-02-Las-Rocas-Rocas-26-05-2018l-300x202.webp 300w, https:\/\/avalencia.com\/wp-content\/uploads\/2022\/08\/GL1-02-Las-Rocas-Rocas-26-05-2018l-768x516.webp 768w, https:\/\/avalencia.com\/wp-content\/uploads\/2022\/08\/GL1-02-Las-Rocas-Rocas-26-05-2018l-705x474.webp 705w\" sizes=\"(max-width: 900px) 100vw, 900px\" \/><\/a><\/figure>\n\n\n\n<figure class=\"wp-block-image size-full\"><a href=\"https:\/\/avalencia.com\/wp-content\/uploads\/2022\/08\/GL1-03-Las-Rocas-Rocas-26-05-2018-movil.webp\"><img decoding=\"async\" width=\"900\" height=\"605\" data-id=\"17065\" src=\"https:\/\/avalencia.com\/wp-content\/uploads\/2022\/08\/GL1-03-Las-Rocas-Rocas-26-05-2018-movil.webp\" alt=\"Museum Semana Santa Valencia\" class=\"wp-image-17065\" srcset=\"https:\/\/avalencia.com\/wp-content\/uploads\/2022\/08\/GL1-03-Las-Rocas-Rocas-26-05-2018-movil.webp 900w, https:\/\/avalencia.com\/wp-content\/uploads\/2022\/08\/GL1-03-Las-Rocas-Rocas-26-05-2018-movil-300x202.webp 300w, https:\/\/avalencia.com\/wp-content\/uploads\/2022\/08\/GL1-03-Las-Rocas-Rocas-26-05-2018-movil-768x516.webp 768w, https:\/\/avalencia.com\/wp-content\/uploads\/2022\/08\/GL1-03-Las-Rocas-Rocas-26-05-2018-movil-705x474.webp 705w\" sizes=\"(max-width: 900px) 100vw, 900px\" \/><\/a><\/figure>\n<\/figure>\n\n\n\n<p>Der Bau des Hauses der Felsen stammt aus dem 15. Jahrhundert, zwischen 1435 (Datum, an dem die Stadt den Bau eines Hauses beriet und genehmigte) und 1447. Es befindet sich neben dem Portal dels Serrans, zwischen Mauern, d.h. zwischen der \u00e4ltesten und der modernen von 1356. Pere el Ceremonioso lie\u00df es errichten, damit es als Unterstand f\u00fcr die Karren und andere Werkzeuge dienen konnte, die die Fronleichnamsprozession begleiteten.<\/p>\n\n\n\n<figure class=\"wp-block-embed is-type-video is-provider-youtube wp-block-embed-youtube wp-embed-aspect-16-9 wp-has-aspect-ratio\"><div class=\"wp-block-embed__wrapper\">\n<div class='avia-iframe-wrap'><iframe title=\"Gu\u00eda Valencia, Procesi\u00f3n del Corpus Valencia\" width=\"1500\" height=\"844\" src=\"https:\/\/www.youtube.com\/embed\/bxlDcPtHkdU?feature=oembed\" frameborder=\"0\" allow=\"accelerometer; autoplay; clipboard-write; encrypted-media; gyroscope; picture-in-picture\" allowfullscreen><\/iframe><\/div>\n<\/div><\/figure>\n\n\n\n<p>Das Geb\u00e4ude wurde bei der \u00dcberschwemmung von 1957 bis zu einer H\u00f6he von vier Metern \u00fcberflutet. Die Kosten f\u00fcr die Wiederherstellung beliefen sich auf 150.000 Peseten.<\/p>\n\n\n\n<figure class=\"wp-block-gallery has-nested-images columns-default is-cropped wp-block-gallery-2 is-layout-flex wp-block-gallery-is-layout-flex\">\n<figure class=\"wp-block-image size-full\"><a href=\"https:\/\/avalencia.com\/wp-content\/uploads\/2022\/08\/01-GL2-Corpus-03-06-2018-Avalencia.webp\"><img decoding=\"async\" width=\"900\" height=\"605\" data-id=\"17071\" src=\"https:\/\/avalencia.com\/wp-content\/uploads\/2022\/08\/01-GL2-Corpus-03-06-2018-Avalencia.webp\" alt=\"Prozession corpus Valencia\" class=\"wp-image-17071\" srcset=\"https:\/\/avalencia.com\/wp-content\/uploads\/2022\/08\/01-GL2-Corpus-03-06-2018-Avalencia.webp 900w, https:\/\/avalencia.com\/wp-content\/uploads\/2022\/08\/01-GL2-Corpus-03-06-2018-Avalencia-300x202.webp 300w, https:\/\/avalencia.com\/wp-content\/uploads\/2022\/08\/01-GL2-Corpus-03-06-2018-Avalencia-768x516.webp 768w, https:\/\/avalencia.com\/wp-content\/uploads\/2022\/08\/01-GL2-Corpus-03-06-2018-Avalencia-705x474.webp 705w\" sizes=\"(max-width: 900px) 100vw, 900px\" \/><\/a><\/figure>\n\n\n\n<figure class=\"wp-block-image size-full\"><a href=\"https:\/\/avalencia.com\/wp-content\/uploads\/2022\/08\/02-GL2-Corpus-03-06-2018-Avalencia.webp\"><img decoding=\"async\" width=\"900\" height=\"605\" data-id=\"17076\" src=\"https:\/\/avalencia.com\/wp-content\/uploads\/2022\/08\/02-GL2-Corpus-03-06-2018-Avalencia.webp\" alt=\"Historische Felsen Valencia\" class=\"wp-image-17076\" srcset=\"https:\/\/avalencia.com\/wp-content\/uploads\/2022\/08\/02-GL2-Corpus-03-06-2018-Avalencia.webp 900w, https:\/\/avalencia.com\/wp-content\/uploads\/2022\/08\/02-GL2-Corpus-03-06-2018-Avalencia-300x202.webp 300w, https:\/\/avalencia.com\/wp-content\/uploads\/2022\/08\/02-GL2-Corpus-03-06-2018-Avalencia-768x516.webp 768w, https:\/\/avalencia.com\/wp-content\/uploads\/2022\/08\/02-GL2-Corpus-03-06-2018-Avalencia-705x474.webp 705w\" sizes=\"(max-width: 900px) 100vw, 900px\" \/><\/a><\/figure>\n\n\n\n<figure class=\"wp-block-image size-full\"><a href=\"https:\/\/avalencia.com\/wp-content\/uploads\/2022\/08\/03-GL2-Corpus-03-06-2018-Avalencia.com_.webp\"><img decoding=\"async\" width=\"900\" height=\"605\" data-id=\"17081\" src=\"https:\/\/avalencia.com\/wp-content\/uploads\/2022\/08\/03-GL2-Corpus-03-06-2018-Avalencia.com_.webp\" alt=\"Felsen Die Karwoche von Valencia\" class=\"wp-image-17081\" srcset=\"https:\/\/avalencia.com\/wp-content\/uploads\/2022\/08\/03-GL2-Corpus-03-06-2018-Avalencia.com_.webp 900w, https:\/\/avalencia.com\/wp-content\/uploads\/2022\/08\/03-GL2-Corpus-03-06-2018-Avalencia.com_-300x202.webp 300w, https:\/\/avalencia.com\/wp-content\/uploads\/2022\/08\/03-GL2-Corpus-03-06-2018-Avalencia.com_-768x516.webp 768w, https:\/\/avalencia.com\/wp-content\/uploads\/2022\/08\/03-GL2-Corpus-03-06-2018-Avalencia.com_-705x474.webp 705w\" sizes=\"(max-width: 900px) 100vw, 900px\" \/><\/a><\/figure>\n<\/figure>\n\n\n\n<p>\u00dcber Jahrhunderte war es das bedeutendste Fest der Stadt, das 1355 zum ersten Mal stattfand.<br>Voller Symbole und Darstellungen des Mysteriums des Lebens, ist es ein religi\u00f6ses Fest und einzigartiges Fest des valencianischen Volkes. Das Fest wird am achten Sonntag nach Ostersonntag gefeiert.<\/p>\n\n\n\n<figure class=\"wp-block-gallery has-nested-images columns-default is-cropped wp-block-gallery-3 is-layout-flex wp-block-gallery-is-layout-flex\">\n<figure class=\"wp-block-image size-full\"><a href=\"https:\/\/avalencia.com\/wp-content\/uploads\/2022\/08\/01-GL3-Las-Rocas-Corpus-03-06-2018-Avalencia.webp\"><img decoding=\"async\" width=\"900\" height=\"605\" data-id=\"17086\" src=\"https:\/\/avalencia.com\/wp-content\/uploads\/2022\/08\/01-GL3-Las-Rocas-Corpus-03-06-2018-Avalencia.webp\" alt=\"Haus Museum f\u00fcr die Felsen\" class=\"wp-image-17086\" srcset=\"https:\/\/avalencia.com\/wp-content\/uploads\/2022\/08\/01-GL3-Las-Rocas-Corpus-03-06-2018-Avalencia.webp 900w, https:\/\/avalencia.com\/wp-content\/uploads\/2022\/08\/01-GL3-Las-Rocas-Corpus-03-06-2018-Avalencia-300x202.webp 300w, https:\/\/avalencia.com\/wp-content\/uploads\/2022\/08\/01-GL3-Las-Rocas-Corpus-03-06-2018-Avalencia-768x516.webp 768w, https:\/\/avalencia.com\/wp-content\/uploads\/2022\/08\/01-GL3-Las-Rocas-Corpus-03-06-2018-Avalencia-705x474.webp 705w\" sizes=\"(max-width: 900px) 100vw, 900px\" \/><\/a><\/figure>\n\n\n\n<figure class=\"wp-block-image size-full\"><a href=\"https:\/\/avalencia.com\/wp-content\/uploads\/2022\/08\/02-GL3-Las-Rocas-Corpus-03-06-2018-Avalencia.webp\"><img decoding=\"async\" width=\"900\" height=\"605\" data-id=\"17091\" src=\"https:\/\/avalencia.com\/wp-content\/uploads\/2022\/08\/02-GL3-Las-Rocas-Corpus-03-06-2018-Avalencia.webp\" alt=\"Museum der Felsen von Valencia\" class=\"wp-image-17091\" srcset=\"https:\/\/avalencia.com\/wp-content\/uploads\/2022\/08\/02-GL3-Las-Rocas-Corpus-03-06-2018-Avalencia.webp 900w, https:\/\/avalencia.com\/wp-content\/uploads\/2022\/08\/02-GL3-Las-Rocas-Corpus-03-06-2018-Avalencia-300x202.webp 300w, https:\/\/avalencia.com\/wp-content\/uploads\/2022\/08\/02-GL3-Las-Rocas-Corpus-03-06-2018-Avalencia-768x516.webp 768w, https:\/\/avalencia.com\/wp-content\/uploads\/2022\/08\/02-GL3-Las-Rocas-Corpus-03-06-2018-Avalencia-705x474.webp 705w\" sizes=\"(max-width: 900px) 100vw, 900px\" \/><\/a><\/figure>\n\n\n\n<figure class=\"wp-block-image size-full\"><a href=\"https:\/\/avalencia.com\/wp-content\/uploads\/2022\/08\/03-GL3-Las-Rocas-Corpus-03-06-2018-Avalencia.webp\"><img decoding=\"async\" width=\"900\" height=\"605\" data-id=\"17096\" src=\"https:\/\/avalencia.com\/wp-content\/uploads\/2022\/08\/03-GL3-Las-Rocas-Corpus-03-06-2018-Avalencia.webp\" alt=\"Prozessionen statt Karwoche in Valencia\" class=\"wp-image-17096\" srcset=\"https:\/\/avalencia.com\/wp-content\/uploads\/2022\/08\/03-GL3-Las-Rocas-Corpus-03-06-2018-Avalencia.webp 900w, https:\/\/avalencia.com\/wp-content\/uploads\/2022\/08\/03-GL3-Las-Rocas-Corpus-03-06-2018-Avalencia-300x202.webp 300w, https:\/\/avalencia.com\/wp-content\/uploads\/2022\/08\/03-GL3-Las-Rocas-Corpus-03-06-2018-Avalencia-768x516.webp 768w, https:\/\/avalencia.com\/wp-content\/uploads\/2022\/08\/03-GL3-Las-Rocas-Corpus-03-06-2018-Avalencia-705x474.webp 705w\" sizes=\"(max-width: 900px) 100vw, 900px\" \/><\/a><\/figure>\n<\/figure>\n\n\n\n<p>Es mag unbedeutend erscheinen, aber es ist von hohem k\u00fcnstlerischem und historischem Wert und besteht aus den elf Felsen und den pr\u00e4chtigen biblischen und zivilen Allegorien des Corpus wie die Adler, die Symbole des Evangelisten Johannes und die Verbindung mit der Kirche von Rom, der Bundeslade, den Riesen und Zwergen, die alle jene Teile der Welt repr\u00e4sentieren, die die eucharistische Botschaft erreichen sollte. Der Kampf gegen das B\u00f6se wird in einem einzigen Bestiarium in Form von hagiographischen Allegorien dargestellt, wie z.B. die &#8220;cuca-fera&#8221; (die gro\u00dfe Schildkr\u00f6te) der heiligen Margareta, die &#8220;Tarasca&#8221; (ein furchtbarer Drachen) der heiligen Martha, der Drache des heiligen Georg usw.<\/p>\n\n\n\n<figure class=\"wp-block-gallery has-nested-images columns-default is-cropped wp-block-gallery-4 is-layout-flex wp-block-gallery-is-layout-flex\">\n<figure class=\"wp-block-image size-full\"><a href=\"https:\/\/avalencia.com\/wp-content\/uploads\/2022\/08\/01-GL4-Corpus-03-06-2018-Avalencia.webp\"><img decoding=\"async\" width=\"900\" height=\"605\" data-id=\"17101\" src=\"https:\/\/avalencia.com\/wp-content\/uploads\/2022\/08\/01-GL4-Corpus-03-06-2018-Avalencia.webp\" alt=\"Schritt der Prozession Valencia\" class=\"wp-image-17101\" srcset=\"https:\/\/avalencia.com\/wp-content\/uploads\/2022\/08\/01-GL4-Corpus-03-06-2018-Avalencia.webp 900w, https:\/\/avalencia.com\/wp-content\/uploads\/2022\/08\/01-GL4-Corpus-03-06-2018-Avalencia-300x202.webp 300w, https:\/\/avalencia.com\/wp-content\/uploads\/2022\/08\/01-GL4-Corpus-03-06-2018-Avalencia-768x516.webp 768w, https:\/\/avalencia.com\/wp-content\/uploads\/2022\/08\/01-GL4-Corpus-03-06-2018-Avalencia-705x474.webp 705w\" sizes=\"(max-width: 900px) 100vw, 900px\" \/><\/a><\/figure>\n\n\n\n<figure class=\"wp-block-image size-full\"><a href=\"https:\/\/avalencia.com\/wp-content\/uploads\/2022\/08\/02-GL4-Corpus-03-06-2018-Avalencia.webp\"><img decoding=\"async\" width=\"900\" height=\"605\" data-id=\"17106\" src=\"https:\/\/avalencia.com\/wp-content\/uploads\/2022\/08\/02-GL4-Corpus-03-06-2018-Avalencia.webp\" alt=\"Religi\u00f6se Figur Valencia\" class=\"wp-image-17106\" srcset=\"https:\/\/avalencia.com\/wp-content\/uploads\/2022\/08\/02-GL4-Corpus-03-06-2018-Avalencia.webp 900w, https:\/\/avalencia.com\/wp-content\/uploads\/2022\/08\/02-GL4-Corpus-03-06-2018-Avalencia-300x202.webp 300w, https:\/\/avalencia.com\/wp-content\/uploads\/2022\/08\/02-GL4-Corpus-03-06-2018-Avalencia-768x516.webp 768w, https:\/\/avalencia.com\/wp-content\/uploads\/2022\/08\/02-GL4-Corpus-03-06-2018-Avalencia-705x474.webp 705w\" sizes=\"(max-width: 900px) 100vw, 900px\" \/><\/a><\/figure>\n\n\n\n<figure class=\"wp-block-image size-full\"><a href=\"https:\/\/avalencia.com\/wp-content\/uploads\/2022\/08\/03-GL4-Lar-Rocas-Corpus-03-06-2018-Avalencia.webp\"><img decoding=\"async\" width=\"900\" height=\"605\" data-id=\"17111\" src=\"https:\/\/avalencia.com\/wp-content\/uploads\/2022\/08\/03-GL4-Lar-Rocas-Corpus-03-06-2018-Avalencia.webp\" alt=\"Die Karwoche 2019 in Valencia\" class=\"wp-image-17111\" srcset=\"https:\/\/avalencia.com\/wp-content\/uploads\/2022\/08\/03-GL4-Lar-Rocas-Corpus-03-06-2018-Avalencia.webp 900w, https:\/\/avalencia.com\/wp-content\/uploads\/2022\/08\/03-GL4-Lar-Rocas-Corpus-03-06-2018-Avalencia-300x202.webp 300w, https:\/\/avalencia.com\/wp-content\/uploads\/2022\/08\/03-GL4-Lar-Rocas-Corpus-03-06-2018-Avalencia-768x516.webp 768w, https:\/\/avalencia.com\/wp-content\/uploads\/2022\/08\/03-GL4-Lar-Rocas-Corpus-03-06-2018-Avalencia-705x474.webp 705w\" sizes=\"(max-width: 900px) 100vw, 900px\" \/><\/a><\/figure>\n<\/figure>\n\n\n\n<h4 class=\"wp-block-heading\"><strong>Die elf Felsen sind in chronologischer Reihenfolge<\/strong>:<\/h4>\n\n\n\n<figure class=\"wp-block-gallery has-nested-images columns-2 is-cropped wp-block-gallery-5 is-layout-flex wp-block-gallery-is-layout-flex\">\n<figure class=\"wp-block-image size-full\"><a href=\"https:\/\/avalencia.com\/wp-content\/uploads\/2022\/08\/01-GL5-Las-Rocas-Corpus-03-06-2018-Avalencia.webp\"><img decoding=\"async\" width=\"900\" height=\"605\" data-id=\"17116\" src=\"https:\/\/avalencia.com\/wp-content\/uploads\/2022\/08\/01-GL5-Las-Rocas-Corpus-03-06-2018-Avalencia.webp\" alt=\"Jungfrau Maria Ostern in Valencia\" class=\"wp-image-17116\" srcset=\"https:\/\/avalencia.com\/wp-content\/uploads\/2022\/08\/01-GL5-Las-Rocas-Corpus-03-06-2018-Avalencia.webp 900w, https:\/\/avalencia.com\/wp-content\/uploads\/2022\/08\/01-GL5-Las-Rocas-Corpus-03-06-2018-Avalencia-300x202.webp 300w, https:\/\/avalencia.com\/wp-content\/uploads\/2022\/08\/01-GL5-Las-Rocas-Corpus-03-06-2018-Avalencia-768x516.webp 768w, https:\/\/avalencia.com\/wp-content\/uploads\/2022\/08\/01-GL5-Las-Rocas-Corpus-03-06-2018-Avalencia-705x474.webp 705w\" sizes=\"(max-width: 900px) 100vw, 900px\" \/><\/a><\/figure>\n\n\n\n<figure class=\"wp-block-image size-full\"><a href=\"https:\/\/avalencia.com\/wp-content\/uploads\/2022\/08\/02-GL5-Las-Rocas-Corpus-03-06-2018-Avalencia.webp\"><img decoding=\"async\" width=\"900\" height=\"605\" data-id=\"17121\" src=\"https:\/\/avalencia.com\/wp-content\/uploads\/2022\/08\/02-GL5-Las-Rocas-Corpus-03-06-2018-Avalencia.webp\" alt=\"Engel die Karwoche Valencia\" class=\"wp-image-17121\" srcset=\"https:\/\/avalencia.com\/wp-content\/uploads\/2022\/08\/02-GL5-Las-Rocas-Corpus-03-06-2018-Avalencia.webp 900w, https:\/\/avalencia.com\/wp-content\/uploads\/2022\/08\/02-GL5-Las-Rocas-Corpus-03-06-2018-Avalencia-300x202.webp 300w, https:\/\/avalencia.com\/wp-content\/uploads\/2022\/08\/02-GL5-Las-Rocas-Corpus-03-06-2018-Avalencia-768x516.webp 768w, https:\/\/avalencia.com\/wp-content\/uploads\/2022\/08\/02-GL5-Las-Rocas-Corpus-03-06-2018-Avalencia-705x474.webp 705w\" sizes=\"(max-width: 900px) 100vw, 900px\" \/><\/a><\/figure>\n\n\n\n<figure class=\"wp-block-image size-full\"><a href=\"https:\/\/avalencia.com\/wp-content\/uploads\/2022\/08\/03-GL5-Las-Rocas-Corpus-03-06-2018-Avalencia.webp\"><img decoding=\"async\" width=\"900\" height=\"605\" data-id=\"17126\" src=\"https:\/\/avalencia.com\/wp-content\/uploads\/2022\/08\/03-GL5-Las-Rocas-Corpus-03-06-2018-Avalencia.webp\" alt=\"Prozession Valencia \" class=\"wp-image-17126\" srcset=\"https:\/\/avalencia.com\/wp-content\/uploads\/2022\/08\/03-GL5-Las-Rocas-Corpus-03-06-2018-Avalencia.webp 900w, https:\/\/avalencia.com\/wp-content\/uploads\/2022\/08\/03-GL5-Las-Rocas-Corpus-03-06-2018-Avalencia-300x202.webp 300w, https:\/\/avalencia.com\/wp-content\/uploads\/2022\/08\/03-GL5-Las-Rocas-Corpus-03-06-2018-Avalencia-768x516.webp 768w, https:\/\/avalencia.com\/wp-content\/uploads\/2022\/08\/03-GL5-Las-Rocas-Corpus-03-06-2018-Avalencia-705x474.webp 705w\" sizes=\"(max-width: 900px) 100vw, 900px\" \/><\/a><\/figure>\n\n\n\n<figure class=\"wp-block-image size-full\"><a href=\"https:\/\/avalencia.com\/wp-content\/uploads\/2022\/08\/04-GL5-Las-Rocas-Corpus-03-06-2018-Avalencia.webp\"><img decoding=\"async\" width=\"900\" height=\"605\" data-id=\"17131\" src=\"https:\/\/avalencia.com\/wp-content\/uploads\/2022\/08\/04-GL5-Las-Rocas-Corpus-03-06-2018-Avalencia.webp\" alt=\"Ostern im historischen Zentrum Valencia\" class=\"wp-image-17131\" srcset=\"https:\/\/avalencia.com\/wp-content\/uploads\/2022\/08\/04-GL5-Las-Rocas-Corpus-03-06-2018-Avalencia.webp 900w, https:\/\/avalencia.com\/wp-content\/uploads\/2022\/08\/04-GL5-Las-Rocas-Corpus-03-06-2018-Avalencia-300x202.webp 300w, https:\/\/avalencia.com\/wp-content\/uploads\/2022\/08\/04-GL5-Las-Rocas-Corpus-03-06-2018-Avalencia-768x516.webp 768w, https:\/\/avalencia.com\/wp-content\/uploads\/2022\/08\/04-GL5-Las-Rocas-Corpus-03-06-2018-Avalencia-705x474.webp 705w\" sizes=\"(max-width: 900px) 100vw, 900px\" \/><\/a><\/figure>\n<\/figure>\n\n\n\n<p class=\"has-text-align-center\"><strong>Der Diablera-Felsen (Teufelskutsche) (1511)<br>Felsen des Erzengels Michael (1528 oder 1535)<br>Felsen des Glaubens (1512 oder 1542)<br>Felsen der Unbefleckten Empf\u00e4ngnis (1542)<br>Felsen von dem Heiligen Vinzenz Ferrer (1665)<br>Die Heilige Dreifaltigkeit (1674)<br>Der Felsen Valencia (1855)<br>Felsen des Ruhms (1899)<br>Felsen des Patriarchen San Juan de Ribera (1961)<br>Felsen der Jungfrau der Schutzlosen (1995)<br>Felsen des Heiligens Grals (2001)<\/strong><\/p>\n\n\n\n<p>Gegenw\u00e4rtig verf\u00fcgt das Museum auch \u00fcber eine Bibliothek und f\u00fchrt Vorf\u00fchrungen zum Fronleichnamsfest durch und es gibt interaktive Aktivit\u00e4ten in verschiedenen Sprachen.<\/p>\n\n\n\n<div class=\"wp-block-buttons is-content-justification-center is-layout-flex wp-container-core-buttons-is-layout-1 wp-block-buttons-is-layout-flex\">\n<div class=\"wp-block-button\"><a class=\"wp-block-button__link\">Kontakt<\/a><\/div>\n<\/div>\n\n\n\n<div style=\"height:37px\" aria-hidden=\"true\" class=\"wp-block-spacer\"><\/div>\n\n\n<div  class='av-social-sharing-box  avia-builder-el-0  avia-builder-el-no-sibling  '><div class='av-share-box'><h5 class='av-share-link-description av-no-toc '>Teilen Sie mit<\/h5><ul class='av-share-box-list noLightbox'><li class='av-share-link av-social-link-facebook' ><a target=\"_blank\" aria-label=\"Teilen auf Facebook\" href='https:\/\/www.facebook.com\/sharer.php?u=https:\/\/avalencia.com\/de\/das-fronleichnams-oder-felsenhaus-museum-in-valencia\/&#038;t=Fronleichnam%20Museum%20oder%20Felsenhaus-Museum%20in%20Valencia' aria-hidden='false' data-av_icon='\ue8f3' data-av_iconfont='entypo-fontello' title='' data-avia-related-tooltip='Teilen auf Facebook' rel=\"noopener\"><span class='avia_hidden_link_text'>Teilen auf Facebook<\/span><\/a><\/li><li class='av-share-link av-social-link-twitter' ><a target=\"_blank\" aria-label=\"Teilen auf Twitter\" href='https:\/\/twitter.com\/share?text=Fronleichnam%20Museum%20oder%20Felsenhaus-Museum%20in%20Valencia&#038;url=https:\/\/avalencia.com\/de\/?p=5828' aria-hidden='false' data-av_icon='\ue8f1' data-av_iconfont='entypo-fontello' title='' data-avia-related-tooltip='Teilen auf Twitter' rel=\"noopener\"><span class='avia_hidden_link_text'>Teilen auf Twitter<\/span><\/a><\/li><li class='av-share-link av-social-link-pinterest' ><a target=\"_blank\" aria-label=\"Teilen auf Pinterest\" href='https:\/\/pinterest.com\/pin\/create\/button\/?url=https%3A%2F%2Favalencia.com%2Fde%2Fdas-fronleichnams-oder-felsenhaus-museum-in-valencia%2F&#038;description=Fronleichnam%20Museum%20oder%20Felsenhaus-Museum%20in%20Valencia&#038;media=https%3A%2F%2Favalencia.com%2Fwp-content%2Fuploads%2F2022%2F08%2FDestacada-Rocas-26-05-2018-999x423-1-705x299.webp' aria-hidden='false' data-av_icon='\ue8f8' data-av_iconfont='entypo-fontello' title='' data-avia-related-tooltip='Teilen auf Pinterest' rel=\"noopener\"><span class='avia_hidden_link_text'>Teilen auf Pinterest<\/span><\/a><\/li><li class='av-share-link av-social-link-linkedin' ><a target=\"_blank\" aria-label=\"Teilen auf LinkedIn\" href='https:\/\/linkedin.com\/shareArticle?mini=true&#038;title=Fronleichnam%20Museum%20oder%20Felsenhaus-Museum%20in%20Valencia&#038;url=https:\/\/avalencia.com\/de\/das-fronleichnams-oder-felsenhaus-museum-in-valencia\/' aria-hidden='false' data-av_icon='\ue8fc' data-av_iconfont='entypo-fontello' title='' data-avia-related-tooltip='Teilen auf LinkedIn' rel=\"noopener\"><span class='avia_hidden_link_text'>Teilen auf LinkedIn<\/span><\/a><\/li><li class='av-share-link av-social-link-mail' ><a  aria-label=\"Per E-Mail teilen\" href='mailto:?subject=Fronleichnam%20Museum%20oder%20Felsenhaus-Museum%20in%20Valencia&#038;body=https:\/\/avalencia.com\/de\/das-fronleichnams-oder-felsenhaus-museum-in-valencia\/' aria-hidden='false' data-av_icon='\ue805' data-av_iconfont='entypo-fontello' title='' data-avia-related-tooltip='Per E-Mail teilen'><span class='avia_hidden_link_text'>Per E-Mail teilen<\/span><\/a><\/li><\/ul><\/div><\/div>\n","protected":false},"excerpt":{"rendered":"<p>Das Fronleichnams- oder Felsenhaus-Museum befindet sich im alten Felsenhaus und einem angrenzenden Geb\u00e4ude aus dem 18. Jahrhundert, das im Mai 2006 restauriert wurde. Das Geb\u00e4ude wurde im Jahre 2010 zum historischen Kulturgute erkl\u00e4rt. Der Bau des Hauses der Felsen stammt aus dem 15. Jahrhundert, zwischen 1435 (Datum, an dem die Stadt den Bau eines Hauses [&hellip;]<\/p>\n","protected":false},"author":3,"featured_media":17048,"parent":0,"menu_order":0,"comment_status":"closed","ping_status":"closed","template":"","meta":{"footnotes":""},"class_list":["post-5828","page","type-page","status-publish","has-post-thumbnail","hentry"],"yoast_head":"<!-- This site is optimized with the Yoast SEO plugin v26.8 - https:\/\/yoast.com\/product\/yoast-seo-wordpress\/ -->\n<title>Fronleichnam Museum oder Felsenhaus-Museum in Valencia - AVALENCIA<\/title>\n<meta name=\"description\" content=\"\u00dcber Jahrhunderte war die Fronleichnamsprozession das bedeutendste Fest der Stadt, das 1355 zum ersten Mal stattfand.Voller Symbole und Darstellungen des Mysteriums des Lebens, ist es ein religi\u00f6ses Fest und einzigartiges Fest des valencianischen Volkes.\" \/>\n<meta name=\"robots\" content=\"index, follow, max-snippet:-1, max-image-preview:large, max-video-preview:-1\" \/>\n<link rel=\"canonical\" href=\"https:\/\/avalencia.com\/de\/das-fronleichnams-oder-felsenhaus-museum-in-valencia\/\" \/>\n<meta property=\"og:locale\" content=\"de_DE\" \/>\n<meta property=\"og:type\" content=\"article\" \/>\n<meta property=\"og:title\" content=\"Fronleichnam Museum oder Felsenhaus-Museum in Valencia - AVALENCIA\" \/>\n<meta property=\"og:description\" content=\"\u00dcber Jahrhunderte war die Fronleichnamsprozession das bedeutendste Fest der Stadt, das 1355 zum ersten Mal stattfand.Voller Symbole und Darstellungen des Mysteriums des Lebens, ist es ein religi\u00f6ses Fest und einzigartiges Fest des valencianischen Volkes.\" \/>\n<meta property=\"og:url\" content=\"https:\/\/avalencia.com\/de\/das-fronleichnams-oder-felsenhaus-museum-in-valencia\/\" \/>\n<meta property=\"og:site_name\" content=\"AVALENCIA\" \/>\n<meta property=\"article:publisher\" content=\"https:\/\/www.facebook.com\/angela.marisoler\" \/>\n<meta property=\"article:modified_time\" content=\"2022-10-29T11:00:32+00:00\" \/>\n<meta property=\"og:image\" content=\"https:\/\/avalencia.com\/wp-content\/uploads\/2022\/08\/Destacada-Rocas-26-05-2018-999x423-1.webp\" \/>\n\t<meta property=\"og:image:width\" content=\"999\" \/>\n\t<meta property=\"og:image:height\" content=\"423\" \/>\n\t<meta property=\"og:image:type\" content=\"image\/webp\" \/>\n<meta name=\"twitter:card\" content=\"summary_large_image\" \/>\n<meta name=\"twitter:site\" content=\"@angelamari400\" \/>\n<meta name=\"twitter:label1\" content=\"Est. reading time\" \/>\n\t<meta name=\"twitter:data1\" content=\"5 minutes\" \/>\n<script type=\"application\/ld+json\" class=\"yoast-schema-graph\">{\"@context\":\"https:\/\/schema.org\",\"@graph\":[{\"@type\":\"WebPage\",\"@id\":\"https:\/\/avalencia.com\/de\/das-fronleichnams-oder-felsenhaus-museum-in-valencia\/\",\"url\":\"https:\/\/avalencia.com\/de\/das-fronleichnams-oder-felsenhaus-museum-in-valencia\/\",\"name\":\"Fronleichnam Museum oder Felsenhaus-Museum in Valencia - AVALENCIA\",\"isPartOf\":{\"@id\":\"https:\/\/avalencia.com\/de\/#website\"},\"primaryImageOfPage\":{\"@id\":\"https:\/\/avalencia.com\/de\/das-fronleichnams-oder-felsenhaus-museum-in-valencia\/#primaryimage\"},\"image\":{\"@id\":\"https:\/\/avalencia.com\/de\/das-fronleichnams-oder-felsenhaus-museum-in-valencia\/#primaryimage\"},\"thumbnailUrl\":\"https:\/\/avalencia.com\/wp-content\/uploads\/2022\/08\/Destacada-Rocas-26-05-2018-999x423-1.webp\",\"datePublished\":\"2020-01-23T19:05:56+00:00\",\"dateModified\":\"2022-10-29T11:00:32+00:00\",\"description\":\"\u00dcber Jahrhunderte war die Fronleichnamsprozession das bedeutendste Fest der Stadt, das 1355 zum ersten Mal stattfand.Voller Symbole und Darstellungen des Mysteriums des Lebens, ist es ein religi\u00f6ses Fest und einzigartiges Fest des valencianischen Volkes.\",\"breadcrumb\":{\"@id\":\"https:\/\/avalencia.com\/de\/das-fronleichnams-oder-felsenhaus-museum-in-valencia\/#breadcrumb\"},\"inLanguage\":\"de-DE\",\"potentialAction\":[{\"@type\":\"ReadAction\",\"target\":[\"https:\/\/avalencia.com\/de\/das-fronleichnams-oder-felsenhaus-museum-in-valencia\/\"]}]},{\"@type\":\"ImageObject\",\"inLanguage\":\"de-DE\",\"@id\":\"https:\/\/avalencia.com\/de\/das-fronleichnams-oder-felsenhaus-museum-in-valencia\/#primaryimage\",\"url\":\"https:\/\/avalencia.com\/wp-content\/uploads\/2022\/08\/Destacada-Rocas-26-05-2018-999x423-1.webp\",\"contentUrl\":\"https:\/\/avalencia.com\/wp-content\/uploads\/2022\/08\/Destacada-Rocas-26-05-2018-999x423-1.webp\",\"width\":999,\"height\":423},{\"@type\":\"BreadcrumbList\",\"@id\":\"https:\/\/avalencia.com\/de\/das-fronleichnams-oder-felsenhaus-museum-in-valencia\/#breadcrumb\",\"itemListElement\":[{\"@type\":\"ListItem\",\"position\":1,\"name\":\"Portada\",\"item\":\"https:\/\/avalencia.com\/de\/\"},{\"@type\":\"ListItem\",\"position\":2,\"name\":\"Fronleichnam Museum oder Felsenhaus-Museum in Valencia\"}]},{\"@type\":\"WebSite\",\"@id\":\"https:\/\/avalencia.com\/de\/#website\",\"url\":\"https:\/\/avalencia.com\/de\/\",\"name\":\"AVALENCIA\",\"description\":\"Visitas culturales por Valencia y alrededores\",\"publisher\":{\"@id\":\"https:\/\/avalencia.com\/de\/#organization\"},\"potentialAction\":[{\"@type\":\"SearchAction\",\"target\":{\"@type\":\"EntryPoint\",\"urlTemplate\":\"https:\/\/avalencia.com\/de\/?s={search_term_string}\"},\"query-input\":{\"@type\":\"PropertyValueSpecification\",\"valueRequired\":true,\"valueName\":\"search_term_string\"}}],\"inLanguage\":\"de-DE\"},{\"@type\":\"Organization\",\"@id\":\"https:\/\/avalencia.com\/de\/#organization\",\"name\":\"Gu\u00eda Valencia\",\"url\":\"https:\/\/avalencia.com\/de\/\",\"logo\":{\"@type\":\"ImageObject\",\"inLanguage\":\"de-DE\",\"@id\":\"https:\/\/avalencia.com\/de\/#\/schema\/logo\/image\/\",\"url\":\"\",\"contentUrl\":\"\",\"caption\":\"Gu\u00eda Valencia\"},\"image\":{\"@id\":\"https:\/\/avalencia.com\/de\/#\/schema\/logo\/image\/\"},\"sameAs\":[\"https:\/\/www.facebook.com\/angela.marisoler\",\"https:\/\/x.com\/angelamari400\",\"https:\/\/www.instagram.com\/angelamarisoler\/\",\"https:\/\/www.linkedin.com\/feed\/?trk=guest_homepage-basic_sign-in-submit\",\"https:\/\/www.youtube.com\/channel\/UC4bWyTV2CWI65Qf0r1pjuXg?view_as=subscriber\"]}]}<\/script>\n<!-- \/ Yoast SEO plugin. -->","yoast_head_json":{"title":"Fronleichnam Museum oder Felsenhaus-Museum in Valencia - AVALENCIA","description":"\u00dcber Jahrhunderte war die Fronleichnamsprozession das bedeutendste Fest der Stadt, das 1355 zum ersten Mal stattfand.Voller Symbole und Darstellungen des Mysteriums des Lebens, ist es ein religi\u00f6ses Fest und einzigartiges Fest des valencianischen Volkes.","robots":{"index":"index","follow":"follow","max-snippet":"max-snippet:-1","max-image-preview":"max-image-preview:large","max-video-preview":"max-video-preview:-1"},"canonical":"https:\/\/avalencia.com\/de\/das-fronleichnams-oder-felsenhaus-museum-in-valencia\/","og_locale":"de_DE","og_type":"article","og_title":"Fronleichnam Museum oder Felsenhaus-Museum in Valencia - AVALENCIA","og_description":"\u00dcber Jahrhunderte war die Fronleichnamsprozession das bedeutendste Fest der Stadt, das 1355 zum ersten Mal stattfand.Voller Symbole und Darstellungen des Mysteriums des Lebens, ist es ein religi\u00f6ses Fest und einzigartiges Fest des valencianischen Volkes.","og_url":"https:\/\/avalencia.com\/de\/das-fronleichnams-oder-felsenhaus-museum-in-valencia\/","og_site_name":"AVALENCIA","article_publisher":"https:\/\/www.facebook.com\/angela.marisoler","article_modified_time":"2022-10-29T11:00:32+00:00","og_image":[{"width":999,"height":423,"url":"https:\/\/avalencia.com\/wp-content\/uploads\/2022\/08\/Destacada-Rocas-26-05-2018-999x423-1.webp","type":"image\/webp"}],"twitter_card":"summary_large_image","twitter_site":"@angelamari400","twitter_misc":{"Est. reading time":"5 minutes"},"schema":{"@context":"https:\/\/schema.org","@graph":[{"@type":"WebPage","@id":"https:\/\/avalencia.com\/de\/das-fronleichnams-oder-felsenhaus-museum-in-valencia\/","url":"https:\/\/avalencia.com\/de\/das-fronleichnams-oder-felsenhaus-museum-in-valencia\/","name":"Fronleichnam Museum oder Felsenhaus-Museum in Valencia - AVALENCIA","isPartOf":{"@id":"https:\/\/avalencia.com\/de\/#website"},"primaryImageOfPage":{"@id":"https:\/\/avalencia.com\/de\/das-fronleichnams-oder-felsenhaus-museum-in-valencia\/#primaryimage"},"image":{"@id":"https:\/\/avalencia.com\/de\/das-fronleichnams-oder-felsenhaus-museum-in-valencia\/#primaryimage"},"thumbnailUrl":"https:\/\/avalencia.com\/wp-content\/uploads\/2022\/08\/Destacada-Rocas-26-05-2018-999x423-1.webp","datePublished":"2020-01-23T19:05:56+00:00","dateModified":"2022-10-29T11:00:32+00:00","description":"\u00dcber Jahrhunderte war die Fronleichnamsprozession das bedeutendste Fest der Stadt, das 1355 zum ersten Mal stattfand.Voller Symbole und Darstellungen des Mysteriums des Lebens, ist es ein religi\u00f6ses Fest und einzigartiges Fest des valencianischen Volkes.","breadcrumb":{"@id":"https:\/\/avalencia.com\/de\/das-fronleichnams-oder-felsenhaus-museum-in-valencia\/#breadcrumb"},"inLanguage":"de-DE","potentialAction":[{"@type":"ReadAction","target":["https:\/\/avalencia.com\/de\/das-fronleichnams-oder-felsenhaus-museum-in-valencia\/"]}]},{"@type":"ImageObject","inLanguage":"de-DE","@id":"https:\/\/avalencia.com\/de\/das-fronleichnams-oder-felsenhaus-museum-in-valencia\/#primaryimage","url":"https:\/\/avalencia.com\/wp-content\/uploads\/2022\/08\/Destacada-Rocas-26-05-2018-999x423-1.webp","contentUrl":"https:\/\/avalencia.com\/wp-content\/uploads\/2022\/08\/Destacada-Rocas-26-05-2018-999x423-1.webp","width":999,"height":423},{"@type":"BreadcrumbList","@id":"https:\/\/avalencia.com\/de\/das-fronleichnams-oder-felsenhaus-museum-in-valencia\/#breadcrumb","itemListElement":[{"@type":"ListItem","position":1,"name":"Portada","item":"https:\/\/avalencia.com\/de\/"},{"@type":"ListItem","position":2,"name":"Fronleichnam Museum oder Felsenhaus-Museum in Valencia"}]},{"@type":"WebSite","@id":"https:\/\/avalencia.com\/de\/#website","url":"https:\/\/avalencia.com\/de\/","name":"AVALENCIA","description":"Visitas culturales por Valencia y alrededores","publisher":{"@id":"https:\/\/avalencia.com\/de\/#organization"},"potentialAction":[{"@type":"SearchAction","target":{"@type":"EntryPoint","urlTemplate":"https:\/\/avalencia.com\/de\/?s={search_term_string}"},"query-input":{"@type":"PropertyValueSpecification","valueRequired":true,"valueName":"search_term_string"}}],"inLanguage":"de-DE"},{"@type":"Organization","@id":"https:\/\/avalencia.com\/de\/#organization","name":"Gu\u00eda Valencia","url":"https:\/\/avalencia.com\/de\/","logo":{"@type":"ImageObject","inLanguage":"de-DE","@id":"https:\/\/avalencia.com\/de\/#\/schema\/logo\/image\/","url":"","contentUrl":"","caption":"Gu\u00eda Valencia"},"image":{"@id":"https:\/\/avalencia.com\/de\/#\/schema\/logo\/image\/"},"sameAs":["https:\/\/www.facebook.com\/angela.marisoler","https:\/\/x.com\/angelamari400","https:\/\/www.instagram.com\/angelamarisoler\/","https:\/\/www.linkedin.com\/feed\/?trk=guest_homepage-basic_sign-in-submit","https:\/\/www.youtube.com\/channel\/UC4bWyTV2CWI65Qf0r1pjuXg?view_as=subscriber"]}]}},"featured_image_src":"https:\/\/avalencia.com\/wp-content\/uploads\/2022\/08\/Destacada-Rocas-26-05-2018-999x423-1-600x400.webp","featured_image_src_square":"https:\/\/avalencia.com\/wp-content\/uploads\/2022\/08\/Destacada-Rocas-26-05-2018-999x423-1-600x423.webp","_links":{"self":[{"href":"https:\/\/avalencia.com\/de\/wp-json\/wp\/v2\/pages\/5828","targetHints":{"allow":["GET"]}}],"collection":[{"href":"https:\/\/avalencia.com\/de\/wp-json\/wp\/v2\/pages"}],"about":[{"href":"https:\/\/avalencia.com\/de\/wp-json\/wp\/v2\/types\/page"}],"author":[{"embeddable":true,"href":"https:\/\/avalencia.com\/de\/wp-json\/wp\/v2\/users\/3"}],"replies":[{"embeddable":true,"href":"https:\/\/avalencia.com\/de\/wp-json\/wp\/v2\/comments?post=5828"}],"version-history":[{"count":0,"href":"https:\/\/avalencia.com\/de\/wp-json\/wp\/v2\/pages\/5828\/revisions"}],"wp:featuredmedia":[{"embeddable":true,"href":"https:\/\/avalencia.com\/de\/wp-json\/wp\/v2\/media\/17048"}],"wp:attachment":[{"href":"https:\/\/avalencia.com\/de\/wp-json\/wp\/v2\/media?parent=5828"}],"curies":[{"name":"wp","href":"https:\/\/api.w.org\/{rel}","templated":true}]}}