{"id":6686,"date":"2020-05-04T20:06:20","date_gmt":"2020-05-04T20:06:20","guid":{"rendered":"https:\/\/avalencia.com\/?page_id=6686"},"modified":"2022-11-29T17:51:56","modified_gmt":"2022-11-29T17:51:56","slug":"die-roemische-valentia-der-ursprung-der-stadt-valentia","status":"publish","type":"page","link":"https:\/\/avalencia.com\/de\/die-roemische-valentia-der-ursprung-der-stadt-valentia\/","title":{"rendered":"Die r\u00f6mische Valentia, der Ursprung der Stadt Valencia"},"content":{"rendered":"\n<div style=\"height:51px\" aria-hidden=\"true\" class=\"wp-block-spacer\"><\/div>\n\n\n\n<h2 class=\"wp-block-heading\"><strong>Unsere \u00e4lteste Geschichte<\/strong><\/h2>\n\n\n\n<p>\u00dcberreste der <strong><a rel=\"noreferrer noopener\" href=\"https:\/\/historiaeweb.com\/2018\/04\/21\/valentia-edetanorum\/\" target=\"_blank\">Valentia Edetanorum<\/a><\/strong>, die r\u00f6mische Valentia sind noch zu finden: von der Stadtmauer, dem Aqu\u00e4dukt, dem Zirkus, der Keramik usw. in privaten R\u00e4umen, auf Stra\u00dfenniveau oder in den Ausgrabungen der Almoina und der Krypta von San Vicente M\u00e1rtir.<br>Valentia wurde 138 v. Chr. Gegr\u00fcndet. unter dem Konsulat von Decimo Junio Bruto auf einer Flussinsel wenige Kilometer landeinw\u00e4rts, und auf einer kleinen topographischen Erhebung. Aber was war vor der r\u00f6mischen Gr\u00fcndung ? Jetzt haben wir bereits arch\u00e4ologische Quellen, die zeigen, dass es bereits vor der Gr\u00fcndung der r\u00f6mischen Stadt in Valencia und ihrem Obstgarten menschliche Gruppen war \u2026\u2026<\/p>\n\n\n\n<p><strong>Wir fangen den Besuch vom Serranos Tor an<\/strong>, wo es in der R\u00f6merzeit ein sp\u00e4tr\u00f6misches Dock mit mehreren Kan\u00e4len gab, die aus dem Fluss Turia m\u00fcndeten. Einige \u00dcberreste unter dem Geb\u00e4ude Nr. 2 in der Calle Blanquer\u00edas kann man noch sehen.<\/p>\n\n\n\n<p>Wir werden durch einige Stra\u00dfen gehen, in denen die r\u00f6mische Mauer verlief. Sie k\u00f6nnten noch einige Abschnitte entlang der Stra\u00dfen Salvador \/ Viciana und Avellanas sehen.<\/p>\n\n\n\n<p>Wir werden an der <strong>Plaza de la Virgen<\/strong> ankommen, wo noch <strong>einige Grabsteine <\/strong>aus der Valentia-Epoche erhalten sind, in die W\u00e4nde der Basilika der Virgen de los Desamparados (Zwischen ihnen einer Gedenktafel, die Asclepius gewidmet ist) eingebettet. In der Mitte des Platzes auf dem B\u00fcrgersteig werden Sie die Steinplatte des Fundaments von Valentia sehen.<\/p>\n\n\n\n<figure class=\"wp-block-gallery has-nested-images columns-default is-cropped wp-block-gallery-1 is-layout-flex wp-block-gallery-is-layout-flex\">\n<figure class=\"wp-block-image size-full\"><a href=\"https:\/\/avalencia.com\/wp-content\/uploads\/2022\/07\/GL-01-01-la-valencia-romana-2019-11-24-1.webp\"><img decoding=\"async\" width=\"900\" height=\"675\" data-id=\"16314\" src=\"https:\/\/avalencia.com\/wp-content\/uploads\/2022\/07\/GL-01-01-la-valencia-romana-2019-11-24-1.webp\" alt=\"Arch\u00e4ologisches Zentrum von Valencia\" class=\"wp-image-16314\" srcset=\"https:\/\/avalencia.com\/wp-content\/uploads\/2022\/07\/GL-01-01-la-valencia-romana-2019-11-24-1.webp 900w, https:\/\/avalencia.com\/wp-content\/uploads\/2022\/07\/GL-01-01-la-valencia-romana-2019-11-24-1-300x225.webp 300w, https:\/\/avalencia.com\/wp-content\/uploads\/2022\/07\/GL-01-01-la-valencia-romana-2019-11-24-1-768x576.webp 768w, https:\/\/avalencia.com\/wp-content\/uploads\/2022\/07\/GL-01-01-la-valencia-romana-2019-11-24-1-705x529.webp 705w\" sizes=\"(max-width: 900px) 100vw, 900px\" \/><\/a><\/figure>\n\n\n\n<figure class=\"wp-block-image size-full\"><a href=\"https:\/\/avalencia.com\/wp-content\/uploads\/2022\/07\/GL-01-02-la-valencia-romana-20191124_133624-1.webp\"><img decoding=\"async\" width=\"900\" height=\"675\" data-id=\"16319\" src=\"https:\/\/avalencia.com\/wp-content\/uploads\/2022\/07\/GL-01-02-la-valencia-romana-20191124_133624-1.webp\" alt=\"Museum des arch\u00e4ologischen Zentrums von Valencia\" class=\"wp-image-16319\" srcset=\"https:\/\/avalencia.com\/wp-content\/uploads\/2022\/07\/GL-01-02-la-valencia-romana-20191124_133624-1.webp 900w, https:\/\/avalencia.com\/wp-content\/uploads\/2022\/07\/GL-01-02-la-valencia-romana-20191124_133624-1-300x225.webp 300w, https:\/\/avalencia.com\/wp-content\/uploads\/2022\/07\/GL-01-02-la-valencia-romana-20191124_133624-1-768x576.webp 768w, https:\/\/avalencia.com\/wp-content\/uploads\/2022\/07\/GL-01-02-la-valencia-romana-20191124_133624-1-705x529.webp 705w\" sizes=\"(max-width: 900px) 100vw, 900px\" \/><\/a><\/figure>\n\n\n\n<figure class=\"wp-block-image size-full\"><a href=\"https:\/\/avalencia.com\/wp-content\/uploads\/2022\/07\/GL-01-03-la-valencia-romana-Almoina-Termas1-24-11-2019-1.webp\"><img decoding=\"async\" width=\"900\" height=\"675\" data-id=\"16324\" src=\"https:\/\/avalencia.com\/wp-content\/uploads\/2022\/07\/GL-01-03-la-valencia-romana-Almoina-Termas1-24-11-2019-1.webp\" alt=\"arch\u00e4ologische \u00dcberreste von Valencia\" class=\"wp-image-16324\" srcset=\"https:\/\/avalencia.com\/wp-content\/uploads\/2022\/07\/GL-01-03-la-valencia-romana-Almoina-Termas1-24-11-2019-1.webp 900w, https:\/\/avalencia.com\/wp-content\/uploads\/2022\/07\/GL-01-03-la-valencia-romana-Almoina-Termas1-24-11-2019-1-300x225.webp 300w, https:\/\/avalencia.com\/wp-content\/uploads\/2022\/07\/GL-01-03-la-valencia-romana-Almoina-Termas1-24-11-2019-1-768x576.webp 768w, https:\/\/avalencia.com\/wp-content\/uploads\/2022\/07\/GL-01-03-la-valencia-romana-Almoina-Termas1-24-11-2019-1-705x529.webp 705w\" sizes=\"(max-width: 900px) 100vw, 900px\" \/><\/a><\/figure>\n\n\n\n<figure class=\"wp-block-image size-full\"><a href=\"https:\/\/avalencia.com\/wp-content\/uploads\/2022\/07\/GL01-04-la-valencia-romana-CardoMaximo-24-11-2019-1.webp\"><img decoding=\"async\" width=\"900\" height=\"675\" data-id=\"16329\" src=\"https:\/\/avalencia.com\/wp-content\/uploads\/2022\/07\/GL01-04-la-valencia-romana-CardoMaximo-24-11-2019-1.webp\" alt=\"Besuch des arch\u00e4ologischen Museums von Valencia\" class=\"wp-image-16329\" srcset=\"https:\/\/avalencia.com\/wp-content\/uploads\/2022\/07\/GL01-04-la-valencia-romana-CardoMaximo-24-11-2019-1.webp 900w, https:\/\/avalencia.com\/wp-content\/uploads\/2022\/07\/GL01-04-la-valencia-romana-CardoMaximo-24-11-2019-1-300x225.webp 300w, https:\/\/avalencia.com\/wp-content\/uploads\/2022\/07\/GL01-04-la-valencia-romana-CardoMaximo-24-11-2019-1-768x576.webp 768w, https:\/\/avalencia.com\/wp-content\/uploads\/2022\/07\/GL01-04-la-valencia-romana-CardoMaximo-24-11-2019-1-705x529.webp 705w\" sizes=\"(max-width: 900px) 100vw, 900px\" \/><\/a><\/figure>\n\n\n\n<figure class=\"wp-block-image size-full\"><a href=\"https:\/\/avalencia.com\/wp-content\/uploads\/2022\/07\/GL-01-05-la-valencia-romana-Acueducto-24-11-19-1.webp\"><img decoding=\"async\" width=\"900\" height=\"675\" data-id=\"16334\" src=\"https:\/\/avalencia.com\/wp-content\/uploads\/2022\/07\/GL-01-05-la-valencia-romana-Acueducto-24-11-19-1.webp\" alt=\"Aqu\u00e4dukt von Valencia\" class=\"wp-image-16334\" srcset=\"https:\/\/avalencia.com\/wp-content\/uploads\/2022\/07\/GL-01-05-la-valencia-romana-Acueducto-24-11-19-1.webp 900w, https:\/\/avalencia.com\/wp-content\/uploads\/2022\/07\/GL-01-05-la-valencia-romana-Acueducto-24-11-19-1-300x225.webp 300w, https:\/\/avalencia.com\/wp-content\/uploads\/2022\/07\/GL-01-05-la-valencia-romana-Acueducto-24-11-19-1-768x576.webp 768w, https:\/\/avalencia.com\/wp-content\/uploads\/2022\/07\/GL-01-05-la-valencia-romana-Acueducto-24-11-19-1-705x529.webp 705w\" sizes=\"(max-width: 900px) 100vw, 900px\" \/><\/a><\/figure>\n\n\n\n<figure class=\"wp-block-image size-full\"><a href=\"https:\/\/avalencia.com\/wp-content\/uploads\/2022\/07\/GL-01-06-la-valencia-romana-LaMeta24-11-2019-1.webp\"><img decoding=\"async\" data-id=\"16339\" src=\"https:\/\/avalencia.com\/wp-content\/uploads\/2022\/07\/GL-01-06-la-valencia-romana-LaMeta24-11-2019-1.webp\" alt=\"Zielsteine des r\u00f6mischen Zirkus - Valencia\" class=\"wp-image-16339\"\/><\/a><\/figure>\n<\/figure>\n\n\n\n<p>Anschlie\u00dfend besuchen wir <strong>das Arch\u00e4ologische Zentrum von Almoina<\/strong>, dessen Ausgrabungen zwischen den Jahren 1985 und 2005 durchgef\u00fchrt wurden. Dort werden wir einen Spaziergang durch zweitausend Jahre Geschichte machen. An derselben Stelle befindet sich den Nullpunkt, von dem aus den R\u00f6mer die zuk\u00fcnftige Stadt gegr\u00fcndet w\u00fcrde. Sie k\u00f6nnten immer noch die \u00dcberreste des Getreidespeichers und die r\u00f6mischen B\u00e4der sehen, die Ende des 2. Jahrhunderts v. Chr. (aus der republikanischen Epoche) gebaut wurden. Diese stellen ein kleines republikanisches Juwel dar, da sie eine der wenigen Beispielen sind, die in der gesamten r\u00f6mischen Welt seit seiner so alten Zeit bekannt sind.<\/p>\n\n\n\n<p>Gleich hinter der Almoina k\u00f6nnen wir <strong>die Krypta des Gef\u00e4ngnisses San Vicente M\u00e1rtir <\/strong>besichtigen, in der sich eine westgotische Bestattungs Kapelle mit einem Kreuzplan befindet. Unter anderen architektonischen Elementen sehen wir ein 3,3 Meter langes Wandgem\u00e4lde aus der R\u00f6merzeit mit der Dekoration eines mit den Petasos verzierten Merkurkopfes.<\/p>\n\n\n\n<p>Wir werden die <strong>\u00dcberreste des Dorns des r\u00f6mischen Zirkus <\/strong>besichtigen, der sich auf dem alten mittelalterlichen Friedhof (S\u00fcdhof) der Kirche San Juan del Hospital befindet<\/p>\n\n\n\n<p>Wir k\u00f6nnen immer noch die drei<strong> riesige Zielsteine <\/strong>f\u00fcr die Wettbewerbe, die im r\u00f6mischen Zirkus stattgefunden haben, in einem sch\u00f6nen Hotel anschauen, das einst der Palast des Marquis von Caro war.<\/p>\n\n\n\n<p><strong>Kommen und entdecken Sie die Valentia Edetanorum!<\/strong><\/p>\n\n\n\n<div class=\"wp-block-buttons is-layout-flex wp-block-buttons-is-layout-flex\">\n<div class=\"wp-block-button\"><a class=\"wp-block-button__link wp-element-button\" href=\"https:\/\/avalencia.com\/de\/kontakt\/\" target=\"_blank\" rel=\"noreferrer noopener\">Kontakt mit  Angela Mar\u00ed Soler<\/a><\/div>\n<\/div>\n\n\n\n<div style=\"height:44px\" aria-hidden=\"true\" class=\"wp-block-spacer\"><\/div>\n\n\n\n<div style=\"height:68px\" aria-hidden=\"true\" class=\"wp-block-spacer\"><\/div>\n\n\n<div  class='av-social-sharing-box  avia-builder-el-0  avia-builder-el-no-sibling  '><div class='av-share-box'><h5 class='av-share-link-description av-no-toc '>Teilen Sie mit<\/h5><ul class='av-share-box-list noLightbox'><li class='av-share-link av-social-link-facebook' ><a target=\"_blank\" aria-label=\"Teilen auf Facebook\" href='https:\/\/www.facebook.com\/sharer.php?u=https:\/\/avalencia.com\/de\/die-roemische-valentia-der-ursprung-der-stadt-valentia\/&#038;t=Die%20r%C3%B6mische%20Valentia%2C%20der%20Ursprung%20der%20Stadt%20Valencia' aria-hidden='false' data-av_icon='\ue8f3' data-av_iconfont='entypo-fontello' title='' data-avia-related-tooltip='Teilen auf Facebook' rel=\"noopener\"><span class='avia_hidden_link_text'>Teilen auf Facebook<\/span><\/a><\/li><li class='av-share-link av-social-link-twitter' ><a target=\"_blank\" aria-label=\"Teilen auf Twitter\" href='https:\/\/twitter.com\/share?text=Die%20r%C3%B6mische%20Valentia%2C%20der%20Ursprung%20der%20Stadt%20Valencia&#038;url=https:\/\/avalencia.com\/de\/?p=6686' aria-hidden='false' data-av_icon='\ue8f1' data-av_iconfont='entypo-fontello' title='' data-avia-related-tooltip='Teilen auf Twitter' rel=\"noopener\"><span class='avia_hidden_link_text'>Teilen auf Twitter<\/span><\/a><\/li><li class='av-share-link av-social-link-pinterest' ><a target=\"_blank\" aria-label=\"Teilen auf Pinterest\" href='https:\/\/pinterest.com\/pin\/create\/button\/?url=https%3A%2F%2Favalencia.com%2Fde%2Fdie-roemische-valentia-der-ursprung-der-stadt-valentia%2F&#038;description=Die%20r%C3%B6mische%20Valentia%2C%20der%20Ursprung%20der%20Stadt%20Valencia&#038;media=https%3A%2F%2Favalencia.com%2Fwp-content%2Fuploads%2F2022%2F07%2F80-destacada-La-valencia-romana-ExcavacionesAlmoina24-11-020-1-705x322.webp' aria-hidden='false' data-av_icon='\ue8f8' data-av_iconfont='entypo-fontello' title='' data-avia-related-tooltip='Teilen auf Pinterest' rel=\"noopener\"><span class='avia_hidden_link_text'>Teilen auf Pinterest<\/span><\/a><\/li><li class='av-share-link av-social-link-linkedin' ><a target=\"_blank\" aria-label=\"Teilen auf LinkedIn\" href='https:\/\/linkedin.com\/shareArticle?mini=true&#038;title=Die%20r%C3%B6mische%20Valentia%2C%20der%20Ursprung%20der%20Stadt%20Valencia&#038;url=https:\/\/avalencia.com\/de\/die-roemische-valentia-der-ursprung-der-stadt-valentia\/' aria-hidden='false' data-av_icon='\ue8fc' data-av_iconfont='entypo-fontello' title='' data-avia-related-tooltip='Teilen auf LinkedIn' rel=\"noopener\"><span class='avia_hidden_link_text'>Teilen auf LinkedIn<\/span><\/a><\/li><li class='av-share-link av-social-link-mail' ><a  aria-label=\"Per E-Mail teilen\" href='mailto:?subject=Die%20r%C3%B6mische%20Valentia%2C%20der%20Ursprung%20der%20Stadt%20Valencia&#038;body=https:\/\/avalencia.com\/de\/die-roemische-valentia-der-ursprung-der-stadt-valentia\/' aria-hidden='false' data-av_icon='\ue805' data-av_iconfont='entypo-fontello' title='' data-avia-related-tooltip='Per E-Mail teilen'><span class='avia_hidden_link_text'>Per E-Mail teilen<\/span><\/a><\/li><\/ul><\/div><\/div>\n\n\n\n<p><\/p>\n","protected":false},"excerpt":{"rendered":"<p>Unsere \u00e4lteste Geschichte \u00dcberreste der Valentia Edetanorum, die r\u00f6mische Valentia sind noch zu finden: von der Stadtmauer, dem Aqu\u00e4dukt, dem Zirkus, der Keramik usw. in privaten R\u00e4umen, auf Stra\u00dfenniveau oder in den Ausgrabungen der Almoina und der Krypta von San Vicente M\u00e1rtir.Valentia wurde 138 v. Chr. Gegr\u00fcndet. unter dem Konsulat von Decimo Junio Bruto auf [&hellip;]<\/p>\n","protected":false},"author":3,"featured_media":16308,"parent":0,"menu_order":0,"comment_status":"closed","ping_status":"closed","template":"","meta":{"footnotes":""},"class_list":["post-6686","page","type-page","status-publish","has-post-thumbnail","hentry"],"yoast_head":"<!-- This site is optimized with the Yoast SEO plugin v26.8 - https:\/\/yoast.com\/product\/yoast-seo-wordpress\/ -->\n<title>Die r\u00f6mische Valentia, der Ursprung der Stadt Valencia - AValencia<\/title>\n<meta name=\"description\" content=\"Valentia wurde 138 v. Chr. Gegr\u00fcndet unter dem Konsulat von Decimo Junio Bruto auf einer Flussinsel wenige Kilometer landeinw\u00e4rts..\" \/>\n<meta name=\"robots\" content=\"index, follow, max-snippet:-1, max-image-preview:large, max-video-preview:-1\" \/>\n<link rel=\"canonical\" href=\"https:\/\/avalencia.com\/de\/die-roemische-valentia-der-ursprung-der-stadt-valentia\/\" \/>\n<meta property=\"og:locale\" content=\"de_DE\" \/>\n<meta property=\"og:type\" content=\"article\" \/>\n<meta property=\"og:title\" content=\"Die r\u00f6mische Valentia, der Ursprung der Stadt Valencia - AValencia\" \/>\n<meta property=\"og:description\" content=\"Valentia wurde 138 v. Chr. Gegr\u00fcndet unter dem Konsulat von Decimo Junio Bruto auf einer Flussinsel wenige Kilometer landeinw\u00e4rts..\" \/>\n<meta property=\"og:url\" content=\"https:\/\/avalencia.com\/de\/die-roemische-valentia-der-ursprung-der-stadt-valentia\/\" \/>\n<meta property=\"og:site_name\" content=\"AVALENCIA\" \/>\n<meta property=\"article:publisher\" content=\"https:\/\/www.facebook.com\/angela.marisoler\" \/>\n<meta property=\"article:modified_time\" content=\"2022-11-29T17:51:56+00:00\" \/>\n<meta property=\"og:image\" content=\"https:\/\/avalencia.com\/wp-content\/uploads\/2022\/07\/80-destacada-La-valencia-romana-ExcavacionesAlmoina24-11-020-1.webp\" \/>\n\t<meta property=\"og:image:width\" content=\"1200\" \/>\n\t<meta property=\"og:image:height\" content=\"548\" \/>\n\t<meta property=\"og:image:type\" content=\"image\/webp\" \/>\n<meta name=\"twitter:card\" content=\"summary_large_image\" \/>\n<meta name=\"twitter:site\" content=\"@angelamari400\" \/>\n<meta name=\"twitter:label1\" content=\"Est. reading time\" \/>\n\t<meta name=\"twitter:data1\" content=\"4 minutes\" \/>\n<script type=\"application\/ld+json\" class=\"yoast-schema-graph\">{\"@context\":\"https:\/\/schema.org\",\"@graph\":[{\"@type\":\"WebPage\",\"@id\":\"https:\/\/avalencia.com\/de\/die-roemische-valentia-der-ursprung-der-stadt-valentia\/\",\"url\":\"https:\/\/avalencia.com\/de\/die-roemische-valentia-der-ursprung-der-stadt-valentia\/\",\"name\":\"Die r\u00f6mische Valentia, der Ursprung der Stadt Valencia - AValencia\",\"isPartOf\":{\"@id\":\"https:\/\/avalencia.com\/de\/#website\"},\"primaryImageOfPage\":{\"@id\":\"https:\/\/avalencia.com\/de\/die-roemische-valentia-der-ursprung-der-stadt-valentia\/#primaryimage\"},\"image\":{\"@id\":\"https:\/\/avalencia.com\/de\/die-roemische-valentia-der-ursprung-der-stadt-valentia\/#primaryimage\"},\"thumbnailUrl\":\"https:\/\/avalencia.com\/wp-content\/uploads\/2022\/07\/80-destacada-La-valencia-romana-ExcavacionesAlmoina24-11-020-1.webp\",\"datePublished\":\"2020-05-04T20:06:20+00:00\",\"dateModified\":\"2022-11-29T17:51:56+00:00\",\"description\":\"Valentia wurde 138 v. Chr. Gegr\u00fcndet unter dem Konsulat von Decimo Junio Bruto auf einer Flussinsel wenige Kilometer landeinw\u00e4rts..\",\"breadcrumb\":{\"@id\":\"https:\/\/avalencia.com\/de\/die-roemische-valentia-der-ursprung-der-stadt-valentia\/#breadcrumb\"},\"inLanguage\":\"de-DE\",\"potentialAction\":[{\"@type\":\"ReadAction\",\"target\":[\"https:\/\/avalencia.com\/de\/die-roemische-valentia-der-ursprung-der-stadt-valentia\/\"]}]},{\"@type\":\"ImageObject\",\"inLanguage\":\"de-DE\",\"@id\":\"https:\/\/avalencia.com\/de\/die-roemische-valentia-der-ursprung-der-stadt-valentia\/#primaryimage\",\"url\":\"https:\/\/avalencia.com\/wp-content\/uploads\/2022\/07\/80-destacada-La-valencia-romana-ExcavacionesAlmoina24-11-020-1.webp\",\"contentUrl\":\"https:\/\/avalencia.com\/wp-content\/uploads\/2022\/07\/80-destacada-La-valencia-romana-ExcavacionesAlmoina24-11-020-1.webp\",\"width\":1200,\"height\":548},{\"@type\":\"BreadcrumbList\",\"@id\":\"https:\/\/avalencia.com\/de\/die-roemische-valentia-der-ursprung-der-stadt-valentia\/#breadcrumb\",\"itemListElement\":[{\"@type\":\"ListItem\",\"position\":1,\"name\":\"Portada\",\"item\":\"https:\/\/avalencia.com\/de\/\"},{\"@type\":\"ListItem\",\"position\":2,\"name\":\"Die r\u00f6mische Valentia, der Ursprung der Stadt Valencia\"}]},{\"@type\":\"WebSite\",\"@id\":\"https:\/\/avalencia.com\/de\/#website\",\"url\":\"https:\/\/avalencia.com\/de\/\",\"name\":\"AVALENCIA\",\"description\":\"Visitas culturales por Valencia y alrededores\",\"publisher\":{\"@id\":\"https:\/\/avalencia.com\/de\/#organization\"},\"potentialAction\":[{\"@type\":\"SearchAction\",\"target\":{\"@type\":\"EntryPoint\",\"urlTemplate\":\"https:\/\/avalencia.com\/de\/?s={search_term_string}\"},\"query-input\":{\"@type\":\"PropertyValueSpecification\",\"valueRequired\":true,\"valueName\":\"search_term_string\"}}],\"inLanguage\":\"de-DE\"},{\"@type\":\"Organization\",\"@id\":\"https:\/\/avalencia.com\/de\/#organization\",\"name\":\"Gu\u00eda Valencia\",\"url\":\"https:\/\/avalencia.com\/de\/\",\"logo\":{\"@type\":\"ImageObject\",\"inLanguage\":\"de-DE\",\"@id\":\"https:\/\/avalencia.com\/de\/#\/schema\/logo\/image\/\",\"url\":\"\",\"contentUrl\":\"\",\"caption\":\"Gu\u00eda Valencia\"},\"image\":{\"@id\":\"https:\/\/avalencia.com\/de\/#\/schema\/logo\/image\/\"},\"sameAs\":[\"https:\/\/www.facebook.com\/angela.marisoler\",\"https:\/\/x.com\/angelamari400\",\"https:\/\/www.instagram.com\/angelamarisoler\/\",\"https:\/\/www.linkedin.com\/feed\/?trk=guest_homepage-basic_sign-in-submit\",\"https:\/\/www.youtube.com\/channel\/UC4bWyTV2CWI65Qf0r1pjuXg?view_as=subscriber\"]}]}<\/script>\n<!-- \/ Yoast SEO plugin. -->","yoast_head_json":{"title":"Die r\u00f6mische Valentia, der Ursprung der Stadt Valencia - AValencia","description":"Valentia wurde 138 v. Chr. Gegr\u00fcndet unter dem Konsulat von Decimo Junio Bruto auf einer Flussinsel wenige Kilometer landeinw\u00e4rts..","robots":{"index":"index","follow":"follow","max-snippet":"max-snippet:-1","max-image-preview":"max-image-preview:large","max-video-preview":"max-video-preview:-1"},"canonical":"https:\/\/avalencia.com\/de\/die-roemische-valentia-der-ursprung-der-stadt-valentia\/","og_locale":"de_DE","og_type":"article","og_title":"Die r\u00f6mische Valentia, der Ursprung der Stadt Valencia - AValencia","og_description":"Valentia wurde 138 v. Chr. Gegr\u00fcndet unter dem Konsulat von Decimo Junio Bruto auf einer Flussinsel wenige Kilometer landeinw\u00e4rts..","og_url":"https:\/\/avalencia.com\/de\/die-roemische-valentia-der-ursprung-der-stadt-valentia\/","og_site_name":"AVALENCIA","article_publisher":"https:\/\/www.facebook.com\/angela.marisoler","article_modified_time":"2022-11-29T17:51:56+00:00","og_image":[{"width":1200,"height":548,"url":"https:\/\/avalencia.com\/wp-content\/uploads\/2022\/07\/80-destacada-La-valencia-romana-ExcavacionesAlmoina24-11-020-1.webp","type":"image\/webp"}],"twitter_card":"summary_large_image","twitter_site":"@angelamari400","twitter_misc":{"Est. reading time":"4 minutes"},"schema":{"@context":"https:\/\/schema.org","@graph":[{"@type":"WebPage","@id":"https:\/\/avalencia.com\/de\/die-roemische-valentia-der-ursprung-der-stadt-valentia\/","url":"https:\/\/avalencia.com\/de\/die-roemische-valentia-der-ursprung-der-stadt-valentia\/","name":"Die r\u00f6mische Valentia, der Ursprung der Stadt Valencia - AValencia","isPartOf":{"@id":"https:\/\/avalencia.com\/de\/#website"},"primaryImageOfPage":{"@id":"https:\/\/avalencia.com\/de\/die-roemische-valentia-der-ursprung-der-stadt-valentia\/#primaryimage"},"image":{"@id":"https:\/\/avalencia.com\/de\/die-roemische-valentia-der-ursprung-der-stadt-valentia\/#primaryimage"},"thumbnailUrl":"https:\/\/avalencia.com\/wp-content\/uploads\/2022\/07\/80-destacada-La-valencia-romana-ExcavacionesAlmoina24-11-020-1.webp","datePublished":"2020-05-04T20:06:20+00:00","dateModified":"2022-11-29T17:51:56+00:00","description":"Valentia wurde 138 v. Chr. Gegr\u00fcndet unter dem Konsulat von Decimo Junio Bruto auf einer Flussinsel wenige Kilometer landeinw\u00e4rts..","breadcrumb":{"@id":"https:\/\/avalencia.com\/de\/die-roemische-valentia-der-ursprung-der-stadt-valentia\/#breadcrumb"},"inLanguage":"de-DE","potentialAction":[{"@type":"ReadAction","target":["https:\/\/avalencia.com\/de\/die-roemische-valentia-der-ursprung-der-stadt-valentia\/"]}]},{"@type":"ImageObject","inLanguage":"de-DE","@id":"https:\/\/avalencia.com\/de\/die-roemische-valentia-der-ursprung-der-stadt-valentia\/#primaryimage","url":"https:\/\/avalencia.com\/wp-content\/uploads\/2022\/07\/80-destacada-La-valencia-romana-ExcavacionesAlmoina24-11-020-1.webp","contentUrl":"https:\/\/avalencia.com\/wp-content\/uploads\/2022\/07\/80-destacada-La-valencia-romana-ExcavacionesAlmoina24-11-020-1.webp","width":1200,"height":548},{"@type":"BreadcrumbList","@id":"https:\/\/avalencia.com\/de\/die-roemische-valentia-der-ursprung-der-stadt-valentia\/#breadcrumb","itemListElement":[{"@type":"ListItem","position":1,"name":"Portada","item":"https:\/\/avalencia.com\/de\/"},{"@type":"ListItem","position":2,"name":"Die r\u00f6mische Valentia, der Ursprung der Stadt Valencia"}]},{"@type":"WebSite","@id":"https:\/\/avalencia.com\/de\/#website","url":"https:\/\/avalencia.com\/de\/","name":"AVALENCIA","description":"Visitas culturales por Valencia y alrededores","publisher":{"@id":"https:\/\/avalencia.com\/de\/#organization"},"potentialAction":[{"@type":"SearchAction","target":{"@type":"EntryPoint","urlTemplate":"https:\/\/avalencia.com\/de\/?s={search_term_string}"},"query-input":{"@type":"PropertyValueSpecification","valueRequired":true,"valueName":"search_term_string"}}],"inLanguage":"de-DE"},{"@type":"Organization","@id":"https:\/\/avalencia.com\/de\/#organization","name":"Gu\u00eda Valencia","url":"https:\/\/avalencia.com\/de\/","logo":{"@type":"ImageObject","inLanguage":"de-DE","@id":"https:\/\/avalencia.com\/de\/#\/schema\/logo\/image\/","url":"","contentUrl":"","caption":"Gu\u00eda Valencia"},"image":{"@id":"https:\/\/avalencia.com\/de\/#\/schema\/logo\/image\/"},"sameAs":["https:\/\/www.facebook.com\/angela.marisoler","https:\/\/x.com\/angelamari400","https:\/\/www.instagram.com\/angelamarisoler\/","https:\/\/www.linkedin.com\/feed\/?trk=guest_homepage-basic_sign-in-submit","https:\/\/www.youtube.com\/channel\/UC4bWyTV2CWI65Qf0r1pjuXg?view_as=subscriber"]}]}},"featured_image_src":"https:\/\/avalencia.com\/wp-content\/uploads\/2022\/07\/80-destacada-La-valencia-romana-ExcavacionesAlmoina24-11-020-1-600x400.webp","featured_image_src_square":"https:\/\/avalencia.com\/wp-content\/uploads\/2022\/07\/80-destacada-La-valencia-romana-ExcavacionesAlmoina24-11-020-1-600x548.webp","_links":{"self":[{"href":"https:\/\/avalencia.com\/de\/wp-json\/wp\/v2\/pages\/6686","targetHints":{"allow":["GET"]}}],"collection":[{"href":"https:\/\/avalencia.com\/de\/wp-json\/wp\/v2\/pages"}],"about":[{"href":"https:\/\/avalencia.com\/de\/wp-json\/wp\/v2\/types\/page"}],"author":[{"embeddable":true,"href":"https:\/\/avalencia.com\/de\/wp-json\/wp\/v2\/users\/3"}],"replies":[{"embeddable":true,"href":"https:\/\/avalencia.com\/de\/wp-json\/wp\/v2\/comments?post=6686"}],"version-history":[{"count":0,"href":"https:\/\/avalencia.com\/de\/wp-json\/wp\/v2\/pages\/6686\/revisions"}],"wp:featuredmedia":[{"embeddable":true,"href":"https:\/\/avalencia.com\/de\/wp-json\/wp\/v2\/media\/16308"}],"wp:attachment":[{"href":"https:\/\/avalencia.com\/de\/wp-json\/wp\/v2\/media?parent=6686"}],"curies":[{"name":"wp","href":"https:\/\/api.w.org\/{rel}","templated":true}]}}