{"id":6830,"date":"2020-05-06T16:33:35","date_gmt":"2020-05-06T16:33:35","guid":{"rendered":"https:\/\/avalencia.com\/?page_id=6830"},"modified":"2022-11-29T17:43:44","modified_gmt":"2022-11-29T17:43:44","slug":"der-bioparc-valencia","status":"publish","type":"page","link":"https:\/\/avalencia.com\/de\/der-bioparc-valencia\/","title":{"rendered":"Der Bioparc Valencia"},"content":{"rendered":"\n<h2 class=\"wp-block-heading\">Besuch des Bioparcs von Valencia<\/h2>\n\n\n\n<p>Der Bioparc Valencia wurde in Februar 2008 er\u00f6ffnet, freie Sicht auf die Tiere werden die Besucher in allen Teilen des Parks genie\u00dfen, den die einzelnen Gehege werden nicht durch Gitter getrennt. Stattdessen sorgen nat\u00fcrliche Absperrungen wie breite Wassergr\u00e4ben daf\u00fcr,dass die Tiere in ihren Gebieten bleiben. Die Pflanzen und B\u00e4umen bieten ihnen dabei gen\u00fcgend R\u00fcckzugsm\u00f6glichkeiten.<br>Der neue Tiergarten ist nach Kontinenten konzipiert:<\/p>\n\n\n\n<figure class=\"wp-block-gallery has-nested-images columns-default is-cropped wp-block-gallery-1 is-layout-flex wp-block-gallery-is-layout-flex\">\n<figure class=\"wp-block-image size-full\"><a href=\"https:\/\/avalencia.com\/wp-content\/uploads\/2022\/07\/01-GL1-Bioparc-BIOPARC-Savana-Nus_5-1.webp\"><img decoding=\"async\" width=\"850\" height=\"569\" data-id=\"15926\" src=\"https:\/\/avalencia.com\/wp-content\/uploads\/2022\/07\/01-GL1-Bioparc-BIOPARC-Savana-Nus_5-1.webp\" alt=\"Bioparc Zoo Valencia\" class=\"wp-image-15926\" srcset=\"https:\/\/avalencia.com\/wp-content\/uploads\/2022\/07\/01-GL1-Bioparc-BIOPARC-Savana-Nus_5-1.webp 850w, https:\/\/avalencia.com\/wp-content\/uploads\/2022\/07\/01-GL1-Bioparc-BIOPARC-Savana-Nus_5-1-300x201.webp 300w, https:\/\/avalencia.com\/wp-content\/uploads\/2022\/07\/01-GL1-Bioparc-BIOPARC-Savana-Nus_5-1-768x514.webp 768w, https:\/\/avalencia.com\/wp-content\/uploads\/2022\/07\/01-GL1-Bioparc-BIOPARC-Savana-Nus_5-1-705x472.webp 705w\" sizes=\"(max-width: 850px) 100vw, 850px\" \/><\/a><\/figure>\n\n\n\n<figure class=\"wp-block-image size-full\"><a href=\"https:\/\/avalencia.com\/wp-content\/uploads\/2022\/07\/02-GL1-BioparcBIOPARC-Flamingos.webp\"><img decoding=\"async\" width=\"850\" height=\"569\" data-id=\"15931\" src=\"https:\/\/avalencia.com\/wp-content\/uploads\/2022\/07\/02-GL1-BioparcBIOPARC-Flamingos.webp\" alt=\"Zoo von Valencia\" class=\"wp-image-15931\" srcset=\"https:\/\/avalencia.com\/wp-content\/uploads\/2022\/07\/02-GL1-BioparcBIOPARC-Flamingos.webp 850w, https:\/\/avalencia.com\/wp-content\/uploads\/2022\/07\/02-GL1-BioparcBIOPARC-Flamingos-300x201.webp 300w, https:\/\/avalencia.com\/wp-content\/uploads\/2022\/07\/02-GL1-BioparcBIOPARC-Flamingos-768x514.webp 768w, https:\/\/avalencia.com\/wp-content\/uploads\/2022\/07\/02-GL1-BioparcBIOPARC-Flamingos-705x472.webp 705w\" sizes=\"(max-width: 850px) 100vw, 850px\" \/><\/a><\/figure>\n\n\n\n<figure class=\"wp-block-image size-full\"><a href=\"https:\/\/avalencia.com\/wp-content\/uploads\/2022\/07\/03-GL1-Bioparc-BIOPARC-Rinocerontes.webp\"><img decoding=\"async\" width=\"850\" height=\"569\" data-id=\"15936\" src=\"https:\/\/avalencia.com\/wp-content\/uploads\/2022\/07\/03-GL1-Bioparc-BIOPARC-Rinocerontes.webp\" alt=\"Zoo von Tieren in Valencia\" class=\"wp-image-15936\" srcset=\"https:\/\/avalencia.com\/wp-content\/uploads\/2022\/07\/03-GL1-Bioparc-BIOPARC-Rinocerontes.webp 850w, https:\/\/avalencia.com\/wp-content\/uploads\/2022\/07\/03-GL1-Bioparc-BIOPARC-Rinocerontes-300x201.webp 300w, https:\/\/avalencia.com\/wp-content\/uploads\/2022\/07\/03-GL1-Bioparc-BIOPARC-Rinocerontes-768x514.webp 768w, https:\/\/avalencia.com\/wp-content\/uploads\/2022\/07\/03-GL1-Bioparc-BIOPARC-Rinocerontes-705x472.webp 705w\" sizes=\"(max-width: 850px) 100vw, 850px\" \/><\/a><\/figure>\n<\/figure>\n\n\n\n<p><strong>DIE SAVANNE<\/strong><br><strong>DER \u00c4QUATORIAL WALD<\/strong><br><strong>DIE INSEL MADAGASKAR<\/strong><br>Der neue Bioparc Valencia im Westen der Stadt nimmt einige 100.000 quadratmeter des Parque de Cabecera im alten <a href=\"https:\/\/de.wikipedia.org\/wiki\/Jard%C3%ADn_del_Turia\" target=\"_blank\" rel=\"noreferrer noopener\">Flussbett des Turia<\/a> ein. Er beherbergt mehr als 3000 Tiere von 160 Gattungen.<br>Das Ziel der Bioparc ist es, Liebe und Respekt f\u00fcr die Natur zur \u00fcbermitteln.<br>Die Bioparc-Stiftung k\u00fcmmert sich um die \u201eIn situ\u201c Erhaltung von gef\u00e4hrdeten Arten. Sie nehmen aktiv an mehreren Projekten in sogennanten \u201eHotspots der Viodiversit\u00e4t\u201c teil, das sind die Gebiete der Erde mit der gr\u00f6\u00dften Artenvielfalt, die auch am meisten bedroht sind.<\/p>\n\n\n\n<figure class=\"wp-block-gallery has-nested-images columns-default is-cropped wp-block-gallery-2 is-layout-flex wp-block-gallery-is-layout-flex\">\n<figure class=\"wp-block-image size-full\"><a href=\"https:\/\/avalencia.com\/wp-content\/uploads\/2022\/07\/01-GL2-Bioparc-BIOPARC-CuevadeKitum.webp\"><img decoding=\"async\" width=\"850\" height=\"569\" data-id=\"15941\" src=\"https:\/\/avalencia.com\/wp-content\/uploads\/2022\/07\/01-GL2-Bioparc-BIOPARC-CuevadeKitum.webp\" alt=\"Kitum H\u00f6hle des Zoos von Valencia\" class=\"wp-image-15941\" srcset=\"https:\/\/avalencia.com\/wp-content\/uploads\/2022\/07\/01-GL2-Bioparc-BIOPARC-CuevadeKitum.webp 850w, https:\/\/avalencia.com\/wp-content\/uploads\/2022\/07\/01-GL2-Bioparc-BIOPARC-CuevadeKitum-300x201.webp 300w, https:\/\/avalencia.com\/wp-content\/uploads\/2022\/07\/01-GL2-Bioparc-BIOPARC-CuevadeKitum-768x514.webp 768w, https:\/\/avalencia.com\/wp-content\/uploads\/2022\/07\/01-GL2-Bioparc-BIOPARC-CuevadeKitum-705x472.webp 705w\" sizes=\"(max-width: 850px) 100vw, 850px\" \/><\/a><\/figure>\n\n\n\n<figure class=\"wp-block-image size-full\"><a href=\"https:\/\/avalencia.com\/wp-content\/uploads\/2022\/07\/02-GL2-Bioparc-_132384377193523537-.webp\"><img decoding=\"async\" width=\"850\" height=\"569\" data-id=\"15946\" src=\"https:\/\/avalencia.com\/wp-content\/uploads\/2022\/07\/02-GL2-Bioparc-_132384377193523537-.webp\" alt=\"Insel Madagaskar Bioparc Valencia\" class=\"wp-image-15946\" srcset=\"https:\/\/avalencia.com\/wp-content\/uploads\/2022\/07\/02-GL2-Bioparc-_132384377193523537-.webp 850w, https:\/\/avalencia.com\/wp-content\/uploads\/2022\/07\/02-GL2-Bioparc-_132384377193523537--300x201.webp 300w, https:\/\/avalencia.com\/wp-content\/uploads\/2022\/07\/02-GL2-Bioparc-_132384377193523537--768x514.webp 768w, https:\/\/avalencia.com\/wp-content\/uploads\/2022\/07\/02-GL2-Bioparc-_132384377193523537--705x472.webp 705w\" sizes=\"(max-width: 850px) 100vw, 850px\" \/><\/a><\/figure>\n\n\n\n<figure class=\"wp-block-image size-full\"><a href=\"https:\/\/avalencia.com\/wp-content\/uploads\/2022\/07\/03-GL2-Bioparc-BIOPARC_9.webp\"><img decoding=\"async\" width=\"850\" height=\"569\" data-id=\"15951\" src=\"https:\/\/avalencia.com\/wp-content\/uploads\/2022\/07\/03-GL2-Bioparc-BIOPARC_9.webp\" alt=\"Was man im Zoo von Valencia sehen kann\" class=\"wp-image-15951\" srcset=\"https:\/\/avalencia.com\/wp-content\/uploads\/2022\/07\/03-GL2-Bioparc-BIOPARC_9.webp 850w, https:\/\/avalencia.com\/wp-content\/uploads\/2022\/07\/03-GL2-Bioparc-BIOPARC_9-300x201.webp 300w, https:\/\/avalencia.com\/wp-content\/uploads\/2022\/07\/03-GL2-Bioparc-BIOPARC_9-768x514.webp 768w, https:\/\/avalencia.com\/wp-content\/uploads\/2022\/07\/03-GL2-Bioparc-BIOPARC_9-705x472.webp 705w\" sizes=\"(max-width: 850px) 100vw, 850px\" \/><\/a><\/figure>\n<\/figure>\n\n\n\n<div class=\"wp-block-buttons is-content-justification-center is-layout-flex wp-container-core-buttons-is-layout-1 wp-block-buttons-is-layout-flex\">\n<div class=\"wp-block-button\"><a class=\"wp-block-button__link wp-element-button\" href=\"https:\/\/avalencia.com\/de\/kontakt\/\" target=\"_blank\" rel=\"noreferrer noopener\">Kontakt<\/a><\/div>\n<\/div>\n\n\n\n<div style=\"height:53px\" aria-hidden=\"true\" class=\"wp-block-spacer\"><\/div>\n\n\n<div  class='av-social-sharing-box  avia-builder-el-0  avia-builder-el-no-sibling  '><div class='av-share-box'><h5 class='av-share-link-description av-no-toc '>Teilen Sie mit<\/h5><ul class='av-share-box-list noLightbox'><li class='av-share-link av-social-link-facebook' ><a target=\"_blank\" aria-label=\"Teilen auf Facebook\" href='https:\/\/www.facebook.com\/sharer.php?u=https:\/\/avalencia.com\/de\/der-bioparc-valencia\/&#038;t=Der%20Bioparc%20Valencia' aria-hidden='false' data-av_icon='\ue8f3' data-av_iconfont='entypo-fontello' title='' data-avia-related-tooltip='Teilen auf Facebook' rel=\"noopener\"><span class='avia_hidden_link_text'>Teilen auf Facebook<\/span><\/a><\/li><li class='av-share-link av-social-link-twitter' ><a target=\"_blank\" aria-label=\"Teilen auf Twitter\" href='https:\/\/twitter.com\/share?text=Der%20Bioparc%20Valencia&#038;url=https:\/\/avalencia.com\/de\/?p=6830' aria-hidden='false' data-av_icon='\ue8f1' data-av_iconfont='entypo-fontello' title='' data-avia-related-tooltip='Teilen auf Twitter' rel=\"noopener\"><span class='avia_hidden_link_text'>Teilen auf Twitter<\/span><\/a><\/li><li class='av-share-link av-social-link-pinterest' ><a target=\"_blank\" aria-label=\"Teilen auf Pinterest\" href='https:\/\/pinterest.com\/pin\/create\/button\/?url=https%3A%2F%2Favalencia.com%2Fde%2Fder-bioparc-valencia%2F&#038;description=Der%20Bioparc%20Valencia&#038;media=https%3A%2F%2Favalencia.com%2Fwp-content%2Fuploads%2F2022%2F07%2Fdestacada-bioparc-03-07-2011-1-705x362.webp' aria-hidden='false' data-av_icon='\ue8f8' data-av_iconfont='entypo-fontello' title='' data-avia-related-tooltip='Teilen auf Pinterest' rel=\"noopener\"><span class='avia_hidden_link_text'>Teilen auf Pinterest<\/span><\/a><\/li><li class='av-share-link av-social-link-linkedin' ><a target=\"_blank\" aria-label=\"Teilen auf LinkedIn\" href='https:\/\/linkedin.com\/shareArticle?mini=true&#038;title=Der%20Bioparc%20Valencia&#038;url=https:\/\/avalencia.com\/de\/der-bioparc-valencia\/' aria-hidden='false' data-av_icon='\ue8fc' data-av_iconfont='entypo-fontello' title='' data-avia-related-tooltip='Teilen auf LinkedIn' rel=\"noopener\"><span class='avia_hidden_link_text'>Teilen auf LinkedIn<\/span><\/a><\/li><li class='av-share-link av-social-link-mail' ><a  aria-label=\"Per E-Mail teilen\" href='mailto:?subject=Der%20Bioparc%20Valencia&#038;body=https:\/\/avalencia.com\/de\/der-bioparc-valencia\/' aria-hidden='false' data-av_icon='\ue805' data-av_iconfont='entypo-fontello' title='' data-avia-related-tooltip='Per E-Mail teilen'><span class='avia_hidden_link_text'>Per E-Mail teilen<\/span><\/a><\/li><\/ul><\/div><\/div>\n","protected":false},"excerpt":{"rendered":"<p>Besuch des Bioparcs von Valencia Der Bioparc Valencia wurde in Februar 2008 er\u00f6ffnet, freie Sicht auf die Tiere werden die Besucher in allen Teilen des Parks genie\u00dfen, den die einzelnen Gehege werden nicht durch Gitter getrennt. Stattdessen sorgen nat\u00fcrliche Absperrungen wie breite Wassergr\u00e4ben daf\u00fcr,dass die Tiere in ihren Gebieten bleiben. Die Pflanzen und B\u00e4umen bieten [&hellip;]<\/p>\n","protected":false},"author":3,"featured_media":15921,"parent":0,"menu_order":0,"comment_status":"closed","ping_status":"closed","template":"","meta":{"footnotes":""},"class_list":["post-6830","page","type-page","status-publish","has-post-thumbnail","hentry"],"yoast_head":"<!-- This site is optimized with the Yoast SEO plugin v26.8 - https:\/\/yoast.com\/product\/yoast-seo-wordpress\/ -->\n<title>Der Bioparc Valencia - mit Stadtf\u00fchrerin AValencia<\/title>\n<meta name=\"description\" content=\"Was k\u00f6nnen Sie in Valencia mit Kinder besuchen? Der Bioparc Valencia oder der Ozeanographische Park ist die Antwort. Und mit einer Stadtf\u00fchrerin, der alle Kuriosit\u00e4ten erkl\u00e4rt ...\" \/>\n<meta name=\"robots\" content=\"index, follow, max-snippet:-1, max-image-preview:large, max-video-preview:-1\" \/>\n<link rel=\"canonical\" href=\"https:\/\/avalencia.com\/de\/der-bioparc-valencia\/\" \/>\n<meta property=\"og:locale\" content=\"de_DE\" \/>\n<meta property=\"og:type\" content=\"article\" \/>\n<meta property=\"og:title\" content=\"Der Bioparc Valencia - mit Stadtf\u00fchrerin AValencia\" \/>\n<meta property=\"og:description\" content=\"Was k\u00f6nnen Sie in Valencia mit Kinder besuchen? Der Bioparc Valencia oder der Ozeanographische Park ist die Antwort. Und mit einer Stadtf\u00fchrerin, der alle Kuriosit\u00e4ten erkl\u00e4rt ...\" \/>\n<meta property=\"og:url\" content=\"https:\/\/avalencia.com\/de\/der-bioparc-valencia\/\" \/>\n<meta property=\"og:site_name\" content=\"AVALENCIA\" \/>\n<meta property=\"article:publisher\" content=\"https:\/\/www.facebook.com\/angela.marisoler\" \/>\n<meta property=\"article:modified_time\" content=\"2022-11-29T17:43:44+00:00\" \/>\n<meta property=\"og:image\" content=\"https:\/\/avalencia.com\/wp-content\/uploads\/2022\/07\/destacada-bioparc-03-07-2011-1.webp\" \/>\n\t<meta property=\"og:image:width\" content=\"973\" \/>\n\t<meta property=\"og:image:height\" content=\"499\" \/>\n\t<meta property=\"og:image:type\" content=\"image\/webp\" \/>\n<meta name=\"twitter:card\" content=\"summary_large_image\" \/>\n<meta name=\"twitter:site\" content=\"@angelamari400\" \/>\n<meta name=\"twitter:label1\" content=\"Est. reading time\" \/>\n\t<meta name=\"twitter:data1\" content=\"2 minutes\" \/>\n<script type=\"application\/ld+json\" class=\"yoast-schema-graph\">{\"@context\":\"https:\/\/schema.org\",\"@graph\":[{\"@type\":\"WebPage\",\"@id\":\"https:\/\/avalencia.com\/de\/der-bioparc-valencia\/\",\"url\":\"https:\/\/avalencia.com\/de\/der-bioparc-valencia\/\",\"name\":\"Der Bioparc Valencia - mit Stadtf\u00fchrerin AValencia\",\"isPartOf\":{\"@id\":\"https:\/\/avalencia.com\/de\/#website\"},\"primaryImageOfPage\":{\"@id\":\"https:\/\/avalencia.com\/de\/der-bioparc-valencia\/#primaryimage\"},\"image\":{\"@id\":\"https:\/\/avalencia.com\/de\/der-bioparc-valencia\/#primaryimage\"},\"thumbnailUrl\":\"https:\/\/avalencia.com\/wp-content\/uploads\/2022\/07\/destacada-bioparc-03-07-2011-1.webp\",\"datePublished\":\"2020-05-06T16:33:35+00:00\",\"dateModified\":\"2022-11-29T17:43:44+00:00\",\"description\":\"Was k\u00f6nnen Sie in Valencia mit Kinder besuchen? Der Bioparc Valencia oder der Ozeanographische Park ist die Antwort. Und mit einer Stadtf\u00fchrerin, der alle Kuriosit\u00e4ten erkl\u00e4rt ...\",\"breadcrumb\":{\"@id\":\"https:\/\/avalencia.com\/de\/der-bioparc-valencia\/#breadcrumb\"},\"inLanguage\":\"de-DE\",\"potentialAction\":[{\"@type\":\"ReadAction\",\"target\":[\"https:\/\/avalencia.com\/de\/der-bioparc-valencia\/\"]}]},{\"@type\":\"ImageObject\",\"inLanguage\":\"de-DE\",\"@id\":\"https:\/\/avalencia.com\/de\/der-bioparc-valencia\/#primaryimage\",\"url\":\"https:\/\/avalencia.com\/wp-content\/uploads\/2022\/07\/destacada-bioparc-03-07-2011-1.webp\",\"contentUrl\":\"https:\/\/avalencia.com\/wp-content\/uploads\/2022\/07\/destacada-bioparc-03-07-2011-1.webp\",\"width\":973,\"height\":499},{\"@type\":\"BreadcrumbList\",\"@id\":\"https:\/\/avalencia.com\/de\/der-bioparc-valencia\/#breadcrumb\",\"itemListElement\":[{\"@type\":\"ListItem\",\"position\":1,\"name\":\"Portada\",\"item\":\"https:\/\/avalencia.com\/de\/\"},{\"@type\":\"ListItem\",\"position\":2,\"name\":\"Der Bioparc Valencia\"}]},{\"@type\":\"WebSite\",\"@id\":\"https:\/\/avalencia.com\/de\/#website\",\"url\":\"https:\/\/avalencia.com\/de\/\",\"name\":\"AVALENCIA\",\"description\":\"Visitas culturales por Valencia y alrededores\",\"publisher\":{\"@id\":\"https:\/\/avalencia.com\/de\/#organization\"},\"potentialAction\":[{\"@type\":\"SearchAction\",\"target\":{\"@type\":\"EntryPoint\",\"urlTemplate\":\"https:\/\/avalencia.com\/de\/?s={search_term_string}\"},\"query-input\":{\"@type\":\"PropertyValueSpecification\",\"valueRequired\":true,\"valueName\":\"search_term_string\"}}],\"inLanguage\":\"de-DE\"},{\"@type\":\"Organization\",\"@id\":\"https:\/\/avalencia.com\/de\/#organization\",\"name\":\"Gu\u00eda Valencia\",\"url\":\"https:\/\/avalencia.com\/de\/\",\"logo\":{\"@type\":\"ImageObject\",\"inLanguage\":\"de-DE\",\"@id\":\"https:\/\/avalencia.com\/de\/#\/schema\/logo\/image\/\",\"url\":\"\",\"contentUrl\":\"\",\"caption\":\"Gu\u00eda Valencia\"},\"image\":{\"@id\":\"https:\/\/avalencia.com\/de\/#\/schema\/logo\/image\/\"},\"sameAs\":[\"https:\/\/www.facebook.com\/angela.marisoler\",\"https:\/\/x.com\/angelamari400\",\"https:\/\/www.instagram.com\/angelamarisoler\/\",\"https:\/\/www.linkedin.com\/feed\/?trk=guest_homepage-basic_sign-in-submit\",\"https:\/\/www.youtube.com\/channel\/UC4bWyTV2CWI65Qf0r1pjuXg?view_as=subscriber\"]}]}<\/script>\n<!-- \/ Yoast SEO plugin. -->","yoast_head_json":{"title":"Der Bioparc Valencia - mit Stadtf\u00fchrerin AValencia","description":"Was k\u00f6nnen Sie in Valencia mit Kinder besuchen? Der Bioparc Valencia oder der Ozeanographische Park ist die Antwort. Und mit einer Stadtf\u00fchrerin, der alle Kuriosit\u00e4ten erkl\u00e4rt ...","robots":{"index":"index","follow":"follow","max-snippet":"max-snippet:-1","max-image-preview":"max-image-preview:large","max-video-preview":"max-video-preview:-1"},"canonical":"https:\/\/avalencia.com\/de\/der-bioparc-valencia\/","og_locale":"de_DE","og_type":"article","og_title":"Der Bioparc Valencia - mit Stadtf\u00fchrerin AValencia","og_description":"Was k\u00f6nnen Sie in Valencia mit Kinder besuchen? Der Bioparc Valencia oder der Ozeanographische Park ist die Antwort. Und mit einer Stadtf\u00fchrerin, der alle Kuriosit\u00e4ten erkl\u00e4rt ...","og_url":"https:\/\/avalencia.com\/de\/der-bioparc-valencia\/","og_site_name":"AVALENCIA","article_publisher":"https:\/\/www.facebook.com\/angela.marisoler","article_modified_time":"2022-11-29T17:43:44+00:00","og_image":[{"width":973,"height":499,"url":"https:\/\/avalencia.com\/wp-content\/uploads\/2022\/07\/destacada-bioparc-03-07-2011-1.webp","type":"image\/webp"}],"twitter_card":"summary_large_image","twitter_site":"@angelamari400","twitter_misc":{"Est. reading time":"2 minutes"},"schema":{"@context":"https:\/\/schema.org","@graph":[{"@type":"WebPage","@id":"https:\/\/avalencia.com\/de\/der-bioparc-valencia\/","url":"https:\/\/avalencia.com\/de\/der-bioparc-valencia\/","name":"Der Bioparc Valencia - mit Stadtf\u00fchrerin AValencia","isPartOf":{"@id":"https:\/\/avalencia.com\/de\/#website"},"primaryImageOfPage":{"@id":"https:\/\/avalencia.com\/de\/der-bioparc-valencia\/#primaryimage"},"image":{"@id":"https:\/\/avalencia.com\/de\/der-bioparc-valencia\/#primaryimage"},"thumbnailUrl":"https:\/\/avalencia.com\/wp-content\/uploads\/2022\/07\/destacada-bioparc-03-07-2011-1.webp","datePublished":"2020-05-06T16:33:35+00:00","dateModified":"2022-11-29T17:43:44+00:00","description":"Was k\u00f6nnen Sie in Valencia mit Kinder besuchen? Der Bioparc Valencia oder der Ozeanographische Park ist die Antwort. Und mit einer Stadtf\u00fchrerin, der alle Kuriosit\u00e4ten erkl\u00e4rt ...","breadcrumb":{"@id":"https:\/\/avalencia.com\/de\/der-bioparc-valencia\/#breadcrumb"},"inLanguage":"de-DE","potentialAction":[{"@type":"ReadAction","target":["https:\/\/avalencia.com\/de\/der-bioparc-valencia\/"]}]},{"@type":"ImageObject","inLanguage":"de-DE","@id":"https:\/\/avalencia.com\/de\/der-bioparc-valencia\/#primaryimage","url":"https:\/\/avalencia.com\/wp-content\/uploads\/2022\/07\/destacada-bioparc-03-07-2011-1.webp","contentUrl":"https:\/\/avalencia.com\/wp-content\/uploads\/2022\/07\/destacada-bioparc-03-07-2011-1.webp","width":973,"height":499},{"@type":"BreadcrumbList","@id":"https:\/\/avalencia.com\/de\/der-bioparc-valencia\/#breadcrumb","itemListElement":[{"@type":"ListItem","position":1,"name":"Portada","item":"https:\/\/avalencia.com\/de\/"},{"@type":"ListItem","position":2,"name":"Der Bioparc Valencia"}]},{"@type":"WebSite","@id":"https:\/\/avalencia.com\/de\/#website","url":"https:\/\/avalencia.com\/de\/","name":"AVALENCIA","description":"Visitas culturales por Valencia y alrededores","publisher":{"@id":"https:\/\/avalencia.com\/de\/#organization"},"potentialAction":[{"@type":"SearchAction","target":{"@type":"EntryPoint","urlTemplate":"https:\/\/avalencia.com\/de\/?s={search_term_string}"},"query-input":{"@type":"PropertyValueSpecification","valueRequired":true,"valueName":"search_term_string"}}],"inLanguage":"de-DE"},{"@type":"Organization","@id":"https:\/\/avalencia.com\/de\/#organization","name":"Gu\u00eda Valencia","url":"https:\/\/avalencia.com\/de\/","logo":{"@type":"ImageObject","inLanguage":"de-DE","@id":"https:\/\/avalencia.com\/de\/#\/schema\/logo\/image\/","url":"","contentUrl":"","caption":"Gu\u00eda Valencia"},"image":{"@id":"https:\/\/avalencia.com\/de\/#\/schema\/logo\/image\/"},"sameAs":["https:\/\/www.facebook.com\/angela.marisoler","https:\/\/x.com\/angelamari400","https:\/\/www.instagram.com\/angelamarisoler\/","https:\/\/www.linkedin.com\/feed\/?trk=guest_homepage-basic_sign-in-submit","https:\/\/www.youtube.com\/channel\/UC4bWyTV2CWI65Qf0r1pjuXg?view_as=subscriber"]}]}},"featured_image_src":"https:\/\/avalencia.com\/wp-content\/uploads\/2022\/07\/destacada-bioparc-03-07-2011-1-600x400.webp","featured_image_src_square":"https:\/\/avalencia.com\/wp-content\/uploads\/2022\/07\/destacada-bioparc-03-07-2011-1-600x499.webp","_links":{"self":[{"href":"https:\/\/avalencia.com\/de\/wp-json\/wp\/v2\/pages\/6830","targetHints":{"allow":["GET"]}}],"collection":[{"href":"https:\/\/avalencia.com\/de\/wp-json\/wp\/v2\/pages"}],"about":[{"href":"https:\/\/avalencia.com\/de\/wp-json\/wp\/v2\/types\/page"}],"author":[{"embeddable":true,"href":"https:\/\/avalencia.com\/de\/wp-json\/wp\/v2\/users\/3"}],"replies":[{"embeddable":true,"href":"https:\/\/avalencia.com\/de\/wp-json\/wp\/v2\/comments?post=6830"}],"version-history":[{"count":0,"href":"https:\/\/avalencia.com\/de\/wp-json\/wp\/v2\/pages\/6830\/revisions"}],"wp:featuredmedia":[{"embeddable":true,"href":"https:\/\/avalencia.com\/de\/wp-json\/wp\/v2\/media\/15921"}],"wp:attachment":[{"href":"https:\/\/avalencia.com\/de\/wp-json\/wp\/v2\/media?parent=6830"}],"curies":[{"name":"wp","href":"https:\/\/api.w.org\/{rel}","templated":true}]}}