{"version":"1.0","provider_name":"AVALENCIA","provider_url":"https:\/\/avalencia.com\/fr\/","author_name":"Angela Mar\u00ed","author_url":"https:\/\/avalencia.com\/fr\/author\/angelaadm\/","title":"Le Mus\u00e9e Cath\u00e9drale Valencia avec un guide officiel","type":"rich","width":600,"height":338,"html":"<blockquote class=\"wp-embedded-content\" data-secret=\"PYTaXQh72I\"><a href=\"https:\/\/avalencia.com\/fr\/le-musee-cathedrale-valencia\/\">Le Mus\u00e9e Cath\u00e9drale Valencia<\/a><\/blockquote><iframe sandbox=\"allow-scripts\" security=\"restricted\" src=\"https:\/\/avalencia.com\/fr\/le-musee-cathedrale-valencia\/embed\/#?secret=PYTaXQh72I\" width=\"600\" height=\"338\" title=\"&#8220;Le Mus\u00e9e Cath\u00e9drale Valencia&#8221; &#8212; AVALENCIA\" data-secret=\"PYTaXQh72I\" frameborder=\"0\" marginwidth=\"0\" marginheight=\"0\" scrolling=\"no\" class=\"wp-embedded-content\"><\/iframe><script type=\"text\/javascript\">\n\/* <![CDATA[ *\/\n\/*! This file is auto-generated *\/\n!function(d,l){\"use strict\";l.querySelector&&d.addEventListener&&\"undefined\"!=typeof URL&&(d.wp=d.wp||{},d.wp.receiveEmbedMessage||(d.wp.receiveEmbedMessage=function(e){var t=e.data;if((t||t.secret||t.message||t.value)&&!\/[^a-zA-Z0-9]\/.test(t.secret)){for(var s,r,n,a=l.querySelectorAll('iframe[data-secret=\"'+t.secret+'\"]'),o=l.querySelectorAll('blockquote[data-secret=\"'+t.secret+'\"]'),c=new RegExp(\"^https?:$\",\"i\"),i=0;i<o.length;i++)o[i].style.display=\"none\";for(i=0;i<a.length;i++)s=a[i],e.source===s.contentWindow&&(s.removeAttribute(\"style\"),\"height\"===t.message?(1e3<(r=parseInt(t.value,10))?r=1e3:~~r<200&&(r=200),s.height=r):\"link\"===t.message&&(r=new URL(s.getAttribute(\"src\")),n=new URL(t.value),c.test(n.protocol))&&n.host===r.host&&l.activeElement===s&&(d.top.location.href=t.value))}},d.addEventListener(\"message\",d.wp.receiveEmbedMessage,!1),l.addEventListener(\"DOMContentLoaded\",function(){for(var e,t,s=l.querySelectorAll(\"iframe.wp-embedded-content\"),r=0;r<s.length;r++)(t=(e=s[r]).getAttribute(\"data-secret\"))||(t=Math.random().toString(36).substring(2,12),e.src+=\"#?secret=\"+t,e.setAttribute(\"data-secret\",t)),e.contentWindow.postMessage({message:\"ready\",secret:t},\"*\")},!1)))}(window,document);\n\/* ]]> *\/\n<\/script>\n","thumbnail_url":"https:\/\/avalencia.com\/wp-content\/uploads\/2022\/08\/Destacada-Museo-CatedralGP-Italia-07-10-2017-38-1024x768-1.webp","thumbnail_width":1024,"thumbnail_height":687,"description":"L\u2019actuel Mus\u00e9e Cath\u00e9drale Valencia ou Mus\u00e9e Dioc\u00e9sain de Valence trouve son origine au \u00ab Mus\u00e9e des Antiquit\u00e9s ou Mus\u00e9e Dioc\u00e9sain Valentino \u00bb qui fut cr\u00e9\u00e9 par l\u2019Archev\u00eaque Andr\u00e9s Mayoral en 1761"}