{"id":5746,"date":"2018-03-31T17:09:45","date_gmt":"2018-03-31T17:09:45","guid":{"rendered":"https:\/\/avalencia.com\/fallas-speciales-2020\/"},"modified":"2022-10-29T11:46:30","modified_gmt":"2022-10-29T11:46:30","slug":"fallas-speciales","status":"publish","type":"page","link":"https:\/\/avalencia.com\/fr\/fallas-speciales\/","title":{"rendered":"Fallas sp\u00e9ciales \u00e0 Valencia"},"content":{"rendered":"\n<h2 class=\"wp-block-heading\"><span style=\"color: #993300;\"><span style=\"color: #000000;\">Fallas Sp\u00e9ciales (mannequins satirisants)<\/span><strong><br><\/strong><\/span><\/h2>\n\n\n\n<p>Avec ce site, nous transmettons aux visiteurs, aussi bien espagnols qu\u2019\u00e9trangers, la chaleur et l\u2019ambiance d\u2019une de nos f\u00eates les plus importantes qui sont les Fallas avec des photos de la \u00ab Cridr\u00e0 \u00bb (Acte inaugural) , de la Plant\u00e0 officielle (installation des monuments satiriques) du 15 mars, de l\u2019Exposition du \u00ab Ninot \u00bb (figurines) ainsi que de la d\u00e9coration des rues, de l\u2019offrande de fleurs \u00e0 la Vierge, etc.<\/p>\n\n\n\n<h4 class=\"wp-block-heading\"><span style=\"color: #000000;\">L&#8217;ACT INAUGURAL<\/span><\/h4>\n\n\n\n<figure class=\"wp-block-gallery has-nested-images columns-default is-cropped wp-block-gallery-1 is-layout-flex wp-block-gallery-is-layout-flex\">\n<figure class=\"wp-block-image size-large\"><a href=\"https:\/\/avalencia.com\/wp-content\/uploads\/2022\/08\/01-GL0-1Crida-2020-01-03-2020.webp\"><img decoding=\"async\" width=\"999\" height=\"749\" data-id=\"17220\" src=\"https:\/\/avalencia.com\/wp-content\/uploads\/2022\/08\/01-GL0-1Crida-2020-01-03-2020.webp\" alt=\"Crid\u00e0 fallas Valence\" class=\"wp-image-17220\" srcset=\"https:\/\/avalencia.com\/wp-content\/uploads\/2022\/08\/01-GL0-1Crida-2020-01-03-2020.webp 999w, https:\/\/avalencia.com\/wp-content\/uploads\/2022\/08\/01-GL0-1Crida-2020-01-03-2020-300x225.webp 300w, https:\/\/avalencia.com\/wp-content\/uploads\/2022\/08\/01-GL0-1Crida-2020-01-03-2020-768x576.webp 768w, https:\/\/avalencia.com\/wp-content\/uploads\/2022\/08\/01-GL0-1Crida-2020-01-03-2020-705x529.webp 705w\" sizes=\"(max-width: 999px) 100vw, 999px\" \/><\/a><\/figure>\n\n\n\n<figure class=\"wp-block-image size-large\"><a href=\"https:\/\/avalencia.com\/wp-content\/uploads\/2022\/08\/03-GL01-Crida-2020-01-03-2020.webp\"><img decoding=\"async\" width=\"999\" height=\"645\" data-id=\"17230\" src=\"https:\/\/avalencia.com\/wp-content\/uploads\/2022\/08\/03-GL01-Crida-2020-01-03-2020.webp\" alt=\"Tours des Serranos Valence\" class=\"wp-image-17230\" srcset=\"https:\/\/avalencia.com\/wp-content\/uploads\/2022\/08\/03-GL01-Crida-2020-01-03-2020.webp 999w, https:\/\/avalencia.com\/wp-content\/uploads\/2022\/08\/03-GL01-Crida-2020-01-03-2020-300x194.webp 300w, https:\/\/avalencia.com\/wp-content\/uploads\/2022\/08\/03-GL01-Crida-2020-01-03-2020-768x496.webp 768w, https:\/\/avalencia.com\/wp-content\/uploads\/2022\/08\/03-GL01-Crida-2020-01-03-2020-705x455.webp 705w\" sizes=\"(max-width: 999px) 100vw, 999px\" \/><\/a><\/figure>\n\n\n\n<figure class=\"wp-block-image size-large\"><a href=\"https:\/\/avalencia.com\/wp-content\/uploads\/2022\/08\/04-GL01-Crida-2020-01-03-2020.webp\"><img decoding=\"async\" width=\"999\" height=\"671\" data-id=\"17235\" src=\"https:\/\/avalencia.com\/wp-content\/uploads\/2022\/08\/04-GL01-Crida-2020-01-03-2020.webp\" alt=\" f\u00eates des fallas Valence\" class=\"wp-image-17235\" srcset=\"https:\/\/avalencia.com\/wp-content\/uploads\/2022\/08\/04-GL01-Crida-2020-01-03-2020.webp 999w, https:\/\/avalencia.com\/wp-content\/uploads\/2022\/08\/04-GL01-Crida-2020-01-03-2020-300x202.webp 300w, https:\/\/avalencia.com\/wp-content\/uploads\/2022\/08\/04-GL01-Crida-2020-01-03-2020-768x516.webp 768w, https:\/\/avalencia.com\/wp-content\/uploads\/2022\/08\/04-GL01-Crida-2020-01-03-2020-705x474.webp 705w\" sizes=\"(max-width: 999px) 100vw, 999px\" \/><\/a><\/figure>\n\n\n\n<figure class=\"wp-block-image size-large\"><a href=\"https:\/\/avalencia.com\/wp-content\/uploads\/2022\/08\/06-GL01-Crida-2020-01-03-2020.webp\"><img decoding=\"async\" width=\"999\" height=\"671\" data-id=\"17245\" src=\"https:\/\/avalencia.com\/wp-content\/uploads\/2022\/08\/06-GL01-Crida-2020-01-03-2020.webp\" alt=\"C\u00e9l\u00e9bration des fallas de Valence\" class=\"wp-image-17245\" srcset=\"https:\/\/avalencia.com\/wp-content\/uploads\/2022\/08\/06-GL01-Crida-2020-01-03-2020.webp 999w, https:\/\/avalencia.com\/wp-content\/uploads\/2022\/08\/06-GL01-Crida-2020-01-03-2020-300x202.webp 300w, https:\/\/avalencia.com\/wp-content\/uploads\/2022\/08\/06-GL01-Crida-2020-01-03-2020-768x516.webp 768w, https:\/\/avalencia.com\/wp-content\/uploads\/2022\/08\/06-GL01-Crida-2020-01-03-2020-705x474.webp 705w\" sizes=\"(max-width: 999px) 100vw, 999px\" \/><\/a><\/figure>\n\n\n\n<figure class=\"wp-block-image size-large\"><a href=\"https:\/\/avalencia.com\/wp-content\/uploads\/2022\/08\/07-GL01-Crida-2020-01-03-2020.webp\"><img decoding=\"async\" width=\"999\" height=\"671\" data-id=\"17250\" src=\"https:\/\/avalencia.com\/wp-content\/uploads\/2022\/08\/07-GL01-Crida-2020-01-03-2020.webp\" alt=\"Tours des serranos communaut\u00e9 valencienne drapeau\" class=\"wp-image-17250\" srcset=\"https:\/\/avalencia.com\/wp-content\/uploads\/2022\/08\/07-GL01-Crida-2020-01-03-2020.webp 999w, https:\/\/avalencia.com\/wp-content\/uploads\/2022\/08\/07-GL01-Crida-2020-01-03-2020-300x202.webp 300w, https:\/\/avalencia.com\/wp-content\/uploads\/2022\/08\/07-GL01-Crida-2020-01-03-2020-768x516.webp 768w, https:\/\/avalencia.com\/wp-content\/uploads\/2022\/08\/07-GL01-Crida-2020-01-03-2020-705x474.webp 705w\" sizes=\"(max-width: 999px) 100vw, 999px\" \/><\/a><\/figure>\n\n\n\n<figure class=\"wp-block-image size-large\"><a href=\"https:\/\/avalencia.com\/wp-content\/uploads\/2022\/08\/08-GL01-Crida-2020-01-03-2020.webp\"><img decoding=\"async\" width=\"999\" height=\"671\" data-id=\"17255\" src=\"https:\/\/avalencia.com\/wp-content\/uploads\/2022\/08\/08-GL01-Crida-2020-01-03-2020.webp\" alt=\"Fallas Valence\" class=\"wp-image-17255\" srcset=\"https:\/\/avalencia.com\/wp-content\/uploads\/2022\/08\/08-GL01-Crida-2020-01-03-2020.webp 999w, https:\/\/avalencia.com\/wp-content\/uploads\/2022\/08\/08-GL01-Crida-2020-01-03-2020-300x202.webp 300w, https:\/\/avalencia.com\/wp-content\/uploads\/2022\/08\/08-GL01-Crida-2020-01-03-2020-768x516.webp 768w, https:\/\/avalencia.com\/wp-content\/uploads\/2022\/08\/08-GL01-Crida-2020-01-03-2020-705x474.webp 705w\" sizes=\"(max-width: 999px) 100vw, 999px\" \/><\/a><\/figure>\n<\/figure>\n\n\n\n<p><\/p>\n\n\n\n<h4 class=\"wp-block-heading\">Cr\u00e8me Falles<\/h4>\n\n\n\n<figure class=\"wp-block-embed is-type-video is-provider-youtube wp-block-embed-youtube wp-embed-aspect-16-9 wp-has-aspect-ratio\"><div class=\"wp-block-embed__wrapper\">\n<div class='avia-iframe-wrap'><iframe title=\"Crem\u00e0 Falles Valencia 2021\" width=\"1500\" height=\"844\" src=\"https:\/\/www.youtube.com\/embed\/tmsscYl1uK4?feature=oembed\" frameborder=\"0\" allow=\"accelerometer; autoplay; clipboard-write; encrypted-media; gyroscope; picture-in-picture\" allowfullscreen><\/iframe><\/div>\n<\/div><\/figure>\n\n\n\n<h5 class=\"wp-block-heading\"><span style=\"color: #000000;\">Falla de la Pla\u00e7e del Ayuntamiento<\/span><\/h5>\n\n\n\n<p><strong>Th\u00e8me:<\/strong>&nbsp;&nbsp; <strong>PROCESSUS CR\u00c9ATIF<\/strong><\/p>\n\n\n\n<p><strong>Co\u00fbt:<\/strong> 205.000\u20ac &#8211; <strong>hauteur<\/strong>: 26 m\u00e8tres<\/p>\n\n\n\n<figure class=\"wp-block-gallery has-nested-images columns-default is-cropped wp-block-gallery-2 is-layout-flex wp-block-gallery-is-layout-flex\">\n<figure class=\"wp-block-image size-large\"><a href=\"https:\/\/avalencia.com\/wp-content\/uploads\/2022\/08\/01-GL02-falla-ayuntamiento.webp\"><img decoding=\"async\" width=\"999\" height=\"671\" data-id=\"17262\" src=\"https:\/\/avalencia.com\/wp-content\/uploads\/2022\/08\/01-GL02-falla-ayuntamiento.webp\" alt=\"Falla grafitti h\u00f4tel de ville 2019\" class=\"wp-image-17262\" srcset=\"https:\/\/avalencia.com\/wp-content\/uploads\/2022\/08\/01-GL02-falla-ayuntamiento.webp 999w, https:\/\/avalencia.com\/wp-content\/uploads\/2022\/08\/01-GL02-falla-ayuntamiento-300x202.webp 300w, https:\/\/avalencia.com\/wp-content\/uploads\/2022\/08\/01-GL02-falla-ayuntamiento-768x516.webp 768w, https:\/\/avalencia.com\/wp-content\/uploads\/2022\/08\/01-GL02-falla-ayuntamiento-705x474.webp 705w\" sizes=\"(max-width: 999px) 100vw, 999px\" \/><\/a><\/figure>\n\n\n\n<figure class=\"wp-block-image size-large\"><a href=\"https:\/\/avalencia.com\/wp-content\/uploads\/2022\/08\/02-GL02-falla-ayuntamiento-.webp\"><img decoding=\"async\" width=\"999\" height=\"671\" data-id=\"17267\" src=\"https:\/\/avalencia.com\/wp-content\/uploads\/2022\/08\/02-GL02-falla-ayuntamiento-.webp\" alt=\"Falla Valencia grafitti place de l\u2019h\u00f4tel de ville\" class=\"wp-image-17267\" srcset=\"https:\/\/avalencia.com\/wp-content\/uploads\/2022\/08\/02-GL02-falla-ayuntamiento-.webp 999w, https:\/\/avalencia.com\/wp-content\/uploads\/2022\/08\/02-GL02-falla-ayuntamiento--300x202.webp 300w, https:\/\/avalencia.com\/wp-content\/uploads\/2022\/08\/02-GL02-falla-ayuntamiento--768x516.webp 768w, https:\/\/avalencia.com\/wp-content\/uploads\/2022\/08\/02-GL02-falla-ayuntamiento--705x474.webp 705w\" sizes=\"(max-width: 999px) 100vw, 999px\" \/><\/a><\/figure>\n<\/figure>\n\n\n\n<h5 class=\"wp-block-heading\"><span style=\"color: #993300;\"><span style=\"color: #000000;\">Falla Convento Jerusal\u00e9n<\/span><strong><br><\/strong><\/span><\/h5>\n\n\n\n<p><strong>Th\u00e8me: EL MUSICAL<br><\/strong><\/p>\n\n\n\n<p><strong>Co\u00fbt:<\/strong> 230.000 \u20ac <strong>Ninots:<\/strong> 70 figurines,&nbsp; <strong>hauteur<\/strong>: 20 m\u00e8tres<\/p>\n\n\n\n<figure class=\"wp-block-gallery has-nested-images columns-default is-cropped wp-block-gallery-3 is-layout-flex wp-block-gallery-is-layout-flex\">\n<figure class=\"wp-block-image size-large\"><a href=\"https:\/\/avalencia.com\/wp-content\/uploads\/2022\/08\/01-GL03-falla-convento-jerusalen.webp\"><img decoding=\"async\" width=\"999\" height=\"671\" data-id=\"17273\" src=\"https:\/\/avalencia.com\/wp-content\/uploads\/2022\/08\/01-GL03-falla-convento-jerusalen.webp\" alt=\"musique falla Valence\" class=\"wp-image-17273\" srcset=\"https:\/\/avalencia.com\/wp-content\/uploads\/2022\/08\/01-GL03-falla-convento-jerusalen.webp 999w, https:\/\/avalencia.com\/wp-content\/uploads\/2022\/08\/01-GL03-falla-convento-jerusalen-300x202.webp 300w, https:\/\/avalencia.com\/wp-content\/uploads\/2022\/08\/01-GL03-falla-convento-jerusalen-768x516.webp 768w, https:\/\/avalencia.com\/wp-content\/uploads\/2022\/08\/01-GL03-falla-convento-jerusalen-705x474.webp 705w\" sizes=\"(max-width: 999px) 100vw, 999px\" \/><\/a><\/figure>\n\n\n\n<figure class=\"wp-block-image size-large\"><a href=\"https:\/\/avalencia.com\/wp-content\/uploads\/2022\/08\/02-GL03-falla-convento-jerusalen.webp\"><img decoding=\"async\" width=\"999\" height=\"671\" data-id=\"17278\" src=\"https:\/\/avalencia.com\/wp-content\/uploads\/2022\/08\/02-GL03-falla-convento-jerusalen.webp\" alt=\"Musique falla du Valence\" class=\"wp-image-17278\" srcset=\"https:\/\/avalencia.com\/wp-content\/uploads\/2022\/08\/02-GL03-falla-convento-jerusalen.webp 999w, https:\/\/avalencia.com\/wp-content\/uploads\/2022\/08\/02-GL03-falla-convento-jerusalen-300x202.webp 300w, https:\/\/avalencia.com\/wp-content\/uploads\/2022\/08\/02-GL03-falla-convento-jerusalen-768x516.webp 768w, https:\/\/avalencia.com\/wp-content\/uploads\/2022\/08\/02-GL03-falla-convento-jerusalen-705x474.webp 705w\" sizes=\"(max-width: 999px) 100vw, 999px\" \/><\/a><\/figure>\n\n\n\n<figure class=\"wp-block-image size-large\"><a href=\"https:\/\/avalencia.com\/wp-content\/uploads\/2022\/08\/03-GL03-falla-convento-jerusalen.webp\"><img decoding=\"async\" width=\"999\" height=\"671\" data-id=\"17283\" src=\"https:\/\/avalencia.com\/wp-content\/uploads\/2022\/08\/03-GL03-falla-convento-jerusalen.webp\" alt=\"Falla du Roi Lion\" class=\"wp-image-17283\" srcset=\"https:\/\/avalencia.com\/wp-content\/uploads\/2022\/08\/03-GL03-falla-convento-jerusalen.webp 999w, https:\/\/avalencia.com\/wp-content\/uploads\/2022\/08\/03-GL03-falla-convento-jerusalen-300x202.webp 300w, https:\/\/avalencia.com\/wp-content\/uploads\/2022\/08\/03-GL03-falla-convento-jerusalen-768x516.webp 768w, https:\/\/avalencia.com\/wp-content\/uploads\/2022\/08\/03-GL03-falla-convento-jerusalen-705x474.webp 705w\" sizes=\"(max-width: 999px) 100vw, 999px\" \/><\/a><\/figure>\n<\/figure>\n\n\n\n<h5 class=\"wp-block-heading\"><span style=\"color: #993300;\"><span style=\"color: #000000;\">Falla Na Jordana<\/span><strong><br><\/strong><\/span><\/h5>\n\n\n\n<p><strong>Th\u00e8me: Par\u00eds ben val una falla<br><\/strong><\/p>\n\n\n\n<p><strong>Co\u00fbte:<\/strong> 140.000\u20ac &#8211; <strong>hauteur:<\/strong> 16 m\u00e8tres &#8211; Ninots: 16 figurines<\/p>\n\n\n\n<figure class=\"wp-block-gallery has-nested-images columns-default is-cropped wp-block-gallery-4 is-layout-flex wp-block-gallery-is-layout-flex\">\n<figure class=\"wp-block-image size-large\"><a href=\"https:\/\/avalencia.com\/wp-content\/uploads\/2022\/08\/01-GL04-falla-najordana-01.webp\"><img decoding=\"async\" width=\"999\" height=\"671\" data-id=\"17303\" src=\"https:\/\/avalencia.com\/wp-content\/uploads\/2022\/08\/01-GL04-falla-najordana-01.webp\" alt=\"Falla de style fran\u00e7ais\" class=\"wp-image-17303\" srcset=\"https:\/\/avalencia.com\/wp-content\/uploads\/2022\/08\/01-GL04-falla-najordana-01.webp 999w, https:\/\/avalencia.com\/wp-content\/uploads\/2022\/08\/01-GL04-falla-najordana-01-300x202.webp 300w, https:\/\/avalencia.com\/wp-content\/uploads\/2022\/08\/01-GL04-falla-najordana-01-768x516.webp 768w, https:\/\/avalencia.com\/wp-content\/uploads\/2022\/08\/01-GL04-falla-najordana-01-705x474.webp 705w\" sizes=\"(max-width: 999px) 100vw, 999px\" \/><\/a><\/figure>\n\n\n\n<figure class=\"wp-block-image size-large\"><a href=\"https:\/\/avalencia.com\/wp-content\/uploads\/2022\/08\/02-GL04-falla-najordana.webp\"><img decoding=\"async\" width=\"999\" height=\"671\" data-id=\"17308\" src=\"https:\/\/avalencia.com\/wp-content\/uploads\/2022\/08\/02-GL04-falla-najordana.webp\" alt=\"Falla 2018 Valence\" class=\"wp-image-17308\" srcset=\"https:\/\/avalencia.com\/wp-content\/uploads\/2022\/08\/02-GL04-falla-najordana.webp 999w, https:\/\/avalencia.com\/wp-content\/uploads\/2022\/08\/02-GL04-falla-najordana-300x202.webp 300w, https:\/\/avalencia.com\/wp-content\/uploads\/2022\/08\/02-GL04-falla-najordana-768x516.webp 768w, https:\/\/avalencia.com\/wp-content\/uploads\/2022\/08\/02-GL04-falla-najordana-705x474.webp 705w\" sizes=\"(max-width: 999px) 100vw, 999px\" \/><\/a><\/figure>\n\n\n\n<figure class=\"wp-block-image size-large\"><a href=\"https:\/\/avalencia.com\/wp-content\/uploads\/2022\/08\/03-GL04-falla-najordana-infantil.webp\"><img decoding=\"async\" width=\"999\" height=\"671\" data-id=\"17313\" src=\"https:\/\/avalencia.com\/wp-content\/uploads\/2022\/08\/03-GL04-falla-najordana-infantil.webp\" alt=\"Concours de Fallas\" class=\"wp-image-17313\" srcset=\"https:\/\/avalencia.com\/wp-content\/uploads\/2022\/08\/03-GL04-falla-najordana-infantil.webp 999w, https:\/\/avalencia.com\/wp-content\/uploads\/2022\/08\/03-GL04-falla-najordana-infantil-300x202.webp 300w, https:\/\/avalencia.com\/wp-content\/uploads\/2022\/08\/03-GL04-falla-najordana-infantil-768x516.webp 768w, https:\/\/avalencia.com\/wp-content\/uploads\/2022\/08\/03-GL04-falla-najordana-infantil-705x474.webp 705w\" sizes=\"(max-width: 999px) 100vw, 999px\" \/><\/a><\/figure>\n<\/figure>\n\n\n\n<h5 class=\"wp-block-heading\"><span style=\"color: #993300;\"><span style=\"color: #000000;\">Falla del Pilar<\/span><strong><br><\/strong><\/span><\/h5>\n\n\n\n<p><strong>Th\u00e8me: Qu\u00ed mou els fils<\/strong><\/p>\n\n\n\n<p><strong>Co\u00fbte:<\/strong> 165.000\u20ac &#8211; <strong>hauteur:<\/strong> 20 m\u00e8tres &#8211; Ninots: 30 figurines<\/p>\n\n\n\n<figure class=\"wp-block-gallery has-nested-images columns-default is-cropped wp-block-gallery-5 is-layout-flex wp-block-gallery-is-layout-flex\">\n<figure class=\"wp-block-image size-large\"><a href=\"https:\/\/avalencia.com\/wp-content\/uploads\/2022\/08\/01-GL05-falla-el-pilar.webp\"><img decoding=\"async\" width=\"999\" height=\"671\" data-id=\"17319\" src=\"https:\/\/avalencia.com\/wp-content\/uploads\/2022\/08\/01-GL05-falla-el-pilar.webp\" alt=\"Falla du Pilar Valence\" class=\"wp-image-17319\" srcset=\"https:\/\/avalencia.com\/wp-content\/uploads\/2022\/08\/01-GL05-falla-el-pilar.webp 999w, https:\/\/avalencia.com\/wp-content\/uploads\/2022\/08\/01-GL05-falla-el-pilar-300x202.webp 300w, https:\/\/avalencia.com\/wp-content\/uploads\/2022\/08\/01-GL05-falla-el-pilar-768x516.webp 768w, https:\/\/avalencia.com\/wp-content\/uploads\/2022\/08\/01-GL05-falla-el-pilar-705x474.webp 705w\" sizes=\"(max-width: 999px) 100vw, 999px\" \/><\/a><\/figure>\n\n\n\n<figure class=\"wp-block-image size-large\"><a href=\"https:\/\/avalencia.com\/wp-content\/uploads\/2022\/08\/02-GL05-falla-el-pilar.webp\"><img decoding=\"async\" width=\"999\" height=\"671\" data-id=\"17324\" src=\"https:\/\/avalencia.com\/wp-content\/uploads\/2022\/08\/02-GL05-falla-el-pilar.webp\" alt=\"Design Falla Valence\" class=\"wp-image-17324\" srcset=\"https:\/\/avalencia.com\/wp-content\/uploads\/2022\/08\/02-GL05-falla-el-pilar.webp 999w, https:\/\/avalencia.com\/wp-content\/uploads\/2022\/08\/02-GL05-falla-el-pilar-300x202.webp 300w, https:\/\/avalencia.com\/wp-content\/uploads\/2022\/08\/02-GL05-falla-el-pilar-768x516.webp 768w, https:\/\/avalencia.com\/wp-content\/uploads\/2022\/08\/02-GL05-falla-el-pilar-705x474.webp 705w\" sizes=\"(max-width: 999px) 100vw, 999px\" \/><\/a><\/figure>\n<\/figure>\n\n\n\n<h4 class=\"wp-block-heading\"><span style=\"color: #000000;\">OFFRANDE DES FLEURS \u00c0 LA VIERGE<\/span><strong><br><\/strong><\/h4>\n\n\n\n<figure class=\"wp-block-gallery has-nested-images columns-default is-cropped wp-block-gallery-6 is-layout-flex wp-block-gallery-is-layout-flex\">\n<figure class=\"wp-block-image size-large\"><a href=\"https:\/\/avalencia.com\/wp-content\/uploads\/2022\/08\/01-GL06-ofrendaFallas2019.webp\"><img decoding=\"async\" width=\"999\" height=\"671\" data-id=\"17329\" src=\"https:\/\/avalencia.com\/wp-content\/uploads\/2022\/08\/01-GL06-ofrendaFallas2019.webp\" alt=\"offrande de fleurs fallas Valencia\" class=\"wp-image-17329\" srcset=\"https:\/\/avalencia.com\/wp-content\/uploads\/2022\/08\/01-GL06-ofrendaFallas2019.webp 999w, https:\/\/avalencia.com\/wp-content\/uploads\/2022\/08\/01-GL06-ofrendaFallas2019-300x202.webp 300w, https:\/\/avalencia.com\/wp-content\/uploads\/2022\/08\/01-GL06-ofrendaFallas2019-768x516.webp 768w, https:\/\/avalencia.com\/wp-content\/uploads\/2022\/08\/01-GL06-ofrendaFallas2019-705x474.webp 705w\" sizes=\"(max-width: 999px) 100vw, 999px\" \/><\/a><\/figure>\n\n\n\n<figure class=\"wp-block-image size-large\"><a href=\"https:\/\/avalencia.com\/wp-content\/uploads\/2022\/08\/02-GL06-ofrendaFallas2019.webp\"><img decoding=\"async\" width=\"999\" height=\"671\" data-id=\"17334\" src=\"https:\/\/avalencia.com\/wp-content\/uploads\/2022\/08\/02-GL06-ofrendaFallas2019.webp\" alt=\"place de la Vierge\" class=\"wp-image-17334\" srcset=\"https:\/\/avalencia.com\/wp-content\/uploads\/2022\/08\/02-GL06-ofrendaFallas2019.webp 999w, https:\/\/avalencia.com\/wp-content\/uploads\/2022\/08\/02-GL06-ofrendaFallas2019-300x202.webp 300w, https:\/\/avalencia.com\/wp-content\/uploads\/2022\/08\/02-GL06-ofrendaFallas2019-768x516.webp 768w, https:\/\/avalencia.com\/wp-content\/uploads\/2022\/08\/02-GL06-ofrendaFallas2019-705x474.webp 705w\" sizes=\"(max-width: 999px) 100vw, 999px\" \/><\/a><\/figure>\n\n\n\n<figure class=\"wp-block-image size-large\"><a href=\"https:\/\/avalencia.com\/wp-content\/uploads\/2022\/08\/03-GL06-ofrendaFallas2019.webp\"><img decoding=\"async\" width=\"999\" height=\"671\" data-id=\"17339\" src=\"https:\/\/avalencia.com\/wp-content\/uploads\/2022\/08\/03-GL06-ofrendaFallas2019.webp\" alt=\"offrande de fleurs Valencia\" class=\"wp-image-17339\" srcset=\"https:\/\/avalencia.com\/wp-content\/uploads\/2022\/08\/03-GL06-ofrendaFallas2019.webp 999w, https:\/\/avalencia.com\/wp-content\/uploads\/2022\/08\/03-GL06-ofrendaFallas2019-300x202.webp 300w, https:\/\/avalencia.com\/wp-content\/uploads\/2022\/08\/03-GL06-ofrendaFallas2019-768x516.webp 768w, https:\/\/avalencia.com\/wp-content\/uploads\/2022\/08\/03-GL06-ofrendaFallas2019-705x474.webp 705w\" sizes=\"(max-width: 999px) 100vw, 999px\" \/><\/a><\/figure>\n\n\n\n<figure class=\"wp-block-image size-large\"><a href=\"https:\/\/avalencia.com\/wp-content\/uploads\/2022\/08\/04-GL06-ofrendaFallas2019-.webp\"><img decoding=\"async\" width=\"999\" height=\"671\" data-id=\"17344\" src=\"https:\/\/avalencia.com\/wp-content\/uploads\/2022\/08\/04-GL06-ofrendaFallas2019-.webp\" alt=\"Parade fallas Valencia\" class=\"wp-image-17344\" srcset=\"https:\/\/avalencia.com\/wp-content\/uploads\/2022\/08\/04-GL06-ofrendaFallas2019-.webp 999w, https:\/\/avalencia.com\/wp-content\/uploads\/2022\/08\/04-GL06-ofrendaFallas2019--300x202.webp 300w, https:\/\/avalencia.com\/wp-content\/uploads\/2022\/08\/04-GL06-ofrendaFallas2019--768x516.webp 768w, https:\/\/avalencia.com\/wp-content\/uploads\/2022\/08\/04-GL06-ofrendaFallas2019--705x474.webp 705w\" sizes=\"(max-width: 999px) 100vw, 999px\" \/><\/a><\/figure>\n<\/figure>\n\n\n\n<p><iframe src=\"https:\/\/www.youtube.com\/embed\/tZNrdmSM6zw\" width=\"800\" height=\"400\" frameborder=\"0\" allowfullscreen=\"allowfullscreen\"><\/iframe><\/p>\n\n\n\n<p><strong><a href=\"https:\/\/avalencia.com\/fr\/le-musee-des-fallas-valencia\/\" target=\"_blank\" rel=\"noopener noreferrer\">Le Mus\u00e9e de Fallas<\/a><\/strong><\/p>\n\n\n<div  class='av-social-sharing-box  avia-builder-el-0  avia-builder-el-no-sibling  '><div class='av-share-box'><h5 class='av-share-link-description av-no-toc '>Partager<\/h5><ul class='av-share-box-list noLightbox'><li class='av-share-link av-social-link-facebook' ><a target=\"_blank\" aria-label=\"Partager sur Facebook\" href='https:\/\/www.facebook.com\/sharer.php?u=https:\/\/avalencia.com\/fr\/fallas-speciales\/&#038;t=Fallas%20sp%C3%A9ciales%20%C3%A0%20Valencia' aria-hidden='false' data-av_icon='\ue8f3' data-av_iconfont='entypo-fontello' title='' data-avia-related-tooltip='Partager sur Facebook' rel=\"noopener\"><span class='avia_hidden_link_text'>Partager sur Facebook<\/span><\/a><\/li><li class='av-share-link av-social-link-twitter' ><a target=\"_blank\" aria-label=\"Partager sur Twitter\" href='https:\/\/twitter.com\/share?text=Fallas%20sp%C3%A9ciales%20%C3%A0%20Valencia&#038;url=https:\/\/avalencia.com\/fr\/?p=5746' aria-hidden='false' data-av_icon='\ue8f1' data-av_iconfont='entypo-fontello' title='' data-avia-related-tooltip='Partager sur Twitter' rel=\"noopener\"><span class='avia_hidden_link_text'>Partager sur Twitter<\/span><\/a><\/li><li class='av-share-link av-social-link-pinterest' ><a target=\"_blank\" aria-label=\"Partager sur Pinterest\" href='https:\/\/pinterest.com\/pin\/create\/button\/?url=https%3A%2F%2Favalencia.com%2Ffr%2Ffallas-speciales%2F&#038;description=Fallas%20sp%C3%A9ciales%20%C3%A0%20Valencia&#038;media=https%3A%2F%2Favalencia.com%2Fwp-content%2Fuploads%2F2022%2F08%2Fdestacada-falla-convento-jerusalen-999x423-1-705x299.webp' aria-hidden='false' data-av_icon='\ue8f8' data-av_iconfont='entypo-fontello' title='' data-avia-related-tooltip='Partager sur Pinterest' rel=\"noopener\"><span class='avia_hidden_link_text'>Partager sur Pinterest<\/span><\/a><\/li><li class='av-share-link av-social-link-linkedin' ><a target=\"_blank\" aria-label=\"Partager sur LinkedIn\" href='https:\/\/linkedin.com\/shareArticle?mini=true&#038;title=Fallas%20sp%C3%A9ciales%20%C3%A0%20Valencia&#038;url=https:\/\/avalencia.com\/fr\/fallas-speciales\/' aria-hidden='false' data-av_icon='\ue8fc' data-av_iconfont='entypo-fontello' title='' data-avia-related-tooltip='Partager sur LinkedIn' rel=\"noopener\"><span class='avia_hidden_link_text'>Partager sur LinkedIn<\/span><\/a><\/li><li class='av-share-link av-social-link-mail' ><a  aria-label=\"Partager par Mail\" href='mailto:?subject=Fallas%20sp%C3%A9ciales%20%C3%A0%20Valencia&#038;body=https:\/\/avalencia.com\/fr\/fallas-speciales\/' aria-hidden='false' data-av_icon='\ue805' data-av_iconfont='entypo-fontello' title='' data-avia-related-tooltip='Partager par Mail'><span class='avia_hidden_link_text'>Partager par Mail<\/span><\/a><\/li><\/ul><\/div><\/div>\n","protected":false},"excerpt":{"rendered":"<p>Fallas 2020 Valencia<\/p>\n","protected":false},"author":3,"featured_media":17213,"parent":0,"menu_order":0,"comment_status":"open","ping_status":"closed","template":"","meta":{"footnotes":""},"class_list":["post-5746","page","type-page","status-publish","has-post-thumbnail","hentry"],"yoast_head":"<!-- This site is optimized with the Yoast SEO plugin v26.8 - https:\/\/yoast.com\/product\/yoast-seo-wordpress\/ -->\n<title>Fallas sp\u00e9ciales \u00e0 Valencia - AVALENCIA<\/title>\n<meta name=\"description\" content=\"La f\u00eate de Fallas est la plus importante de Valencia, bien que malheureusement cette ann\u00e9e en raison du covid-19 aient \u00e9t\u00e9 annul\u00e9s..\" \/>\n<meta name=\"robots\" content=\"index, follow, max-snippet:-1, max-image-preview:large, max-video-preview:-1\" \/>\n<link rel=\"canonical\" href=\"https:\/\/avalencia.com\/fr\/fallas-speciales\/\" \/>\n<meta property=\"og:locale\" content=\"fr_FR\" \/>\n<meta property=\"og:type\" content=\"article\" \/>\n<meta property=\"og:title\" content=\"Fallas sp\u00e9ciales \u00e0 Valencia - AVALENCIA\" \/>\n<meta property=\"og:description\" content=\"La f\u00eate de Fallas est la plus importante de Valencia, bien que malheureusement cette ann\u00e9e en raison du covid-19 aient \u00e9t\u00e9 annul\u00e9s..\" \/>\n<meta property=\"og:url\" content=\"https:\/\/avalencia.com\/fr\/fallas-speciales\/\" \/>\n<meta property=\"og:site_name\" content=\"AVALENCIA\" \/>\n<meta property=\"article:publisher\" content=\"https:\/\/www.facebook.com\/angela.marisoler\" \/>\n<meta property=\"article:modified_time\" content=\"2022-10-29T11:46:30+00:00\" \/>\n<meta property=\"og:image\" content=\"https:\/\/avalencia.com\/wp-content\/uploads\/2022\/08\/destacada-falla-convento-jerusalen-999x423-1.webp\" \/>\n\t<meta property=\"og:image:width\" content=\"999\" \/>\n\t<meta property=\"og:image:height\" content=\"423\" \/>\n\t<meta property=\"og:image:type\" content=\"image\/webp\" \/>\n<meta name=\"twitter:card\" content=\"summary_large_image\" \/>\n<meta name=\"twitter:site\" content=\"@angelamari400\" \/>\n<meta name=\"twitter:label1\" content=\"Est. reading time\" \/>\n\t<meta name=\"twitter:data1\" content=\"5 minutes\" \/>\n<script type=\"application\/ld+json\" class=\"yoast-schema-graph\">{\"@context\":\"https:\/\/schema.org\",\"@graph\":[{\"@type\":\"WebPage\",\"@id\":\"https:\/\/avalencia.com\/fr\/fallas-speciales\/\",\"url\":\"https:\/\/avalencia.com\/fr\/fallas-speciales\/\",\"name\":\"Fallas sp\u00e9ciales \u00e0 Valencia - AVALENCIA\",\"isPartOf\":{\"@id\":\"https:\/\/avalencia.com\/fr\/#website\"},\"primaryImageOfPage\":{\"@id\":\"https:\/\/avalencia.com\/fr\/fallas-speciales\/#primaryimage\"},\"image\":{\"@id\":\"https:\/\/avalencia.com\/fr\/fallas-speciales\/#primaryimage\"},\"thumbnailUrl\":\"https:\/\/avalencia.com\/wp-content\/uploads\/2022\/08\/destacada-falla-convento-jerusalen-999x423-1.webp\",\"datePublished\":\"2018-03-31T17:09:45+00:00\",\"dateModified\":\"2022-10-29T11:46:30+00:00\",\"description\":\"La f\u00eate de Fallas est la plus importante de Valencia, bien que malheureusement cette ann\u00e9e en raison du covid-19 aient \u00e9t\u00e9 annul\u00e9s..\",\"breadcrumb\":{\"@id\":\"https:\/\/avalencia.com\/fr\/fallas-speciales\/#breadcrumb\"},\"inLanguage\":\"fr-FR\",\"potentialAction\":[{\"@type\":\"ReadAction\",\"target\":[\"https:\/\/avalencia.com\/fr\/fallas-speciales\/\"]}]},{\"@type\":\"ImageObject\",\"inLanguage\":\"fr-FR\",\"@id\":\"https:\/\/avalencia.com\/fr\/fallas-speciales\/#primaryimage\",\"url\":\"https:\/\/avalencia.com\/wp-content\/uploads\/2022\/08\/destacada-falla-convento-jerusalen-999x423-1.webp\",\"contentUrl\":\"https:\/\/avalencia.com\/wp-content\/uploads\/2022\/08\/destacada-falla-convento-jerusalen-999x423-1.webp\",\"width\":999,\"height\":423},{\"@type\":\"BreadcrumbList\",\"@id\":\"https:\/\/avalencia.com\/fr\/fallas-speciales\/#breadcrumb\",\"itemListElement\":[{\"@type\":\"ListItem\",\"position\":1,\"name\":\"Portada\",\"item\":\"https:\/\/avalencia.com\/fr\/\"},{\"@type\":\"ListItem\",\"position\":2,\"name\":\"Fallas sp\u00e9ciales \u00e0 Valencia\"}]},{\"@type\":\"WebSite\",\"@id\":\"https:\/\/avalencia.com\/fr\/#website\",\"url\":\"https:\/\/avalencia.com\/fr\/\",\"name\":\"AVALENCIA\",\"description\":\"Visitas culturales por Valencia y alrededores\",\"publisher\":{\"@id\":\"https:\/\/avalencia.com\/fr\/#organization\"},\"potentialAction\":[{\"@type\":\"SearchAction\",\"target\":{\"@type\":\"EntryPoint\",\"urlTemplate\":\"https:\/\/avalencia.com\/fr\/?s={search_term_string}\"},\"query-input\":{\"@type\":\"PropertyValueSpecification\",\"valueRequired\":true,\"valueName\":\"search_term_string\"}}],\"inLanguage\":\"fr-FR\"},{\"@type\":\"Organization\",\"@id\":\"https:\/\/avalencia.com\/fr\/#organization\",\"name\":\"Gu\u00eda Valencia\",\"url\":\"https:\/\/avalencia.com\/fr\/\",\"logo\":{\"@type\":\"ImageObject\",\"inLanguage\":\"fr-FR\",\"@id\":\"https:\/\/avalencia.com\/fr\/#\/schema\/logo\/image\/\",\"url\":\"\",\"contentUrl\":\"\",\"caption\":\"Gu\u00eda Valencia\"},\"image\":{\"@id\":\"https:\/\/avalencia.com\/fr\/#\/schema\/logo\/image\/\"},\"sameAs\":[\"https:\/\/www.facebook.com\/angela.marisoler\",\"https:\/\/x.com\/angelamari400\",\"https:\/\/www.instagram.com\/angelamarisoler\/\",\"https:\/\/www.linkedin.com\/feed\/?trk=guest_homepage-basic_sign-in-submit\",\"https:\/\/www.youtube.com\/channel\/UC4bWyTV2CWI65Qf0r1pjuXg?view_as=subscriber\"]}]}<\/script>\n<!-- \/ Yoast SEO plugin. -->","yoast_head_json":{"title":"Fallas sp\u00e9ciales \u00e0 Valencia - AVALENCIA","description":"La f\u00eate de Fallas est la plus importante de Valencia, bien que malheureusement cette ann\u00e9e en raison du covid-19 aient \u00e9t\u00e9 annul\u00e9s..","robots":{"index":"index","follow":"follow","max-snippet":"max-snippet:-1","max-image-preview":"max-image-preview:large","max-video-preview":"max-video-preview:-1"},"canonical":"https:\/\/avalencia.com\/fr\/fallas-speciales\/","og_locale":"fr_FR","og_type":"article","og_title":"Fallas sp\u00e9ciales \u00e0 Valencia - AVALENCIA","og_description":"La f\u00eate de Fallas est la plus importante de Valencia, bien que malheureusement cette ann\u00e9e en raison du covid-19 aient \u00e9t\u00e9 annul\u00e9s..","og_url":"https:\/\/avalencia.com\/fr\/fallas-speciales\/","og_site_name":"AVALENCIA","article_publisher":"https:\/\/www.facebook.com\/angela.marisoler","article_modified_time":"2022-10-29T11:46:30+00:00","og_image":[{"width":999,"height":423,"url":"https:\/\/avalencia.com\/wp-content\/uploads\/2022\/08\/destacada-falla-convento-jerusalen-999x423-1.webp","type":"image\/webp"}],"twitter_card":"summary_large_image","twitter_site":"@angelamari400","twitter_misc":{"Est. reading time":"5 minutes"},"schema":{"@context":"https:\/\/schema.org","@graph":[{"@type":"WebPage","@id":"https:\/\/avalencia.com\/fr\/fallas-speciales\/","url":"https:\/\/avalencia.com\/fr\/fallas-speciales\/","name":"Fallas sp\u00e9ciales \u00e0 Valencia - AVALENCIA","isPartOf":{"@id":"https:\/\/avalencia.com\/fr\/#website"},"primaryImageOfPage":{"@id":"https:\/\/avalencia.com\/fr\/fallas-speciales\/#primaryimage"},"image":{"@id":"https:\/\/avalencia.com\/fr\/fallas-speciales\/#primaryimage"},"thumbnailUrl":"https:\/\/avalencia.com\/wp-content\/uploads\/2022\/08\/destacada-falla-convento-jerusalen-999x423-1.webp","datePublished":"2018-03-31T17:09:45+00:00","dateModified":"2022-10-29T11:46:30+00:00","description":"La f\u00eate de Fallas est la plus importante de Valencia, bien que malheureusement cette ann\u00e9e en raison du covid-19 aient \u00e9t\u00e9 annul\u00e9s..","breadcrumb":{"@id":"https:\/\/avalencia.com\/fr\/fallas-speciales\/#breadcrumb"},"inLanguage":"fr-FR","potentialAction":[{"@type":"ReadAction","target":["https:\/\/avalencia.com\/fr\/fallas-speciales\/"]}]},{"@type":"ImageObject","inLanguage":"fr-FR","@id":"https:\/\/avalencia.com\/fr\/fallas-speciales\/#primaryimage","url":"https:\/\/avalencia.com\/wp-content\/uploads\/2022\/08\/destacada-falla-convento-jerusalen-999x423-1.webp","contentUrl":"https:\/\/avalencia.com\/wp-content\/uploads\/2022\/08\/destacada-falla-convento-jerusalen-999x423-1.webp","width":999,"height":423},{"@type":"BreadcrumbList","@id":"https:\/\/avalencia.com\/fr\/fallas-speciales\/#breadcrumb","itemListElement":[{"@type":"ListItem","position":1,"name":"Portada","item":"https:\/\/avalencia.com\/fr\/"},{"@type":"ListItem","position":2,"name":"Fallas sp\u00e9ciales \u00e0 Valencia"}]},{"@type":"WebSite","@id":"https:\/\/avalencia.com\/fr\/#website","url":"https:\/\/avalencia.com\/fr\/","name":"AVALENCIA","description":"Visitas culturales por Valencia y alrededores","publisher":{"@id":"https:\/\/avalencia.com\/fr\/#organization"},"potentialAction":[{"@type":"SearchAction","target":{"@type":"EntryPoint","urlTemplate":"https:\/\/avalencia.com\/fr\/?s={search_term_string}"},"query-input":{"@type":"PropertyValueSpecification","valueRequired":true,"valueName":"search_term_string"}}],"inLanguage":"fr-FR"},{"@type":"Organization","@id":"https:\/\/avalencia.com\/fr\/#organization","name":"Gu\u00eda Valencia","url":"https:\/\/avalencia.com\/fr\/","logo":{"@type":"ImageObject","inLanguage":"fr-FR","@id":"https:\/\/avalencia.com\/fr\/#\/schema\/logo\/image\/","url":"","contentUrl":"","caption":"Gu\u00eda Valencia"},"image":{"@id":"https:\/\/avalencia.com\/fr\/#\/schema\/logo\/image\/"},"sameAs":["https:\/\/www.facebook.com\/angela.marisoler","https:\/\/x.com\/angelamari400","https:\/\/www.instagram.com\/angelamarisoler\/","https:\/\/www.linkedin.com\/feed\/?trk=guest_homepage-basic_sign-in-submit","https:\/\/www.youtube.com\/channel\/UC4bWyTV2CWI65Qf0r1pjuXg?view_as=subscriber"]}]}},"featured_image_src":"https:\/\/avalencia.com\/wp-content\/uploads\/2022\/08\/destacada-falla-convento-jerusalen-999x423-1-600x400.webp","featured_image_src_square":"https:\/\/avalencia.com\/wp-content\/uploads\/2022\/08\/destacada-falla-convento-jerusalen-999x423-1-600x423.webp","_links":{"self":[{"href":"https:\/\/avalencia.com\/fr\/wp-json\/wp\/v2\/pages\/5746","targetHints":{"allow":["GET"]}}],"collection":[{"href":"https:\/\/avalencia.com\/fr\/wp-json\/wp\/v2\/pages"}],"about":[{"href":"https:\/\/avalencia.com\/fr\/wp-json\/wp\/v2\/types\/page"}],"author":[{"embeddable":true,"href":"https:\/\/avalencia.com\/fr\/wp-json\/wp\/v2\/users\/3"}],"replies":[{"embeddable":true,"href":"https:\/\/avalencia.com\/fr\/wp-json\/wp\/v2\/comments?post=5746"}],"version-history":[{"count":0,"href":"https:\/\/avalencia.com\/fr\/wp-json\/wp\/v2\/pages\/5746\/revisions"}],"wp:featuredmedia":[{"embeddable":true,"href":"https:\/\/avalencia.com\/fr\/wp-json\/wp\/v2\/media\/17213"}],"wp:attachment":[{"href":"https:\/\/avalencia.com\/fr\/wp-json\/wp\/v2\/media?parent=5746"}],"curies":[{"name":"wp","href":"https:\/\/api.w.org\/{rel}","templated":true}]}}