{"id":5762,"date":"2018-03-31T18:42:45","date_gmt":"2018-03-31T18:42:45","guid":{"rendered":"https:\/\/avalencia.com\/port-de-valence-catamaran-touristique\/"},"modified":"2022-09-01T08:30:30","modified_gmt":"2022-09-01T08:30:30","slug":"port-de-valence-catamaran-touristique","status":"publish","type":"page","link":"https:\/\/avalencia.com\/fr\/port-de-valence-catamaran-touristique\/","title":{"rendered":"Le port touristique de Valencia &#8211; La plage de las Arenas et le Catamaran touristique"},"content":{"rendered":"\n<p><\/p>\n\n\n\n<h4 class=\"wp-block-heading\"><em><strong>Le port touristique de Valence &#8211; La plage de Las Arenas<\/strong><\/em><br><em><strong>et le Catamaran touristique<\/strong><\/em><\/h4>\n\n\n\n<p>Visite durant une demi-journ\u00e9e pour voir le port de Valence et prendre le catamaran touristique (dur\u00e9e : 50 min.) et admirer les installations et les bases des participants de la <a href=\"http:\/\/www.valenciamericascup.com\/\" target=\"_blank\" rel=\"noreferrer noopener\">32e America\u2019s Cup<\/a> qui eut lieu en 2007 et du duel de 2010. \u00c0 bord, des boissons seront servies (eau min\u00e9rale, sodas ou vin) avec d\u00e9gustations de moules.<\/p>\n\n\n\n<figure class=\"wp-block-gallery has-nested-images columns-default is-cropped wp-block-gallery-1 is-layout-flex wp-block-gallery-is-layout-flex\">\n<figure class=\"wp-block-image size-full\"><a href=\"https:\/\/avalencia.com\/wp-content\/uploads\/2022\/07\/GL1-01-PuertoCopaAmerica-06-1.webp\"><img decoding=\"async\" width=\"850\" height=\"637\" data-id=\"15848\" src=\"https:\/\/avalencia.com\/wp-content\/uploads\/2022\/07\/GL1-01-PuertoCopaAmerica-06-1.webp\" alt=\"port de Valence\" class=\"wp-image-15848\" srcset=\"https:\/\/avalencia.com\/wp-content\/uploads\/2022\/07\/GL1-01-PuertoCopaAmerica-06-1.webp 850w, https:\/\/avalencia.com\/wp-content\/uploads\/2022\/07\/GL1-01-PuertoCopaAmerica-06-1-300x225.webp 300w, https:\/\/avalencia.com\/wp-content\/uploads\/2022\/07\/GL1-01-PuertoCopaAmerica-06-1-768x576.webp 768w, https:\/\/avalencia.com\/wp-content\/uploads\/2022\/07\/GL1-01-PuertoCopaAmerica-06-1-705x528.webp 705w\" sizes=\"(max-width: 850px) 100vw, 850px\" \/><\/a><\/figure>\n\n\n\n<figure class=\"wp-block-image size-full\"><a href=\"https:\/\/avalencia.com\/wp-content\/uploads\/2022\/07\/GL1-02-Puerto-1.webp\"><img decoding=\"async\" width=\"850\" height=\"638\" data-id=\"15853\" src=\"https:\/\/avalencia.com\/wp-content\/uploads\/2022\/07\/GL1-02-Puerto-1.webp\" alt=\"Port touristique de Valence\" class=\"wp-image-15853\" srcset=\"https:\/\/avalencia.com\/wp-content\/uploads\/2022\/07\/GL1-02-Puerto-1.webp 850w, https:\/\/avalencia.com\/wp-content\/uploads\/2022\/07\/GL1-02-Puerto-1-300x225.webp 300w, https:\/\/avalencia.com\/wp-content\/uploads\/2022\/07\/GL1-02-Puerto-1-768x576.webp 768w, https:\/\/avalencia.com\/wp-content\/uploads\/2022\/07\/GL1-02-Puerto-1-705x529.webp 705w\" sizes=\"(max-width: 850px) 100vw, 850px\" \/><\/a><\/figure>\n\n\n\n<figure class=\"wp-block-image size-full\"><a href=\"https:\/\/avalencia.com\/wp-content\/uploads\/2022\/07\/GL1-03Puerto-CopaAmerica-06-1.webp\"><img decoding=\"async\" width=\"850\" height=\"638\" data-id=\"15858\" src=\"https:\/\/avalencia.com\/wp-content\/uploads\/2022\/07\/GL1-03Puerto-CopaAmerica-06-1.webp\" alt=\"Tourisme dans le port de Valence\" class=\"wp-image-15858\" srcset=\"https:\/\/avalencia.com\/wp-content\/uploads\/2022\/07\/GL1-03Puerto-CopaAmerica-06-1.webp 850w, https:\/\/avalencia.com\/wp-content\/uploads\/2022\/07\/GL1-03Puerto-CopaAmerica-06-1-300x225.webp 300w, https:\/\/avalencia.com\/wp-content\/uploads\/2022\/07\/GL1-03Puerto-CopaAmerica-06-1-768x576.webp 768w, https:\/\/avalencia.com\/wp-content\/uploads\/2022\/07\/GL1-03Puerto-CopaAmerica-06-1-705x529.webp 705w\" sizes=\"(max-width: 850px) 100vw, 850px\" \/><\/a><\/figure>\n<\/figure>\n\n\n\n<h4 class=\"wp-block-heading\"><strong>Vous pourrez voir \u00e9galement des b\u00e2timents dignes d\u2019int\u00e9r\u00eat<\/strong> :<\/h4>\n\n\n\n<p><\/p>\n\n\n\n<h4 class=\"wp-block-heading\">&#8211; <strong>L\u2019\u00c9difice \u00ab Veles i vents \u00bb (Voiles et vents)<\/strong> : <\/h4>\n\n\n\n<p>Une proposition architecturale innovant des architectes David Chipperfield et Ferm\u00edn V\u00e1zquez, d\u2019une surface d\u2019environ 11.000 m2 situ\u00e9 au bord du canal et qui fut construit pour l\u2019America\u2019s Cup. Ce b\u00e2timent avait pour objectif d\u2019accueillir les invit\u00e9s et les spectateurs de la 32e America\u2019s Cup, c\u2019\u00e9tait un endroit privil\u00e9gi\u00e9 pour observer la pr\u00e9paration et la sortie des bateaux au d\u00e9but de chaque r\u00e9gate. L\u2019\u00e9difice a gagn\u00e9, en 2007, un prix europ\u00e9en d\u2019architecture tr\u00e8s prestigieux, il s\u2019agit du LEAF Award.<\/p>\n\n\n\n<h4 class=\"wp-block-heading\">&#8211; <strong>La jet\u00e9e centrale ou de super yachts<\/strong><\/h4>\n\n\n\n<p>Situ\u00e9e dans les docks int\u00e9rieurs, cet espace \u00e0 la forme d\u2019un T mesure 226 m\u00e8tres de long et il est pr\u00e9par\u00e9 pour accueillir 50 embarcations de plus de 30 m\u00e8tres de long.<\/p>\n\n\n\n<h4 class=\"wp-block-heading\">&#8211; <a href=\"https:\/\/www.cosasdebarcos.com\/puerto-deportivo-marina-real-juan-carlos-i-1078.html\" target=\"_blank\" rel=\"noreferrer noopener\"><strong>La Marina de Valence<\/strong><\/a> (avant appel\u00e9e Marina Real Juan Carlos I). <\/h4>\n\n\n\n<p>Elle fut construite pendant la 32e America\u2019s Cup, elle abrite plus de 750 points d\u2019amarrage distribu\u00e9s tout au long des jet\u00e9es fixes et flottantes.<\/p>\n\n\n\n<p>Pendant cette promenade en catamaran, vous pourrez contempler \u00e9galement les fameuses <strong>plages de Las Arenas et la Malvarrosa avec leurs traditionnels restaurants<\/strong>.<br>Vous pourrez voir aussi une partie de ce qui \u00e9tait le circuit urbain de la <a href=\"https:\/\/www.formulaf1.es\/circuito\/valencia-europa\/\" target=\"_blank\" rel=\"noreferrer noopener\"><strong>Formule 1<\/strong><\/a> qui passait tout au long de la base de l\u2019America\u2019s Cup, sur le pont tournant (sur le nouveau canal) et qui arrivait jusqu\u2019au quartier de Nazaret (un parcours de 5,5 km).<\/p>\n\n\n\n<p><strong>Vous pourrez voir aussi quelques \u00e9difices historiques<\/strong> tels que <strong>la Gare Maritime<\/strong> appel\u00e9e aussi Gare de l\u2019Horloge dont le projet d\u00e9buta en 1910 pour des fins humanitaires comme celui d\u2019emp\u00eacher que les pauvres \u00e9migrants ne dorment dehors. <\/p>\n\n\n\n<p><strong>La Maison-mus\u00e9e de Blasco Iba\u00f1ez<\/strong>, sur la plage de la Malvarrosa o\u00f9 le c\u00e9l\u00e8bre romancier valencien inaugura sa maison en 1902; l\u2019Arsenal Royal, l\u2019\u00e9difice qui date du XIVe si\u00e8cle \u00e9tait un ancien chantier naval et entrep\u00f4t d\u2019ustensiles navals, il abrite actuellement des expositions temporaires.<\/p>\n\n\n\n<p><strong>L\u2019ancienne station baln\u00e9aire de Las Arenas<\/strong>, aujourd\u2019hui un h\u00f4tel de luxe appel\u00e9 aussi Las Arenas et qui, fin XIXe et d\u00e9but du XXe si\u00e8cle \u00e9tait un important point de rendez-vous de l\u2019aristocratie valencienne en \u00e9t\u00e9.<\/p>\n\n\n\n<p><strong>Ou l\u2019\u00c9glise de Ste Marie de la Mer,<\/strong> construite entre 1683 et 1763 l\u00e0 o\u00f9 se trouvait une \u00e9glise romane et dont les origines remontent au d\u00e9but de la reconqu\u00eate de Jacques Ier le Conqu\u00e9rant\u2026<\/p>\n\n\n\n<p><\/p>\n\n\n\n<figure class=\"wp-block-gallery has-nested-images columns-4 is-cropped wp-block-gallery-2 is-layout-flex wp-block-gallery-is-layout-flex\">\n<figure class=\"wp-block-image size-full\"><a href=\"https:\/\/avalencia.com\/wp-content\/uploads\/2022\/07\/01-GL2-Puerto-.webp\"><img decoding=\"async\" width=\"850\" height=\"638\" data-id=\"15863\" src=\"https:\/\/avalencia.com\/wp-content\/uploads\/2022\/07\/01-GL2-Puerto-.webp\" alt=\"\u00c0 voir dans le port de Valence\" class=\"wp-image-15863\" srcset=\"https:\/\/avalencia.com\/wp-content\/uploads\/2022\/07\/01-GL2-Puerto-.webp 850w, https:\/\/avalencia.com\/wp-content\/uploads\/2022\/07\/01-GL2-Puerto--300x225.webp 300w, https:\/\/avalencia.com\/wp-content\/uploads\/2022\/07\/01-GL2-Puerto--768x576.webp 768w, https:\/\/avalencia.com\/wp-content\/uploads\/2022\/07\/01-GL2-Puerto--705x529.webp 705w\" sizes=\"(max-width: 850px) 100vw, 850px\" \/><\/a><\/figure>\n\n\n\n<figure class=\"wp-block-image size-full\"><a href=\"https:\/\/avalencia.com\/wp-content\/uploads\/2022\/07\/02-GL2-PuertoCopaAmerica.webp\"><img decoding=\"async\" width=\"850\" height=\"638\" data-id=\"15868\" src=\"https:\/\/avalencia.com\/wp-content\/uploads\/2022\/07\/02-GL2-PuertoCopaAmerica.webp\" alt=\"Port de Valence r\u00e9nov\u00e9\" class=\"wp-image-15868\" srcset=\"https:\/\/avalencia.com\/wp-content\/uploads\/2022\/07\/02-GL2-PuertoCopaAmerica.webp 850w, https:\/\/avalencia.com\/wp-content\/uploads\/2022\/07\/02-GL2-PuertoCopaAmerica-300x225.webp 300w, https:\/\/avalencia.com\/wp-content\/uploads\/2022\/07\/02-GL2-PuertoCopaAmerica-768x576.webp 768w, https:\/\/avalencia.com\/wp-content\/uploads\/2022\/07\/02-GL2-PuertoCopaAmerica-705x529.webp 705w\" sizes=\"(max-width: 850px) 100vw, 850px\" \/><\/a><\/figure>\n\n\n\n<figure class=\"wp-block-image size-full\"><a href=\"https:\/\/avalencia.com\/wp-content\/uploads\/2022\/07\/03-GL2-PuertoCatamaran-4.webp\"><img decoding=\"async\" width=\"850\" height=\"638\" data-id=\"15873\" src=\"https:\/\/avalencia.com\/wp-content\/uploads\/2022\/07\/03-GL2-PuertoCatamaran-4.webp\" alt=\"Bateau touristique Valencia\" class=\"wp-image-15873\" srcset=\"https:\/\/avalencia.com\/wp-content\/uploads\/2022\/07\/03-GL2-PuertoCatamaran-4.webp 850w, https:\/\/avalencia.com\/wp-content\/uploads\/2022\/07\/03-GL2-PuertoCatamaran-4-300x225.webp 300w, https:\/\/avalencia.com\/wp-content\/uploads\/2022\/07\/03-GL2-PuertoCatamaran-4-768x576.webp 768w, https:\/\/avalencia.com\/wp-content\/uploads\/2022\/07\/03-GL2-PuertoCatamaran-4-705x529.webp 705w\" sizes=\"(max-width: 850px) 100vw, 850px\" \/><\/a><\/figure>\n\n\n\n<figure class=\"wp-block-image size-full\"><a href=\"https:\/\/avalencia.com\/wp-content\/uploads\/2022\/07\/04-GL2-Puerto-Catamaran-2.webp\"><img decoding=\"async\" width=\"800\" height=\"600\" data-id=\"15878\" src=\"https:\/\/avalencia.com\/wp-content\/uploads\/2022\/07\/04-GL2-Puerto-Catamaran-2.webp\" alt=\"Tourisme en bateau Valence\" class=\"wp-image-15878\" srcset=\"https:\/\/avalencia.com\/wp-content\/uploads\/2022\/07\/04-GL2-Puerto-Catamaran-2.webp 800w, https:\/\/avalencia.com\/wp-content\/uploads\/2022\/07\/04-GL2-Puerto-Catamaran-2-300x225.webp 300w, https:\/\/avalencia.com\/wp-content\/uploads\/2022\/07\/04-GL2-Puerto-Catamaran-2-768x576.webp 768w, https:\/\/avalencia.com\/wp-content\/uploads\/2022\/07\/04-GL2-Puerto-Catamaran-2-705x529.webp 705w\" sizes=\"(max-width: 800px) 100vw, 800px\" \/><\/a><\/figure>\n<\/figure>\n\n\n<p>Apr\u00e8s la visite du port, nous allons prendre le bus jusqu\u2019\u00e0 <strong>la Cit\u00e9 des Arts et Sciences<\/strong> et l\u00e0 nous descendrons pour admirer l\u2019\u0153uvre pharaonique de l\u2019architecte valencien Santiago Calatrava.<\/p>\n<h4 style=\"text-align: center;\"><a href=\"https:\/\/avalencia.com\/fr\/la-cite-des-arts-et-des-sciences-de-valencia\/\" target=\"_blank\" rel=\"noopener\"><strong>la Cit\u00e9 des Arts et Sciences<\/strong><\/a><\/h4>\n\n\n<div style=\"height:23px\" aria-hidden=\"true\" class=\"wp-block-spacer\"><\/div>\n\n\n\n<div class=\"wp-block-buttons is-content-justification-center is-layout-flex wp-container-core-buttons-is-layout-1 wp-block-buttons-is-layout-flex\">\n<div class=\"wp-block-button\"><a class=\"wp-block-button__link\" href=\"https:\/\/avalencia.com\/fr\/guide-officiel-de-valence\/\" target=\"_blank\" rel=\"noreferrer noopener\">Veuillez me contacter<\/a><\/div>\n<\/div>\n\n\n\n<div style=\"height:50px\" aria-hidden=\"true\" class=\"wp-block-spacer\"><\/div>\n\n\n<div  class='av-social-sharing-box  avia-builder-el-0  avia-builder-el-no-sibling  '><div class='av-share-box'><h5 class='av-share-link-description av-no-toc '>Partager<\/h5><ul class='av-share-box-list noLightbox'><li class='av-share-link av-social-link-facebook' ><a target=\"_blank\" aria-label=\"Partager sur Facebook\" href='https:\/\/www.facebook.com\/sharer.php?u=https:\/\/avalencia.com\/fr\/port-de-valence-catamaran-touristique\/&#038;t=Le%20port%20touristique%20de%20Valencia%20%E2%80%93%20La%20plage%20de%20las%20Arenas%20et%20le%20Catamaran%20touristique' aria-hidden='false' data-av_icon='\ue8f3' data-av_iconfont='entypo-fontello' title='' data-avia-related-tooltip='Partager sur Facebook' rel=\"noopener\"><span class='avia_hidden_link_text'>Partager sur Facebook<\/span><\/a><\/li><li class='av-share-link av-social-link-twitter' ><a target=\"_blank\" aria-label=\"Partager sur Twitter\" href='https:\/\/twitter.com\/share?text=Le%20port%20touristique%20de%20Valencia%20%E2%80%93%20La%20plage%20de%20las%20Arenas%20et%20le%20Catamaran%20touristique&#038;url=https:\/\/avalencia.com\/fr\/?p=5762' aria-hidden='false' data-av_icon='\ue8f1' data-av_iconfont='entypo-fontello' title='' data-avia-related-tooltip='Partager sur Twitter' rel=\"noopener\"><span class='avia_hidden_link_text'>Partager sur Twitter<\/span><\/a><\/li><li class='av-share-link av-social-link-pinterest' ><a target=\"_blank\" aria-label=\"Partager sur Pinterest\" href='https:\/\/pinterest.com\/pin\/create\/button\/?url=https%3A%2F%2Favalencia.com%2Ffr%2Fport-de-valence-catamaran-touristique%2F&#038;description=Le%20port%20touristique%20de%20Valencia%20%E2%80%93%20La%20plage%20de%20las%20Arenas%20et%20le%20Catamaran%20touristique&#038;media=https%3A%2F%2Favalencia.com%2Fwp-content%2Fuploads%2F2022%2F07%2F00-Destacada-PuertoGP-Jaen-20-03-2016-2-1024x768-1-1024x423-1-705x291.webp' aria-hidden='false' data-av_icon='\ue8f8' data-av_iconfont='entypo-fontello' title='' data-avia-related-tooltip='Partager sur Pinterest' rel=\"noopener\"><span class='avia_hidden_link_text'>Partager sur Pinterest<\/span><\/a><\/li><li class='av-share-link av-social-link-linkedin' ><a target=\"_blank\" aria-label=\"Partager sur LinkedIn\" href='https:\/\/linkedin.com\/shareArticle?mini=true&#038;title=Le%20port%20touristique%20de%20Valencia%20%E2%80%93%20La%20plage%20de%20las%20Arenas%20et%20le%20Catamaran%20touristique&#038;url=https:\/\/avalencia.com\/fr\/port-de-valence-catamaran-touristique\/' aria-hidden='false' data-av_icon='\ue8fc' data-av_iconfont='entypo-fontello' title='' data-avia-related-tooltip='Partager sur LinkedIn' rel=\"noopener\"><span class='avia_hidden_link_text'>Partager sur LinkedIn<\/span><\/a><\/li><li class='av-share-link av-social-link-mail' ><a  aria-label=\"Partager par Mail\" href='mailto:?subject=Le%20port%20touristique%20de%20Valencia%20%E2%80%93%20La%20plage%20de%20las%20Arenas%20et%20le%20Catamaran%20touristique&#038;body=https:\/\/avalencia.com\/fr\/port-de-valence-catamaran-touristique\/' aria-hidden='false' data-av_icon='\ue805' data-av_iconfont='entypo-fontello' title='' data-avia-related-tooltip='Partager par Mail'><span class='avia_hidden_link_text'>Partager par Mail<\/span><\/a><\/li><\/ul><\/div><\/div>\n","protected":false},"excerpt":{"rendered":"<p>Le port touristique de Valence &#8211; La plage de Las Arenaset le Catamaran touristique Visite durant une demi-journ\u00e9e pour voir le port de Valence et prendre le catamaran touristique (dur\u00e9e : 50 min.) et admirer les installations et les bases des participants de la 32e America\u2019s Cup qui eut lieu en 2007 et du duel [&hellip;]<\/p>\n","protected":false},"author":3,"featured_media":15843,"parent":0,"menu_order":0,"comment_status":"closed","ping_status":"closed","template":"","meta":{"footnotes":""},"class_list":["post-5762","page","type-page","status-publish","has-post-thumbnail","hentry"],"yoast_head":"<!-- This site is optimized with the Yoast SEO plugin v26.8 - https:\/\/yoast.com\/product\/yoast-seo-wordpress\/ -->\n<title>Le port de Valence catamaran touristique - Visite guid\u00e9e \/ Avalencia<\/title>\n<meta name=\"description\" content=\"Visite guid\u00e9e: Le port de Valence catamaran touristique, o\u00f9 en plus d&#039;\u00eatre impressionn\u00e9s par son architecture et ses yachts, vous pourrez voyager sur un catamaran! est-ce que vous venez?\" \/>\n<meta name=\"robots\" content=\"index, follow, max-snippet:-1, max-image-preview:large, max-video-preview:-1\" \/>\n<link rel=\"canonical\" href=\"https:\/\/avalencia.com\/fr\/port-de-valence-catamaran-touristique\/\" \/>\n<meta property=\"og:locale\" content=\"fr_FR\" \/>\n<meta property=\"og:type\" content=\"article\" \/>\n<meta property=\"og:title\" content=\"Le port de Valence catamaran touristique - Visite guid\u00e9e \/ Avalencia\" \/>\n<meta property=\"og:description\" content=\"Visite guid\u00e9e: Le port de Valence catamaran touristique, o\u00f9 en plus d&#039;\u00eatre impressionn\u00e9s par son architecture et ses yachts, vous pourrez voyager sur un catamaran! est-ce que vous venez?\" \/>\n<meta property=\"og:url\" content=\"https:\/\/avalencia.com\/fr\/port-de-valence-catamaran-touristique\/\" \/>\n<meta property=\"og:site_name\" content=\"AVALENCIA\" \/>\n<meta property=\"article:publisher\" content=\"https:\/\/www.facebook.com\/angela.marisoler\" \/>\n<meta property=\"article:modified_time\" content=\"2022-09-01T08:30:30+00:00\" \/>\n<meta property=\"og:image\" content=\"https:\/\/avalencia.com\/wp-content\/uploads\/2022\/07\/00-Destacada-PuertoGP-Jaen-20-03-2016-2-1024x768-1-1024x423-1.webp\" \/>\n\t<meta property=\"og:image:width\" content=\"1024\" \/>\n\t<meta property=\"og:image:height\" content=\"423\" \/>\n\t<meta property=\"og:image:type\" content=\"image\/webp\" \/>\n<meta name=\"twitter:card\" content=\"summary_large_image\" \/>\n<meta name=\"twitter:site\" content=\"@angelamari400\" \/>\n<meta name=\"twitter:label1\" content=\"Est. reading time\" \/>\n\t<meta name=\"twitter:data1\" content=\"4 minutes\" \/>\n<script type=\"application\/ld+json\" class=\"yoast-schema-graph\">{\"@context\":\"https:\/\/schema.org\",\"@graph\":[{\"@type\":\"WebPage\",\"@id\":\"https:\/\/avalencia.com\/fr\/port-de-valence-catamaran-touristique\/\",\"url\":\"https:\/\/avalencia.com\/fr\/port-de-valence-catamaran-touristique\/\",\"name\":\"Le port de Valence catamaran touristique - Visite guid\u00e9e \/ Avalencia\",\"isPartOf\":{\"@id\":\"https:\/\/avalencia.com\/fr\/#website\"},\"primaryImageOfPage\":{\"@id\":\"https:\/\/avalencia.com\/fr\/port-de-valence-catamaran-touristique\/#primaryimage\"},\"image\":{\"@id\":\"https:\/\/avalencia.com\/fr\/port-de-valence-catamaran-touristique\/#primaryimage\"},\"thumbnailUrl\":\"https:\/\/avalencia.com\/wp-content\/uploads\/2022\/07\/00-Destacada-PuertoGP-Jaen-20-03-2016-2-1024x768-1-1024x423-1.webp\",\"datePublished\":\"2018-03-31T18:42:45+00:00\",\"dateModified\":\"2022-09-01T08:30:30+00:00\",\"description\":\"Visite guid\u00e9e: Le port de Valence catamaran touristique, o\u00f9 en plus d'\u00eatre impressionn\u00e9s par son architecture et ses yachts, vous pourrez voyager sur un catamaran! est-ce que vous venez?\",\"breadcrumb\":{\"@id\":\"https:\/\/avalencia.com\/fr\/port-de-valence-catamaran-touristique\/#breadcrumb\"},\"inLanguage\":\"fr-FR\",\"potentialAction\":[{\"@type\":\"ReadAction\",\"target\":[\"https:\/\/avalencia.com\/fr\/port-de-valence-catamaran-touristique\/\"]}]},{\"@type\":\"ImageObject\",\"inLanguage\":\"fr-FR\",\"@id\":\"https:\/\/avalencia.com\/fr\/port-de-valence-catamaran-touristique\/#primaryimage\",\"url\":\"https:\/\/avalencia.com\/wp-content\/uploads\/2022\/07\/00-Destacada-PuertoGP-Jaen-20-03-2016-2-1024x768-1-1024x423-1.webp\",\"contentUrl\":\"https:\/\/avalencia.com\/wp-content\/uploads\/2022\/07\/00-Destacada-PuertoGP-Jaen-20-03-2016-2-1024x768-1-1024x423-1.webp\",\"width\":1024,\"height\":423},{\"@type\":\"BreadcrumbList\",\"@id\":\"https:\/\/avalencia.com\/fr\/port-de-valence-catamaran-touristique\/#breadcrumb\",\"itemListElement\":[{\"@type\":\"ListItem\",\"position\":1,\"name\":\"Portada\",\"item\":\"https:\/\/avalencia.com\/fr\/\"},{\"@type\":\"ListItem\",\"position\":2,\"name\":\"Le port touristique de Valencia &#8211; La plage de las Arenas et le Catamaran touristique\"}]},{\"@type\":\"WebSite\",\"@id\":\"https:\/\/avalencia.com\/fr\/#website\",\"url\":\"https:\/\/avalencia.com\/fr\/\",\"name\":\"AVALENCIA\",\"description\":\"Visitas culturales por Valencia y alrededores\",\"publisher\":{\"@id\":\"https:\/\/avalencia.com\/fr\/#organization\"},\"potentialAction\":[{\"@type\":\"SearchAction\",\"target\":{\"@type\":\"EntryPoint\",\"urlTemplate\":\"https:\/\/avalencia.com\/fr\/?s={search_term_string}\"},\"query-input\":{\"@type\":\"PropertyValueSpecification\",\"valueRequired\":true,\"valueName\":\"search_term_string\"}}],\"inLanguage\":\"fr-FR\"},{\"@type\":\"Organization\",\"@id\":\"https:\/\/avalencia.com\/fr\/#organization\",\"name\":\"Gu\u00eda Valencia\",\"url\":\"https:\/\/avalencia.com\/fr\/\",\"logo\":{\"@type\":\"ImageObject\",\"inLanguage\":\"fr-FR\",\"@id\":\"https:\/\/avalencia.com\/fr\/#\/schema\/logo\/image\/\",\"url\":\"\",\"contentUrl\":\"\",\"caption\":\"Gu\u00eda Valencia\"},\"image\":{\"@id\":\"https:\/\/avalencia.com\/fr\/#\/schema\/logo\/image\/\"},\"sameAs\":[\"https:\/\/www.facebook.com\/angela.marisoler\",\"https:\/\/x.com\/angelamari400\",\"https:\/\/www.instagram.com\/angelamarisoler\/\",\"https:\/\/www.linkedin.com\/feed\/?trk=guest_homepage-basic_sign-in-submit\",\"https:\/\/www.youtube.com\/channel\/UC4bWyTV2CWI65Qf0r1pjuXg?view_as=subscriber\"]}]}<\/script>\n<!-- \/ Yoast SEO plugin. -->","yoast_head_json":{"title":"Le port de Valence catamaran touristique - Visite guid\u00e9e \/ Avalencia","description":"Visite guid\u00e9e: Le port de Valence catamaran touristique, o\u00f9 en plus d'\u00eatre impressionn\u00e9s par son architecture et ses yachts, vous pourrez voyager sur un catamaran! est-ce que vous venez?","robots":{"index":"index","follow":"follow","max-snippet":"max-snippet:-1","max-image-preview":"max-image-preview:large","max-video-preview":"max-video-preview:-1"},"canonical":"https:\/\/avalencia.com\/fr\/port-de-valence-catamaran-touristique\/","og_locale":"fr_FR","og_type":"article","og_title":"Le port de Valence catamaran touristique - Visite guid\u00e9e \/ Avalencia","og_description":"Visite guid\u00e9e: Le port de Valence catamaran touristique, o\u00f9 en plus d'\u00eatre impressionn\u00e9s par son architecture et ses yachts, vous pourrez voyager sur un catamaran! est-ce que vous venez?","og_url":"https:\/\/avalencia.com\/fr\/port-de-valence-catamaran-touristique\/","og_site_name":"AVALENCIA","article_publisher":"https:\/\/www.facebook.com\/angela.marisoler","article_modified_time":"2022-09-01T08:30:30+00:00","og_image":[{"width":1024,"height":423,"url":"https:\/\/avalencia.com\/wp-content\/uploads\/2022\/07\/00-Destacada-PuertoGP-Jaen-20-03-2016-2-1024x768-1-1024x423-1.webp","type":"image\/webp"}],"twitter_card":"summary_large_image","twitter_site":"@angelamari400","twitter_misc":{"Est. reading time":"4 minutes"},"schema":{"@context":"https:\/\/schema.org","@graph":[{"@type":"WebPage","@id":"https:\/\/avalencia.com\/fr\/port-de-valence-catamaran-touristique\/","url":"https:\/\/avalencia.com\/fr\/port-de-valence-catamaran-touristique\/","name":"Le port de Valence catamaran touristique - Visite guid\u00e9e \/ Avalencia","isPartOf":{"@id":"https:\/\/avalencia.com\/fr\/#website"},"primaryImageOfPage":{"@id":"https:\/\/avalencia.com\/fr\/port-de-valence-catamaran-touristique\/#primaryimage"},"image":{"@id":"https:\/\/avalencia.com\/fr\/port-de-valence-catamaran-touristique\/#primaryimage"},"thumbnailUrl":"https:\/\/avalencia.com\/wp-content\/uploads\/2022\/07\/00-Destacada-PuertoGP-Jaen-20-03-2016-2-1024x768-1-1024x423-1.webp","datePublished":"2018-03-31T18:42:45+00:00","dateModified":"2022-09-01T08:30:30+00:00","description":"Visite guid\u00e9e: Le port de Valence catamaran touristique, o\u00f9 en plus d'\u00eatre impressionn\u00e9s par son architecture et ses yachts, vous pourrez voyager sur un catamaran! est-ce que vous venez?","breadcrumb":{"@id":"https:\/\/avalencia.com\/fr\/port-de-valence-catamaran-touristique\/#breadcrumb"},"inLanguage":"fr-FR","potentialAction":[{"@type":"ReadAction","target":["https:\/\/avalencia.com\/fr\/port-de-valence-catamaran-touristique\/"]}]},{"@type":"ImageObject","inLanguage":"fr-FR","@id":"https:\/\/avalencia.com\/fr\/port-de-valence-catamaran-touristique\/#primaryimage","url":"https:\/\/avalencia.com\/wp-content\/uploads\/2022\/07\/00-Destacada-PuertoGP-Jaen-20-03-2016-2-1024x768-1-1024x423-1.webp","contentUrl":"https:\/\/avalencia.com\/wp-content\/uploads\/2022\/07\/00-Destacada-PuertoGP-Jaen-20-03-2016-2-1024x768-1-1024x423-1.webp","width":1024,"height":423},{"@type":"BreadcrumbList","@id":"https:\/\/avalencia.com\/fr\/port-de-valence-catamaran-touristique\/#breadcrumb","itemListElement":[{"@type":"ListItem","position":1,"name":"Portada","item":"https:\/\/avalencia.com\/fr\/"},{"@type":"ListItem","position":2,"name":"Le port touristique de Valencia &#8211; La plage de las Arenas et le Catamaran touristique"}]},{"@type":"WebSite","@id":"https:\/\/avalencia.com\/fr\/#website","url":"https:\/\/avalencia.com\/fr\/","name":"AVALENCIA","description":"Visitas culturales por Valencia y alrededores","publisher":{"@id":"https:\/\/avalencia.com\/fr\/#organization"},"potentialAction":[{"@type":"SearchAction","target":{"@type":"EntryPoint","urlTemplate":"https:\/\/avalencia.com\/fr\/?s={search_term_string}"},"query-input":{"@type":"PropertyValueSpecification","valueRequired":true,"valueName":"search_term_string"}}],"inLanguage":"fr-FR"},{"@type":"Organization","@id":"https:\/\/avalencia.com\/fr\/#organization","name":"Gu\u00eda Valencia","url":"https:\/\/avalencia.com\/fr\/","logo":{"@type":"ImageObject","inLanguage":"fr-FR","@id":"https:\/\/avalencia.com\/fr\/#\/schema\/logo\/image\/","url":"","contentUrl":"","caption":"Gu\u00eda Valencia"},"image":{"@id":"https:\/\/avalencia.com\/fr\/#\/schema\/logo\/image\/"},"sameAs":["https:\/\/www.facebook.com\/angela.marisoler","https:\/\/x.com\/angelamari400","https:\/\/www.instagram.com\/angelamarisoler\/","https:\/\/www.linkedin.com\/feed\/?trk=guest_homepage-basic_sign-in-submit","https:\/\/www.youtube.com\/channel\/UC4bWyTV2CWI65Qf0r1pjuXg?view_as=subscriber"]}]}},"featured_image_src":"https:\/\/avalencia.com\/wp-content\/uploads\/2022\/07\/00-Destacada-PuertoGP-Jaen-20-03-2016-2-1024x768-1-1024x423-1-600x400.webp","featured_image_src_square":"https:\/\/avalencia.com\/wp-content\/uploads\/2022\/07\/00-Destacada-PuertoGP-Jaen-20-03-2016-2-1024x768-1-1024x423-1-600x423.webp","_links":{"self":[{"href":"https:\/\/avalencia.com\/fr\/wp-json\/wp\/v2\/pages\/5762","targetHints":{"allow":["GET"]}}],"collection":[{"href":"https:\/\/avalencia.com\/fr\/wp-json\/wp\/v2\/pages"}],"about":[{"href":"https:\/\/avalencia.com\/fr\/wp-json\/wp\/v2\/types\/page"}],"author":[{"embeddable":true,"href":"https:\/\/avalencia.com\/fr\/wp-json\/wp\/v2\/users\/3"}],"replies":[{"embeddable":true,"href":"https:\/\/avalencia.com\/fr\/wp-json\/wp\/v2\/comments?post=5762"}],"version-history":[{"count":0,"href":"https:\/\/avalencia.com\/fr\/wp-json\/wp\/v2\/pages\/5762\/revisions"}],"wp:featuredmedia":[{"embeddable":true,"href":"https:\/\/avalencia.com\/fr\/wp-json\/wp\/v2\/media\/15843"}],"wp:attachment":[{"href":"https:\/\/avalencia.com\/fr\/wp-json\/wp\/v2\/media?parent=5762"}],"curies":[{"name":"wp","href":"https:\/\/api.w.org\/{rel}","templated":true}]}}