{"id":5767,"date":"2018-03-31T18:46:27","date_gmt":"2018-03-31T18:46:27","guid":{"rendered":"https:\/\/avalencia.com\/tours-a-velo-segway\/"},"modified":"2022-07-24T17:21:01","modified_gmt":"2022-07-24T17:21:01","slug":"tours-a-velo-segway-valencia","status":"publish","type":"page","link":"https:\/\/avalencia.com\/fr\/tours-a-velo-segway-valencia\/","title":{"rendered":"Tours \u00e0 v\u00e9lo &#8211; Segway Valencia"},"content":{"rendered":"\n<h2 class=\"wp-block-heading\">Tour \u00e0 v\u00e9lo \u00e1 Valencia<\/h2>\n\n\n\n<h4 class=\"wp-block-heading\"> Itin\u00e9raire ouest<\/h4>\n\n\n\n<p>Promenade le long des Jardins&nbsp;du Turia (ancien lit du fleuve Turia) et du Parc de Cabecera, pendant&nbsp;la tourn\u00e9e on s&#8217;arretera plusieurs fois pour vous faire des explications&nbsp;sur certains lieux d&#8217;int\u00e9r\u00eats culturels, \u00e9galement&nbsp;on arrivera jusqu&#8217;au centre historique pour voir certains b\u00e2timents. Nous ferons une pause pour prendre une boisson ou d\u00e9guster la Horchata (boisson typique de Valence).<\/p>\n\n\n\n<h4 class=\"wp-block-heading\">Itin\u00e9raire de l&#8217;este <\/h4>\n\n\n\n<p>Il comprend le jardin du Turia vers le sud avec le Palais de la Musique, la Cit\u00e9 des Arts et des Sciences, o\u00f9 nous nous arr\u00e9terons pour expliquer la CAC de l&#8217;architecte Santiago Calatrava, et ensuite nous irons voir les&nbsp;installations portuaires de la 32e \u00e9dition de la Copa America,&nbsp;le circuit urbain de Formule 1 jusqu&#8217;\u00e0 la promenade du bord de mer.<\/p>\n\n\n\n<figure class=\"wp-block-gallery has-nested-images columns-default is-cropped wp-block-gallery-1 is-layout-flex wp-block-gallery-is-layout-flex\">\n<figure class=\"wp-block-image size-full\"><a href=\"https:\/\/avalencia.com\/wp-content\/uploads\/2022\/07\/GL1-01-Ruta-Bici-GP-Janda-austria-12-06-2011-1-2.webp\"><img decoding=\"async\" width=\"900\" height=\"602\" data-id=\"16091\" src=\"https:\/\/avalencia.com\/wp-content\/uploads\/2022\/07\/GL1-01-Ruta-Bici-GP-Janda-austria-12-06-2011-1-2.webp\" alt=\"\" class=\"wp-image-16091\" srcset=\"https:\/\/avalencia.com\/wp-content\/uploads\/2022\/07\/GL1-01-Ruta-Bici-GP-Janda-austria-12-06-2011-1-2.webp 900w, https:\/\/avalencia.com\/wp-content\/uploads\/2022\/07\/GL1-01-Ruta-Bici-GP-Janda-austria-12-06-2011-1-2-300x201.webp 300w, https:\/\/avalencia.com\/wp-content\/uploads\/2022\/07\/GL1-01-Ruta-Bici-GP-Janda-austria-12-06-2011-1-2-768x514.webp 768w, https:\/\/avalencia.com\/wp-content\/uploads\/2022\/07\/GL1-01-Ruta-Bici-GP-Janda-austria-12-06-2011-1-2-705x472.webp 705w, https:\/\/avalencia.com\/wp-content\/uploads\/2022\/07\/GL1-01-Ruta-Bici-GP-Janda-austria-12-06-2011-1-2-600x400.webp 600w\" sizes=\"(max-width: 900px) 100vw, 900px\" \/><\/a><\/figure>\n\n\n\n<figure class=\"wp-block-image size-full\"><a href=\"https:\/\/avalencia.com\/wp-content\/uploads\/2022\/07\/GL1-02-Ruta-Bici-GP-Janda-austria-12-06-2011-1-2.webp\"><img decoding=\"async\" width=\"900\" height=\"602\" data-id=\"16096\" src=\"https:\/\/avalencia.com\/wp-content\/uploads\/2022\/07\/GL1-02-Ruta-Bici-GP-Janda-austria-12-06-2011-1-2.webp\" alt=\"\" class=\"wp-image-16096\" srcset=\"https:\/\/avalencia.com\/wp-content\/uploads\/2022\/07\/GL1-02-Ruta-Bici-GP-Janda-austria-12-06-2011-1-2.webp 900w, https:\/\/avalencia.com\/wp-content\/uploads\/2022\/07\/GL1-02-Ruta-Bici-GP-Janda-austria-12-06-2011-1-2-300x201.webp 300w, https:\/\/avalencia.com\/wp-content\/uploads\/2022\/07\/GL1-02-Ruta-Bici-GP-Janda-austria-12-06-2011-1-2-768x514.webp 768w, https:\/\/avalencia.com\/wp-content\/uploads\/2022\/07\/GL1-02-Ruta-Bici-GP-Janda-austria-12-06-2011-1-2-705x472.webp 705w, https:\/\/avalencia.com\/wp-content\/uploads\/2022\/07\/GL1-02-Ruta-Bici-GP-Janda-austria-12-06-2011-1-2-600x400.webp 600w\" sizes=\"(max-width: 900px) 100vw, 900px\" \/><\/a><\/figure>\n\n\n\n<figure class=\"wp-block-image size-full\"><a href=\"https:\/\/avalencia.com\/wp-content\/uploads\/2022\/07\/GL1-03-Ruta-Bici-GP-Janda-austria-12-06-2011-1-2.webp\"><img decoding=\"async\" width=\"900\" height=\"602\" data-id=\"16101\" src=\"https:\/\/avalencia.com\/wp-content\/uploads\/2022\/07\/GL1-03-Ruta-Bici-GP-Janda-austria-12-06-2011-1-2.webp\" alt=\"\" class=\"wp-image-16101\" srcset=\"https:\/\/avalencia.com\/wp-content\/uploads\/2022\/07\/GL1-03-Ruta-Bici-GP-Janda-austria-12-06-2011-1-2.webp 900w, https:\/\/avalencia.com\/wp-content\/uploads\/2022\/07\/GL1-03-Ruta-Bici-GP-Janda-austria-12-06-2011-1-2-300x201.webp 300w, https:\/\/avalencia.com\/wp-content\/uploads\/2022\/07\/GL1-03-Ruta-Bici-GP-Janda-austria-12-06-2011-1-2-768x514.webp 768w, https:\/\/avalencia.com\/wp-content\/uploads\/2022\/07\/GL1-03-Ruta-Bici-GP-Janda-austria-12-06-2011-1-2-705x472.webp 705w, https:\/\/avalencia.com\/wp-content\/uploads\/2022\/07\/GL1-03-Ruta-Bici-GP-Janda-austria-12-06-2011-1-2-600x400.webp 600w\" sizes=\"(max-width: 900px) 100vw, 900px\" \/><\/a><\/figure>\n\n\n\n<figure class=\"wp-block-image size-full\"><a href=\"https:\/\/avalencia.com\/wp-content\/uploads\/2022\/07\/GL1-04-Ruta-Bici-GP-Janda-austria-12-06-2011-1.webp\"><img decoding=\"async\" width=\"900\" height=\"602\" data-id=\"16106\" src=\"https:\/\/avalencia.com\/wp-content\/uploads\/2022\/07\/GL1-04-Ruta-Bici-GP-Janda-austria-12-06-2011-1.webp\" alt=\"\" class=\"wp-image-16106\" srcset=\"https:\/\/avalencia.com\/wp-content\/uploads\/2022\/07\/GL1-04-Ruta-Bici-GP-Janda-austria-12-06-2011-1.webp 900w, https:\/\/avalencia.com\/wp-content\/uploads\/2022\/07\/GL1-04-Ruta-Bici-GP-Janda-austria-12-06-2011-1-300x201.webp 300w, https:\/\/avalencia.com\/wp-content\/uploads\/2022\/07\/GL1-04-Ruta-Bici-GP-Janda-austria-12-06-2011-1-768x514.webp 768w, https:\/\/avalencia.com\/wp-content\/uploads\/2022\/07\/GL1-04-Ruta-Bici-GP-Janda-austria-12-06-2011-1-705x472.webp 705w, https:\/\/avalencia.com\/wp-content\/uploads\/2022\/07\/GL1-04-Ruta-Bici-GP-Janda-austria-12-06-2011-1-600x400.webp 600w\" sizes=\"(max-width: 900px) 100vw, 900px\" \/><\/a><\/figure>\n\n\n\n<figure class=\"wp-block-image size-full\"><a href=\"https:\/\/avalencia.com\/wp-content\/uploads\/2022\/07\/GL1-05-Ruta-Bici-GP-Janda-austria-12-06-2011-1.webp\"><img decoding=\"async\" width=\"900\" height=\"603\" data-id=\"16111\" src=\"https:\/\/avalencia.com\/wp-content\/uploads\/2022\/07\/GL1-05-Ruta-Bici-GP-Janda-austria-12-06-2011-1.webp\" alt=\"\" class=\"wp-image-16111\" srcset=\"https:\/\/avalencia.com\/wp-content\/uploads\/2022\/07\/GL1-05-Ruta-Bici-GP-Janda-austria-12-06-2011-1.webp 900w, https:\/\/avalencia.com\/wp-content\/uploads\/2022\/07\/GL1-05-Ruta-Bici-GP-Janda-austria-12-06-2011-1-300x201.webp 300w, https:\/\/avalencia.com\/wp-content\/uploads\/2022\/07\/GL1-05-Ruta-Bici-GP-Janda-austria-12-06-2011-1-768x515.webp 768w, https:\/\/avalencia.com\/wp-content\/uploads\/2022\/07\/GL1-05-Ruta-Bici-GP-Janda-austria-12-06-2011-1-705x472.webp 705w\" sizes=\"(max-width: 900px) 100vw, 900px\" \/><\/a><\/figure>\n\n\n\n<figure class=\"wp-block-image size-full\"><a href=\"https:\/\/avalencia.com\/wp-content\/uploads\/2022\/07\/GL1-06-Ruta-Bici-GP-Janda-austria-12-06-2011-1.webp\"><img decoding=\"async\" width=\"900\" height=\"602\" data-id=\"16116\" src=\"https:\/\/avalencia.com\/wp-content\/uploads\/2022\/07\/GL1-06-Ruta-Bici-GP-Janda-austria-12-06-2011-1.webp\" alt=\"\" class=\"wp-image-16116\" srcset=\"https:\/\/avalencia.com\/wp-content\/uploads\/2022\/07\/GL1-06-Ruta-Bici-GP-Janda-austria-12-06-2011-1.webp 900w, https:\/\/avalencia.com\/wp-content\/uploads\/2022\/07\/GL1-06-Ruta-Bici-GP-Janda-austria-12-06-2011-1-300x201.webp 300w, https:\/\/avalencia.com\/wp-content\/uploads\/2022\/07\/GL1-06-Ruta-Bici-GP-Janda-austria-12-06-2011-1-768x514.webp 768w, https:\/\/avalencia.com\/wp-content\/uploads\/2022\/07\/GL1-06-Ruta-Bici-GP-Janda-austria-12-06-2011-1-705x472.webp 705w, https:\/\/avalencia.com\/wp-content\/uploads\/2022\/07\/GL1-06-Ruta-Bici-GP-Janda-austria-12-06-2011-1-600x400.webp 600w\" sizes=\"(max-width: 900px) 100vw, 900px\" \/><\/a><\/figure>\n\n\n\n<figure class=\"wp-block-image size-full\"><a href=\"https:\/\/avalencia.com\/wp-content\/uploads\/2022\/07\/GL1-07-Ruta-Bici-GP-Janda-austria-12-06-2011-.webp\"><img decoding=\"async\" width=\"900\" height=\"602\" data-id=\"16121\" src=\"https:\/\/avalencia.com\/wp-content\/uploads\/2022\/07\/GL1-07-Ruta-Bici-GP-Janda-austria-12-06-2011-.webp\" alt=\"\" class=\"wp-image-16121\" srcset=\"https:\/\/avalencia.com\/wp-content\/uploads\/2022\/07\/GL1-07-Ruta-Bici-GP-Janda-austria-12-06-2011-.webp 900w, https:\/\/avalencia.com\/wp-content\/uploads\/2022\/07\/GL1-07-Ruta-Bici-GP-Janda-austria-12-06-2011--300x201.webp 300w, https:\/\/avalencia.com\/wp-content\/uploads\/2022\/07\/GL1-07-Ruta-Bici-GP-Janda-austria-12-06-2011--768x514.webp 768w, https:\/\/avalencia.com\/wp-content\/uploads\/2022\/07\/GL1-07-Ruta-Bici-GP-Janda-austria-12-06-2011--705x472.webp 705w, https:\/\/avalencia.com\/wp-content\/uploads\/2022\/07\/GL1-07-Ruta-Bici-GP-Janda-austria-12-06-2011--600x400.webp 600w\" sizes=\"(max-width: 900px) 100vw, 900px\" \/><\/a><\/figure>\n\n\n\n<figure class=\"wp-block-image size-full\"><a href=\"https:\/\/avalencia.com\/wp-content\/uploads\/2022\/07\/GL1-08-Ruta-Bici-GP-Janda-austria-12-06-2011-1.webp\"><img decoding=\"async\" width=\"900\" height=\"602\" data-id=\"16160\" src=\"https:\/\/avalencia.com\/wp-content\/uploads\/2022\/07\/GL1-08-Ruta-Bici-GP-Janda-austria-12-06-2011-1.webp\" alt=\"\" class=\"wp-image-16160\" srcset=\"https:\/\/avalencia.com\/wp-content\/uploads\/2022\/07\/GL1-08-Ruta-Bici-GP-Janda-austria-12-06-2011-1.webp 900w, https:\/\/avalencia.com\/wp-content\/uploads\/2022\/07\/GL1-08-Ruta-Bici-GP-Janda-austria-12-06-2011-1-300x201.webp 300w, https:\/\/avalencia.com\/wp-content\/uploads\/2022\/07\/GL1-08-Ruta-Bici-GP-Janda-austria-12-06-2011-1-768x514.webp 768w, https:\/\/avalencia.com\/wp-content\/uploads\/2022\/07\/GL1-08-Ruta-Bici-GP-Janda-austria-12-06-2011-1-705x472.webp 705w, https:\/\/avalencia.com\/wp-content\/uploads\/2022\/07\/GL1-08-Ruta-Bici-GP-Janda-austria-12-06-2011-1-600x400.webp 600w\" sizes=\"(max-width: 900px) 100vw, 900px\" \/><\/a><\/figure>\n<\/figure>\n\n\n\n<h4 class=\"has-text-align-center wp-block-heading\"><strong>L\u2019itin\u00e9raire en v\u00e9lo pour les familles avec enfants <\/strong> <\/h4>\n\n\n<div class=\"wp-block-image\">\n<figure class=\"aligncenter size-full\"><img decoding=\"async\" width=\"1024\" height=\"512\" src=\"https:\/\/avalencia.com\/wp-content\/uploads\/2022\/07\/Gulliver-JardindelTuria-Valencia-1024x512-1.webp\" alt=\"\" class=\"wp-image-16086\" srcset=\"https:\/\/avalencia.com\/wp-content\/uploads\/2022\/07\/Gulliver-JardindelTuria-Valencia-1024x512-1.webp 1024w, https:\/\/avalencia.com\/wp-content\/uploads\/2022\/07\/Gulliver-JardindelTuria-Valencia-1024x512-1-300x150.webp 300w, https:\/\/avalencia.com\/wp-content\/uploads\/2022\/07\/Gulliver-JardindelTuria-Valencia-1024x512-1-768x384.webp 768w, https:\/\/avalencia.com\/wp-content\/uploads\/2022\/07\/Gulliver-JardindelTuria-Valencia-1024x512-1-705x353.webp 705w\" sizes=\"(max-width: 1024px) 100vw, 1024px\" \/><figcaption>Le Gulliver<\/figcaption><\/figure><\/div>\n\n\n<p>Cet itin\u00e9raire passera aussi par les Jardins Turia et s&#8217;arr\u00eatera au <strong>Parc Gulliver<\/strong>, afin que les enfants puissent profiter de ce toboggan g\u00e9ant de 70 m de long et d&#8217;environ 7,5 m de haut, en se lan\u00e7ant dans les rampes qui forment les bras et les jambes de Gulliver.<\/p>\n\n\n\n<p>Cette sculpture de Gulliver est bas\u00e9e sur l&#8217;histoire &#8211; Les voyages de Gulliver &#8211; de Jonathan Swift, et repr\u00e9sente le moment o\u00f9 Gulliver vient d&#8217;arriver dans le pays de Lilliput, un endroit o\u00f9 tous les habitants sont minuscules, et qu\u2019il est attach\u00e9 par les Lilliputiens. Les enfants qui jouent autour de lui imitent les Lilliputiens.<\/p>\n\n\n\n<p>Le parc est situ\u00e9 dans un grand cercle de 15 000 m<sup>2<\/sup>. Dans la m\u00eame zone se trouvent d&#8217;autres jeux tels que le golf miniature, le skateboard et deux \u00e9chiquiers g\u00e9ants. Il y a \u00e9galement une buvette et des toilettes. L&#8217;acc\u00e8s est gratuit.<\/p>\n\n\n\n<p>La sculpture a \u00e9t\u00e9 command\u00e9e par le conseil municipal de Valence \u00e0 l&#8217;architecte Rafael Rivera et \u00e0 l&#8217;artiste Fallas Manolo Mart\u00edn. Cette section s&#8217;\u00e9tend sur une superficie de 61 000 m<sup>2<\/sup>et est situ\u00e9e \u00e0 partir du Pont de l\u2019\u00c1ngel Custodio. En \u00e9t\u00e9, c\u2019est un peu dangereux de jouer l\u00e0-bas car les mat\u00e9riaux chauffent \u00e9norm\u00e9ment.<\/p>\n\n\n\n<h4 class=\"wp-block-heading\">La plaine fertile du nord, la Huerta<\/h4>\n\n\n\n<p>Itin\u00e9raire dans la Huerta, la plaine fertile du nord de Valencia. Beau paisage prot\u00e9g\u00e9 de grande valeur historique, avec ses&nbsp;maisons typiques, la barraca, et hameaux, les canaux et les&nbsp;champs de suchets -chufa- (pour l&#8217;\u00e9laboration de la&nbsp;-horchata- boisson tipique valancienne).<\/p>\n\n\n\n<p>On visite une barraca, d\u00e9gustation d&#8217;oranges (en saison) et on mange dans un restaurant typique (paella et tapas) dans&nbsp;la huerta. Au retour, on passera par les plages et les installations&nbsp;portuaires de la Coupe d&#8217;Am\u00e9rique et le circuit urbain de la F1.<\/p>\n\n\n\n<figure class=\"wp-block-gallery has-nested-images columns-4 is-cropped wp-block-gallery-2 is-layout-flex wp-block-gallery-is-layout-flex\">\n<figure class=\"wp-block-image size-full\"><a href=\"https:\/\/avalencia.com\/wp-content\/uploads\/2022\/07\/GL2-01-Ruta-Horta-Barraca_1-1.webp\"><img decoding=\"async\" width=\"900\" height=\"674\" data-id=\"16166\" src=\"https:\/\/avalencia.com\/wp-content\/uploads\/2022\/07\/GL2-01-Ruta-Horta-Barraca_1-1.webp\" alt=\"\" class=\"wp-image-16166\" srcset=\"https:\/\/avalencia.com\/wp-content\/uploads\/2022\/07\/GL2-01-Ruta-Horta-Barraca_1-1.webp 900w, https:\/\/avalencia.com\/wp-content\/uploads\/2022\/07\/GL2-01-Ruta-Horta-Barraca_1-1-300x225.webp 300w, https:\/\/avalencia.com\/wp-content\/uploads\/2022\/07\/GL2-01-Ruta-Horta-Barraca_1-1-768x575.webp 768w, https:\/\/avalencia.com\/wp-content\/uploads\/2022\/07\/GL2-01-Ruta-Horta-Barraca_1-1-705x528.webp 705w\" sizes=\"(max-width: 900px) 100vw, 900px\" \/><\/a><\/figure>\n\n\n\n<figure class=\"wp-block-image size-full\"><a href=\"https:\/\/avalencia.com\/wp-content\/uploads\/2022\/07\/GL2-02-Ruta-Horta-Carrilbici_5-1.webp\"><img decoding=\"async\" width=\"900\" height=\"674\" data-id=\"16171\" src=\"https:\/\/avalencia.com\/wp-content\/uploads\/2022\/07\/GL2-02-Ruta-Horta-Carrilbici_5-1.webp\" alt=\"\" class=\"wp-image-16171\" srcset=\"https:\/\/avalencia.com\/wp-content\/uploads\/2022\/07\/GL2-02-Ruta-Horta-Carrilbici_5-1.webp 900w, https:\/\/avalencia.com\/wp-content\/uploads\/2022\/07\/GL2-02-Ruta-Horta-Carrilbici_5-1-300x225.webp 300w, https:\/\/avalencia.com\/wp-content\/uploads\/2022\/07\/GL2-02-Ruta-Horta-Carrilbici_5-1-768x575.webp 768w, https:\/\/avalencia.com\/wp-content\/uploads\/2022\/07\/GL2-02-Ruta-Horta-Carrilbici_5-1-705x528.webp 705w\" sizes=\"(max-width: 900px) 100vw, 900px\" \/><\/a><\/figure>\n\n\n\n<figure class=\"wp-block-image size-full\"><a href=\"https:\/\/avalencia.com\/wp-content\/uploads\/2022\/07\/GL2-03-Ruta-Horta-camposdechufa_4-1.webp\"><img decoding=\"async\" width=\"900\" height=\"674\" data-id=\"16176\" src=\"https:\/\/avalencia.com\/wp-content\/uploads\/2022\/07\/GL2-03-Ruta-Horta-camposdechufa_4-1.webp\" alt=\"\" class=\"wp-image-16176\" srcset=\"https:\/\/avalencia.com\/wp-content\/uploads\/2022\/07\/GL2-03-Ruta-Horta-camposdechufa_4-1.webp 900w, https:\/\/avalencia.com\/wp-content\/uploads\/2022\/07\/GL2-03-Ruta-Horta-camposdechufa_4-1-300x225.webp 300w, https:\/\/avalencia.com\/wp-content\/uploads\/2022\/07\/GL2-03-Ruta-Horta-camposdechufa_4-1-768x575.webp 768w, https:\/\/avalencia.com\/wp-content\/uploads\/2022\/07\/GL2-03-Ruta-Horta-camposdechufa_4-1-705x528.webp 705w\" sizes=\"(max-width: 900px) 100vw, 900px\" \/><\/a><\/figure>\n<\/figure>\n\n\n\n<h4 class=\"wp-block-heading\"><strong>Segway<\/strong><\/h4>\n\n\n\n<p>De cette fa\u00e7on, vous pouvez profiter de la ville d&#8217;une mani\u00e8re diff\u00e9rente. Mais si vous ne savez pas comment conduire un segway, nous vous aiderons, cela ne prendra que 5 minutes.<\/p>\n\n\n\n<p>Possibilit\u00e9 de faire le tour en segway et le parcours historique \u00e0 pied (dur\u00e9e de 3,30 \u00e0 4 heures).<\/p>\n\n\n\n<figure class=\"wp-block-gallery has-nested-images columns-default is-cropped wp-block-gallery-3 is-layout-flex wp-block-gallery-is-layout-flex\">\n<figure class=\"wp-block-image size-full\"><img decoding=\"async\" width=\"900\" height=\"524\" data-id=\"16182\" src=\"https:\/\/avalencia.com\/wp-content\/uploads\/2022\/07\/GL3-01-Ruta-Bici-Segway-20180512_120120.webp\" alt=\"\" class=\"wp-image-16182\" srcset=\"https:\/\/avalencia.com\/wp-content\/uploads\/2022\/07\/GL3-01-Ruta-Bici-Segway-20180512_120120.webp 900w, https:\/\/avalencia.com\/wp-content\/uploads\/2022\/07\/GL3-01-Ruta-Bici-Segway-20180512_120120-300x175.webp 300w, https:\/\/avalencia.com\/wp-content\/uploads\/2022\/07\/GL3-01-Ruta-Bici-Segway-20180512_120120-768x447.webp 768w, https:\/\/avalencia.com\/wp-content\/uploads\/2022\/07\/GL3-01-Ruta-Bici-Segway-20180512_120120-705x410.webp 705w\" sizes=\"(max-width: 900px) 100vw, 900px\" \/><\/figure>\n\n\n\n<figure class=\"wp-block-image size-full\"><img decoding=\"async\" width=\"900\" height=\"527\" data-id=\"16187\" src=\"https:\/\/avalencia.com\/wp-content\/uploads\/2022\/07\/GL3-02-Ruta-Bici-Segway-Rutasegway_2-1.webp\" alt=\"\" class=\"wp-image-16187\" srcset=\"https:\/\/avalencia.com\/wp-content\/uploads\/2022\/07\/GL3-02-Ruta-Bici-Segway-Rutasegway_2-1.webp 900w, https:\/\/avalencia.com\/wp-content\/uploads\/2022\/07\/GL3-02-Ruta-Bici-Segway-Rutasegway_2-1-300x176.webp 300w, https:\/\/avalencia.com\/wp-content\/uploads\/2022\/07\/GL3-02-Ruta-Bici-Segway-Rutasegway_2-1-768x450.webp 768w, https:\/\/avalencia.com\/wp-content\/uploads\/2022\/07\/GL3-02-Ruta-Bici-Segway-Rutasegway_2-1-705x413.webp 705w\" sizes=\"(max-width: 900px) 100vw, 900px\" \/><\/figure>\n\n\n\n<figure class=\"wp-block-image size-full\"><img decoding=\"async\" width=\"900\" height=\"513\" data-id=\"16192\" src=\"https:\/\/avalencia.com\/wp-content\/uploads\/2022\/07\/GL3-03-Ruta-Bici-SegwayRutasegway_3-1.webp\" alt=\"\" class=\"wp-image-16192\" srcset=\"https:\/\/avalencia.com\/wp-content\/uploads\/2022\/07\/GL3-03-Ruta-Bici-SegwayRutasegway_3-1.webp 900w, https:\/\/avalencia.com\/wp-content\/uploads\/2022\/07\/GL3-03-Ruta-Bici-SegwayRutasegway_3-1-300x171.webp 300w, https:\/\/avalencia.com\/wp-content\/uploads\/2022\/07\/GL3-03-Ruta-Bici-SegwayRutasegway_3-1-768x438.webp 768w, https:\/\/avalencia.com\/wp-content\/uploads\/2022\/07\/GL3-03-Ruta-Bici-SegwayRutasegway_3-1-705x402.webp 705w\" sizes=\"(max-width: 900px) 100vw, 900px\" \/><\/figure>\n<\/figure>\n\n\n\n<figure class=\"wp-block-embed is-type-video is-provider-youtube wp-block-embed-youtube wp-embed-aspect-16-9 wp-has-aspect-ratio\"><div class=\"wp-block-embed__wrapper\">\n<div class='avia-iframe-wrap'><iframe title=\"Segway Tour Valencia\" width=\"1500\" height=\"844\" src=\"https:\/\/www.youtube.com\/embed\/5r8NX6bjU-I?start=37&#038;feature=oembed\" frameborder=\"0\" allow=\"accelerometer; autoplay; clipboard-write; encrypted-media; gyroscope; picture-in-picture\" allowfullscreen><\/iframe><\/div>\n<\/div><\/figure>\n\n\n\n<h4 class=\"wp-block-heading\">Autres options au<strong><a href=\"https:\/\/avalencia.com\/fr\/le-parc-naturel-de-lalbufera\/\" target=\"_blank\" rel=\"noreferrer noopener\"> Parc Naturel de l&#8217;Albufera<\/a><\/strong><\/h4>\n\n\n\n<p>Tour \u00e0 velo \u00e0 travers un itin\u00e9raire la Devesa du Parc Naturel de l&#8217;Albufera, et possibilit\u00e9 d&#8217;emprunter la barque. <\/p>\n\n\n\n<p>Dur\u00e9e 3:30 heures.<\/p>\n\n\n\n<p>Choisissez vostre tour.<\/p>\n\n\n\n<div class=\"wp-block-buttons is-layout-flex wp-block-buttons-is-layout-flex\">\n<div class=\"wp-block-button\"><a class=\"wp-block-button__link\" href=\"https:\/\/avalencia.com\/fr\/guide-officiel-de-valence\/\" target=\"_blank\" rel=\"noreferrer noopener\">Veuillez me contacter<\/a><\/div>\n<\/div>\n\n\n\n<div style=\"height:35px\" aria-hidden=\"true\" class=\"wp-block-spacer\"><\/div>\n\n\n<div  class='av-social-sharing-box  avia-builder-el-0  avia-builder-el-no-sibling  '><div class='av-share-box'><h5 class='av-share-link-description av-no-toc '>Partager<\/h5><ul class='av-share-box-list noLightbox'><li class='av-share-link av-social-link-facebook' ><a target=\"_blank\" aria-label=\"Partager sur Facebook\" href='https:\/\/www.facebook.com\/sharer.php?u=https:\/\/avalencia.com\/fr\/tours-a-velo-segway-valencia\/&#038;t=Tours%20%C3%A0%20v%C3%A9lo%20%E2%80%93%20Segway%20Valencia' aria-hidden='false' data-av_icon='\ue8f3' data-av_iconfont='entypo-fontello' title='' data-avia-related-tooltip='Partager sur Facebook' rel=\"noopener\"><span class='avia_hidden_link_text'>Partager sur Facebook<\/span><\/a><\/li><li class='av-share-link av-social-link-twitter' ><a target=\"_blank\" aria-label=\"Partager sur Twitter\" href='https:\/\/twitter.com\/share?text=Tours%20%C3%A0%20v%C3%A9lo%20%E2%80%93%20Segway%20Valencia&#038;url=https:\/\/avalencia.com\/fr\/?p=5767' aria-hidden='false' data-av_icon='\ue8f1' data-av_iconfont='entypo-fontello' title='' data-avia-related-tooltip='Partager sur Twitter' rel=\"noopener\"><span class='avia_hidden_link_text'>Partager sur Twitter<\/span><\/a><\/li><li class='av-share-link av-social-link-pinterest' ><a target=\"_blank\" aria-label=\"Partager sur Pinterest\" href='https:\/\/pinterest.com\/pin\/create\/button\/?url=https%3A%2F%2Favalencia.com%2Ffr%2Ftours-a-velo-segway-valencia%2F&#038;description=Tours%20%C3%A0%20v%C3%A9lo%20%E2%80%93%20Segway%20Valencia&#038;media=https%3A%2F%2Favalencia.com%2Fwp-content%2Fuploads%2F2022%2F07%2FDestacada-Cidad-de-las-artes-apaisada-1-705x302.webp' aria-hidden='false' data-av_icon='\ue8f8' data-av_iconfont='entypo-fontello' title='' data-avia-related-tooltip='Partager sur Pinterest' rel=\"noopener\"><span class='avia_hidden_link_text'>Partager sur Pinterest<\/span><\/a><\/li><li class='av-share-link av-social-link-linkedin' ><a target=\"_blank\" aria-label=\"Partager sur LinkedIn\" href='https:\/\/linkedin.com\/shareArticle?mini=true&#038;title=Tours%20%C3%A0%20v%C3%A9lo%20%E2%80%93%20Segway%20Valencia&#038;url=https:\/\/avalencia.com\/fr\/tours-a-velo-segway-valencia\/' aria-hidden='false' data-av_icon='\ue8fc' data-av_iconfont='entypo-fontello' title='' data-avia-related-tooltip='Partager sur LinkedIn' rel=\"noopener\"><span class='avia_hidden_link_text'>Partager sur LinkedIn<\/span><\/a><\/li><li class='av-share-link av-social-link-mail' ><a  aria-label=\"Partager par Mail\" href='mailto:?subject=Tours%20%C3%A0%20v%C3%A9lo%20%E2%80%93%20Segway%20Valencia&#038;body=https:\/\/avalencia.com\/fr\/tours-a-velo-segway-valencia\/' aria-hidden='false' data-av_icon='\ue805' data-av_iconfont='entypo-fontello' title='' data-avia-related-tooltip='Partager par Mail'><span class='avia_hidden_link_text'>Partager par Mail<\/span><\/a><\/li><\/ul><\/div><\/div>\n","protected":false},"excerpt":{"rendered":"<p>Itin\u00e9raires cyclables &#8211; Segway<\/p>\n","protected":false},"author":3,"featured_media":16081,"parent":0,"menu_order":0,"comment_status":"closed","ping_status":"closed","template":"","meta":{"footnotes":""},"class_list":["post-5767","page","type-page","status-publish","has-post-thumbnail","hentry"],"yoast_head":"<!-- This site is optimized with the Yoast SEO plugin v26.8 - https:\/\/yoast.com\/product\/yoast-seo-wordpress\/ -->\n<title>Tours \u00e0 v\u00e9lo- Segway \u00e0 Valencia avec un guide officiel - Avalencia<\/title>\n<meta name=\"description\" content=\"Tours \u00e0 v\u00e9lo le long des Jardins\u00a0du Turia (ancien lit du fleuve Turia) et du Parc de Cabecera, pendant\u00a0la tourn\u00e9e on s&#039;arretera plusieurs fois pour vous faire des explications\u00a0sur certains lieux d&#039;int\u00e9r\u00eats culturels..\" \/>\n<meta name=\"robots\" content=\"index, follow, max-snippet:-1, max-image-preview:large, max-video-preview:-1\" \/>\n<link rel=\"canonical\" href=\"https:\/\/avalencia.com\/fr\/tours-a-velo-segway-valencia\/\" \/>\n<meta property=\"og:locale\" content=\"fr_FR\" \/>\n<meta property=\"og:type\" content=\"article\" \/>\n<meta property=\"og:title\" content=\"Tours \u00e0 v\u00e9lo- Segway \u00e0 Valencia avec un guide officiel - Avalencia\" \/>\n<meta property=\"og:description\" content=\"Tours \u00e0 v\u00e9lo le long des Jardins\u00a0du Turia (ancien lit du fleuve Turia) et du Parc de Cabecera, pendant\u00a0la tourn\u00e9e on s&#039;arretera plusieurs fois pour vous faire des explications\u00a0sur certains lieux d&#039;int\u00e9r\u00eats culturels..\" \/>\n<meta property=\"og:url\" content=\"https:\/\/avalencia.com\/fr\/tours-a-velo-segway-valencia\/\" \/>\n<meta property=\"og:site_name\" content=\"AVALENCIA\" \/>\n<meta property=\"article:publisher\" content=\"https:\/\/www.facebook.com\/angela.marisoler\" \/>\n<meta property=\"article:modified_time\" content=\"2022-07-24T17:21:01+00:00\" \/>\n<meta property=\"og:image\" content=\"https:\/\/avalencia.com\/wp-content\/uploads\/2022\/07\/Destacada-Cidad-de-las-artes-apaisada-1.webp\" \/>\n\t<meta property=\"og:image:width\" content=\"900\" \/>\n\t<meta property=\"og:image:height\" content=\"385\" \/>\n\t<meta property=\"og:image:type\" content=\"image\/webp\" \/>\n<meta name=\"twitter:card\" content=\"summary_large_image\" \/>\n<meta name=\"twitter:site\" content=\"@angelamari400\" \/>\n<meta name=\"twitter:label1\" content=\"Est. reading time\" \/>\n\t<meta name=\"twitter:data1\" content=\"6 minutes\" \/>\n<script type=\"application\/ld+json\" class=\"yoast-schema-graph\">{\"@context\":\"https:\/\/schema.org\",\"@graph\":[{\"@type\":\"WebPage\",\"@id\":\"https:\/\/avalencia.com\/fr\/tours-a-velo-segway-valencia\/\",\"url\":\"https:\/\/avalencia.com\/fr\/tours-a-velo-segway-valencia\/\",\"name\":\"Tours \u00e0 v\u00e9lo- Segway \u00e0 Valencia avec un guide officiel - Avalencia\",\"isPartOf\":{\"@id\":\"https:\/\/avalencia.com\/fr\/#website\"},\"primaryImageOfPage\":{\"@id\":\"https:\/\/avalencia.com\/fr\/tours-a-velo-segway-valencia\/#primaryimage\"},\"image\":{\"@id\":\"https:\/\/avalencia.com\/fr\/tours-a-velo-segway-valencia\/#primaryimage\"},\"thumbnailUrl\":\"https:\/\/avalencia.com\/wp-content\/uploads\/2022\/07\/Destacada-Cidad-de-las-artes-apaisada-1.webp\",\"datePublished\":\"2018-03-31T18:46:27+00:00\",\"dateModified\":\"2022-07-24T17:21:01+00:00\",\"description\":\"Tours \u00e0 v\u00e9lo le long des Jardins\u00a0du Turia (ancien lit du fleuve Turia) et du Parc de Cabecera, pendant\u00a0la tourn\u00e9e on s'arretera plusieurs fois pour vous faire des explications\u00a0sur certains lieux d'int\u00e9r\u00eats culturels..\",\"breadcrumb\":{\"@id\":\"https:\/\/avalencia.com\/fr\/tours-a-velo-segway-valencia\/#breadcrumb\"},\"inLanguage\":\"fr-FR\",\"potentialAction\":[{\"@type\":\"ReadAction\",\"target\":[\"https:\/\/avalencia.com\/fr\/tours-a-velo-segway-valencia\/\"]}]},{\"@type\":\"ImageObject\",\"inLanguage\":\"fr-FR\",\"@id\":\"https:\/\/avalencia.com\/fr\/tours-a-velo-segway-valencia\/#primaryimage\",\"url\":\"https:\/\/avalencia.com\/wp-content\/uploads\/2022\/07\/Destacada-Cidad-de-las-artes-apaisada-1.webp\",\"contentUrl\":\"https:\/\/avalencia.com\/wp-content\/uploads\/2022\/07\/Destacada-Cidad-de-las-artes-apaisada-1.webp\",\"width\":900,\"height\":385},{\"@type\":\"BreadcrumbList\",\"@id\":\"https:\/\/avalencia.com\/fr\/tours-a-velo-segway-valencia\/#breadcrumb\",\"itemListElement\":[{\"@type\":\"ListItem\",\"position\":1,\"name\":\"Portada\",\"item\":\"https:\/\/avalencia.com\/fr\/\"},{\"@type\":\"ListItem\",\"position\":2,\"name\":\"Tours \u00e0 v\u00e9lo &#8211; Segway Valencia\"}]},{\"@type\":\"WebSite\",\"@id\":\"https:\/\/avalencia.com\/fr\/#website\",\"url\":\"https:\/\/avalencia.com\/fr\/\",\"name\":\"AVALENCIA\",\"description\":\"Visitas culturales por Valencia y alrededores\",\"publisher\":{\"@id\":\"https:\/\/avalencia.com\/fr\/#organization\"},\"potentialAction\":[{\"@type\":\"SearchAction\",\"target\":{\"@type\":\"EntryPoint\",\"urlTemplate\":\"https:\/\/avalencia.com\/fr\/?s={search_term_string}\"},\"query-input\":{\"@type\":\"PropertyValueSpecification\",\"valueRequired\":true,\"valueName\":\"search_term_string\"}}],\"inLanguage\":\"fr-FR\"},{\"@type\":\"Organization\",\"@id\":\"https:\/\/avalencia.com\/fr\/#organization\",\"name\":\"Gu\u00eda Valencia\",\"url\":\"https:\/\/avalencia.com\/fr\/\",\"logo\":{\"@type\":\"ImageObject\",\"inLanguage\":\"fr-FR\",\"@id\":\"https:\/\/avalencia.com\/fr\/#\/schema\/logo\/image\/\",\"url\":\"\",\"contentUrl\":\"\",\"caption\":\"Gu\u00eda Valencia\"},\"image\":{\"@id\":\"https:\/\/avalencia.com\/fr\/#\/schema\/logo\/image\/\"},\"sameAs\":[\"https:\/\/www.facebook.com\/angela.marisoler\",\"https:\/\/x.com\/angelamari400\",\"https:\/\/www.instagram.com\/angelamarisoler\/\",\"https:\/\/www.linkedin.com\/feed\/?trk=guest_homepage-basic_sign-in-submit\",\"https:\/\/www.youtube.com\/channel\/UC4bWyTV2CWI65Qf0r1pjuXg?view_as=subscriber\"]}]}<\/script>\n<!-- \/ Yoast SEO plugin. -->","yoast_head_json":{"title":"Tours \u00e0 v\u00e9lo- Segway \u00e0 Valencia avec un guide officiel - Avalencia","description":"Tours \u00e0 v\u00e9lo le long des Jardins\u00a0du Turia (ancien lit du fleuve Turia) et du Parc de Cabecera, pendant\u00a0la tourn\u00e9e on s'arretera plusieurs fois pour vous faire des explications\u00a0sur certains lieux d'int\u00e9r\u00eats culturels..","robots":{"index":"index","follow":"follow","max-snippet":"max-snippet:-1","max-image-preview":"max-image-preview:large","max-video-preview":"max-video-preview:-1"},"canonical":"https:\/\/avalencia.com\/fr\/tours-a-velo-segway-valencia\/","og_locale":"fr_FR","og_type":"article","og_title":"Tours \u00e0 v\u00e9lo- Segway \u00e0 Valencia avec un guide officiel - Avalencia","og_description":"Tours \u00e0 v\u00e9lo le long des Jardins\u00a0du Turia (ancien lit du fleuve Turia) et du Parc de Cabecera, pendant\u00a0la tourn\u00e9e on s'arretera plusieurs fois pour vous faire des explications\u00a0sur certains lieux d'int\u00e9r\u00eats culturels..","og_url":"https:\/\/avalencia.com\/fr\/tours-a-velo-segway-valencia\/","og_site_name":"AVALENCIA","article_publisher":"https:\/\/www.facebook.com\/angela.marisoler","article_modified_time":"2022-07-24T17:21:01+00:00","og_image":[{"width":900,"height":385,"url":"https:\/\/avalencia.com\/wp-content\/uploads\/2022\/07\/Destacada-Cidad-de-las-artes-apaisada-1.webp","type":"image\/webp"}],"twitter_card":"summary_large_image","twitter_site":"@angelamari400","twitter_misc":{"Est. reading time":"6 minutes"},"schema":{"@context":"https:\/\/schema.org","@graph":[{"@type":"WebPage","@id":"https:\/\/avalencia.com\/fr\/tours-a-velo-segway-valencia\/","url":"https:\/\/avalencia.com\/fr\/tours-a-velo-segway-valencia\/","name":"Tours \u00e0 v\u00e9lo- Segway \u00e0 Valencia avec un guide officiel - Avalencia","isPartOf":{"@id":"https:\/\/avalencia.com\/fr\/#website"},"primaryImageOfPage":{"@id":"https:\/\/avalencia.com\/fr\/tours-a-velo-segway-valencia\/#primaryimage"},"image":{"@id":"https:\/\/avalencia.com\/fr\/tours-a-velo-segway-valencia\/#primaryimage"},"thumbnailUrl":"https:\/\/avalencia.com\/wp-content\/uploads\/2022\/07\/Destacada-Cidad-de-las-artes-apaisada-1.webp","datePublished":"2018-03-31T18:46:27+00:00","dateModified":"2022-07-24T17:21:01+00:00","description":"Tours \u00e0 v\u00e9lo le long des Jardins\u00a0du Turia (ancien lit du fleuve Turia) et du Parc de Cabecera, pendant\u00a0la tourn\u00e9e on s'arretera plusieurs fois pour vous faire des explications\u00a0sur certains lieux d'int\u00e9r\u00eats culturels..","breadcrumb":{"@id":"https:\/\/avalencia.com\/fr\/tours-a-velo-segway-valencia\/#breadcrumb"},"inLanguage":"fr-FR","potentialAction":[{"@type":"ReadAction","target":["https:\/\/avalencia.com\/fr\/tours-a-velo-segway-valencia\/"]}]},{"@type":"ImageObject","inLanguage":"fr-FR","@id":"https:\/\/avalencia.com\/fr\/tours-a-velo-segway-valencia\/#primaryimage","url":"https:\/\/avalencia.com\/wp-content\/uploads\/2022\/07\/Destacada-Cidad-de-las-artes-apaisada-1.webp","contentUrl":"https:\/\/avalencia.com\/wp-content\/uploads\/2022\/07\/Destacada-Cidad-de-las-artes-apaisada-1.webp","width":900,"height":385},{"@type":"BreadcrumbList","@id":"https:\/\/avalencia.com\/fr\/tours-a-velo-segway-valencia\/#breadcrumb","itemListElement":[{"@type":"ListItem","position":1,"name":"Portada","item":"https:\/\/avalencia.com\/fr\/"},{"@type":"ListItem","position":2,"name":"Tours \u00e0 v\u00e9lo &#8211; Segway Valencia"}]},{"@type":"WebSite","@id":"https:\/\/avalencia.com\/fr\/#website","url":"https:\/\/avalencia.com\/fr\/","name":"AVALENCIA","description":"Visitas culturales por Valencia y alrededores","publisher":{"@id":"https:\/\/avalencia.com\/fr\/#organization"},"potentialAction":[{"@type":"SearchAction","target":{"@type":"EntryPoint","urlTemplate":"https:\/\/avalencia.com\/fr\/?s={search_term_string}"},"query-input":{"@type":"PropertyValueSpecification","valueRequired":true,"valueName":"search_term_string"}}],"inLanguage":"fr-FR"},{"@type":"Organization","@id":"https:\/\/avalencia.com\/fr\/#organization","name":"Gu\u00eda Valencia","url":"https:\/\/avalencia.com\/fr\/","logo":{"@type":"ImageObject","inLanguage":"fr-FR","@id":"https:\/\/avalencia.com\/fr\/#\/schema\/logo\/image\/","url":"","contentUrl":"","caption":"Gu\u00eda Valencia"},"image":{"@id":"https:\/\/avalencia.com\/fr\/#\/schema\/logo\/image\/"},"sameAs":["https:\/\/www.facebook.com\/angela.marisoler","https:\/\/x.com\/angelamari400","https:\/\/www.instagram.com\/angelamarisoler\/","https:\/\/www.linkedin.com\/feed\/?trk=guest_homepage-basic_sign-in-submit","https:\/\/www.youtube.com\/channel\/UC4bWyTV2CWI65Qf0r1pjuXg?view_as=subscriber"]}]}},"featured_image_src":"https:\/\/avalencia.com\/wp-content\/uploads\/2022\/07\/Destacada-Cidad-de-las-artes-apaisada-1-600x385.webp","featured_image_src_square":"https:\/\/avalencia.com\/wp-content\/uploads\/2022\/07\/Destacada-Cidad-de-las-artes-apaisada-1-600x385.webp","_links":{"self":[{"href":"https:\/\/avalencia.com\/fr\/wp-json\/wp\/v2\/pages\/5767","targetHints":{"allow":["GET"]}}],"collection":[{"href":"https:\/\/avalencia.com\/fr\/wp-json\/wp\/v2\/pages"}],"about":[{"href":"https:\/\/avalencia.com\/fr\/wp-json\/wp\/v2\/types\/page"}],"author":[{"embeddable":true,"href":"https:\/\/avalencia.com\/fr\/wp-json\/wp\/v2\/users\/3"}],"replies":[{"embeddable":true,"href":"https:\/\/avalencia.com\/fr\/wp-json\/wp\/v2\/comments?post=5767"}],"version-history":[{"count":0,"href":"https:\/\/avalencia.com\/fr\/wp-json\/wp\/v2\/pages\/5767\/revisions"}],"wp:featuredmedia":[{"embeddable":true,"href":"https:\/\/avalencia.com\/fr\/wp-json\/wp\/v2\/media\/16081"}],"wp:attachment":[{"href":"https:\/\/avalencia.com\/fr\/wp-json\/wp\/v2\/media?parent=5767"}],"curies":[{"name":"wp","href":"https:\/\/api.w.org\/{rel}","templated":true}]}}