{"id":5772,"date":"2018-03-31T18:49:04","date_gmt":"2018-03-31T18:49:04","guid":{"rendered":"https:\/\/avalencia.com\/tour-de-tapas\/"},"modified":"2022-09-01T10:00:03","modified_gmt":"2022-09-01T10:00:03","slug":"tour-de-tapas","status":"publish","type":"page","link":"https:\/\/avalencia.com\/fr\/tour-de-tapas\/","title":{"rendered":"Tour de tapas Valencia"},"content":{"rendered":"\n<h2 class=\"has-text-align-center wp-block-heading\"><em>Tour de Tapas<\/em> <\/h2>\n\n\n\n<h3 class=\"has-text-align-center wp-block-heading\">Visites gastronomiques Valencia la nuit !<\/h3>\n\n\n\n<p>Le tour des tapas est une autre fa\u00e7on amusante de d\u00e9couvrir le centre historique de Valence et sa richesse gastronomique. Sortir manger des tapas, comme nous, les Valenciens disons, c&#8217;est plus que justement sortir pour manger, cela fait partie de notre culture.<\/p>\n\n\n\n<p>Qu&#8217;il s&#8217;agisse de pinchos, de montaditos ou de tapas traditionnelles, chaudes ou froides, vous pourrez d\u00e9guster les saveurs de notre cuisine valencienne dans des bars traditionnels ou d&#8217;autres plus modernes.<\/p>\n\n\n\n<figure class=\"wp-block-gallery has-nested-images columns-default is-cropped wp-block-gallery-1 is-layout-flex wp-block-gallery-is-layout-flex\">\n<figure class=\"wp-block-image size-full\"><a href=\"https:\/\/avalencia.com\/wp-content\/uploads\/2022\/07\/GL-01-01-ruta-de-tapas47-1-1.webp\"><img decoding=\"async\" width=\"763\" height=\"572\" data-id=\"16260\" src=\"https:\/\/avalencia.com\/wp-content\/uploads\/2022\/07\/GL-01-01-ruta-de-tapas47-1-1.webp\" alt=\"Bar du centre de Valence\" class=\"wp-image-16260\" srcset=\"https:\/\/avalencia.com\/wp-content\/uploads\/2022\/07\/GL-01-01-ruta-de-tapas47-1-1.webp 763w, https:\/\/avalencia.com\/wp-content\/uploads\/2022\/07\/GL-01-01-ruta-de-tapas47-1-1-300x225.webp 300w, https:\/\/avalencia.com\/wp-content\/uploads\/2022\/07\/GL-01-01-ruta-de-tapas47-1-1-705x529.webp 705w\" sizes=\"(max-width: 763px) 100vw, 763px\" \/><\/a><\/figure>\n\n\n\n<figure class=\"wp-block-image size-full\"><a href=\"https:\/\/avalencia.com\/wp-content\/uploads\/2022\/07\/GL-01-02-ruta-de-tapas-049-1-1.webp\"><img decoding=\"async\" width=\"763\" height=\"572\" data-id=\"16265\" src=\"https:\/\/avalencia.com\/wp-content\/uploads\/2022\/07\/GL-01-02-ruta-de-tapas-049-1-1.webp\" alt=\"Bar historique de Valence\" class=\"wp-image-16265\" srcset=\"https:\/\/avalencia.com\/wp-content\/uploads\/2022\/07\/GL-01-02-ruta-de-tapas-049-1-1.webp 763w, https:\/\/avalencia.com\/wp-content\/uploads\/2022\/07\/GL-01-02-ruta-de-tapas-049-1-1-300x225.webp 300w, https:\/\/avalencia.com\/wp-content\/uploads\/2022\/07\/GL-01-02-ruta-de-tapas-049-1-1-705x529.webp 705w\" sizes=\"(max-width: 763px) 100vw, 763px\" \/><\/a><\/figure>\n\n\n\n<figure class=\"wp-block-image size-full\"><a href=\"https:\/\/avalencia.com\/wp-content\/uploads\/2022\/07\/GL-01-03-ruta-de-tapas003-1-1.webp\"><img decoding=\"async\" width=\"763\" height=\"572\" data-id=\"16270\" src=\"https:\/\/avalencia.com\/wp-content\/uploads\/2022\/07\/GL-01-03-ruta-de-tapas003-1-1.webp\" alt=\"Tapas dans le quartier du carmen Valencia\" class=\"wp-image-16270\" srcset=\"https:\/\/avalencia.com\/wp-content\/uploads\/2022\/07\/GL-01-03-ruta-de-tapas003-1-1.webp 763w, https:\/\/avalencia.com\/wp-content\/uploads\/2022\/07\/GL-01-03-ruta-de-tapas003-1-1-300x225.webp 300w, https:\/\/avalencia.com\/wp-content\/uploads\/2022\/07\/GL-01-03-ruta-de-tapas003-1-1-705x529.webp 705w\" sizes=\"(max-width: 763px) 100vw, 763px\" \/><\/a><\/figure>\n<\/figure>\n\n\n\n<p>Si vous pr\u00e9f\u00e9rez le tour de tapas \u00e0 midi, vous aurez l&#8217;occasion de voir certains des march\u00e9s que nous avons dans la vieille ville de Valence comme le march\u00e9 Mossen Sorell, dans le quartier du Carmen, ou le <a href=\"https:\/\/avalencia.com\/fr\/centre-historique-de-valencia\/\" target=\"_blank\" rel=\"noreferrer noopener\">March\u00e9 Central<\/a>, b\u00e2timent Art Nouveau et l&#8217;un des plus grands d&#8217;Europe, o\u00f9 vous pouvez apprendre sur nos produits typiques, en particulier les l\u00e9gumes, beaucoup d&#8217;entre eux de notre plaine fertile valencienne.<\/p>\n\n\n\n<p>Nous ferons ce tour au coeur de Valencia, pour d\u00e9guster les tapas, les plus typiques dans trois restaurants diff\u00e9rents,  et puis vous pourrez profiter, pourquoi pas ? de la nuit \u00e0 Valencia, et aussi gouter la boisson typique <strong>Agua de Valencia<\/strong>.<\/p>\n\n\n\n<figure class=\"wp-block-gallery has-nested-images columns-3 is-cropped wp-block-gallery-2 is-layout-flex wp-block-gallery-is-layout-flex\">\n<figure class=\"wp-block-image size-full\"><a href=\"https:\/\/avalencia.com\/wp-content\/uploads\/2022\/07\/GL-02-01-ruta-de-tapas-031-1-1.webp\"><img decoding=\"async\" width=\"763\" height=\"572\" data-id=\"16275\" src=\"https:\/\/avalencia.com\/wp-content\/uploads\/2022\/07\/GL-02-01-ruta-de-tapas-031-1-1.webp\" alt=\"Route des tapas de Valence\" class=\"wp-image-16275\" srcset=\"https:\/\/avalencia.com\/wp-content\/uploads\/2022\/07\/GL-02-01-ruta-de-tapas-031-1-1.webp 763w, https:\/\/avalencia.com\/wp-content\/uploads\/2022\/07\/GL-02-01-ruta-de-tapas-031-1-1-300x225.webp 300w, https:\/\/avalencia.com\/wp-content\/uploads\/2022\/07\/GL-02-01-ruta-de-tapas-031-1-1-705x529.webp 705w\" sizes=\"(max-width: 763px) 100vw, 763px\" \/><\/a><\/figure>\n\n\n\n<figure class=\"wp-block-image size-full\"><a href=\"https:\/\/avalencia.com\/wp-content\/uploads\/2022\/07\/GL-02-02-ruta-de-tapas-022-circulo-1-1.webp\"><img decoding=\"async\" width=\"763\" height=\"572\" data-id=\"16280\" src=\"https:\/\/avalencia.com\/wp-content\/uploads\/2022\/07\/GL-02-02-ruta-de-tapas-022-circulo-1-1.webp\" alt=\"Restaurants \u00e0 visiter \u00e0 Valence\" class=\"wp-image-16280\" srcset=\"https:\/\/avalencia.com\/wp-content\/uploads\/2022\/07\/GL-02-02-ruta-de-tapas-022-circulo-1-1.webp 763w, https:\/\/avalencia.com\/wp-content\/uploads\/2022\/07\/GL-02-02-ruta-de-tapas-022-circulo-1-1-300x225.webp 300w, https:\/\/avalencia.com\/wp-content\/uploads\/2022\/07\/GL-02-02-ruta-de-tapas-022-circulo-1-1-705x529.webp 705w\" sizes=\"(max-width: 763px) 100vw, 763px\" \/><\/a><\/figure>\n\n\n\n<figure class=\"wp-block-image size-full\"><a href=\"https:\/\/avalencia.com\/wp-content\/uploads\/2022\/07\/GL-02-03-ruta-de-tapas-005-1-1.webp\"><img decoding=\"async\" width=\"763\" height=\"572\" data-id=\"16285\" src=\"https:\/\/avalencia.com\/wp-content\/uploads\/2022\/07\/GL-02-03-ruta-de-tapas-005-1-1.webp\" alt=\"Restaurant \u00e0 Valence\" class=\"wp-image-16285\" srcset=\"https:\/\/avalencia.com\/wp-content\/uploads\/2022\/07\/GL-02-03-ruta-de-tapas-005-1-1.webp 763w, https:\/\/avalencia.com\/wp-content\/uploads\/2022\/07\/GL-02-03-ruta-de-tapas-005-1-1-300x225.webp 300w, https:\/\/avalencia.com\/wp-content\/uploads\/2022\/07\/GL-02-03-ruta-de-tapas-005-1-1-705x529.webp 705w\" sizes=\"(max-width: 763px) 100vw, 763px\" \/><\/a><\/figure>\n<\/figure>\n\n\n\n<p class=\"has-text-align-center\">Pour tout renseignement <\/p>\n\n\n\n<div class=\"wp-block-buttons is-horizontal is-content-justification-center is-layout-flex wp-container-core-buttons-is-layout-1 wp-block-buttons-is-layout-flex\">\n<div class=\"wp-block-button\"><a class=\"wp-block-button__link\" href=\"https:\/\/avalencia.com\/fr\/guide-officiel-de-valence\/\" target=\"_blank\" rel=\"noreferrer noopener\">Veuillez me contacter<\/a><\/div>\n<\/div>\n\n\n<div  class='av-social-sharing-box  avia-builder-el-0  avia-builder-el-no-sibling  '><div class='av-share-box'><h5 class='av-share-link-description av-no-toc '>Partager<\/h5><ul class='av-share-box-list noLightbox'><li class='av-share-link av-social-link-facebook' ><a target=\"_blank\" aria-label=\"Partager sur Facebook\" href='https:\/\/www.facebook.com\/sharer.php?u=https:\/\/avalencia.com\/fr\/tour-de-tapas\/&#038;t=Tour%20de%20tapas%20Valencia' aria-hidden='false' data-av_icon='\ue8f3' data-av_iconfont='entypo-fontello' title='' data-avia-related-tooltip='Partager sur Facebook' rel=\"noopener\"><span class='avia_hidden_link_text'>Partager sur Facebook<\/span><\/a><\/li><li class='av-share-link av-social-link-twitter' ><a target=\"_blank\" aria-label=\"Partager sur Twitter\" href='https:\/\/twitter.com\/share?text=Tour%20de%20tapas%20Valencia&#038;url=https:\/\/avalencia.com\/fr\/?p=5772' aria-hidden='false' data-av_icon='\ue8f1' data-av_iconfont='entypo-fontello' title='' data-avia-related-tooltip='Partager sur Twitter' rel=\"noopener\"><span class='avia_hidden_link_text'>Partager sur Twitter<\/span><\/a><\/li><li class='av-share-link av-social-link-pinterest' ><a target=\"_blank\" aria-label=\"Partager sur Pinterest\" href='https:\/\/pinterest.com\/pin\/create\/button\/?url=https%3A%2F%2Favalencia.com%2Ffr%2Ftour-de-tapas%2F&#038;description=Tour%20de%20tapas%20Valencia&#038;media=https%3A%2F%2Favalencia.com%2Fwp-content%2Fuploads%2F2022%2F07%2Fdestacada-rutatapas-011.jpg--705x364.webp' aria-hidden='false' data-av_icon='\ue8f8' data-av_iconfont='entypo-fontello' title='' data-avia-related-tooltip='Partager sur Pinterest' rel=\"noopener\"><span class='avia_hidden_link_text'>Partager sur Pinterest<\/span><\/a><\/li><li class='av-share-link av-social-link-linkedin' ><a target=\"_blank\" aria-label=\"Partager sur LinkedIn\" href='https:\/\/linkedin.com\/shareArticle?mini=true&#038;title=Tour%20de%20tapas%20Valencia&#038;url=https:\/\/avalencia.com\/fr\/tour-de-tapas\/' aria-hidden='false' data-av_icon='\ue8fc' data-av_iconfont='entypo-fontello' title='' data-avia-related-tooltip='Partager sur LinkedIn' rel=\"noopener\"><span class='avia_hidden_link_text'>Partager sur LinkedIn<\/span><\/a><\/li><li class='av-share-link av-social-link-mail' ><a  aria-label=\"Partager par Mail\" href='mailto:?subject=Tour%20de%20tapas%20Valencia&#038;body=https:\/\/avalencia.com\/fr\/tour-de-tapas\/' aria-hidden='false' data-av_icon='\ue805' data-av_iconfont='entypo-fontello' title='' data-avia-related-tooltip='Partager par Mail'><span class='avia_hidden_link_text'>Partager par Mail<\/span><\/a><\/li><\/ul><\/div><\/div>\n","protected":false},"excerpt":{"rendered":"<p>Tapas route<\/p>\n","protected":false},"author":3,"featured_media":16254,"parent":0,"menu_order":0,"comment_status":"closed","ping_status":"closed","template":"","meta":{"footnotes":""},"class_list":["post-5772","page","type-page","status-publish","has-post-thumbnail","hentry"],"yoast_head":"<!-- This site is optimized with the Yoast SEO plugin v26.8 - https:\/\/yoast.com\/product\/yoast-seo-wordpress\/ -->\n<title>Tour de tapas Valencia - avec un guide officiel - AVALENCIA<\/title>\n<meta name=\"description\" content=\"TOUR DE TAPAS au centre historique de Valence, pour d\u00e9guster les tapas les plus typiques, profiter de la nuit \u00e0 Valence, et gouter la boisson typique..\" \/>\n<meta name=\"robots\" content=\"index, follow, max-snippet:-1, max-image-preview:large, max-video-preview:-1\" \/>\n<link rel=\"canonical\" href=\"https:\/\/avalencia.com\/fr\/tour-de-tapas\/\" \/>\n<meta property=\"og:locale\" content=\"fr_FR\" \/>\n<meta property=\"og:type\" content=\"article\" \/>\n<meta property=\"og:title\" content=\"Tour de tapas Valencia - avec un guide officiel - AVALENCIA\" \/>\n<meta property=\"og:description\" content=\"TOUR DE TAPAS au centre historique de Valence, pour d\u00e9guster les tapas les plus typiques, profiter de la nuit \u00e0 Valence, et gouter la boisson typique..\" \/>\n<meta property=\"og:url\" content=\"https:\/\/avalencia.com\/fr\/tour-de-tapas\/\" \/>\n<meta property=\"og:site_name\" content=\"AVALENCIA\" \/>\n<meta property=\"article:publisher\" content=\"https:\/\/www.facebook.com\/angela.marisoler\" \/>\n<meta property=\"article:modified_time\" content=\"2022-09-01T10:00:03+00:00\" \/>\n<meta property=\"og:image\" content=\"https:\/\/avalencia.com\/wp-content\/uploads\/2022\/07\/destacada-rutatapas-011.jpg--e1658745225572.webp\" \/>\n\t<meta property=\"og:image:width\" content=\"761\" \/>\n\t<meta property=\"og:image:height\" content=\"393\" \/>\n\t<meta property=\"og:image:type\" content=\"image\/webp\" \/>\n<meta name=\"twitter:card\" content=\"summary_large_image\" \/>\n<meta name=\"twitter:site\" content=\"@angelamari400\" \/>\n<meta name=\"twitter:label1\" content=\"Est. reading time\" \/>\n\t<meta name=\"twitter:data1\" content=\"3 minutes\" \/>\n<script type=\"application\/ld+json\" class=\"yoast-schema-graph\">{\"@context\":\"https:\/\/schema.org\",\"@graph\":[{\"@type\":\"WebPage\",\"@id\":\"https:\/\/avalencia.com\/fr\/tour-de-tapas\/\",\"url\":\"https:\/\/avalencia.com\/fr\/tour-de-tapas\/\",\"name\":\"Tour de tapas Valencia - avec un guide officiel - AVALENCIA\",\"isPartOf\":{\"@id\":\"https:\/\/avalencia.com\/fr\/#website\"},\"primaryImageOfPage\":{\"@id\":\"https:\/\/avalencia.com\/fr\/tour-de-tapas\/#primaryimage\"},\"image\":{\"@id\":\"https:\/\/avalencia.com\/fr\/tour-de-tapas\/#primaryimage\"},\"thumbnailUrl\":\"https:\/\/avalencia.com\/wp-content\/uploads\/2022\/07\/destacada-rutatapas-011.jpg--e1658745225572.webp\",\"datePublished\":\"2018-03-31T18:49:04+00:00\",\"dateModified\":\"2022-09-01T10:00:03+00:00\",\"description\":\"TOUR DE TAPAS au centre historique de Valence, pour d\u00e9guster les tapas les plus typiques, profiter de la nuit \u00e0 Valence, et gouter la boisson typique..\",\"breadcrumb\":{\"@id\":\"https:\/\/avalencia.com\/fr\/tour-de-tapas\/#breadcrumb\"},\"inLanguage\":\"fr-FR\",\"potentialAction\":[{\"@type\":\"ReadAction\",\"target\":[\"https:\/\/avalencia.com\/fr\/tour-de-tapas\/\"]}]},{\"@type\":\"ImageObject\",\"inLanguage\":\"fr-FR\",\"@id\":\"https:\/\/avalencia.com\/fr\/tour-de-tapas\/#primaryimage\",\"url\":\"https:\/\/avalencia.com\/wp-content\/uploads\/2022\/07\/destacada-rutatapas-011.jpg--e1658745225572.webp\",\"contentUrl\":\"https:\/\/avalencia.com\/wp-content\/uploads\/2022\/07\/destacada-rutatapas-011.jpg--e1658745225572.webp\",\"width\":761,\"height\":393},{\"@type\":\"BreadcrumbList\",\"@id\":\"https:\/\/avalencia.com\/fr\/tour-de-tapas\/#breadcrumb\",\"itemListElement\":[{\"@type\":\"ListItem\",\"position\":1,\"name\":\"Portada\",\"item\":\"https:\/\/avalencia.com\/fr\/\"},{\"@type\":\"ListItem\",\"position\":2,\"name\":\"Tour de tapas Valencia\"}]},{\"@type\":\"WebSite\",\"@id\":\"https:\/\/avalencia.com\/fr\/#website\",\"url\":\"https:\/\/avalencia.com\/fr\/\",\"name\":\"AVALENCIA\",\"description\":\"Visitas culturales por Valencia y alrededores\",\"publisher\":{\"@id\":\"https:\/\/avalencia.com\/fr\/#organization\"},\"potentialAction\":[{\"@type\":\"SearchAction\",\"target\":{\"@type\":\"EntryPoint\",\"urlTemplate\":\"https:\/\/avalencia.com\/fr\/?s={search_term_string}\"},\"query-input\":{\"@type\":\"PropertyValueSpecification\",\"valueRequired\":true,\"valueName\":\"search_term_string\"}}],\"inLanguage\":\"fr-FR\"},{\"@type\":\"Organization\",\"@id\":\"https:\/\/avalencia.com\/fr\/#organization\",\"name\":\"Gu\u00eda Valencia\",\"url\":\"https:\/\/avalencia.com\/fr\/\",\"logo\":{\"@type\":\"ImageObject\",\"inLanguage\":\"fr-FR\",\"@id\":\"https:\/\/avalencia.com\/fr\/#\/schema\/logo\/image\/\",\"url\":\"\",\"contentUrl\":\"\",\"caption\":\"Gu\u00eda Valencia\"},\"image\":{\"@id\":\"https:\/\/avalencia.com\/fr\/#\/schema\/logo\/image\/\"},\"sameAs\":[\"https:\/\/www.facebook.com\/angela.marisoler\",\"https:\/\/x.com\/angelamari400\",\"https:\/\/www.instagram.com\/angelamarisoler\/\",\"https:\/\/www.linkedin.com\/feed\/?trk=guest_homepage-basic_sign-in-submit\",\"https:\/\/www.youtube.com\/channel\/UC4bWyTV2CWI65Qf0r1pjuXg?view_as=subscriber\"]}]}<\/script>\n<!-- \/ Yoast SEO plugin. -->","yoast_head_json":{"title":"Tour de tapas Valencia - avec un guide officiel - AVALENCIA","description":"TOUR DE TAPAS au centre historique de Valence, pour d\u00e9guster les tapas les plus typiques, profiter de la nuit \u00e0 Valence, et gouter la boisson typique..","robots":{"index":"index","follow":"follow","max-snippet":"max-snippet:-1","max-image-preview":"max-image-preview:large","max-video-preview":"max-video-preview:-1"},"canonical":"https:\/\/avalencia.com\/fr\/tour-de-tapas\/","og_locale":"fr_FR","og_type":"article","og_title":"Tour de tapas Valencia - avec un guide officiel - AVALENCIA","og_description":"TOUR DE TAPAS au centre historique de Valence, pour d\u00e9guster les tapas les plus typiques, profiter de la nuit \u00e0 Valence, et gouter la boisson typique..","og_url":"https:\/\/avalencia.com\/fr\/tour-de-tapas\/","og_site_name":"AVALENCIA","article_publisher":"https:\/\/www.facebook.com\/angela.marisoler","article_modified_time":"2022-09-01T10:00:03+00:00","og_image":[{"width":761,"height":393,"url":"https:\/\/avalencia.com\/wp-content\/uploads\/2022\/07\/destacada-rutatapas-011.jpg--e1658745225572.webp","type":"image\/webp"}],"twitter_card":"summary_large_image","twitter_site":"@angelamari400","twitter_misc":{"Est. reading time":"3 minutes"},"schema":{"@context":"https:\/\/schema.org","@graph":[{"@type":"WebPage","@id":"https:\/\/avalencia.com\/fr\/tour-de-tapas\/","url":"https:\/\/avalencia.com\/fr\/tour-de-tapas\/","name":"Tour de tapas Valencia - avec un guide officiel - AVALENCIA","isPartOf":{"@id":"https:\/\/avalencia.com\/fr\/#website"},"primaryImageOfPage":{"@id":"https:\/\/avalencia.com\/fr\/tour-de-tapas\/#primaryimage"},"image":{"@id":"https:\/\/avalencia.com\/fr\/tour-de-tapas\/#primaryimage"},"thumbnailUrl":"https:\/\/avalencia.com\/wp-content\/uploads\/2022\/07\/destacada-rutatapas-011.jpg--e1658745225572.webp","datePublished":"2018-03-31T18:49:04+00:00","dateModified":"2022-09-01T10:00:03+00:00","description":"TOUR DE TAPAS au centre historique de Valence, pour d\u00e9guster les tapas les plus typiques, profiter de la nuit \u00e0 Valence, et gouter la boisson typique..","breadcrumb":{"@id":"https:\/\/avalencia.com\/fr\/tour-de-tapas\/#breadcrumb"},"inLanguage":"fr-FR","potentialAction":[{"@type":"ReadAction","target":["https:\/\/avalencia.com\/fr\/tour-de-tapas\/"]}]},{"@type":"ImageObject","inLanguage":"fr-FR","@id":"https:\/\/avalencia.com\/fr\/tour-de-tapas\/#primaryimage","url":"https:\/\/avalencia.com\/wp-content\/uploads\/2022\/07\/destacada-rutatapas-011.jpg--e1658745225572.webp","contentUrl":"https:\/\/avalencia.com\/wp-content\/uploads\/2022\/07\/destacada-rutatapas-011.jpg--e1658745225572.webp","width":761,"height":393},{"@type":"BreadcrumbList","@id":"https:\/\/avalencia.com\/fr\/tour-de-tapas\/#breadcrumb","itemListElement":[{"@type":"ListItem","position":1,"name":"Portada","item":"https:\/\/avalencia.com\/fr\/"},{"@type":"ListItem","position":2,"name":"Tour de tapas Valencia"}]},{"@type":"WebSite","@id":"https:\/\/avalencia.com\/fr\/#website","url":"https:\/\/avalencia.com\/fr\/","name":"AVALENCIA","description":"Visitas culturales por Valencia y alrededores","publisher":{"@id":"https:\/\/avalencia.com\/fr\/#organization"},"potentialAction":[{"@type":"SearchAction","target":{"@type":"EntryPoint","urlTemplate":"https:\/\/avalencia.com\/fr\/?s={search_term_string}"},"query-input":{"@type":"PropertyValueSpecification","valueRequired":true,"valueName":"search_term_string"}}],"inLanguage":"fr-FR"},{"@type":"Organization","@id":"https:\/\/avalencia.com\/fr\/#organization","name":"Gu\u00eda Valencia","url":"https:\/\/avalencia.com\/fr\/","logo":{"@type":"ImageObject","inLanguage":"fr-FR","@id":"https:\/\/avalencia.com\/fr\/#\/schema\/logo\/image\/","url":"","contentUrl":"","caption":"Gu\u00eda Valencia"},"image":{"@id":"https:\/\/avalencia.com\/fr\/#\/schema\/logo\/image\/"},"sameAs":["https:\/\/www.facebook.com\/angela.marisoler","https:\/\/x.com\/angelamari400","https:\/\/www.instagram.com\/angelamarisoler\/","https:\/\/www.linkedin.com\/feed\/?trk=guest_homepage-basic_sign-in-submit","https:\/\/www.youtube.com\/channel\/UC4bWyTV2CWI65Qf0r1pjuXg?view_as=subscriber"]}]}},"featured_image_src":"https:\/\/avalencia.com\/wp-content\/uploads\/2022\/07\/destacada-rutatapas-011.jpg--600x393.webp","featured_image_src_square":"https:\/\/avalencia.com\/wp-content\/uploads\/2022\/07\/destacada-rutatapas-011.jpg--600x393.webp","_links":{"self":[{"href":"https:\/\/avalencia.com\/fr\/wp-json\/wp\/v2\/pages\/5772","targetHints":{"allow":["GET"]}}],"collection":[{"href":"https:\/\/avalencia.com\/fr\/wp-json\/wp\/v2\/pages"}],"about":[{"href":"https:\/\/avalencia.com\/fr\/wp-json\/wp\/v2\/types\/page"}],"author":[{"embeddable":true,"href":"https:\/\/avalencia.com\/fr\/wp-json\/wp\/v2\/users\/3"}],"replies":[{"embeddable":true,"href":"https:\/\/avalencia.com\/fr\/wp-json\/wp\/v2\/comments?post=5772"}],"version-history":[{"count":0,"href":"https:\/\/avalencia.com\/fr\/wp-json\/wp\/v2\/pages\/5772\/revisions"}],"wp:featuredmedia":[{"embeddable":true,"href":"https:\/\/avalencia.com\/fr\/wp-json\/wp\/v2\/media\/16254"}],"wp:attachment":[{"href":"https:\/\/avalencia.com\/fr\/wp-json\/wp\/v2\/media?parent=5772"}],"curies":[{"name":"wp","href":"https:\/\/api.w.org\/{rel}","templated":true}]}}