{"id":5788,"date":"2018-04-01T13:16:08","date_gmt":"2018-04-01T13:16:08","guid":{"rendered":"https:\/\/avalencia.com\/musee-de-la-ceramique-de-manises\/"},"modified":"2022-09-01T07:42:04","modified_gmt":"2022-09-01T07:42:04","slug":"musee-de-la-ceramique-de-manises","status":"publish","type":"page","link":"https:\/\/avalencia.com\/fr\/musee-de-la-ceramique-de-manises\/","title":{"rendered":"Mus\u00e9e de la C\u00e9ramique de Manises"},"content":{"rendered":"\n<h3 class=\"wp-block-heading\"><em><strong>Le Mus\u00e9e de la c\u00e9ramique de Manises<\/strong><\/em><\/h3>\n\n\n\n<p>Un bref parcours dans la ville et visite d\u2019une usine de fabrication de c\u00e9ramique.<\/p>\n\n\n\n<p><a href=\"https:\/\/www.comunitatvalenciana.com\/fr\/laissez-vous-guider\/atelier-ceramique-a-manises-decouvrez-l-artisanat-et-l-histoire-de-manises\" target=\"_blank\" rel=\"noopener\">La c\u00e9ramique de Manises<\/a> est une des plus appr\u00e9ci\u00e9es et on peut facilement trouver nos objets dans les mus\u00e9es du monde entier, dans les ch\u00e2teaux et dans les palais royaux de toute l\u2019Europe, ainsi que des collections en c\u00e9ramique de grande valeur. Elle repr\u00e9sente une r\u00e9f\u00e9rence obligatoire dans n\u2019importe quelle \u00e9tude ou recherche sur la c\u00e9ramique.<\/p>\n\n\n\n<figure class=\"wp-block-gallery has-nested-images columns-default is-cropped wp-block-gallery-1 is-layout-flex wp-block-gallery-is-layout-flex\">\n<figure class=\"wp-block-image size-large\"><a href=\"https:\/\/avalencia.com\/wp-content\/uploads\/2022\/08\/01-Manises-1.webp\"><img decoding=\"async\" width=\"900\" height=\"621\" data-id=\"17176\" src=\"https:\/\/avalencia.com\/wp-content\/uploads\/2022\/08\/01-Manises-1.webp\" alt=\"Mus\u00e9e de Manises Valencia\" class=\"wp-image-17176\" srcset=\"https:\/\/avalencia.com\/wp-content\/uploads\/2022\/08\/01-Manises-1.webp 900w, https:\/\/avalencia.com\/wp-content\/uploads\/2022\/08\/01-Manises-1-300x207.webp 300w, https:\/\/avalencia.com\/wp-content\/uploads\/2022\/08\/01-Manises-1-768x530.webp 768w, https:\/\/avalencia.com\/wp-content\/uploads\/2022\/08\/01-Manises-1-705x486.webp 705w\" sizes=\"(max-width: 900px) 100vw, 900px\" \/><\/a><\/figure>\n\n\n\n<figure class=\"wp-block-image size-large\"><a href=\"https:\/\/avalencia.com\/wp-content\/uploads\/2022\/08\/02-Manises-jpg-1.webp\"><img decoding=\"async\" width=\"900\" height=\"641\" data-id=\"17181\" src=\"https:\/\/avalencia.com\/wp-content\/uploads\/2022\/08\/02-Manises-jpg-1.webp\" alt=\"Mus\u00e9e de la c\u00e9ramique de Manises Valence\" class=\"wp-image-17181\" srcset=\"https:\/\/avalencia.com\/wp-content\/uploads\/2022\/08\/02-Manises-jpg-1.webp 900w, https:\/\/avalencia.com\/wp-content\/uploads\/2022\/08\/02-Manises-jpg-1-300x214.webp 300w, https:\/\/avalencia.com\/wp-content\/uploads\/2022\/08\/02-Manises-jpg-1-768x547.webp 768w, https:\/\/avalencia.com\/wp-content\/uploads\/2022\/08\/02-Manises-jpg-1-260x185.webp 260w, https:\/\/avalencia.com\/wp-content\/uploads\/2022\/08\/02-Manises-jpg-1-705x502.webp 705w\" sizes=\"(max-width: 900px) 100vw, 900px\" \/><\/a><\/figure>\n\n\n\n<figure class=\"wp-block-image size-large\"><a href=\"https:\/\/avalencia.com\/wp-content\/uploads\/2022\/08\/03-Manises-09-08-2022-1.webp\"><img decoding=\"async\" width=\"900\" height=\"653\" data-id=\"17186\" src=\"https:\/\/avalencia.com\/wp-content\/uploads\/2022\/08\/03-Manises-09-08-2022-1.webp\" alt=\"C\u00e9ramique Valence\" class=\"wp-image-17186\" srcset=\"https:\/\/avalencia.com\/wp-content\/uploads\/2022\/08\/03-Manises-09-08-2022-1.webp 900w, https:\/\/avalencia.com\/wp-content\/uploads\/2022\/08\/03-Manises-09-08-2022-1-300x218.webp 300w, https:\/\/avalencia.com\/wp-content\/uploads\/2022\/08\/03-Manises-09-08-2022-1-768x557.webp 768w, https:\/\/avalencia.com\/wp-content\/uploads\/2022\/08\/03-Manises-09-08-2022-1-705x512.webp 705w\" sizes=\"(max-width: 900px) 100vw, 900px\" \/><\/a><\/figure>\n<\/figure>\n\n\n\n<p>Visite \u00e0 une usine ou atelier pour voir la production de la c\u00e9ramique.<br>Le Mus\u00e9e de la c\u00e9ramique se trouve dans un ancien manoir du XVIIIe si\u00e8cle et appartenant \u00e0 la famille Casanova Dalf\u00f3 Sanchis Causa c\u00e9d\u00e9 \u00e0 la ville pour la cr\u00e9ation d\u2019un mus\u00e9e municipal. Le mus\u00e9e montre une collection compl\u00e8te de la c\u00e9ramique produite \u00e0 Manises du XIVe si\u00e8cle jusqu\u2019\u00e0 la premi\u00e8re moiti\u00e9 du XXe si\u00e8cle.<\/p>\n\n\n\n<p>Nous ferons aussi un bref parcours sur l\u2019avenue Blasco Ib\u00e1\u00f1ez, avenue moderne et dans laquelle on peut voir : les monuments aux c\u00e9ramistes de Manises D. Jos\u00e9 Gimeno Martinez, un artisan exemplaire d\u2019Espagne, les monuments \u00e0 la Croix des Tomb\u00e9s et les monolithes c\u00e9ramiques.<br>Dans cette avenue, vous pourrez acheter des objets dans diverses boutiques de c\u00e9ramique.<\/p>\n\n\n<div class=\"wp-block-image\">\n<figure class=\"aligncenter size-full is-resized\"><img decoding=\"async\" src=\"https:\/\/avalencia.com\/wp-content\/uploads\/2022\/08\/Jose-Gimeno-Martinez-1-1.webp\" alt=\"Manises-c\u00e9ramiques\" class=\"wp-image-17191\" width=\"607\" height=\"444\"\/><\/figure><\/div>\n\n\n<p class=\"has-text-align-center\">D. Jos\u00e9 Gimeno Mart\u00ednez (c\u00e9ramiste exemplaire)<\/p>\n\n\n\n<hr class=\"wp-block-separator has-css-opacity\"\/>\n\n\n\n<p class=\"has-text-align-center\">Pour plus d\u2019informations:<\/p>\n\n\n\n<div class=\"wp-block-buttons is-content-justification-center is-layout-flex wp-container-core-buttons-is-layout-1 wp-block-buttons-is-layout-flex\">\n<div class=\"wp-block-button\"><a class=\"wp-block-button__link\" href=\"https:\/\/avalencia.com\/fr\/guide-officiel-de-valence\/\" target=\"_blank\" rel=\"noreferrer noopener\">Contacter<\/a><\/div>\n<\/div>\n\n\n<div  class='av-social-sharing-box  avia-builder-el-0  avia-builder-el-no-sibling  '><div class='av-share-box'><h5 class='av-share-link-description av-no-toc '>Partager<\/h5><ul class='av-share-box-list noLightbox'><li class='av-share-link av-social-link-facebook' ><a target=\"_blank\" aria-label=\"Partager sur Facebook\" href='https:\/\/www.facebook.com\/sharer.php?u=https:\/\/avalencia.com\/fr\/musee-de-la-ceramique-de-manises\/&#038;t=Mus%C3%A9e%20de%20la%20C%C3%A9ramique%20de%20Manises' aria-hidden='false' data-av_icon='\ue8f3' data-av_iconfont='entypo-fontello' title='' data-avia-related-tooltip='Partager sur Facebook' rel=\"noopener\"><span class='avia_hidden_link_text'>Partager sur Facebook<\/span><\/a><\/li><li class='av-share-link av-social-link-twitter' ><a target=\"_blank\" aria-label=\"Partager sur Twitter\" href='https:\/\/twitter.com\/share?text=Mus%C3%A9e%20de%20la%20C%C3%A9ramique%20de%20Manises&#038;url=https:\/\/avalencia.com\/fr\/?p=5788' aria-hidden='false' data-av_icon='\ue8f1' data-av_iconfont='entypo-fontello' title='' data-avia-related-tooltip='Partager sur Twitter' rel=\"noopener\"><span class='avia_hidden_link_text'>Partager sur Twitter<\/span><\/a><\/li><li class='av-share-link av-social-link-pinterest' ><a target=\"_blank\" aria-label=\"Partager sur Pinterest\" href='https:\/\/pinterest.com\/pin\/create\/button\/?url=https%3A%2F%2Favalencia.com%2Ffr%2Fmusee-de-la-ceramique-de-manises%2F&#038;description=Mus%C3%A9e%20de%20la%20C%C3%A9ramique%20de%20Manises&#038;media=https%3A%2F%2Favalencia.com%2Fwp-content%2Fuploads%2F2022%2F08%2Fdestacada-Manises-museo_ceramica_manises_1-705x243.webp' aria-hidden='false' data-av_icon='\ue8f8' data-av_iconfont='entypo-fontello' title='' data-avia-related-tooltip='Partager sur Pinterest' rel=\"noopener\"><span class='avia_hidden_link_text'>Partager sur Pinterest<\/span><\/a><\/li><li class='av-share-link av-social-link-linkedin' ><a target=\"_blank\" aria-label=\"Partager sur LinkedIn\" href='https:\/\/linkedin.com\/shareArticle?mini=true&#038;title=Mus%C3%A9e%20de%20la%20C%C3%A9ramique%20de%20Manises&#038;url=https:\/\/avalencia.com\/fr\/musee-de-la-ceramique-de-manises\/' aria-hidden='false' data-av_icon='\ue8fc' data-av_iconfont='entypo-fontello' title='' data-avia-related-tooltip='Partager sur LinkedIn' rel=\"noopener\"><span class='avia_hidden_link_text'>Partager sur LinkedIn<\/span><\/a><\/li><li class='av-share-link av-social-link-mail' ><a  aria-label=\"Partager par Mail\" href='mailto:?subject=Mus%C3%A9e%20de%20la%20C%C3%A9ramique%20de%20Manises&#038;body=https:\/\/avalencia.com\/fr\/musee-de-la-ceramique-de-manises\/' aria-hidden='false' data-av_icon='\ue805' data-av_iconfont='entypo-fontello' title='' data-avia-related-tooltip='Partager par Mail'><span class='avia_hidden_link_text'>Partager par Mail<\/span><\/a><\/li><\/ul><\/div><\/div>\n","protected":false},"excerpt":{"rendered":"<p>Mus\u00e9e de la c\u00e9ramique de Manises<\/p>\n","protected":false},"author":3,"featured_media":17170,"parent":0,"menu_order":0,"comment_status":"closed","ping_status":"closed","template":"","meta":{"footnotes":""},"class_list":["post-5788","page","type-page","status-publish","has-post-thumbnail","hentry"],"yoast_head":"<!-- This site is optimized with the Yoast SEO plugin v26.8 - https:\/\/yoast.com\/product\/yoast-seo-wordpress\/ -->\n<title>Mus\u00e9e de la C\u00e9ramique de Manises - AVALENCIA<\/title>\n<meta name=\"description\" content=\"La c\u00e9ramique de Manises est une des plus appr\u00e9ci\u00e9es et on peut facilement trouver nos objets dans les mus\u00e9es du monde entier, dans les ch\u00e2teaux et dans les palais royaux de toute l\u2019Europe\" \/>\n<meta name=\"robots\" content=\"index, follow, max-snippet:-1, max-image-preview:large, max-video-preview:-1\" \/>\n<link rel=\"canonical\" href=\"https:\/\/avalencia.com\/fr\/musee-de-la-ceramique-de-manises\/\" \/>\n<meta property=\"og:locale\" content=\"fr_FR\" \/>\n<meta property=\"og:type\" content=\"article\" \/>\n<meta property=\"og:title\" content=\"Mus\u00e9e de la C\u00e9ramique de Manises - AVALENCIA\" \/>\n<meta property=\"og:description\" content=\"La c\u00e9ramique de Manises est une des plus appr\u00e9ci\u00e9es et on peut facilement trouver nos objets dans les mus\u00e9es du monde entier, dans les ch\u00e2teaux et dans les palais royaux de toute l\u2019Europe\" \/>\n<meta property=\"og:url\" content=\"https:\/\/avalencia.com\/fr\/musee-de-la-ceramique-de-manises\/\" \/>\n<meta property=\"og:site_name\" content=\"AVALENCIA\" \/>\n<meta property=\"article:publisher\" content=\"https:\/\/www.facebook.com\/angela.marisoler\" \/>\n<meta property=\"article:modified_time\" content=\"2022-09-01T07:42:04+00:00\" \/>\n<meta property=\"og:image\" content=\"https:\/\/avalencia.com\/wp-content\/uploads\/2022\/08\/destacada-Manises-museo_ceramica_manises_1.webp\" \/>\n\t<meta property=\"og:image:width\" content=\"1000\" \/>\n\t<meta property=\"og:image:height\" content=\"344\" \/>\n\t<meta property=\"og:image:type\" content=\"image\/webp\" \/>\n<meta name=\"twitter:card\" content=\"summary_large_image\" \/>\n<meta name=\"twitter:site\" content=\"@angelamari400\" \/>\n<meta name=\"twitter:label1\" content=\"Est. reading time\" \/>\n\t<meta name=\"twitter:data1\" content=\"2 minutes\" \/>\n<script type=\"application\/ld+json\" class=\"yoast-schema-graph\">{\"@context\":\"https:\/\/schema.org\",\"@graph\":[{\"@type\":\"WebPage\",\"@id\":\"https:\/\/avalencia.com\/fr\/musee-de-la-ceramique-de-manises\/\",\"url\":\"https:\/\/avalencia.com\/fr\/musee-de-la-ceramique-de-manises\/\",\"name\":\"Mus\u00e9e de la C\u00e9ramique de Manises - AVALENCIA\",\"isPartOf\":{\"@id\":\"https:\/\/avalencia.com\/fr\/#website\"},\"primaryImageOfPage\":{\"@id\":\"https:\/\/avalencia.com\/fr\/musee-de-la-ceramique-de-manises\/#primaryimage\"},\"image\":{\"@id\":\"https:\/\/avalencia.com\/fr\/musee-de-la-ceramique-de-manises\/#primaryimage\"},\"thumbnailUrl\":\"https:\/\/avalencia.com\/wp-content\/uploads\/2022\/08\/destacada-Manises-museo_ceramica_manises_1.webp\",\"datePublished\":\"2018-04-01T13:16:08+00:00\",\"dateModified\":\"2022-09-01T07:42:04+00:00\",\"description\":\"La c\u00e9ramique de Manises est une des plus appr\u00e9ci\u00e9es et on peut facilement trouver nos objets dans les mus\u00e9es du monde entier, dans les ch\u00e2teaux et dans les palais royaux de toute l\u2019Europe\",\"breadcrumb\":{\"@id\":\"https:\/\/avalencia.com\/fr\/musee-de-la-ceramique-de-manises\/#breadcrumb\"},\"inLanguage\":\"fr-FR\",\"potentialAction\":[{\"@type\":\"ReadAction\",\"target\":[\"https:\/\/avalencia.com\/fr\/musee-de-la-ceramique-de-manises\/\"]}]},{\"@type\":\"ImageObject\",\"inLanguage\":\"fr-FR\",\"@id\":\"https:\/\/avalencia.com\/fr\/musee-de-la-ceramique-de-manises\/#primaryimage\",\"url\":\"https:\/\/avalencia.com\/wp-content\/uploads\/2022\/08\/destacada-Manises-museo_ceramica_manises_1.webp\",\"contentUrl\":\"https:\/\/avalencia.com\/wp-content\/uploads\/2022\/08\/destacada-Manises-museo_ceramica_manises_1.webp\",\"width\":1000,\"height\":344},{\"@type\":\"BreadcrumbList\",\"@id\":\"https:\/\/avalencia.com\/fr\/musee-de-la-ceramique-de-manises\/#breadcrumb\",\"itemListElement\":[{\"@type\":\"ListItem\",\"position\":1,\"name\":\"Portada\",\"item\":\"https:\/\/avalencia.com\/fr\/\"},{\"@type\":\"ListItem\",\"position\":2,\"name\":\"Mus\u00e9e de la C\u00e9ramique de Manises\"}]},{\"@type\":\"WebSite\",\"@id\":\"https:\/\/avalencia.com\/fr\/#website\",\"url\":\"https:\/\/avalencia.com\/fr\/\",\"name\":\"AVALENCIA\",\"description\":\"Visitas culturales por Valencia y alrededores\",\"publisher\":{\"@id\":\"https:\/\/avalencia.com\/fr\/#organization\"},\"potentialAction\":[{\"@type\":\"SearchAction\",\"target\":{\"@type\":\"EntryPoint\",\"urlTemplate\":\"https:\/\/avalencia.com\/fr\/?s={search_term_string}\"},\"query-input\":{\"@type\":\"PropertyValueSpecification\",\"valueRequired\":true,\"valueName\":\"search_term_string\"}}],\"inLanguage\":\"fr-FR\"},{\"@type\":\"Organization\",\"@id\":\"https:\/\/avalencia.com\/fr\/#organization\",\"name\":\"Gu\u00eda Valencia\",\"url\":\"https:\/\/avalencia.com\/fr\/\",\"logo\":{\"@type\":\"ImageObject\",\"inLanguage\":\"fr-FR\",\"@id\":\"https:\/\/avalencia.com\/fr\/#\/schema\/logo\/image\/\",\"url\":\"\",\"contentUrl\":\"\",\"caption\":\"Gu\u00eda Valencia\"},\"image\":{\"@id\":\"https:\/\/avalencia.com\/fr\/#\/schema\/logo\/image\/\"},\"sameAs\":[\"https:\/\/www.facebook.com\/angela.marisoler\",\"https:\/\/x.com\/angelamari400\",\"https:\/\/www.instagram.com\/angelamarisoler\/\",\"https:\/\/www.linkedin.com\/feed\/?trk=guest_homepage-basic_sign-in-submit\",\"https:\/\/www.youtube.com\/channel\/UC4bWyTV2CWI65Qf0r1pjuXg?view_as=subscriber\"]}]}<\/script>\n<!-- \/ Yoast SEO plugin. -->","yoast_head_json":{"title":"Mus\u00e9e de la C\u00e9ramique de Manises - AVALENCIA","description":"La c\u00e9ramique de Manises est une des plus appr\u00e9ci\u00e9es et on peut facilement trouver nos objets dans les mus\u00e9es du monde entier, dans les ch\u00e2teaux et dans les palais royaux de toute l\u2019Europe","robots":{"index":"index","follow":"follow","max-snippet":"max-snippet:-1","max-image-preview":"max-image-preview:large","max-video-preview":"max-video-preview:-1"},"canonical":"https:\/\/avalencia.com\/fr\/musee-de-la-ceramique-de-manises\/","og_locale":"fr_FR","og_type":"article","og_title":"Mus\u00e9e de la C\u00e9ramique de Manises - AVALENCIA","og_description":"La c\u00e9ramique de Manises est une des plus appr\u00e9ci\u00e9es et on peut facilement trouver nos objets dans les mus\u00e9es du monde entier, dans les ch\u00e2teaux et dans les palais royaux de toute l\u2019Europe","og_url":"https:\/\/avalencia.com\/fr\/musee-de-la-ceramique-de-manises\/","og_site_name":"AVALENCIA","article_publisher":"https:\/\/www.facebook.com\/angela.marisoler","article_modified_time":"2022-09-01T07:42:04+00:00","og_image":[{"width":1000,"height":344,"url":"https:\/\/avalencia.com\/wp-content\/uploads\/2022\/08\/destacada-Manises-museo_ceramica_manises_1.webp","type":"image\/webp"}],"twitter_card":"summary_large_image","twitter_site":"@angelamari400","twitter_misc":{"Est. reading time":"2 minutes"},"schema":{"@context":"https:\/\/schema.org","@graph":[{"@type":"WebPage","@id":"https:\/\/avalencia.com\/fr\/musee-de-la-ceramique-de-manises\/","url":"https:\/\/avalencia.com\/fr\/musee-de-la-ceramique-de-manises\/","name":"Mus\u00e9e de la C\u00e9ramique de Manises - AVALENCIA","isPartOf":{"@id":"https:\/\/avalencia.com\/fr\/#website"},"primaryImageOfPage":{"@id":"https:\/\/avalencia.com\/fr\/musee-de-la-ceramique-de-manises\/#primaryimage"},"image":{"@id":"https:\/\/avalencia.com\/fr\/musee-de-la-ceramique-de-manises\/#primaryimage"},"thumbnailUrl":"https:\/\/avalencia.com\/wp-content\/uploads\/2022\/08\/destacada-Manises-museo_ceramica_manises_1.webp","datePublished":"2018-04-01T13:16:08+00:00","dateModified":"2022-09-01T07:42:04+00:00","description":"La c\u00e9ramique de Manises est une des plus appr\u00e9ci\u00e9es et on peut facilement trouver nos objets dans les mus\u00e9es du monde entier, dans les ch\u00e2teaux et dans les palais royaux de toute l\u2019Europe","breadcrumb":{"@id":"https:\/\/avalencia.com\/fr\/musee-de-la-ceramique-de-manises\/#breadcrumb"},"inLanguage":"fr-FR","potentialAction":[{"@type":"ReadAction","target":["https:\/\/avalencia.com\/fr\/musee-de-la-ceramique-de-manises\/"]}]},{"@type":"ImageObject","inLanguage":"fr-FR","@id":"https:\/\/avalencia.com\/fr\/musee-de-la-ceramique-de-manises\/#primaryimage","url":"https:\/\/avalencia.com\/wp-content\/uploads\/2022\/08\/destacada-Manises-museo_ceramica_manises_1.webp","contentUrl":"https:\/\/avalencia.com\/wp-content\/uploads\/2022\/08\/destacada-Manises-museo_ceramica_manises_1.webp","width":1000,"height":344},{"@type":"BreadcrumbList","@id":"https:\/\/avalencia.com\/fr\/musee-de-la-ceramique-de-manises\/#breadcrumb","itemListElement":[{"@type":"ListItem","position":1,"name":"Portada","item":"https:\/\/avalencia.com\/fr\/"},{"@type":"ListItem","position":2,"name":"Mus\u00e9e de la C\u00e9ramique de Manises"}]},{"@type":"WebSite","@id":"https:\/\/avalencia.com\/fr\/#website","url":"https:\/\/avalencia.com\/fr\/","name":"AVALENCIA","description":"Visitas culturales por Valencia y alrededores","publisher":{"@id":"https:\/\/avalencia.com\/fr\/#organization"},"potentialAction":[{"@type":"SearchAction","target":{"@type":"EntryPoint","urlTemplate":"https:\/\/avalencia.com\/fr\/?s={search_term_string}"},"query-input":{"@type":"PropertyValueSpecification","valueRequired":true,"valueName":"search_term_string"}}],"inLanguage":"fr-FR"},{"@type":"Organization","@id":"https:\/\/avalencia.com\/fr\/#organization","name":"Gu\u00eda Valencia","url":"https:\/\/avalencia.com\/fr\/","logo":{"@type":"ImageObject","inLanguage":"fr-FR","@id":"https:\/\/avalencia.com\/fr\/#\/schema\/logo\/image\/","url":"","contentUrl":"","caption":"Gu\u00eda Valencia"},"image":{"@id":"https:\/\/avalencia.com\/fr\/#\/schema\/logo\/image\/"},"sameAs":["https:\/\/www.facebook.com\/angela.marisoler","https:\/\/x.com\/angelamari400","https:\/\/www.instagram.com\/angelamarisoler\/","https:\/\/www.linkedin.com\/feed\/?trk=guest_homepage-basic_sign-in-submit","https:\/\/www.youtube.com\/channel\/UC4bWyTV2CWI65Qf0r1pjuXg?view_as=subscriber"]}]}},"featured_image_src":"https:\/\/avalencia.com\/wp-content\/uploads\/2022\/08\/destacada-Manises-museo_ceramica_manises_1-600x344.webp","featured_image_src_square":"https:\/\/avalencia.com\/wp-content\/uploads\/2022\/08\/destacada-Manises-museo_ceramica_manises_1-600x344.webp","_links":{"self":[{"href":"https:\/\/avalencia.com\/fr\/wp-json\/wp\/v2\/pages\/5788","targetHints":{"allow":["GET"]}}],"collection":[{"href":"https:\/\/avalencia.com\/fr\/wp-json\/wp\/v2\/pages"}],"about":[{"href":"https:\/\/avalencia.com\/fr\/wp-json\/wp\/v2\/types\/page"}],"author":[{"embeddable":true,"href":"https:\/\/avalencia.com\/fr\/wp-json\/wp\/v2\/users\/3"}],"replies":[{"embeddable":true,"href":"https:\/\/avalencia.com\/fr\/wp-json\/wp\/v2\/comments?post=5788"}],"version-history":[{"count":0,"href":"https:\/\/avalencia.com\/fr\/wp-json\/wp\/v2\/pages\/5788\/revisions"}],"wp:featuredmedia":[{"embeddable":true,"href":"https:\/\/avalencia.com\/fr\/wp-json\/wp\/v2\/media\/17170"}],"wp:attachment":[{"href":"https:\/\/avalencia.com\/fr\/wp-json\/wp\/v2\/media?parent=5788"}],"curies":[{"name":"wp","href":"https:\/\/api.w.org\/{rel}","templated":true}]}}