{"id":5824,"date":"2019-09-22T09:09:58","date_gmt":"2019-09-22T09:09:58","guid":{"rendered":"https:\/\/avalencia.com\/route-de-la-soie\/"},"modified":"2022-09-01T08:53:28","modified_gmt":"2022-09-01T08:53:28","slug":"route-de-la-soie","status":"publish","type":"page","link":"https:\/\/avalencia.com\/fr\/route-de-la-soie\/","title":{"rendered":"Route de la soia"},"content":{"rendered":"\n<h2 class=\"wp-block-heading\"><em><strong>La Route de la soie \/ Valencia<\/strong><\/em><\/h2>\n\n\n\n<p>L\u2019Espagne fut incluse en 2015 comme la 32e \u00e9tape membre du programme de la Route de la Soie de la O.M.T. (Organisation Mondiale du Tourisme).<br>Valencia fut un important centre de la soie, enclav\u00e9 dans le kilom\u00e8tre 9.090 sur les cartes historiques de la Route.<\/p>\n\n\n\n<figure class=\"wp-block-gallery has-nested-images columns-default is-cropped wp-block-gallery-1 is-layout-flex wp-block-gallery-is-layout-flex\">\n<figure class=\"wp-block-image size-full\"><a href=\"https:\/\/avalencia.com\/wp-content\/uploads\/2022\/07\/GL-01-01-02-Ruta-de-la-Seda-taller-March-1.webp\"><img decoding=\"async\" width=\"756\" height=\"454\" data-id=\"16360\" src=\"https:\/\/avalencia.com\/wp-content\/uploads\/2022\/07\/GL-01-01-02-Ruta-de-la-Seda-taller-March-1.webp\" alt=\"Route de la soie Valence\" class=\"wp-image-16360\" srcset=\"https:\/\/avalencia.com\/wp-content\/uploads\/2022\/07\/GL-01-01-02-Ruta-de-la-Seda-taller-March-1.webp 756w, https:\/\/avalencia.com\/wp-content\/uploads\/2022\/07\/GL-01-01-02-Ruta-de-la-Seda-taller-March-1-300x180.webp 300w, https:\/\/avalencia.com\/wp-content\/uploads\/2022\/07\/GL-01-01-02-Ruta-de-la-Seda-taller-March-1-705x423.webp 705w\" sizes=\"(max-width: 756px) 100vw, 756px\" \/><\/a><figcaption>Mus\u00e9e de la Soie<\/figcaption><\/figure>\n\n\n\n<figure class=\"wp-block-image size-full\"><a href=\"https:\/\/avalencia.com\/wp-content\/uploads\/2022\/07\/GL-01-02-Ruta-de-la-Seda-Museo-Seda-1.webp\"><img decoding=\"async\" width=\"850\" height=\"637\" data-id=\"16365\" src=\"https:\/\/avalencia.com\/wp-content\/uploads\/2022\/07\/GL-01-02-Ruta-de-la-Seda-Museo-Seda-1.webp\" alt=\"Guide touristique de Valence \" class=\"wp-image-16365\" srcset=\"https:\/\/avalencia.com\/wp-content\/uploads\/2022\/07\/GL-01-02-Ruta-de-la-Seda-Museo-Seda-1.webp 850w, https:\/\/avalencia.com\/wp-content\/uploads\/2022\/07\/GL-01-02-Ruta-de-la-Seda-Museo-Seda-1-300x225.webp 300w, https:\/\/avalencia.com\/wp-content\/uploads\/2022\/07\/GL-01-02-Ruta-de-la-Seda-Museo-Seda-1-768x576.webp 768w, https:\/\/avalencia.com\/wp-content\/uploads\/2022\/07\/GL-01-02-Ruta-de-la-Seda-Museo-Seda-1-705x528.webp 705w\" sizes=\"(max-width: 850px) 100vw, 850px\" \/><\/a><\/figure>\n\n\n\n<figure class=\"wp-block-image size-full\"><a href=\"https:\/\/avalencia.com\/wp-content\/uploads\/2022\/07\/GL-02-02-Ruta-de-la-Seda-07-06-2020-4-copia-1.webp\"><img decoding=\"async\" width=\"900\" height=\"604\" data-id=\"16381\" src=\"https:\/\/avalencia.com\/wp-content\/uploads\/2022\/07\/GL-02-02-Ruta-de-la-Seda-07-06-2020-4-copia-1.webp\" alt=\"Guide touristique route de la soie Valence\" class=\"wp-image-16381\" srcset=\"https:\/\/avalencia.com\/wp-content\/uploads\/2022\/07\/GL-02-02-Ruta-de-la-Seda-07-06-2020-4-copia-1.webp 900w, https:\/\/avalencia.com\/wp-content\/uploads\/2022\/07\/GL-02-02-Ruta-de-la-Seda-07-06-2020-4-copia-1-300x201.webp 300w, https:\/\/avalencia.com\/wp-content\/uploads\/2022\/07\/GL-02-02-Ruta-de-la-Seda-07-06-2020-4-copia-1-768x515.webp 768w, https:\/\/avalencia.com\/wp-content\/uploads\/2022\/07\/GL-02-02-Ruta-de-la-Seda-07-06-2020-4-copia-1-705x473.webp 705w\" sizes=\"(max-width: 900px) 100vw, 900px\" \/><\/a><\/figure>\n\n\n\n<figure class=\"wp-block-image size-full\"><a href=\"https:\/\/avalencia.com\/wp-content\/uploads\/2022\/07\/GL-02-03-Ruta-de-la-Seda-07-06-2020-5-1.webp\"><img decoding=\"async\" width=\"900\" height=\"604\" data-id=\"16386\" src=\"https:\/\/avalencia.com\/wp-content\/uploads\/2022\/07\/GL-02-03-Ruta-de-la-Seda-07-06-2020-5-1.webp\" alt=\"March\u00e9 de la soie Valence\" class=\"wp-image-16386\" srcset=\"https:\/\/avalencia.com\/wp-content\/uploads\/2022\/07\/GL-02-03-Ruta-de-la-Seda-07-06-2020-5-1.webp 900w, https:\/\/avalencia.com\/wp-content\/uploads\/2022\/07\/GL-02-03-Ruta-de-la-Seda-07-06-2020-5-1-300x201.webp 300w, https:\/\/avalencia.com\/wp-content\/uploads\/2022\/07\/GL-02-03-Ruta-de-la-Seda-07-06-2020-5-1-768x515.webp 768w, https:\/\/avalencia.com\/wp-content\/uploads\/2022\/07\/GL-02-03-Ruta-de-la-Seda-07-06-2020-5-1-705x473.webp 705w\" sizes=\"(max-width: 900px) 100vw, 900px\" \/><\/a><figcaption><strong>Coll\u00e8ge Royal des \u00c9coles Pias<\/strong><\/figcaption><\/figure>\n\n\n\n<figure class=\"wp-block-image size-full\"><a href=\"https:\/\/avalencia.com\/wp-content\/uploads\/2022\/07\/GL-02-04-Ruta-de-la-Seda-07-06-2020-3-1.webp\"><img decoding=\"async\" width=\"900\" height=\"604\" data-id=\"16391\" src=\"https:\/\/avalencia.com\/wp-content\/uploads\/2022\/07\/GL-02-04-Ruta-de-la-Seda-07-06-2020-3-1.webp\" alt=\"si\u00e8ge du Col\u00b7legi d'Art Major de la soie Valencia\" class=\"wp-image-16391\" srcset=\"https:\/\/avalencia.com\/wp-content\/uploads\/2022\/07\/GL-02-04-Ruta-de-la-Seda-07-06-2020-3-1.webp 900w, https:\/\/avalencia.com\/wp-content\/uploads\/2022\/07\/GL-02-04-Ruta-de-la-Seda-07-06-2020-3-1-300x201.webp 300w, https:\/\/avalencia.com\/wp-content\/uploads\/2022\/07\/GL-02-04-Ruta-de-la-Seda-07-06-2020-3-1-768x515.webp 768w, https:\/\/avalencia.com\/wp-content\/uploads\/2022\/07\/GL-02-04-Ruta-de-la-Seda-07-06-2020-3-1-705x473.webp 705w\" sizes=\"(max-width: 900px) 100vw, 900px\" \/><\/a><figcaption><strong>Palais de Tamarit<\/strong><\/figcaption><\/figure>\n\n\n\n<figure class=\"wp-block-image size-full\"><a href=\"https:\/\/avalencia.com\/wp-content\/uploads\/2022\/07\/GL-02-05-LlonjadelaSeda-1-1.webp\"><img decoding=\"async\" width=\"900\" height=\"629\" data-id=\"16396\" src=\"https:\/\/avalencia.com\/wp-content\/uploads\/2022\/07\/GL-02-05-LlonjadelaSeda-1-1.webp\" alt=\"Guide du Mus\u00e9e de la soie de Valence\" class=\"wp-image-16396\" srcset=\"https:\/\/avalencia.com\/wp-content\/uploads\/2022\/07\/GL-02-05-LlonjadelaSeda-1-1.webp 900w, https:\/\/avalencia.com\/wp-content\/uploads\/2022\/07\/GL-02-05-LlonjadelaSeda-1-1-300x210.webp 300w, https:\/\/avalencia.com\/wp-content\/uploads\/2022\/07\/GL-02-05-LlonjadelaSeda-1-1-768x537.webp 768w, https:\/\/avalencia.com\/wp-content\/uploads\/2022\/07\/GL-02-05-LlonjadelaSeda-1-1-705x493.webp 705w\" sizes=\"(max-width: 900px) 100vw, 900px\" \/><\/a><figcaption><strong>Colegio de Arte Mayor de la Seda<\/strong><\/figcaption><\/figure>\n<\/figure>\n\n\n<p>Dans les quartiers de Velluters et du Mercat, nous avons des b\u00e2timents des plus embl\u00e9matiques qui nous racontent son importance historique.<br>Pendant cet itin\u00e9raire, nous allons visiter :<\/p>\n<h5>&#8211; <strong>El Colegio de Arte Mayor de la Seda<\/strong> (Coll\u00e8ge d\u2019Art Majeur de la Soie):<\/h5>\n<p>\u00c9difice historique, symbole de la splendeur du commerce et de l\u2019industrie de la soie valencienne qui ouvrit ses portes une fois compl\u00e8tement restaur\u00e9 en juin 2016, comme Mus\u00e9e de la Soie de Valence, apr\u00e8s 2 ans de restauration et un investissement priv\u00e9 de pr\u00e8s de 2 millions d\u2019euros de la part de la Fondation Hortensia Herrero. Cette fondation a d\u00e9cid\u00e9 d\u2019assumer la r\u00e9cup\u00e9ration du b\u00e2timent.<\/p>\n<h5>On va parcourir l\u2019exposition afin de conna\u00eetre l\u2019histoire de la soie valencienne et on verra:<\/h5>\n<p>L\u2019archive, la chapelle, la salle de la Pometa (\u00ab la petite pomme \u00bb), la \u00ab Sala de la Fama \u00bb (\u00ab Salle de la C\u00e9lebrit\u00e9 \u00bb), la salle des Arts mineurs et, dans la salle des m\u00e9tiers \u00e0 tisser, nous assisterons une d\u00e9monstration du processus d\u2019\u00e9laboration artisanale de l\u2019 \u00ab espolin \u00bb (petite navette).<\/p>\n<p><strong>Ensuite, on se prom\u00e8nera dans le quartier des Velluters<\/strong> pour conna\u00eetre son histoire et voir sa configuration physique li\u00e9e \u00e0 ses origines de quartier o\u00f9 se trouvaient des ateliers de production, on verra une des fa\u00e7ades de type maison-atelier comme celui du <strong>Palais de Tamarit. <\/strong><\/p>\n<p>Ce b\u00e2timent fut construit comme maison-atelier de la famille D. Vicente Tamarit au XVIIIe si\u00e8cle. Elle fut la r\u00e9sidence familiale et atelier de soie. Aujourd\u2019hui, c\u2019est le si\u00e8ge de la Fondation FUNDACODE (Fondation pour la Coop\u00e9ration et de le D\u00e9veloppement Interr\u00e9gional), actuellement le si\u00e8ge de l\u2019UNESCO Valencia.<\/p>\n<h5>On verra aussi <strong>le Palais Balmes<\/strong><\/h5>\n<p>Joyau architectonique construit au XVe si\u00e8cle par les artisans valenciens du bois pour les r\u00e9unions de la Confraternit\u00e9. Il fut reconstruit au XVIIIe si\u00e8cle par le m\u00eame charpentier comme si\u00e8ge de la Corporation de M\u00e9tiers et r\u00e9habilit\u00e9 \u00e0 la fin du XXe si\u00e8cle.<\/p>\n<h5><strong>La Bourse de la Soie (La Lonja)<\/strong>:<\/h5>\n<p>Edifice embl\u00e9matique de Valence, du gothique civil du XVe-XVIe si\u00e8cles et le meilleur t\u00e9moin de la splendeur du commerce de la soie \u00e0 Valence. Con\u00e7u comme un temple pour le commerce et utilis\u00e9 principalement pour l\u2019achat et la vente de tissus de soie et, tout au long de l\u2019histoire, la Bourse a eu divers usages. Ici eut lieu la 2e Rencontre du Programme UNESCO (Silk Road) du 8 au 12 juin 2016.<\/p>\n<h5>Il y a possibilit\u00e9 de visiter <strong>le Coll\u00e8ge Royal des \u00c9coles Pias<\/strong> (Escolapios), \u00e9glise et couvent du XVIIIe si\u00e8cle.<\/h5>\n<p>L\u2019\u00c9glise de San Jos\u00e9 de Calasanz, ordre de Clerg\u00e9 R\u00e9gulier Pauvre, fut fond\u00e9 au d\u00e9but du XVIIe si\u00e8cle par l\u2019espagnol San Jos\u00e9 de Calasanz dans le but de donner une \u00e9ducation aux enfants sans ressources \u00e9conomiques.<br>L\u2019\u00c9glise des \u00c9coles Pias est un pur exemple de l\u2019architecture religieuse du n\u00e9o-classicisme \u00e0 Valence. Sa coupole de 40 m est le deuxi\u00e8me plus grande d\u2019Espagne et la premi\u00e8re de la Communaut\u00e9 Valencienne.<\/p>\n<h5><strong>L\u2019Atelier March<\/strong>, en plein c\u0153ur du quartier du Carmen, un des quartiers les plus charmants de Valence.<\/h5>\n<p>La maison-atelier March fut cr\u00e9\u00e9e comme atelier de la soie vers la moiti\u00e9 du XIXe si\u00e8cle, mais tr\u00e8s t\u00f4t il accueillit aussi d\u2019autres activit\u00e9s telles que l\u2019imagerie, l\u2019orf\u00e8vrerie, la forge et la c\u00e9ramique, maintenant toujours la structure de maison-atelier traditionnelle. Aujourd\u2019hui, il abrite le si\u00e8ge de l\u2019Association d\u2019Artistes et Artisans \u00ab Labor Art \u00bb et il s\u2019agit d\u2019un des derniers ateliers d\u2019artisans qui reste au centre de Valence.<\/p>\n<p>Durant cette visite on pourra inclure la visite du March\u00e9 Central, \u00e9difice art nouveau, inaugur\u00e9 en 1928 et situ\u00e9 en face de la Bourse de la Soie. S\u2019il reste encore du temps nous pourrons faire une d\u00e9gustation \u00abd\u2019orxata i fart\u00f3 \u00bb.<\/p>\n<p>Je vous attend donc \u00e0 Valencia !!&nbsp;<\/p>\n<p><!-- \/wp:paragraph --><\/p>\n<p><!-- wp:paragraph --><\/p>\n<p><!-- wp:paragraph --><\/p>\n<p><!-- \/wp:paragraph --><\/p>\n<p><!-- wp:buttons --><\/p>\n<div class=\"wp-block-buttons\"><!-- wp:button --><p><\/p>\n<div class=\"wp-block-button\"><a class=\"wp-block-button__link\" href=\"https:\/\/avalencia.com\/fr\/guide-officiel-de-valence\/\" target=\"_blank\" rel=\"noreferrer noopener\">Veuillez me contacter: Angela Mar\u00ed Soler<\/a><\/div>\n<p><!-- \/wp:button --><\/p>\n<\/div>\n<p><!-- \/wp:buttons --><\/p>\n<p><!-- wp:spacer {\"height\":46} --><\/p>\n<div class=\"wp-block-spacer\" style=\"height: 46px;\" aria-hidden=\"true\">&nbsp;<\/div>\n<p><!-- \/wp:spacer --><\/p>\n<p><!-- wp:shortcode --><br><div  class='av-social-sharing-box  avia-builder-el-0  avia-builder-el-no-sibling  '><div class='av-share-box'><h5 class='av-share-link-description av-no-toc '>Partager<\/h5><ul class='av-share-box-list noLightbox'><li class='av-share-link av-social-link-facebook' ><a target=\"_blank\" aria-label=\"Partager sur Facebook\" href='https:\/\/www.facebook.com\/sharer.php?u=https:\/\/avalencia.com\/fr\/route-de-la-soie\/&#038;t=Route%20de%20la%20soia' aria-hidden='false' data-av_icon='\ue8f3' data-av_iconfont='entypo-fontello' title='' data-avia-related-tooltip='Partager sur Facebook' rel=\"noopener\"><span class='avia_hidden_link_text'>Partager sur Facebook<\/span><\/a><\/li><li class='av-share-link av-social-link-twitter' ><a target=\"_blank\" aria-label=\"Partager sur Twitter\" href='https:\/\/twitter.com\/share?text=Route%20de%20la%20soia&#038;url=https:\/\/avalencia.com\/fr\/?p=5824' aria-hidden='false' data-av_icon='\ue8f1' data-av_iconfont='entypo-fontello' title='' data-avia-related-tooltip='Partager sur Twitter' rel=\"noopener\"><span class='avia_hidden_link_text'>Partager sur Twitter<\/span><\/a><\/li><li class='av-share-link av-social-link-pinterest' ><a target=\"_blank\" aria-label=\"Partager sur Pinterest\" href='https:\/\/pinterest.com\/pin\/create\/button\/?url=https%3A%2F%2Favalencia.com%2Ffr%2Froute-de-la-soie%2F&#038;description=Route%20de%20la%20soia&#038;media=https%3A%2F%2Favalencia.com%2Fwp-content%2Fuploads%2F2022%2F07%2Fdestacada-Ruta-de-la-Seda-20170518_201423--705x409.webp' aria-hidden='false' data-av_icon='\ue8f8' data-av_iconfont='entypo-fontello' title='' data-avia-related-tooltip='Partager sur Pinterest' rel=\"noopener\"><span class='avia_hidden_link_text'>Partager sur Pinterest<\/span><\/a><\/li><li class='av-share-link av-social-link-linkedin' ><a target=\"_blank\" aria-label=\"Partager sur LinkedIn\" href='https:\/\/linkedin.com\/shareArticle?mini=true&#038;title=Route%20de%20la%20soia&#038;url=https:\/\/avalencia.com\/fr\/route-de-la-soie\/' aria-hidden='false' data-av_icon='\ue8fc' data-av_iconfont='entypo-fontello' title='' data-avia-related-tooltip='Partager sur LinkedIn' rel=\"noopener\"><span class='avia_hidden_link_text'>Partager sur LinkedIn<\/span><\/a><\/li><li class='av-share-link av-social-link-mail' ><a  aria-label=\"Partager par Mail\" href='mailto:?subject=Route%20de%20la%20soia&#038;body=https:\/\/avalencia.com\/fr\/route-de-la-soie\/' aria-hidden='false' data-av_icon='\ue805' data-av_iconfont='entypo-fontello' title='' data-avia-related-tooltip='Partager par Mail'><span class='avia_hidden_link_text'>Partager par Mail<\/span><\/a><\/li><\/ul><\/div><\/div><br><!-- \/wp:shortcode --><\/p>","protected":false},"excerpt":{"rendered":"<p>La Route de la soie \/ Valencia L\u2019Espagne fut incluse en 2015 comme la 32e \u00e9tape membre du programme de la Route de la Soie de la O.M.T. (Organisation Mondiale du Tourisme).Valencia fut un important centre de la soie, enclav\u00e9 dans le kilom\u00e8tre 9.090 sur les cartes historiques de la Route. Dans les quartiers de [&hellip;]<\/p>\n","protected":false},"author":3,"featured_media":16353,"parent":0,"menu_order":0,"comment_status":"closed","ping_status":"closed","template":"","meta":{"footnotes":""},"class_list":["post-5824","page","type-page","status-publish","has-post-thumbnail","hentry"],"yoast_head":"<!-- This site is optimized with the Yoast SEO plugin v26.8 - https:\/\/yoast.com\/product\/yoast-seo-wordpress\/ -->\n<title>Route de la soia - AVALENCIA<\/title>\n<meta name=\"description\" content=\"L\u2019Espagne fut incluse en 2015 comme la 32e \u00e9tape membre du programme de la Route de la Soie de la O.M.T. Visites guid\u00e9es pour d\u00e9couvrir cette route \u00e0 Valencia\" \/>\n<meta name=\"robots\" content=\"index, follow, max-snippet:-1, max-image-preview:large, max-video-preview:-1\" \/>\n<link rel=\"canonical\" href=\"https:\/\/avalencia.com\/fr\/route-de-la-soie\/\" \/>\n<meta property=\"og:locale\" content=\"fr_FR\" \/>\n<meta property=\"og:type\" content=\"article\" \/>\n<meta property=\"og:title\" content=\"Route de la soia - AVALENCIA\" \/>\n<meta property=\"og:description\" content=\"L\u2019Espagne fut incluse en 2015 comme la 32e \u00e9tape membre du programme de la Route de la Soie de la O.M.T. Visites guid\u00e9es pour d\u00e9couvrir cette route \u00e0 Valencia\" \/>\n<meta property=\"og:url\" content=\"https:\/\/avalencia.com\/fr\/route-de-la-soie\/\" \/>\n<meta property=\"og:site_name\" content=\"AVALENCIA\" \/>\n<meta property=\"article:publisher\" content=\"https:\/\/www.facebook.com\/angela.marisoler\" \/>\n<meta property=\"article:modified_time\" content=\"2022-09-01T08:53:28+00:00\" \/>\n<meta property=\"og:image\" content=\"https:\/\/avalencia.com\/wp-content\/uploads\/2022\/07\/destacada-Ruta-de-la-Seda-20170518_201423--e1659009083117.webp\" \/>\n\t<meta property=\"og:image:width\" content=\"999\" \/>\n\t<meta property=\"og:image:height\" content=\"579\" \/>\n\t<meta property=\"og:image:type\" content=\"image\/webp\" \/>\n<meta name=\"twitter:card\" content=\"summary_large_image\" \/>\n<meta name=\"twitter:site\" content=\"@angelamari400\" \/>\n<meta name=\"twitter:label1\" content=\"Est. reading time\" \/>\n\t<meta name=\"twitter:data1\" content=\"5 minutes\" \/>\n<script type=\"application\/ld+json\" class=\"yoast-schema-graph\">{\"@context\":\"https:\/\/schema.org\",\"@graph\":[{\"@type\":\"WebPage\",\"@id\":\"https:\/\/avalencia.com\/fr\/route-de-la-soie\/\",\"url\":\"https:\/\/avalencia.com\/fr\/route-de-la-soie\/\",\"name\":\"Route de la soia - AVALENCIA\",\"isPartOf\":{\"@id\":\"https:\/\/avalencia.com\/fr\/#website\"},\"primaryImageOfPage\":{\"@id\":\"https:\/\/avalencia.com\/fr\/route-de-la-soie\/#primaryimage\"},\"image\":{\"@id\":\"https:\/\/avalencia.com\/fr\/route-de-la-soie\/#primaryimage\"},\"thumbnailUrl\":\"https:\/\/avalencia.com\/wp-content\/uploads\/2022\/07\/destacada-Ruta-de-la-Seda-20170518_201423--e1659009083117.webp\",\"datePublished\":\"2019-09-22T09:09:58+00:00\",\"dateModified\":\"2022-09-01T08:53:28+00:00\",\"description\":\"L\u2019Espagne fut incluse en 2015 comme la 32e \u00e9tape membre du programme de la Route de la Soie de la O.M.T. Visites guid\u00e9es pour d\u00e9couvrir cette route \u00e0 Valencia\",\"breadcrumb\":{\"@id\":\"https:\/\/avalencia.com\/fr\/route-de-la-soie\/#breadcrumb\"},\"inLanguage\":\"fr-FR\",\"potentialAction\":[{\"@type\":\"ReadAction\",\"target\":[\"https:\/\/avalencia.com\/fr\/route-de-la-soie\/\"]}]},{\"@type\":\"ImageObject\",\"inLanguage\":\"fr-FR\",\"@id\":\"https:\/\/avalencia.com\/fr\/route-de-la-soie\/#primaryimage\",\"url\":\"https:\/\/avalencia.com\/wp-content\/uploads\/2022\/07\/destacada-Ruta-de-la-Seda-20170518_201423--e1659009083117.webp\",\"contentUrl\":\"https:\/\/avalencia.com\/wp-content\/uploads\/2022\/07\/destacada-Ruta-de-la-Seda-20170518_201423--e1659009083117.webp\",\"width\":999,\"height\":579},{\"@type\":\"BreadcrumbList\",\"@id\":\"https:\/\/avalencia.com\/fr\/route-de-la-soie\/#breadcrumb\",\"itemListElement\":[{\"@type\":\"ListItem\",\"position\":1,\"name\":\"Portada\",\"item\":\"https:\/\/avalencia.com\/fr\/\"},{\"@type\":\"ListItem\",\"position\":2,\"name\":\"Route de la soia\"}]},{\"@type\":\"WebSite\",\"@id\":\"https:\/\/avalencia.com\/fr\/#website\",\"url\":\"https:\/\/avalencia.com\/fr\/\",\"name\":\"AVALENCIA\",\"description\":\"Visitas culturales por Valencia y alrededores\",\"publisher\":{\"@id\":\"https:\/\/avalencia.com\/fr\/#organization\"},\"potentialAction\":[{\"@type\":\"SearchAction\",\"target\":{\"@type\":\"EntryPoint\",\"urlTemplate\":\"https:\/\/avalencia.com\/fr\/?s={search_term_string}\"},\"query-input\":{\"@type\":\"PropertyValueSpecification\",\"valueRequired\":true,\"valueName\":\"search_term_string\"}}],\"inLanguage\":\"fr-FR\"},{\"@type\":\"Organization\",\"@id\":\"https:\/\/avalencia.com\/fr\/#organization\",\"name\":\"Gu\u00eda Valencia\",\"url\":\"https:\/\/avalencia.com\/fr\/\",\"logo\":{\"@type\":\"ImageObject\",\"inLanguage\":\"fr-FR\",\"@id\":\"https:\/\/avalencia.com\/fr\/#\/schema\/logo\/image\/\",\"url\":\"\",\"contentUrl\":\"\",\"caption\":\"Gu\u00eda Valencia\"},\"image\":{\"@id\":\"https:\/\/avalencia.com\/fr\/#\/schema\/logo\/image\/\"},\"sameAs\":[\"https:\/\/www.facebook.com\/angela.marisoler\",\"https:\/\/x.com\/angelamari400\",\"https:\/\/www.instagram.com\/angelamarisoler\/\",\"https:\/\/www.linkedin.com\/feed\/?trk=guest_homepage-basic_sign-in-submit\",\"https:\/\/www.youtube.com\/channel\/UC4bWyTV2CWI65Qf0r1pjuXg?view_as=subscriber\"]}]}<\/script>\n<!-- \/ Yoast SEO plugin. -->","yoast_head_json":{"title":"Route de la soia - AVALENCIA","description":"L\u2019Espagne fut incluse en 2015 comme la 32e \u00e9tape membre du programme de la Route de la Soie de la O.M.T. Visites guid\u00e9es pour d\u00e9couvrir cette route \u00e0 Valencia","robots":{"index":"index","follow":"follow","max-snippet":"max-snippet:-1","max-image-preview":"max-image-preview:large","max-video-preview":"max-video-preview:-1"},"canonical":"https:\/\/avalencia.com\/fr\/route-de-la-soie\/","og_locale":"fr_FR","og_type":"article","og_title":"Route de la soia - AVALENCIA","og_description":"L\u2019Espagne fut incluse en 2015 comme la 32e \u00e9tape membre du programme de la Route de la Soie de la O.M.T. Visites guid\u00e9es pour d\u00e9couvrir cette route \u00e0 Valencia","og_url":"https:\/\/avalencia.com\/fr\/route-de-la-soie\/","og_site_name":"AVALENCIA","article_publisher":"https:\/\/www.facebook.com\/angela.marisoler","article_modified_time":"2022-09-01T08:53:28+00:00","og_image":[{"width":999,"height":579,"url":"https:\/\/avalencia.com\/wp-content\/uploads\/2022\/07\/destacada-Ruta-de-la-Seda-20170518_201423--e1659009083117.webp","type":"image\/webp"}],"twitter_card":"summary_large_image","twitter_site":"@angelamari400","twitter_misc":{"Est. reading time":"5 minutes"},"schema":{"@context":"https:\/\/schema.org","@graph":[{"@type":"WebPage","@id":"https:\/\/avalencia.com\/fr\/route-de-la-soie\/","url":"https:\/\/avalencia.com\/fr\/route-de-la-soie\/","name":"Route de la soia - AVALENCIA","isPartOf":{"@id":"https:\/\/avalencia.com\/fr\/#website"},"primaryImageOfPage":{"@id":"https:\/\/avalencia.com\/fr\/route-de-la-soie\/#primaryimage"},"image":{"@id":"https:\/\/avalencia.com\/fr\/route-de-la-soie\/#primaryimage"},"thumbnailUrl":"https:\/\/avalencia.com\/wp-content\/uploads\/2022\/07\/destacada-Ruta-de-la-Seda-20170518_201423--e1659009083117.webp","datePublished":"2019-09-22T09:09:58+00:00","dateModified":"2022-09-01T08:53:28+00:00","description":"L\u2019Espagne fut incluse en 2015 comme la 32e \u00e9tape membre du programme de la Route de la Soie de la O.M.T. Visites guid\u00e9es pour d\u00e9couvrir cette route \u00e0 Valencia","breadcrumb":{"@id":"https:\/\/avalencia.com\/fr\/route-de-la-soie\/#breadcrumb"},"inLanguage":"fr-FR","potentialAction":[{"@type":"ReadAction","target":["https:\/\/avalencia.com\/fr\/route-de-la-soie\/"]}]},{"@type":"ImageObject","inLanguage":"fr-FR","@id":"https:\/\/avalencia.com\/fr\/route-de-la-soie\/#primaryimage","url":"https:\/\/avalencia.com\/wp-content\/uploads\/2022\/07\/destacada-Ruta-de-la-Seda-20170518_201423--e1659009083117.webp","contentUrl":"https:\/\/avalencia.com\/wp-content\/uploads\/2022\/07\/destacada-Ruta-de-la-Seda-20170518_201423--e1659009083117.webp","width":999,"height":579},{"@type":"BreadcrumbList","@id":"https:\/\/avalencia.com\/fr\/route-de-la-soie\/#breadcrumb","itemListElement":[{"@type":"ListItem","position":1,"name":"Portada","item":"https:\/\/avalencia.com\/fr\/"},{"@type":"ListItem","position":2,"name":"Route de la soia"}]},{"@type":"WebSite","@id":"https:\/\/avalencia.com\/fr\/#website","url":"https:\/\/avalencia.com\/fr\/","name":"AVALENCIA","description":"Visitas culturales por Valencia y alrededores","publisher":{"@id":"https:\/\/avalencia.com\/fr\/#organization"},"potentialAction":[{"@type":"SearchAction","target":{"@type":"EntryPoint","urlTemplate":"https:\/\/avalencia.com\/fr\/?s={search_term_string}"},"query-input":{"@type":"PropertyValueSpecification","valueRequired":true,"valueName":"search_term_string"}}],"inLanguage":"fr-FR"},{"@type":"Organization","@id":"https:\/\/avalencia.com\/fr\/#organization","name":"Gu\u00eda Valencia","url":"https:\/\/avalencia.com\/fr\/","logo":{"@type":"ImageObject","inLanguage":"fr-FR","@id":"https:\/\/avalencia.com\/fr\/#\/schema\/logo\/image\/","url":"","contentUrl":"","caption":"Gu\u00eda Valencia"},"image":{"@id":"https:\/\/avalencia.com\/fr\/#\/schema\/logo\/image\/"},"sameAs":["https:\/\/www.facebook.com\/angela.marisoler","https:\/\/x.com\/angelamari400","https:\/\/www.instagram.com\/angelamarisoler\/","https:\/\/www.linkedin.com\/feed\/?trk=guest_homepage-basic_sign-in-submit","https:\/\/www.youtube.com\/channel\/UC4bWyTV2CWI65Qf0r1pjuXg?view_as=subscriber"]}]}},"featured_image_src":"https:\/\/avalencia.com\/wp-content\/uploads\/2022\/07\/destacada-Ruta-de-la-Seda-20170518_201423--600x400.webp","featured_image_src_square":"https:\/\/avalencia.com\/wp-content\/uploads\/2022\/07\/destacada-Ruta-de-la-Seda-20170518_201423--600x579.webp","_links":{"self":[{"href":"https:\/\/avalencia.com\/fr\/wp-json\/wp\/v2\/pages\/5824","targetHints":{"allow":["GET"]}}],"collection":[{"href":"https:\/\/avalencia.com\/fr\/wp-json\/wp\/v2\/pages"}],"about":[{"href":"https:\/\/avalencia.com\/fr\/wp-json\/wp\/v2\/types\/page"}],"author":[{"embeddable":true,"href":"https:\/\/avalencia.com\/fr\/wp-json\/wp\/v2\/users\/3"}],"replies":[{"embeddable":true,"href":"https:\/\/avalencia.com\/fr\/wp-json\/wp\/v2\/comments?post=5824"}],"version-history":[{"count":0,"href":"https:\/\/avalencia.com\/fr\/wp-json\/wp\/v2\/pages\/5824\/revisions"}],"wp:featuredmedia":[{"embeddable":true,"href":"https:\/\/avalencia.com\/fr\/wp-json\/wp\/v2\/media\/16353"}],"wp:attachment":[{"href":"https:\/\/avalencia.com\/fr\/wp-json\/wp\/v2\/media?parent=5824"}],"curies":[{"name":"wp","href":"https:\/\/api.w.org\/{rel}","templated":true}]}}