{"id":6597,"date":"2020-05-04T15:55:24","date_gmt":"2020-05-04T15:55:24","guid":{"rendered":"https:\/\/avalencia.com\/?page_id=6597"},"modified":"2022-08-17T17:04:24","modified_gmt":"2022-08-17T17:04:24","slug":"itineraires-touristiques-a-valencia","status":"publish","type":"page","link":"https:\/\/avalencia.com\/fr\/itineraires-touristiques-a-valencia\/","title":{"rendered":"Photos Groupe 1"},"content":{"rendered":"\n<p>Itineraires touristiques \u00e0 Valencia<\/p>\n\n\n\n<p>Regardez les belles Photos de ce groupe. <\/p>\n\n\n\n<figure class=\"wp-block-gallery has-nested-images columns-default is-cropped wp-block-gallery-1 is-layout-flex wp-block-gallery-is-layout-flex\">\n<figure class=\"wp-block-image size-large\"><img decoding=\"async\" width=\"900\" height=\"675\" data-id=\"17503\" src=\"https:\/\/avalencia.com\/wp-content\/uploads\/2022\/08\/01-GP01-GP-Rafa-Itinerario-Albufera-03-08-2020-webp.webp\" alt=\"\" class=\"wp-image-17503\" srcset=\"https:\/\/avalencia.com\/wp-content\/uploads\/2022\/08\/01-GP01-GP-Rafa-Itinerario-Albufera-03-08-2020-webp.webp 900w, https:\/\/avalencia.com\/wp-content\/uploads\/2022\/08\/01-GP01-GP-Rafa-Itinerario-Albufera-03-08-2020-webp-300x225.webp 300w, https:\/\/avalencia.com\/wp-content\/uploads\/2022\/08\/01-GP01-GP-Rafa-Itinerario-Albufera-03-08-2020-webp-768x576.webp 768w, https:\/\/avalencia.com\/wp-content\/uploads\/2022\/08\/01-GP01-GP-Rafa-Itinerario-Albufera-03-08-2020-webp-705x529.webp 705w\" sizes=\"(max-width: 900px) 100vw, 900px\" \/><\/figure>\n\n\n\n<figure class=\"wp-block-image size-large\"><img decoding=\"async\" width=\"900\" height=\"675\" data-id=\"17508\" src=\"https:\/\/avalencia.com\/wp-content\/uploads\/2022\/08\/02-GP01-GP-Rafa-Itinerario-Albufera-03-08-2020-02.webp\" alt=\"\" class=\"wp-image-17508\" srcset=\"https:\/\/avalencia.com\/wp-content\/uploads\/2022\/08\/02-GP01-GP-Rafa-Itinerario-Albufera-03-08-2020-02.webp 900w, https:\/\/avalencia.com\/wp-content\/uploads\/2022\/08\/02-GP01-GP-Rafa-Itinerario-Albufera-03-08-2020-02-300x225.webp 300w, https:\/\/avalencia.com\/wp-content\/uploads\/2022\/08\/02-GP01-GP-Rafa-Itinerario-Albufera-03-08-2020-02-768x576.webp 768w, https:\/\/avalencia.com\/wp-content\/uploads\/2022\/08\/02-GP01-GP-Rafa-Itinerario-Albufera-03-08-2020-02-705x529.webp 705w\" sizes=\"(max-width: 900px) 100vw, 900px\" \/><\/figure>\n\n\n\n<figure class=\"wp-block-image size-large\"><img decoding=\"async\" width=\"900\" height=\"675\" data-id=\"17513\" src=\"https:\/\/avalencia.com\/wp-content\/uploads\/2022\/08\/03-GP01-GP-Rafa-Itinerario-Albufera-03-08-2020-03.webp\" alt=\"\" class=\"wp-image-17513\" srcset=\"https:\/\/avalencia.com\/wp-content\/uploads\/2022\/08\/03-GP01-GP-Rafa-Itinerario-Albufera-03-08-2020-03.webp 900w, https:\/\/avalencia.com\/wp-content\/uploads\/2022\/08\/03-GP01-GP-Rafa-Itinerario-Albufera-03-08-2020-03-300x225.webp 300w, https:\/\/avalencia.com\/wp-content\/uploads\/2022\/08\/03-GP01-GP-Rafa-Itinerario-Albufera-03-08-2020-03-768x576.webp 768w, https:\/\/avalencia.com\/wp-content\/uploads\/2022\/08\/03-GP01-GP-Rafa-Itinerario-Albufera-03-08-2020-03-705x529.webp 705w\" sizes=\"(max-width: 900px) 100vw, 900px\" \/><\/figure>\n\n\n\n<figure class=\"wp-block-image size-large\"><img decoding=\"async\" width=\"900\" height=\"675\" data-id=\"17518\" src=\"https:\/\/avalencia.com\/wp-content\/uploads\/2022\/08\/04-GP01-GP-Rafa-Itinerario-Albufera-03-08-2020-04.webp\" alt=\"\" class=\"wp-image-17518\" srcset=\"https:\/\/avalencia.com\/wp-content\/uploads\/2022\/08\/04-GP01-GP-Rafa-Itinerario-Albufera-03-08-2020-04.webp 900w, https:\/\/avalencia.com\/wp-content\/uploads\/2022\/08\/04-GP01-GP-Rafa-Itinerario-Albufera-03-08-2020-04-300x225.webp 300w, https:\/\/avalencia.com\/wp-content\/uploads\/2022\/08\/04-GP01-GP-Rafa-Itinerario-Albufera-03-08-2020-04-768x576.webp 768w, https:\/\/avalencia.com\/wp-content\/uploads\/2022\/08\/04-GP01-GP-Rafa-Itinerario-Albufera-03-08-2020-04-705x529.webp 705w\" sizes=\"(max-width: 900px) 100vw, 900px\" \/><\/figure>\n\n\n\n<figure class=\"wp-block-image size-large\"><img decoding=\"async\" width=\"900\" height=\"675\" data-id=\"17523\" src=\"https:\/\/avalencia.com\/wp-content\/uploads\/2022\/08\/05-GP01-GP-Rafa-Itinerario-Albufera-03-08-2020-05.webp\" alt=\"\" class=\"wp-image-17523\" srcset=\"https:\/\/avalencia.com\/wp-content\/uploads\/2022\/08\/05-GP01-GP-Rafa-Itinerario-Albufera-03-08-2020-05.webp 900w, https:\/\/avalencia.com\/wp-content\/uploads\/2022\/08\/05-GP01-GP-Rafa-Itinerario-Albufera-03-08-2020-05-300x225.webp 300w, https:\/\/avalencia.com\/wp-content\/uploads\/2022\/08\/05-GP01-GP-Rafa-Itinerario-Albufera-03-08-2020-05-768x576.webp 768w, https:\/\/avalencia.com\/wp-content\/uploads\/2022\/08\/05-GP01-GP-Rafa-Itinerario-Albufera-03-08-2020-05-705x529.webp 705w\" sizes=\"(max-width: 900px) 100vw, 900px\" \/><\/figure>\n\n\n\n<figure class=\"wp-block-image size-large\"><img decoding=\"async\" width=\"900\" height=\"675\" data-id=\"17528\" src=\"https:\/\/avalencia.com\/wp-content\/uploads\/2022\/08\/06-GP01-GP-Rafa-Itinerario-Albufera-03-08-2020-06.webp\" alt=\"\" class=\"wp-image-17528\" srcset=\"https:\/\/avalencia.com\/wp-content\/uploads\/2022\/08\/06-GP01-GP-Rafa-Itinerario-Albufera-03-08-2020-06.webp 900w, https:\/\/avalencia.com\/wp-content\/uploads\/2022\/08\/06-GP01-GP-Rafa-Itinerario-Albufera-03-08-2020-06-300x225.webp 300w, https:\/\/avalencia.com\/wp-content\/uploads\/2022\/08\/06-GP01-GP-Rafa-Itinerario-Albufera-03-08-2020-06-768x576.webp 768w, https:\/\/avalencia.com\/wp-content\/uploads\/2022\/08\/06-GP01-GP-Rafa-Itinerario-Albufera-03-08-2020-06-705x529.webp 705w\" sizes=\"(max-width: 900px) 100vw, 900px\" \/><\/figure>\n\n\n\n<figure class=\"wp-block-image size-large\"><img decoding=\"async\" width=\"900\" height=\"675\" data-id=\"17533\" src=\"https:\/\/avalencia.com\/wp-content\/uploads\/2022\/08\/07-GP01-GP-Rafa-Itinerario-Albufera-03-08-2020-07.webp\" alt=\"\" class=\"wp-image-17533\" srcset=\"https:\/\/avalencia.com\/wp-content\/uploads\/2022\/08\/07-GP01-GP-Rafa-Itinerario-Albufera-03-08-2020-07.webp 900w, https:\/\/avalencia.com\/wp-content\/uploads\/2022\/08\/07-GP01-GP-Rafa-Itinerario-Albufera-03-08-2020-07-300x225.webp 300w, https:\/\/avalencia.com\/wp-content\/uploads\/2022\/08\/07-GP01-GP-Rafa-Itinerario-Albufera-03-08-2020-07-768x576.webp 768w, https:\/\/avalencia.com\/wp-content\/uploads\/2022\/08\/07-GP01-GP-Rafa-Itinerario-Albufera-03-08-2020-07-705x529.webp 705w\" sizes=\"(max-width: 900px) 100vw, 900px\" \/><\/figure>\n\n\n\n<figure class=\"wp-block-image size-large\"><img decoding=\"async\" width=\"900\" height=\"675\" data-id=\"17538\" src=\"https:\/\/avalencia.com\/wp-content\/uploads\/2022\/08\/08-GP01-GP-Rafa-Itinerario-Albufera-03-08-2020-08.webp\" alt=\"\" class=\"wp-image-17538\" srcset=\"https:\/\/avalencia.com\/wp-content\/uploads\/2022\/08\/08-GP01-GP-Rafa-Itinerario-Albufera-03-08-2020-08.webp 900w, https:\/\/avalencia.com\/wp-content\/uploads\/2022\/08\/08-GP01-GP-Rafa-Itinerario-Albufera-03-08-2020-08-300x225.webp 300w, https:\/\/avalencia.com\/wp-content\/uploads\/2022\/08\/08-GP01-GP-Rafa-Itinerario-Albufera-03-08-2020-08-768x576.webp 768w, https:\/\/avalencia.com\/wp-content\/uploads\/2022\/08\/08-GP01-GP-Rafa-Itinerario-Albufera-03-08-2020-08-705x529.webp 705w\" sizes=\"(max-width: 900px) 100vw, 900px\" \/><\/figure>\n\n\n\n<figure class=\"wp-block-image size-large\"><img decoding=\"async\" width=\"900\" height=\"675\" data-id=\"17543\" src=\"https:\/\/avalencia.com\/wp-content\/uploads\/2022\/08\/09-GP01-GP-Rafa-Itinerario-Albufera-03-08-2020-09.webp\" alt=\"\" class=\"wp-image-17543\" srcset=\"https:\/\/avalencia.com\/wp-content\/uploads\/2022\/08\/09-GP01-GP-Rafa-Itinerario-Albufera-03-08-2020-09.webp 900w, https:\/\/avalencia.com\/wp-content\/uploads\/2022\/08\/09-GP01-GP-Rafa-Itinerario-Albufera-03-08-2020-09-300x225.webp 300w, https:\/\/avalencia.com\/wp-content\/uploads\/2022\/08\/09-GP01-GP-Rafa-Itinerario-Albufera-03-08-2020-09-768x576.webp 768w, https:\/\/avalencia.com\/wp-content\/uploads\/2022\/08\/09-GP01-GP-Rafa-Itinerario-Albufera-03-08-2020-09-705x529.webp 705w\" sizes=\"(max-width: 900px) 100vw, 900px\" \/><\/figure>\n\n\n\n<figure class=\"wp-block-image size-large\"><img decoding=\"async\" width=\"900\" height=\"675\" data-id=\"17548\" src=\"https:\/\/avalencia.com\/wp-content\/uploads\/2022\/08\/10-GP01-GP-Rafa-Itinerario-Albufera-03-08-2020-10.webp\" alt=\"\" class=\"wp-image-17548\" srcset=\"https:\/\/avalencia.com\/wp-content\/uploads\/2022\/08\/10-GP01-GP-Rafa-Itinerario-Albufera-03-08-2020-10.webp 900w, https:\/\/avalencia.com\/wp-content\/uploads\/2022\/08\/10-GP01-GP-Rafa-Itinerario-Albufera-03-08-2020-10-300x225.webp 300w, https:\/\/avalencia.com\/wp-content\/uploads\/2022\/08\/10-GP01-GP-Rafa-Itinerario-Albufera-03-08-2020-10-768x576.webp 768w, https:\/\/avalencia.com\/wp-content\/uploads\/2022\/08\/10-GP01-GP-Rafa-Itinerario-Albufera-03-08-2020-10-705x529.webp 705w\" sizes=\"(max-width: 900px) 100vw, 900px\" \/><\/figure>\n<\/figure>\n\n\n\n<p><strong>GRUPO BONREP\u00d2S I MIRAMBELL<\/strong><\/p>\n\n\n\n<figure class=\"wp-block-gallery has-nested-images columns-default is-cropped wp-block-gallery-2 is-layout-flex wp-block-gallery-is-layout-flex\">\n<figure class=\"wp-block-image size-large\"><img decoding=\"async\" width=\"950\" height=\"638\" data-id=\"17555\" src=\"https:\/\/avalencia.com\/wp-content\/uploads\/2022\/08\/01-GP-Bonrepos-13-03-2010-3-Internet.webp\" alt=\"\" class=\"wp-image-17555\" srcset=\"https:\/\/avalencia.com\/wp-content\/uploads\/2022\/08\/01-GP-Bonrepos-13-03-2010-3-Internet.webp 950w, https:\/\/avalencia.com\/wp-content\/uploads\/2022\/08\/01-GP-Bonrepos-13-03-2010-3-Internet-300x201.webp 300w, https:\/\/avalencia.com\/wp-content\/uploads\/2022\/08\/01-GP-Bonrepos-13-03-2010-3-Internet-768x516.webp 768w, https:\/\/avalencia.com\/wp-content\/uploads\/2022\/08\/01-GP-Bonrepos-13-03-2010-3-Internet-705x473.webp 705w\" sizes=\"(max-width: 950px) 100vw, 950px\" \/><\/figure>\n\n\n\n<figure class=\"wp-block-image size-large\"><img decoding=\"async\" width=\"950\" height=\"638\" data-id=\"17560\" src=\"https:\/\/avalencia.com\/wp-content\/uploads\/2022\/08\/02-GP-Bonrepos-13-03-2010-6-Internet.webp\" alt=\"\" class=\"wp-image-17560\" srcset=\"https:\/\/avalencia.com\/wp-content\/uploads\/2022\/08\/02-GP-Bonrepos-13-03-2010-6-Internet.webp 950w, https:\/\/avalencia.com\/wp-content\/uploads\/2022\/08\/02-GP-Bonrepos-13-03-2010-6-Internet-300x201.webp 300w, https:\/\/avalencia.com\/wp-content\/uploads\/2022\/08\/02-GP-Bonrepos-13-03-2010-6-Internet-768x516.webp 768w, https:\/\/avalencia.com\/wp-content\/uploads\/2022\/08\/02-GP-Bonrepos-13-03-2010-6-Internet-705x473.webp 705w\" sizes=\"(max-width: 950px) 100vw, 950px\" \/><\/figure>\n\n\n\n<figure class=\"wp-block-image size-large\"><img decoding=\"async\" width=\"950\" height=\"638\" data-id=\"17565\" src=\"https:\/\/avalencia.com\/wp-content\/uploads\/2022\/08\/03-GP-Bonrepos-13-03-2010-9-Internet.webp\" alt=\"\" class=\"wp-image-17565\" srcset=\"https:\/\/avalencia.com\/wp-content\/uploads\/2022\/08\/03-GP-Bonrepos-13-03-2010-9-Internet.webp 950w, https:\/\/avalencia.com\/wp-content\/uploads\/2022\/08\/03-GP-Bonrepos-13-03-2010-9-Internet-300x201.webp 300w, https:\/\/avalencia.com\/wp-content\/uploads\/2022\/08\/03-GP-Bonrepos-13-03-2010-9-Internet-768x516.webp 768w, https:\/\/avalencia.com\/wp-content\/uploads\/2022\/08\/03-GP-Bonrepos-13-03-2010-9-Internet-705x473.webp 705w\" sizes=\"(max-width: 950px) 100vw, 950px\" \/><\/figure>\n\n\n\n<figure class=\"wp-block-image size-large\"><img decoding=\"async\" width=\"950\" height=\"638\" data-id=\"17570\" src=\"https:\/\/avalencia.com\/wp-content\/uploads\/2022\/08\/04-GP-Bonrepos-13-03-2010-11-Internet.webp\" alt=\"\" class=\"wp-image-17570\" srcset=\"https:\/\/avalencia.com\/wp-content\/uploads\/2022\/08\/04-GP-Bonrepos-13-03-2010-11-Internet.webp 950w, https:\/\/avalencia.com\/wp-content\/uploads\/2022\/08\/04-GP-Bonrepos-13-03-2010-11-Internet-300x201.webp 300w, https:\/\/avalencia.com\/wp-content\/uploads\/2022\/08\/04-GP-Bonrepos-13-03-2010-11-Internet-768x516.webp 768w, https:\/\/avalencia.com\/wp-content\/uploads\/2022\/08\/04-GP-Bonrepos-13-03-2010-11-Internet-705x473.webp 705w\" sizes=\"(max-width: 950px) 100vw, 950px\" \/><\/figure>\n\n\n\n<figure class=\"wp-block-image size-large\"><img decoding=\"async\" width=\"950\" height=\"638\" data-id=\"17575\" src=\"https:\/\/avalencia.com\/wp-content\/uploads\/2022\/08\/05-GP-Bonrepos-13-03-2010-16-Internet.webp\" alt=\"\" class=\"wp-image-17575\" srcset=\"https:\/\/avalencia.com\/wp-content\/uploads\/2022\/08\/05-GP-Bonrepos-13-03-2010-16-Internet.webp 950w, https:\/\/avalencia.com\/wp-content\/uploads\/2022\/08\/05-GP-Bonrepos-13-03-2010-16-Internet-300x201.webp 300w, https:\/\/avalencia.com\/wp-content\/uploads\/2022\/08\/05-GP-Bonrepos-13-03-2010-16-Internet-768x516.webp 768w, https:\/\/avalencia.com\/wp-content\/uploads\/2022\/08\/05-GP-Bonrepos-13-03-2010-16-Internet-705x473.webp 705w\" sizes=\"(max-width: 950px) 100vw, 950px\" \/><\/figure>\n\n\n\n<figure class=\"wp-block-image size-large\"><img decoding=\"async\" width=\"950\" height=\"638\" data-id=\"17580\" src=\"https:\/\/avalencia.com\/wp-content\/uploads\/2022\/08\/06-GP-Bonrepos-13-03-2010-20-Internet.webp\" alt=\"\" class=\"wp-image-17580\" srcset=\"https:\/\/avalencia.com\/wp-content\/uploads\/2022\/08\/06-GP-Bonrepos-13-03-2010-20-Internet.webp 950w, https:\/\/avalencia.com\/wp-content\/uploads\/2022\/08\/06-GP-Bonrepos-13-03-2010-20-Internet-300x201.webp 300w, https:\/\/avalencia.com\/wp-content\/uploads\/2022\/08\/06-GP-Bonrepos-13-03-2010-20-Internet-768x516.webp 768w, https:\/\/avalencia.com\/wp-content\/uploads\/2022\/08\/06-GP-Bonrepos-13-03-2010-20-Internet-705x473.webp 705w\" sizes=\"(max-width: 950px) 100vw, 950px\" \/><\/figure>\n\n\n\n<figure class=\"wp-block-image size-large\"><img decoding=\"async\" width=\"950\" height=\"638\" data-id=\"17585\" src=\"https:\/\/avalencia.com\/wp-content\/uploads\/2022\/08\/07-GP-Bonrepos-13-03-2010-22-Internet.webp\" alt=\"\" class=\"wp-image-17585\" srcset=\"https:\/\/avalencia.com\/wp-content\/uploads\/2022\/08\/07-GP-Bonrepos-13-03-2010-22-Internet.webp 950w, https:\/\/avalencia.com\/wp-content\/uploads\/2022\/08\/07-GP-Bonrepos-13-03-2010-22-Internet-300x201.webp 300w, https:\/\/avalencia.com\/wp-content\/uploads\/2022\/08\/07-GP-Bonrepos-13-03-2010-22-Internet-768x516.webp 768w, https:\/\/avalencia.com\/wp-content\/uploads\/2022\/08\/07-GP-Bonrepos-13-03-2010-22-Internet-705x473.webp 705w\" sizes=\"(max-width: 950px) 100vw, 950px\" \/><\/figure>\n\n\n\n<figure class=\"wp-block-image size-large\"><img decoding=\"async\" width=\"950\" height=\"638\" data-id=\"17590\" src=\"https:\/\/avalencia.com\/wp-content\/uploads\/2022\/08\/08-GP-Bonrepos-13-03-2010-25-Internet.webp\" alt=\"\" class=\"wp-image-17590\" srcset=\"https:\/\/avalencia.com\/wp-content\/uploads\/2022\/08\/08-GP-Bonrepos-13-03-2010-25-Internet.webp 950w, https:\/\/avalencia.com\/wp-content\/uploads\/2022\/08\/08-GP-Bonrepos-13-03-2010-25-Internet-300x201.webp 300w, https:\/\/avalencia.com\/wp-content\/uploads\/2022\/08\/08-GP-Bonrepos-13-03-2010-25-Internet-768x516.webp 768w, https:\/\/avalencia.com\/wp-content\/uploads\/2022\/08\/08-GP-Bonrepos-13-03-2010-25-Internet-705x473.webp 705w\" sizes=\"(max-width: 950px) 100vw, 950px\" \/><\/figure>\n\n\n\n<figure class=\"wp-block-image size-large\"><img decoding=\"async\" width=\"950\" height=\"638\" data-id=\"17595\" src=\"https:\/\/avalencia.com\/wp-content\/uploads\/2022\/08\/08-GP-Bonrepos-13-03-2010-37-Internet.webp\" alt=\"\" class=\"wp-image-17595\" srcset=\"https:\/\/avalencia.com\/wp-content\/uploads\/2022\/08\/08-GP-Bonrepos-13-03-2010-37-Internet.webp 950w, https:\/\/avalencia.com\/wp-content\/uploads\/2022\/08\/08-GP-Bonrepos-13-03-2010-37-Internet-300x201.webp 300w, https:\/\/avalencia.com\/wp-content\/uploads\/2022\/08\/08-GP-Bonrepos-13-03-2010-37-Internet-768x516.webp 768w, https:\/\/avalencia.com\/wp-content\/uploads\/2022\/08\/08-GP-Bonrepos-13-03-2010-37-Internet-705x473.webp 705w\" sizes=\"(max-width: 950px) 100vw, 950px\" \/><\/figure>\n\n\n\n<figure class=\"wp-block-image size-large\"><img decoding=\"async\" width=\"974\" height=\"654\" data-id=\"17600\" src=\"https:\/\/avalencia.com\/wp-content\/uploads\/2022\/08\/09-GP-Bonrepos-13-03-2010-30-Internet.webp\" alt=\"\" class=\"wp-image-17600\" srcset=\"https:\/\/avalencia.com\/wp-content\/uploads\/2022\/08\/09-GP-Bonrepos-13-03-2010-30-Internet.webp 974w, https:\/\/avalencia.com\/wp-content\/uploads\/2022\/08\/09-GP-Bonrepos-13-03-2010-30-Internet-300x201.webp 300w, https:\/\/avalencia.com\/wp-content\/uploads\/2022\/08\/09-GP-Bonrepos-13-03-2010-30-Internet-768x516.webp 768w, https:\/\/avalencia.com\/wp-content\/uploads\/2022\/08\/09-GP-Bonrepos-13-03-2010-30-Internet-705x473.webp 705w\" sizes=\"(max-width: 974px) 100vw, 974px\" \/><\/figure>\n\n\n\n<figure class=\"wp-block-image size-large\"><img decoding=\"async\" width=\"950\" height=\"638\" data-id=\"17605\" src=\"https:\/\/avalencia.com\/wp-content\/uploads\/2022\/08\/10-GP-Bonrepos-13-03-2010-33-Internet.webp\" alt=\"\" class=\"wp-image-17605\" srcset=\"https:\/\/avalencia.com\/wp-content\/uploads\/2022\/08\/10-GP-Bonrepos-13-03-2010-33-Internet.webp 950w, https:\/\/avalencia.com\/wp-content\/uploads\/2022\/08\/10-GP-Bonrepos-13-03-2010-33-Internet-300x201.webp 300w, https:\/\/avalencia.com\/wp-content\/uploads\/2022\/08\/10-GP-Bonrepos-13-03-2010-33-Internet-768x516.webp 768w, https:\/\/avalencia.com\/wp-content\/uploads\/2022\/08\/10-GP-Bonrepos-13-03-2010-33-Internet-705x473.webp 705w\" sizes=\"(max-width: 950px) 100vw, 950px\" \/><\/figure>\n\n\n\n<figure class=\"wp-block-image size-large\"><img decoding=\"async\" width=\"950\" height=\"638\" data-id=\"17610\" src=\"https:\/\/avalencia.com\/wp-content\/uploads\/2022\/08\/12-GP-Bonrepos-13-03-2010-35-Internet.webp\" alt=\"\" class=\"wp-image-17610\" srcset=\"https:\/\/avalencia.com\/wp-content\/uploads\/2022\/08\/12-GP-Bonrepos-13-03-2010-35-Internet.webp 950w, https:\/\/avalencia.com\/wp-content\/uploads\/2022\/08\/12-GP-Bonrepos-13-03-2010-35-Internet-300x201.webp 300w, https:\/\/avalencia.com\/wp-content\/uploads\/2022\/08\/12-GP-Bonrepos-13-03-2010-35-Internet-768x516.webp 768w, https:\/\/avalencia.com\/wp-content\/uploads\/2022\/08\/12-GP-Bonrepos-13-03-2010-35-Internet-705x473.webp 705w\" sizes=\"(max-width: 950px) 100vw, 950px\" \/><\/figure>\n\n\n\n<figure class=\"wp-block-image size-large\"><img decoding=\"async\" width=\"950\" height=\"638\" data-id=\"17615\" src=\"https:\/\/avalencia.com\/wp-content\/uploads\/2022\/08\/13-GP-Bonrepos-13-03-2010-36-Internet.webp\" alt=\"\" class=\"wp-image-17615\" srcset=\"https:\/\/avalencia.com\/wp-content\/uploads\/2022\/08\/13-GP-Bonrepos-13-03-2010-36-Internet.webp 950w, https:\/\/avalencia.com\/wp-content\/uploads\/2022\/08\/13-GP-Bonrepos-13-03-2010-36-Internet-300x201.webp 300w, https:\/\/avalencia.com\/wp-content\/uploads\/2022\/08\/13-GP-Bonrepos-13-03-2010-36-Internet-768x516.webp 768w, https:\/\/avalencia.com\/wp-content\/uploads\/2022\/08\/13-GP-Bonrepos-13-03-2010-36-Internet-705x473.webp 705w\" sizes=\"(max-width: 950px) 100vw, 950px\" \/><\/figure>\n\n\n\n<figure class=\"wp-block-image size-large\"><img decoding=\"async\" width=\"950\" height=\"638\" data-id=\"17625\" src=\"https:\/\/avalencia.com\/wp-content\/uploads\/2022\/08\/14-GP-Bonrepos-13-03-2010-50-Internet.webp\" alt=\"\" class=\"wp-image-17625\" srcset=\"https:\/\/avalencia.com\/wp-content\/uploads\/2022\/08\/14-GP-Bonrepos-13-03-2010-50-Internet.webp 950w, https:\/\/avalencia.com\/wp-content\/uploads\/2022\/08\/14-GP-Bonrepos-13-03-2010-50-Internet-300x201.webp 300w, https:\/\/avalencia.com\/wp-content\/uploads\/2022\/08\/14-GP-Bonrepos-13-03-2010-50-Internet-768x516.webp 768w, https:\/\/avalencia.com\/wp-content\/uploads\/2022\/08\/14-GP-Bonrepos-13-03-2010-50-Internet-705x473.webp 705w\" sizes=\"(max-width: 950px) 100vw, 950px\" \/><\/figure>\n\n\n\n<figure class=\"wp-block-image size-large\"><img decoding=\"async\" width=\"950\" height=\"638\" data-id=\"17630\" src=\"https:\/\/avalencia.com\/wp-content\/uploads\/2022\/08\/15-GP-Bonrepos-13-03-2010-52-Internet.webp\" alt=\"\" class=\"wp-image-17630\" srcset=\"https:\/\/avalencia.com\/wp-content\/uploads\/2022\/08\/15-GP-Bonrepos-13-03-2010-52-Internet.webp 950w, https:\/\/avalencia.com\/wp-content\/uploads\/2022\/08\/15-GP-Bonrepos-13-03-2010-52-Internet-300x201.webp 300w, https:\/\/avalencia.com\/wp-content\/uploads\/2022\/08\/15-GP-Bonrepos-13-03-2010-52-Internet-768x516.webp 768w, https:\/\/avalencia.com\/wp-content\/uploads\/2022\/08\/15-GP-Bonrepos-13-03-2010-52-Internet-705x473.webp 705w\" sizes=\"(max-width: 950px) 100vw, 950px\" \/><\/figure>\n\n\n\n<figure class=\"wp-block-image size-large\"><img decoding=\"async\" width=\"638\" height=\"950\" data-id=\"17635\" src=\"https:\/\/avalencia.com\/wp-content\/uploads\/2022\/08\/16-GP-Bonrepos-13-03-2010-53-Internet.webp\" alt=\"\" class=\"wp-image-17635\" srcset=\"https:\/\/avalencia.com\/wp-content\/uploads\/2022\/08\/16-GP-Bonrepos-13-03-2010-53-Internet.webp 638w, https:\/\/avalencia.com\/wp-content\/uploads\/2022\/08\/16-GP-Bonrepos-13-03-2010-53-Internet-201x300.webp 201w, https:\/\/avalencia.com\/wp-content\/uploads\/2022\/08\/16-GP-Bonrepos-13-03-2010-53-Internet-528x786.webp 528w, https:\/\/avalencia.com\/wp-content\/uploads\/2022\/08\/16-GP-Bonrepos-13-03-2010-53-Internet-473x705.webp 473w\" sizes=\"(max-width: 638px) 100vw, 638px\" \/><\/figure>\n\n\n\n<figure class=\"wp-block-image size-large\"><img decoding=\"async\" width=\"950\" height=\"638\" data-id=\"17640\" src=\"https:\/\/avalencia.com\/wp-content\/uploads\/2022\/08\/17-GP-Bonrepos-13-03-2010-54-Internet.webp\" alt=\"\" class=\"wp-image-17640\" srcset=\"https:\/\/avalencia.com\/wp-content\/uploads\/2022\/08\/17-GP-Bonrepos-13-03-2010-54-Internet.webp 950w, https:\/\/avalencia.com\/wp-content\/uploads\/2022\/08\/17-GP-Bonrepos-13-03-2010-54-Internet-300x201.webp 300w, https:\/\/avalencia.com\/wp-content\/uploads\/2022\/08\/17-GP-Bonrepos-13-03-2010-54-Internet-768x516.webp 768w, https:\/\/avalencia.com\/wp-content\/uploads\/2022\/08\/17-GP-Bonrepos-13-03-2010-54-Internet-705x473.webp 705w\" sizes=\"(max-width: 950px) 100vw, 950px\" \/><\/figure>\n\n\n\n<figure class=\"wp-block-image size-large\"><img decoding=\"async\" width=\"950\" height=\"638\" data-id=\"17645\" src=\"https:\/\/avalencia.com\/wp-content\/uploads\/2022\/08\/18-GP-Bonrepos-13-03-2010-55-Internet.webp\" alt=\"\" class=\"wp-image-17645\" srcset=\"https:\/\/avalencia.com\/wp-content\/uploads\/2022\/08\/18-GP-Bonrepos-13-03-2010-55-Internet.webp 950w, https:\/\/avalencia.com\/wp-content\/uploads\/2022\/08\/18-GP-Bonrepos-13-03-2010-55-Internet-300x201.webp 300w, https:\/\/avalencia.com\/wp-content\/uploads\/2022\/08\/18-GP-Bonrepos-13-03-2010-55-Internet-768x516.webp 768w, https:\/\/avalencia.com\/wp-content\/uploads\/2022\/08\/18-GP-Bonrepos-13-03-2010-55-Internet-705x473.webp 705w\" sizes=\"(max-width: 950px) 100vw, 950px\" \/><\/figure>\n<\/figure>\n\n\n\n<p class=\"has-text-align-center\"><strong><br><\/strong><\/p>\n\n\n<div  class='av-social-sharing-box  avia-builder-el-0  avia-builder-el-no-sibling  '><div class='av-share-box'><h5 class='av-share-link-description av-no-toc '>Comparte<\/h5><ul class='av-share-box-list noLightbox'><li class='av-share-link av-social-link-facebook' ><a target=\"_blank\" aria-label=\"Partager sur Facebook\" href='https:\/\/www.facebook.com\/sharer.php?u=https:\/\/avalencia.com\/fr\/itineraires-touristiques-a-valencia\/&#038;t=Photos%20Groupe%201' aria-hidden='false' data-av_icon='\ue8f3' data-av_iconfont='entypo-fontello' title='' data-avia-related-tooltip='Partager sur Facebook' rel=\"noopener\"><span class='avia_hidden_link_text'>Partager sur Facebook<\/span><\/a><\/li><li class='av-share-link av-social-link-twitter' ><a target=\"_blank\" aria-label=\"Partager sur Twitter\" href='https:\/\/twitter.com\/share?text=Photos%20Groupe%201&#038;url=https:\/\/avalencia.com\/fr\/?p=6597' aria-hidden='false' data-av_icon='\ue8f1' data-av_iconfont='entypo-fontello' title='' data-avia-related-tooltip='Partager sur Twitter' rel=\"noopener\"><span class='avia_hidden_link_text'>Partager sur Twitter<\/span><\/a><\/li><li class='av-share-link av-social-link-pinterest' ><a target=\"_blank\" aria-label=\"Partager sur Pinterest\" href='https:\/\/pinterest.com\/pin\/create\/button\/?url=https%3A%2F%2Favalencia.com%2Ffr%2Fitineraires-touristiques-a-valencia%2F&#038;description=Photos%20Groupe%201&#038;media=https%3A%2F%2Favalencia.com%2Fwp-content%2Fuploads%2F2022%2F08%2FDestacada-GP-Rafa-Itinerario-Albufera-03-08-2020-webp-705x371.webp' aria-hidden='false' data-av_icon='\ue8f8' data-av_iconfont='entypo-fontello' title='' data-avia-related-tooltip='Partager sur Pinterest' rel=\"noopener\"><span class='avia_hidden_link_text'>Partager sur Pinterest<\/span><\/a><\/li><li class='av-share-link av-social-link-linkedin' ><a target=\"_blank\" aria-label=\"Partager sur LinkedIn\" href='https:\/\/linkedin.com\/shareArticle?mini=true&#038;title=Photos%20Groupe%201&#038;url=https:\/\/avalencia.com\/fr\/itineraires-touristiques-a-valencia\/' aria-hidden='false' data-av_icon='\ue8fc' data-av_iconfont='entypo-fontello' title='' data-avia-related-tooltip='Partager sur LinkedIn' rel=\"noopener\"><span class='avia_hidden_link_text'>Partager sur LinkedIn<\/span><\/a><\/li><li class='av-share-link av-social-link-mail' ><a  aria-label=\"Partager par Mail\" href='mailto:?subject=Photos%20Groupe%201&#038;body=https:\/\/avalencia.com\/fr\/itineraires-touristiques-a-valencia\/' aria-hidden='false' data-av_icon='\ue805' data-av_iconfont='entypo-fontello' title='' data-avia-related-tooltip='Partager par Mail'><span class='avia_hidden_link_text'>Partager par Mail<\/span><\/a><\/li><\/ul><\/div><\/div>\n\n\n\n<!--more-->\n\n\n\n<p><\/p>\n","protected":false},"excerpt":{"rendered":"<p>Itineraires touristiques \u00e0 Valencia Regardez les belles Photos de ce groupe. GRUPO BONREP\u00d2S I MIRAMBELL<\/p>\n","protected":false},"author":3,"featured_media":17497,"parent":0,"menu_order":0,"comment_status":"open","ping_status":"closed","template":"","meta":{"footnotes":""},"class_list":["post-6597","page","type-page","status-publish","has-post-thumbnail","hentry"],"yoast_head":"<!-- This site is optimized with the Yoast SEO plugin v26.8 - https:\/\/yoast.com\/product\/yoast-seo-wordpress\/ -->\n<title>Itin\u00e9raires touristiques \u00e0 Valencia avec un guide officiel- AVALENCIA<\/title>\n<meta name=\"description\" content=\"Itin\u00e9raires touristiques \u00e0 Valencia, parfaites pour d\u00e9couvrir les lieux embl\u00e9matiques de cette ville appelez-moi, je vous la montrerai!\" \/>\n<meta name=\"robots\" content=\"index, follow, max-snippet:-1, max-image-preview:large, max-video-preview:-1\" \/>\n<link rel=\"canonical\" href=\"https:\/\/avalencia.com\/fr\/itineraires-touristiques-a-valencia\/\" \/>\n<meta property=\"og:locale\" content=\"fr_FR\" \/>\n<meta property=\"og:type\" content=\"article\" \/>\n<meta property=\"og:title\" content=\"Itin\u00e9raires touristiques \u00e0 Valencia avec un guide officiel- AVALENCIA\" \/>\n<meta property=\"og:description\" content=\"Itin\u00e9raires touristiques \u00e0 Valencia, parfaites pour d\u00e9couvrir les lieux embl\u00e9matiques de cette ville appelez-moi, je vous la montrerai!\" \/>\n<meta property=\"og:url\" content=\"https:\/\/avalencia.com\/fr\/itineraires-touristiques-a-valencia\/\" \/>\n<meta property=\"og:site_name\" content=\"AVALENCIA\" \/>\n<meta property=\"article:publisher\" content=\"https:\/\/www.facebook.com\/angela.marisoler\" \/>\n<meta property=\"article:modified_time\" content=\"2022-08-17T17:04:24+00:00\" \/>\n<meta property=\"og:image\" content=\"https:\/\/avalencia.com\/wp-content\/uploads\/2022\/08\/Destacada-GP-Rafa-Itinerario-Albufera-03-08-2020-webp-e1660469372747.webp\" \/>\n\t<meta property=\"og:image:width\" content=\"896\" \/>\n\t<meta property=\"og:image:height\" content=\"472\" \/>\n\t<meta property=\"og:image:type\" content=\"image\/webp\" \/>\n<meta name=\"twitter:card\" content=\"summary_large_image\" \/>\n<meta name=\"twitter:site\" content=\"@angelamari400\" \/>\n<meta name=\"twitter:label1\" content=\"Est. reading time\" \/>\n\t<meta name=\"twitter:data1\" content=\"6 minutes\" \/>\n<script type=\"application\/ld+json\" class=\"yoast-schema-graph\">{\"@context\":\"https:\/\/schema.org\",\"@graph\":[{\"@type\":\"WebPage\",\"@id\":\"https:\/\/avalencia.com\/fr\/itineraires-touristiques-a-valencia\/\",\"url\":\"https:\/\/avalencia.com\/fr\/itineraires-touristiques-a-valencia\/\",\"name\":\"Itin\u00e9raires touristiques \u00e0 Valencia avec un guide officiel- AVALENCIA\",\"isPartOf\":{\"@id\":\"https:\/\/avalencia.com\/fr\/#website\"},\"primaryImageOfPage\":{\"@id\":\"https:\/\/avalencia.com\/fr\/itineraires-touristiques-a-valencia\/#primaryimage\"},\"image\":{\"@id\":\"https:\/\/avalencia.com\/fr\/itineraires-touristiques-a-valencia\/#primaryimage\"},\"thumbnailUrl\":\"https:\/\/avalencia.com\/wp-content\/uploads\/2022\/08\/Destacada-GP-Rafa-Itinerario-Albufera-03-08-2020-webp-e1660469372747.webp\",\"datePublished\":\"2020-05-04T15:55:24+00:00\",\"dateModified\":\"2022-08-17T17:04:24+00:00\",\"description\":\"Itin\u00e9raires touristiques \u00e0 Valencia, parfaites pour d\u00e9couvrir les lieux embl\u00e9matiques de cette ville appelez-moi, je vous la montrerai!\",\"breadcrumb\":{\"@id\":\"https:\/\/avalencia.com\/fr\/itineraires-touristiques-a-valencia\/#breadcrumb\"},\"inLanguage\":\"fr-FR\",\"potentialAction\":[{\"@type\":\"ReadAction\",\"target\":[\"https:\/\/avalencia.com\/fr\/itineraires-touristiques-a-valencia\/\"]}]},{\"@type\":\"ImageObject\",\"inLanguage\":\"fr-FR\",\"@id\":\"https:\/\/avalencia.com\/fr\/itineraires-touristiques-a-valencia\/#primaryimage\",\"url\":\"https:\/\/avalencia.com\/wp-content\/uploads\/2022\/08\/Destacada-GP-Rafa-Itinerario-Albufera-03-08-2020-webp-e1660469372747.webp\",\"contentUrl\":\"https:\/\/avalencia.com\/wp-content\/uploads\/2022\/08\/Destacada-GP-Rafa-Itinerario-Albufera-03-08-2020-webp-e1660469372747.webp\",\"width\":896,\"height\":472,\"caption\":\"rutas por el Saler -Albufera\"},{\"@type\":\"BreadcrumbList\",\"@id\":\"https:\/\/avalencia.com\/fr\/itineraires-touristiques-a-valencia\/#breadcrumb\",\"itemListElement\":[{\"@type\":\"ListItem\",\"position\":1,\"name\":\"Portada\",\"item\":\"https:\/\/avalencia.com\/fr\/\"},{\"@type\":\"ListItem\",\"position\":2,\"name\":\"Photos Groupe 1\"}]},{\"@type\":\"WebSite\",\"@id\":\"https:\/\/avalencia.com\/fr\/#website\",\"url\":\"https:\/\/avalencia.com\/fr\/\",\"name\":\"AVALENCIA\",\"description\":\"Visitas culturales por Valencia y alrededores\",\"publisher\":{\"@id\":\"https:\/\/avalencia.com\/fr\/#organization\"},\"potentialAction\":[{\"@type\":\"SearchAction\",\"target\":{\"@type\":\"EntryPoint\",\"urlTemplate\":\"https:\/\/avalencia.com\/fr\/?s={search_term_string}\"},\"query-input\":{\"@type\":\"PropertyValueSpecification\",\"valueRequired\":true,\"valueName\":\"search_term_string\"}}],\"inLanguage\":\"fr-FR\"},{\"@type\":\"Organization\",\"@id\":\"https:\/\/avalencia.com\/fr\/#organization\",\"name\":\"Gu\u00eda Valencia\",\"url\":\"https:\/\/avalencia.com\/fr\/\",\"logo\":{\"@type\":\"ImageObject\",\"inLanguage\":\"fr-FR\",\"@id\":\"https:\/\/avalencia.com\/fr\/#\/schema\/logo\/image\/\",\"url\":\"\",\"contentUrl\":\"\",\"caption\":\"Gu\u00eda Valencia\"},\"image\":{\"@id\":\"https:\/\/avalencia.com\/fr\/#\/schema\/logo\/image\/\"},\"sameAs\":[\"https:\/\/www.facebook.com\/angela.marisoler\",\"https:\/\/x.com\/angelamari400\",\"https:\/\/www.instagram.com\/angelamarisoler\/\",\"https:\/\/www.linkedin.com\/feed\/?trk=guest_homepage-basic_sign-in-submit\",\"https:\/\/www.youtube.com\/channel\/UC4bWyTV2CWI65Qf0r1pjuXg?view_as=subscriber\"]}]}<\/script>\n<!-- \/ Yoast SEO plugin. -->","yoast_head_json":{"title":"Itin\u00e9raires touristiques \u00e0 Valencia avec un guide officiel- AVALENCIA","description":"Itin\u00e9raires touristiques \u00e0 Valencia, parfaites pour d\u00e9couvrir les lieux embl\u00e9matiques de cette ville appelez-moi, je vous la montrerai!","robots":{"index":"index","follow":"follow","max-snippet":"max-snippet:-1","max-image-preview":"max-image-preview:large","max-video-preview":"max-video-preview:-1"},"canonical":"https:\/\/avalencia.com\/fr\/itineraires-touristiques-a-valencia\/","og_locale":"fr_FR","og_type":"article","og_title":"Itin\u00e9raires touristiques \u00e0 Valencia avec un guide officiel- AVALENCIA","og_description":"Itin\u00e9raires touristiques \u00e0 Valencia, parfaites pour d\u00e9couvrir les lieux embl\u00e9matiques de cette ville appelez-moi, je vous la montrerai!","og_url":"https:\/\/avalencia.com\/fr\/itineraires-touristiques-a-valencia\/","og_site_name":"AVALENCIA","article_publisher":"https:\/\/www.facebook.com\/angela.marisoler","article_modified_time":"2022-08-17T17:04:24+00:00","og_image":[{"width":896,"height":472,"url":"https:\/\/avalencia.com\/wp-content\/uploads\/2022\/08\/Destacada-GP-Rafa-Itinerario-Albufera-03-08-2020-webp-e1660469372747.webp","type":"image\/webp"}],"twitter_card":"summary_large_image","twitter_site":"@angelamari400","twitter_misc":{"Est. reading time":"6 minutes"},"schema":{"@context":"https:\/\/schema.org","@graph":[{"@type":"WebPage","@id":"https:\/\/avalencia.com\/fr\/itineraires-touristiques-a-valencia\/","url":"https:\/\/avalencia.com\/fr\/itineraires-touristiques-a-valencia\/","name":"Itin\u00e9raires touristiques \u00e0 Valencia avec un guide officiel- AVALENCIA","isPartOf":{"@id":"https:\/\/avalencia.com\/fr\/#website"},"primaryImageOfPage":{"@id":"https:\/\/avalencia.com\/fr\/itineraires-touristiques-a-valencia\/#primaryimage"},"image":{"@id":"https:\/\/avalencia.com\/fr\/itineraires-touristiques-a-valencia\/#primaryimage"},"thumbnailUrl":"https:\/\/avalencia.com\/wp-content\/uploads\/2022\/08\/Destacada-GP-Rafa-Itinerario-Albufera-03-08-2020-webp-e1660469372747.webp","datePublished":"2020-05-04T15:55:24+00:00","dateModified":"2022-08-17T17:04:24+00:00","description":"Itin\u00e9raires touristiques \u00e0 Valencia, parfaites pour d\u00e9couvrir les lieux embl\u00e9matiques de cette ville appelez-moi, je vous la montrerai!","breadcrumb":{"@id":"https:\/\/avalencia.com\/fr\/itineraires-touristiques-a-valencia\/#breadcrumb"},"inLanguage":"fr-FR","potentialAction":[{"@type":"ReadAction","target":["https:\/\/avalencia.com\/fr\/itineraires-touristiques-a-valencia\/"]}]},{"@type":"ImageObject","inLanguage":"fr-FR","@id":"https:\/\/avalencia.com\/fr\/itineraires-touristiques-a-valencia\/#primaryimage","url":"https:\/\/avalencia.com\/wp-content\/uploads\/2022\/08\/Destacada-GP-Rafa-Itinerario-Albufera-03-08-2020-webp-e1660469372747.webp","contentUrl":"https:\/\/avalencia.com\/wp-content\/uploads\/2022\/08\/Destacada-GP-Rafa-Itinerario-Albufera-03-08-2020-webp-e1660469372747.webp","width":896,"height":472,"caption":"rutas por el Saler -Albufera"},{"@type":"BreadcrumbList","@id":"https:\/\/avalencia.com\/fr\/itineraires-touristiques-a-valencia\/#breadcrumb","itemListElement":[{"@type":"ListItem","position":1,"name":"Portada","item":"https:\/\/avalencia.com\/fr\/"},{"@type":"ListItem","position":2,"name":"Photos Groupe 1"}]},{"@type":"WebSite","@id":"https:\/\/avalencia.com\/fr\/#website","url":"https:\/\/avalencia.com\/fr\/","name":"AVALENCIA","description":"Visitas culturales por Valencia y alrededores","publisher":{"@id":"https:\/\/avalencia.com\/fr\/#organization"},"potentialAction":[{"@type":"SearchAction","target":{"@type":"EntryPoint","urlTemplate":"https:\/\/avalencia.com\/fr\/?s={search_term_string}"},"query-input":{"@type":"PropertyValueSpecification","valueRequired":true,"valueName":"search_term_string"}}],"inLanguage":"fr-FR"},{"@type":"Organization","@id":"https:\/\/avalencia.com\/fr\/#organization","name":"Gu\u00eda Valencia","url":"https:\/\/avalencia.com\/fr\/","logo":{"@type":"ImageObject","inLanguage":"fr-FR","@id":"https:\/\/avalencia.com\/fr\/#\/schema\/logo\/image\/","url":"","contentUrl":"","caption":"Gu\u00eda Valencia"},"image":{"@id":"https:\/\/avalencia.com\/fr\/#\/schema\/logo\/image\/"},"sameAs":["https:\/\/www.facebook.com\/angela.marisoler","https:\/\/x.com\/angelamari400","https:\/\/www.instagram.com\/angelamarisoler\/","https:\/\/www.linkedin.com\/feed\/?trk=guest_homepage-basic_sign-in-submit","https:\/\/www.youtube.com\/channel\/UC4bWyTV2CWI65Qf0r1pjuXg?view_as=subscriber"]}]}},"featured_image_src":"https:\/\/avalencia.com\/wp-content\/uploads\/2022\/08\/Destacada-GP-Rafa-Itinerario-Albufera-03-08-2020-webp-600x400.webp","featured_image_src_square":"https:\/\/avalencia.com\/wp-content\/uploads\/2022\/08\/Destacada-GP-Rafa-Itinerario-Albufera-03-08-2020-webp-600x472.webp","_links":{"self":[{"href":"https:\/\/avalencia.com\/fr\/wp-json\/wp\/v2\/pages\/6597","targetHints":{"allow":["GET"]}}],"collection":[{"href":"https:\/\/avalencia.com\/fr\/wp-json\/wp\/v2\/pages"}],"about":[{"href":"https:\/\/avalencia.com\/fr\/wp-json\/wp\/v2\/types\/page"}],"author":[{"embeddable":true,"href":"https:\/\/avalencia.com\/fr\/wp-json\/wp\/v2\/users\/3"}],"replies":[{"embeddable":true,"href":"https:\/\/avalencia.com\/fr\/wp-json\/wp\/v2\/comments?post=6597"}],"version-history":[{"count":0,"href":"https:\/\/avalencia.com\/fr\/wp-json\/wp\/v2\/pages\/6597\/revisions"}],"wp:featuredmedia":[{"embeddable":true,"href":"https:\/\/avalencia.com\/fr\/wp-json\/wp\/v2\/media\/17497"}],"wp:attachment":[{"href":"https:\/\/avalencia.com\/fr\/wp-json\/wp\/v2\/media?parent=6597"}],"curies":[{"name":"wp","href":"https:\/\/api.w.org\/{rel}","templated":true}]}}