{"id":6707,"date":"2020-05-05T07:36:57","date_gmt":"2020-05-05T07:36:57","guid":{"rendered":"https:\/\/avalencia.com\/?page_id=6707"},"modified":"2022-08-31T10:08:38","modified_gmt":"2022-08-31T10:08:38","slug":"le-musee-cathedrale-valencia","status":"publish","type":"page","link":"https:\/\/avalencia.com\/fr\/le-musee-cathedrale-valencia\/","title":{"rendered":"Le Mus\u00e9e Cath\u00e9drale Valencia"},"content":{"rendered":"\n<p><\/p>\n\n\n\n<h3 class=\"wp-block-heading\"><em><strong>Le Mus\u00e9e Cath\u00e9drale Valencia<\/strong><\/em><\/h3>\n\n\n\n<p>L\u2019actuel mus\u00e9e de la cath\u00e9drale de Valence ou Mus\u00e9e Dioc\u00e9sain de Valence trouve son origine au \u00ab Mus\u00e9e des Antiquit\u00e9s ou Mus\u00e9e Dioc\u00e9sain Valentino \u00bb qui fut cr\u00e9\u00e9 par l\u2019Archev\u00eaque Andr\u00e9s Mayoral en 1761. <\/p>\n\n\n\n<p>Le premier mus\u00e9e \u00e9tait situ\u00e9 dans l\u2019archev\u00each\u00e9 de Valence jusqu\u2019\u00e0 ce qu\u2019il disparaisse durant l\u2019invasion fran\u00e7aise.<br>La collection de la cath\u00e9drale de Valence est compos\u00e9e par plus de 1600 \u0153uvres d\u2019art parmi lesquelles il y en a environ 200 dans le mus\u00e9e. Le reste se trouve distribu\u00e9 dans la cath\u00e9drale, dans les chapelles de culte et les d\u00e9p\u00f4ts.<\/p>\n\n\n\n<figure class=\"wp-block-gallery has-nested-images columns-default is-cropped wp-block-gallery-1 is-layout-flex wp-block-gallery-is-layout-flex\">\n<figure class=\"wp-block-image size-full\"><a href=\"https:\/\/avalencia.com\/wp-content\/uploads\/2022\/08\/01-GL1-Museo-Catedral-GP-Italia-07-10-2017-34.webp\"><img decoding=\"async\" width=\"900\" height=\"604\" data-id=\"16798\" src=\"https:\/\/avalencia.com\/wp-content\/uploads\/2022\/08\/01-GL1-Museo-Catedral-GP-Italia-07-10-2017-34.webp\" alt=\"Mus\u00e9e Cath\u00e9drale de Valence\" class=\"wp-image-16798\" srcset=\"https:\/\/avalencia.com\/wp-content\/uploads\/2022\/08\/01-GL1-Museo-Catedral-GP-Italia-07-10-2017-34.webp 900w, https:\/\/avalencia.com\/wp-content\/uploads\/2022\/08\/01-GL1-Museo-Catedral-GP-Italia-07-10-2017-34-300x201.webp 300w, https:\/\/avalencia.com\/wp-content\/uploads\/2022\/08\/01-GL1-Museo-Catedral-GP-Italia-07-10-2017-34-768x515.webp 768w, https:\/\/avalencia.com\/wp-content\/uploads\/2022\/08\/01-GL1-Museo-Catedral-GP-Italia-07-10-2017-34-705x473.webp 705w\" sizes=\"(max-width: 900px) 100vw, 900px\" \/><\/a><\/figure>\n\n\n\n<figure class=\"wp-block-image size-full\"><a href=\"https:\/\/avalencia.com\/wp-content\/uploads\/2022\/08\/02-GL1-Museo-Catedral-.webp\"><img decoding=\"async\" width=\"900\" height=\"604\" data-id=\"16803\" src=\"https:\/\/avalencia.com\/wp-content\/uploads\/2022\/08\/02-GL1-Museo-Catedral-.webp\" alt=\"Visite Guid\u00e9e Cath\u00e9drale de Valence\" class=\"wp-image-16803\" srcset=\"https:\/\/avalencia.com\/wp-content\/uploads\/2022\/08\/02-GL1-Museo-Catedral-.webp 900w, https:\/\/avalencia.com\/wp-content\/uploads\/2022\/08\/02-GL1-Museo-Catedral--300x201.webp 300w, https:\/\/avalencia.com\/wp-content\/uploads\/2022\/08\/02-GL1-Museo-Catedral--768x515.webp 768w, https:\/\/avalencia.com\/wp-content\/uploads\/2022\/08\/02-GL1-Museo-Catedral--705x473.webp 705w\" sizes=\"(max-width: 900px) 100vw, 900px\" \/><\/a><\/figure>\n\n\n\n<figure class=\"wp-block-image size-full\"><a href=\"https:\/\/avalencia.com\/wp-content\/uploads\/2022\/08\/03-GL1-Museo-Catedral-GP-Italia-07-10-2017-35.webp\"><img decoding=\"async\" width=\"900\" height=\"604\" data-id=\"16808\" src=\"https:\/\/avalencia.com\/wp-content\/uploads\/2022\/08\/03-GL1-Museo-Catedral-GP-Italia-07-10-2017-35.webp\" alt=\"Visite guid\u00e9e de la cath\u00e9drale de Valence\" class=\"wp-image-16808\" srcset=\"https:\/\/avalencia.com\/wp-content\/uploads\/2022\/08\/03-GL1-Museo-Catedral-GP-Italia-07-10-2017-35.webp 900w, https:\/\/avalencia.com\/wp-content\/uploads\/2022\/08\/03-GL1-Museo-Catedral-GP-Italia-07-10-2017-35-300x201.webp 300w, https:\/\/avalencia.com\/wp-content\/uploads\/2022\/08\/03-GL1-Museo-Catedral-GP-Italia-07-10-2017-35-768x515.webp 768w, https:\/\/avalencia.com\/wp-content\/uploads\/2022\/08\/03-GL1-Museo-Catedral-GP-Italia-07-10-2017-35-705x473.webp 705w\" sizes=\"(max-width: 900px) 100vw, 900px\" \/><\/a><\/figure>\n\n\n\n<figure class=\"wp-block-image size-full\"><a href=\"https:\/\/avalencia.com\/wp-content\/uploads\/2022\/08\/04-GL1-Museo-Catedral-05-GP-Italia-17-01-2016-21-1024x768-1.webp\"><img decoding=\"async\" width=\"900\" height=\"604\" data-id=\"16813\" src=\"https:\/\/avalencia.com\/wp-content\/uploads\/2022\/08\/04-GL1-Museo-Catedral-05-GP-Italia-17-01-2016-21-1024x768-1.webp\" alt=\"cath\u00e9drale de Valence\" class=\"wp-image-16813\" srcset=\"https:\/\/avalencia.com\/wp-content\/uploads\/2022\/08\/04-GL1-Museo-Catedral-05-GP-Italia-17-01-2016-21-1024x768-1.webp 900w, https:\/\/avalencia.com\/wp-content\/uploads\/2022\/08\/04-GL1-Museo-Catedral-05-GP-Italia-17-01-2016-21-1024x768-1-300x201.webp 300w, https:\/\/avalencia.com\/wp-content\/uploads\/2022\/08\/04-GL1-Museo-Catedral-05-GP-Italia-17-01-2016-21-1024x768-1-768x515.webp 768w, https:\/\/avalencia.com\/wp-content\/uploads\/2022\/08\/04-GL1-Museo-Catedral-05-GP-Italia-17-01-2016-21-1024x768-1-705x473.webp 705w\" sizes=\"(max-width: 900px) 100vw, 900px\" \/><\/a><\/figure>\n\n\n\n<figure class=\"wp-block-image size-full\"><a href=\"https:\/\/avalencia.com\/wp-content\/uploads\/2022\/08\/05-GL1-Museo-Catedral-GP-Aleman-17-03-2016-11-1024x768-1.webp\"><img decoding=\"async\" width=\"900\" height=\"604\" data-id=\"16818\" src=\"https:\/\/avalencia.com\/wp-content\/uploads\/2022\/08\/05-GL1-Museo-Catedral-GP-Aleman-17-03-2016-11-1024x768-1.webp\" alt=\"Art de la Cath\u00e9drale de Valence\" class=\"wp-image-16818\" srcset=\"https:\/\/avalencia.com\/wp-content\/uploads\/2022\/08\/05-GL1-Museo-Catedral-GP-Aleman-17-03-2016-11-1024x768-1.webp 900w, https:\/\/avalencia.com\/wp-content\/uploads\/2022\/08\/05-GL1-Museo-Catedral-GP-Aleman-17-03-2016-11-1024x768-1-300x201.webp 300w, https:\/\/avalencia.com\/wp-content\/uploads\/2022\/08\/05-GL1-Museo-Catedral-GP-Aleman-17-03-2016-11-1024x768-1-768x515.webp 768w, https:\/\/avalencia.com\/wp-content\/uploads\/2022\/08\/05-GL1-Museo-Catedral-GP-Aleman-17-03-2016-11-1024x768-1-705x473.webp 705w\" sizes=\"(max-width: 900px) 100vw, 900px\" \/><\/a><\/figure>\n<\/figure>\n\n\n\n<p><br>Parmi les pi\u00e8ces qui ont le plus de valeur culturelle, dignes d\u2019\u00eatre admir\u00e9es in situ, on peut souligner les \u0153uvres de Goya et Maella, Juan de Juanes (la Derni\u00e8re C\u00e8ne). <\/p>\n\n\n\n<p>Vous pourrez voir aussi la salle consacr\u00e9 \u00e0 l\u2019art gothique avec les peintures des XIVe et XVe si\u00e8cles des auteurs tels que Mar\u00e7al de Sax, Antonio Peris, Jacomart o Reixach, en plus des sculptures des ap\u00f4tres sur la Fa\u00e7ade des Ap\u00f4tres de style gothique. <\/p>\n\n\n\n<p>Une autre salle est d\u00e9di\u00e9e \u00e0 l\u2019art de la Renaissance, dans celle-ci on pourra admirer des peintures du XVe et XVIe si\u00e8cle des artistes comme Paulo di San leocadio ou Maestro de Alzira. <\/p>\n\n\n\n<p>Il y a \u00e9galement l\u2019art mani\u00e9riste et l\u2019art acad\u00e9mique du XVIIIe si\u00e8cle qui est repr\u00e9sent\u00e9 avec les \u0153uvres de Vergara et Vicente L\u00f3pez.<\/p>\n\n\n\n<figure class=\"wp-block-gallery has-nested-images columns-default is-cropped wp-block-gallery-2 is-layout-flex wp-block-gallery-is-layout-flex\">\n<figure class=\"wp-block-image size-full\"><a href=\"https:\/\/avalencia.com\/wp-content\/uploads\/2022\/08\/01-GL2-Museo-Catedral-GP-Aleman-17-03-2016-2-1024x768-1.webp\"><img decoding=\"async\" width=\"900\" height=\"604\" data-id=\"16823\" src=\"https:\/\/avalencia.com\/wp-content\/uploads\/2022\/08\/01-GL2-Museo-Catedral-GP-Aleman-17-03-2016-2-1024x768-1.webp\" alt=\"Salle du Tr\u00e9sor Valencia\" class=\"wp-image-16823\" srcset=\"https:\/\/avalencia.com\/wp-content\/uploads\/2022\/08\/01-GL2-Museo-Catedral-GP-Aleman-17-03-2016-2-1024x768-1.webp 900w, https:\/\/avalencia.com\/wp-content\/uploads\/2022\/08\/01-GL2-Museo-Catedral-GP-Aleman-17-03-2016-2-1024x768-1-300x201.webp 300w, https:\/\/avalencia.com\/wp-content\/uploads\/2022\/08\/01-GL2-Museo-Catedral-GP-Aleman-17-03-2016-2-1024x768-1-768x515.webp 768w, https:\/\/avalencia.com\/wp-content\/uploads\/2022\/08\/01-GL2-Museo-Catedral-GP-Aleman-17-03-2016-2-1024x768-1-705x473.webp 705w\" sizes=\"(max-width: 900px) 100vw, 900px\" \/><\/a><\/figure>\n\n\n\n<figure class=\"wp-block-image size-full\"><a href=\"https:\/\/avalencia.com\/wp-content\/uploads\/2022\/08\/02-GL2-Museo-Catedral-G-P-Antonietta-Corvino-26-02-2017-42-1024x687-1.webp\"><img decoding=\"async\" width=\"900\" height=\"603\" data-id=\"16828\" src=\"https:\/\/avalencia.com\/wp-content\/uploads\/2022\/08\/02-GL2-Museo-Catedral-G-P-Antonietta-Corvino-26-02-2017-42-1024x687-1.webp\" alt=\"Calice ancienne cath\u00e9drale valence\" class=\"wp-image-16828\" srcset=\"https:\/\/avalencia.com\/wp-content\/uploads\/2022\/08\/02-GL2-Museo-Catedral-G-P-Antonietta-Corvino-26-02-2017-42-1024x687-1.webp 900w, https:\/\/avalencia.com\/wp-content\/uploads\/2022\/08\/02-GL2-Museo-Catedral-G-P-Antonietta-Corvino-26-02-2017-42-1024x687-1-300x201.webp 300w, https:\/\/avalencia.com\/wp-content\/uploads\/2022\/08\/02-GL2-Museo-Catedral-G-P-Antonietta-Corvino-26-02-2017-42-1024x687-1-768x515.webp 768w, https:\/\/avalencia.com\/wp-content\/uploads\/2022\/08\/02-GL2-Museo-Catedral-G-P-Antonietta-Corvino-26-02-2017-42-1024x687-1-705x472.webp 705w\" sizes=\"(max-width: 900px) 100vw, 900px\" \/><\/a><\/figure>\n\n\n\n<figure class=\"wp-block-image size-full\"><a href=\"https:\/\/avalencia.com\/wp-content\/uploads\/2022\/08\/03-GL2-Museo-Catedral-GP-Aleman-17-03-2016-3-1024x768-1.webp\"><img decoding=\"async\" width=\"900\" height=\"604\" data-id=\"16833\" src=\"https:\/\/avalencia.com\/wp-content\/uploads\/2022\/08\/03-GL2-Museo-Catedral-GP-Aleman-17-03-2016-3-1024x768-1.webp\" alt=\"Salle du tr\u00e9sor cath\u00e9drale de valence\" class=\"wp-image-16833\" srcset=\"https:\/\/avalencia.com\/wp-content\/uploads\/2022\/08\/03-GL2-Museo-Catedral-GP-Aleman-17-03-2016-3-1024x768-1.webp 900w, https:\/\/avalencia.com\/wp-content\/uploads\/2022\/08\/03-GL2-Museo-Catedral-GP-Aleman-17-03-2016-3-1024x768-1-300x201.webp 300w, https:\/\/avalencia.com\/wp-content\/uploads\/2022\/08\/03-GL2-Museo-Catedral-GP-Aleman-17-03-2016-3-1024x768-1-768x515.webp 768w, https:\/\/avalencia.com\/wp-content\/uploads\/2022\/08\/03-GL2-Museo-Catedral-GP-Aleman-17-03-2016-3-1024x768-1-705x473.webp 705w\" sizes=\"(max-width: 900px) 100vw, 900px\" \/><\/a><\/figure>\n\n\n\n<figure class=\"wp-block-image size-full\"><a href=\"https:\/\/avalencia.com\/wp-content\/uploads\/2022\/08\/04-GL2-Museo-Catedral-GP-Pietro-17-07-2017-15-1024x687-1.webp\"><img decoding=\"async\" width=\"900\" height=\"604\" data-id=\"16838\" src=\"https:\/\/avalencia.com\/wp-content\/uploads\/2022\/08\/04-GL2-Museo-Catedral-GP-Pietro-17-07-2017-15-1024x687-1.webp\" alt=\"Tr\u00e9sor cath\u00e9drale valence\" class=\"wp-image-16838\" srcset=\"https:\/\/avalencia.com\/wp-content\/uploads\/2022\/08\/04-GL2-Museo-Catedral-GP-Pietro-17-07-2017-15-1024x687-1.webp 900w, https:\/\/avalencia.com\/wp-content\/uploads\/2022\/08\/04-GL2-Museo-Catedral-GP-Pietro-17-07-2017-15-1024x687-1-300x201.webp 300w, https:\/\/avalencia.com\/wp-content\/uploads\/2022\/08\/04-GL2-Museo-Catedral-GP-Pietro-17-07-2017-15-1024x687-1-768x515.webp 768w, https:\/\/avalencia.com\/wp-content\/uploads\/2022\/08\/04-GL2-Museo-Catedral-GP-Pietro-17-07-2017-15-1024x687-1-705x473.webp 705w\" sizes=\"(max-width: 900px) 100vw, 900px\" \/><\/a><\/figure>\n\n\n\n<figure class=\"wp-block-image size-full\"><a href=\"https:\/\/avalencia.com\/wp-content\/uploads\/2022\/08\/05GL2-Museo-Catedral-Museo-Catedral-GP-Tino-25-03-2016-40.webp\"><img decoding=\"async\" width=\"900\" height=\"604\" data-id=\"16843\" src=\"https:\/\/avalencia.com\/wp-content\/uploads\/2022\/08\/05GL2-Museo-Catedral-Museo-Catedral-GP-Tino-25-03-2016-40.webp\" alt=\"Art baroque cath\u00e9drale valence\" class=\"wp-image-16843\" srcset=\"https:\/\/avalencia.com\/wp-content\/uploads\/2022\/08\/05GL2-Museo-Catedral-Museo-Catedral-GP-Tino-25-03-2016-40.webp 900w, https:\/\/avalencia.com\/wp-content\/uploads\/2022\/08\/05GL2-Museo-Catedral-Museo-Catedral-GP-Tino-25-03-2016-40-300x201.webp 300w, https:\/\/avalencia.com\/wp-content\/uploads\/2022\/08\/05GL2-Museo-Catedral-Museo-Catedral-GP-Tino-25-03-2016-40-768x515.webp 768w, https:\/\/avalencia.com\/wp-content\/uploads\/2022\/08\/05GL2-Museo-Catedral-Museo-Catedral-GP-Tino-25-03-2016-40-705x473.webp 705w\" sizes=\"(max-width: 900px) 100vw, 900px\" \/><\/a><\/figure>\n<\/figure>\n\n\n\n<h4 class=\"wp-block-heading\">Dans la salle du Tr\u00e9sor, vous pourrez voir de l\u2019orf\u00e8vrerie du XIVe au XXe si\u00e8cle.<\/h4>\n\n\n\n<p>Parmi ses tr\u00e9sors se trouve <strong>l\u2019ostensoir <\/strong>monumental du Corpus Christi en argent dor\u00e9 et avec des pierres pr\u00e9cieuses (1945-1954). <\/p>\n\n\n\n<p>Il fut construit gr\u00e2ce \u00e0 des donations d\u2019innombrables fid\u00e8les valenciens.<\/p>\n\n\n\n<h4 class=\"wp-block-heading\">Pour plus d\u2019informations :&nbsp;<\/h4>\n\n\n\n<p><a href=\"https:\/\/museocatedralvalencia.com\/la-visita\/horarios-y-tarifas\/\" target=\"_blank\" rel=\"noopener noreferrer\"><strong>Mus\u00e9e Catedral Valencia<\/strong><\/a><\/p>\n\n\n\n<p>Prix d\u2019entr\u00e9e \u00e0 la cath\u00e9drale : <strong>4 euros<\/strong><br>Ce prix inclus la visite du Mus\u00e9e Cath\u00e9drale de Valence qui fut inaugur\u00e9 en juin 2016 apr\u00e8s une restauration et un agrandissement en septembre 2014.<\/p>\n\n\n\n<div class=\"wp-block-buttons is-layout-flex wp-block-buttons-is-layout-flex\">\n<div class=\"wp-block-button\"><a class=\"wp-block-button__link\" href=\"https:\/\/avalencia.com\/fr\/guide-officiel-de-valence\/\" target=\"_blank\" rel=\"noreferrer noopener\">Contact<\/a><\/div>\n<\/div>\n\n\n\n<div style=\"height:49px\" aria-hidden=\"true\" class=\"wp-block-spacer\"><\/div>\n\n\n\n\n\n<div  class='av-social-sharing-box  avia-builder-el-1  el_after_av_masonry_gallery  avia-builder-el-no-sibling  '><div class='av-share-box'><h5 class='av-share-link-description av-no-toc '>Partager<\/h5><ul class='av-share-box-list noLightbox'><li class='av-share-link av-social-link-facebook' ><a target=\"_blank\" aria-label=\"Partager sur Facebook\" href='https:\/\/www.facebook.com\/sharer.php?u=https:\/\/avalencia.com\/fr\/le-musee-cathedrale-valencia\/&#038;t=Le%20Mus%C3%A9e%20Cath%C3%A9drale%20Valencia' aria-hidden='false' data-av_icon='\ue8f3' data-av_iconfont='entypo-fontello' title='' data-avia-related-tooltip='Partager sur Facebook' rel=\"noopener\"><span class='avia_hidden_link_text'>Partager sur Facebook<\/span><\/a><\/li><li class='av-share-link av-social-link-twitter' ><a target=\"_blank\" aria-label=\"Partager sur Twitter\" href='https:\/\/twitter.com\/share?text=Le%20Mus%C3%A9e%20Cath%C3%A9drale%20Valencia&#038;url=https:\/\/avalencia.com\/fr\/?p=6707' aria-hidden='false' data-av_icon='\ue8f1' data-av_iconfont='entypo-fontello' title='' data-avia-related-tooltip='Partager sur Twitter' rel=\"noopener\"><span class='avia_hidden_link_text'>Partager sur Twitter<\/span><\/a><\/li><li class='av-share-link av-social-link-pinterest' ><a target=\"_blank\" aria-label=\"Partager sur Pinterest\" href='https:\/\/pinterest.com\/pin\/create\/button\/?url=https%3A%2F%2Favalencia.com%2Ffr%2Fle-musee-cathedrale-valencia%2F&#038;description=Le%20Mus%C3%A9e%20Cath%C3%A9drale%20Valencia&#038;media=https%3A%2F%2Favalencia.com%2Fwp-content%2Fuploads%2F2022%2F08%2FDestacada-Museo-CatedralGP-Italia-07-10-2017-38-1024x768-1-705x473.webp' aria-hidden='false' data-av_icon='\ue8f8' data-av_iconfont='entypo-fontello' title='' data-avia-related-tooltip='Partager sur Pinterest' rel=\"noopener\"><span class='avia_hidden_link_text'>Partager sur Pinterest<\/span><\/a><\/li><li class='av-share-link av-social-link-linkedin' ><a target=\"_blank\" aria-label=\"Partager sur LinkedIn\" href='https:\/\/linkedin.com\/shareArticle?mini=true&#038;title=Le%20Mus%C3%A9e%20Cath%C3%A9drale%20Valencia&#038;url=https:\/\/avalencia.com\/fr\/le-musee-cathedrale-valencia\/' aria-hidden='false' data-av_icon='\ue8fc' data-av_iconfont='entypo-fontello' title='' data-avia-related-tooltip='Partager sur LinkedIn' rel=\"noopener\"><span class='avia_hidden_link_text'>Partager sur LinkedIn<\/span><\/a><\/li><li class='av-share-link av-social-link-mail' ><a  aria-label=\"Partager par Mail\" href='mailto:?subject=Le%20Mus%C3%A9e%20Cath%C3%A9drale%20Valencia&#038;body=https:\/\/avalencia.com\/fr\/le-musee-cathedrale-valencia\/' aria-hidden='false' data-av_icon='\ue805' data-av_iconfont='entypo-fontello' title='' data-avia-related-tooltip='Partager par Mail'><span class='avia_hidden_link_text'>Partager par Mail<\/span><\/a><\/li><\/ul><\/div><\/div>\n","protected":false},"excerpt":{"rendered":"<p>Le Mus\u00e9e Cath\u00e9drale Valencia L\u2019actuel mus\u00e9e de la cath\u00e9drale de Valence ou Mus\u00e9e Dioc\u00e9sain de Valence trouve son origine au \u00ab Mus\u00e9e des Antiquit\u00e9s ou Mus\u00e9e Dioc\u00e9sain Valentino \u00bb qui fut cr\u00e9\u00e9 par l\u2019Archev\u00eaque Andr\u00e9s Mayoral en 1761. Le premier mus\u00e9e \u00e9tait situ\u00e9 dans l\u2019archev\u00each\u00e9 de Valence jusqu\u2019\u00e0 ce qu\u2019il disparaisse durant l\u2019invasion fran\u00e7aise.La collection [&hellip;]<\/p>\n","protected":false},"author":3,"featured_media":16793,"parent":0,"menu_order":0,"comment_status":"closed","ping_status":"closed","template":"","meta":{"footnotes":""},"class_list":["post-6707","page","type-page","status-publish","has-post-thumbnail","hentry"],"yoast_head":"<!-- This site is optimized with the Yoast SEO plugin v26.8 - https:\/\/yoast.com\/product\/yoast-seo-wordpress\/ -->\n<title>Le Mus\u00e9e Cath\u00e9drale Valencia avec un guide officiel<\/title>\n<meta name=\"description\" content=\"L\u2019actuel Mus\u00e9e Cath\u00e9drale Valencia ou Mus\u00e9e Dioc\u00e9sain de Valence trouve son origine au \u00ab Mus\u00e9e des Antiquit\u00e9s ou Mus\u00e9e Dioc\u00e9sain Valentino \u00bb qui fut cr\u00e9\u00e9 par l\u2019Archev\u00eaque Andr\u00e9s Mayoral en 1761\" \/>\n<meta name=\"robots\" content=\"index, follow, max-snippet:-1, max-image-preview:large, max-video-preview:-1\" \/>\n<link rel=\"canonical\" href=\"https:\/\/avalencia.com\/fr\/le-musee-cathedrale-valencia\/\" \/>\n<meta property=\"og:locale\" content=\"fr_FR\" \/>\n<meta property=\"og:type\" content=\"article\" \/>\n<meta property=\"og:title\" content=\"Le Mus\u00e9e Cath\u00e9drale Valencia avec un guide officiel\" \/>\n<meta property=\"og:description\" content=\"L\u2019actuel Mus\u00e9e Cath\u00e9drale Valencia ou Mus\u00e9e Dioc\u00e9sain de Valence trouve son origine au \u00ab Mus\u00e9e des Antiquit\u00e9s ou Mus\u00e9e Dioc\u00e9sain Valentino \u00bb qui fut cr\u00e9\u00e9 par l\u2019Archev\u00eaque Andr\u00e9s Mayoral en 1761\" \/>\n<meta property=\"og:url\" content=\"https:\/\/avalencia.com\/fr\/le-musee-cathedrale-valencia\/\" \/>\n<meta property=\"og:site_name\" content=\"AVALENCIA\" \/>\n<meta property=\"article:publisher\" content=\"https:\/\/www.facebook.com\/angela.marisoler\" \/>\n<meta property=\"article:modified_time\" content=\"2022-08-31T10:08:38+00:00\" \/>\n<meta property=\"og:image\" content=\"https:\/\/avalencia.com\/wp-content\/uploads\/2022\/08\/Destacada-Museo-CatedralGP-Italia-07-10-2017-38-1024x768-1.webp\" \/>\n\t<meta property=\"og:image:width\" content=\"1024\" \/>\n\t<meta property=\"og:image:height\" content=\"687\" \/>\n\t<meta property=\"og:image:type\" content=\"image\/webp\" \/>\n<meta name=\"twitter:card\" content=\"summary_large_image\" \/>\n<meta name=\"twitter:site\" content=\"@angelamari400\" \/>\n<meta name=\"twitter:label1\" content=\"Est. reading time\" \/>\n\t<meta name=\"twitter:data1\" content=\"4 minutes\" \/>\n<script type=\"application\/ld+json\" class=\"yoast-schema-graph\">{\"@context\":\"https:\/\/schema.org\",\"@graph\":[{\"@type\":\"WebPage\",\"@id\":\"https:\/\/avalencia.com\/fr\/le-musee-cathedrale-valencia\/\",\"url\":\"https:\/\/avalencia.com\/fr\/le-musee-cathedrale-valencia\/\",\"name\":\"Le Mus\u00e9e Cath\u00e9drale Valencia avec un guide officiel\",\"isPartOf\":{\"@id\":\"https:\/\/avalencia.com\/fr\/#website\"},\"primaryImageOfPage\":{\"@id\":\"https:\/\/avalencia.com\/fr\/le-musee-cathedrale-valencia\/#primaryimage\"},\"image\":{\"@id\":\"https:\/\/avalencia.com\/fr\/le-musee-cathedrale-valencia\/#primaryimage\"},\"thumbnailUrl\":\"https:\/\/avalencia.com\/wp-content\/uploads\/2022\/08\/Destacada-Museo-CatedralGP-Italia-07-10-2017-38-1024x768-1.webp\",\"datePublished\":\"2020-05-05T07:36:57+00:00\",\"dateModified\":\"2022-08-31T10:08:38+00:00\",\"description\":\"L\u2019actuel Mus\u00e9e Cath\u00e9drale Valencia ou Mus\u00e9e Dioc\u00e9sain de Valence trouve son origine au \u00ab Mus\u00e9e des Antiquit\u00e9s ou Mus\u00e9e Dioc\u00e9sain Valentino \u00bb qui fut cr\u00e9\u00e9 par l\u2019Archev\u00eaque Andr\u00e9s Mayoral en 1761\",\"breadcrumb\":{\"@id\":\"https:\/\/avalencia.com\/fr\/le-musee-cathedrale-valencia\/#breadcrumb\"},\"inLanguage\":\"fr-FR\",\"potentialAction\":[{\"@type\":\"ReadAction\",\"target\":[\"https:\/\/avalencia.com\/fr\/le-musee-cathedrale-valencia\/\"]}]},{\"@type\":\"ImageObject\",\"inLanguage\":\"fr-FR\",\"@id\":\"https:\/\/avalencia.com\/fr\/le-musee-cathedrale-valencia\/#primaryimage\",\"url\":\"https:\/\/avalencia.com\/wp-content\/uploads\/2022\/08\/Destacada-Museo-CatedralGP-Italia-07-10-2017-38-1024x768-1.webp\",\"contentUrl\":\"https:\/\/avalencia.com\/wp-content\/uploads\/2022\/08\/Destacada-Museo-CatedralGP-Italia-07-10-2017-38-1024x768-1.webp\",\"width\":1024,\"height\":687},{\"@type\":\"BreadcrumbList\",\"@id\":\"https:\/\/avalencia.com\/fr\/le-musee-cathedrale-valencia\/#breadcrumb\",\"itemListElement\":[{\"@type\":\"ListItem\",\"position\":1,\"name\":\"Portada\",\"item\":\"https:\/\/avalencia.com\/fr\/\"},{\"@type\":\"ListItem\",\"position\":2,\"name\":\"Le Mus\u00e9e Cath\u00e9drale Valencia\"}]},{\"@type\":\"WebSite\",\"@id\":\"https:\/\/avalencia.com\/fr\/#website\",\"url\":\"https:\/\/avalencia.com\/fr\/\",\"name\":\"AVALENCIA\",\"description\":\"Visitas culturales por Valencia y alrededores\",\"publisher\":{\"@id\":\"https:\/\/avalencia.com\/fr\/#organization\"},\"potentialAction\":[{\"@type\":\"SearchAction\",\"target\":{\"@type\":\"EntryPoint\",\"urlTemplate\":\"https:\/\/avalencia.com\/fr\/?s={search_term_string}\"},\"query-input\":{\"@type\":\"PropertyValueSpecification\",\"valueRequired\":true,\"valueName\":\"search_term_string\"}}],\"inLanguage\":\"fr-FR\"},{\"@type\":\"Organization\",\"@id\":\"https:\/\/avalencia.com\/fr\/#organization\",\"name\":\"Gu\u00eda Valencia\",\"url\":\"https:\/\/avalencia.com\/fr\/\",\"logo\":{\"@type\":\"ImageObject\",\"inLanguage\":\"fr-FR\",\"@id\":\"https:\/\/avalencia.com\/fr\/#\/schema\/logo\/image\/\",\"url\":\"\",\"contentUrl\":\"\",\"caption\":\"Gu\u00eda Valencia\"},\"image\":{\"@id\":\"https:\/\/avalencia.com\/fr\/#\/schema\/logo\/image\/\"},\"sameAs\":[\"https:\/\/www.facebook.com\/angela.marisoler\",\"https:\/\/x.com\/angelamari400\",\"https:\/\/www.instagram.com\/angelamarisoler\/\",\"https:\/\/www.linkedin.com\/feed\/?trk=guest_homepage-basic_sign-in-submit\",\"https:\/\/www.youtube.com\/channel\/UC4bWyTV2CWI65Qf0r1pjuXg?view_as=subscriber\"]}]}<\/script>\n<!-- \/ Yoast SEO plugin. -->","yoast_head_json":{"title":"Le Mus\u00e9e Cath\u00e9drale Valencia avec un guide officiel","description":"L\u2019actuel Mus\u00e9e Cath\u00e9drale Valencia ou Mus\u00e9e Dioc\u00e9sain de Valence trouve son origine au \u00ab Mus\u00e9e des Antiquit\u00e9s ou Mus\u00e9e Dioc\u00e9sain Valentino \u00bb qui fut cr\u00e9\u00e9 par l\u2019Archev\u00eaque Andr\u00e9s Mayoral en 1761","robots":{"index":"index","follow":"follow","max-snippet":"max-snippet:-1","max-image-preview":"max-image-preview:large","max-video-preview":"max-video-preview:-1"},"canonical":"https:\/\/avalencia.com\/fr\/le-musee-cathedrale-valencia\/","og_locale":"fr_FR","og_type":"article","og_title":"Le Mus\u00e9e Cath\u00e9drale Valencia avec un guide officiel","og_description":"L\u2019actuel Mus\u00e9e Cath\u00e9drale Valencia ou Mus\u00e9e Dioc\u00e9sain de Valence trouve son origine au \u00ab Mus\u00e9e des Antiquit\u00e9s ou Mus\u00e9e Dioc\u00e9sain Valentino \u00bb qui fut cr\u00e9\u00e9 par l\u2019Archev\u00eaque Andr\u00e9s Mayoral en 1761","og_url":"https:\/\/avalencia.com\/fr\/le-musee-cathedrale-valencia\/","og_site_name":"AVALENCIA","article_publisher":"https:\/\/www.facebook.com\/angela.marisoler","article_modified_time":"2022-08-31T10:08:38+00:00","og_image":[{"width":1024,"height":687,"url":"https:\/\/avalencia.com\/wp-content\/uploads\/2022\/08\/Destacada-Museo-CatedralGP-Italia-07-10-2017-38-1024x768-1.webp","type":"image\/webp"}],"twitter_card":"summary_large_image","twitter_site":"@angelamari400","twitter_misc":{"Est. reading time":"4 minutes"},"schema":{"@context":"https:\/\/schema.org","@graph":[{"@type":"WebPage","@id":"https:\/\/avalencia.com\/fr\/le-musee-cathedrale-valencia\/","url":"https:\/\/avalencia.com\/fr\/le-musee-cathedrale-valencia\/","name":"Le Mus\u00e9e Cath\u00e9drale Valencia avec un guide officiel","isPartOf":{"@id":"https:\/\/avalencia.com\/fr\/#website"},"primaryImageOfPage":{"@id":"https:\/\/avalencia.com\/fr\/le-musee-cathedrale-valencia\/#primaryimage"},"image":{"@id":"https:\/\/avalencia.com\/fr\/le-musee-cathedrale-valencia\/#primaryimage"},"thumbnailUrl":"https:\/\/avalencia.com\/wp-content\/uploads\/2022\/08\/Destacada-Museo-CatedralGP-Italia-07-10-2017-38-1024x768-1.webp","datePublished":"2020-05-05T07:36:57+00:00","dateModified":"2022-08-31T10:08:38+00:00","description":"L\u2019actuel Mus\u00e9e Cath\u00e9drale Valencia ou Mus\u00e9e Dioc\u00e9sain de Valence trouve son origine au \u00ab Mus\u00e9e des Antiquit\u00e9s ou Mus\u00e9e Dioc\u00e9sain Valentino \u00bb qui fut cr\u00e9\u00e9 par l\u2019Archev\u00eaque Andr\u00e9s Mayoral en 1761","breadcrumb":{"@id":"https:\/\/avalencia.com\/fr\/le-musee-cathedrale-valencia\/#breadcrumb"},"inLanguage":"fr-FR","potentialAction":[{"@type":"ReadAction","target":["https:\/\/avalencia.com\/fr\/le-musee-cathedrale-valencia\/"]}]},{"@type":"ImageObject","inLanguage":"fr-FR","@id":"https:\/\/avalencia.com\/fr\/le-musee-cathedrale-valencia\/#primaryimage","url":"https:\/\/avalencia.com\/wp-content\/uploads\/2022\/08\/Destacada-Museo-CatedralGP-Italia-07-10-2017-38-1024x768-1.webp","contentUrl":"https:\/\/avalencia.com\/wp-content\/uploads\/2022\/08\/Destacada-Museo-CatedralGP-Italia-07-10-2017-38-1024x768-1.webp","width":1024,"height":687},{"@type":"BreadcrumbList","@id":"https:\/\/avalencia.com\/fr\/le-musee-cathedrale-valencia\/#breadcrumb","itemListElement":[{"@type":"ListItem","position":1,"name":"Portada","item":"https:\/\/avalencia.com\/fr\/"},{"@type":"ListItem","position":2,"name":"Le Mus\u00e9e Cath\u00e9drale Valencia"}]},{"@type":"WebSite","@id":"https:\/\/avalencia.com\/fr\/#website","url":"https:\/\/avalencia.com\/fr\/","name":"AVALENCIA","description":"Visitas culturales por Valencia y alrededores","publisher":{"@id":"https:\/\/avalencia.com\/fr\/#organization"},"potentialAction":[{"@type":"SearchAction","target":{"@type":"EntryPoint","urlTemplate":"https:\/\/avalencia.com\/fr\/?s={search_term_string}"},"query-input":{"@type":"PropertyValueSpecification","valueRequired":true,"valueName":"search_term_string"}}],"inLanguage":"fr-FR"},{"@type":"Organization","@id":"https:\/\/avalencia.com\/fr\/#organization","name":"Gu\u00eda Valencia","url":"https:\/\/avalencia.com\/fr\/","logo":{"@type":"ImageObject","inLanguage":"fr-FR","@id":"https:\/\/avalencia.com\/fr\/#\/schema\/logo\/image\/","url":"","contentUrl":"","caption":"Gu\u00eda Valencia"},"image":{"@id":"https:\/\/avalencia.com\/fr\/#\/schema\/logo\/image\/"},"sameAs":["https:\/\/www.facebook.com\/angela.marisoler","https:\/\/x.com\/angelamari400","https:\/\/www.instagram.com\/angelamarisoler\/","https:\/\/www.linkedin.com\/feed\/?trk=guest_homepage-basic_sign-in-submit","https:\/\/www.youtube.com\/channel\/UC4bWyTV2CWI65Qf0r1pjuXg?view_as=subscriber"]}]}},"featured_image_src":"https:\/\/avalencia.com\/wp-content\/uploads\/2022\/08\/Destacada-Museo-CatedralGP-Italia-07-10-2017-38-1024x768-1-600x400.webp","featured_image_src_square":"https:\/\/avalencia.com\/wp-content\/uploads\/2022\/08\/Destacada-Museo-CatedralGP-Italia-07-10-2017-38-1024x768-1-600x600.webp","_links":{"self":[{"href":"https:\/\/avalencia.com\/fr\/wp-json\/wp\/v2\/pages\/6707","targetHints":{"allow":["GET"]}}],"collection":[{"href":"https:\/\/avalencia.com\/fr\/wp-json\/wp\/v2\/pages"}],"about":[{"href":"https:\/\/avalencia.com\/fr\/wp-json\/wp\/v2\/types\/page"}],"author":[{"embeddable":true,"href":"https:\/\/avalencia.com\/fr\/wp-json\/wp\/v2\/users\/3"}],"replies":[{"embeddable":true,"href":"https:\/\/avalencia.com\/fr\/wp-json\/wp\/v2\/comments?post=6707"}],"version-history":[{"count":0,"href":"https:\/\/avalencia.com\/fr\/wp-json\/wp\/v2\/pages\/6707\/revisions"}],"wp:featuredmedia":[{"embeddable":true,"href":"https:\/\/avalencia.com\/fr\/wp-json\/wp\/v2\/media\/16793"}],"wp:attachment":[{"href":"https:\/\/avalencia.com\/fr\/wp-json\/wp\/v2\/media?parent=6707"}],"curies":[{"name":"wp","href":"https:\/\/api.w.org\/{rel}","templated":true}]}}