{"id":6721,"date":"2020-05-05T08:43:55","date_gmt":"2020-05-05T08:43:55","guid":{"rendered":"https:\/\/avalencia.com\/?page_id=6721"},"modified":"2022-10-29T11:39:03","modified_gmt":"2022-10-29T11:39:03","slug":"visiter-sagunto-valencia","status":"publish","type":"page","link":"https:\/\/avalencia.com\/fr\/visiter-sagunto-valencia\/","title":{"rendered":"Sagunto"},"content":{"rendered":"\n<p><\/p>\n\n\n\n<h4 class=\"wp-block-heading\"> <strong><em>SAGUNTO : SON HISTOIRE ET SES MONUMENTS<\/em><\/strong><\/h4>\n\n\n\n<figure class=\"wp-block-embed is-type-video is-provider-youtube wp-block-embed-youtube wp-embed-aspect-16-9 wp-has-aspect-ratio\"><div class=\"wp-block-embed__wrapper\">\n<div class='avia-iframe-wrap'><iframe title=\"Sagunto visitas guiadas - Angela Mar\u00ed Soler\" width=\"1500\" height=\"844\" src=\"https:\/\/www.youtube.com\/embed\/uqYy567LGSI?feature=oembed\" frameborder=\"0\" allow=\"accelerometer; autoplay; clipboard-write; encrypted-media; gyroscope; picture-in-picture\" allowfullscreen><\/iframe><\/div>\n<\/div><\/figure>\n\n\n\n<figure class=\"wp-block-embed is-type-video is-provider-youtube wp-block-embed-youtube wp-embed-aspect-16-9 wp-has-aspect-ratio\"><div class=\"wp-block-embed__wrapper\">\n<div class='avia-iframe-wrap'><iframe title=\"Sagunto Valencia\" width=\"1500\" height=\"844\" src=\"https:\/\/www.youtube.com\/embed\/UX5l53qJ36w?feature=oembed\" frameborder=\"0\" allow=\"accelerometer; autoplay; clipboard-write; encrypted-media; gyroscope; picture-in-picture\" allowfullscreen><\/iframe><\/div>\n<\/div><\/figure>\n\n\n\n<h5 class=\"wp-block-heading\"><em><strong>Excursion dans la ville de Sagunto Valencia.<\/strong><\/em><\/h5>\n\n\n\n<p>La ville de Sagunto domine la plaine fertile valencienne depuis une colline tr\u00e8s proche de la mer o\u00f9 r\u00e9sonne encore l\u2019\u00e9cho du si\u00e8ge d\u2019Anibal sur la cit\u00e9. Cette page h\u00e9ro\u00efque bouleversa la ville de Rome, qui, \u00e0 partir de cet exploit, d\u00e9cida de la convertir en ville pr\u00e9f\u00e9r\u00e9e sur l\u2019itin\u00e9raire marqu\u00e9e par la Voie Augusta.<br>La colline se trouve d\u00e9fendue par une grande forteresse de pr\u00e8s d\u2019un kilom\u00e8tre de long, entour\u00e9e par des remparts aux trac\u00e9s vari\u00e9s, romans et m\u00e9di\u00e9vaux, l\u2019espace int\u00e9rieur distribu\u00e9 par sept places.<br>Dans la forteresse, nous pourrons voir des ruines du forum romain,des citernes, des colonnes, des f\u00fbts de colonnes, de plusieurs \u00e9poques.<\/p>\n\n\n\n<figure class=\"wp-block-gallery has-nested-images columns-default is-cropped wp-block-gallery-1 is-layout-flex wp-block-gallery-is-layout-flex\">\n<figure class=\"wp-block-image size-large\"><a href=\"https:\/\/avalencia.com\/wp-content\/uploads\/2022\/07\/GL-01-01-GP-Italia-30-12-2018-11-1-1.webp\"><img decoding=\"async\" width=\"900\" height=\"604\" data-id=\"16452\" src=\"https:\/\/avalencia.com\/wp-content\/uploads\/2022\/07\/GL-01-01-GP-Italia-30-12-2018-11-1-1.webp\" alt=\"\" class=\"wp-image-16452\" srcset=\"https:\/\/avalencia.com\/wp-content\/uploads\/2022\/07\/GL-01-01-GP-Italia-30-12-2018-11-1-1.webp 900w, https:\/\/avalencia.com\/wp-content\/uploads\/2022\/07\/GL-01-01-GP-Italia-30-12-2018-11-1-1-300x201.webp 300w, https:\/\/avalencia.com\/wp-content\/uploads\/2022\/07\/GL-01-01-GP-Italia-30-12-2018-11-1-1-768x515.webp 768w, https:\/\/avalencia.com\/wp-content\/uploads\/2022\/07\/GL-01-01-GP-Italia-30-12-2018-11-1-1-705x473.webp 705w\" sizes=\"(max-width: 900px) 100vw, 900px\" \/><\/a><\/figure>\n\n\n\n<figure class=\"wp-block-image size-large\"><a href=\"https:\/\/avalencia.com\/wp-content\/uploads\/2022\/07\/GL-01-02-GP-HAMBURGER-12-10-2019-1-1-1.webp\"><img decoding=\"async\" width=\"900\" height=\"506\" data-id=\"16457\" src=\"https:\/\/avalencia.com\/wp-content\/uploads\/2022\/07\/GL-01-02-GP-HAMBURGER-12-10-2019-1-1-1.webp\" alt=\"\" class=\"wp-image-16457\" srcset=\"https:\/\/avalencia.com\/wp-content\/uploads\/2022\/07\/GL-01-02-GP-HAMBURGER-12-10-2019-1-1-1.webp 900w, https:\/\/avalencia.com\/wp-content\/uploads\/2022\/07\/GL-01-02-GP-HAMBURGER-12-10-2019-1-1-1-300x169.webp 300w, https:\/\/avalencia.com\/wp-content\/uploads\/2022\/07\/GL-01-02-GP-HAMBURGER-12-10-2019-1-1-1-768x432.webp 768w, https:\/\/avalencia.com\/wp-content\/uploads\/2022\/07\/GL-01-02-GP-HAMBURGER-12-10-2019-1-1-1-705x396.webp 705w\" sizes=\"(max-width: 900px) 100vw, 900px\" \/><\/a><\/figure>\n\n\n\n<figure class=\"wp-block-image size-large\"><a href=\"https:\/\/avalencia.com\/wp-content\/uploads\/2022\/07\/GL-01-03-GP-Italia-30-12-2018-13-1-1.webp\"><img decoding=\"async\" width=\"900\" height=\"604\" data-id=\"16462\" src=\"https:\/\/avalencia.com\/wp-content\/uploads\/2022\/07\/GL-01-03-GP-Italia-30-12-2018-13-1-1.webp\" alt=\"\" class=\"wp-image-16462\" srcset=\"https:\/\/avalencia.com\/wp-content\/uploads\/2022\/07\/GL-01-03-GP-Italia-30-12-2018-13-1-1.webp 900w, https:\/\/avalencia.com\/wp-content\/uploads\/2022\/07\/GL-01-03-GP-Italia-30-12-2018-13-1-1-300x201.webp 300w, https:\/\/avalencia.com\/wp-content\/uploads\/2022\/07\/GL-01-03-GP-Italia-30-12-2018-13-1-1-768x515.webp 768w, https:\/\/avalencia.com\/wp-content\/uploads\/2022\/07\/GL-01-03-GP-Italia-30-12-2018-13-1-1-705x473.webp 705w\" sizes=\"(max-width: 900px) 100vw, 900px\" \/><\/a><\/figure>\n\n\n\n<figure class=\"wp-block-image size-large\"><a href=\"https:\/\/avalencia.com\/wp-content\/uploads\/2022\/07\/GL-01-04-GP-Italia-30-12-2018-.webp\"><img decoding=\"async\" width=\"900\" height=\"506\" data-id=\"16473\" src=\"https:\/\/avalencia.com\/wp-content\/uploads\/2022\/07\/GL-01-04-GP-Italia-30-12-2018-.webp\" alt=\"\" class=\"wp-image-16473\" srcset=\"https:\/\/avalencia.com\/wp-content\/uploads\/2022\/07\/GL-01-04-GP-Italia-30-12-2018-.webp 900w, https:\/\/avalencia.com\/wp-content\/uploads\/2022\/07\/GL-01-04-GP-Italia-30-12-2018--300x169.webp 300w, https:\/\/avalencia.com\/wp-content\/uploads\/2022\/07\/GL-01-04-GP-Italia-30-12-2018--768x432.webp 768w, https:\/\/avalencia.com\/wp-content\/uploads\/2022\/07\/GL-01-04-GP-Italia-30-12-2018--705x396.webp 705w\" sizes=\"(max-width: 900px) 100vw, 900px\" \/><\/a><\/figure>\n<\/figure>\n\n\n\n<h5 class=\"wp-block-heading\"><em>Durant ce parcours, nous pourrons visiter quelques \u00e9difices tr\u00e8s importants de Sagunto:&nbsp;<\/em><\/h5>\n\n\n\n<p><\/p>\n\n\n\n<figure class=\"wp-block-gallery has-nested-images columns-default is-cropped wp-block-gallery-2 is-layout-flex wp-block-gallery-is-layout-flex\">\n<figure class=\"wp-block-image size-large\"><a href=\"https:\/\/avalencia.com\/wp-content\/uploads\/2022\/07\/GL-02-01-Sagunto-15-GP-HAMBURGER-12-10-2019-23-1.webp\"><img decoding=\"async\" width=\"900\" height=\"675\" data-id=\"16480\" src=\"https:\/\/avalencia.com\/wp-content\/uploads\/2022\/07\/GL-02-01-Sagunto-15-GP-HAMBURGER-12-10-2019-23-1.webp\" alt=\"\" class=\"wp-image-16480\" srcset=\"https:\/\/avalencia.com\/wp-content\/uploads\/2022\/07\/GL-02-01-Sagunto-15-GP-HAMBURGER-12-10-2019-23-1.webp 900w, https:\/\/avalencia.com\/wp-content\/uploads\/2022\/07\/GL-02-01-Sagunto-15-GP-HAMBURGER-12-10-2019-23-1-300x225.webp 300w, https:\/\/avalencia.com\/wp-content\/uploads\/2022\/07\/GL-02-01-Sagunto-15-GP-HAMBURGER-12-10-2019-23-1-768x576.webp 768w, https:\/\/avalencia.com\/wp-content\/uploads\/2022\/07\/GL-02-01-Sagunto-15-GP-HAMBURGER-12-10-2019-23-1-705x529.webp 705w\" sizes=\"(max-width: 900px) 100vw, 900px\" \/><\/a><\/figure>\n\n\n\n<figure class=\"wp-block-image size-large\"><a href=\"https:\/\/avalencia.com\/wp-content\/uploads\/2022\/07\/GL-02-02-SaguntoValencia-8-05-2021.webp\"><img decoding=\"async\" width=\"900\" height=\"505\" data-id=\"16485\" src=\"https:\/\/avalencia.com\/wp-content\/uploads\/2022\/07\/GL-02-02-SaguntoValencia-8-05-2021.webp\" alt=\"\" class=\"wp-image-16485\" srcset=\"https:\/\/avalencia.com\/wp-content\/uploads\/2022\/07\/GL-02-02-SaguntoValencia-8-05-2021.webp 900w, https:\/\/avalencia.com\/wp-content\/uploads\/2022\/07\/GL-02-02-SaguntoValencia-8-05-2021-300x168.webp 300w, https:\/\/avalencia.com\/wp-content\/uploads\/2022\/07\/GL-02-02-SaguntoValencia-8-05-2021-768x431.webp 768w, https:\/\/avalencia.com\/wp-content\/uploads\/2022\/07\/GL-02-02-SaguntoValencia-8-05-2021-705x396.webp 705w\" sizes=\"(max-width: 900px) 100vw, 900px\" \/><\/a><\/figure>\n\n\n\n<figure class=\"wp-block-image size-large\"><a href=\"https:\/\/avalencia.com\/wp-content\/uploads\/2022\/07\/GL-02-03-Sagunto-13-GP-Italia-30-12-2018-26-Internet-1-1.webp\"><img decoding=\"async\" width=\"900\" height=\"604\" data-id=\"16490\" src=\"https:\/\/avalencia.com\/wp-content\/uploads\/2022\/07\/GL-02-03-Sagunto-13-GP-Italia-30-12-2018-26-Internet-1-1.webp\" alt=\"\" class=\"wp-image-16490\" srcset=\"https:\/\/avalencia.com\/wp-content\/uploads\/2022\/07\/GL-02-03-Sagunto-13-GP-Italia-30-12-2018-26-Internet-1-1.webp 900w, https:\/\/avalencia.com\/wp-content\/uploads\/2022\/07\/GL-02-03-Sagunto-13-GP-Italia-30-12-2018-26-Internet-1-1-300x201.webp 300w, https:\/\/avalencia.com\/wp-content\/uploads\/2022\/07\/GL-02-03-Sagunto-13-GP-Italia-30-12-2018-26-Internet-1-1-768x515.webp 768w, https:\/\/avalencia.com\/wp-content\/uploads\/2022\/07\/GL-02-03-Sagunto-13-GP-Italia-30-12-2018-26-Internet-1-1-705x473.webp 705w\" sizes=\"(max-width: 900px) 100vw, 900px\" \/><\/a><\/figure>\n<\/figure>\n\n\n\n<h4 class=\"wp-block-heading\">&#8211;<strong>Le Th\u00e9\u00e2tre Romain<\/strong><\/h4>\n\n\n\n<p>Actuellement restaur\u00e9. Il fut construit au Ier si\u00e8cle sur le flanc de la colline et utilisant la pente. Ce fut le premier monument d\u2019Espagne \u00e0 \u00eatre d\u00e9clar\u00e9 Monument historique national en 1896. Il offre des conditions acoustiques exceptionnelles pour la c\u00e9l\u00e9bration d\u2019\u00e9v\u00e8nements th\u00e9\u00e2traux et musicaux tel que \u00ab Sagunto en escena \u00bb qui a lieu en \u00e9t\u00e9.<\/p>\n\n\n\n<figure class=\"wp-block-gallery has-nested-images columns-default is-cropped wp-block-gallery-3 is-layout-flex wp-block-gallery-is-layout-flex\">\n<figure class=\"wp-block-image size-large\"><a href=\"https:\/\/avalencia.com\/wp-content\/uploads\/2022\/07\/GL-03-01-GP-Linares-03-05-2015-16-1.webp\"><img decoding=\"async\" width=\"900\" height=\"604\" data-id=\"16508\" src=\"https:\/\/avalencia.com\/wp-content\/uploads\/2022\/07\/GL-03-01-GP-Linares-03-05-2015-16-1.webp\" alt=\"\" class=\"wp-image-16508\" srcset=\"https:\/\/avalencia.com\/wp-content\/uploads\/2022\/07\/GL-03-01-GP-Linares-03-05-2015-16-1.webp 900w, https:\/\/avalencia.com\/wp-content\/uploads\/2022\/07\/GL-03-01-GP-Linares-03-05-2015-16-1-300x201.webp 300w, https:\/\/avalencia.com\/wp-content\/uploads\/2022\/07\/GL-03-01-GP-Linares-03-05-2015-16-1-768x515.webp 768w, https:\/\/avalencia.com\/wp-content\/uploads\/2022\/07\/GL-03-01-GP-Linares-03-05-2015-16-1-705x473.webp 705w\" sizes=\"(max-width: 900px) 100vw, 900px\" \/><\/a><\/figure>\n\n\n\n<figure class=\"wp-block-image size-large\"><a href=\"https:\/\/avalencia.com\/wp-content\/uploads\/2022\/07\/GL-03-02-GP-Linares-03-05-2015-17-1-1.webp\"><img decoding=\"async\" width=\"900\" height=\"604\" data-id=\"16513\" src=\"https:\/\/avalencia.com\/wp-content\/uploads\/2022\/07\/GL-03-02-GP-Linares-03-05-2015-17-1-1.webp\" alt=\"\" class=\"wp-image-16513\" srcset=\"https:\/\/avalencia.com\/wp-content\/uploads\/2022\/07\/GL-03-02-GP-Linares-03-05-2015-17-1-1.webp 900w, https:\/\/avalencia.com\/wp-content\/uploads\/2022\/07\/GL-03-02-GP-Linares-03-05-2015-17-1-1-300x201.webp 300w, https:\/\/avalencia.com\/wp-content\/uploads\/2022\/07\/GL-03-02-GP-Linares-03-05-2015-17-1-1-768x515.webp 768w, https:\/\/avalencia.com\/wp-content\/uploads\/2022\/07\/GL-03-02-GP-Linares-03-05-2015-17-1-1-705x473.webp 705w\" sizes=\"(max-width: 900px) 100vw, 900px\" \/><\/a><\/figure>\n\n\n\n<figure class=\"wp-block-image size-large\"><a href=\"https:\/\/avalencia.com\/wp-content\/uploads\/2022\/07\/GL-03-03-GP-Italia-30-12-2018-41-1-1.webp\"><img decoding=\"async\" width=\"900\" height=\"604\" data-id=\"16518\" src=\"https:\/\/avalencia.com\/wp-content\/uploads\/2022\/07\/GL-03-03-GP-Italia-30-12-2018-41-1-1.webp\" alt=\"\" class=\"wp-image-16518\" srcset=\"https:\/\/avalencia.com\/wp-content\/uploads\/2022\/07\/GL-03-03-GP-Italia-30-12-2018-41-1-1.webp 900w, https:\/\/avalencia.com\/wp-content\/uploads\/2022\/07\/GL-03-03-GP-Italia-30-12-2018-41-1-1-300x201.webp 300w, https:\/\/avalencia.com\/wp-content\/uploads\/2022\/07\/GL-03-03-GP-Italia-30-12-2018-41-1-1-768x515.webp 768w, https:\/\/avalencia.com\/wp-content\/uploads\/2022\/07\/GL-03-03-GP-Italia-30-12-2018-41-1-1-705x473.webp 705w\" sizes=\"(max-width: 900px) 100vw, 900px\" \/><\/a><\/figure>\n\n\n\n<figure class=\"wp-block-image size-large\"><a href=\"https:\/\/avalencia.com\/wp-content\/uploads\/2022\/07\/GL-03-04-GP-HAMBURGER-12-10-2019-26-1.webp\"><img decoding=\"async\" width=\"900\" height=\"675\" data-id=\"16523\" src=\"https:\/\/avalencia.com\/wp-content\/uploads\/2022\/07\/GL-03-04-GP-HAMBURGER-12-10-2019-26-1.webp\" alt=\"\" class=\"wp-image-16523\" srcset=\"https:\/\/avalencia.com\/wp-content\/uploads\/2022\/07\/GL-03-04-GP-HAMBURGER-12-10-2019-26-1.webp 900w, https:\/\/avalencia.com\/wp-content\/uploads\/2022\/07\/GL-03-04-GP-HAMBURGER-12-10-2019-26-1-300x225.webp 300w, https:\/\/avalencia.com\/wp-content\/uploads\/2022\/07\/GL-03-04-GP-HAMBURGER-12-10-2019-26-1-768x576.webp 768w, https:\/\/avalencia.com\/wp-content\/uploads\/2022\/07\/GL-03-04-GP-HAMBURGER-12-10-2019-26-1-705x529.webp 705w\" sizes=\"(max-width: 900px) 100vw, 900px\" \/><\/a><\/figure>\n\n\n\n<figure class=\"wp-block-image size-large\"><a href=\"https:\/\/avalencia.com\/wp-content\/uploads\/2022\/07\/GL-03-05-GP-Italia-30-12-2018-34-1.webp\"><img decoding=\"async\" width=\"900\" height=\"604\" data-id=\"16528\" src=\"https:\/\/avalencia.com\/wp-content\/uploads\/2022\/07\/GL-03-05-GP-Italia-30-12-2018-34-1.webp\" alt=\"\" class=\"wp-image-16528\" srcset=\"https:\/\/avalencia.com\/wp-content\/uploads\/2022\/07\/GL-03-05-GP-Italia-30-12-2018-34-1.webp 900w, https:\/\/avalencia.com\/wp-content\/uploads\/2022\/07\/GL-03-05-GP-Italia-30-12-2018-34-1-300x201.webp 300w, https:\/\/avalencia.com\/wp-content\/uploads\/2022\/07\/GL-03-05-GP-Italia-30-12-2018-34-1-768x515.webp 768w, https:\/\/avalencia.com\/wp-content\/uploads\/2022\/07\/GL-03-05-GP-Italia-30-12-2018-34-1-705x473.webp 705w\" sizes=\"(max-width: 900px) 100vw, 900px\" \/><\/a><\/figure>\n\n\n\n<figure class=\"wp-block-image size-large\"><a href=\"https:\/\/avalencia.com\/wp-content\/uploads\/2022\/07\/GL-03-06-GP-Italia-30-12-2018-37-1-1.webp\"><img decoding=\"async\" width=\"900\" height=\"604\" data-id=\"16533\" src=\"https:\/\/avalencia.com\/wp-content\/uploads\/2022\/07\/GL-03-06-GP-Italia-30-12-2018-37-1-1.webp\" alt=\"\" class=\"wp-image-16533\" srcset=\"https:\/\/avalencia.com\/wp-content\/uploads\/2022\/07\/GL-03-06-GP-Italia-30-12-2018-37-1-1.webp 900w, https:\/\/avalencia.com\/wp-content\/uploads\/2022\/07\/GL-03-06-GP-Italia-30-12-2018-37-1-1-300x201.webp 300w, https:\/\/avalencia.com\/wp-content\/uploads\/2022\/07\/GL-03-06-GP-Italia-30-12-2018-37-1-1-768x515.webp 768w, https:\/\/avalencia.com\/wp-content\/uploads\/2022\/07\/GL-03-06-GP-Italia-30-12-2018-37-1-1-705x473.webp 705w\" sizes=\"(max-width: 900px) 100vw, 900px\" \/><\/a><\/figure>\n<\/figure>\n\n\n\n<h4 class=\"wp-block-heading\">&#8211; <strong>Le Centre de R\u00e9ception des visiteurs ou Casa dels Berenguer<\/strong> <\/h4>\n\n\n\n<p>Il il faut souligner sa localisation en plein centre historique m\u00e9di\u00e9val \u00e0 c\u00f4t\u00e9 de l\u2019\u00c9glise de Santa Mar\u00eda et de l\u2019ancien quartier juif. Le b\u00e2timent a appartenu, \u00e0 l\u2019origine, \u00e0 la famille des Berenguer au moins du XIVe au XVIIIe si\u00e8cle. <\/p>\n\n\n\n<p>Il compte, parmi ses ruines,<strong> <a href=\"https:\/\/es.wikipedia.org\/wiki\/Mikve\" target=\"_blank\" rel=\"noreferrer noopener\">le Mikv\u00e9<\/a><\/strong> datant du XIVe si\u00e8cle, o\u00f9 se r\u00e9alisait des immersions et des rites de purification de la religion juive. L\u00e0, nous pourrons voir aussi <strong>des ruines du Temple de Diana<\/strong>, monument national datant du V &#8211; IVe si\u00e8cle av. J.C.<br><\/p>\n\n\n\n<p><strong>LE QUARTIER JUIF<\/strong> pr\u00e9sente des ruelles \u00e9troites avec des maisons en pierre, dont certaines sont peintes \u00e0 la chaux et d\u2019arcs en plein cintre et quelques acc\u00e8s en arc en ogive &#8211; comme \u00ab <strong>El Portalet de la Sang o de la Juder\u00eda\u00bb<\/strong> du XVe si\u00e8cle &#8211; par lesquels les ruelles communiquent et forment un ensemble int\u00e9ressant o\u00f9 s\u2019y promener et imaginer des temps anciens.<\/p>\n\n\n\n<h4 class=\"wp-block-heading\">-\u00ab<strong>La Ermita de la Sangre<\/strong> \u00bb (L\u2019Ermitage du Sang)<\/h4>\n\n\n\n<p>Un \u00e9difice de style baroque, construit au d\u00e9but du XVIIe si\u00e8cle. C\u2019est l\u00e0 que se trouve le si\u00e8ge de la \u00ab Cofradia de la Sangre \u00bb (Confr\u00e9rie du Sang) dont les origines remontent au d\u00e9but du XVIe si\u00e8cle. C\u2019est de l\u00e0 que partent la plupart des \u00e9v\u00e9nements liturgiques de la Semaine Sainte de Sagunto et \u00e0 l\u2019int\u00e9rieur sont gard\u00e9s les chars liturgiques.<\/p>\n\n\n\n<figure class=\"wp-block-gallery has-nested-images columns-default is-cropped wp-block-gallery-4 is-layout-flex wp-block-gallery-is-layout-flex\">\n<figure class=\"wp-block-image size-large\"><a href=\"https:\/\/avalencia.com\/wp-content\/uploads\/2022\/07\/GL-04-01-Sagunto-Igleria-GP-Italia-30-12-2018-_18_-1.webp\"><img decoding=\"async\" width=\"900\" height=\"604\" data-id=\"16538\" src=\"https:\/\/avalencia.com\/wp-content\/uploads\/2022\/07\/GL-04-01-Sagunto-Igleria-GP-Italia-30-12-2018-_18_-1.webp\" alt=\"\" class=\"wp-image-16538\" srcset=\"https:\/\/avalencia.com\/wp-content\/uploads\/2022\/07\/GL-04-01-Sagunto-Igleria-GP-Italia-30-12-2018-_18_-1.webp 900w, https:\/\/avalencia.com\/wp-content\/uploads\/2022\/07\/GL-04-01-Sagunto-Igleria-GP-Italia-30-12-2018-_18_-1-300x201.webp 300w, https:\/\/avalencia.com\/wp-content\/uploads\/2022\/07\/GL-04-01-Sagunto-Igleria-GP-Italia-30-12-2018-_18_-1-768x515.webp 768w, https:\/\/avalencia.com\/wp-content\/uploads\/2022\/07\/GL-04-01-Sagunto-Igleria-GP-Italia-30-12-2018-_18_-1-705x473.webp 705w\" sizes=\"(max-width: 900px) 100vw, 900px\" \/><\/a><\/figure>\n\n\n\n<figure class=\"wp-block-image size-large\"><a href=\"https:\/\/avalencia.com\/wp-content\/uploads\/2022\/07\/GL-04-02-Sagunto-Igleria-GP-Italia-30-12-2018-_18_-2.webp\"><img decoding=\"async\" width=\"900\" height=\"604\" data-id=\"16543\" src=\"https:\/\/avalencia.com\/wp-content\/uploads\/2022\/07\/GL-04-02-Sagunto-Igleria-GP-Italia-30-12-2018-_18_-2.webp\" alt=\"\" class=\"wp-image-16543\" srcset=\"https:\/\/avalencia.com\/wp-content\/uploads\/2022\/07\/GL-04-02-Sagunto-Igleria-GP-Italia-30-12-2018-_18_-2.webp 900w, https:\/\/avalencia.com\/wp-content\/uploads\/2022\/07\/GL-04-02-Sagunto-Igleria-GP-Italia-30-12-2018-_18_-2-300x201.webp 300w, https:\/\/avalencia.com\/wp-content\/uploads\/2022\/07\/GL-04-02-Sagunto-Igleria-GP-Italia-30-12-2018-_18_-2-768x515.webp 768w, https:\/\/avalencia.com\/wp-content\/uploads\/2022\/07\/GL-04-02-Sagunto-Igleria-GP-Italia-30-12-2018-_18_-2-705x473.webp 705w\" sizes=\"(max-width: 900px) 100vw, 900px\" \/><\/a><\/figure>\n\n\n\n<figure class=\"wp-block-image size-large\"><a href=\"https:\/\/avalencia.com\/wp-content\/uploads\/2022\/07\/GL-04-03-Sagunto-Iglesia-GP-Italia-30-12-2018-_15_-1.webp\"><img decoding=\"async\" width=\"900\" height=\"604\" data-id=\"16548\" src=\"https:\/\/avalencia.com\/wp-content\/uploads\/2022\/07\/GL-04-03-Sagunto-Iglesia-GP-Italia-30-12-2018-_15_-1.webp\" alt=\"\" class=\"wp-image-16548\" srcset=\"https:\/\/avalencia.com\/wp-content\/uploads\/2022\/07\/GL-04-03-Sagunto-Iglesia-GP-Italia-30-12-2018-_15_-1.webp 900w, https:\/\/avalencia.com\/wp-content\/uploads\/2022\/07\/GL-04-03-Sagunto-Iglesia-GP-Italia-30-12-2018-_15_-1-300x201.webp 300w, https:\/\/avalencia.com\/wp-content\/uploads\/2022\/07\/GL-04-03-Sagunto-Iglesia-GP-Italia-30-12-2018-_15_-1-768x515.webp 768w, https:\/\/avalencia.com\/wp-content\/uploads\/2022\/07\/GL-04-03-Sagunto-Iglesia-GP-Italia-30-12-2018-_15_-1-705x473.webp 705w\" sizes=\"(max-width: 900px) 100vw, 900px\" \/><\/a><\/figure>\n\n\n\n<figure class=\"wp-block-image size-large\"><a href=\"https:\/\/avalencia.com\/wp-content\/uploads\/2022\/07\/GL-04-04-Sagunto-Iglesia-GP-Italia-30-12-2018-_15_-1.webp\"><img decoding=\"async\" width=\"900\" height=\"604\" data-id=\"16553\" src=\"https:\/\/avalencia.com\/wp-content\/uploads\/2022\/07\/GL-04-04-Sagunto-Iglesia-GP-Italia-30-12-2018-_15_-1.webp\" alt=\"\" class=\"wp-image-16553\" srcset=\"https:\/\/avalencia.com\/wp-content\/uploads\/2022\/07\/GL-04-04-Sagunto-Iglesia-GP-Italia-30-12-2018-_15_-1.webp 900w, https:\/\/avalencia.com\/wp-content\/uploads\/2022\/07\/GL-04-04-Sagunto-Iglesia-GP-Italia-30-12-2018-_15_-1-300x201.webp 300w, https:\/\/avalencia.com\/wp-content\/uploads\/2022\/07\/GL-04-04-Sagunto-Iglesia-GP-Italia-30-12-2018-_15_-1-768x515.webp 768w, https:\/\/avalencia.com\/wp-content\/uploads\/2022\/07\/GL-04-04-Sagunto-Iglesia-GP-Italia-30-12-2018-_15_-1-705x473.webp 705w\" sizes=\"(max-width: 900px) 100vw, 900px\" \/><\/a><\/figure>\n<\/figure>\n\n\n\n<h4 class=\"wp-block-heading\">&#8211; <strong>Le Mus\u00e9e Arch\u00e9ologique<\/strong> de Sagunto Valencia<\/h4>\n\n\n\n<p>Il se trouve dans un ancien b\u00e2timent du XIVe si\u00e8cle connu sous le nom de \u00abMestre Penya \u00bb, nom de son ancien propri\u00e9taire. Auparavant, il servait de Bourse des Marchands ou \u00ab Almud\u00edn \u00bb ou entrep\u00f4t. L\u00e0 on pourra admirer des restes arch\u00e9ologiques trouv\u00e9s autour de la forteresse et aux alentours de la ville de Sagunto.<\/p>\n\n\n\n<figure class=\"wp-block-gallery has-nested-images columns-default is-cropped wp-block-gallery-5 is-layout-flex wp-block-gallery-is-layout-flex\">\n<figure class=\"wp-block-image size-large\"><a href=\"https:\/\/avalencia.com\/wp-content\/uploads\/2022\/07\/GL-05-01-GP-05-Sagunto-Museo-32-2.webp\"><img decoding=\"async\" width=\"900\" height=\"675\" data-id=\"16558\" src=\"https:\/\/avalencia.com\/wp-content\/uploads\/2022\/07\/GL-05-01-GP-05-Sagunto-Museo-32-2.webp\" alt=\"\" class=\"wp-image-16558\" srcset=\"https:\/\/avalencia.com\/wp-content\/uploads\/2022\/07\/GL-05-01-GP-05-Sagunto-Museo-32-2.webp 900w, https:\/\/avalencia.com\/wp-content\/uploads\/2022\/07\/GL-05-01-GP-05-Sagunto-Museo-32-2-300x225.webp 300w, https:\/\/avalencia.com\/wp-content\/uploads\/2022\/07\/GL-05-01-GP-05-Sagunto-Museo-32-2-768x576.webp 768w, https:\/\/avalencia.com\/wp-content\/uploads\/2022\/07\/GL-05-01-GP-05-Sagunto-Museo-32-2-705x529.webp 705w\" sizes=\"(max-width: 900px) 100vw, 900px\" \/><\/a><\/figure>\n\n\n\n<figure class=\"wp-block-image size-large\"><a href=\"https:\/\/avalencia.com\/wp-content\/uploads\/2022\/07\/GL-05-02-GP-05-Sagunto-Museo-33-1.webp\"><img decoding=\"async\" width=\"900\" height=\"675\" data-id=\"16563\" src=\"https:\/\/avalencia.com\/wp-content\/uploads\/2022\/07\/GL-05-02-GP-05-Sagunto-Museo-33-1.webp\" alt=\"\" class=\"wp-image-16563\" srcset=\"https:\/\/avalencia.com\/wp-content\/uploads\/2022\/07\/GL-05-02-GP-05-Sagunto-Museo-33-1.webp 900w, https:\/\/avalencia.com\/wp-content\/uploads\/2022\/07\/GL-05-02-GP-05-Sagunto-Museo-33-1-300x225.webp 300w, https:\/\/avalencia.com\/wp-content\/uploads\/2022\/07\/GL-05-02-GP-05-Sagunto-Museo-33-1-768x576.webp 768w, https:\/\/avalencia.com\/wp-content\/uploads\/2022\/07\/GL-05-02-GP-05-Sagunto-Museo-33-1-705x529.webp 705w\" sizes=\"(max-width: 900px) 100vw, 900px\" \/><\/a><\/figure>\n\n\n\n<figure class=\"wp-block-image size-large\"><a href=\"https:\/\/avalencia.com\/wp-content\/uploads\/2022\/07\/GL-05-03-Sagunto-Museo-GP-Italia-30-12-2018-50-1.webp\"><img decoding=\"async\" width=\"900\" height=\"604\" data-id=\"16568\" src=\"https:\/\/avalencia.com\/wp-content\/uploads\/2022\/07\/GL-05-03-Sagunto-Museo-GP-Italia-30-12-2018-50-1.webp\" alt=\"\" class=\"wp-image-16568\" srcset=\"https:\/\/avalencia.com\/wp-content\/uploads\/2022\/07\/GL-05-03-Sagunto-Museo-GP-Italia-30-12-2018-50-1.webp 900w, https:\/\/avalencia.com\/wp-content\/uploads\/2022\/07\/GL-05-03-Sagunto-Museo-GP-Italia-30-12-2018-50-1-300x201.webp 300w, https:\/\/avalencia.com\/wp-content\/uploads\/2022\/07\/GL-05-03-Sagunto-Museo-GP-Italia-30-12-2018-50-1-768x515.webp 768w, https:\/\/avalencia.com\/wp-content\/uploads\/2022\/07\/GL-05-03-Sagunto-Museo-GP-Italia-30-12-2018-50-1-705x473.webp 705w\" sizes=\"(max-width: 900px) 100vw, 900px\" \/><\/a><\/figure>\n\n\n\n<figure class=\"wp-block-image size-large\"><a href=\"https:\/\/avalencia.com\/wp-content\/uploads\/2022\/07\/GL-05-04-Sagunto-Museo-14.webp\"><img decoding=\"async\" width=\"900\" height=\"675\" data-id=\"16573\" src=\"https:\/\/avalencia.com\/wp-content\/uploads\/2022\/07\/GL-05-04-Sagunto-Museo-14.webp\" alt=\"\" class=\"wp-image-16573\" srcset=\"https:\/\/avalencia.com\/wp-content\/uploads\/2022\/07\/GL-05-04-Sagunto-Museo-14.webp 900w, https:\/\/avalencia.com\/wp-content\/uploads\/2022\/07\/GL-05-04-Sagunto-Museo-14-300x225.webp 300w, https:\/\/avalencia.com\/wp-content\/uploads\/2022\/07\/GL-05-04-Sagunto-Museo-14-768x576.webp 768w, https:\/\/avalencia.com\/wp-content\/uploads\/2022\/07\/GL-05-04-Sagunto-Museo-14-705x529.webp 705w\" sizes=\"(max-width: 900px) 100vw, 900px\" \/><\/a><\/figure>\n\n\n\n<figure class=\"wp-block-image size-large\"><a href=\"https:\/\/avalencia.com\/wp-content\/uploads\/2022\/07\/GL-05-05-Sagunto-Museo-45.webp\"><img decoding=\"async\" width=\"900\" height=\"658\" data-id=\"16578\" src=\"https:\/\/avalencia.com\/wp-content\/uploads\/2022\/07\/GL-05-05-Sagunto-Museo-45.webp\" alt=\"\" class=\"wp-image-16578\" srcset=\"https:\/\/avalencia.com\/wp-content\/uploads\/2022\/07\/GL-05-05-Sagunto-Museo-45.webp 900w, https:\/\/avalencia.com\/wp-content\/uploads\/2022\/07\/GL-05-05-Sagunto-Museo-45-300x219.webp 300w, https:\/\/avalencia.com\/wp-content\/uploads\/2022\/07\/GL-05-05-Sagunto-Museo-45-768x561.webp 768w, https:\/\/avalencia.com\/wp-content\/uploads\/2022\/07\/GL-05-05-Sagunto-Museo-45-705x515.webp 705w\" sizes=\"(max-width: 900px) 100vw, 900px\" \/><\/a><\/figure>\n\n\n\n<figure class=\"wp-block-image size-large\"><a href=\"https:\/\/avalencia.com\/wp-content\/uploads\/2022\/07\/GL-05-06-Sagunto-Museo-44-1.webp\"><img decoding=\"async\" width=\"900\" height=\"658\" data-id=\"16583\" src=\"https:\/\/avalencia.com\/wp-content\/uploads\/2022\/07\/GL-05-06-Sagunto-Museo-44-1.webp\" alt=\"\" class=\"wp-image-16583\" srcset=\"https:\/\/avalencia.com\/wp-content\/uploads\/2022\/07\/GL-05-06-Sagunto-Museo-44-1.webp 900w, https:\/\/avalencia.com\/wp-content\/uploads\/2022\/07\/GL-05-06-Sagunto-Museo-44-1-300x219.webp 300w, https:\/\/avalencia.com\/wp-content\/uploads\/2022\/07\/GL-05-06-Sagunto-Museo-44-1-768x561.webp 768w, https:\/\/avalencia.com\/wp-content\/uploads\/2022\/07\/GL-05-06-Sagunto-Museo-44-1-705x515.webp 705w\" sizes=\"(max-width: 900px) 100vw, 900px\" \/><\/a><\/figure>\n\n\n\n<figure class=\"wp-block-image size-large\"><a href=\"https:\/\/avalencia.com\/wp-content\/uploads\/2022\/07\/GL-05-07-Sagunto-Museo-40.webp\"><img decoding=\"async\" width=\"900\" height=\"658\" data-id=\"16588\" src=\"https:\/\/avalencia.com\/wp-content\/uploads\/2022\/07\/GL-05-07-Sagunto-Museo-40.webp\" alt=\"\" class=\"wp-image-16588\" srcset=\"https:\/\/avalencia.com\/wp-content\/uploads\/2022\/07\/GL-05-07-Sagunto-Museo-40.webp 900w, https:\/\/avalencia.com\/wp-content\/uploads\/2022\/07\/GL-05-07-Sagunto-Museo-40-300x219.webp 300w, https:\/\/avalencia.com\/wp-content\/uploads\/2022\/07\/GL-05-07-Sagunto-Museo-40-768x561.webp 768w, https:\/\/avalencia.com\/wp-content\/uploads\/2022\/07\/GL-05-07-Sagunto-Museo-40-705x515.webp 705w\" sizes=\"(max-width: 900px) 100vw, 900px\" \/><\/a><\/figure>\n\n\n\n<figure class=\"wp-block-image size-large\"><a href=\"https:\/\/avalencia.com\/wp-content\/uploads\/2022\/07\/GL-05-08-Sagunto-Museo-46.webp\"><img decoding=\"async\" width=\"900\" height=\"658\" data-id=\"16593\" src=\"https:\/\/avalencia.com\/wp-content\/uploads\/2022\/07\/GL-05-08-Sagunto-Museo-46.webp\" alt=\"\" class=\"wp-image-16593\" srcset=\"https:\/\/avalencia.com\/wp-content\/uploads\/2022\/07\/GL-05-08-Sagunto-Museo-46.webp 900w, https:\/\/avalencia.com\/wp-content\/uploads\/2022\/07\/GL-05-08-Sagunto-Museo-46-300x219.webp 300w, https:\/\/avalencia.com\/wp-content\/uploads\/2022\/07\/GL-05-08-Sagunto-Museo-46-768x561.webp 768w, https:\/\/avalencia.com\/wp-content\/uploads\/2022\/07\/GL-05-08-Sagunto-Museo-46-705x515.webp 705w\" sizes=\"(max-width: 900px) 100vw, 900px\" \/><\/a><\/figure>\n\n\n\n<figure class=\"wp-block-image size-large\"><a href=\"https:\/\/avalencia.com\/wp-content\/uploads\/2022\/07\/GL-05-09-Sagunto-Museo-13.webp\"><img decoding=\"async\" width=\"900\" height=\"675\" data-id=\"16598\" src=\"https:\/\/avalencia.com\/wp-content\/uploads\/2022\/07\/GL-05-09-Sagunto-Museo-13.webp\" alt=\"\" class=\"wp-image-16598\" srcset=\"https:\/\/avalencia.com\/wp-content\/uploads\/2022\/07\/GL-05-09-Sagunto-Museo-13.webp 900w, https:\/\/avalencia.com\/wp-content\/uploads\/2022\/07\/GL-05-09-Sagunto-Museo-13-300x225.webp 300w, https:\/\/avalencia.com\/wp-content\/uploads\/2022\/07\/GL-05-09-Sagunto-Museo-13-768x576.webp 768w, https:\/\/avalencia.com\/wp-content\/uploads\/2022\/07\/GL-05-09-Sagunto-Museo-13-705x529.webp 705w\" sizes=\"(max-width: 900px) 100vw, 900px\" \/><\/a><\/figure>\n<\/figure>\n\n\n\n<div class=\"wp-block-buttons is-content-justification-center is-layout-flex wp-container-core-buttons-is-layout-1 wp-block-buttons-is-layout-flex\">\n<div class=\"wp-block-button\"><a class=\"wp-block-button__link\" href=\"https:\/\/avalencia.com\/fr\/guide-officiel-de-valence\/\" target=\"_blank\" rel=\"noreferrer noopener\">Veuillez me contacter &#8211; Angela Mar\u00ed soler<\/a><\/div>\n<\/div>\n\n\n<div  class='av-social-sharing-box  avia-builder-el-0  avia-builder-el-no-sibling  '><div class='av-share-box'><h5 class='av-share-link-description av-no-toc '>Partager<\/h5><ul class='av-share-box-list noLightbox'><li class='av-share-link av-social-link-facebook' ><a target=\"_blank\" aria-label=\"Partager sur Facebook\" href='https:\/\/www.facebook.com\/sharer.php?u=https:\/\/avalencia.com\/fr\/visiter-sagunto-valencia\/&#038;t=Sagunto' aria-hidden='false' data-av_icon='\ue8f3' data-av_iconfont='entypo-fontello' title='' data-avia-related-tooltip='Partager sur Facebook' rel=\"noopener\"><span class='avia_hidden_link_text'>Partager sur Facebook<\/span><\/a><\/li><li class='av-share-link av-social-link-twitter' ><a target=\"_blank\" aria-label=\"Partager sur Twitter\" href='https:\/\/twitter.com\/share?text=Sagunto&#038;url=https:\/\/avalencia.com\/fr\/?p=6721' aria-hidden='false' data-av_icon='\ue8f1' data-av_iconfont='entypo-fontello' title='' data-avia-related-tooltip='Partager sur Twitter' rel=\"noopener\"><span class='avia_hidden_link_text'>Partager sur Twitter<\/span><\/a><\/li><li class='av-share-link av-social-link-pinterest' ><a target=\"_blank\" aria-label=\"Partager sur Pinterest\" href='https:\/\/pinterest.com\/pin\/create\/button\/?url=https%3A%2F%2Favalencia.com%2Ffr%2Fvisiter-sagunto-valencia%2F&#038;description=Sagunto&#038;media=https%3A%2F%2Favalencia.com%2Fwp-content%2Fuploads%2F2022%2F07%2FDestacada-recortada-Sagunto-1-705x305.webp' aria-hidden='false' data-av_icon='\ue8f8' data-av_iconfont='entypo-fontello' title='' data-avia-related-tooltip='Partager sur Pinterest' rel=\"noopener\"><span class='avia_hidden_link_text'>Partager sur Pinterest<\/span><\/a><\/li><li class='av-share-link av-social-link-linkedin' ><a target=\"_blank\" aria-label=\"Partager sur LinkedIn\" href='https:\/\/linkedin.com\/shareArticle?mini=true&#038;title=Sagunto&#038;url=https:\/\/avalencia.com\/fr\/visiter-sagunto-valencia\/' aria-hidden='false' data-av_icon='\ue8fc' data-av_iconfont='entypo-fontello' title='' data-avia-related-tooltip='Partager sur LinkedIn' rel=\"noopener\"><span class='avia_hidden_link_text'>Partager sur LinkedIn<\/span><\/a><\/li><li class='av-share-link av-social-link-mail' ><a  aria-label=\"Partager par Mail\" href='mailto:?subject=Sagunto&#038;body=https:\/\/avalencia.com\/fr\/visiter-sagunto-valencia\/' aria-hidden='false' data-av_icon='\ue805' data-av_iconfont='entypo-fontello' title='' data-avia-related-tooltip='Partager par Mail'><span class='avia_hidden_link_text'>Partager par Mail<\/span><\/a><\/li><\/ul><\/div><\/div>\n","protected":false},"excerpt":{"rendered":"<p>La ville domine la plaine fertile valencienne depuis une colline tr\u00e8s proche de la mer o\u00f9 r\u00e9sonne encore l\u2019\u00e9cho du si\u00e8ge d\u2019Anibal sur la cit\u00e9. Cette page h\u00e9ro\u00efque bouleversa la ville de Rome<\/p>\n","protected":false},"author":3,"featured_media":16424,"parent":0,"menu_order":0,"comment_status":"open","ping_status":"closed","template":"","meta":{"footnotes":""},"class_list":["post-6721","page","type-page","status-publish","has-post-thumbnail","hentry"],"yoast_head":"<!-- This site is optimized with the Yoast SEO plugin v26.8 - https:\/\/yoast.com\/product\/yoast-seo-wordpress\/ -->\n<title>Visiter SAGUNTO VALENCIA: SON HISTOIRE ET SES MONUMENTS<\/title>\n<meta name=\"description\" content=\"\ud83c\udf88 Durant ce parcours \u00e0 Sagunto Valencia, nous pourrons visiter quelques \u00e9difices tr\u00e8s importants comme\u00a0Le Th\u00e9\u00e2tre Romain, actuellement restaur\u00e9.\" \/>\n<meta name=\"robots\" content=\"index, follow, max-snippet:-1, max-image-preview:large, max-video-preview:-1\" \/>\n<link rel=\"canonical\" href=\"https:\/\/avalencia.com\/fr\/visiter-sagunto-valencia\/\" \/>\n<meta property=\"og:locale\" content=\"fr_FR\" \/>\n<meta property=\"og:type\" content=\"article\" \/>\n<meta property=\"og:title\" content=\"Visiter SAGUNTO VALENCIA: SON HISTOIRE ET SES MONUMENTS\" \/>\n<meta property=\"og:description\" content=\"\ud83c\udf88 Durant ce parcours \u00e0 Sagunto Valencia, nous pourrons visiter quelques \u00e9difices tr\u00e8s importants comme\u00a0Le Th\u00e9\u00e2tre Romain, actuellement restaur\u00e9.\" \/>\n<meta property=\"og:url\" content=\"https:\/\/avalencia.com\/fr\/visiter-sagunto-valencia\/\" \/>\n<meta property=\"og:site_name\" content=\"AVALENCIA\" \/>\n<meta property=\"article:publisher\" content=\"https:\/\/www.facebook.com\/angela.marisoler\" \/>\n<meta property=\"article:modified_time\" content=\"2022-10-29T11:39:03+00:00\" \/>\n<meta property=\"og:image\" content=\"https:\/\/avalencia.com\/wp-content\/uploads\/2022\/07\/Destacada-recortada-Sagunto-1.webp\" \/>\n\t<meta property=\"og:image:width\" content=\"999\" \/>\n\t<meta property=\"og:image:height\" content=\"432\" \/>\n\t<meta property=\"og:image:type\" content=\"image\/webp\" \/>\n<meta name=\"twitter:card\" content=\"summary_large_image\" \/>\n<meta name=\"twitter:site\" content=\"@angelamari400\" \/>\n<meta name=\"twitter:label1\" content=\"Est. reading time\" \/>\n\t<meta name=\"twitter:data1\" content=\"8 minutes\" \/>\n<script type=\"application\/ld+json\" class=\"yoast-schema-graph\">{\"@context\":\"https:\/\/schema.org\",\"@graph\":[{\"@type\":\"WebPage\",\"@id\":\"https:\/\/avalencia.com\/fr\/visiter-sagunto-valencia\/\",\"url\":\"https:\/\/avalencia.com\/fr\/visiter-sagunto-valencia\/\",\"name\":\"Visiter SAGUNTO VALENCIA: SON HISTOIRE ET SES MONUMENTS\",\"isPartOf\":{\"@id\":\"https:\/\/avalencia.com\/fr\/#website\"},\"primaryImageOfPage\":{\"@id\":\"https:\/\/avalencia.com\/fr\/visiter-sagunto-valencia\/#primaryimage\"},\"image\":{\"@id\":\"https:\/\/avalencia.com\/fr\/visiter-sagunto-valencia\/#primaryimage\"},\"thumbnailUrl\":\"https:\/\/avalencia.com\/wp-content\/uploads\/2022\/07\/Destacada-recortada-Sagunto-1.webp\",\"datePublished\":\"2020-05-05T08:43:55+00:00\",\"dateModified\":\"2022-10-29T11:39:03+00:00\",\"description\":\"\ud83c\udf88 Durant ce parcours \u00e0 Sagunto Valencia, nous pourrons visiter quelques \u00e9difices tr\u00e8s importants comme\u00a0Le Th\u00e9\u00e2tre Romain, actuellement restaur\u00e9.\",\"breadcrumb\":{\"@id\":\"https:\/\/avalencia.com\/fr\/visiter-sagunto-valencia\/#breadcrumb\"},\"inLanguage\":\"fr-FR\",\"potentialAction\":[{\"@type\":\"ReadAction\",\"target\":[\"https:\/\/avalencia.com\/fr\/visiter-sagunto-valencia\/\"]}]},{\"@type\":\"ImageObject\",\"inLanguage\":\"fr-FR\",\"@id\":\"https:\/\/avalencia.com\/fr\/visiter-sagunto-valencia\/#primaryimage\",\"url\":\"https:\/\/avalencia.com\/wp-content\/uploads\/2022\/07\/Destacada-recortada-Sagunto-1.webp\",\"contentUrl\":\"https:\/\/avalencia.com\/wp-content\/uploads\/2022\/07\/Destacada-recortada-Sagunto-1.webp\",\"width\":999,\"height\":432},{\"@type\":\"BreadcrumbList\",\"@id\":\"https:\/\/avalencia.com\/fr\/visiter-sagunto-valencia\/#breadcrumb\",\"itemListElement\":[{\"@type\":\"ListItem\",\"position\":1,\"name\":\"Portada\",\"item\":\"https:\/\/avalencia.com\/fr\/\"},{\"@type\":\"ListItem\",\"position\":2,\"name\":\"Sagunto\"}]},{\"@type\":\"WebSite\",\"@id\":\"https:\/\/avalencia.com\/fr\/#website\",\"url\":\"https:\/\/avalencia.com\/fr\/\",\"name\":\"AVALENCIA\",\"description\":\"Visitas culturales por Valencia y alrededores\",\"publisher\":{\"@id\":\"https:\/\/avalencia.com\/fr\/#organization\"},\"potentialAction\":[{\"@type\":\"SearchAction\",\"target\":{\"@type\":\"EntryPoint\",\"urlTemplate\":\"https:\/\/avalencia.com\/fr\/?s={search_term_string}\"},\"query-input\":{\"@type\":\"PropertyValueSpecification\",\"valueRequired\":true,\"valueName\":\"search_term_string\"}}],\"inLanguage\":\"fr-FR\"},{\"@type\":\"Organization\",\"@id\":\"https:\/\/avalencia.com\/fr\/#organization\",\"name\":\"Gu\u00eda Valencia\",\"url\":\"https:\/\/avalencia.com\/fr\/\",\"logo\":{\"@type\":\"ImageObject\",\"inLanguage\":\"fr-FR\",\"@id\":\"https:\/\/avalencia.com\/fr\/#\/schema\/logo\/image\/\",\"url\":\"\",\"contentUrl\":\"\",\"caption\":\"Gu\u00eda Valencia\"},\"image\":{\"@id\":\"https:\/\/avalencia.com\/fr\/#\/schema\/logo\/image\/\"},\"sameAs\":[\"https:\/\/www.facebook.com\/angela.marisoler\",\"https:\/\/x.com\/angelamari400\",\"https:\/\/www.instagram.com\/angelamarisoler\/\",\"https:\/\/www.linkedin.com\/feed\/?trk=guest_homepage-basic_sign-in-submit\",\"https:\/\/www.youtube.com\/channel\/UC4bWyTV2CWI65Qf0r1pjuXg?view_as=subscriber\"]}]}<\/script>\n<!-- \/ Yoast SEO plugin. -->","yoast_head_json":{"title":"Visiter SAGUNTO VALENCIA: SON HISTOIRE ET SES MONUMENTS","description":"\ud83c\udf88 Durant ce parcours \u00e0 Sagunto Valencia, nous pourrons visiter quelques \u00e9difices tr\u00e8s importants comme\u00a0Le Th\u00e9\u00e2tre Romain, actuellement restaur\u00e9.","robots":{"index":"index","follow":"follow","max-snippet":"max-snippet:-1","max-image-preview":"max-image-preview:large","max-video-preview":"max-video-preview:-1"},"canonical":"https:\/\/avalencia.com\/fr\/visiter-sagunto-valencia\/","og_locale":"fr_FR","og_type":"article","og_title":"Visiter SAGUNTO VALENCIA: SON HISTOIRE ET SES MONUMENTS","og_description":"\ud83c\udf88 Durant ce parcours \u00e0 Sagunto Valencia, nous pourrons visiter quelques \u00e9difices tr\u00e8s importants comme\u00a0Le Th\u00e9\u00e2tre Romain, actuellement restaur\u00e9.","og_url":"https:\/\/avalencia.com\/fr\/visiter-sagunto-valencia\/","og_site_name":"AVALENCIA","article_publisher":"https:\/\/www.facebook.com\/angela.marisoler","article_modified_time":"2022-10-29T11:39:03+00:00","og_image":[{"width":999,"height":432,"url":"https:\/\/avalencia.com\/wp-content\/uploads\/2022\/07\/Destacada-recortada-Sagunto-1.webp","type":"image\/webp"}],"twitter_card":"summary_large_image","twitter_site":"@angelamari400","twitter_misc":{"Est. reading time":"8 minutes"},"schema":{"@context":"https:\/\/schema.org","@graph":[{"@type":"WebPage","@id":"https:\/\/avalencia.com\/fr\/visiter-sagunto-valencia\/","url":"https:\/\/avalencia.com\/fr\/visiter-sagunto-valencia\/","name":"Visiter SAGUNTO VALENCIA: SON HISTOIRE ET SES MONUMENTS","isPartOf":{"@id":"https:\/\/avalencia.com\/fr\/#website"},"primaryImageOfPage":{"@id":"https:\/\/avalencia.com\/fr\/visiter-sagunto-valencia\/#primaryimage"},"image":{"@id":"https:\/\/avalencia.com\/fr\/visiter-sagunto-valencia\/#primaryimage"},"thumbnailUrl":"https:\/\/avalencia.com\/wp-content\/uploads\/2022\/07\/Destacada-recortada-Sagunto-1.webp","datePublished":"2020-05-05T08:43:55+00:00","dateModified":"2022-10-29T11:39:03+00:00","description":"\ud83c\udf88 Durant ce parcours \u00e0 Sagunto Valencia, nous pourrons visiter quelques \u00e9difices tr\u00e8s importants comme\u00a0Le Th\u00e9\u00e2tre Romain, actuellement restaur\u00e9.","breadcrumb":{"@id":"https:\/\/avalencia.com\/fr\/visiter-sagunto-valencia\/#breadcrumb"},"inLanguage":"fr-FR","potentialAction":[{"@type":"ReadAction","target":["https:\/\/avalencia.com\/fr\/visiter-sagunto-valencia\/"]}]},{"@type":"ImageObject","inLanguage":"fr-FR","@id":"https:\/\/avalencia.com\/fr\/visiter-sagunto-valencia\/#primaryimage","url":"https:\/\/avalencia.com\/wp-content\/uploads\/2022\/07\/Destacada-recortada-Sagunto-1.webp","contentUrl":"https:\/\/avalencia.com\/wp-content\/uploads\/2022\/07\/Destacada-recortada-Sagunto-1.webp","width":999,"height":432},{"@type":"BreadcrumbList","@id":"https:\/\/avalencia.com\/fr\/visiter-sagunto-valencia\/#breadcrumb","itemListElement":[{"@type":"ListItem","position":1,"name":"Portada","item":"https:\/\/avalencia.com\/fr\/"},{"@type":"ListItem","position":2,"name":"Sagunto"}]},{"@type":"WebSite","@id":"https:\/\/avalencia.com\/fr\/#website","url":"https:\/\/avalencia.com\/fr\/","name":"AVALENCIA","description":"Visitas culturales por Valencia y alrededores","publisher":{"@id":"https:\/\/avalencia.com\/fr\/#organization"},"potentialAction":[{"@type":"SearchAction","target":{"@type":"EntryPoint","urlTemplate":"https:\/\/avalencia.com\/fr\/?s={search_term_string}"},"query-input":{"@type":"PropertyValueSpecification","valueRequired":true,"valueName":"search_term_string"}}],"inLanguage":"fr-FR"},{"@type":"Organization","@id":"https:\/\/avalencia.com\/fr\/#organization","name":"Gu\u00eda Valencia","url":"https:\/\/avalencia.com\/fr\/","logo":{"@type":"ImageObject","inLanguage":"fr-FR","@id":"https:\/\/avalencia.com\/fr\/#\/schema\/logo\/image\/","url":"","contentUrl":"","caption":"Gu\u00eda Valencia"},"image":{"@id":"https:\/\/avalencia.com\/fr\/#\/schema\/logo\/image\/"},"sameAs":["https:\/\/www.facebook.com\/angela.marisoler","https:\/\/x.com\/angelamari400","https:\/\/www.instagram.com\/angelamarisoler\/","https:\/\/www.linkedin.com\/feed\/?trk=guest_homepage-basic_sign-in-submit","https:\/\/www.youtube.com\/channel\/UC4bWyTV2CWI65Qf0r1pjuXg?view_as=subscriber"]}]}},"featured_image_src":"https:\/\/avalencia.com\/wp-content\/uploads\/2022\/07\/Destacada-recortada-Sagunto-1-600x400.webp","featured_image_src_square":"https:\/\/avalencia.com\/wp-content\/uploads\/2022\/07\/Destacada-recortada-Sagunto-1-600x432.webp","_links":{"self":[{"href":"https:\/\/avalencia.com\/fr\/wp-json\/wp\/v2\/pages\/6721","targetHints":{"allow":["GET"]}}],"collection":[{"href":"https:\/\/avalencia.com\/fr\/wp-json\/wp\/v2\/pages"}],"about":[{"href":"https:\/\/avalencia.com\/fr\/wp-json\/wp\/v2\/types\/page"}],"author":[{"embeddable":true,"href":"https:\/\/avalencia.com\/fr\/wp-json\/wp\/v2\/users\/3"}],"replies":[{"embeddable":true,"href":"https:\/\/avalencia.com\/fr\/wp-json\/wp\/v2\/comments?post=6721"}],"version-history":[{"count":0,"href":"https:\/\/avalencia.com\/fr\/wp-json\/wp\/v2\/pages\/6721\/revisions"}],"wp:featuredmedia":[{"embeddable":true,"href":"https:\/\/avalencia.com\/fr\/wp-json\/wp\/v2\/media\/16424"}],"wp:attachment":[{"href":"https:\/\/avalencia.com\/fr\/wp-json\/wp\/v2\/media?parent=6721"}],"curies":[{"name":"wp","href":"https:\/\/api.w.org\/{rel}","templated":true}]}}