{"id":6837,"date":"2020-05-06T17:22:24","date_gmt":"2020-05-06T17:22:24","guid":{"rendered":"https:\/\/avalencia.com\/?page_id=6837"},"modified":"2022-08-30T11:34:13","modified_gmt":"2022-08-30T11:34:13","slug":"bioparc-valencia","status":"publish","type":"page","link":"https:\/\/avalencia.com\/fr\/bioparc-valencia\/","title":{"rendered":"Bioparc Valencia"},"content":{"rendered":"\n<h4 class=\"wp-block-heading\"><em><strong>LE BIOPARC DE VALENCIA<\/strong><\/em><\/h4>\n\n\n\n<p>Visites au Bioparc Valencia<\/p>\n\n\n\n<p><a href=\"https:\/\/www.bioparcvalencia.es\/animales\/\" target=\"_blank\" rel=\"noreferrer noopener\">Le Bioparc Valencia<\/a>, &nbsp;fu fond\u00e9e en 2008. Dans cette nouvelle conception du zoo de plus de 100.000 m2, d\u2019int\u00e9ressants \u00e9cosyst\u00e8mes africains sont recr\u00e9\u00e9s.<br>Dans le Bioparc de Valence, vous trouverez une partie de la savane africaine, les for\u00eats \u00e9quatoriales d&#8217;Afrique et de Madagascar et les zones humides africaines; tout cela sans quitter la ville de Valence. <\/p>\n\n\n\n<p>D\u00e8s que le visiteur descend la passerelle de 145 m de long, sur l&#8217;ancien lit du fleuve, il se d\u00e9place \u00e0 travers diff\u00e9rents habitats recr\u00e9\u00e9s d\u2019une part avec la v\u00e9g\u00e9tation d&#8217;origine de chaque zone et d\u2019autre part avec la v\u00e9g\u00e9tation locale compatible et des reproductions ou des r\u00e9pliques telles que de gros rochers, des grottes ou des baobabs g\u00e9ants.<\/p>\n\n\n\n<figure class=\"wp-block-gallery has-nested-images columns-default is-cropped wp-block-gallery-1 is-layout-flex wp-block-gallery-is-layout-flex\">\n<figure class=\"wp-block-image size-full\"><a href=\"https:\/\/avalencia.com\/wp-content\/uploads\/2022\/07\/01-GL1-Bioparc-BIOPARC-Savana-Nus_5-1.webp\"><img decoding=\"async\" width=\"850\" height=\"569\" data-id=\"15925\" src=\"https:\/\/avalencia.com\/wp-content\/uploads\/2022\/07\/01-GL1-Bioparc-BIOPARC-Savana-Nus_5-1.webp\" alt=\"Bioparc Zoo Valencia\" class=\"wp-image-15925\" srcset=\"https:\/\/avalencia.com\/wp-content\/uploads\/2022\/07\/01-GL1-Bioparc-BIOPARC-Savana-Nus_5-1.webp 850w, https:\/\/avalencia.com\/wp-content\/uploads\/2022\/07\/01-GL1-Bioparc-BIOPARC-Savana-Nus_5-1-300x201.webp 300w, https:\/\/avalencia.com\/wp-content\/uploads\/2022\/07\/01-GL1-Bioparc-BIOPARC-Savana-Nus_5-1-768x514.webp 768w, https:\/\/avalencia.com\/wp-content\/uploads\/2022\/07\/01-GL1-Bioparc-BIOPARC-Savana-Nus_5-1-705x472.webp 705w\" sizes=\"(max-width: 850px) 100vw, 850px\" \/><\/a><\/figure>\n\n\n\n<figure class=\"wp-block-image size-full\"><a href=\"https:\/\/avalencia.com\/wp-content\/uploads\/2022\/07\/02-GL1-BioparcBIOPARC-Flamingos.webp\"><img decoding=\"async\" width=\"850\" height=\"569\" data-id=\"15930\" src=\"https:\/\/avalencia.com\/wp-content\/uploads\/2022\/07\/02-GL1-BioparcBIOPARC-Flamingos.webp\" alt=\"Zoo de Valence\" class=\"wp-image-15930\" srcset=\"https:\/\/avalencia.com\/wp-content\/uploads\/2022\/07\/02-GL1-BioparcBIOPARC-Flamingos.webp 850w, https:\/\/avalencia.com\/wp-content\/uploads\/2022\/07\/02-GL1-BioparcBIOPARC-Flamingos-300x201.webp 300w, https:\/\/avalencia.com\/wp-content\/uploads\/2022\/07\/02-GL1-BioparcBIOPARC-Flamingos-768x514.webp 768w, https:\/\/avalencia.com\/wp-content\/uploads\/2022\/07\/02-GL1-BioparcBIOPARC-Flamingos-705x472.webp 705w\" sizes=\"(max-width: 850px) 100vw, 850px\" \/><\/a><\/figure>\n\n\n\n<figure class=\"wp-block-image size-full\"><a href=\"https:\/\/avalencia.com\/wp-content\/uploads\/2022\/07\/03-GL1-Bioparc-BIOPARC-Rinocerontes.webp\"><img decoding=\"async\" width=\"850\" height=\"569\" data-id=\"15935\" src=\"https:\/\/avalencia.com\/wp-content\/uploads\/2022\/07\/03-GL1-Bioparc-BIOPARC-Rinocerontes.webp\" alt=\"Zoo animalier \u00e0 Valence\" class=\"wp-image-15935\" srcset=\"https:\/\/avalencia.com\/wp-content\/uploads\/2022\/07\/03-GL1-Bioparc-BIOPARC-Rinocerontes.webp 850w, https:\/\/avalencia.com\/wp-content\/uploads\/2022\/07\/03-GL1-Bioparc-BIOPARC-Rinocerontes-300x201.webp 300w, https:\/\/avalencia.com\/wp-content\/uploads\/2022\/07\/03-GL1-Bioparc-BIOPARC-Rinocerontes-768x514.webp 768w, https:\/\/avalencia.com\/wp-content\/uploads\/2022\/07\/03-GL1-Bioparc-BIOPARC-Rinocerontes-705x472.webp 705w\" sizes=\"(max-width: 850px) 100vw, 850px\" \/><\/a><\/figure>\n<\/figure>\n\n\n\n<h4 class=\"wp-block-heading\"><strong>Savane Africaine<\/strong><\/h4>\n\n\n\n<p>La Savane r\u00e9unit la plus forte concentration de grands herbivores de la plan\u00e8te et ses vastes plaines sont le th\u00e9\u00e2tre de longues migrations \u00e0 la recherche d&#8217;eau et de nourriture li\u00e9es au passage des deux saisons de ce biome: la saison s\u00e8che et la saison des pluies.<\/p>\n\n\n\n<h4 class=\"wp-block-heading\"><strong>LA FOR\u00caT \u00c9QUATORIALE<\/strong><\/h4>\n\n\n\n<p>Les for\u00eats humides primaires d&#8217;Afrique \u00e9quatoriale h\u00e9bergent de nombreux habitats et des \u00e9cosyst\u00e8mes divers, permettant d\u2019observer le contraste entre la vie dans les vo\u00fbtes arborescentes et l&#8217;activit\u00e9 anim\u00e9e qui a lieu dans le sol de la for\u00eat.<\/p>\n\n\n\n<figure class=\"wp-block-gallery has-nested-images columns-default is-cropped wp-block-gallery-2 is-layout-flex wp-block-gallery-is-layout-flex\">\n<figure class=\"wp-block-image size-full\"><a href=\"https:\/\/avalencia.com\/wp-content\/uploads\/2022\/07\/01-GL2-Bioparc-BIOPARC-CuevadeKitum.webp\"><img decoding=\"async\" width=\"850\" height=\"569\" data-id=\"15940\" src=\"https:\/\/avalencia.com\/wp-content\/uploads\/2022\/07\/01-GL2-Bioparc-BIOPARC-CuevadeKitum.webp\" alt=\"Grotte du Zoo de Valence\" class=\"wp-image-15940\" srcset=\"https:\/\/avalencia.com\/wp-content\/uploads\/2022\/07\/01-GL2-Bioparc-BIOPARC-CuevadeKitum.webp 850w, https:\/\/avalencia.com\/wp-content\/uploads\/2022\/07\/01-GL2-Bioparc-BIOPARC-CuevadeKitum-300x201.webp 300w, https:\/\/avalencia.com\/wp-content\/uploads\/2022\/07\/01-GL2-Bioparc-BIOPARC-CuevadeKitum-768x514.webp 768w, https:\/\/avalencia.com\/wp-content\/uploads\/2022\/07\/01-GL2-Bioparc-BIOPARC-CuevadeKitum-705x472.webp 705w\" sizes=\"(max-width: 850px) 100vw, 850px\" \/><\/a><\/figure>\n\n\n\n<figure class=\"wp-block-image size-full\"><a href=\"https:\/\/avalencia.com\/wp-content\/uploads\/2022\/07\/02-GL2-Bioparc-_132384377193523537-.webp\"><img decoding=\"async\" width=\"850\" height=\"569\" data-id=\"15945\" src=\"https:\/\/avalencia.com\/wp-content\/uploads\/2022\/07\/02-GL2-Bioparc-_132384377193523537-.webp\" alt=\"\u00cele de Madagascar Bioparc Valencia\" class=\"wp-image-15945\" srcset=\"https:\/\/avalencia.com\/wp-content\/uploads\/2022\/07\/02-GL2-Bioparc-_132384377193523537-.webp 850w, https:\/\/avalencia.com\/wp-content\/uploads\/2022\/07\/02-GL2-Bioparc-_132384377193523537--300x201.webp 300w, https:\/\/avalencia.com\/wp-content\/uploads\/2022\/07\/02-GL2-Bioparc-_132384377193523537--768x514.webp 768w, https:\/\/avalencia.com\/wp-content\/uploads\/2022\/07\/02-GL2-Bioparc-_132384377193523537--705x472.webp 705w\" sizes=\"(max-width: 850px) 100vw, 850px\" \/><\/a><\/figure>\n\n\n\n<figure class=\"wp-block-image size-full\"><a href=\"https:\/\/avalencia.com\/wp-content\/uploads\/2022\/07\/03-GL2-Bioparc-BIOPARC_9.webp\"><img decoding=\"async\" width=\"850\" height=\"569\" data-id=\"15950\" src=\"https:\/\/avalencia.com\/wp-content\/uploads\/2022\/07\/03-GL2-Bioparc-BIOPARC_9.webp\" alt=\"\u00c0 voir au zoo de Valence\" class=\"wp-image-15950\" srcset=\"https:\/\/avalencia.com\/wp-content\/uploads\/2022\/07\/03-GL2-Bioparc-BIOPARC_9.webp 850w, https:\/\/avalencia.com\/wp-content\/uploads\/2022\/07\/03-GL2-Bioparc-BIOPARC_9-300x201.webp 300w, https:\/\/avalencia.com\/wp-content\/uploads\/2022\/07\/03-GL2-Bioparc-BIOPARC_9-768x514.webp 768w, https:\/\/avalencia.com\/wp-content\/uploads\/2022\/07\/03-GL2-Bioparc-BIOPARC_9-705x472.webp 705w\" sizes=\"(max-width: 850px) 100vw, 850px\" \/><\/a><\/figure>\n<\/figure>\n\n\n\n<h4 class=\"wp-block-heading\"><strong><em>ZONES HUMIDES AFRICAINES: LA GROTTE DE KITUM<\/em><\/strong><\/h4>\n\n\n\n<p>La grotte de Kitum s\u2019enfonce d\u2019environ 200 m\u00e8tres \u00e0 l&#8217;int\u00e9rieur du Mont Elgon, dans le parc national du mont Elgon au Kenya. Elle et ses voisines sont les seules grottes connues form\u00e9es par des roches volcaniques pyroclastiques, dont leur modification au fil du temps a conduit \u00e0 la formation de sels min\u00e9raux.<br>On raconte la l\u00e9gende que ces grottes ont \u00e9t\u00e9 creus\u00e9es par des \u00e9l\u00e9phants, pendant des centaines de milliers d&#8217;ann\u00e9es, en utilisant leurs d\u00e9fenses.<\/p>\n\n\n\n<p> La r\u00e9alit\u00e9 est que la grotte de Kitum a \u00e9t\u00e9 form\u00e9e par l&#8217;activit\u00e9 volcanique du Mont Elgon faite entre 8000 et 12.000 ans.  Agrandie par les \u00e9l\u00e9phants avec leurs d\u00e9fenses en cherchant des sels min\u00e9raux, indispensables mais qui manquait dans leur alimentation d\u2019herbivores.<br>Si nous continuions \u00e0 creuser la grotte originale jusqu\u2019\u00e0 aboutir au c\u00f4t\u00e9 ougandais, nous trouverons les zones humides du lac Kyoga, le long des grands lacs Victoria et Albert par le Nil, peupl\u00e9s de crocodiles, d\u2019hippopotames et de cichlides.<\/p>\n\n\n\n<h4 class=\"wp-block-heading\"><strong>Ille de Madagascar<\/strong><\/h4>\n\n\n<p>La faune et la flore de cette \u00eele dans l&#8217;oc\u00e9an Indien, qui fut s\u00e9par\u00e9 de l&#8217;Afrique il y a 160 millions d&#8217;ann\u00e9es, a \u00e9volu\u00e9 de mani\u00e8re isol\u00e9, de telle forme que le 80% des esp\u00e8ces sont end\u00e9miques, ce qui implique que on ne peut les trouver que dans cette point de la plan\u00e8te.<\/p>\n<p>Pour les visites au Bioparc Valencia:<\/p>\n\n\n<div class=\"wp-block-buttons is-content-justification-center is-layout-flex wp-container-core-buttons-is-layout-1 wp-block-buttons-is-layout-flex\">\n<div class=\"wp-block-button\"><a class=\"wp-block-button__link\" href=\"https:\/\/avalencia.com\/fr\/guide-officiel-de-valence\/\" target=\"_blank\" rel=\"noreferrer noopener\">Veuillez me contacter<\/a><\/div>\n<\/div>\n\n\n\n<div style=\"height:45px\" aria-hidden=\"true\" class=\"wp-block-spacer\"><\/div>\n\n\n<div  class='av-social-sharing-box  avia-builder-el-0  avia-builder-el-no-sibling  '><div class='av-share-box'><h5 class='av-share-link-description av-no-toc '>Partager<\/h5><ul class='av-share-box-list noLightbox'><li class='av-share-link av-social-link-facebook' ><a target=\"_blank\" aria-label=\"Partager sur Facebook\" href='https:\/\/www.facebook.com\/sharer.php?u=https:\/\/avalencia.com\/fr\/bioparc-valencia\/&#038;t=Bioparc%20Valencia' aria-hidden='false' data-av_icon='\ue8f3' data-av_iconfont='entypo-fontello' title='' data-avia-related-tooltip='Partager sur Facebook' rel=\"noopener\"><span class='avia_hidden_link_text'>Partager sur Facebook<\/span><\/a><\/li><li class='av-share-link av-social-link-twitter' ><a target=\"_blank\" aria-label=\"Partager sur Twitter\" href='https:\/\/twitter.com\/share?text=Bioparc%20Valencia&#038;url=https:\/\/avalencia.com\/fr\/?p=6837' aria-hidden='false' data-av_icon='\ue8f1' data-av_iconfont='entypo-fontello' title='' data-avia-related-tooltip='Partager sur Twitter' rel=\"noopener\"><span class='avia_hidden_link_text'>Partager sur Twitter<\/span><\/a><\/li><li class='av-share-link av-social-link-pinterest' ><a target=\"_blank\" aria-label=\"Partager sur Pinterest\" href='https:\/\/pinterest.com\/pin\/create\/button\/?url=https%3A%2F%2Favalencia.com%2Ffr%2Fbioparc-valencia%2F&#038;description=Bioparc%20Valencia&#038;media=https%3A%2F%2Favalencia.com%2Fwp-content%2Fuploads%2F2022%2F07%2Fdestacada-bioparc-03-07-2011-1-705x362.webp' aria-hidden='false' data-av_icon='\ue8f8' data-av_iconfont='entypo-fontello' title='' data-avia-related-tooltip='Partager sur Pinterest' rel=\"noopener\"><span class='avia_hidden_link_text'>Partager sur Pinterest<\/span><\/a><\/li><li class='av-share-link av-social-link-linkedin' ><a target=\"_blank\" aria-label=\"Partager sur LinkedIn\" href='https:\/\/linkedin.com\/shareArticle?mini=true&#038;title=Bioparc%20Valencia&#038;url=https:\/\/avalencia.com\/fr\/bioparc-valencia\/' aria-hidden='false' data-av_icon='\ue8fc' data-av_iconfont='entypo-fontello' title='' data-avia-related-tooltip='Partager sur LinkedIn' rel=\"noopener\"><span class='avia_hidden_link_text'>Partager sur LinkedIn<\/span><\/a><\/li><li class='av-share-link av-social-link-mail' ><a  aria-label=\"Partager par Mail\" href='mailto:?subject=Bioparc%20Valencia&#038;body=https:\/\/avalencia.com\/fr\/bioparc-valencia\/' aria-hidden='false' data-av_icon='\ue805' data-av_iconfont='entypo-fontello' title='' data-avia-related-tooltip='Partager par Mail'><span class='avia_hidden_link_text'>Partager par Mail<\/span><\/a><\/li><\/ul><\/div><\/div>\n","protected":false},"excerpt":{"rendered":"<p>LE BIOPARC DE VALENCIA Visites au Bioparc Valencia Le Bioparc Valencia, &nbsp;fu fond\u00e9e en 2008. Dans cette nouvelle conception du zoo de plus de 100.000 m2, d\u2019int\u00e9ressants \u00e9cosyst\u00e8mes africains sont recr\u00e9\u00e9s.Dans le Bioparc de Valence, vous trouverez une partie de la savane africaine, les for\u00eats \u00e9quatoriales d&#8217;Afrique et de Madagascar et les zones humides africaines; [&hellip;]<\/p>\n","protected":false},"author":3,"featured_media":15920,"parent":0,"menu_order":0,"comment_status":"closed","ping_status":"closed","template":"","meta":{"footnotes":""},"class_list":["post-6837","page","type-page","status-publish","has-post-thumbnail","hentry"],"yoast_head":"<!-- This site is optimized with the Yoast SEO plugin v26.8 - https:\/\/yoast.com\/product\/yoast-seo-wordpress\/ -->\n<title>Visites au Bioparc Valencia - avec un guide - AVALENCIA<\/title>\n<meta name=\"description\" content=\"Que pouvez vous faire \u00e0 Valencia avec Enfants? Visites au Bioparc Valencia, un zoo de nouvelle conception o\u00f9 d&#039;int\u00e9ressants \u00e9cosyst\u00e8mes africains sont recr\u00e9\u00e9s.\" \/>\n<meta name=\"robots\" content=\"index, follow, max-snippet:-1, max-image-preview:large, max-video-preview:-1\" \/>\n<link rel=\"canonical\" href=\"https:\/\/avalencia.com\/fr\/bioparc-valencia\/\" \/>\n<meta property=\"og:locale\" content=\"fr_FR\" \/>\n<meta property=\"og:type\" content=\"article\" \/>\n<meta property=\"og:title\" content=\"Visites au Bioparc Valencia - avec un guide - AVALENCIA\" \/>\n<meta property=\"og:description\" content=\"Que pouvez vous faire \u00e0 Valencia avec Enfants? Visites au Bioparc Valencia, un zoo de nouvelle conception o\u00f9 d&#039;int\u00e9ressants \u00e9cosyst\u00e8mes africains sont recr\u00e9\u00e9s.\" \/>\n<meta property=\"og:url\" content=\"https:\/\/avalencia.com\/fr\/bioparc-valencia\/\" \/>\n<meta property=\"og:site_name\" content=\"AVALENCIA\" \/>\n<meta property=\"article:publisher\" content=\"https:\/\/www.facebook.com\/angela.marisoler\" \/>\n<meta property=\"article:modified_time\" content=\"2022-08-30T11:34:13+00:00\" \/>\n<meta property=\"og:image\" content=\"https:\/\/avalencia.com\/wp-content\/uploads\/2022\/07\/destacada-bioparc-03-07-2011-1.webp\" \/>\n\t<meta property=\"og:image:width\" content=\"973\" \/>\n\t<meta property=\"og:image:height\" content=\"499\" \/>\n\t<meta property=\"og:image:type\" content=\"image\/webp\" \/>\n<meta name=\"twitter:card\" content=\"summary_large_image\" \/>\n<meta name=\"twitter:site\" content=\"@angelamari400\" \/>\n<meta name=\"twitter:label1\" content=\"Est. reading time\" \/>\n\t<meta name=\"twitter:data1\" content=\"4 minutes\" \/>\n<script type=\"application\/ld+json\" class=\"yoast-schema-graph\">{\"@context\":\"https:\/\/schema.org\",\"@graph\":[{\"@type\":\"WebPage\",\"@id\":\"https:\/\/avalencia.com\/fr\/bioparc-valencia\/\",\"url\":\"https:\/\/avalencia.com\/fr\/bioparc-valencia\/\",\"name\":\"Visites au Bioparc Valencia - avec un guide - AVALENCIA\",\"isPartOf\":{\"@id\":\"https:\/\/avalencia.com\/fr\/#website\"},\"primaryImageOfPage\":{\"@id\":\"https:\/\/avalencia.com\/fr\/bioparc-valencia\/#primaryimage\"},\"image\":{\"@id\":\"https:\/\/avalencia.com\/fr\/bioparc-valencia\/#primaryimage\"},\"thumbnailUrl\":\"https:\/\/avalencia.com\/wp-content\/uploads\/2022\/07\/destacada-bioparc-03-07-2011-1.webp\",\"datePublished\":\"2020-05-06T17:22:24+00:00\",\"dateModified\":\"2022-08-30T11:34:13+00:00\",\"description\":\"Que pouvez vous faire \u00e0 Valencia avec Enfants? Visites au Bioparc Valencia, un zoo de nouvelle conception o\u00f9 d'int\u00e9ressants \u00e9cosyst\u00e8mes africains sont recr\u00e9\u00e9s.\",\"breadcrumb\":{\"@id\":\"https:\/\/avalencia.com\/fr\/bioparc-valencia\/#breadcrumb\"},\"inLanguage\":\"fr-FR\",\"potentialAction\":[{\"@type\":\"ReadAction\",\"target\":[\"https:\/\/avalencia.com\/fr\/bioparc-valencia\/\"]}]},{\"@type\":\"ImageObject\",\"inLanguage\":\"fr-FR\",\"@id\":\"https:\/\/avalencia.com\/fr\/bioparc-valencia\/#primaryimage\",\"url\":\"https:\/\/avalencia.com\/wp-content\/uploads\/2022\/07\/destacada-bioparc-03-07-2011-1.webp\",\"contentUrl\":\"https:\/\/avalencia.com\/wp-content\/uploads\/2022\/07\/destacada-bioparc-03-07-2011-1.webp\",\"width\":973,\"height\":499},{\"@type\":\"BreadcrumbList\",\"@id\":\"https:\/\/avalencia.com\/fr\/bioparc-valencia\/#breadcrumb\",\"itemListElement\":[{\"@type\":\"ListItem\",\"position\":1,\"name\":\"Portada\",\"item\":\"https:\/\/avalencia.com\/fr\/\"},{\"@type\":\"ListItem\",\"position\":2,\"name\":\"Bioparc Valencia\"}]},{\"@type\":\"WebSite\",\"@id\":\"https:\/\/avalencia.com\/fr\/#website\",\"url\":\"https:\/\/avalencia.com\/fr\/\",\"name\":\"AVALENCIA\",\"description\":\"Visitas culturales por Valencia y alrededores\",\"publisher\":{\"@id\":\"https:\/\/avalencia.com\/fr\/#organization\"},\"potentialAction\":[{\"@type\":\"SearchAction\",\"target\":{\"@type\":\"EntryPoint\",\"urlTemplate\":\"https:\/\/avalencia.com\/fr\/?s={search_term_string}\"},\"query-input\":{\"@type\":\"PropertyValueSpecification\",\"valueRequired\":true,\"valueName\":\"search_term_string\"}}],\"inLanguage\":\"fr-FR\"},{\"@type\":\"Organization\",\"@id\":\"https:\/\/avalencia.com\/fr\/#organization\",\"name\":\"Gu\u00eda Valencia\",\"url\":\"https:\/\/avalencia.com\/fr\/\",\"logo\":{\"@type\":\"ImageObject\",\"inLanguage\":\"fr-FR\",\"@id\":\"https:\/\/avalencia.com\/fr\/#\/schema\/logo\/image\/\",\"url\":\"\",\"contentUrl\":\"\",\"caption\":\"Gu\u00eda Valencia\"},\"image\":{\"@id\":\"https:\/\/avalencia.com\/fr\/#\/schema\/logo\/image\/\"},\"sameAs\":[\"https:\/\/www.facebook.com\/angela.marisoler\",\"https:\/\/x.com\/angelamari400\",\"https:\/\/www.instagram.com\/angelamarisoler\/\",\"https:\/\/www.linkedin.com\/feed\/?trk=guest_homepage-basic_sign-in-submit\",\"https:\/\/www.youtube.com\/channel\/UC4bWyTV2CWI65Qf0r1pjuXg?view_as=subscriber\"]}]}<\/script>\n<!-- \/ Yoast SEO plugin. -->","yoast_head_json":{"title":"Visites au Bioparc Valencia - avec un guide - AVALENCIA","description":"Que pouvez vous faire \u00e0 Valencia avec Enfants? Visites au Bioparc Valencia, un zoo de nouvelle conception o\u00f9 d'int\u00e9ressants \u00e9cosyst\u00e8mes africains sont recr\u00e9\u00e9s.","robots":{"index":"index","follow":"follow","max-snippet":"max-snippet:-1","max-image-preview":"max-image-preview:large","max-video-preview":"max-video-preview:-1"},"canonical":"https:\/\/avalencia.com\/fr\/bioparc-valencia\/","og_locale":"fr_FR","og_type":"article","og_title":"Visites au Bioparc Valencia - avec un guide - AVALENCIA","og_description":"Que pouvez vous faire \u00e0 Valencia avec Enfants? Visites au Bioparc Valencia, un zoo de nouvelle conception o\u00f9 d'int\u00e9ressants \u00e9cosyst\u00e8mes africains sont recr\u00e9\u00e9s.","og_url":"https:\/\/avalencia.com\/fr\/bioparc-valencia\/","og_site_name":"AVALENCIA","article_publisher":"https:\/\/www.facebook.com\/angela.marisoler","article_modified_time":"2022-08-30T11:34:13+00:00","og_image":[{"width":973,"height":499,"url":"https:\/\/avalencia.com\/wp-content\/uploads\/2022\/07\/destacada-bioparc-03-07-2011-1.webp","type":"image\/webp"}],"twitter_card":"summary_large_image","twitter_site":"@angelamari400","twitter_misc":{"Est. reading time":"4 minutes"},"schema":{"@context":"https:\/\/schema.org","@graph":[{"@type":"WebPage","@id":"https:\/\/avalencia.com\/fr\/bioparc-valencia\/","url":"https:\/\/avalencia.com\/fr\/bioparc-valencia\/","name":"Visites au Bioparc Valencia - avec un guide - AVALENCIA","isPartOf":{"@id":"https:\/\/avalencia.com\/fr\/#website"},"primaryImageOfPage":{"@id":"https:\/\/avalencia.com\/fr\/bioparc-valencia\/#primaryimage"},"image":{"@id":"https:\/\/avalencia.com\/fr\/bioparc-valencia\/#primaryimage"},"thumbnailUrl":"https:\/\/avalencia.com\/wp-content\/uploads\/2022\/07\/destacada-bioparc-03-07-2011-1.webp","datePublished":"2020-05-06T17:22:24+00:00","dateModified":"2022-08-30T11:34:13+00:00","description":"Que pouvez vous faire \u00e0 Valencia avec Enfants? Visites au Bioparc Valencia, un zoo de nouvelle conception o\u00f9 d'int\u00e9ressants \u00e9cosyst\u00e8mes africains sont recr\u00e9\u00e9s.","breadcrumb":{"@id":"https:\/\/avalencia.com\/fr\/bioparc-valencia\/#breadcrumb"},"inLanguage":"fr-FR","potentialAction":[{"@type":"ReadAction","target":["https:\/\/avalencia.com\/fr\/bioparc-valencia\/"]}]},{"@type":"ImageObject","inLanguage":"fr-FR","@id":"https:\/\/avalencia.com\/fr\/bioparc-valencia\/#primaryimage","url":"https:\/\/avalencia.com\/wp-content\/uploads\/2022\/07\/destacada-bioparc-03-07-2011-1.webp","contentUrl":"https:\/\/avalencia.com\/wp-content\/uploads\/2022\/07\/destacada-bioparc-03-07-2011-1.webp","width":973,"height":499},{"@type":"BreadcrumbList","@id":"https:\/\/avalencia.com\/fr\/bioparc-valencia\/#breadcrumb","itemListElement":[{"@type":"ListItem","position":1,"name":"Portada","item":"https:\/\/avalencia.com\/fr\/"},{"@type":"ListItem","position":2,"name":"Bioparc Valencia"}]},{"@type":"WebSite","@id":"https:\/\/avalencia.com\/fr\/#website","url":"https:\/\/avalencia.com\/fr\/","name":"AVALENCIA","description":"Visitas culturales por Valencia y alrededores","publisher":{"@id":"https:\/\/avalencia.com\/fr\/#organization"},"potentialAction":[{"@type":"SearchAction","target":{"@type":"EntryPoint","urlTemplate":"https:\/\/avalencia.com\/fr\/?s={search_term_string}"},"query-input":{"@type":"PropertyValueSpecification","valueRequired":true,"valueName":"search_term_string"}}],"inLanguage":"fr-FR"},{"@type":"Organization","@id":"https:\/\/avalencia.com\/fr\/#organization","name":"Gu\u00eda Valencia","url":"https:\/\/avalencia.com\/fr\/","logo":{"@type":"ImageObject","inLanguage":"fr-FR","@id":"https:\/\/avalencia.com\/fr\/#\/schema\/logo\/image\/","url":"","contentUrl":"","caption":"Gu\u00eda Valencia"},"image":{"@id":"https:\/\/avalencia.com\/fr\/#\/schema\/logo\/image\/"},"sameAs":["https:\/\/www.facebook.com\/angela.marisoler","https:\/\/x.com\/angelamari400","https:\/\/www.instagram.com\/angelamarisoler\/","https:\/\/www.linkedin.com\/feed\/?trk=guest_homepage-basic_sign-in-submit","https:\/\/www.youtube.com\/channel\/UC4bWyTV2CWI65Qf0r1pjuXg?view_as=subscriber"]}]}},"featured_image_src":"https:\/\/avalencia.com\/wp-content\/uploads\/2022\/07\/destacada-bioparc-03-07-2011-1-600x400.webp","featured_image_src_square":"https:\/\/avalencia.com\/wp-content\/uploads\/2022\/07\/destacada-bioparc-03-07-2011-1-600x499.webp","_links":{"self":[{"href":"https:\/\/avalencia.com\/fr\/wp-json\/wp\/v2\/pages\/6837","targetHints":{"allow":["GET"]}}],"collection":[{"href":"https:\/\/avalencia.com\/fr\/wp-json\/wp\/v2\/pages"}],"about":[{"href":"https:\/\/avalencia.com\/fr\/wp-json\/wp\/v2\/types\/page"}],"author":[{"embeddable":true,"href":"https:\/\/avalencia.com\/fr\/wp-json\/wp\/v2\/users\/3"}],"replies":[{"embeddable":true,"href":"https:\/\/avalencia.com\/fr\/wp-json\/wp\/v2\/comments?post=6837"}],"version-history":[{"count":0,"href":"https:\/\/avalencia.com\/fr\/wp-json\/wp\/v2\/pages\/6837\/revisions"}],"wp:featuredmedia":[{"embeddable":true,"href":"https:\/\/avalencia.com\/fr\/wp-json\/wp\/v2\/media\/15920"}],"wp:attachment":[{"href":"https:\/\/avalencia.com\/fr\/wp-json\/wp\/v2\/media?parent=6837"}],"curies":[{"name":"wp","href":"https:\/\/api.w.org\/{rel}","templated":true}]}}