{"id":5763,"date":"2018-03-31T18:42:45","date_gmt":"2018-03-31T18:42:45","guid":{"rendered":"https:\/\/avalencia.com\/porto-di-valencia-catamarano-turistico\/"},"modified":"2022-09-01T08:36:39","modified_gmt":"2022-09-01T08:36:39","slug":"porto-di-valencia-catamarano-turistico","status":"publish","type":"page","link":"https:\/\/avalencia.com\/it\/porto-di-valencia-catamarano-turistico\/","title":{"rendered":"Porto Turistico di Valencia &#8211; Catamarano et spiagge las Arenas-Malvarrosa"},"content":{"rendered":"\n<h1 class=\"wp-block-heading\"><strong><em>Porto Turistico di Valencia, spiagge de las Arenas-Malvarrosa <\/em><\/strong>e Catamarano Turistico<\/h1>\n\n\n\n<p>Visita di mezza giornata per visitare il porto turistico di Valencia e prendere il catamarano (durata 50 minuti) per vedere le strutture e le basi dei partecipanti alla scorsa edizione della <a href=\"http:\/\/www.valenciamericascup.com\/\" target=\"_blank\" rel=\"noreferrer noopener\"><strong>32 America&#8217;s Cup<\/strong><\/a> (2008-2012). <\/p>\n\n\n\n<p>A bordo saranno servite bevande (acqua minerale, bibite o vino) e una degustazione di cozze.<\/p>\n\n\n\n<h4 class=\"wp-block-heading\"><strong>Edifici di interesse che potrete vedere:<\/strong><\/h4>\n\n\n\n<p><strong><a href=\"http:\/\/veleseventsvalencia.es\/\" target=\"_blank\" rel=\"noreferrer noopener\">L&#8217;Edificio Veles e Vents<\/a><\/strong>, proposta architettonica innovativa degli architetti David Chipperfield e Ferm\u00edn V\u00e1zquez,  ha ca. 11.000 m2 ed \u00e8 situato sulle rive del canale. Nato con l&#8217;obiettivo di ospitare gli ospiti e gli spettatori della 32ma America&#8217;s Cup, visto che era un luogo privilegiato per osservare la preparazione e la partenza delle barche all&#8217;inizio di ogni regata. Nel 2007 l&#8217;edificio ha vinto il prestigioso premio europeo di architettura LEAF.<\/p>\n\n\n\n<h4 class=\"wp-block-heading\"><strong>Il molo centrale o Superyachts<\/strong><\/h4>\n\n\n\n<p>Situato nel dock interiore, questo spazio a forma di T lungo 226 m,  ed \u00e8 riservato a circa 50 barche di lunghezza superiore a 30 m.<\/p>\n\n\n\n<h4 class=\"wp-block-heading\"><a href=\"https:\/\/www.cosasdebarcos.com\/puerto-deportivo-marina-real-juan-carlos-i-1078.html\"><strong>La Marina di Valencia<\/strong> <\/a>(precedentemente Marina Real Juan Carlos I)<\/h4>\n\n\n\n<p>Fu costruita durante l&#8217;ultima Copa America, ha pi\u00f9 di 750 punti di ormeggio distribuiti lungo pontoni fissi e galleggianti.<br>In questo giro in catamarano, potrete anche vedere le famose spiagge di Las Arenas e Malvarrosa, con i loro ristoranti tradizionali.<\/p>\n\n\n\n<figure class=\"wp-block-gallery has-nested-images columns-default is-cropped wp-block-gallery-1 is-layout-flex wp-block-gallery-is-layout-flex\">\n<figure class=\"wp-block-image size-full\"><a href=\"https:\/\/avalencia.com\/wp-content\/uploads\/2022\/07\/GL1-01-PuertoCopaAmerica-06-1.webp\"><img decoding=\"async\" width=\"850\" height=\"637\" data-id=\"15850\" src=\"https:\/\/avalencia.com\/wp-content\/uploads\/2022\/07\/GL1-01-PuertoCopaAmerica-06-1.webp\" alt=\"porto di Valencia\" class=\"wp-image-15850\" srcset=\"https:\/\/avalencia.com\/wp-content\/uploads\/2022\/07\/GL1-01-PuertoCopaAmerica-06-1.webp 850w, https:\/\/avalencia.com\/wp-content\/uploads\/2022\/07\/GL1-01-PuertoCopaAmerica-06-1-300x225.webp 300w, https:\/\/avalencia.com\/wp-content\/uploads\/2022\/07\/GL1-01-PuertoCopaAmerica-06-1-768x576.webp 768w, https:\/\/avalencia.com\/wp-content\/uploads\/2022\/07\/GL1-01-PuertoCopaAmerica-06-1-705x528.webp 705w\" sizes=\"(max-width: 850px) 100vw, 850px\" \/><\/a><\/figure>\n\n\n\n<figure class=\"wp-block-image size-full\"><a href=\"https:\/\/avalencia.com\/wp-content\/uploads\/2022\/07\/GL1-02-Puerto-1.webp\"><img decoding=\"async\" width=\"850\" height=\"638\" data-id=\"15855\" src=\"https:\/\/avalencia.com\/wp-content\/uploads\/2022\/07\/GL1-02-Puerto-1.webp\" alt=\"Porto turistico di Valencia\" class=\"wp-image-15855\" srcset=\"https:\/\/avalencia.com\/wp-content\/uploads\/2022\/07\/GL1-02-Puerto-1.webp 850w, https:\/\/avalencia.com\/wp-content\/uploads\/2022\/07\/GL1-02-Puerto-1-300x225.webp 300w, https:\/\/avalencia.com\/wp-content\/uploads\/2022\/07\/GL1-02-Puerto-1-768x576.webp 768w, https:\/\/avalencia.com\/wp-content\/uploads\/2022\/07\/GL1-02-Puerto-1-705x529.webp 705w\" sizes=\"(max-width: 850px) 100vw, 850px\" \/><\/a><\/figure>\n\n\n\n<figure class=\"wp-block-image size-full\"><a href=\"https:\/\/avalencia.com\/wp-content\/uploads\/2022\/07\/GL1-03Puerto-CopaAmerica-06-1.webp\"><img decoding=\"async\" width=\"850\" height=\"638\" data-id=\"15860\" src=\"https:\/\/avalencia.com\/wp-content\/uploads\/2022\/07\/GL1-03Puerto-CopaAmerica-06-1.webp\" alt=\"Turismo nel porto di Valencia\" class=\"wp-image-15860\" srcset=\"https:\/\/avalencia.com\/wp-content\/uploads\/2022\/07\/GL1-03Puerto-CopaAmerica-06-1.webp 850w, https:\/\/avalencia.com\/wp-content\/uploads\/2022\/07\/GL1-03Puerto-CopaAmerica-06-1-300x225.webp 300w, https:\/\/avalencia.com\/wp-content\/uploads\/2022\/07\/GL1-03Puerto-CopaAmerica-06-1-768x576.webp 768w, https:\/\/avalencia.com\/wp-content\/uploads\/2022\/07\/GL1-03Puerto-CopaAmerica-06-1-705x529.webp 705w\" sizes=\"(max-width: 850px) 100vw, 850px\" \/><\/a><\/figure>\n<\/figure>\n\n\n\n<p>Vedremo anche parte di quello che era il <a href=\"https:\/\/www.formulaf1.es\/circuito\/valencia-europa\/\"><strong>circuito urbano di<\/strong> <strong>Formula 1<\/strong><\/a> che scorreva lungo le basi della Copa Am\u00e9rica, un ponte girevole (sopra il nuovo canale) e raggiungeva il quartiere di Nazareth ( il circuito aveva 5,5 km. ).<\/p>\n\n\n\n<h4 class=\"wp-block-heading\"><strong>Sarete anche in grado di vedere alcuni degli edifici storici come:&nbsp;<\/strong><\/h4>\n\n\n\n<p><strong>La Stazione Marittima<\/strong> anche chiamata il Palazzo dell&#8217;Orologio, che \u00e8 stato progettato nel 1910 ed \u00e8 nato con uno scopo altamente umanitario, che \u00e8 quello di impedire ai poveri emigranti di dormire al aria aperta;<\/p>\n\n\n\n<p><strong>La Casa-&nbsp; Museo de Blasco Ib\u00e1nez<\/strong>, sulla spiaggia di Malvarrosa, dove il famoso romanziere valenciano inaugur\u00f2 la sua casa nel 1902;<\/p>\n\n\n\n<p><strong>Las Reales Atarazanas<\/strong> (quantiere navale antico) che fu costruito dal s. XIV, ex cantiere navale e deposito di utensili navali, che attualmente ospita mostre temporanee; <\/p>\n\n\n\n<p><strong>L\u2019Hotel las Arenas<\/strong>, il quale fu in passato un stabilimento termale, oggi Hotel Las Arenas, che all&#8217;inizio del secolo era il punto d&#8217;incontro dell&#8217;aristocrazia valenciana durante l&#8217;estate;<\/p>\n\n\n\n<p>O <strong>la Chiesa Santa Mar\u00eda del Mar<\/strong> costruita tra il 1683 e il 1763 sul sito di una chiesa romanica, le cui origini risalgono ai primi momenti della riconquista del re Jaime I il conquistatore &#8230;<\/p>\n\n\n\n<figure class=\"wp-block-gallery has-nested-images columns-4 is-cropped wp-block-gallery-2 is-layout-flex wp-block-gallery-is-layout-flex\">\n<figure class=\"wp-block-image size-full\"><a href=\"https:\/\/avalencia.com\/wp-content\/uploads\/2022\/07\/01-GL2-Puerto-.webp\"><img decoding=\"async\" width=\"850\" height=\"638\" data-id=\"15865\" src=\"https:\/\/avalencia.com\/wp-content\/uploads\/2022\/07\/01-GL2-Puerto-.webp\" alt=\"Cosa vedere al porto di Valencia\" class=\"wp-image-15865\" srcset=\"https:\/\/avalencia.com\/wp-content\/uploads\/2022\/07\/01-GL2-Puerto-.webp 850w, https:\/\/avalencia.com\/wp-content\/uploads\/2022\/07\/01-GL2-Puerto--300x225.webp 300w, https:\/\/avalencia.com\/wp-content\/uploads\/2022\/07\/01-GL2-Puerto--768x576.webp 768w, https:\/\/avalencia.com\/wp-content\/uploads\/2022\/07\/01-GL2-Puerto--705x529.webp 705w\" sizes=\"(max-width: 850px) 100vw, 850px\" \/><\/a><\/figure>\n\n\n\n<figure class=\"wp-block-image size-full\"><a href=\"https:\/\/avalencia.com\/wp-content\/uploads\/2022\/07\/02-GL2-PuertoCopaAmerica.webp\"><img decoding=\"async\" width=\"850\" height=\"638\" data-id=\"15870\" src=\"https:\/\/avalencia.com\/wp-content\/uploads\/2022\/07\/02-GL2-PuertoCopaAmerica.webp\" alt=\"Porto di Valencia ristrutturato\" class=\"wp-image-15870\" srcset=\"https:\/\/avalencia.com\/wp-content\/uploads\/2022\/07\/02-GL2-PuertoCopaAmerica.webp 850w, https:\/\/avalencia.com\/wp-content\/uploads\/2022\/07\/02-GL2-PuertoCopaAmerica-300x225.webp 300w, https:\/\/avalencia.com\/wp-content\/uploads\/2022\/07\/02-GL2-PuertoCopaAmerica-768x576.webp 768w, https:\/\/avalencia.com\/wp-content\/uploads\/2022\/07\/02-GL2-PuertoCopaAmerica-705x529.webp 705w\" sizes=\"(max-width: 850px) 100vw, 850px\" \/><\/a><\/figure>\n\n\n\n<figure class=\"wp-block-image size-full\"><a href=\"https:\/\/avalencia.com\/wp-content\/uploads\/2022\/07\/03-GL2-PuertoCatamaran-4.webp\"><img decoding=\"async\" width=\"850\" height=\"638\" data-id=\"15875\" src=\"https:\/\/avalencia.com\/wp-content\/uploads\/2022\/07\/03-GL2-PuertoCatamaran-4.webp\" alt=\"Barca turistica Valencia\" class=\"wp-image-15875\" srcset=\"https:\/\/avalencia.com\/wp-content\/uploads\/2022\/07\/03-GL2-PuertoCatamaran-4.webp 850w, https:\/\/avalencia.com\/wp-content\/uploads\/2022\/07\/03-GL2-PuertoCatamaran-4-300x225.webp 300w, https:\/\/avalencia.com\/wp-content\/uploads\/2022\/07\/03-GL2-PuertoCatamaran-4-768x576.webp 768w, https:\/\/avalencia.com\/wp-content\/uploads\/2022\/07\/03-GL2-PuertoCatamaran-4-705x529.webp 705w\" sizes=\"(max-width: 850px) 100vw, 850px\" \/><\/a><\/figure>\n\n\n\n<figure class=\"wp-block-image size-full\"><a href=\"https:\/\/avalencia.com\/wp-content\/uploads\/2022\/07\/04-GL2-Puerto-Catamaran-2.webp\"><img decoding=\"async\" width=\"800\" height=\"600\" data-id=\"15880\" src=\"https:\/\/avalencia.com\/wp-content\/uploads\/2022\/07\/04-GL2-Puerto-Catamaran-2.webp\" alt=\"Turismo in barca a vela Valencia\" class=\"wp-image-15880\" srcset=\"https:\/\/avalencia.com\/wp-content\/uploads\/2022\/07\/04-GL2-Puerto-Catamaran-2.webp 800w, https:\/\/avalencia.com\/wp-content\/uploads\/2022\/07\/04-GL2-Puerto-Catamaran-2-300x225.webp 300w, https:\/\/avalencia.com\/wp-content\/uploads\/2022\/07\/04-GL2-Puerto-Catamaran-2-768x576.webp 768w, https:\/\/avalencia.com\/wp-content\/uploads\/2022\/07\/04-GL2-Puerto-Catamaran-2-705x529.webp 705w\" sizes=\"(max-width: 800px) 100vw, 800px\" \/><\/a><\/figure>\n<\/figure>\n\n\n<h4>Dopo la visita al porto, arriveremo fino la Citt\u00e0 delle Arti e delle Scienze- Oceanografico, fermandoci a vedere complesso architettonico di Santiago Calatrava. (questo soltanto lo vedremo dall&#8217;esterno).<\/h4>\n\n\n<div class=\"wp-block-buttons is-content-justification-center is-layout-flex wp-container-core-buttons-is-layout-1 wp-block-buttons-is-layout-flex\">\n<div class=\"wp-block-button\"><a class=\"wp-block-button__link\" href=\"https:\/\/avalencia.com\/it\/contatto-guida-ufficiale-di-valencia\/\" target=\"_blank\" rel=\"noreferrer noopener\">Contattatemi<\/a><\/div>\n<\/div>\n\n\n<div  class='av-social-sharing-box  avia-builder-el-0  avia-builder-el-no-sibling  '><div class='av-share-box'><h5 class='av-share-link-description av-no-toc '>Condividi<\/h5><ul class='av-share-box-list noLightbox'><li class='av-share-link av-social-link-facebook' ><a target=\"_blank\" aria-label=\"Condividi su Facebook\" href='https:\/\/www.facebook.com\/sharer.php?u=https:\/\/avalencia.com\/it\/porto-di-valencia-catamarano-turistico\/&#038;t=Porto%20Turistico%20di%20Valencia%20%E2%80%93%20Catamarano%20et%20spiagge%20las%20Arenas-Malvarrosa' aria-hidden='false' data-av_icon='\ue8f3' data-av_iconfont='entypo-fontello' title='' data-avia-related-tooltip='Condividi su Facebook' rel=\"noopener\"><span class='avia_hidden_link_text'>Condividi su Facebook<\/span><\/a><\/li><li class='av-share-link av-social-link-twitter' ><a target=\"_blank\" aria-label=\"Condividi su Twitter\" href='https:\/\/twitter.com\/share?text=Porto%20Turistico%20di%20Valencia%20%E2%80%93%20Catamarano%20et%20spiagge%20las%20Arenas-Malvarrosa&#038;url=https:\/\/avalencia.com\/it\/?p=5763' aria-hidden='false' data-av_icon='\ue8f1' data-av_iconfont='entypo-fontello' title='' data-avia-related-tooltip='Condividi su Twitter' rel=\"noopener\"><span class='avia_hidden_link_text'>Condividi su Twitter<\/span><\/a><\/li><li class='av-share-link av-social-link-pinterest' ><a target=\"_blank\" aria-label=\"Condividi su Pinterest\" href='https:\/\/pinterest.com\/pin\/create\/button\/?url=https%3A%2F%2Favalencia.com%2Fit%2Fporto-di-valencia-catamarano-turistico%2F&#038;description=Porto%20Turistico%20di%20Valencia%20%E2%80%93%20Catamarano%20et%20spiagge%20las%20Arenas-Malvarrosa&#038;media=https%3A%2F%2Favalencia.com%2Fwp-content%2Fuploads%2F2022%2F07%2F00-Destacada-PuertoGP-Jaen-20-03-2016-2-1024x768-1-1024x423-1-705x291.webp' aria-hidden='false' data-av_icon='\ue8f8' data-av_iconfont='entypo-fontello' title='' data-avia-related-tooltip='Condividi su Pinterest' rel=\"noopener\"><span class='avia_hidden_link_text'>Condividi su Pinterest<\/span><\/a><\/li><li class='av-share-link av-social-link-linkedin' ><a target=\"_blank\" aria-label=\"Condividi su LinkedIn\" href='https:\/\/linkedin.com\/shareArticle?mini=true&#038;title=Porto%20Turistico%20di%20Valencia%20%E2%80%93%20Catamarano%20et%20spiagge%20las%20Arenas-Malvarrosa&#038;url=https:\/\/avalencia.com\/it\/porto-di-valencia-catamarano-turistico\/' aria-hidden='false' data-av_icon='\ue8fc' data-av_iconfont='entypo-fontello' title='' data-avia-related-tooltip='Condividi su LinkedIn' rel=\"noopener\"><span class='avia_hidden_link_text'>Condividi su LinkedIn<\/span><\/a><\/li><li class='av-share-link av-social-link-mail' ><a  aria-label=\"Condividi attraverso Mail\" href='mailto:?subject=Porto%20Turistico%20di%20Valencia%20%E2%80%93%20Catamarano%20et%20spiagge%20las%20Arenas-Malvarrosa&#038;body=https:\/\/avalencia.com\/it\/porto-di-valencia-catamarano-turistico\/' aria-hidden='false' data-av_icon='\ue805' data-av_iconfont='entypo-fontello' title='' data-avia-related-tooltip='Condividi attraverso Mail'><span class='avia_hidden_link_text'>Condividi attraverso Mail<\/span><\/a><\/li><\/ul><\/div><\/div>\n","protected":false},"excerpt":{"rendered":"<p>Porto Turistico di Valencia, spiagge de las Arenas-Malvarrosa e Catamarano Turistico Visita di mezza giornata per visitare il porto turistico di Valencia e prendere il catamarano (durata 50 minuti) per vedere le strutture e le basi dei partecipanti alla scorsa edizione della 32 America&#8217;s Cup (2008-2012). A bordo saranno servite bevande (acqua minerale, bibite o [&hellip;]<\/p>\n","protected":false},"author":3,"featured_media":15845,"parent":0,"menu_order":0,"comment_status":"closed","ping_status":"closed","template":"","meta":{"footnotes":""},"class_list":["post-5763","page","type-page","status-publish","has-post-thumbnail","hentry"],"yoast_head":"<!-- This site is optimized with the Yoast SEO plugin v26.8 - https:\/\/yoast.com\/product\/yoast-seo-wordpress\/ -->\n<title>Porto turistico di Valencia-Catamarano e spiagge de las Arenas-Malvarrosa<\/title>\n<meta name=\"description\" content=\"Visita di mezza giornata per visitare il porto turistico di Valencia e prendere il catamarano (durata 50 minuti) per vedere le strutture e le basi dei partecipanti alla scorsa edizione della 32 America&#039;s Cup (2008-2012)\" \/>\n<meta name=\"robots\" content=\"index, follow, max-snippet:-1, max-image-preview:large, max-video-preview:-1\" \/>\n<link rel=\"canonical\" href=\"https:\/\/avalencia.com\/it\/porto-di-valencia-catamarano-turistico\/\" \/>\n<meta property=\"og:locale\" content=\"it_IT\" \/>\n<meta property=\"og:type\" content=\"article\" \/>\n<meta property=\"og:title\" content=\"Porto turistico di Valencia-Catamarano e spiagge de las Arenas-Malvarrosa\" \/>\n<meta property=\"og:description\" content=\"Visita di mezza giornata per visitare il porto turistico di Valencia e prendere il catamarano (durata 50 minuti) per vedere le strutture e le basi dei partecipanti alla scorsa edizione della 32 America&#039;s Cup (2008-2012)\" \/>\n<meta property=\"og:url\" content=\"https:\/\/avalencia.com\/it\/porto-di-valencia-catamarano-turistico\/\" \/>\n<meta property=\"og:site_name\" content=\"AVALENCIA\" \/>\n<meta property=\"article:publisher\" content=\"https:\/\/www.facebook.com\/angela.marisoler\" \/>\n<meta property=\"article:modified_time\" content=\"2022-09-01T08:36:39+00:00\" \/>\n<meta property=\"og:image\" content=\"https:\/\/avalencia.com\/wp-content\/uploads\/2022\/07\/00-Destacada-PuertoGP-Jaen-20-03-2016-2-1024x768-1-1024x423-1.webp\" \/>\n\t<meta property=\"og:image:width\" content=\"1024\" \/>\n\t<meta property=\"og:image:height\" content=\"423\" \/>\n\t<meta property=\"og:image:type\" content=\"image\/webp\" \/>\n<meta name=\"twitter:card\" content=\"summary_large_image\" \/>\n<meta name=\"twitter:site\" content=\"@angelamari400\" \/>\n<meta name=\"twitter:label1\" content=\"Est. reading time\" \/>\n\t<meta name=\"twitter:data1\" content=\"4 minutes\" \/>\n<script type=\"application\/ld+json\" class=\"yoast-schema-graph\">{\"@context\":\"https:\/\/schema.org\",\"@graph\":[{\"@type\":\"WebPage\",\"@id\":\"https:\/\/avalencia.com\/it\/porto-di-valencia-catamarano-turistico\/\",\"url\":\"https:\/\/avalencia.com\/it\/porto-di-valencia-catamarano-turistico\/\",\"name\":\"Porto turistico di Valencia-Catamarano e spiagge de las Arenas-Malvarrosa\",\"isPartOf\":{\"@id\":\"https:\/\/avalencia.com\/it\/#website\"},\"primaryImageOfPage\":{\"@id\":\"https:\/\/avalencia.com\/it\/porto-di-valencia-catamarano-turistico\/#primaryimage\"},\"image\":{\"@id\":\"https:\/\/avalencia.com\/it\/porto-di-valencia-catamarano-turistico\/#primaryimage\"},\"thumbnailUrl\":\"https:\/\/avalencia.com\/wp-content\/uploads\/2022\/07\/00-Destacada-PuertoGP-Jaen-20-03-2016-2-1024x768-1-1024x423-1.webp\",\"datePublished\":\"2018-03-31T18:42:45+00:00\",\"dateModified\":\"2022-09-01T08:36:39+00:00\",\"description\":\"Visita di mezza giornata per visitare il porto turistico di Valencia e prendere il catamarano (durata 50 minuti) per vedere le strutture e le basi dei partecipanti alla scorsa edizione della 32 America's Cup (2008-2012)\",\"breadcrumb\":{\"@id\":\"https:\/\/avalencia.com\/it\/porto-di-valencia-catamarano-turistico\/#breadcrumb\"},\"inLanguage\":\"it-IT\",\"potentialAction\":[{\"@type\":\"ReadAction\",\"target\":[\"https:\/\/avalencia.com\/it\/porto-di-valencia-catamarano-turistico\/\"]}]},{\"@type\":\"ImageObject\",\"inLanguage\":\"it-IT\",\"@id\":\"https:\/\/avalencia.com\/it\/porto-di-valencia-catamarano-turistico\/#primaryimage\",\"url\":\"https:\/\/avalencia.com\/wp-content\/uploads\/2022\/07\/00-Destacada-PuertoGP-Jaen-20-03-2016-2-1024x768-1-1024x423-1.webp\",\"contentUrl\":\"https:\/\/avalencia.com\/wp-content\/uploads\/2022\/07\/00-Destacada-PuertoGP-Jaen-20-03-2016-2-1024x768-1-1024x423-1.webp\",\"width\":1024,\"height\":423},{\"@type\":\"BreadcrumbList\",\"@id\":\"https:\/\/avalencia.com\/it\/porto-di-valencia-catamarano-turistico\/#breadcrumb\",\"itemListElement\":[{\"@type\":\"ListItem\",\"position\":1,\"name\":\"Portada\",\"item\":\"https:\/\/avalencia.com\/it\/\"},{\"@type\":\"ListItem\",\"position\":2,\"name\":\"Porto Turistico di Valencia &#8211; Catamarano et spiagge las Arenas-Malvarrosa\"}]},{\"@type\":\"WebSite\",\"@id\":\"https:\/\/avalencia.com\/it\/#website\",\"url\":\"https:\/\/avalencia.com\/it\/\",\"name\":\"AVALENCIA\",\"description\":\"Visitas culturales por Valencia y alrededores\",\"publisher\":{\"@id\":\"https:\/\/avalencia.com\/it\/#organization\"},\"potentialAction\":[{\"@type\":\"SearchAction\",\"target\":{\"@type\":\"EntryPoint\",\"urlTemplate\":\"https:\/\/avalencia.com\/it\/?s={search_term_string}\"},\"query-input\":{\"@type\":\"PropertyValueSpecification\",\"valueRequired\":true,\"valueName\":\"search_term_string\"}}],\"inLanguage\":\"it-IT\"},{\"@type\":\"Organization\",\"@id\":\"https:\/\/avalencia.com\/it\/#organization\",\"name\":\"Gu\u00eda Valencia\",\"url\":\"https:\/\/avalencia.com\/it\/\",\"logo\":{\"@type\":\"ImageObject\",\"inLanguage\":\"it-IT\",\"@id\":\"https:\/\/avalencia.com\/it\/#\/schema\/logo\/image\/\",\"url\":\"\",\"contentUrl\":\"\",\"caption\":\"Gu\u00eda Valencia\"},\"image\":{\"@id\":\"https:\/\/avalencia.com\/it\/#\/schema\/logo\/image\/\"},\"sameAs\":[\"https:\/\/www.facebook.com\/angela.marisoler\",\"https:\/\/x.com\/angelamari400\",\"https:\/\/www.instagram.com\/angelamarisoler\/\",\"https:\/\/www.linkedin.com\/feed\/?trk=guest_homepage-basic_sign-in-submit\",\"https:\/\/www.youtube.com\/channel\/UC4bWyTV2CWI65Qf0r1pjuXg?view_as=subscriber\"]}]}<\/script>\n<!-- \/ Yoast SEO plugin. -->","yoast_head_json":{"title":"Porto turistico di Valencia-Catamarano e spiagge de las Arenas-Malvarrosa","description":"Visita di mezza giornata per visitare il porto turistico di Valencia e prendere il catamarano (durata 50 minuti) per vedere le strutture e le basi dei partecipanti alla scorsa edizione della 32 America's Cup (2008-2012)","robots":{"index":"index","follow":"follow","max-snippet":"max-snippet:-1","max-image-preview":"max-image-preview:large","max-video-preview":"max-video-preview:-1"},"canonical":"https:\/\/avalencia.com\/it\/porto-di-valencia-catamarano-turistico\/","og_locale":"it_IT","og_type":"article","og_title":"Porto turistico di Valencia-Catamarano e spiagge de las Arenas-Malvarrosa","og_description":"Visita di mezza giornata per visitare il porto turistico di Valencia e prendere il catamarano (durata 50 minuti) per vedere le strutture e le basi dei partecipanti alla scorsa edizione della 32 America's Cup (2008-2012)","og_url":"https:\/\/avalencia.com\/it\/porto-di-valencia-catamarano-turistico\/","og_site_name":"AVALENCIA","article_publisher":"https:\/\/www.facebook.com\/angela.marisoler","article_modified_time":"2022-09-01T08:36:39+00:00","og_image":[{"width":1024,"height":423,"url":"https:\/\/avalencia.com\/wp-content\/uploads\/2022\/07\/00-Destacada-PuertoGP-Jaen-20-03-2016-2-1024x768-1-1024x423-1.webp","type":"image\/webp"}],"twitter_card":"summary_large_image","twitter_site":"@angelamari400","twitter_misc":{"Est. reading time":"4 minutes"},"schema":{"@context":"https:\/\/schema.org","@graph":[{"@type":"WebPage","@id":"https:\/\/avalencia.com\/it\/porto-di-valencia-catamarano-turistico\/","url":"https:\/\/avalencia.com\/it\/porto-di-valencia-catamarano-turistico\/","name":"Porto turistico di Valencia-Catamarano e spiagge de las Arenas-Malvarrosa","isPartOf":{"@id":"https:\/\/avalencia.com\/it\/#website"},"primaryImageOfPage":{"@id":"https:\/\/avalencia.com\/it\/porto-di-valencia-catamarano-turistico\/#primaryimage"},"image":{"@id":"https:\/\/avalencia.com\/it\/porto-di-valencia-catamarano-turistico\/#primaryimage"},"thumbnailUrl":"https:\/\/avalencia.com\/wp-content\/uploads\/2022\/07\/00-Destacada-PuertoGP-Jaen-20-03-2016-2-1024x768-1-1024x423-1.webp","datePublished":"2018-03-31T18:42:45+00:00","dateModified":"2022-09-01T08:36:39+00:00","description":"Visita di mezza giornata per visitare il porto turistico di Valencia e prendere il catamarano (durata 50 minuti) per vedere le strutture e le basi dei partecipanti alla scorsa edizione della 32 America's Cup (2008-2012)","breadcrumb":{"@id":"https:\/\/avalencia.com\/it\/porto-di-valencia-catamarano-turistico\/#breadcrumb"},"inLanguage":"it-IT","potentialAction":[{"@type":"ReadAction","target":["https:\/\/avalencia.com\/it\/porto-di-valencia-catamarano-turistico\/"]}]},{"@type":"ImageObject","inLanguage":"it-IT","@id":"https:\/\/avalencia.com\/it\/porto-di-valencia-catamarano-turistico\/#primaryimage","url":"https:\/\/avalencia.com\/wp-content\/uploads\/2022\/07\/00-Destacada-PuertoGP-Jaen-20-03-2016-2-1024x768-1-1024x423-1.webp","contentUrl":"https:\/\/avalencia.com\/wp-content\/uploads\/2022\/07\/00-Destacada-PuertoGP-Jaen-20-03-2016-2-1024x768-1-1024x423-1.webp","width":1024,"height":423},{"@type":"BreadcrumbList","@id":"https:\/\/avalencia.com\/it\/porto-di-valencia-catamarano-turistico\/#breadcrumb","itemListElement":[{"@type":"ListItem","position":1,"name":"Portada","item":"https:\/\/avalencia.com\/it\/"},{"@type":"ListItem","position":2,"name":"Porto Turistico di Valencia &#8211; Catamarano et spiagge las Arenas-Malvarrosa"}]},{"@type":"WebSite","@id":"https:\/\/avalencia.com\/it\/#website","url":"https:\/\/avalencia.com\/it\/","name":"AVALENCIA","description":"Visitas culturales por Valencia y alrededores","publisher":{"@id":"https:\/\/avalencia.com\/it\/#organization"},"potentialAction":[{"@type":"SearchAction","target":{"@type":"EntryPoint","urlTemplate":"https:\/\/avalencia.com\/it\/?s={search_term_string}"},"query-input":{"@type":"PropertyValueSpecification","valueRequired":true,"valueName":"search_term_string"}}],"inLanguage":"it-IT"},{"@type":"Organization","@id":"https:\/\/avalencia.com\/it\/#organization","name":"Gu\u00eda Valencia","url":"https:\/\/avalencia.com\/it\/","logo":{"@type":"ImageObject","inLanguage":"it-IT","@id":"https:\/\/avalencia.com\/it\/#\/schema\/logo\/image\/","url":"","contentUrl":"","caption":"Gu\u00eda Valencia"},"image":{"@id":"https:\/\/avalencia.com\/it\/#\/schema\/logo\/image\/"},"sameAs":["https:\/\/www.facebook.com\/angela.marisoler","https:\/\/x.com\/angelamari400","https:\/\/www.instagram.com\/angelamarisoler\/","https:\/\/www.linkedin.com\/feed\/?trk=guest_homepage-basic_sign-in-submit","https:\/\/www.youtube.com\/channel\/UC4bWyTV2CWI65Qf0r1pjuXg?view_as=subscriber"]}]}},"featured_image_src":"https:\/\/avalencia.com\/wp-content\/uploads\/2022\/07\/00-Destacada-PuertoGP-Jaen-20-03-2016-2-1024x768-1-1024x423-1-600x400.webp","featured_image_src_square":"https:\/\/avalencia.com\/wp-content\/uploads\/2022\/07\/00-Destacada-PuertoGP-Jaen-20-03-2016-2-1024x768-1-1024x423-1-600x423.webp","_links":{"self":[{"href":"https:\/\/avalencia.com\/it\/wp-json\/wp\/v2\/pages\/5763","targetHints":{"allow":["GET"]}}],"collection":[{"href":"https:\/\/avalencia.com\/it\/wp-json\/wp\/v2\/pages"}],"about":[{"href":"https:\/\/avalencia.com\/it\/wp-json\/wp\/v2\/types\/page"}],"author":[{"embeddable":true,"href":"https:\/\/avalencia.com\/it\/wp-json\/wp\/v2\/users\/3"}],"replies":[{"embeddable":true,"href":"https:\/\/avalencia.com\/it\/wp-json\/wp\/v2\/comments?post=5763"}],"version-history":[{"count":0,"href":"https:\/\/avalencia.com\/it\/wp-json\/wp\/v2\/pages\/5763\/revisions"}],"wp:featuredmedia":[{"embeddable":true,"href":"https:\/\/avalencia.com\/it\/wp-json\/wp\/v2\/media\/15845"}],"wp:attachment":[{"href":"https:\/\/avalencia.com\/it\/wp-json\/wp\/v2\/media?parent=5763"}],"curies":[{"name":"wp","href":"https:\/\/api.w.org\/{rel}","templated":true}]}}