{"id":5778,"date":"2018-03-31T18:52:03","date_gmt":"2018-03-31T18:52:03","guid":{"rendered":"https:\/\/avalencia.com\/monastero-puig\/"},"modified":"2024-07-24T10:46:53","modified_gmt":"2024-07-24T10:46:53","slug":"monastero-reale-di-el-puig-valencia","status":"publish","type":"page","link":"https:\/\/avalencia.com\/it\/monastero-reale-di-el-puig-valencia\/","title":{"rendered":"Monastero Reale di el Puig Valencia"},"content":{"rendered":"\n<p><\/p>\n\n\n\n<h1 class=\"wp-block-heading\"><strong><em>Monastero Reale di Santa Mar\u00eda del Puig<\/em><\/strong><\/h1>\n\n\n\n<p>Il monastero Reale di el Puig si trova nella stessa citt\u00e0 che porta il suo nome,  a soli 12 km a nord di Valencia.<\/p>\n\n\n\n<h4 class=\"wp-block-heading\"><em><strong>Storia &#8211; Convento &#8211; Santuario<\/strong><\/em><\/h4>\n\n\n\n<p>Questo monastero deve la sua origine alla scoperta, in cima alla collina (Puig, in lingua valenciana), di un&#8217;immagine di Maria di San Pedro Nolasco, fondatore dell&#8217;Ordine della Misericordia, nel 1237, sotto una campana; mentre i soldati del re Jaime I si preparavano per la conquista della vicina capitale. <\/p>\n\n\n\n<p>Questa immagine \u00e8 conservata nella Cappella Principale del Santuario, dove ancora oggi si pu\u00f2 venerare.<br>Jaime I, cio\u00e8, il Conquistatore, consider\u00f2 la protezione della Vergine come la causa determinante ed efficace della conquista del Regno di Valencia,  e proclam\u00f2 Santa Mar\u00eda de EL Puig come Patrona del Regno conquistato. <\/p>\n\n\n\n<p>Cos\u00ed si costru\u00ed il primo tempio per la celeste Signora delle terre conquistate e volle che i religiosi mercedari fossero i perpetui guardiani del santuario.<\/p>\n\n\n\n<p><span style=\"color: #000000;\"><\/span><\/p>\n\n\n<span class=\"collapseomatic \" id=\"id69efc0e20f437\"  tabindex=\"0\" title=\"leggi di pi\u00f9...\"    >leggi di pi\u00f9...<\/span><div id=\"target-id69efc0e20f437\" class=\"collapseomatic_content \">\n<p>l monastero comprende diversi elementi architettonici: il convento stesso (residenza dei religiosi) e il Santuario della Patrona del Regno di Valencia; Entrambi gli elementi costituiscono la grandiosa massa rettangolare, fiancheggiata da quattro imponenti torri, che si staglia contro la verdeggiante area della pianura fertile e sulla costruzione urbana circostante.<\/p>\n<p>Il popolo di Valencia veniva sempre al santuario di Santa Mar\u00eda de El Puig in pellegrinaggi ferventi e continui.<br \/>\nIl re Giacomo I, Alfonso X il saggio, Pedro III il Grande, Pedro el Cruel, Felipe III e i nostri re emeriti D. Juan Carlos I e Do\u00f1a Sof\u00eda hanno reso omaggio a Santa Mar\u00eda de El Puig; e davanti all&#8217;immagine di Santa Maria de El Puig, i loro diademi furono umiliati dai Papi Benedetto XIII, Callisto III e Alessandro VI, e dagli arcivescovi San Tommaso da Villanueva, San Giovanni da Ribera e gli altri prelati di Valentin, senza eccezioni fino ai giorni nostri.<\/p>\n<p>L&#8217;attuale convento, con pianta e stile escurialense (un estile del Escorial molto severo), inizi\u00f2 a essere costruito, con la benedizione di San Juan de Ribera, il 1\u00b0 settembre 1588, il giorno in cui fu posta la prima pietra nelle fondamenta della torre sud-est. Il suo architetto e primo capomastro fu Ant\u00f3n Dexado de la Cossa.&nbsp; <span style=\"color: #ff0000;\"><\/div><\/span><\/p>\n\n\n\n<h4 class=\"wp-block-heading\"><strong>Durante la visita sono visitabili due chiostri:<\/strong><\/h4>\n\n\n\n<p><strong>Il primo<\/strong> contiene il Refettorio della comunit\u00e0 e una sala gotica, in particolare, oltre alle quattro ali in cui sono esposti numerosi dipinti di Jos\u00e9 Vergara (1726 &#8211; 1799), al centro e dalle quattro ali del chiostro si pu\u00f2 accedere al cortile centrale.<br><strong>Nel secondo<\/strong> potrete anche ammirare dipinti di autori e temi diversi: Vergara, Espinosa, ecc. <\/p>\n\n\n\n<p>Inoltre c&#8217;\u00e8 <strong>el Sal\u00f3n Real<\/strong>, <strong>el Sal\u00f3n de la Orden de Caballeros del Puig<\/strong>, diverse vetrine con ornamenti e vecchie immagini, ecc. Da qui puoi accedere alla Chiesa.<\/p>\n\n\n\n<h4 class=\"wp-block-heading\"><strong>Il Santuario<\/strong>:<\/h4>\n\n\n\n<p>La costruzione dell&#8217;attuale edificio fu iniziata dall&#8217;ammiraglio Don Roger de Lauria, nel 1300, continuata da sua moglie, la signora Saurina de Entenza, e completata (a met\u00e0 del XIV secolo) dalla figlia Margarita de Lauria ed Entenza.<\/p>\n\n\n<div class=\"wp-block-image\">\n<figure class=\"aligncenter size-full\"><img decoding=\"async\" width=\"680\" height=\"680\" src=\"https:\/\/avalencia.com\/wp-content\/uploads\/2022\/08\/GL1-01-Elpuig-1.webp\" alt=\"\" class=\"wp-image-16617\" srcset=\"https:\/\/avalencia.com\/wp-content\/uploads\/2022\/08\/GL1-01-Elpuig-1.webp 680w, https:\/\/avalencia.com\/wp-content\/uploads\/2022\/08\/GL1-01-Elpuig-1-300x300.webp 300w, https:\/\/avalencia.com\/wp-content\/uploads\/2022\/08\/GL1-01-Elpuig-1-120x120.webp 120w, https:\/\/avalencia.com\/wp-content\/uploads\/2022\/08\/GL1-01-Elpuig-1-36x36.webp 36w, https:\/\/avalencia.com\/wp-content\/uploads\/2022\/08\/GL1-01-Elpuig-1-180x180.webp 180w, https:\/\/avalencia.com\/wp-content\/uploads\/2022\/08\/GL1-01-Elpuig-1-600x600.webp 600w\" sizes=\"(max-width: 680px) 100vw, 680px\" \/><\/figure><\/div>\n\n\n<h5 class=\"wp-block-heading\">Il tempio ha pianta rettangolare, con tre navate con volte a crociera sostenute da robusti pilastri. <\/h5>\n\n\n\n<p>Si tratta di una superficie di 26,40 per 16 metri (senza contare la profondit\u00e0 delle cappelle laterali),  presieduta dal presbiterio della cappella principale con un&#8217;abside quadrata, nello stile dei templi visigoti.<br><span class=\"collapseomatic \" id=\"id69efc0e20f4b2\"  tabindex=\"0\" title=\"leggi di pi\u00f9\u2026\"    >leggi di pi\u00f9\u2026<\/span><div id=\"target-id69efc0e20f4b2\" class=\"collapseomatic_content \"><br>L&#8217;attuale chiesa procedette, nel tempo, a quella di un&#8217;unica navata costruita per ordine di Jaime I, nel 1238. <\/p>\n\n\n\n<p>Fu consegnata all&#8217;Ordine della Merced dal detto monarca il 26 luglio 1240, di cui rimane solo la straordinaria facciata, trasferita dalla sua posizione originale al posto laterale che occupa oggi.<\/p>\n\n\n\n<h4 class=\"wp-block-heading\">El Camar\u00edn della Vergine<\/h4>\n\n\n\n<p>Questo si trova dietro la Cappella Principale. Nella sua cupola, pendenti &nbsp;e pareti, furono dipinti da Jos\u00e9 Vergara, nell&#8217;anno 1871, a seconda la tradizione dell&#8217;immaginario della Madonna di El Puig dicono che:<\/p>\n\n\n\n<p>Gli angeli la ricavarono da una pietra proveniente dalla tomba di Maria;  fu &nbsp;portata a El Puig;  qui apostoli e monaci l&#8217;adoravano;  i monaci la seppellirono sotto una campana quando l&#8217;invasione musulmana;  \u00e8 stato successivamente trovata; e&nbsp; Jaime I deposit\u00f2 le chiavi della citt\u00e0 di Valencia sulle piante della Signora celeste quando le ricevette dal re moresco Zey\u00e1n. <\/div>\n\n\n\n<h4 class=\"wp-block-heading\">Anche qui c&#8217;\u00e8 <strong><a href=\"http:\/\/www.encajabaja.com\/2012\/01\/el-museo-de-la-imprenta-de-el-puig.html\" target=\"_blank\" rel=\"noopener noreferrer\">il Museo della Stampa<\/a><\/strong>:<\/h4>\n\n\n\n<p>Aperto nel 1985 e rinnovato e ampliato tra il 2007 e il 2008. <\/p>\n\n\n\n<p>\u00c8 stato il primo in Spagna e (secondo i suoi gestori) il secondo pi\u00f9 importante in Europa dopo quello di Magonza.<\/p>\n\n\n\n<h4 class=\"wp-block-heading\">Per maggiori informazioni contattare:<\/h4>\n\n\n\n<div style=\"height:44px\" aria-hidden=\"true\" class=\"wp-block-spacer\"><\/div>\n\n\n\n<div class=\"wp-block-buttons is-layout-flex wp-block-buttons-is-layout-flex\">\n<div class=\"wp-block-button\"><a class=\"wp-block-button__link wp-element-button\" href=\"https:\/\/avalencia.com\/it\/contatto-guida-ufficiale-di-valencia\/\" target=\"_blank\" rel=\"noreferrer noopener\">Angela Mar\u00ed Soler<\/a><\/div>\n<\/div>\n\n\n\n<div style=\"height:44px\" aria-hidden=\"true\" class=\"wp-block-spacer\"><\/div>\n\n\n<div  class='av-social-sharing-box  avia-builder-el-0  avia-builder-el-no-sibling  '><div class='av-share-box'><h5 class='av-share-link-description av-no-toc '>Condividi<\/h5><ul class='av-share-box-list noLightbox'><li class='av-share-link av-social-link-facebook' ><a target=\"_blank\" aria-label=\"Condividi su Facebook\" href='https:\/\/www.facebook.com\/sharer.php?u=https:\/\/avalencia.com\/it\/monastero-reale-di-el-puig-valencia\/&#038;t=Monastero%20Reale%20di%20el%20Puig%20Valencia' aria-hidden='false' data-av_icon='\ue8f3' data-av_iconfont='entypo-fontello' title='' data-avia-related-tooltip='Condividi su Facebook' rel=\"noopener\"><span class='avia_hidden_link_text'>Condividi su Facebook<\/span><\/a><\/li><li class='av-share-link av-social-link-twitter' ><a target=\"_blank\" aria-label=\"Condividi su Twitter\" href='https:\/\/twitter.com\/share?text=Monastero%20Reale%20di%20el%20Puig%20Valencia&#038;url=https:\/\/avalencia.com\/it\/?p=5778' aria-hidden='false' data-av_icon='\ue8f1' data-av_iconfont='entypo-fontello' title='' data-avia-related-tooltip='Condividi su Twitter' rel=\"noopener\"><span class='avia_hidden_link_text'>Condividi su Twitter<\/span><\/a><\/li><li class='av-share-link av-social-link-pinterest' ><a target=\"_blank\" aria-label=\"Condividi su Pinterest\" href='https:\/\/pinterest.com\/pin\/create\/button\/?url=https%3A%2F%2Favalencia.com%2Fit%2Fmonastero-reale-di-el-puig-valencia%2F&#038;description=Monastero%20Reale%20di%20el%20Puig%20Valencia&#038;media=https%3A%2F%2Favalencia.com%2Fwp-content%2Fuploads%2F2022%2F08%2FDestacada-el-Puig-705x418.webp' aria-hidden='false' data-av_icon='\ue8f8' data-av_iconfont='entypo-fontello' title='' data-avia-related-tooltip='Condividi su Pinterest' rel=\"noopener\"><span class='avia_hidden_link_text'>Condividi su Pinterest<\/span><\/a><\/li><li class='av-share-link av-social-link-linkedin' ><a target=\"_blank\" aria-label=\"Condividi su LinkedIn\" href='https:\/\/linkedin.com\/shareArticle?mini=true&#038;title=Monastero%20Reale%20di%20el%20Puig%20Valencia&#038;url=https:\/\/avalencia.com\/it\/monastero-reale-di-el-puig-valencia\/' aria-hidden='false' data-av_icon='\ue8fc' data-av_iconfont='entypo-fontello' title='' data-avia-related-tooltip='Condividi su LinkedIn' rel=\"noopener\"><span class='avia_hidden_link_text'>Condividi su LinkedIn<\/span><\/a><\/li><li class='av-share-link av-social-link-mail' ><a  aria-label=\"Condividi attraverso Mail\" href='mailto:?subject=Monastero%20Reale%20di%20el%20Puig%20Valencia&#038;body=https:\/\/avalencia.com\/it\/monastero-reale-di-el-puig-valencia\/' aria-hidden='false' data-av_icon='\ue805' data-av_iconfont='entypo-fontello' title='' data-avia-related-tooltip='Condividi attraverso Mail'><span class='avia_hidden_link_text'>Condividi attraverso Mail<\/span><\/a><\/li><\/ul><\/div><\/div>\n","protected":false},"excerpt":{"rendered":"<p>Monastero Puig<\/p>\n","protected":false},"author":3,"featured_media":16612,"parent":0,"menu_order":0,"comment_status":"closed","ping_status":"closed","template":"","meta":{"footnotes":""},"class_list":["post-5778","page","type-page","status-publish","has-post-thumbnail","hentry"],"yoast_head":"<!-- This site is optimized with the Yoast SEO plugin v26.8 - https:\/\/yoast.com\/product\/yoast-seo-wordpress\/ -->\n<title>Monastero Reale di el Puig Valencia - AVALENCIA<\/title>\n<meta name=\"description\" content=\"Questo monastero deve la sua origine alla scoperta in cima alla collina, di un&#039;immagine di Maria, vieni a visitarlo con me!\" \/>\n<meta name=\"robots\" content=\"index, follow, max-snippet:-1, max-image-preview:large, max-video-preview:-1\" \/>\n<link rel=\"canonical\" href=\"https:\/\/avalencia.com\/it\/monastero-reale-di-el-puig-valencia\/\" \/>\n<meta property=\"og:locale\" content=\"it_IT\" \/>\n<meta property=\"og:type\" content=\"article\" \/>\n<meta property=\"og:title\" content=\"Monastero Reale di el Puig Valencia - AVALENCIA\" \/>\n<meta property=\"og:description\" content=\"Questo monastero deve la sua origine alla scoperta in cima alla collina, di un&#039;immagine di Maria, vieni a visitarlo con me!\" \/>\n<meta property=\"og:url\" content=\"https:\/\/avalencia.com\/it\/monastero-reale-di-el-puig-valencia\/\" \/>\n<meta property=\"og:site_name\" content=\"AVALENCIA\" \/>\n<meta property=\"article:publisher\" content=\"https:\/\/www.facebook.com\/angela.marisoler\" \/>\n<meta property=\"article:modified_time\" content=\"2024-07-24T10:46:53+00:00\" \/>\n<meta property=\"og:image\" content=\"https:\/\/avalencia.com\/wp-content\/uploads\/2022\/08\/Destacada-el-Puig.webp\" \/>\n\t<meta property=\"og:image:width\" content=\"1000\" \/>\n\t<meta property=\"og:image:height\" content=\"593\" \/>\n\t<meta property=\"og:image:type\" content=\"image\/webp\" \/>\n<meta name=\"twitter:card\" content=\"summary_large_image\" \/>\n<meta name=\"twitter:site\" content=\"@angelamari400\" \/>\n<meta name=\"twitter:label1\" content=\"Est. reading time\" \/>\n\t<meta name=\"twitter:data1\" content=\"4 minutes\" \/>\n<script type=\"application\/ld+json\" class=\"yoast-schema-graph\">{\"@context\":\"https:\/\/schema.org\",\"@graph\":[{\"@type\":\"WebPage\",\"@id\":\"https:\/\/avalencia.com\/it\/monastero-reale-di-el-puig-valencia\/\",\"url\":\"https:\/\/avalencia.com\/it\/monastero-reale-di-el-puig-valencia\/\",\"name\":\"Monastero Reale di el Puig Valencia - AVALENCIA\",\"isPartOf\":{\"@id\":\"https:\/\/avalencia.com\/it\/#website\"},\"primaryImageOfPage\":{\"@id\":\"https:\/\/avalencia.com\/it\/monastero-reale-di-el-puig-valencia\/#primaryimage\"},\"image\":{\"@id\":\"https:\/\/avalencia.com\/it\/monastero-reale-di-el-puig-valencia\/#primaryimage\"},\"thumbnailUrl\":\"https:\/\/avalencia.com\/wp-content\/uploads\/2022\/08\/Destacada-el-Puig.webp\",\"datePublished\":\"2018-03-31T18:52:03+00:00\",\"dateModified\":\"2024-07-24T10:46:53+00:00\",\"description\":\"Questo monastero deve la sua origine alla scoperta in cima alla collina, di un'immagine di Maria, vieni a visitarlo con me!\",\"breadcrumb\":{\"@id\":\"https:\/\/avalencia.com\/it\/monastero-reale-di-el-puig-valencia\/#breadcrumb\"},\"inLanguage\":\"it-IT\",\"potentialAction\":[{\"@type\":\"ReadAction\",\"target\":[\"https:\/\/avalencia.com\/it\/monastero-reale-di-el-puig-valencia\/\"]}]},{\"@type\":\"ImageObject\",\"inLanguage\":\"it-IT\",\"@id\":\"https:\/\/avalencia.com\/it\/monastero-reale-di-el-puig-valencia\/#primaryimage\",\"url\":\"https:\/\/avalencia.com\/wp-content\/uploads\/2022\/08\/Destacada-el-Puig.webp\",\"contentUrl\":\"https:\/\/avalencia.com\/wp-content\/uploads\/2022\/08\/Destacada-el-Puig.webp\",\"width\":1000,\"height\":593},{\"@type\":\"BreadcrumbList\",\"@id\":\"https:\/\/avalencia.com\/it\/monastero-reale-di-el-puig-valencia\/#breadcrumb\",\"itemListElement\":[{\"@type\":\"ListItem\",\"position\":1,\"name\":\"Portada\",\"item\":\"https:\/\/avalencia.com\/it\/\"},{\"@type\":\"ListItem\",\"position\":2,\"name\":\"Monastero Reale di el Puig Valencia\"}]},{\"@type\":\"WebSite\",\"@id\":\"https:\/\/avalencia.com\/it\/#website\",\"url\":\"https:\/\/avalencia.com\/it\/\",\"name\":\"AVALENCIA\",\"description\":\"Visitas culturales por Valencia y alrededores\",\"publisher\":{\"@id\":\"https:\/\/avalencia.com\/it\/#organization\"},\"potentialAction\":[{\"@type\":\"SearchAction\",\"target\":{\"@type\":\"EntryPoint\",\"urlTemplate\":\"https:\/\/avalencia.com\/it\/?s={search_term_string}\"},\"query-input\":{\"@type\":\"PropertyValueSpecification\",\"valueRequired\":true,\"valueName\":\"search_term_string\"}}],\"inLanguage\":\"it-IT\"},{\"@type\":\"Organization\",\"@id\":\"https:\/\/avalencia.com\/it\/#organization\",\"name\":\"Gu\u00eda Valencia\",\"url\":\"https:\/\/avalencia.com\/it\/\",\"logo\":{\"@type\":\"ImageObject\",\"inLanguage\":\"it-IT\",\"@id\":\"https:\/\/avalencia.com\/it\/#\/schema\/logo\/image\/\",\"url\":\"\",\"contentUrl\":\"\",\"caption\":\"Gu\u00eda Valencia\"},\"image\":{\"@id\":\"https:\/\/avalencia.com\/it\/#\/schema\/logo\/image\/\"},\"sameAs\":[\"https:\/\/www.facebook.com\/angela.marisoler\",\"https:\/\/x.com\/angelamari400\",\"https:\/\/www.instagram.com\/angelamarisoler\/\",\"https:\/\/www.linkedin.com\/feed\/?trk=guest_homepage-basic_sign-in-submit\",\"https:\/\/www.youtube.com\/channel\/UC4bWyTV2CWI65Qf0r1pjuXg?view_as=subscriber\"]}]}<\/script>\n<!-- \/ Yoast SEO plugin. -->","yoast_head_json":{"title":"Monastero Reale di el Puig Valencia - AVALENCIA","description":"Questo monastero deve la sua origine alla scoperta in cima alla collina, di un'immagine di Maria, vieni a visitarlo con me!","robots":{"index":"index","follow":"follow","max-snippet":"max-snippet:-1","max-image-preview":"max-image-preview:large","max-video-preview":"max-video-preview:-1"},"canonical":"https:\/\/avalencia.com\/it\/monastero-reale-di-el-puig-valencia\/","og_locale":"it_IT","og_type":"article","og_title":"Monastero Reale di el Puig Valencia - AVALENCIA","og_description":"Questo monastero deve la sua origine alla scoperta in cima alla collina, di un'immagine di Maria, vieni a visitarlo con me!","og_url":"https:\/\/avalencia.com\/it\/monastero-reale-di-el-puig-valencia\/","og_site_name":"AVALENCIA","article_publisher":"https:\/\/www.facebook.com\/angela.marisoler","article_modified_time":"2024-07-24T10:46:53+00:00","og_image":[{"width":1000,"height":593,"url":"https:\/\/avalencia.com\/wp-content\/uploads\/2022\/08\/Destacada-el-Puig.webp","type":"image\/webp"}],"twitter_card":"summary_large_image","twitter_site":"@angelamari400","twitter_misc":{"Est. reading time":"4 minutes"},"schema":{"@context":"https:\/\/schema.org","@graph":[{"@type":"WebPage","@id":"https:\/\/avalencia.com\/it\/monastero-reale-di-el-puig-valencia\/","url":"https:\/\/avalencia.com\/it\/monastero-reale-di-el-puig-valencia\/","name":"Monastero Reale di el Puig Valencia - AVALENCIA","isPartOf":{"@id":"https:\/\/avalencia.com\/it\/#website"},"primaryImageOfPage":{"@id":"https:\/\/avalencia.com\/it\/monastero-reale-di-el-puig-valencia\/#primaryimage"},"image":{"@id":"https:\/\/avalencia.com\/it\/monastero-reale-di-el-puig-valencia\/#primaryimage"},"thumbnailUrl":"https:\/\/avalencia.com\/wp-content\/uploads\/2022\/08\/Destacada-el-Puig.webp","datePublished":"2018-03-31T18:52:03+00:00","dateModified":"2024-07-24T10:46:53+00:00","description":"Questo monastero deve la sua origine alla scoperta in cima alla collina, di un'immagine di Maria, vieni a visitarlo con me!","breadcrumb":{"@id":"https:\/\/avalencia.com\/it\/monastero-reale-di-el-puig-valencia\/#breadcrumb"},"inLanguage":"it-IT","potentialAction":[{"@type":"ReadAction","target":["https:\/\/avalencia.com\/it\/monastero-reale-di-el-puig-valencia\/"]}]},{"@type":"ImageObject","inLanguage":"it-IT","@id":"https:\/\/avalencia.com\/it\/monastero-reale-di-el-puig-valencia\/#primaryimage","url":"https:\/\/avalencia.com\/wp-content\/uploads\/2022\/08\/Destacada-el-Puig.webp","contentUrl":"https:\/\/avalencia.com\/wp-content\/uploads\/2022\/08\/Destacada-el-Puig.webp","width":1000,"height":593},{"@type":"BreadcrumbList","@id":"https:\/\/avalencia.com\/it\/monastero-reale-di-el-puig-valencia\/#breadcrumb","itemListElement":[{"@type":"ListItem","position":1,"name":"Portada","item":"https:\/\/avalencia.com\/it\/"},{"@type":"ListItem","position":2,"name":"Monastero Reale di el Puig Valencia"}]},{"@type":"WebSite","@id":"https:\/\/avalencia.com\/it\/#website","url":"https:\/\/avalencia.com\/it\/","name":"AVALENCIA","description":"Visitas culturales por Valencia y alrededores","publisher":{"@id":"https:\/\/avalencia.com\/it\/#organization"},"potentialAction":[{"@type":"SearchAction","target":{"@type":"EntryPoint","urlTemplate":"https:\/\/avalencia.com\/it\/?s={search_term_string}"},"query-input":{"@type":"PropertyValueSpecification","valueRequired":true,"valueName":"search_term_string"}}],"inLanguage":"it-IT"},{"@type":"Organization","@id":"https:\/\/avalencia.com\/it\/#organization","name":"Gu\u00eda Valencia","url":"https:\/\/avalencia.com\/it\/","logo":{"@type":"ImageObject","inLanguage":"it-IT","@id":"https:\/\/avalencia.com\/it\/#\/schema\/logo\/image\/","url":"","contentUrl":"","caption":"Gu\u00eda Valencia"},"image":{"@id":"https:\/\/avalencia.com\/it\/#\/schema\/logo\/image\/"},"sameAs":["https:\/\/www.facebook.com\/angela.marisoler","https:\/\/x.com\/angelamari400","https:\/\/www.instagram.com\/angelamarisoler\/","https:\/\/www.linkedin.com\/feed\/?trk=guest_homepage-basic_sign-in-submit","https:\/\/www.youtube.com\/channel\/UC4bWyTV2CWI65Qf0r1pjuXg?view_as=subscriber"]}]}},"featured_image_src":"https:\/\/avalencia.com\/wp-content\/uploads\/2022\/08\/Destacada-el-Puig-600x400.webp","featured_image_src_square":"https:\/\/avalencia.com\/wp-content\/uploads\/2022\/08\/Destacada-el-Puig-600x593.webp","_links":{"self":[{"href":"https:\/\/avalencia.com\/it\/wp-json\/wp\/v2\/pages\/5778","targetHints":{"allow":["GET"]}}],"collection":[{"href":"https:\/\/avalencia.com\/it\/wp-json\/wp\/v2\/pages"}],"about":[{"href":"https:\/\/avalencia.com\/it\/wp-json\/wp\/v2\/types\/page"}],"author":[{"embeddable":true,"href":"https:\/\/avalencia.com\/it\/wp-json\/wp\/v2\/users\/3"}],"replies":[{"embeddable":true,"href":"https:\/\/avalencia.com\/it\/wp-json\/wp\/v2\/comments?post=5778"}],"version-history":[{"count":1,"href":"https:\/\/avalencia.com\/it\/wp-json\/wp\/v2\/pages\/5778\/revisions"}],"predecessor-version":[{"id":18754,"href":"https:\/\/avalencia.com\/it\/wp-json\/wp\/v2\/pages\/5778\/revisions\/18754"}],"wp:featuredmedia":[{"embeddable":true,"href":"https:\/\/avalencia.com\/it\/wp-json\/wp\/v2\/media\/16612"}],"wp:attachment":[{"href":"https:\/\/avalencia.com\/it\/wp-json\/wp\/v2\/media?parent=5778"}],"curies":[{"name":"wp","href":"https:\/\/api.w.org\/{rel}","templated":true}]}}