{"id":5789,"date":"2018-04-01T13:16:08","date_gmt":"2018-04-01T13:16:08","guid":{"rendered":"https:\/\/avalencia.com\/museo-della-ceramica-di-manises\/"},"modified":"2022-09-01T07:44:28","modified_gmt":"2022-09-01T07:44:28","slug":"museo-della-ceramica-di-manises","status":"publish","type":"page","link":"https:\/\/avalencia.com\/it\/museo-della-ceramica-di-manises\/","title":{"rendered":"Museo della Ceramica di Manises"},"content":{"rendered":"\n<hr class=\"wp-block-separator has-css-opacity\"\/>\n\n\n\n<h1 class=\"wp-block-heading\"><em><strong>Il Museo della Ceramica di Manises&nbsp;<\/strong><\/em><\/h1>\n\n\n\n<p><strong>Breve giro della citt\u00e0 e visita di una fabbrica per vedere la produzione ceramica.<\/strong><br>La ceramica Manises \u00e8 una delle pi\u00f9 apprezzate, essendo la presenza dei nostri pezzi normali nei pi\u00f9 importanti musei del mondo, nei castelli e nei palazzi dei re di tutta Europa, nonch\u00e9 in preziose collezioni di ceramiche, ed \u00e8 un riferimento obbligatorio in qualsiasi studio o ricerca sulla ceramica.<\/p>\n\n\n\n<figure class=\"wp-block-gallery has-nested-images columns-default is-cropped wp-block-gallery-1 is-layout-flex wp-block-gallery-is-layout-flex\">\n<figure class=\"wp-block-image size-large\"><img decoding=\"async\" width=\"900\" height=\"621\" data-id=\"17178\" src=\"https:\/\/avalencia.com\/wp-content\/uploads\/2022\/08\/01-Manises-1.webp\" alt=\"Museo di Manises Valencia\" class=\"wp-image-17178\" srcset=\"https:\/\/avalencia.com\/wp-content\/uploads\/2022\/08\/01-Manises-1.webp 900w, https:\/\/avalencia.com\/wp-content\/uploads\/2022\/08\/01-Manises-1-300x207.webp 300w, https:\/\/avalencia.com\/wp-content\/uploads\/2022\/08\/01-Manises-1-768x530.webp 768w, https:\/\/avalencia.com\/wp-content\/uploads\/2022\/08\/01-Manises-1-705x486.webp 705w\" sizes=\"(max-width: 900px) 100vw, 900px\" \/><\/figure>\n\n\n\n<figure class=\"wp-block-image size-large\"><img decoding=\"async\" width=\"900\" height=\"641\" data-id=\"17183\" src=\"https:\/\/avalencia.com\/wp-content\/uploads\/2022\/08\/02-Manises-jpg-1.webp\" alt=\"Museo della Ceramica di Manises Valencia\" class=\"wp-image-17183\" srcset=\"https:\/\/avalencia.com\/wp-content\/uploads\/2022\/08\/02-Manises-jpg-1.webp 900w, https:\/\/avalencia.com\/wp-content\/uploads\/2022\/08\/02-Manises-jpg-1-300x214.webp 300w, https:\/\/avalencia.com\/wp-content\/uploads\/2022\/08\/02-Manises-jpg-1-768x547.webp 768w, https:\/\/avalencia.com\/wp-content\/uploads\/2022\/08\/02-Manises-jpg-1-260x185.webp 260w, https:\/\/avalencia.com\/wp-content\/uploads\/2022\/08\/02-Manises-jpg-1-705x502.webp 705w\" sizes=\"(max-width: 900px) 100vw, 900px\" \/><\/figure>\n\n\n\n<figure class=\"wp-block-image size-large\"><img decoding=\"async\" width=\"900\" height=\"653\" data-id=\"17188\" src=\"https:\/\/avalencia.com\/wp-content\/uploads\/2022\/08\/03-Manises-09-08-2022-1.webp\" alt=\"Ceramica Valencia\" class=\"wp-image-17188\" srcset=\"https:\/\/avalencia.com\/wp-content\/uploads\/2022\/08\/03-Manises-09-08-2022-1.webp 900w, https:\/\/avalencia.com\/wp-content\/uploads\/2022\/08\/03-Manises-09-08-2022-1-300x218.webp 300w, https:\/\/avalencia.com\/wp-content\/uploads\/2022\/08\/03-Manises-09-08-2022-1-768x557.webp 768w, https:\/\/avalencia.com\/wp-content\/uploads\/2022\/08\/03-Manises-09-08-2022-1-705x512.webp 705w\" sizes=\"(max-width: 900px) 100vw, 900px\" \/><\/figure>\n<\/figure>\n\n\n\n<p><a href=\"http:\/\/www.manises.es\/es\/ayto\/museos\/mcm\" target=\"_blank\" rel=\"noopener noreferrer\">Il Museo della ceramica<\/a> \u00e8 installato in una vecchia casa del s. XVIII della famiglia Casanova Dalf\u00f3-Sanchis Causa, ceduta al comune per la creazione di un museo comunale. Il museo espone una collezione completa di ceramiche prodotte a Manises dal XIV secolo alla prima met\u00e0 del XX secolo.<\/p>\n\n\n\n<p class=\"has-text-align-left\">Breve tour lungo il viale Blasco Ib\u00e1\u00f1ez, un viale moderno e dove si possono vedere: il Monumento al vasaio manisero D. Jos\u00e9 Gimeno Mart\u00ednez, esemplare artigiano spagnolo, il Monumento alla Croce dei Caduti e monoliti in ceramica. Lungo questa strada possiamo acquisire un oggetto nei diversi negozi di ceramica.<\/p>\n\n\n\n<figure class=\"wp-block-image size-full is-resized\"><img decoding=\"async\" src=\"https:\/\/avalencia.com\/wp-content\/uploads\/2022\/08\/Jose-Gimeno-Martinez-1-1.webp\" alt=\"Manises-ceramica\" class=\"wp-image-17193\" width=\"721\" height=\"530\" srcset=\"https:\/\/avalencia.com\/wp-content\/uploads\/2022\/08\/Jose-Gimeno-Martinez-1-1.webp 874w, https:\/\/avalencia.com\/wp-content\/uploads\/2022\/08\/Jose-Gimeno-Martinez-1-1-300x221.webp 300w, https:\/\/avalencia.com\/wp-content\/uploads\/2022\/08\/Jose-Gimeno-Martinez-1-1-768x565.webp 768w, https:\/\/avalencia.com\/wp-content\/uploads\/2022\/08\/Jose-Gimeno-Martinez-1-1-705x519.webp 705w\" sizes=\"(max-width: 721px) 100vw, 721px\" \/><\/figure>\n\n\n\n<p class=\"has-text-align-left\">Signore Jos\u00e9 Gimeno Mart\u00ednez &#8211; ceramista esemplare<\/p>\n\n\n\n<h4 class=\"wp-block-heading\">Per ulteriori informazioni&nbsp; di questa visita e prezzi&nbsp; \u21d3<\/h4>\n\n\n\n<div class=\"wp-block-buttons is-layout-flex wp-block-buttons-is-layout-flex\">\n<div class=\"wp-block-button\"><a class=\"wp-block-button__link\" href=\"https:\/\/avalencia.com\/it\/contatto-guida-ufficiale-di-valencia\/\" target=\"_blank\" rel=\"noreferrer noopener\">Contattatemi<\/a><\/div>\n<\/div>\n\n\n\n<div style=\"height:50px\" aria-hidden=\"true\" class=\"wp-block-spacer\"><\/div>\n\n\n<div  class='av-social-sharing-box  avia-builder-el-0  avia-builder-el-no-sibling  '><div class='av-share-box'><h5 class='av-share-link-description av-no-toc '>Comparte<\/h5><ul class='av-share-box-list noLightbox'><li class='av-share-link av-social-link-facebook' ><a target=\"_blank\" aria-label=\"Condividi su Facebook\" href='https:\/\/www.facebook.com\/sharer.php?u=https:\/\/avalencia.com\/it\/museo-della-ceramica-di-manises\/&#038;t=Museo%20della%20Ceramica%20di%20Manises' aria-hidden='false' data-av_icon='\ue8f3' data-av_iconfont='entypo-fontello' title='' data-avia-related-tooltip='Condividi su Facebook' rel=\"noopener\"><span class='avia_hidden_link_text'>Condividi su Facebook<\/span><\/a><\/li><li class='av-share-link av-social-link-twitter' ><a target=\"_blank\" aria-label=\"Condividi su Twitter\" href='https:\/\/twitter.com\/share?text=Museo%20della%20Ceramica%20di%20Manises&#038;url=https:\/\/avalencia.com\/it\/?p=5789' aria-hidden='false' data-av_icon='\ue8f1' data-av_iconfont='entypo-fontello' title='' data-avia-related-tooltip='Condividi su Twitter' rel=\"noopener\"><span class='avia_hidden_link_text'>Condividi su Twitter<\/span><\/a><\/li><li class='av-share-link av-social-link-pinterest' ><a target=\"_blank\" aria-label=\"Condividi su Pinterest\" href='https:\/\/pinterest.com\/pin\/create\/button\/?url=https%3A%2F%2Favalencia.com%2Fit%2Fmuseo-della-ceramica-di-manises%2F&#038;description=Museo%20della%20Ceramica%20di%20Manises&#038;media=https%3A%2F%2Favalencia.com%2Fwp-content%2Fuploads%2F2022%2F08%2Fdestacada-Manises-museo_ceramica_manises_1-705x243.webp' aria-hidden='false' data-av_icon='\ue8f8' data-av_iconfont='entypo-fontello' title='' data-avia-related-tooltip='Condividi su Pinterest' rel=\"noopener\"><span class='avia_hidden_link_text'>Condividi su Pinterest<\/span><\/a><\/li><li class='av-share-link av-social-link-linkedin' ><a target=\"_blank\" aria-label=\"Condividi su LinkedIn\" href='https:\/\/linkedin.com\/shareArticle?mini=true&#038;title=Museo%20della%20Ceramica%20di%20Manises&#038;url=https:\/\/avalencia.com\/it\/museo-della-ceramica-di-manises\/' aria-hidden='false' data-av_icon='\ue8fc' data-av_iconfont='entypo-fontello' title='' data-avia-related-tooltip='Condividi su LinkedIn' rel=\"noopener\"><span class='avia_hidden_link_text'>Condividi su LinkedIn<\/span><\/a><\/li><li class='av-share-link av-social-link-mail' ><a  aria-label=\"Condividi attraverso Mail\" href='mailto:?subject=Museo%20della%20Ceramica%20di%20Manises&#038;body=https:\/\/avalencia.com\/it\/museo-della-ceramica-di-manises\/' aria-hidden='false' data-av_icon='\ue805' data-av_iconfont='entypo-fontello' title='' data-avia-related-tooltip='Condividi attraverso Mail'><span class='avia_hidden_link_text'>Condividi attraverso Mail<\/span><\/a><\/li><\/ul><\/div><\/div>\n","protected":false},"excerpt":{"rendered":"<p>Museo della ceramica di Manises<\/p>\n","protected":false},"author":3,"featured_media":17172,"parent":0,"menu_order":0,"comment_status":"closed","ping_status":"closed","template":"","meta":{"footnotes":""},"class_list":["post-5789","page","type-page","status-publish","has-post-thumbnail","hentry"],"yoast_head":"<!-- This site is optimized with the Yoast SEO plugin v26.8 - https:\/\/yoast.com\/product\/yoast-seo-wordpress\/ -->\n<title>Museo della Ceramica di Manises - visite guidate -AVALENCIA<\/title>\n<meta name=\"description\" content=\"La ceramica Manises \u00e8 una delle pi\u00f9 apprezzate, essendo la presenza dei nostri pezzi normali nei pi\u00f9 importanti musei del mondo, Visita Manises e il Museo della ceramica con me!\" \/>\n<meta name=\"robots\" content=\"index, follow, max-snippet:-1, max-image-preview:large, max-video-preview:-1\" \/>\n<link rel=\"canonical\" href=\"https:\/\/avalencia.com\/it\/museo-della-ceramica-di-manises\/\" \/>\n<meta property=\"og:locale\" content=\"it_IT\" \/>\n<meta property=\"og:type\" content=\"article\" \/>\n<meta property=\"og:title\" content=\"Museo della Ceramica di Manises - visite guidate -AVALENCIA\" \/>\n<meta property=\"og:description\" content=\"La ceramica Manises \u00e8 una delle pi\u00f9 apprezzate, essendo la presenza dei nostri pezzi normali nei pi\u00f9 importanti musei del mondo, Visita Manises e il Museo della ceramica con me!\" \/>\n<meta property=\"og:url\" content=\"https:\/\/avalencia.com\/it\/museo-della-ceramica-di-manises\/\" \/>\n<meta property=\"og:site_name\" content=\"AVALENCIA\" \/>\n<meta property=\"article:publisher\" content=\"https:\/\/www.facebook.com\/angela.marisoler\" \/>\n<meta property=\"article:modified_time\" content=\"2022-09-01T07:44:28+00:00\" \/>\n<meta property=\"og:image\" content=\"https:\/\/avalencia.com\/wp-content\/uploads\/2022\/08\/destacada-Manises-museo_ceramica_manises_1.webp\" \/>\n\t<meta property=\"og:image:width\" content=\"1000\" \/>\n\t<meta property=\"og:image:height\" content=\"344\" \/>\n\t<meta property=\"og:image:type\" content=\"image\/webp\" \/>\n<meta name=\"twitter:card\" content=\"summary_large_image\" \/>\n<meta name=\"twitter:site\" content=\"@angelamari400\" \/>\n<meta name=\"twitter:label1\" content=\"Est. reading time\" \/>\n\t<meta name=\"twitter:data1\" content=\"2 minutes\" \/>\n<script type=\"application\/ld+json\" class=\"yoast-schema-graph\">{\"@context\":\"https:\/\/schema.org\",\"@graph\":[{\"@type\":\"WebPage\",\"@id\":\"https:\/\/avalencia.com\/it\/museo-della-ceramica-di-manises\/\",\"url\":\"https:\/\/avalencia.com\/it\/museo-della-ceramica-di-manises\/\",\"name\":\"Museo della Ceramica di Manises - visite guidate -AVALENCIA\",\"isPartOf\":{\"@id\":\"https:\/\/avalencia.com\/it\/#website\"},\"primaryImageOfPage\":{\"@id\":\"https:\/\/avalencia.com\/it\/museo-della-ceramica-di-manises\/#primaryimage\"},\"image\":{\"@id\":\"https:\/\/avalencia.com\/it\/museo-della-ceramica-di-manises\/#primaryimage\"},\"thumbnailUrl\":\"https:\/\/avalencia.com\/wp-content\/uploads\/2022\/08\/destacada-Manises-museo_ceramica_manises_1.webp\",\"datePublished\":\"2018-04-01T13:16:08+00:00\",\"dateModified\":\"2022-09-01T07:44:28+00:00\",\"description\":\"La ceramica Manises \u00e8 una delle pi\u00f9 apprezzate, essendo la presenza dei nostri pezzi normali nei pi\u00f9 importanti musei del mondo, Visita Manises e il Museo della ceramica con me!\",\"breadcrumb\":{\"@id\":\"https:\/\/avalencia.com\/it\/museo-della-ceramica-di-manises\/#breadcrumb\"},\"inLanguage\":\"it-IT\",\"potentialAction\":[{\"@type\":\"ReadAction\",\"target\":[\"https:\/\/avalencia.com\/it\/museo-della-ceramica-di-manises\/\"]}]},{\"@type\":\"ImageObject\",\"inLanguage\":\"it-IT\",\"@id\":\"https:\/\/avalencia.com\/it\/museo-della-ceramica-di-manises\/#primaryimage\",\"url\":\"https:\/\/avalencia.com\/wp-content\/uploads\/2022\/08\/destacada-Manises-museo_ceramica_manises_1.webp\",\"contentUrl\":\"https:\/\/avalencia.com\/wp-content\/uploads\/2022\/08\/destacada-Manises-museo_ceramica_manises_1.webp\",\"width\":1000,\"height\":344},{\"@type\":\"BreadcrumbList\",\"@id\":\"https:\/\/avalencia.com\/it\/museo-della-ceramica-di-manises\/#breadcrumb\",\"itemListElement\":[{\"@type\":\"ListItem\",\"position\":1,\"name\":\"Portada\",\"item\":\"https:\/\/avalencia.com\/it\/\"},{\"@type\":\"ListItem\",\"position\":2,\"name\":\"Museo della Ceramica di Manises\"}]},{\"@type\":\"WebSite\",\"@id\":\"https:\/\/avalencia.com\/it\/#website\",\"url\":\"https:\/\/avalencia.com\/it\/\",\"name\":\"AVALENCIA\",\"description\":\"Visitas culturales por Valencia y alrededores\",\"publisher\":{\"@id\":\"https:\/\/avalencia.com\/it\/#organization\"},\"potentialAction\":[{\"@type\":\"SearchAction\",\"target\":{\"@type\":\"EntryPoint\",\"urlTemplate\":\"https:\/\/avalencia.com\/it\/?s={search_term_string}\"},\"query-input\":{\"@type\":\"PropertyValueSpecification\",\"valueRequired\":true,\"valueName\":\"search_term_string\"}}],\"inLanguage\":\"it-IT\"},{\"@type\":\"Organization\",\"@id\":\"https:\/\/avalencia.com\/it\/#organization\",\"name\":\"Gu\u00eda Valencia\",\"url\":\"https:\/\/avalencia.com\/it\/\",\"logo\":{\"@type\":\"ImageObject\",\"inLanguage\":\"it-IT\",\"@id\":\"https:\/\/avalencia.com\/it\/#\/schema\/logo\/image\/\",\"url\":\"\",\"contentUrl\":\"\",\"caption\":\"Gu\u00eda Valencia\"},\"image\":{\"@id\":\"https:\/\/avalencia.com\/it\/#\/schema\/logo\/image\/\"},\"sameAs\":[\"https:\/\/www.facebook.com\/angela.marisoler\",\"https:\/\/x.com\/angelamari400\",\"https:\/\/www.instagram.com\/angelamarisoler\/\",\"https:\/\/www.linkedin.com\/feed\/?trk=guest_homepage-basic_sign-in-submit\",\"https:\/\/www.youtube.com\/channel\/UC4bWyTV2CWI65Qf0r1pjuXg?view_as=subscriber\"]}]}<\/script>\n<!-- \/ Yoast SEO plugin. -->","yoast_head_json":{"title":"Museo della Ceramica di Manises - visite guidate -AVALENCIA","description":"La ceramica Manises \u00e8 una delle pi\u00f9 apprezzate, essendo la presenza dei nostri pezzi normali nei pi\u00f9 importanti musei del mondo, Visita Manises e il Museo della ceramica con me!","robots":{"index":"index","follow":"follow","max-snippet":"max-snippet:-1","max-image-preview":"max-image-preview:large","max-video-preview":"max-video-preview:-1"},"canonical":"https:\/\/avalencia.com\/it\/museo-della-ceramica-di-manises\/","og_locale":"it_IT","og_type":"article","og_title":"Museo della Ceramica di Manises - visite guidate -AVALENCIA","og_description":"La ceramica Manises \u00e8 una delle pi\u00f9 apprezzate, essendo la presenza dei nostri pezzi normali nei pi\u00f9 importanti musei del mondo, Visita Manises e il Museo della ceramica con me!","og_url":"https:\/\/avalencia.com\/it\/museo-della-ceramica-di-manises\/","og_site_name":"AVALENCIA","article_publisher":"https:\/\/www.facebook.com\/angela.marisoler","article_modified_time":"2022-09-01T07:44:28+00:00","og_image":[{"width":1000,"height":344,"url":"https:\/\/avalencia.com\/wp-content\/uploads\/2022\/08\/destacada-Manises-museo_ceramica_manises_1.webp","type":"image\/webp"}],"twitter_card":"summary_large_image","twitter_site":"@angelamari400","twitter_misc":{"Est. reading time":"2 minutes"},"schema":{"@context":"https:\/\/schema.org","@graph":[{"@type":"WebPage","@id":"https:\/\/avalencia.com\/it\/museo-della-ceramica-di-manises\/","url":"https:\/\/avalencia.com\/it\/museo-della-ceramica-di-manises\/","name":"Museo della Ceramica di Manises - visite guidate -AVALENCIA","isPartOf":{"@id":"https:\/\/avalencia.com\/it\/#website"},"primaryImageOfPage":{"@id":"https:\/\/avalencia.com\/it\/museo-della-ceramica-di-manises\/#primaryimage"},"image":{"@id":"https:\/\/avalencia.com\/it\/museo-della-ceramica-di-manises\/#primaryimage"},"thumbnailUrl":"https:\/\/avalencia.com\/wp-content\/uploads\/2022\/08\/destacada-Manises-museo_ceramica_manises_1.webp","datePublished":"2018-04-01T13:16:08+00:00","dateModified":"2022-09-01T07:44:28+00:00","description":"La ceramica Manises \u00e8 una delle pi\u00f9 apprezzate, essendo la presenza dei nostri pezzi normali nei pi\u00f9 importanti musei del mondo, Visita Manises e il Museo della ceramica con me!","breadcrumb":{"@id":"https:\/\/avalencia.com\/it\/museo-della-ceramica-di-manises\/#breadcrumb"},"inLanguage":"it-IT","potentialAction":[{"@type":"ReadAction","target":["https:\/\/avalencia.com\/it\/museo-della-ceramica-di-manises\/"]}]},{"@type":"ImageObject","inLanguage":"it-IT","@id":"https:\/\/avalencia.com\/it\/museo-della-ceramica-di-manises\/#primaryimage","url":"https:\/\/avalencia.com\/wp-content\/uploads\/2022\/08\/destacada-Manises-museo_ceramica_manises_1.webp","contentUrl":"https:\/\/avalencia.com\/wp-content\/uploads\/2022\/08\/destacada-Manises-museo_ceramica_manises_1.webp","width":1000,"height":344},{"@type":"BreadcrumbList","@id":"https:\/\/avalencia.com\/it\/museo-della-ceramica-di-manises\/#breadcrumb","itemListElement":[{"@type":"ListItem","position":1,"name":"Portada","item":"https:\/\/avalencia.com\/it\/"},{"@type":"ListItem","position":2,"name":"Museo della Ceramica di Manises"}]},{"@type":"WebSite","@id":"https:\/\/avalencia.com\/it\/#website","url":"https:\/\/avalencia.com\/it\/","name":"AVALENCIA","description":"Visitas culturales por Valencia y alrededores","publisher":{"@id":"https:\/\/avalencia.com\/it\/#organization"},"potentialAction":[{"@type":"SearchAction","target":{"@type":"EntryPoint","urlTemplate":"https:\/\/avalencia.com\/it\/?s={search_term_string}"},"query-input":{"@type":"PropertyValueSpecification","valueRequired":true,"valueName":"search_term_string"}}],"inLanguage":"it-IT"},{"@type":"Organization","@id":"https:\/\/avalencia.com\/it\/#organization","name":"Gu\u00eda Valencia","url":"https:\/\/avalencia.com\/it\/","logo":{"@type":"ImageObject","inLanguage":"it-IT","@id":"https:\/\/avalencia.com\/it\/#\/schema\/logo\/image\/","url":"","contentUrl":"","caption":"Gu\u00eda Valencia"},"image":{"@id":"https:\/\/avalencia.com\/it\/#\/schema\/logo\/image\/"},"sameAs":["https:\/\/www.facebook.com\/angela.marisoler","https:\/\/x.com\/angelamari400","https:\/\/www.instagram.com\/angelamarisoler\/","https:\/\/www.linkedin.com\/feed\/?trk=guest_homepage-basic_sign-in-submit","https:\/\/www.youtube.com\/channel\/UC4bWyTV2CWI65Qf0r1pjuXg?view_as=subscriber"]}]}},"featured_image_src":"https:\/\/avalencia.com\/wp-content\/uploads\/2022\/08\/destacada-Manises-museo_ceramica_manises_1-600x344.webp","featured_image_src_square":"https:\/\/avalencia.com\/wp-content\/uploads\/2022\/08\/destacada-Manises-museo_ceramica_manises_1-600x344.webp","_links":{"self":[{"href":"https:\/\/avalencia.com\/it\/wp-json\/wp\/v2\/pages\/5789","targetHints":{"allow":["GET"]}}],"collection":[{"href":"https:\/\/avalencia.com\/it\/wp-json\/wp\/v2\/pages"}],"about":[{"href":"https:\/\/avalencia.com\/it\/wp-json\/wp\/v2\/types\/page"}],"author":[{"embeddable":true,"href":"https:\/\/avalencia.com\/it\/wp-json\/wp\/v2\/users\/3"}],"replies":[{"embeddable":true,"href":"https:\/\/avalencia.com\/it\/wp-json\/wp\/v2\/comments?post=5789"}],"version-history":[{"count":0,"href":"https:\/\/avalencia.com\/it\/wp-json\/wp\/v2\/pages\/5789\/revisions"}],"wp:featuredmedia":[{"embeddable":true,"href":"https:\/\/avalencia.com\/it\/wp-json\/wp\/v2\/media\/17172"}],"wp:attachment":[{"href":"https:\/\/avalencia.com\/it\/wp-json\/wp\/v2\/media?parent=5789"}],"curies":[{"name":"wp","href":"https:\/\/api.w.org\/{rel}","templated":true}]}}