{"id":5809,"date":"2018-05-02T16:08:40","date_gmt":"2018-05-02T16:08:40","guid":{"rendered":"https:\/\/avalencia.com\/gruppo-3-foto\/"},"modified":"2022-08-23T14:46:07","modified_gmt":"2022-08-23T14:46:07","slug":"gruppo-3-foto","status":"publish","type":"page","link":"https:\/\/avalencia.com\/it\/gruppo-3-foto\/","title":{"rendered":"Gruppo 3 Foto Valencia Tour"},"content":{"rendered":"\n<h3 class=\"has-text-align-center wp-block-heading\">Gruppo 3 foto: diversi itinerari per conoscere la citt\u00e0<\/h3>\n\n\n\n<p>Visitando la Chiesa di San Nicol\u00e1s e il Palazzo del Marqu\u00e9s de Dos Aguas &#8211; Museo Nazionale della Ceramica, e allo stesso tempo vedere altri interessanti monumenti del centro storico di Valencia.<\/p>\n\n\n\n<figure class=\"wp-block-gallery has-nested-images columns-default is-cropped wp-block-gallery-1 is-layout-flex wp-block-gallery-is-layout-flex\">\n<figure class=\"wp-block-image size-full is-style-default\"><a href=\"https:\/\/avalencia.com\/wp-content\/uploads\/2022\/08\/00-Torres-de-Serranos-02.webp\"><img decoding=\"async\" width=\"900\" height=\"604\" data-id=\"17714\" src=\"https:\/\/avalencia.com\/wp-content\/uploads\/2022\/08\/00-Torres-de-Serranos-02.webp\" alt=\"\" class=\"wp-image-17714\" srcset=\"https:\/\/avalencia.com\/wp-content\/uploads\/2022\/08\/00-Torres-de-Serranos-02.webp 900w, https:\/\/avalencia.com\/wp-content\/uploads\/2022\/08\/00-Torres-de-Serranos-02-300x201.webp 300w, https:\/\/avalencia.com\/wp-content\/uploads\/2022\/08\/00-Torres-de-Serranos-02-768x515.webp 768w, https:\/\/avalencia.com\/wp-content\/uploads\/2022\/08\/00-Torres-de-Serranos-02-705x473.webp 705w\" sizes=\"(max-width: 900px) 100vw, 900px\" \/><\/a><\/figure>\n\n\n\n<figure class=\"wp-block-image size-full\"><a href=\"https:\/\/avalencia.com\/wp-content\/uploads\/2022\/08\/01-GP-Requena-16-11-2019-1.webp\"><img decoding=\"async\" width=\"900\" height=\"605\" data-id=\"17719\" src=\"https:\/\/avalencia.com\/wp-content\/uploads\/2022\/08\/01-GP-Requena-16-11-2019-1.webp\" alt=\"\" class=\"wp-image-17719\" srcset=\"https:\/\/avalencia.com\/wp-content\/uploads\/2022\/08\/01-GP-Requena-16-11-2019-1.webp 900w, https:\/\/avalencia.com\/wp-content\/uploads\/2022\/08\/01-GP-Requena-16-11-2019-1-300x202.webp 300w, https:\/\/avalencia.com\/wp-content\/uploads\/2022\/08\/01-GP-Requena-16-11-2019-1-768x516.webp 768w, https:\/\/avalencia.com\/wp-content\/uploads\/2022\/08\/01-GP-Requena-16-11-2019-1-705x474.webp 705w\" sizes=\"(max-width: 900px) 100vw, 900px\" \/><\/a><\/figure>\n\n\n\n<figure class=\"wp-block-image size-full\"><a href=\"https:\/\/avalencia.com\/wp-content\/uploads\/2022\/08\/02-GP-Requena-16-11-2019-4-Int.webp\"><img decoding=\"async\" width=\"900\" height=\"605\" data-id=\"17833\" src=\"https:\/\/avalencia.com\/wp-content\/uploads\/2022\/08\/02-GP-Requena-16-11-2019-4-Int.webp\" alt=\"\" class=\"wp-image-17833\" srcset=\"https:\/\/avalencia.com\/wp-content\/uploads\/2022\/08\/02-GP-Requena-16-11-2019-4-Int.webp 900w, https:\/\/avalencia.com\/wp-content\/uploads\/2022\/08\/02-GP-Requena-16-11-2019-4-Int-300x202.webp 300w, https:\/\/avalencia.com\/wp-content\/uploads\/2022\/08\/02-GP-Requena-16-11-2019-4-Int-768x516.webp 768w, https:\/\/avalencia.com\/wp-content\/uploads\/2022\/08\/02-GP-Requena-16-11-2019-4-Int-705x474.webp 705w\" sizes=\"(max-width: 900px) 100vw, 900px\" \/><\/a><\/figure>\n\n\n\n<figure class=\"wp-block-image size-full\"><a href=\"https:\/\/avalencia.com\/wp-content\/uploads\/2022\/08\/03-GP-Requena-16-11-2019-7-.webp\"><img decoding=\"async\" width=\"900\" height=\"605\" data-id=\"17729\" src=\"https:\/\/avalencia.com\/wp-content\/uploads\/2022\/08\/03-GP-Requena-16-11-2019-7-.webp\" alt=\"\" class=\"wp-image-17729\" srcset=\"https:\/\/avalencia.com\/wp-content\/uploads\/2022\/08\/03-GP-Requena-16-11-2019-7-.webp 900w, https:\/\/avalencia.com\/wp-content\/uploads\/2022\/08\/03-GP-Requena-16-11-2019-7--300x202.webp 300w, https:\/\/avalencia.com\/wp-content\/uploads\/2022\/08\/03-GP-Requena-16-11-2019-7--768x516.webp 768w, https:\/\/avalencia.com\/wp-content\/uploads\/2022\/08\/03-GP-Requena-16-11-2019-7--705x474.webp 705w\" sizes=\"(max-width: 900px) 100vw, 900px\" \/><\/a><\/figure>\n\n\n\n<figure class=\"wp-block-image size-full\"><a href=\"https:\/\/avalencia.com\/wp-content\/uploads\/2022\/08\/04-GP-Requena-16-11-2019-8.webp\"><img decoding=\"async\" width=\"900\" height=\"605\" data-id=\"17734\" src=\"https:\/\/avalencia.com\/wp-content\/uploads\/2022\/08\/04-GP-Requena-16-11-2019-8.webp\" alt=\"\" class=\"wp-image-17734\" srcset=\"https:\/\/avalencia.com\/wp-content\/uploads\/2022\/08\/04-GP-Requena-16-11-2019-8.webp 900w, https:\/\/avalencia.com\/wp-content\/uploads\/2022\/08\/04-GP-Requena-16-11-2019-8-300x202.webp 300w, https:\/\/avalencia.com\/wp-content\/uploads\/2022\/08\/04-GP-Requena-16-11-2019-8-768x516.webp 768w, https:\/\/avalencia.com\/wp-content\/uploads\/2022\/08\/04-GP-Requena-16-11-2019-8-705x474.webp 705w\" sizes=\"(max-width: 900px) 100vw, 900px\" \/><\/a><\/figure>\n\n\n\n<figure class=\"wp-block-image size-full\"><a href=\"https:\/\/avalencia.com\/wp-content\/uploads\/2022\/08\/05-GP-Requena-16-11-2019-12.webp\"><img decoding=\"async\" width=\"900\" height=\"605\" data-id=\"17739\" src=\"https:\/\/avalencia.com\/wp-content\/uploads\/2022\/08\/05-GP-Requena-16-11-2019-12.webp\" alt=\"\" class=\"wp-image-17739\" srcset=\"https:\/\/avalencia.com\/wp-content\/uploads\/2022\/08\/05-GP-Requena-16-11-2019-12.webp 900w, https:\/\/avalencia.com\/wp-content\/uploads\/2022\/08\/05-GP-Requena-16-11-2019-12-300x202.webp 300w, https:\/\/avalencia.com\/wp-content\/uploads\/2022\/08\/05-GP-Requena-16-11-2019-12-768x516.webp 768w, https:\/\/avalencia.com\/wp-content\/uploads\/2022\/08\/05-GP-Requena-16-11-2019-12-705x474.webp 705w\" sizes=\"(max-width: 900px) 100vw, 900px\" \/><\/a><\/figure>\n\n\n\n<figure class=\"wp-block-image size-full\"><a href=\"https:\/\/avalencia.com\/wp-content\/uploads\/2022\/08\/06-GP-Requena-16-11-2019-13.webp\"><img decoding=\"async\" width=\"900\" height=\"605\" data-id=\"17744\" src=\"https:\/\/avalencia.com\/wp-content\/uploads\/2022\/08\/06-GP-Requena-16-11-2019-13.webp\" alt=\"\" class=\"wp-image-17744\" srcset=\"https:\/\/avalencia.com\/wp-content\/uploads\/2022\/08\/06-GP-Requena-16-11-2019-13.webp 900w, https:\/\/avalencia.com\/wp-content\/uploads\/2022\/08\/06-GP-Requena-16-11-2019-13-300x202.webp 300w, https:\/\/avalencia.com\/wp-content\/uploads\/2022\/08\/06-GP-Requena-16-11-2019-13-768x516.webp 768w, https:\/\/avalencia.com\/wp-content\/uploads\/2022\/08\/06-GP-Requena-16-11-2019-13-705x474.webp 705w\" sizes=\"(max-width: 900px) 100vw, 900px\" \/><\/a><\/figure>\n\n\n\n<figure class=\"wp-block-image size-full\"><a href=\"https:\/\/avalencia.com\/wp-content\/uploads\/2022\/08\/07-GP-Requena-16-11-2019-16.webp\"><img decoding=\"async\" width=\"900\" height=\"605\" data-id=\"17749\" src=\"https:\/\/avalencia.com\/wp-content\/uploads\/2022\/08\/07-GP-Requena-16-11-2019-16.webp\" alt=\"\" class=\"wp-image-17749\" srcset=\"https:\/\/avalencia.com\/wp-content\/uploads\/2022\/08\/07-GP-Requena-16-11-2019-16.webp 900w, https:\/\/avalencia.com\/wp-content\/uploads\/2022\/08\/07-GP-Requena-16-11-2019-16-300x202.webp 300w, https:\/\/avalencia.com\/wp-content\/uploads\/2022\/08\/07-GP-Requena-16-11-2019-16-768x516.webp 768w, https:\/\/avalencia.com\/wp-content\/uploads\/2022\/08\/07-GP-Requena-16-11-2019-16-705x474.webp 705w\" sizes=\"(max-width: 900px) 100vw, 900px\" \/><\/a><\/figure>\n\n\n\n<figure class=\"wp-block-image size-full\"><a href=\"https:\/\/avalencia.com\/wp-content\/uploads\/2022\/08\/08-GP-Requena-16-11-2019-19.webp\"><img decoding=\"async\" width=\"900\" height=\"605\" data-id=\"17754\" src=\"https:\/\/avalencia.com\/wp-content\/uploads\/2022\/08\/08-GP-Requena-16-11-2019-19.webp\" alt=\"\" class=\"wp-image-17754\" srcset=\"https:\/\/avalencia.com\/wp-content\/uploads\/2022\/08\/08-GP-Requena-16-11-2019-19.webp 900w, https:\/\/avalencia.com\/wp-content\/uploads\/2022\/08\/08-GP-Requena-16-11-2019-19-300x202.webp 300w, https:\/\/avalencia.com\/wp-content\/uploads\/2022\/08\/08-GP-Requena-16-11-2019-19-768x516.webp 768w, https:\/\/avalencia.com\/wp-content\/uploads\/2022\/08\/08-GP-Requena-16-11-2019-19-705x474.webp 705w\" sizes=\"(max-width: 900px) 100vw, 900px\" \/><\/a><\/figure>\n\n\n\n<figure class=\"wp-block-image size-full\"><a href=\"https:\/\/avalencia.com\/wp-content\/uploads\/2022\/08\/09-GP-Requena-16-11-2019-20.webp\"><img decoding=\"async\" width=\"900\" height=\"605\" data-id=\"17759\" src=\"https:\/\/avalencia.com\/wp-content\/uploads\/2022\/08\/09-GP-Requena-16-11-2019-20.webp\" alt=\"\" class=\"wp-image-17759\" srcset=\"https:\/\/avalencia.com\/wp-content\/uploads\/2022\/08\/09-GP-Requena-16-11-2019-20.webp 900w, https:\/\/avalencia.com\/wp-content\/uploads\/2022\/08\/09-GP-Requena-16-11-2019-20-300x202.webp 300w, https:\/\/avalencia.com\/wp-content\/uploads\/2022\/08\/09-GP-Requena-16-11-2019-20-768x516.webp 768w, https:\/\/avalencia.com\/wp-content\/uploads\/2022\/08\/09-GP-Requena-16-11-2019-20-705x474.webp 705w\" sizes=\"(max-width: 900px) 100vw, 900px\" \/><\/a><\/figure>\n\n\n\n<figure class=\"wp-block-image size-full\"><a href=\"https:\/\/avalencia.com\/wp-content\/uploads\/2022\/08\/10-GP-Requena-16-11-2019-21.webp\"><img decoding=\"async\" width=\"900\" height=\"605\" data-id=\"17764\" src=\"https:\/\/avalencia.com\/wp-content\/uploads\/2022\/08\/10-GP-Requena-16-11-2019-21.webp\" alt=\"\" class=\"wp-image-17764\" srcset=\"https:\/\/avalencia.com\/wp-content\/uploads\/2022\/08\/10-GP-Requena-16-11-2019-21.webp 900w, https:\/\/avalencia.com\/wp-content\/uploads\/2022\/08\/10-GP-Requena-16-11-2019-21-300x202.webp 300w, https:\/\/avalencia.com\/wp-content\/uploads\/2022\/08\/10-GP-Requena-16-11-2019-21-768x516.webp 768w, https:\/\/avalencia.com\/wp-content\/uploads\/2022\/08\/10-GP-Requena-16-11-2019-21-705x474.webp 705w\" sizes=\"(max-width: 900px) 100vw, 900px\" \/><\/a><\/figure>\n\n\n\n<figure class=\"wp-block-image size-full\"><a href=\"https:\/\/avalencia.com\/wp-content\/uploads\/2022\/08\/18-GP-Requena-16-11-2019-42.webp\"><img decoding=\"async\" width=\"900\" height=\"605\" data-id=\"17804\" src=\"https:\/\/avalencia.com\/wp-content\/uploads\/2022\/08\/18-GP-Requena-16-11-2019-42.webp\" alt=\"\" class=\"wp-image-17804\" srcset=\"https:\/\/avalencia.com\/wp-content\/uploads\/2022\/08\/18-GP-Requena-16-11-2019-42.webp 900w, https:\/\/avalencia.com\/wp-content\/uploads\/2022\/08\/18-GP-Requena-16-11-2019-42-300x202.webp 300w, https:\/\/avalencia.com\/wp-content\/uploads\/2022\/08\/18-GP-Requena-16-11-2019-42-768x516.webp 768w, https:\/\/avalencia.com\/wp-content\/uploads\/2022\/08\/18-GP-Requena-16-11-2019-42-705x474.webp 705w\" sizes=\"(max-width: 900px) 100vw, 900px\" \/><\/a><\/figure>\n\n\n\n<figure class=\"wp-block-image size-full\"><a href=\"https:\/\/avalencia.com\/wp-content\/uploads\/2022\/08\/12-GP-Requena-16-11-2019-25.webp\"><img decoding=\"async\" width=\"900\" height=\"605\" data-id=\"17774\" src=\"https:\/\/avalencia.com\/wp-content\/uploads\/2022\/08\/12-GP-Requena-16-11-2019-25.webp\" alt=\"\" class=\"wp-image-17774\" srcset=\"https:\/\/avalencia.com\/wp-content\/uploads\/2022\/08\/12-GP-Requena-16-11-2019-25.webp 900w, https:\/\/avalencia.com\/wp-content\/uploads\/2022\/08\/12-GP-Requena-16-11-2019-25-300x202.webp 300w, https:\/\/avalencia.com\/wp-content\/uploads\/2022\/08\/12-GP-Requena-16-11-2019-25-768x516.webp 768w, https:\/\/avalencia.com\/wp-content\/uploads\/2022\/08\/12-GP-Requena-16-11-2019-25-705x474.webp 705w\" sizes=\"(max-width: 900px) 100vw, 900px\" \/><\/a><\/figure>\n\n\n\n<figure class=\"wp-block-image size-full\"><a href=\"https:\/\/avalencia.com\/wp-content\/uploads\/2022\/08\/13-GP-Requena-16-11-2019-30-.webp\"><img decoding=\"async\" width=\"900\" height=\"605\" data-id=\"17779\" src=\"https:\/\/avalencia.com\/wp-content\/uploads\/2022\/08\/13-GP-Requena-16-11-2019-30-.webp\" alt=\"\" class=\"wp-image-17779\" srcset=\"https:\/\/avalencia.com\/wp-content\/uploads\/2022\/08\/13-GP-Requena-16-11-2019-30-.webp 900w, https:\/\/avalencia.com\/wp-content\/uploads\/2022\/08\/13-GP-Requena-16-11-2019-30--300x202.webp 300w, https:\/\/avalencia.com\/wp-content\/uploads\/2022\/08\/13-GP-Requena-16-11-2019-30--768x516.webp 768w, https:\/\/avalencia.com\/wp-content\/uploads\/2022\/08\/13-GP-Requena-16-11-2019-30--705x474.webp 705w\" sizes=\"(max-width: 900px) 100vw, 900px\" \/><\/a><\/figure>\n\n\n\n<figure class=\"wp-block-image size-full\"><a href=\"https:\/\/avalencia.com\/wp-content\/uploads\/2022\/08\/14-GP-Requena-16-11-2019-32.webp\"><img decoding=\"async\" width=\"900\" height=\"605\" data-id=\"17784\" src=\"https:\/\/avalencia.com\/wp-content\/uploads\/2022\/08\/14-GP-Requena-16-11-2019-32.webp\" alt=\"\" class=\"wp-image-17784\" srcset=\"https:\/\/avalencia.com\/wp-content\/uploads\/2022\/08\/14-GP-Requena-16-11-2019-32.webp 900w, https:\/\/avalencia.com\/wp-content\/uploads\/2022\/08\/14-GP-Requena-16-11-2019-32-300x202.webp 300w, https:\/\/avalencia.com\/wp-content\/uploads\/2022\/08\/14-GP-Requena-16-11-2019-32-768x516.webp 768w, https:\/\/avalencia.com\/wp-content\/uploads\/2022\/08\/14-GP-Requena-16-11-2019-32-705x474.webp 705w\" sizes=\"(max-width: 900px) 100vw, 900px\" \/><\/a><\/figure>\n\n\n\n<figure class=\"wp-block-image size-full\"><a href=\"https:\/\/avalencia.com\/wp-content\/uploads\/2022\/08\/15-GP-Requena-16-11-2019-36.webp\"><img decoding=\"async\" width=\"900\" height=\"605\" data-id=\"17789\" src=\"https:\/\/avalencia.com\/wp-content\/uploads\/2022\/08\/15-GP-Requena-16-11-2019-36.webp\" alt=\"\" class=\"wp-image-17789\" srcset=\"https:\/\/avalencia.com\/wp-content\/uploads\/2022\/08\/15-GP-Requena-16-11-2019-36.webp 900w, https:\/\/avalencia.com\/wp-content\/uploads\/2022\/08\/15-GP-Requena-16-11-2019-36-300x202.webp 300w, https:\/\/avalencia.com\/wp-content\/uploads\/2022\/08\/15-GP-Requena-16-11-2019-36-768x516.webp 768w, https:\/\/avalencia.com\/wp-content\/uploads\/2022\/08\/15-GP-Requena-16-11-2019-36-705x474.webp 705w\" sizes=\"(max-width: 900px) 100vw, 900px\" \/><\/a><\/figure>\n\n\n\n<figure class=\"wp-block-image size-full\"><a href=\"https:\/\/avalencia.com\/wp-content\/uploads\/2022\/08\/16-GP-Requena-16-11-2019-37.webp\"><img decoding=\"async\" width=\"900\" height=\"605\" data-id=\"17794\" src=\"https:\/\/avalencia.com\/wp-content\/uploads\/2022\/08\/16-GP-Requena-16-11-2019-37.webp\" alt=\"\" class=\"wp-image-17794\" srcset=\"https:\/\/avalencia.com\/wp-content\/uploads\/2022\/08\/16-GP-Requena-16-11-2019-37.webp 900w, https:\/\/avalencia.com\/wp-content\/uploads\/2022\/08\/16-GP-Requena-16-11-2019-37-300x202.webp 300w, https:\/\/avalencia.com\/wp-content\/uploads\/2022\/08\/16-GP-Requena-16-11-2019-37-768x516.webp 768w, https:\/\/avalencia.com\/wp-content\/uploads\/2022\/08\/16-GP-Requena-16-11-2019-37-705x474.webp 705w\" sizes=\"(max-width: 900px) 100vw, 900px\" \/><\/a><\/figure>\n\n\n\n<figure class=\"wp-block-image size-full\"><a href=\"https:\/\/avalencia.com\/wp-content\/uploads\/2022\/08\/17-GP-Requena-16-11-2019-38-.webp\"><img decoding=\"async\" width=\"900\" height=\"605\" data-id=\"17799\" src=\"https:\/\/avalencia.com\/wp-content\/uploads\/2022\/08\/17-GP-Requena-16-11-2019-38-.webp\" alt=\"\" class=\"wp-image-17799\" srcset=\"https:\/\/avalencia.com\/wp-content\/uploads\/2022\/08\/17-GP-Requena-16-11-2019-38-.webp 900w, https:\/\/avalencia.com\/wp-content\/uploads\/2022\/08\/17-GP-Requena-16-11-2019-38--300x202.webp 300w, https:\/\/avalencia.com\/wp-content\/uploads\/2022\/08\/17-GP-Requena-16-11-2019-38--768x516.webp 768w, https:\/\/avalencia.com\/wp-content\/uploads\/2022\/08\/17-GP-Requena-16-11-2019-38--705x474.webp 705w\" sizes=\"(max-width: 900px) 100vw, 900px\" \/><\/a><\/figure>\n<\/figure>\n\n\n\n<div style=\"height:100px\" aria-hidden=\"true\" class=\"wp-block-spacer\"><\/div>\n\n\n\n<p><\/p>\n","protected":false},"excerpt":{"rendered":"<p>Gruppo 3 foto: diversi itinerari per conoscere la citt\u00e0 Visitando la Chiesa di San Nicol\u00e1s e il Palazzo del Marqu\u00e9s de Dos Aguas &#8211; Museo Nazionale della Ceramica, e allo stesso tempo vedere altri interessanti monumenti del centro storico di Valencia.<\/p>\n","protected":false},"author":3,"featured_media":17712,"parent":0,"menu_order":0,"comment_status":"open","ping_status":"closed","template":"","meta":{"footnotes":""},"class_list":["post-5809","page","type-page","status-publish","has-post-thumbnail","hentry"],"yoast_head":"<!-- This site is optimized with the Yoast SEO plugin v26.8 - https:\/\/yoast.com\/product\/yoast-seo-wordpress\/ -->\n<title>Gruppo 3 Foto Valencia Tour - con guida di turismo - AValencia<\/title>\n<meta name=\"description\" content=\"Gruppo 3 foto di vari monumenti turistici del centro storico di Valencia: Palazzo del Marqu\u00e9s de Dos Aguas, Chiesa di San Nicolas ....\" \/>\n<meta name=\"robots\" content=\"index, follow, max-snippet:-1, max-image-preview:large, max-video-preview:-1\" \/>\n<link rel=\"canonical\" href=\"https:\/\/avalencia.com\/it\/gruppo-3-foto\/\" \/>\n<meta property=\"og:locale\" content=\"it_IT\" \/>\n<meta property=\"og:type\" content=\"article\" \/>\n<meta property=\"og:title\" content=\"Gruppo 3 Foto Valencia Tour - con guida di turismo - AValencia\" \/>\n<meta property=\"og:description\" content=\"Gruppo 3 foto di vari monumenti turistici del centro storico di Valencia: Palazzo del Marqu\u00e9s de Dos Aguas, Chiesa di San Nicolas ....\" \/>\n<meta property=\"og:url\" content=\"https:\/\/avalencia.com\/it\/gruppo-3-foto\/\" \/>\n<meta property=\"og:site_name\" content=\"AVALENCIA\" \/>\n<meta property=\"article:publisher\" content=\"https:\/\/www.facebook.com\/angela.marisoler\" \/>\n<meta property=\"article:modified_time\" content=\"2022-08-23T14:46:07+00:00\" \/>\n<meta property=\"og:image\" content=\"https:\/\/avalencia.com\/wp-content\/uploads\/2022\/08\/deastacada-GP-Requena-16-11-2019-22webp.webp\" \/>\n\t<meta property=\"og:image:width\" content=\"1024\" \/>\n\t<meta property=\"og:image:height\" content=\"538\" \/>\n\t<meta property=\"og:image:type\" content=\"image\/webp\" \/>\n<meta name=\"twitter:card\" content=\"summary_large_image\" \/>\n<meta name=\"twitter:site\" content=\"@angelamari400\" \/>\n<meta name=\"twitter:label1\" content=\"Est. reading time\" \/>\n\t<meta name=\"twitter:data1\" content=\"4 minutes\" \/>\n<script type=\"application\/ld+json\" class=\"yoast-schema-graph\">{\"@context\":\"https:\/\/schema.org\",\"@graph\":[{\"@type\":\"WebPage\",\"@id\":\"https:\/\/avalencia.com\/it\/gruppo-3-foto\/\",\"url\":\"https:\/\/avalencia.com\/it\/gruppo-3-foto\/\",\"name\":\"Gruppo 3 Foto Valencia Tour - con guida di turismo - AValencia\",\"isPartOf\":{\"@id\":\"https:\/\/avalencia.com\/it\/#website\"},\"primaryImageOfPage\":{\"@id\":\"https:\/\/avalencia.com\/it\/gruppo-3-foto\/#primaryimage\"},\"image\":{\"@id\":\"https:\/\/avalencia.com\/it\/gruppo-3-foto\/#primaryimage\"},\"thumbnailUrl\":\"https:\/\/avalencia.com\/wp-content\/uploads\/2022\/08\/deastacada-GP-Requena-16-11-2019-22webp.webp\",\"datePublished\":\"2018-05-02T16:08:40+00:00\",\"dateModified\":\"2022-08-23T14:46:07+00:00\",\"description\":\"Gruppo 3 foto di vari monumenti turistici del centro storico di Valencia: Palazzo del Marqu\u00e9s de Dos Aguas, Chiesa di San Nicolas ....\",\"breadcrumb\":{\"@id\":\"https:\/\/avalencia.com\/it\/gruppo-3-foto\/#breadcrumb\"},\"inLanguage\":\"it-IT\",\"potentialAction\":[{\"@type\":\"ReadAction\",\"target\":[\"https:\/\/avalencia.com\/it\/gruppo-3-foto\/\"]}]},{\"@type\":\"ImageObject\",\"inLanguage\":\"it-IT\",\"@id\":\"https:\/\/avalencia.com\/it\/gruppo-3-foto\/#primaryimage\",\"url\":\"https:\/\/avalencia.com\/wp-content\/uploads\/2022\/08\/deastacada-GP-Requena-16-11-2019-22webp.webp\",\"contentUrl\":\"https:\/\/avalencia.com\/wp-content\/uploads\/2022\/08\/deastacada-GP-Requena-16-11-2019-22webp.webp\",\"width\":1024,\"height\":538},{\"@type\":\"BreadcrumbList\",\"@id\":\"https:\/\/avalencia.com\/it\/gruppo-3-foto\/#breadcrumb\",\"itemListElement\":[{\"@type\":\"ListItem\",\"position\":1,\"name\":\"Portada\",\"item\":\"https:\/\/avalencia.com\/it\/\"},{\"@type\":\"ListItem\",\"position\":2,\"name\":\"Gruppo 3 Foto Valencia Tour\"}]},{\"@type\":\"WebSite\",\"@id\":\"https:\/\/avalencia.com\/it\/#website\",\"url\":\"https:\/\/avalencia.com\/it\/\",\"name\":\"AVALENCIA\",\"description\":\"Visitas culturales por Valencia y alrededores\",\"publisher\":{\"@id\":\"https:\/\/avalencia.com\/it\/#organization\"},\"potentialAction\":[{\"@type\":\"SearchAction\",\"target\":{\"@type\":\"EntryPoint\",\"urlTemplate\":\"https:\/\/avalencia.com\/it\/?s={search_term_string}\"},\"query-input\":{\"@type\":\"PropertyValueSpecification\",\"valueRequired\":true,\"valueName\":\"search_term_string\"}}],\"inLanguage\":\"it-IT\"},{\"@type\":\"Organization\",\"@id\":\"https:\/\/avalencia.com\/it\/#organization\",\"name\":\"Gu\u00eda Valencia\",\"url\":\"https:\/\/avalencia.com\/it\/\",\"logo\":{\"@type\":\"ImageObject\",\"inLanguage\":\"it-IT\",\"@id\":\"https:\/\/avalencia.com\/it\/#\/schema\/logo\/image\/\",\"url\":\"\",\"contentUrl\":\"\",\"caption\":\"Gu\u00eda Valencia\"},\"image\":{\"@id\":\"https:\/\/avalencia.com\/it\/#\/schema\/logo\/image\/\"},\"sameAs\":[\"https:\/\/www.facebook.com\/angela.marisoler\",\"https:\/\/x.com\/angelamari400\",\"https:\/\/www.instagram.com\/angelamarisoler\/\",\"https:\/\/www.linkedin.com\/feed\/?trk=guest_homepage-basic_sign-in-submit\",\"https:\/\/www.youtube.com\/channel\/UC4bWyTV2CWI65Qf0r1pjuXg?view_as=subscriber\"]}]}<\/script>\n<!-- \/ Yoast SEO plugin. -->","yoast_head_json":{"title":"Gruppo 3 Foto Valencia Tour - con guida di turismo - AValencia","description":"Gruppo 3 foto di vari monumenti turistici del centro storico di Valencia: Palazzo del Marqu\u00e9s de Dos Aguas, Chiesa di San Nicolas ....","robots":{"index":"index","follow":"follow","max-snippet":"max-snippet:-1","max-image-preview":"max-image-preview:large","max-video-preview":"max-video-preview:-1"},"canonical":"https:\/\/avalencia.com\/it\/gruppo-3-foto\/","og_locale":"it_IT","og_type":"article","og_title":"Gruppo 3 Foto Valencia Tour - con guida di turismo - AValencia","og_description":"Gruppo 3 foto di vari monumenti turistici del centro storico di Valencia: Palazzo del Marqu\u00e9s de Dos Aguas, Chiesa di San Nicolas ....","og_url":"https:\/\/avalencia.com\/it\/gruppo-3-foto\/","og_site_name":"AVALENCIA","article_publisher":"https:\/\/www.facebook.com\/angela.marisoler","article_modified_time":"2022-08-23T14:46:07+00:00","og_image":[{"width":1024,"height":538,"url":"https:\/\/avalencia.com\/wp-content\/uploads\/2022\/08\/deastacada-GP-Requena-16-11-2019-22webp.webp","type":"image\/webp"}],"twitter_card":"summary_large_image","twitter_site":"@angelamari400","twitter_misc":{"Est. reading time":"4 minutes"},"schema":{"@context":"https:\/\/schema.org","@graph":[{"@type":"WebPage","@id":"https:\/\/avalencia.com\/it\/gruppo-3-foto\/","url":"https:\/\/avalencia.com\/it\/gruppo-3-foto\/","name":"Gruppo 3 Foto Valencia Tour - con guida di turismo - AValencia","isPartOf":{"@id":"https:\/\/avalencia.com\/it\/#website"},"primaryImageOfPage":{"@id":"https:\/\/avalencia.com\/it\/gruppo-3-foto\/#primaryimage"},"image":{"@id":"https:\/\/avalencia.com\/it\/gruppo-3-foto\/#primaryimage"},"thumbnailUrl":"https:\/\/avalencia.com\/wp-content\/uploads\/2022\/08\/deastacada-GP-Requena-16-11-2019-22webp.webp","datePublished":"2018-05-02T16:08:40+00:00","dateModified":"2022-08-23T14:46:07+00:00","description":"Gruppo 3 foto di vari monumenti turistici del centro storico di Valencia: Palazzo del Marqu\u00e9s de Dos Aguas, Chiesa di San Nicolas ....","breadcrumb":{"@id":"https:\/\/avalencia.com\/it\/gruppo-3-foto\/#breadcrumb"},"inLanguage":"it-IT","potentialAction":[{"@type":"ReadAction","target":["https:\/\/avalencia.com\/it\/gruppo-3-foto\/"]}]},{"@type":"ImageObject","inLanguage":"it-IT","@id":"https:\/\/avalencia.com\/it\/gruppo-3-foto\/#primaryimage","url":"https:\/\/avalencia.com\/wp-content\/uploads\/2022\/08\/deastacada-GP-Requena-16-11-2019-22webp.webp","contentUrl":"https:\/\/avalencia.com\/wp-content\/uploads\/2022\/08\/deastacada-GP-Requena-16-11-2019-22webp.webp","width":1024,"height":538},{"@type":"BreadcrumbList","@id":"https:\/\/avalencia.com\/it\/gruppo-3-foto\/#breadcrumb","itemListElement":[{"@type":"ListItem","position":1,"name":"Portada","item":"https:\/\/avalencia.com\/it\/"},{"@type":"ListItem","position":2,"name":"Gruppo 3 Foto Valencia Tour"}]},{"@type":"WebSite","@id":"https:\/\/avalencia.com\/it\/#website","url":"https:\/\/avalencia.com\/it\/","name":"AVALENCIA","description":"Visitas culturales por Valencia y alrededores","publisher":{"@id":"https:\/\/avalencia.com\/it\/#organization"},"potentialAction":[{"@type":"SearchAction","target":{"@type":"EntryPoint","urlTemplate":"https:\/\/avalencia.com\/it\/?s={search_term_string}"},"query-input":{"@type":"PropertyValueSpecification","valueRequired":true,"valueName":"search_term_string"}}],"inLanguage":"it-IT"},{"@type":"Organization","@id":"https:\/\/avalencia.com\/it\/#organization","name":"Gu\u00eda Valencia","url":"https:\/\/avalencia.com\/it\/","logo":{"@type":"ImageObject","inLanguage":"it-IT","@id":"https:\/\/avalencia.com\/it\/#\/schema\/logo\/image\/","url":"","contentUrl":"","caption":"Gu\u00eda Valencia"},"image":{"@id":"https:\/\/avalencia.com\/it\/#\/schema\/logo\/image\/"},"sameAs":["https:\/\/www.facebook.com\/angela.marisoler","https:\/\/x.com\/angelamari400","https:\/\/www.instagram.com\/angelamarisoler\/","https:\/\/www.linkedin.com\/feed\/?trk=guest_homepage-basic_sign-in-submit","https:\/\/www.youtube.com\/channel\/UC4bWyTV2CWI65Qf0r1pjuXg?view_as=subscriber"]}]}},"featured_image_src":"https:\/\/avalencia.com\/wp-content\/uploads\/2022\/08\/deastacada-GP-Requena-16-11-2019-22webp-600x400.webp","featured_image_src_square":"https:\/\/avalencia.com\/wp-content\/uploads\/2022\/08\/deastacada-GP-Requena-16-11-2019-22webp-600x538.webp","_links":{"self":[{"href":"https:\/\/avalencia.com\/it\/wp-json\/wp\/v2\/pages\/5809","targetHints":{"allow":["GET"]}}],"collection":[{"href":"https:\/\/avalencia.com\/it\/wp-json\/wp\/v2\/pages"}],"about":[{"href":"https:\/\/avalencia.com\/it\/wp-json\/wp\/v2\/types\/page"}],"author":[{"embeddable":true,"href":"https:\/\/avalencia.com\/it\/wp-json\/wp\/v2\/users\/3"}],"replies":[{"embeddable":true,"href":"https:\/\/avalencia.com\/it\/wp-json\/wp\/v2\/comments?post=5809"}],"version-history":[{"count":0,"href":"https:\/\/avalencia.com\/it\/wp-json\/wp\/v2\/pages\/5809\/revisions"}],"wp:featuredmedia":[{"embeddable":true,"href":"https:\/\/avalencia.com\/it\/wp-json\/wp\/v2\/media\/17712"}],"wp:attachment":[{"href":"https:\/\/avalencia.com\/it\/wp-json\/wp\/v2\/media?parent=5809"}],"curies":[{"name":"wp","href":"https:\/\/api.w.org\/{rel}","templated":true}]}}